{"id":7524,"date":"2020-03-02T15:32:25","date_gmt":"2020-03-02T15:32:25","guid":{"rendered":"https:\/\/www.electroluxprofessional.com\/tr\/?page_id=7524"},"modified":"2025-11-13T12:00:51","modified_gmt":"2025-11-13T12:00:51","slug":"homepage-201912-2-2","status":"publish","type":"page","link":"https:\/\/www.electroluxprofessional.com\/tr\/","title":{"rendered":"Profesyonel Mutfak, \u00c7ama\u015f\u0131rhane ve \u0130\u00e7ecek"},"content":{"rendered":"<p>[vc_row full_width=&#8221;electroluxpro-full-width-no-padding&#8221; css=&#8221;.vc_custom_1581601446712{margin-bottom: 0px !important;}&#8221;][vc_column css=&#8221;.vc_custom_1575015067714{margin-bottom: 0px !important;}&#8221;][elx_master_slider slide_order_1=&#8221;1&#8243; title_1=&#8221;Her G\u00fcn M\u00fckemmellik&#8221; text_1=&#8221;Mod\u00fcler pi\u015firmede yeni bir \u00e7a\u011f&#8221; slide_order_2=&#8221;2&#8243; title_2=&#8221;Y\u00fcksek h\u0131z. Uzun \u00f6m\u00fcr. Y\u00fcksek esneklik.&#8221; text_2=&#8221;myPROzip \u00e7ama\u015f\u0131r y\u0131kama ve kurutma makineleri&#8221; slide_order_3=&#8221;3&#8243; title_3=&#8221;D\u0131\u015far\u0131dan ince, i\u00e7eride bir\u00e7ok avantaj&#8221; text_3=&#8221;MultiSlim: kompakt ve sa\u011flam f\u0131r\u0131n&#8221; slide_order_4=&#8221;4&#8243; title_4=&#8221;En d\u00fc\u015f\u00fck su, enerji ve deterjan t\u00fcketimiyle son bahar temizli\u011fi&#8221; text_4=&#8221;Line 6000 \u00e7ama\u015f\u0131r y\u0131kama ve kurutma makineleri&#8221; link_1=&#8221;url:https%3A%2F%2Fwww.electroluxprofessional.com%2Ftr%2Fmoduler-pisirme-yeni-bir-cag%2F|title:DAHA%20FAZLASINI%20KE%C5%9EFED%C4%B0N&#8221; background_image_media_library_2=&#8221;21366&#8243; background_image_media_library_3=&#8221;22871&#8243; link_2=&#8221;url:https%3A%2F%2Fwww.electroluxprofessional.com%2Ftr%2Fticari-camasirhane-ekipmanlari%2Fmyprozip-self-servis-camasirhane%2F|title:DAHA%20FAZLASINI%20KE%C5%9EFED%C4%B0N&#8221; link_3=&#8221;url:https%3A%2F%2Fwww.electroluxprofessional.com%2Ftr%2Fticari-mutfak-ekipmanlari%2Fmultislim-kompakt-firin%2F|title:DAHA%20FAZLASINI%20KE%C5%9EFED%C4%B0N&#8221; link_4=&#8221;url:https%3A%2F%2Fwww.electroluxprofessional.com%2Ftr%2Fticari-camasirhane-ekipmanlari%2Fline-6000-cozumler%2F|title:DAHA%20FAZLASINI%20KE%C5%9EFED%C4%B0N&#8221; background_image_media_library_mobile_3=&#8221;22872&#8243; background_image_media_library_4=&#8221;21372&#8243; background_image_media_library_1=&#8221;22992&#8243; background_image_media_library_mobile_1=&#8221;22994&#8243; background_image_media_library_mobile_4=&#8221;21375&#8243; background_image_media_library_mobile_2=&#8221;21369&#8243;][\/vc_column][\/vc_row][vc_row full_width=&#8221;electroluxpro-full-width-no-padding&#8221;][vc_column][elx_search title=&#8221;NE ARIYORSUNUZ?&#8221;][\/vc_column][\/vc_row][vc_row full_width=&#8221;electroluxpro-full-width-no-padding&#8221;][vc_column][elx_full_banner title=&#8221;Uzun vadeli de\u011fer sa\u011flamak i\u00e7in s\u00fcrd\u00fcr\u00fclebilir \u00e7\u00f6z\u00fcmler.&#8221; text=&#8221;Electrolux Professional is the OnE trusted partner making your<br \/>\nwork-life easier, more profitable \u2013 and truly sustainable every day.&#8221; background_source=&#8221;image-media-library&#8221; link=&#8221;url:http%3A%2F%2Fwww.electroluxprofessional.com%2Ftr%2Fsustainable-solutions-to-deliver-long-term-value-2%2F|title:Daha%20fazlas%C4%B1%20i%C3%A7in&#8221; background_image_media_library=&#8221;15788&#8243; background_image_media_library_mobile=&#8221;15786&#8243;][\/vc_column][\/vc_row][vc_row][vc_column][elx_double_banner title_1=&#8221;Biz ekipmanlar\u0131n\u0131za iyi bakal\u0131m, siz sadece i\u015fletmenizle ilgilenin&#8221; text_1=&#8221;M\u00fc\u015fteri hizmetlerinin kalbi Essentia&#8217;y\u0131 ke\u015ffedin&#8221; title_2=&#8221;Azalt\u0131n, Yeniden Kullan\u0131n ve Geri D\u00f6n\u00fc\u015ft\u00fcr\u00fcn&#8221; text_2=&#8221;HeroDry ba\u011f\u0131ms\u0131z fan \u00fcnitesini ke\u015ffedin&#8221; background_source_1=&#8221;image-media-library&#8221; background_source_2=&#8221;image-media-library&#8221; link_1=&#8221;url:https%3A%2F%2Fwww.electroluxprofessional.com%2Ftr%2Fmusteri-hizmetleri-2%2F|title:DAHA%20FAZLASI%20%C4%B0%C3%87%C4%B0N&#8221; background_image_media_library_1=&#8221;15251&#8243; link_2=&#8221;url:https%3A%2F%2Fwww.electroluxprofessional.com%2Ftr%2Fticari-mutfak-ekipmanlari%2Fherodry-bagimsiz-fan-unitesi-bardaklar-sofra-gerecleri__yeniden-kullanim%2F|title:DAHA%20FAZLASI%20%C4%B0%C3%87%C4%B0N&#8221; background_image_media_library_2=&#8221;16822&#8243; background_image_media_library_mobile_1=&#8221;16819&#8243; background_image_media_library_mobile_2=&#8221;16824&#8243;][\/vc_column][\/vc_row][vc_row][vc_column][elx_double_banner title_1=&#8221;B\u00fct\u00fcn \u00e7ama\u015f\u0131rlar\u0131 ve tekstil \u00fcr\u00fcnlerini temizlemek i\u00e7in do\u011fal se\u00e7im&#8221; text_1=&#8221;Hassas kuma\u015flar, deri \u00fcr\u00fcnler ve ayakkab\u0131lar i\u00e7in \u00fcst\u00fcn temizlik deneyimini ke\u015ffedin.&#8221; title_2=&#8221;Yarat\u0131c\u0131l\u0131k ve H\u0131z bir arada&#8221; text_2=&#8221;Y\u00fcksek H\u0131zl\u0131 F\u0131r\u0131n GourmeXpress&#8217;i ke\u015ffedin&#8221; background_source_1=&#8221;image-media-library&#8221; background_source_2=&#8221;image-media-library&#8221; link_1=&#8221;url:https%3A%2F%2Fwww.electroluxprofessional.com%2Ftr%2Fcamasirhane%2F|title:DAHA%20FAZLASI%20%C4%B0%C3%87%C4%B0N&#8221; background_image_media_library_1=&#8221;21345&#8243; link_2=&#8221;url:https%3A%2F%2Fwww.electroluxprofessional.com%2Ftr%2Fticari-mutfak-ekipmanlari%2Fgourmexpress-yuksek-hizli-firin%2F|title:DAHA%20FAZLASI%20%C4%B0%C3%87%C4%B0N&#8221; background_image_media_library_2=&#8221;17647&#8243; background_image_media_library_mobile_1=&#8221;21352&#8243; background_image_media_library_mobile_2=&#8221;17644&#8243; title_mobile_1=&#8221;Lagoon\u00ae Advanced Care i\u015finizi geli\u015ftirir.&#8221;][\/vc_column][\/vc_row][vc_row full_width=&#8221;electroluxpro-full-width-no-padding&#8221;][vc_column][elx_full_banner title=&#8221;Electrolux Professional M\u00fckemmellik Merkezi&#8221; text=&#8221;Swiss design since 1871: over 100 years of production,<br \/>\nprecision and tradition&#8221; background_source=&#8221;image-media-library&#8221; link=&#8221;url:https%3A%2F%2Fwww.electroluxprofessional.com%2Fchef-s-hub%2Fcenters-of-excellence-electrolux-professional%2F|title:%C5%9E%C4%B0MD%C4%B0%20KE%C5%9EFED%C4%B0N||&#8221; background_image_media_library=&#8221;13568&#8243; background_image_media_library_mobile=&#8221;13569&#8243;][\/vc_column][\/vc_row][vc_row full_width=&#8221;electroluxpro-full-width-no-padding&#8221;][vc_column][elx_last_references title=&#8221;M\u00fc\u015fterilerimiz&#8221;][\/vc_column][\/vc_row][vc_row full_width=&#8221;electroluxpro-full-width-no-padding&#8221;][vc_column][elx_last_news title=&#8221;Electrolux Professional Haberleri&#8221;][\/vc_column][\/vc_row][vc_row][vc_column][elx_active_banner title=&#8221;Sat\u0131\u015f ve Servis noktalar\u0131&#8221; link=&#8221;url:https%3A%2F%2Fwww.electroluxprofessional.com%2Ftr%2Fbayi-ve-servis-arama%2F|title:En%20yak%C4%B1n%20bayi%20ya%20da%20yetkili%20servisle%20ileti%C5%9Fime%20ge%C3%A7in.&#8221; background_image_media_library=&#8221;7551&#8243; background_image_media_library_mobile=&#8221;7552&#8243;][vc_row_inner][vc_column_inner][vc_empty_space height=&#8221;60px&#8221;][\/vc_column_inner][\/vc_row_inner][\/vc_column][\/vc_row][vc_row][vc_column][elx_single_banner title=&#8221;Bizimle \u00e7al\u0131\u015f\u0131n&#8221; text=&#8221;Electrolux Professional, ailemize kat\u0131lmaya tutkulu, i\u015f odakl\u0131 tak\u0131m oyuncular\u0131n\u0131 memnuniyetle kar\u015f\u0131lamaktad\u0131r.<br \/>\nF\u0131rsatlar\u0131m\u0131z hakk\u0131nda bilgi edinmek i\u00e7in kariyer sitemizi ziyaret edebilirsiniz.&#8221; text_mobile=&#8221;Kariyer sitemizi ziyaret ederek size uygun i\u015f f\u0131rsatlar\u0131n\u0131 ke\u015ffedin.&#8221; background_source=&#8221;image-media-library&#8221; background_image_media_library=&#8221;7547&#8243; link=&#8221;url:https%3A%2F%2Fwww.electroluxprofessional.com%2Fcareer-opportunities%2F|title:%C5%9E%C4%B0MD%C4%B0%20BA%C5%9EVURUN||&#8221; background_image_media_library_mobile=&#8221;7548&#8243;][\/vc_column][\/vc_row][vc_row][vc_column][vc_empty_space height=&#8221;30px&#8221;][\/vc_column][\/vc_row]<\/p>\n","protected":false},"excerpt":{"rendered":"<p>[vc_row full_width=&#8221;electroluxpro-full-width-no-padding&#8221; css=&#8221;.vc_custom_1581601446712{margin-bottom: 0px !important;}&#8221;][vc_column css=&#8221;.vc_custom_1575015067714{margin-bottom: 0px !important;}&#8221;][elx_master_slider slide_order_1=&#8221;1&#8243; title_1=&#8221;Her G\u00fcn M\u00fckemmellik&#8221; text_1=&#8221;Mod\u00fcler pi\u015firmede yeni bir \u00e7a\u011f&#8221; slide_order_2=&#8221;2&#8243; title_2=&#8221;Y\u00fcksek h\u0131z. Uzun \u00f6m\u00fcr. Y\u00fcksek esneklik.&#8221; text_2=&#8221;myPROzip \u00e7ama\u015f\u0131r y\u0131kama ve kurutma makineleri&#8221; slide_order_3=&#8221;3&#8243; title_3=&#8221;D\u0131\u015far\u0131dan ince, i\u00e7eride bir\u00e7ok avantaj&#8221; text_3=&#8221;MultiSlim: kompakt ve sa\u011flam f\u0131r\u0131n&#8221; slide_order_4=&#8221;4&#8243; title_4=&#8221;En d\u00fc\u015f\u00fck su, enerji ve deterjan t\u00fcketimiyle son bahar temizli\u011fi&#8221; text_4=&#8221;Line 6000 \u00e7ama\u015f\u0131r [&hellip;]<\/p>\n","protected":false},"author":1,"featured_media":0,"parent":0,"menu_order":0,"comment_status":"closed","ping_status":"closed","template":"","meta":{"footnotes":""},"class_list":["post-7524","page","type-page","status-publish","hentry"],"acf":[],"yoast_head":"<!-- This site is optimized with the Yoast SEO plugin v23.3 - https:\/\/yoast.com\/wordpress\/plugins\/seo\/ -->\n<title>Electrolux Professional - Yiyecek, i\u00e7ecek ve \u00e7ama\u015f\u0131rhane \u00e7\u00f6z\u00fcmleri<\/title>\n<meta name=\"description\" content=\"Electrolux Professional, Electrolux Professional Mutfak, \u0130\u00e7ecek ve \u00c7ama\u015f\u0131rhane \u00e7\u00f6z\u00fcmlerinde en son teknoloji ile komple \u00e7\u00f6z\u00fcmler sunan, OnE g\u00fcvenilir i\u015f orta\u011f\u0131n\u0131zd\u0131r. G\u00fcvenebilece\u011finiz, tam kapsaml\u0131 OnE \u00e7\u00f6z\u00fcm i\u015f orta\u011f\u0131y\u0131z. Bir Uzmanla \u0130leti\u015fime Ge\u00e7in.\" \/>\n<meta name=\"robots\" content=\"index, follow, max-snippet:-1, max-image-preview:large, max-video-preview:-1\" \/>\n<link rel=\"canonical\" href=\"https:\/\/www.electroluxprofessional.com\/tr\/\" \/>\n<meta property=\"og:locale\" content=\"tr_TR\" \/>\n<meta property=\"og:type\" content=\"article\" \/>\n<meta property=\"og:title\" content=\"Electrolux Professional - Yiyecek, i\u00e7ecek ve \u00e7ama\u015f\u0131rhane \u00e7\u00f6z\u00fcmleri\" \/>\n<meta property=\"og:description\" content=\"Electrolux Professional, Electrolux Professional Mutfak, \u0130\u00e7ecek ve \u00c7ama\u015f\u0131rhane \u00e7\u00f6z\u00fcmlerinde en son teknoloji ile komple \u00e7\u00f6z\u00fcmler sunan, OnE g\u00fcvenilir i\u015f orta\u011f\u0131n\u0131zd\u0131r. G\u00fcvenebilece\u011finiz, tam kapsaml\u0131 OnE \u00e7\u00f6z\u00fcm i\u015f orta\u011f\u0131y\u0131z. Bir Uzmanla \u0130leti\u015fime Ge\u00e7in.\" \/>\n<meta property=\"og:url\" content=\"https:\/\/www.electroluxprofessional.com\/tr\/\" \/>\n<meta property=\"og:site_name\" content=\"Electrolux Professional T\u00fcrkiye\" \/>\n<meta property=\"article:modified_time\" content=\"2025-11-13T12:00:51+00:00\" \/>\n<meta name=\"twitter:card\" content=\"summary_large_image\" \/>\n<meta name=\"twitter:label1\" content=\"Tahmini okuma s\u00fcresi\" \/>\n\t<meta name=\"twitter:data1\" content=\"3 dakika\" \/>\n<script type=\"application\/ld+json\" class=\"yoast-schema-graph\">{\"@context\":\"https:\/\/schema.org\",\"@graph\":[{\"@type\":\"WebPage\",\"@id\":\"https:\/\/www.electroluxprofessional.com\/tr\/\",\"url\":\"https:\/\/www.electroluxprofessional.com\/tr\/\",\"name\":\"Electrolux Professional - Yiyecek, i\u00e7ecek ve \u00e7ama\u015f\u0131rhane \u00e7\u00f6z\u00fcmleri\",\"isPartOf\":{\"@id\":\"https:\/\/www.electroluxprofessional.com\/tr\/#website\"},\"datePublished\":\"2020-03-02T15:32:25+00:00\",\"dateModified\":\"2025-11-13T12:00:51+00:00\",\"description\":\"Electrolux Professional, Electrolux Professional Mutfak, \u0130\u00e7ecek ve \u00c7ama\u015f\u0131rhane \u00e7\u00f6z\u00fcmlerinde en son teknoloji ile komple \u00e7\u00f6z\u00fcmler sunan, OnE g\u00fcvenilir i\u015f orta\u011f\u0131n\u0131zd\u0131r. G\u00fcvenebilece\u011finiz, tam kapsaml\u0131 OnE \u00e7\u00f6z\u00fcm i\u015f orta\u011f\u0131y\u0131z. Bir Uzmanla \u0130leti\u015fime Ge\u00e7in.\",\"breadcrumb\":{\"@id\":\"https:\/\/www.electroluxprofessional.com\/tr\/#breadcrumb\"},\"inLanguage\":\"tr\",\"potentialAction\":[{\"@type\":\"ReadAction\",\"target\":[\"https:\/\/www.electroluxprofessional.com\/tr\/\"]}]},{\"@type\":\"BreadcrumbList\",\"@id\":\"https:\/\/www.electroluxprofessional.com\/tr\/#breadcrumb\",\"itemListElement\":[{\"@type\":\"ListItem\",\"position\":1,\"name\":\"Home\",\"item\":\"https:\/\/www.electroluxprofessional.com\/tr\/\"},{\"@type\":\"ListItem\",\"position\":2,\"name\":\"Profesyonel Mutfak, \u00c7ama\u015f\u0131rhane ve \u0130\u00e7ecek\"}]},{\"@type\":\"WebSite\",\"@id\":\"https:\/\/www.electroluxprofessional.com\/tr\/#website\",\"url\":\"https:\/\/www.electroluxprofessional.com\/tr\/\",\"name\":\"Electrolux Professional T\u00fcrkiye\",\"description\":\"\",\"potentialAction\":[{\"@type\":\"SearchAction\",\"target\":{\"@type\":\"EntryPoint\",\"urlTemplate\":\"https:\/\/www.electroluxprofessional.com\/tr\/?src={search_term_string}\"},\"query-input\":\"required name=search_term_string\"}],\"inLanguage\":\"tr\"}]}<\/script>\n<!-- \/ Yoast SEO plugin. -->","yoast_head_json":{"title":"Electrolux Professional - Yiyecek, i\u00e7ecek ve \u00e7ama\u015f\u0131rhane \u00e7\u00f6z\u00fcmleri","description":"Electrolux Professional, Electrolux Professional Mutfak, \u0130\u00e7ecek ve \u00c7ama\u015f\u0131rhane \u00e7\u00f6z\u00fcmlerinde en son teknoloji ile komple \u00e7\u00f6z\u00fcmler sunan, OnE g\u00fcvenilir i\u015f orta\u011f\u0131n\u0131zd\u0131r. G\u00fcvenebilece\u011finiz, tam kapsaml\u0131 OnE \u00e7\u00f6z\u00fcm i\u015f orta\u011f\u0131y\u0131z. Bir Uzmanla \u0130leti\u015fime Ge\u00e7in.","robots":{"index":"index","follow":"follow","max-snippet":"max-snippet:-1","max-image-preview":"max-image-preview:large","max-video-preview":"max-video-preview:-1"},"canonical":"https:\/\/www.electroluxprofessional.com\/tr\/","og_locale":"tr_TR","og_type":"article","og_title":"Electrolux Professional - Yiyecek, i\u00e7ecek ve \u00e7ama\u015f\u0131rhane \u00e7\u00f6z\u00fcmleri","og_description":"Electrolux Professional, Electrolux Professional Mutfak, \u0130\u00e7ecek ve \u00c7ama\u015f\u0131rhane \u00e7\u00f6z\u00fcmlerinde en son teknoloji ile komple \u00e7\u00f6z\u00fcmler sunan, OnE g\u00fcvenilir i\u015f orta\u011f\u0131n\u0131zd\u0131r. G\u00fcvenebilece\u011finiz, tam kapsaml\u0131 OnE \u00e7\u00f6z\u00fcm i\u015f orta\u011f\u0131y\u0131z. Bir Uzmanla \u0130leti\u015fime Ge\u00e7in.","og_url":"https:\/\/www.electroluxprofessional.com\/tr\/","og_site_name":"Electrolux Professional T\u00fcrkiye","article_modified_time":"2025-11-13T12:00:51+00:00","twitter_card":"summary_large_image","twitter_misc":{"Tahmini okuma s\u00fcresi":"3 dakika"},"schema":{"@context":"https:\/\/schema.org","@graph":[{"@type":"WebPage","@id":"https:\/\/www.electroluxprofessional.com\/tr\/","url":"https:\/\/www.electroluxprofessional.com\/tr\/","name":"Electrolux Professional - Yiyecek, i\u00e7ecek ve \u00e7ama\u015f\u0131rhane \u00e7\u00f6z\u00fcmleri","isPartOf":{"@id":"https:\/\/www.electroluxprofessional.com\/tr\/#website"},"datePublished":"2020-03-02T15:32:25+00:00","dateModified":"2025-11-13T12:00:51+00:00","description":"Electrolux Professional, Electrolux Professional Mutfak, \u0130\u00e7ecek ve \u00c7ama\u015f\u0131rhane \u00e7\u00f6z\u00fcmlerinde en son teknoloji ile komple \u00e7\u00f6z\u00fcmler sunan, OnE g\u00fcvenilir i\u015f orta\u011f\u0131n\u0131zd\u0131r. G\u00fcvenebilece\u011finiz, tam kapsaml\u0131 OnE \u00e7\u00f6z\u00fcm i\u015f orta\u011f\u0131y\u0131z. Bir Uzmanla \u0130leti\u015fime Ge\u00e7in.","breadcrumb":{"@id":"https:\/\/www.electroluxprofessional.com\/tr\/#breadcrumb"},"inLanguage":"tr","potentialAction":[{"@type":"ReadAction","target":["https:\/\/www.electroluxprofessional.com\/tr\/"]}]},{"@type":"BreadcrumbList","@id":"https:\/\/www.electroluxprofessional.com\/tr\/#breadcrumb","itemListElement":[{"@type":"ListItem","position":1,"name":"Home","item":"https:\/\/www.electroluxprofessional.com\/tr\/"},{"@type":"ListItem","position":2,"name":"Profesyonel Mutfak, \u00c7ama\u015f\u0131rhane ve \u0130\u00e7ecek"}]},{"@type":"WebSite","@id":"https:\/\/www.electroluxprofessional.com\/tr\/#website","url":"https:\/\/www.electroluxprofessional.com\/tr\/","name":"Electrolux Professional T\u00fcrkiye","description":"","potentialAction":[{"@type":"SearchAction","target":{"@type":"EntryPoint","urlTemplate":"https:\/\/www.electroluxprofessional.com\/tr\/?src={search_term_string}"},"query-input":"required name=search_term_string"}],"inLanguage":"tr"}]}},"_links":{"self":[{"href":"https:\/\/www.electroluxprofessional.com\/tr\/wp-json\/wp\/v2\/pages\/7524"}],"collection":[{"href":"https:\/\/www.electroluxprofessional.com\/tr\/wp-json\/wp\/v2\/pages"}],"about":[{"href":"https:\/\/www.electroluxprofessional.com\/tr\/wp-json\/wp\/v2\/types\/page"}],"author":[{"embeddable":true,"href":"https:\/\/www.electroluxprofessional.com\/tr\/wp-json\/wp\/v2\/users\/1"}],"replies":[{"embeddable":true,"href":"https:\/\/www.electroluxprofessional.com\/tr\/wp-json\/wp\/v2\/comments?post=7524"}],"version-history":[{"count":173,"href":"https:\/\/www.electroluxprofessional.com\/tr\/wp-json\/wp\/v2\/pages\/7524\/revisions"}],"predecessor-version":[{"id":23000,"href":"https:\/\/www.electroluxprofessional.com\/tr\/wp-json\/wp\/v2\/pages\/7524\/revisions\/23000"}],"wp:attachment":[{"href":"https:\/\/www.electroluxprofessional.com\/tr\/wp-json\/wp\/v2\/media?parent=7524"}],"curies":[{"name":"wp","href":"https:\/\/api.w.org\/{rel}","templated":true}]}}