{"id":6149,"date":"2025-08-13T14:03:45","date_gmt":"2025-08-13T14:03:45","guid":{"rendered":"https:\/\/www.electroluxprofessional.com\/?page_id=25737"},"modified":"2025-11-05T15:57:32","modified_gmt":"2025-11-05T15:57:32","slug":"mypro-yikama-kurutma-ve-silindir-utuler","status":"publish","type":"page","link":"https:\/\/www.electroluxprofessional.com\/tr\/ticari-camasirhane-ekipmanlari\/mypro-yikama-kurutma-ve-silindir-utuler\/","title":{"rendered":"K\u00fc\u00e7\u00fck i\u015fletmeler i\u00e7in myPro, y\u0131kama kurutma ve silindir \u00fct\u00fcler"},"content":{"rendered":"<p>[vc_row full_width=&#8221;electroluxpro-full-width-no-padding&#8221; css=&#8221;.vc_custom_1618190492558{margin-top: -20px !important;}&#8221;][vc_column][elx_full_banner title=&#8221;myPRO &#8211; K\u00fc\u00e7\u00fck i\u015fletmelerin profesyonel kalbi&#8221; background_image_media_library=&#8221;11556&#8243; background_image_media_library_mobile=&#8221;21811&#8243; link=&#8221;url:%23contact|title:Daha%20fazlas%C4%B1n%C4%B1%20ke%C5%9Ffedin&#8221;][\/vc_column][\/vc_row][vc_row full_width=&#8221;electroluxpro-full-width-no-padding&#8221; css=&#8221;.vc_custom_1730278984512{margin-top: -20px !important;}&#8221;][vc_column][elx_features_download title=&#8221;&#8221; title_position=&#8221;top&#8221; bg_row=&#8221;bg-row-sustainability-green&#8221; values=&#8221;%5B%7B%22select_type%22%3A%22link%22%7D%5D&#8221; discover=&#8221;%5B%7B%7D%5D&#8221; features=&#8221;%5B%7B%22icon_electroluxpro%22%3A%22elx-icon%20icon-99-co2-emissions-reduction-white%22%2C%22title_icon%22%3A%22CO2%20emisyonlar%C4%B1n%C4%B1n%20azalt%C4%B1lmas%C4%B1%22%2C%22text_icon%22%3A%22D%C3%BC%C5%9F%C3%BCk%20K%C3%BCresel%20Is%C4%B1nma%20Potansiyeline%20(GWP)%20sahip%20bir%20so%C4%9Futucu%20ak%C4%B1%C5%9Fkana%20ge%C3%A7i%C5%9F%20yap%C4%B1lmas%C4%B1%20sayesinde%2C%20myPRO%20Is%C4%B1%20Pompal%C4%B1%20Kurutucularda%20CO%E2%82%82%20emisyonlar%C4%B1%20%2599%2C8%20oran%C4%B1nda%20azalt%C4%B1lm%C4%B1%C5%9Ft%C4%B1r.%5Cn%3Cbr%3EBu%20d%C3%B6n%C3%BC%C5%9F%C3%BCm%2C%20daha%20s%C3%BCrd%C3%BCr%C3%BClebilir%20bir%20gelece%C4%9Fe%20katk%C4%B1%20sa%C4%9Flamaktad%C4%B1r.%22%7D%5D&#8221;][\/elx_features_download][\/vc_column][\/vc_row][vc_row full_width=&#8221;electroluxpro-full-width-no-padding&#8221; css=&#8221;.vc_custom_1618190492558{margin-top: -20px !important;}&#8221;][vc_column][elx_download_block text=&#8221;Download myPRO laundry solutions for small businesses leaflet&#8221; document_type=&#8221;leaflets&#8221; background_color=&#8221;electrolux-blue&#8221; le_document_number=&#8221;CLF-9JE00009&#8243;][\/vc_column][\/vc_row][vc_row][vc_column][elx_heading font_container=&#8221;h1&#8243; text_color=&#8221;inherit&#8221; text_align=&#8221;text-left&#8221;]K\u00fc\u00e7\u00fck i\u015fletmeler i\u00e7in y\u0131kama, kurutma makineleri ve silindir \u00fct\u00fcler[\/elx_heading][vc_empty_space][\/vc_column][\/vc_row][vc_row][vc_column width=&#8221;1\/2&#8243;][vc_empty_space][vc_column_text]<\/p>\n<ul>\n<li>Ev tipi makineleriniz yeterince h\u0131zl\u0131 ve sa\u011flam de\u011fil mi?<\/li>\n<li>Makul bir b\u00fct\u00e7e ile daha profesyonel bir y\u0131kama \u00e7\u00f6z\u00fcm\u00fc m\u00fc ar\u0131yorsunuz?<\/li>\n<\/ul>\n<p>[\/vc_column_text][vc_empty_space][vc_column_text]myPRO, standart ev tipi cihazlardan\u00a0<strong>daha g\u00fc\u00e7l\u00fc<\/strong>\u00a0ve\u00a0<strong>daha h\u0131zl\u0131 y\u0131kama,\u00a0kurutma makinelerine ve silindir \u00fct\u00fclere<\/strong>\u00a0ihtiya\u00e7 duyan\u00a0<strong>k\u00fc\u00e7\u00fck i\u015fletmeler<\/strong>\u00a0i\u00e7in tasarlanm\u0131\u015f Electrolux Professional \u00e7\u00f6z\u00fcm\u00fcd\u00fcr.[\/vc_column_text][vc_empty_space][vc_column_text]<i class=\"fa fa-angle-right\"><\/i>\u00a0Uzun \u00f6m\u00fcrl\u00fc \u2013 3 kat daha uzun*<br \/>\n<i class=\"fa fa-angle-right\"><\/i>\u00a0S\u00fcper H\u0131z \u2013 %50\u2019ye varan oranda daha h\u0131zl\u0131**<br \/>\n<i class=\"fa fa-angle-right\"><\/i>\u00a0Her defas\u0131nda m\u00fckemmel sonu\u00e7lar<br \/>\n<i class=\"fa fa-angle-right\"><\/i>\u00a0Maksimum esneklik \u2013 profesyonel programlar sayesinde<br \/>\n<i class=\"fa fa-angle-right\"><\/i>\u00a0Electrolux Professional uygulamalar i\u00e7in garanti \u2013 yerel d\u00fczenlemelere g\u00f6re<\/p>\n<p><span style=\"font-size: small;\">* Ev tipi makinelere k\u0131yasla<br \/>\n** Y\u0131kama<\/span>[\/vc_column_text][vc_empty_space][\/vc_column][vc_column width=&#8221;1\/2&#8243;][vc_single_image image=&#8221;11546&#8243; img_size=&#8221;full&#8221;][\/vc_column][\/vc_row][vc_row full_width=&#8221;electroluxpro-container-no-padding&#8221;][vc_column width=&#8221;1\/5&#8243;][vc_empty_space][elx_button button_text=&#8221;\u00dcR\u00dcNLER\u0130 \u0130NCELEY\u0130N&#8221; button_style=&#8221;icon-blue&#8221; button_link=&#8221;url:%23products|||&#8221;][\/vc_column][vc_column width=&#8221;1\/5&#8243;][vc_empty_space][elx_button button_text=&#8221;SATI\u015e NOKTALARI&#8221; button_style=&#8221;icon-blue&#8221; button_link=&#8221;url:https%3A%2F%2Fwww.electroluxprofessional.com%2Ftr%2Fbayi-ve-servis-arama%2F|title:Bayi%20ve%20Servis%20Arama&#8221;][\/vc_column][vc_column width=&#8221;1\/5&#8243;][vc_empty_space][elx_button button_text=&#8221;\u00c7EVRiM\u0130\u00c7\u0130 YARDIM&#8221; button_style=&#8221;icon-blue&#8221; button_link=&#8221;url:https%3A%2F%2Fwww.electroluxprofessional.com%2Ftr%2Fticari-camasirhane-ekipmanlari%2Fmypro-yikama-kurutma-ve-silindir-utuler%2Fmypro-online-help-center%2F|title:myPRO%20Online%20Yard%C4%B1m%20Merkezi&#8221;][\/vc_column][vc_column width=&#8221;1\/5&#8243;][vc_empty_space][elx_button button_text=&#8221;Aksesuar ve Sarf Malzemeleri&#8221; button_style=&#8221;icon-blue&#8221; button_link=&#8221;url:https%3A%2F%2Fwww.electroluxprofessional.com%2Ftr%2Fticari-camasirhane-ekipmanlari%2Fmypro-yikama-kurutma-ve-silindir-utuler%2Faccessories-and-consumables%2F|title:myPRO%20i%C3%A7in%20Aksesuarlar%20ve%20Sarf%20malzemeleri&#8221;][\/vc_column][vc_column width=&#8221;1\/5&#8243;][vc_empty_space][elx_button button_text=&#8221;myPRO&#8217;nuzu kaydedin&#8221; button_style=&#8221;icon-blue&#8221; button_link=&#8221;url:https%3A%2F%2Fwww.electroluxprofessional.com%2Ftr%2Fticari-camasirhane-ekipmanlari%2Fmypro-yikama-kurutma-ve-silindir-utuler%2Fmypro-urun-kaydi%2F|title:myPRO%20%C3%9Cr%C3%BCn%20Kayd%C4%B1&#8243;][\/vc_column][\/vc_row][vc_row][vc_column width=&#8221;1\/3&#8243;][vc_empty_space][elx_heading text_color=&#8221;inherit&#8221;]D\u00fc\u015f\u00fck t\u00fcketim, ekstra tasarruf[\/elx_heading][vc_empty_space][vc_column_text]Electrolux Professional, hem paradan hem de enerjiden tasarruf etmenize yard\u0131mc\u0131 olur.[\/vc_column_text][\/vc_column][vc_column width=&#8221;2\/3&#8243; css=&#8221;.vc_custom_1480692619788{padding-top: 50px !important;}&#8221;][elx_image_block background_image=&#8221;11545&#8243; minimum_height=&#8221;400px&#8221;][vc_empty_space height=&#8221;50px&#8221;][\/vc_column][\/vc_row][vc_row][vc_column][elx_heading text_color=&#8221;inherit&#8221;]K\u00fc\u00e7\u00fck i\u015fletmeler i\u00e7in dayan\u0131kl\u0131 ve uygun fiyatl\u0131 \u00e7\u00f6z\u00fcmler[\/elx_heading][vc_column_text css=&#8221;.vc_custom_1755172810440{padding-top: 20px !important;}&#8221;]<\/p>\n<div class=\"wpb_text_column wpb_content_element vc_custom_1620287043055\">\n<div class=\"\">\n<p class=\"p1\">Kuaf\u00f6rler, g\u00fczellik salonlar\u0131, k\u00fc\u00e7\u00fck oteller ve bak\u0131m evleri, ev tipi makinelerden<span class=\"s1\">\u00a0<\/span><b>daha h\u0131zl\u0131<\/b><span class=\"s1\">\u00a0<\/span>ve<span class=\"s1\">\u00a0<\/span><b>daha dayan\u0131kl\u0131<\/b><span class=\"s1\">\u00a0<\/span>profesyonel \u00e7ama\u015f\u0131rhane \u00e7\u00f6z\u00fcmlerine ihtiya\u00e7 duyabilir.<\/p>\n<\/div>\n<\/div>\n<p>[\/vc_column_text][vc_empty_space][\/vc_column][\/vc_row][vc_row][vc_column width=&#8221;1\/3&#8243;][elx_icons icon_size=&#8221;elx-icon-medium&#8221; icon_electroluxpro=&#8221;elx-icon icon-circle-food-quality-blue&#8221;][elx_heading font_container=&#8221;h3&#8243; text_color=&#8221;inherit&#8221;]\u00dcst\u00fcn kalite, uzun \u00f6m\u00fcr[\/elx_heading][vc_column_text]En iyi y\u0131kama sonu\u00e7lar\u0131 ve tekstil bak\u0131m\u0131 i\u00e7in \u00e7e\u015fitli profesyonel programlara sahip Y\u0131kama ve Kurutma Makineleri, ev tipi makinelerden<span class=\"s1\">\u00a0<\/span><b>3 kat daha uzun \u00f6m\u00fcrl\u00fc<\/b><span class=\"s1\">\u00a0<\/span>olarak tasarlanm\u0131\u015ft\u0131r.[\/vc_column_text][vc_empty_space][\/vc_column][vc_column width=&#8221;1\/3&#8243;][elx_icons icon_size=&#8221;elx-icon-medium&#8221; icon_electroluxpro=&#8221;elx-icon icon-circle-savings-green-blue&#8221;][elx_heading font_container=&#8221;h3&#8243; text_color=&#8221;inherit&#8221;]Su, enerji ve para tasarrufu[\/elx_heading][vc_column_text]<b>Otomatik Nem Kontrol\u00fc<\/b><span class=\"s1\">\u00a0<\/span>ile s\u0131n\u0131f\u0131n\u0131n en iyi su alma, program s\u00fcresini ve maliyetleri d\u00fc\u015f\u00fcrme ve daha k\u0131sa kurutma s\u00fcresi i\u00e7in<span class=\"s1\">\u00a0<\/span><b>SpeedCare tambur<\/b>.[\/vc_column_text][vc_empty_space][\/vc_column][vc_column width=&#8221;1\/3&#8243;][elx_icons icon_size=&#8221;elx-icon-medium&#8221; icon_electroluxpro=&#8221;elx-icon icon-circle-safe-blue&#8221;][elx_heading font_container=&#8221;h3&#8243; text_color=&#8221;inherit&#8221;]M\u00fckemmel hijyen ve maksimum kolayl\u0131k[\/elx_heading][vc_column_text]\u00d6zel olarak tasarlanm\u0131\u015f b\u00fcy\u00fck kap\u0131l\u0131, kolay temizlenebilir paslanmaz \u00e7elik \u00fcst ve \u00f6n panel.<span class=\"s1\">\u00a0<\/span><b>Makul bir b\u00fct\u00e7e ile ihtiyac\u0131n\u0131z olan t\u00fcm faydalar.<\/b>[\/vc_column_text][vc_empty_space][\/vc_column][\/vc_row][vc_row custom_color_row=&#8221;bg-download-blue&#8221; css=&#8221;.vc_custom_1734431767122{padding-top: 30px !important;padding-bottom: 30px !important;}&#8221;][vc_column][elx_o2000_needs_matcher need_matcher=&#8221;myPRO_Matcher&#8221;][\/vc_column][\/vc_row][vc_row el_id=&#8221;myassistant&#8221;][vc_column][vc_empty_space][elx_heading text_color=&#8221;inherit&#8221;]myPRO \u00e7evrimi\u00e7i yard\u0131m masas\u0131[\/elx_heading][vc_column_text]myPRO ve myPROzip y\u0131kama, kurutma makinelerinizden ve silindir \u00fct\u00fcn\u00fczden maksimum seviyede faydalan\u0131n.<br \/>\nE\u011fitim videolar\u0131na, s\u0131k\u00e7a sorulan sorulara (SSS) ve kullan\u0131m k\u0131lavuzlar\u0131na eri\u015fmek i\u00e7in myPRO \u00c7evrimi\u00e7i Yard\u0131m Merkezi\u2019ni ziyaret edin.[\/vc_column_text][vc_empty_space][elx_button button_text=&#8221;\u00c7EVR\u0130M\u0130\u00c7\u0130 YARDIM Masas\u0131n\u0131 ziyaret edin&#8221; button_link=&#8221;url:https%3A%2F%2Fwww.electroluxprofessional.com%2Ftr%2Fticari-camasirhane-ekipmanlari%2Fmypro-yikama-kurutma-ve-silindir-utuler%2Fmypro-online-help-center%2F|title:myPRO%20Online%20Yard%C4%B1m%20Merkezi&#8221;][vc_empty_space][\/vc_column][\/vc_row][vc_row css=&#8221;.vc_custom_1734432191209{background-color: #eeeeee !important;}&#8221;][vc_column][vc_empty_space][elx_heading text_color=&#8221;inherit&#8221;]\u0130htiya\u00e7lar\u0131n\u0131z\u0131 kar\u015f\u0131layan \u00e7ama\u015f\u0131rhane \u00e7\u00f6z\u00fcm\u00fcn\u00fc se\u00e7in[\/elx_heading][\/vc_column][vc_column width=&#8221;1\/4&#8243;][vc_empty_space height=&#8221;20px&#8221;][elx_simple_link_block link=&#8221;Enter the link of the block&#8221; text_align=&#8221;text-left&#8221; text_color=&#8221;inherit&#8221; background_color=&#8221;inherit&#8221; background_hover_color=&#8221;darker-hover&#8221; extra_class=&#8221;&#8221; reveal_effect=&#8221;&#8221; reveal_duration=&#8221;&#8221; reveal_delay=&#8221;&#8221;][elx_heading font_container=&#8221;h3&#8243; text_color=&#8221;inherit&#8221; text_align=&#8221;text-left&#8221; css=&#8221;.vc_custom_1755173143547{border-radius: 15px !important;}&#8221;]Ev tip makineler[\/elx_heading][vc_column_text]<strong>2.500 kullan\u0131m<\/strong>[\/vc_column_text][vc_single_image image=&#8221;11547&#8243; img_size=&#8221;full&#8221; css=&#8221;.vc_custom_1619098482827{padding-top: 20px !important;padding-right: 20px !important;padding-bottom: 20px !important;}&#8221;][\/elx_simple_link_block][\/vc_column][vc_column width=&#8221;1\/4&#8243;][vc_empty_space height=&#8221;20px&#8221;][elx_simple_link_block link=&#8221;url:https%3A%2F%2Fwww.electroluxprofessional.com%2Ftr%2Fticari-camasirhane-ekipmanlari%2Fmypro-yikama-kurutma-ve-silindir-utuler%2F|title:myPro%20%C3%87ama%C5%9F%C4%B1r%20Y%C4%B1kama%2C%20Kurutma%20ve%20Silindir%20%C3%9Ct%C3%BCler&#8221; text_align=&#8221;text-left&#8221; text_color=&#8221;inherit&#8221; background_color=&#8221;inherit&#8221; background_hover_color=&#8221;darker-hover&#8221; extra_class=&#8221;&#8221; reveal_effect=&#8221;&#8221; reveal_duration=&#8221;&#8221; reveal_delay=&#8221;&#8221;][elx_heading font_container=&#8221;h3&#8243; text_color=&#8221;inherit&#8221;]myPRO 8kg[\/elx_heading][vc_column_text]<strong>7.500 kullan\u0131m<\/strong>[\/vc_column_text][vc_single_image image=&#8221;11548&#8243; img_size=&#8221;full&#8221; css=&#8221;.vc_custom_1618188328110{padding-top: 20px !important;padding-right: 20px !important;padding-bottom: 20px !important;}&#8221;][\/elx_simple_link_block][\/vc_column][vc_column width=&#8221;1\/4&#8243;][vc_empty_space height=&#8221;20px&#8221;][elx_simple_link_block link=&#8221;url:https%3A%2F%2Fwww.electroluxprofessional.com%2Ftr%2Fticari-camasirhane-ekipmanlari%2Fmypro-xl-camasirhane-kucuk-isletmeler%2F|title:myPRO%20XL%20fazla%20%C3%A7ama%C5%9F%C4%B1r%20y%C3%BCk%C3%BC%20olan%20k%C3%BC%C3%A7%C3%BCk%20i%C5%9Fletmeler%20i%C3%A7in%20%C3%A7ama%C5%9F%C4%B1rhane%20%C3%A7%C3%B6z%C3%BCmleri&#8221; text_align=&#8221;text-left&#8221; text_color=&#8221;inherit&#8221; background_color=&#8221;inherit&#8221; background_hover_color=&#8221;darker-hover&#8221; extra_class=&#8221;&#8221; reveal_effect=&#8221;&#8221; reveal_duration=&#8221;&#8221; reveal_delay=&#8221;&#8221;][elx_heading font_container=&#8221;h3&#8243; text_color=&#8221;inherit&#8221;]myPRO<sup>XL<\/sup> 12kg[\/elx_heading][vc_column_text]<strong>+15.000 kullan\u0131m<\/strong>[\/vc_column_text][vc_single_image image=&#8221;13970&#8243; img_size=&#8221;full&#8221; css=&#8221;.vc_custom_1653841969984{padding-top: 20px !important;padding-right: 20px !important;padding-bottom: 20px !important;}&#8221;][\/elx_simple_link_block][\/vc_column][vc_column width=&#8221;1\/4&#8243;][vc_empty_space height=&#8221;20px&#8221;][elx_simple_link_block link=&#8221;url:https%3A%2F%2Fwww.electroluxprofessional.com%2Ftr%2Fticari-camasirhane-ekipmanlari%2Fendustriyel-camasir-yikama-makineleri%2F|title:End%C3%BCstriyel%20%C3%87ama%C5%9F%C4%B1r%20Y%C4%B1kama&#8221; text_align=&#8221;text-left&#8221; text_color=&#8221;inherit&#8221; background_color=&#8221;inherit&#8221; background_hover_color=&#8221;darker-hover&#8221; extra_class=&#8221;&#8221; reveal_effect=&#8221;&#8221; reveal_duration=&#8221;&#8221; reveal_delay=&#8221;&#8221;][elx_heading font_container=&#8221;h3&#8243; text_color=&#8221;inherit&#8221;]Ticari[\/elx_heading][vc_column_text]<strong>+30.000 kullan\u0131m<\/strong>[\/vc_column_text][vc_single_image image=&#8221;11550&#8243; img_size=&#8221;full&#8221; css=&#8221;.vc_custom_1612517579149{padding-top: 20px !important;padding-right: 20px !important;padding-bottom: 20px !important;}&#8221;][\/elx_simple_link_block][\/vc_column][vc_column][vc_empty_space][\/vc_column][\/vc_row][vc_row disable_element=&#8221;yes&#8221;][vc_column][vc_empty_space][elx_heading text_color=&#8221;inherit&#8221;]myPRO \u00e7evrimi\u00e7i yard\u0131m[\/elx_heading][vc_column_text]myPRO ve myPROzip y\u0131kama, kurutma makinelerinizden ve silindir \u00fct\u00fcn\u00fczden maksimum seviyede faydalan\u0131n.<br \/>\nBu sayfada \u00f6\u011fretici videolar\u0131, s\u0131k\u00e7a sorulan sorular\u0131 (SSS) ve ilave \u00e7evrimi\u00e7i yard\u0131m\u0131 bulabilirsiniz.<br \/>\n\u00dcr\u00fcnlerinizi kaydedin ve y\u0131kama, kurutma makinelerinizden ve silindir \u00fct\u00fcn\u00fczden maksimum fayda elde etmenize yard\u0131mc\u0131 olacak ilave aksesuarlar\u0131 ve sarf malzemeleri ke\u015ffedin. Daha fazla deste\u011fe ihtiyac\u0131n\u0131z olursa, bir uzman ile ileti\u015fime ge\u00e7ebilirsiniz.[\/vc_column_text][\/vc_column][\/vc_row][vc_row disable_element=&#8221;yes&#8221;][vc_column][elx_heading font_container=&#8221;h3&#8243; text_color=&#8221;inherit&#8221;]\u00d6\u011fretici videolar[\/elx_heading][\/vc_column][\/vc_row][vc_row disable_element=&#8221;yes&#8221;][vc_column width=&#8221;1\/2&#8243;][elx_heading font_container=&#8221;h4&#8243; text_color=&#8221;inherit&#8221;]Kurulum[\/elx_heading][vc_single_image image=&#8221;7641&#8243; img_size=&#8221;large&#8221;][vc_empty_space][vc_row_inner equal_height=&#8221;yes&#8221; content_placement=&#8221;top&#8221;][vc_column_inner width=&#8221;1\/2&#8243; css=&#8221;.vc_custom_1572261369325{margin-right: 1px !important;margin-bottom: 2px !important;margin-left: 1px !important;background-color: #eeeeee !important;}&#8221;][elx_video_block video_link=&#8221;https:\/\/www.youtube.com\/watch?v=sc1IOSVYNEA&#8221; minimum_height=&#8221;100px&#8221;][vc_column_text]<\/p>\n<p style=\"text-align: center;\">Drenaj valfli makinenin kurulumu<\/p>\n<p>[\/vc_column_text][\/vc_column_inner][vc_column_inner width=&#8221;1\/2&#8243; css=&#8221;.vc_custom_1572261414038{margin-right: 1px !important;margin-bottom: 2px !important;margin-left: 1px !important;background-color: #eeeeee !important;}&#8221;][elx_video_block video_link=&#8221;https:\/\/www.youtube.com\/watch?v=qZVYAP9MvAY&#8221; minimum_height=&#8221;100px&#8221;][vc_column_text]<\/p>\n<p style=\"text-align: center;\">Drenaj pompal\u0131 makinenin kurulumu<\/p>\n<p>[\/vc_column_text][\/vc_column_inner][\/vc_row_inner][vc_row_inner equal_height=&#8221;yes&#8221; content_placement=&#8221;top&#8221;][vc_column_inner width=&#8221;1\/2&#8243; css=&#8221;.vc_custom_1572261265571{margin-right: 1px !important;margin-left: 1px !important;background-color: #eeeeee !important;}&#8221;][elx_video_block video_link=&#8221;https:\/\/www.youtube.com\/watch?v=CsdAuR8lJuQ&#8221; minimum_height=&#8221;100px&#8221;][vc_column_text]<\/p>\n<p style=\"text-align: center;\">\u0130stifleme kitinin kurulumu<\/p>\n<p>[\/vc_column_text][\/vc_column_inner][vc_column_inner width=&#8221;1\/2&#8243; css=&#8221;.vc_custom_1572261284444{margin-right: 1px !important;margin-left: 1px !important;background-color: #eeeeee !important;}&#8221;][elx_video_block video_link=&#8221;https:\/\/www.youtube.com\/watch?v=wSMxXKyS3Fg&#8221; minimum_height=&#8221;100px&#8221;][vc_column_text]<\/p>\n<p style=\"text-align: center;\">Bazan\u0131n kurulumu<\/p>\n<p>[\/vc_column_text][\/vc_column_inner][\/vc_row_inner][\/vc_column][vc_column width=&#8221;1\/2&#8243;][elx_heading font_container=&#8221;h4&#8243; text_color=&#8221;inherit&#8221;]G\u00fcnl\u00fck kullan\u0131m[\/elx_heading][vc_single_image image=&#8221;7642&#8243; img_size=&#8221;large&#8221;][vc_empty_space][vc_row_inner equal_height=&#8221;yes&#8221; content_placement=&#8221;top&#8221; css=&#8221;.vc_custom_1572261378262{margin-bottom: 2px !important;}&#8221;][vc_column_inner width=&#8221;1\/2&#8243; css=&#8221;.vc_custom_1572261591839{margin-right: 1px !important;margin-bottom: 1px !important;margin-left: 1px !important;background-color: #eeeeee !important;}&#8221;][elx_video_block video_link=&#8221;https:\/\/www.youtube.com\/watch?v=ESPBN2YmyxA&#8221; minimum_height=&#8221;100px&#8221;][vc_column_text]<\/p>\n<p style=\"text-align: center;\">Programlar\u0131n se\u00e7imi ve makinelerin \u00e7al\u0131\u015ft\u0131r\u0131lmas\u0131<\/p>\n<p>[\/vc_column_text][\/vc_column_inner][vc_column_inner width=&#8221;1\/2&#8243; css=&#8221;.vc_custom_1572261598439{margin-right: 1px !important;margin-bottom: 1px !important;margin-left: 1px !important;background-color: #eeeeee !important;}&#8221;][elx_video_block video_link=&#8221;https:\/\/www.youtube.com\/watch?v=8-SXImq3Hj4&#8243; minimum_height=&#8221;100px&#8221;][vc_column_text]<\/p>\n<p style=\"text-align: center;\">Kurutma makinesinin kapak y\u00f6n\u00fcn\u00fcn de\u011fi\u015ftirilmesi<\/p>\n<p>[\/vc_column_text][\/vc_column_inner][\/vc_row_inner][vc_row_inner equal_height=&#8221;yes&#8221; content_placement=&#8221;top&#8221;][vc_column_inner width=&#8221;1\/2&#8243; css=&#8221;.vc_custom_1572261608351{margin-right: 1px !important;margin-bottom: 1px !important;margin-left: 1px !important;background-color: #eeeeee !important;}&#8221;][elx_video_block video_link=&#8221;https:\/\/www.youtube.com\/watch?v=sTAlhKw8-bE&#8221; minimum_height=&#8221;100px&#8221;][vc_column_text]<\/p>\n<p style=\"text-align: center;\">Y\u0131kama makinesinin pompa filtresinin temizlenmesi<\/p>\n<p>[\/vc_column_text][\/vc_column_inner][vc_column_inner width=&#8221;1\/2&#8243; css=&#8221;.vc_custom_1572261615055{margin-right: 1px !important;margin-bottom: 1px !important;margin-left: 1px !important;background-color: #eeeeee !important;}&#8221;][elx_video_block video_link=&#8221;https:\/\/www.youtube.com\/watch?v=QZlDLCAjf1E&#8221; minimum_height=&#8221;100px&#8221;][vc_column_text]<\/p>\n<p style=\"text-align: center;\">Kurutma makinesinin hava filtresinin ve kondens \u00fcnitesinin temizlenmesi<\/p>\n<p>[\/vc_column_text][\/vc_column_inner][\/vc_row_inner][vc_row_inner equal_height=&#8221;yes&#8221; content_placement=&#8221;top&#8221;][vc_column_inner width=&#8221;1\/2&#8243; css=&#8221;.vc_custom_1572261476662{margin-right: 1px !important;margin-left: 1px !important;background-color: #eeeeee !important;}&#8221;][elx_video_block video_link=&#8221;https:\/\/www.youtube.com\/watch?v=1Qw3yf8EhA4&amp;t=5s&#8221; minimum_height=&#8221;100px&#8221;][vc_column_text]<\/p>\n<p style=\"text-align: center;\">Buharl\u0131 \u00dct\u00fc talimatlar\u0131<\/p>\n<p>[\/vc_column_text][\/vc_column_inner][vc_column_inner width=&#8221;1\/2&#8243;][\/vc_column_inner][\/vc_row_inner][\/vc_column][\/vc_row][vc_row full_width=&#8221;electroluxpro-full-width&#8221;][vc_column][vc_empty_space][elx_hero_slider label_text_color=&#8221;inherit&#8221; images=&#8221;11552&#8243;][elx_heading text_color=&#8221;inherit&#8221;]K\u00fc\u00e7\u00fck Oteller\u2019in, Pansiyonlar\u2019\u0131n ve Restoranlar\u2019\u0131n Profesyonel Kalbi[\/elx_heading][vc_column_text]Masa \u00f6rt\u00fclerindeki sert lekeler, y\u00fcksek d\u0131\u015f kaynak kullan\u0131m maliyetleri, \u00e7ar\u015faflar\u0131n zaman\u0131nda y\u0131kanmas\u0131, kurutulmas\u0131 ve de\u011fi\u015ftirilmesi \u2013 ev tipi Y\u0131kama ve Kurutma Makineleri \u00e7o\u011fu zaman ihtiya\u00e7lar\u0131n\u0131 kar\u015f\u0131layamad\u0131\u011f\u0131 i\u00e7in, bunlar\u0131n t\u00fcm\u00fc k\u00fc\u00e7\u00fck Oteller, Pansiyonlar ve Restoranlar i\u00e7in g\u00fcnl\u00fck sorunlard\u0131r.[\/vc_column_text][vc_empty_space][elx_button button_text=&#8221;SAYFAYA G\u0130D\u0130N&#8221; button_link=&#8221;url:https%3A%2F%2Fwww.electroluxprofessional.com%2Ftr%2Fisletmenize-yonelik-cozumler%2Fkucuk-isletmeler%2Fhotel-bb-restaurant%2F|title:Otel%2C%20Pansiyon%20ve%20Restoranlar&#8221;][\/elx_hero_slider][vc_empty_space][\/vc_column][\/vc_row][vc_row full_width=&#8221;electroluxpro-full-width&#8221;][vc_column][vc_empty_space][elx_hero_slider text_position=&#8221;hero_slider_text_align_right&#8221; label_text_color=&#8221;inherit&#8221; images=&#8221;11553&#8243;][elx_heading text_color=&#8221;inherit&#8221;]Tesis Y\u00f6netimi \u015eirketleri\u2019nin Profesyonel kalbi[\/elx_heading][vc_column_text]Ofis temizli\u011fi i\u00e7in paspas ve bez y\u0131kamak s\u00f6z konusu oldu\u011funda, ev tipi makineler ihtiya\u00e7lar\u0131n\u0131 kar\u015f\u0131layamazlar \u00e7\u00fcnk\u00fc genellikle hav ve \u00e7ak\u0131l nedeniyle bozulurlar. Bu nedenle, paspaslar\u0131n\u0131z\u0131 denetimleri ge\u00e7ecek kadar temiz tutmak zor bir i\u015ftir.[\/vc_column_text][vc_empty_space][elx_button button_text=&#8221;SAYFAYA G\u0130D\u0130N&#8221; button_link=&#8221;url:https%3A%2F%2Fwww.electroluxprofessional.com%2Ftr%2Fisletmenize-yonelik-cozumler%2Fisletmeler-ulasim-sanayi%2Ftesis-yonetimi%2F|title:Tesis%20Y%C3%B6netimi&#8221;][\/elx_hero_slider][vc_empty_space][\/vc_column][\/vc_row][vc_row full_width=&#8221;electroluxpro-full-width&#8221;][vc_column][vc_empty_space][elx_hero_slider label_text_color=&#8221;inherit&#8221; images=&#8221;11554&#8243;][elx_heading text_color=&#8221;inherit&#8221;]Kuaf\u00f6r ve G\u00fczellik Salonlar\u0131\u2019n\u0131n Profesyonel Kalbi[\/elx_heading][vc_column_text]Yava\u015f programlar ve t\u0131kanm\u0131\u015f drenajlar, ev tipi Y\u0131kama ve Kurutma Makineleri ihtiya\u00e7lar\u0131n\u0131 kar\u015f\u0131layamad\u0131\u011f\u0131nda, kuaf\u00f6r ve g\u00fczellik merkezlerinin g\u00fcnl\u00fck engelleridir.[\/vc_column_text][vc_empty_space][elx_button button_text=&#8221;SAYFAYA G\u0130D\u0130N&#8221; button_link=&#8221;url:https%3A%2F%2Fwww.electroluxprofessional.com%2Ftr%2Fisletmenize-yonelik-cozumler%2Fkuaforler-guzellik-salonlari%2F|title:Kuaf%C3%B6r%20ve%20G%C3%BCzellik%20Salonlar%C4%B1&#8243;][\/elx_hero_slider][vc_empty_space][\/vc_column][\/vc_row][vc_row full_width=&#8221;electroluxpro-full-width&#8221;][vc_column][vc_empty_space][elx_hero_slider text_position=&#8221;hero_slider_text_align_right&#8221; label_text_color=&#8221;inherit&#8221; images=&#8221;11555&#8243;][elx_heading text_color=&#8221;inherit&#8221;]Spor ve Fitness Kul\u00fcpleri\u2019nin Profesyonel Kalbi[\/elx_heading][vc_column_text]Spor kul\u00fcpleri i\u00e7in giysilerin ve havlular\u0131n temiz ve zaman\u0131nda kullan\u0131lmas\u0131n\u0131 sa\u011flamak her zaman bu kadar kolay de\u011fildir. \u0130nat\u00e7\u0131 \u00e7imler, kir ve ter lekeleri \u00e7o\u011fu zaman s\u0131radan ev tipi cihazlar\u0131n kald\u0131rabilece\u011finden daha fazlad\u0131r.[\/vc_column_text][vc_empty_space][elx_button button_text=&#8221;SAYFAYA G\u0130D\u0130N&#8221; button_link=&#8221;url:https%3A%2F%2Fwww.electroluxprofessional.com%2Ftr%2Fisletmenize-yonelik-cozumler%2Fspor-fitness-merkezleri%2F|title:Spor%20%26%20Fitness%20merkezleri&#8221;][\/elx_hero_slider][vc_empty_space][\/vc_column][\/vc_row][vc_row el_id=&#8221;products&#8221;][vc_column][\/vc_column][\/vc_row][vc_row el_id=&#8221;contact&#8221;][vc_column][vc_empty_space][elx_heading text_color=&#8221;inherit&#8221;]K\u00fc\u00e7\u00fck i\u015fletmeler i\u00e7in myPRO y\u0131kama, kurutma ve silindir \u00fct\u00fc hakk\u0131nda bilgi almak i\u00e7in bizimle ileti\u015fime ge\u00e7in[\/elx_heading][vc_empty_space][elx_o2000_contact_us s=&#8221;Request of information about myPRO&#8221; b=&#8221;laundry-semi-professional&#8221; r=&#8221;I would like more information about myPRO&#8221; l=&#8221;en&#8221;][\/vc_column][\/vc_row][vc_row css=&#8221;.vc_custom_1534772259989{background-color: #eeeeee !important;}&#8221;][vc_column width=&#8221;2\/3&#8243;][vc_empty_space][elx_heading font_size=&#8221;h3&#8243; text_color=&#8221;inherit&#8221;]Daha verimli \u00e7\u00f6z\u00fcmler mi ar\u0131yorsunuz?[\/elx_heading][elx_heading font_container=&#8221;h3&#8243; font_size=&#8221;h5&#8243; text_color=&#8221;inherit&#8221;]Ticari \u00e7ama\u015f\u0131rhane \u00e7\u00f6z\u00fcmlerimizi inceleyin[\/elx_heading][vc_column_text]<\/p>\n<div class=\"wpb_text_column wpb_content_element\">\n<div class=\"\">\n<div class=\"wpb_column vc_column_container vc_col-sm-8\">\n<div class=\"vc_column-inner\">\n<div class=\"wpb_wrapper wow fadeIn\">\n<div class=\"wpb_text_column wpb_content_element\">\n<div class=\"\">\n<p>Electrolux Professional, profesyonel \u00e7ama\u015f\u0131rhane ihtiya\u00e7lar\u0131n\u0131z i\u00e7in \u00e7ok y\u00f6nl\u00fc bir \u00fcr\u00fcn yelpazesi sunar.<\/p>\n<\/div>\n<\/div>\n<\/div>\n<\/div>\n<\/div>\n<\/div>\n<\/div>\n<div class=\"vc_empty_space\"><\/div>\n<p>[\/vc_column_text][vc_empty_space][elx_button button_text=&#8221;Ticari \u00e7ama\u015f\u0131rhane \u00e7\u00f6z\u00fcmlerimizi ke\u015ffedin&#8221; button_style=&#8221;icon&#8221; button_link=&#8221;url:https%3A%2F%2Fwww.electroluxprofessional.com%2Ftr%2Fticari-camasirhane-ekipmanlari%2Fline-6000-cozumler%2F|title:Ticari%20%C3%87ama%C5%9F%C4%B1rhane%20%C3%87%C3%B6z%C3%BCmleri&#8221;][vc_empty_space][\/vc_column][vc_column width=&#8221;1\/3&#8243;][vc_empty_space][vc_single_image image=&#8221;13972&#8243; img_size=&#8221;full&#8221; onclick=&#8221;custom_link&#8221; link=&#8221;http:\/\/https:\/\/www.electroluxprofessional.com\/tr\/your-business\/commercial-laundries\/&#8221;][vc_empty_space][\/vc_column][\/vc_row]<\/p>\n","protected":false},"excerpt":{"rendered":"<p>[vc_row full_width=&#8221;electroluxpro-full-width-no-padding&#8221; css=&#8221;.vc_custom_1618190492558{margin-top: -20px !important;}&#8221;][vc_column][elx_full_banner title=&#8221;myPRO &#8211; K\u00fc\u00e7\u00fck i\u015fletmelerin profesyonel kalbi&#8221; background_image_media_library=&#8221;11556&#8243; background_image_media_library_mobile=&#8221;21811&#8243; link=&#8221;url:%23contact|title:Daha%20fazlas%C4%B1n%C4%B1%20ke%C5%9Ffedin&#8221;][\/vc_column][\/vc_row][vc_row full_width=&#8221;electroluxpro-full-width-no-padding&#8221; css=&#8221;.vc_custom_1730278984512{margin-top: -20px !important;}&#8221;][vc_column][elx_features_download title=&#8221;&#8221; title_position=&#8221;top&#8221; bg_row=&#8221;bg-row-sustainability-green&#8221; values=&#8221;%5B%7B%22select_type%22%3A%22link%22%7D%5D&#8221; discover=&#8221;%5B%7B%7D%5D&#8221; features=&#8221;%5B%7B%22icon_electroluxpro%22%3A%22elx-icon%20icon-99-co2-emissions-reduction-white%22%2C%22title_icon%22%3A%22CO2%20emisyonlar%C4%B1n%C4%B1n%20azalt%C4%B1lmas%C4%B1%22%2C%22text_icon%22%3A%22D%C3%BC%C5%9F%C3%BCk%20K%C3%BCresel%20Is%C4%B1nma%20Potansiyeline%20(GWP)%20sahip%20bir%20so%C4%9Futucu%20ak%C4%B1%C5%9Fkana%20ge%C3%A7i%C5%9F%20yap%C4%B1lmas%C4%B1%20sayesinde%2C%20myPRO%20Is%C4%B1%20Pompal%C4%B1%20Kurutucularda%20CO%E2%82%82%20emisyonlar%C4%B1%20%2599%2C8%20oran%C4%B1nda%20azalt%C4%B1lm%C4%B1%C5%9Ft%C4%B1r.%5Cn%3Cbr%3EBu%20d%C3%B6n%C3%BC%C5%9F%C3%BCm%2C%20daha%20s%C3%BCrd%C3%BCr%C3%BClebilir%20bir%20gelece%C4%9Fe%20katk%C4%B1%20sa%C4%9Flamaktad%C4%B1r.%22%7D%5D&#8221;][\/elx_features_download][\/vc_column][\/vc_row][vc_row full_width=&#8221;electroluxpro-full-width-no-padding&#8221; css=&#8221;.vc_custom_1618190492558{margin-top: -20px !important;}&#8221;][vc_column][elx_download_block text=&#8221;Download myPRO laundry solutions for small businesses leaflet&#8221; document_type=&#8221;leaflets&#8221; background_color=&#8221;electrolux-blue&#8221; le_document_number=&#8221;CLF-9JE00009&#8243;][\/vc_column][\/vc_row][vc_row][vc_column][elx_heading font_container=&#8221;h1&#8243; text_color=&#8221;inherit&#8221; text_align=&#8221;text-left&#8221;]K\u00fc\u00e7\u00fck i\u015fletmeler i\u00e7in y\u0131kama, kurutma makineleri ve silindir \u00fct\u00fcler[\/elx_heading][vc_empty_space][\/vc_column][\/vc_row][vc_row][vc_column width=&#8221;1\/2&#8243;][vc_empty_space][vc_column_text] Ev tipi makineleriniz yeterince [&hellip;]<\/p>\n","protected":false},"author":3,"featured_media":6142,"parent":2006,"menu_order":0,"comment_status":"closed","ping_status":"closed","template":"","meta":{"footnotes":""},"class_list":["post-6149","page","type-page","status-publish","has-post-thumbnail","hentry"],"acf":[],"yoast_head":"<!-- This site is optimized with the Yoast SEO plugin v23.3 - https:\/\/yoast.com\/wordpress\/plugins\/seo\/ -->\n<title>myPRO - k\u00fc\u00e7\u00fck i\u015fletmeler i\u00e7in y\u0131kama, kurutma ve silindir \u00fct\u00fcler<\/title>\n<meta name=\"description\" content=\"K\u00fc\u00e7\u00fck i\u015fletmeler i\u00e7in g\u00fc\u00e7l\u00fc ve h\u0131zl\u0131 myPRO \u00e7ama\u015f\u0131r, kurutma ve \u00fct\u00fc \u00e7\u00f6z\u00fcmleri: Electrolux Professional kalitesiyle ev tipi cihazlardan \u00fcst\u00fcn.\" \/>\n<meta name=\"robots\" content=\"index, follow, max-snippet:-1, max-image-preview:large, max-video-preview:-1\" \/>\n<link rel=\"canonical\" href=\"https:\/\/www.electroluxprofessional.com\/tr\/ticari-camasirhane-ekipmanlari\/mypro-yikama-kurutma-ve-silindir-utuler\/\" \/>\n<meta property=\"og:locale\" content=\"tr_TR\" \/>\n<meta property=\"og:type\" content=\"article\" \/>\n<meta property=\"og:title\" content=\"myPRO - k\u00fc\u00e7\u00fck i\u015fletmeler i\u00e7in y\u0131kama, kurutma ve silindir \u00fct\u00fcler\" \/>\n<meta property=\"og:description\" content=\"K\u00fc\u00e7\u00fck i\u015fletmeler i\u00e7in g\u00fc\u00e7l\u00fc ve h\u0131zl\u0131 myPRO \u00e7ama\u015f\u0131r, kurutma ve \u00fct\u00fc \u00e7\u00f6z\u00fcmleri: Electrolux Professional kalitesiyle ev tipi cihazlardan \u00fcst\u00fcn.\" \/>\n<meta property=\"og:url\" content=\"https:\/\/www.electroluxprofessional.com\/tr\/ticari-camasirhane-ekipmanlari\/mypro-yikama-kurutma-ve-silindir-utuler\/\" \/>\n<meta property=\"og:site_name\" content=\"Electrolux Professional T\u00fcrkiye\" \/>\n<meta property=\"article:modified_time\" content=\"2025-11-05T15:57:32+00:00\" \/>\n<meta property=\"og:image\" content=\"https:\/\/www.electroluxprofessional.com\/tr\/wp-content\/uploads\/2021\/07\/Linkedin-myPRO-Yikama-ve-Kurutma-Makineleri-_-Kuafo\u0308rler.001.jpeg\" \/>\n\t<meta property=\"og:image:width\" content=\"1200\" \/>\n\t<meta property=\"og:image:height\" content=\"627\" \/>\n\t<meta property=\"og:image:type\" content=\"image\/jpeg\" \/>\n<meta name=\"twitter:card\" content=\"summary_large_image\" \/>\n<meta name=\"twitter:image\" content=\"https:\/\/www.electroluxprofessional.com\/tr\/wp-content\/uploads\/2021\/07\/Linkedin-myPRO-Yikama-ve-Kurutma-Makineleri-_-Kuafo\u0308rler.001.jpeg\" \/>\n<meta name=\"twitter:label1\" content=\"Tahmini okuma s\u00fcresi\" \/>\n\t<meta name=\"twitter:data1\" content=\"7 dakika\" \/>\n<script type=\"application\/ld+json\" class=\"yoast-schema-graph\">{\"@context\":\"https:\/\/schema.org\",\"@graph\":[{\"@type\":\"WebPage\",\"@id\":\"https:\/\/www.electroluxprofessional.com\/tr\/ticari-camasirhane-ekipmanlari\/mypro-yikama-kurutma-ve-silindir-utuler\/\",\"url\":\"https:\/\/www.electroluxprofessional.com\/tr\/ticari-camasirhane-ekipmanlari\/mypro-yikama-kurutma-ve-silindir-utuler\/\",\"name\":\"myPRO - k\u00fc\u00e7\u00fck i\u015fletmeler i\u00e7in y\u0131kama, kurutma ve silindir \u00fct\u00fcler\",\"isPartOf\":{\"@id\":\"https:\/\/www.electroluxprofessional.com\/tr\/#website\"},\"primaryImageOfPage\":{\"@id\":\"https:\/\/www.electroluxprofessional.com\/tr\/ticari-camasirhane-ekipmanlari\/mypro-yikama-kurutma-ve-silindir-utuler\/#primaryimage\"},\"image\":{\"@id\":\"https:\/\/www.electroluxprofessional.com\/tr\/ticari-camasirhane-ekipmanlari\/mypro-yikama-kurutma-ve-silindir-utuler\/#primaryimage\"},\"thumbnailUrl\":\"https:\/\/www.electroluxprofessional.com\/tr\/wp-content\/uploads\/2019\/10\/myPRO-featured.jpg\",\"datePublished\":\"2025-08-13T14:03:45+00:00\",\"dateModified\":\"2025-11-05T15:57:32+00:00\",\"description\":\"K\u00fc\u00e7\u00fck i\u015fletmeler i\u00e7in g\u00fc\u00e7l\u00fc ve h\u0131zl\u0131 myPRO \u00e7ama\u015f\u0131r, kurutma ve \u00fct\u00fc \u00e7\u00f6z\u00fcmleri: Electrolux Professional kalitesiyle ev tipi cihazlardan \u00fcst\u00fcn.\",\"breadcrumb\":{\"@id\":\"https:\/\/www.electroluxprofessional.com\/tr\/ticari-camasirhane-ekipmanlari\/mypro-yikama-kurutma-ve-silindir-utuler\/#breadcrumb\"},\"inLanguage\":\"tr\",\"potentialAction\":[{\"@type\":\"ReadAction\",\"target\":[\"https:\/\/www.electroluxprofessional.com\/tr\/ticari-camasirhane-ekipmanlari\/mypro-yikama-kurutma-ve-silindir-utuler\/\"]}]},{\"@type\":\"ImageObject\",\"inLanguage\":\"tr\",\"@id\":\"https:\/\/www.electroluxprofessional.com\/tr\/ticari-camasirhane-ekipmanlari\/mypro-yikama-kurutma-ve-silindir-utuler\/#primaryimage\",\"url\":\"https:\/\/www.electroluxprofessional.com\/tr\/wp-content\/uploads\/2019\/10\/myPRO-featured.jpg\",\"contentUrl\":\"https:\/\/www.electroluxprofessional.com\/tr\/wp-content\/uploads\/2019\/10\/myPRO-featured.jpg\",\"width\":700,\"height\":400,\"caption\":\"myPRO for small businesses\"},{\"@type\":\"BreadcrumbList\",\"@id\":\"https:\/\/www.electroluxprofessional.com\/tr\/ticari-camasirhane-ekipmanlari\/mypro-yikama-kurutma-ve-silindir-utuler\/#breadcrumb\",\"itemListElement\":[{\"@type\":\"ListItem\",\"position\":1,\"name\":\"Home\",\"item\":\"https:\/\/www.electroluxprofessional.com\/tr\/\"},{\"@type\":\"ListItem\",\"position\":2,\"name\":\"\u00c7ama\u015f\u0131rhane\",\"item\":\"https:\/\/www.electroluxprofessional.com\/tr\/ticari-camasirhane-ekipmanlari\/\"},{\"@type\":\"ListItem\",\"position\":3,\"name\":\"K\u00fc\u00e7\u00fck i\u015fletmeler i\u00e7in myPro, y\u0131kama kurutma ve silindir \u00fct\u00fcler\"}]},{\"@type\":\"WebSite\",\"@id\":\"https:\/\/www.electroluxprofessional.com\/tr\/#website\",\"url\":\"https:\/\/www.electroluxprofessional.com\/tr\/\",\"name\":\"Electrolux Professional T\u00fcrkiye\",\"description\":\"\",\"potentialAction\":[{\"@type\":\"SearchAction\",\"target\":{\"@type\":\"EntryPoint\",\"urlTemplate\":\"https:\/\/www.electroluxprofessional.com\/tr\/?src={search_term_string}\"},\"query-input\":\"required name=search_term_string\"}],\"inLanguage\":\"tr\"}]}<\/script>\n<!-- \/ Yoast SEO plugin. -->","yoast_head_json":{"title":"myPRO - k\u00fc\u00e7\u00fck i\u015fletmeler i\u00e7in y\u0131kama, kurutma ve silindir \u00fct\u00fcler","description":"K\u00fc\u00e7\u00fck i\u015fletmeler i\u00e7in g\u00fc\u00e7l\u00fc ve h\u0131zl\u0131 myPRO \u00e7ama\u015f\u0131r, kurutma ve \u00fct\u00fc \u00e7\u00f6z\u00fcmleri: Electrolux Professional kalitesiyle ev tipi cihazlardan \u00fcst\u00fcn.","robots":{"index":"index","follow":"follow","max-snippet":"max-snippet:-1","max-image-preview":"max-image-preview:large","max-video-preview":"max-video-preview:-1"},"canonical":"https:\/\/www.electroluxprofessional.com\/tr\/ticari-camasirhane-ekipmanlari\/mypro-yikama-kurutma-ve-silindir-utuler\/","og_locale":"tr_TR","og_type":"article","og_title":"myPRO - k\u00fc\u00e7\u00fck i\u015fletmeler i\u00e7in y\u0131kama, kurutma ve silindir \u00fct\u00fcler","og_description":"K\u00fc\u00e7\u00fck i\u015fletmeler i\u00e7in g\u00fc\u00e7l\u00fc ve h\u0131zl\u0131 myPRO \u00e7ama\u015f\u0131r, kurutma ve \u00fct\u00fc \u00e7\u00f6z\u00fcmleri: Electrolux Professional kalitesiyle ev tipi cihazlardan \u00fcst\u00fcn.","og_url":"https:\/\/www.electroluxprofessional.com\/tr\/ticari-camasirhane-ekipmanlari\/mypro-yikama-kurutma-ve-silindir-utuler\/","og_site_name":"Electrolux Professional T\u00fcrkiye","article_modified_time":"2025-11-05T15:57:32+00:00","og_image":[{"width":1200,"height":627,"url":"https:\/\/www.electroluxprofessional.com\/tr\/wp-content\/uploads\/2021\/07\/Linkedin-myPRO-Yikama-ve-Kurutma-Makineleri-_-Kuafo\u0308rler.001.jpeg","type":"image\/jpeg"}],"twitter_card":"summary_large_image","twitter_image":"https:\/\/www.electroluxprofessional.com\/tr\/wp-content\/uploads\/2021\/07\/Linkedin-myPRO-Yikama-ve-Kurutma-Makineleri-_-Kuafo\u0308rler.001.jpeg","twitter_misc":{"Tahmini okuma s\u00fcresi":"7 dakika"},"schema":{"@context":"https:\/\/schema.org","@graph":[{"@type":"WebPage","@id":"https:\/\/www.electroluxprofessional.com\/tr\/ticari-camasirhane-ekipmanlari\/mypro-yikama-kurutma-ve-silindir-utuler\/","url":"https:\/\/www.electroluxprofessional.com\/tr\/ticari-camasirhane-ekipmanlari\/mypro-yikama-kurutma-ve-silindir-utuler\/","name":"myPRO - k\u00fc\u00e7\u00fck i\u015fletmeler i\u00e7in y\u0131kama, kurutma ve silindir \u00fct\u00fcler","isPartOf":{"@id":"https:\/\/www.electroluxprofessional.com\/tr\/#website"},"primaryImageOfPage":{"@id":"https:\/\/www.electroluxprofessional.com\/tr\/ticari-camasirhane-ekipmanlari\/mypro-yikama-kurutma-ve-silindir-utuler\/#primaryimage"},"image":{"@id":"https:\/\/www.electroluxprofessional.com\/tr\/ticari-camasirhane-ekipmanlari\/mypro-yikama-kurutma-ve-silindir-utuler\/#primaryimage"},"thumbnailUrl":"https:\/\/www.electroluxprofessional.com\/tr\/wp-content\/uploads\/2019\/10\/myPRO-featured.jpg","datePublished":"2025-08-13T14:03:45+00:00","dateModified":"2025-11-05T15:57:32+00:00","description":"K\u00fc\u00e7\u00fck i\u015fletmeler i\u00e7in g\u00fc\u00e7l\u00fc ve h\u0131zl\u0131 myPRO \u00e7ama\u015f\u0131r, kurutma ve \u00fct\u00fc \u00e7\u00f6z\u00fcmleri: Electrolux Professional kalitesiyle ev tipi cihazlardan \u00fcst\u00fcn.","breadcrumb":{"@id":"https:\/\/www.electroluxprofessional.com\/tr\/ticari-camasirhane-ekipmanlari\/mypro-yikama-kurutma-ve-silindir-utuler\/#breadcrumb"},"inLanguage":"tr","potentialAction":[{"@type":"ReadAction","target":["https:\/\/www.electroluxprofessional.com\/tr\/ticari-camasirhane-ekipmanlari\/mypro-yikama-kurutma-ve-silindir-utuler\/"]}]},{"@type":"ImageObject","inLanguage":"tr","@id":"https:\/\/www.electroluxprofessional.com\/tr\/ticari-camasirhane-ekipmanlari\/mypro-yikama-kurutma-ve-silindir-utuler\/#primaryimage","url":"https:\/\/www.electroluxprofessional.com\/tr\/wp-content\/uploads\/2019\/10\/myPRO-featured.jpg","contentUrl":"https:\/\/www.electroluxprofessional.com\/tr\/wp-content\/uploads\/2019\/10\/myPRO-featured.jpg","width":700,"height":400,"caption":"myPRO for small businesses"},{"@type":"BreadcrumbList","@id":"https:\/\/www.electroluxprofessional.com\/tr\/ticari-camasirhane-ekipmanlari\/mypro-yikama-kurutma-ve-silindir-utuler\/#breadcrumb","itemListElement":[{"@type":"ListItem","position":1,"name":"Home","item":"https:\/\/www.electroluxprofessional.com\/tr\/"},{"@type":"ListItem","position":2,"name":"\u00c7ama\u015f\u0131rhane","item":"https:\/\/www.electroluxprofessional.com\/tr\/ticari-camasirhane-ekipmanlari\/"},{"@type":"ListItem","position":3,"name":"K\u00fc\u00e7\u00fck i\u015fletmeler i\u00e7in myPro, y\u0131kama kurutma ve silindir \u00fct\u00fcler"}]},{"@type":"WebSite","@id":"https:\/\/www.electroluxprofessional.com\/tr\/#website","url":"https:\/\/www.electroluxprofessional.com\/tr\/","name":"Electrolux Professional T\u00fcrkiye","description":"","potentialAction":[{"@type":"SearchAction","target":{"@type":"EntryPoint","urlTemplate":"https:\/\/www.electroluxprofessional.com\/tr\/?src={search_term_string}"},"query-input":"required name=search_term_string"}],"inLanguage":"tr"}]}},"_links":{"self":[{"href":"https:\/\/www.electroluxprofessional.com\/tr\/wp-json\/wp\/v2\/pages\/6149"}],"collection":[{"href":"https:\/\/www.electroluxprofessional.com\/tr\/wp-json\/wp\/v2\/pages"}],"about":[{"href":"https:\/\/www.electroluxprofessional.com\/tr\/wp-json\/wp\/v2\/types\/page"}],"author":[{"embeddable":true,"href":"https:\/\/www.electroluxprofessional.com\/tr\/wp-json\/wp\/v2\/users\/3"}],"replies":[{"embeddable":true,"href":"https:\/\/www.electroluxprofessional.com\/tr\/wp-json\/wp\/v2\/comments?post=6149"}],"version-history":[{"count":83,"href":"https:\/\/www.electroluxprofessional.com\/tr\/wp-json\/wp\/v2\/pages\/6149\/revisions"}],"predecessor-version":[{"id":22947,"href":"https:\/\/www.electroluxprofessional.com\/tr\/wp-json\/wp\/v2\/pages\/6149\/revisions\/22947"}],"up":[{"embeddable":true,"href":"https:\/\/www.electroluxprofessional.com\/tr\/wp-json\/wp\/v2\/pages\/2006"}],"wp:featuredmedia":[{"embeddable":true,"href":"https:\/\/www.electroluxprofessional.com\/tr\/wp-json\/wp\/v2\/media\/6142"}],"wp:attachment":[{"href":"https:\/\/www.electroluxprofessional.com\/tr\/wp-json\/wp\/v2\/media?parent=6149"}],"curies":[{"name":"wp","href":"https:\/\/api.w.org\/{rel}","templated":true}]}}