{"id":5599,"date":"2018-05-23T16:12:16","date_gmt":"2018-05-23T15:12:16","guid":{"rendered":"https:\/\/www.electroluxprofessional.com\/?page_id=17236"},"modified":"2025-11-05T15:45:23","modified_gmt":"2025-11-05T15:45:23","slug":"sarap-dolaplari","status":"publish","type":"page","link":"https:\/\/www.electroluxprofessional.com\/tr\/ticari-mutfak-ekipmanlari\/sarap-dolaplari\/","title":{"rendered":"\u015earap Dolaplar\u0131"},"content":{"rendered":"<p>[vc_row full_width=&#8221;electroluxpro-full-width-no-padding&#8221;][vc_column][elx_image_block background_image=&#8221;5550&#8243; minimum_height=&#8221;350px&#8221;][vc_empty_space][\/vc_column][\/vc_row][vc_row][vc_column width=&#8221;2\/3&#8243;][elx_heading font_container=&#8221;h1&#8243; text_color=&#8221;inherit&#8221; text_align=&#8221;text-left&#8221;]Electrolux Professional Wine Line[\/elx_heading][vc_column_text]Depolama, saklama veya sergileme i\u00e7in ya da bunlar\u0131n m\u00fckemmel bir kombinasyonu olarak bir dolaba ihtiyac\u0131n\u0131z oldu\u011funda, \u015farab\u0131n\u0131z i\u00e7in m\u00fckemmel ko\u015fullar\u0131 sunuyoruz.[\/vc_column_text][vc_row_inner][vc_column_inner width=&#8221;1\/2&#8243;][elx_heading text_color=&#8221;inherit&#8221;]\u0130yi bir \u015farap sayg\u0131y\u0131 hak eder[\/elx_heading][vc_column_text]Electrolux Professional Wine Line \u015earap Dolaplar\u0131, optimum s\u0131cakl\u0131k ve nem seviyelerinin yan\u0131 s\u0131ra t\u00fcm \u015faraplar\u0131n\u0131z i\u00e7in zararl\u0131 UV ve titre\u015fimden korunma sa\u011flamak i\u00e7in \u00f6nc\u00fc sekt\u00f6r uzmanlar\u0131 ile yarat\u0131lm\u0131\u015ft\u0131r.[\/vc_column_text][\/vc_column_inner][vc_column_inner width=&#8221;1\/2&#8243;][vc_empty_space height=&#8221;60px&#8221;][elx_download_block text=&#8221;\u015earap Dolaplar\u0131<br \/>\nbro\u015f\u00fcr\u00fc&#8221; document_type=&#8221;brochures&#8221; file_picker=&#8221;12002&#8243; background_color=&#8221;restaurant&#8221; reveal_effect=&#8221;&#8221; reveal_duration=&#8221;&#8221; reveal_delay=&#8221;&#8221;][elx_button button_text=&#8221;\u00dcr\u00fcnleri inceleyin&#8221; button_style=&#8221;icon&#8221; button_link=&#8221;url:%23products|||&#8221;][\/vc_column_inner][\/vc_row_inner][\/vc_column][vc_column width=&#8221;1\/3&#8243;][vc_single_image image=&#8221;5551&#8243; img_size=&#8221;full&#8221;][\/vc_column][\/vc_row][vc_row][vc_column][elx_heading text_color=&#8221;inherit&#8221;]De\u011fer kat\u0131n, onur duyun ve koruyun[\/elx_heading][vc_empty_space][\/vc_column][\/vc_row][vc_row][vc_column width=&#8221;1\/3&#8243;][elx_icons icon_size=&#8221;elx-icon-medium&#8221; icon_electroluxpro=&#8221;elx-icon icon-circle-wine-bottle-blue&#8221;][elx_heading font_container=&#8221;h3&#8243; text_color=&#8221;inherit&#8221;]\u015earap zenginle\u015ftirme[\/elx_heading][vc_column_text]\u015earab\u0131n\u0131z\u0131 g\u00fcvende tutun ve israf\u0131 durdurun.\u00a0D\u00fcnyadaki en iyi \u015farap mahzenlerinde do\u011fal olarak bulunan <strong>ko\u015fullar\u0131 sa\u011flayan<\/strong> Electrolux Professional Wine Line \u015earap Dolaplar\u0131n\u0131 se\u00e7erek \u015faraplar\u0131n\u0131z\u0131 m\u00fckemmel bir \u015fekilde <strong>koruyun<\/strong>.[\/vc_column_text][\/vc_column][vc_column width=&#8221;1\/3&#8243;][elx_icons icon_size=&#8221;elx-icon-medium&#8221; icon_electroluxpro=&#8221;elx-icon icon-circle-thermometer-blue&#8221;][elx_heading font_container=&#8221;h3&#8243; text_color=&#8221;inherit&#8221;]En iyi lezzet[\/elx_heading][vc_column_text]Electrolux Professional Wine Line \u015earap Dolaplar\u0131, \u015faraplar\u0131n\u0131z i\u00e7in se\u00e7ilen <strong>s\u0131cakl\u0131k ayar\u0131n\u0131 sabit<\/strong> <strong>tuttu\u011fundan<\/strong>, \u015faraplar\u0131n bozulma riski yoktur.[\/vc_column_text][\/vc_column][vc_column width=&#8221;1\/3&#8243;][elx_icons icon_size=&#8221;elx-icon-medium&#8221; icon_electroluxpro=&#8221;elx-icon icon-circle-heart-blue&#8221;][elx_heading font_container=&#8221;h3&#8243; text_color=&#8221;inherit&#8221;]Gurur duyun[\/elx_heading][vc_column_text]Koleksiyonunuzu sergileyin. T\u00fcm \u015faraplar\u0131n\u0131z\u0131 depolay\u0131n veya saklay\u0131n veya servis i\u00e7in haz\u0131r \u015fi\u015felerle <strong>cazip g\u00f6r\u00fcnt\u00fcler olu\u015fturun<\/strong>.\u00a0Eksiksiz kapasite ve raf se\u00e7eneklerimiz ile ihtiyac\u0131n\u0131z olan \u015farap dolab\u0131n\u0131 kolayca olu\u015fturabilirsiniz.[\/vc_column_text][\/vc_column][\/vc_row][vc_row][vc_column][vc_empty_space][elx_heading text_color=&#8221;inherit&#8221;]\u015earab\u0131n lezzetini koruyun ve geli\u015ftirin[\/elx_heading][vc_column_text]\u0130\u015fletme maliyetlerinizi d\u00fc\u015f\u00fck tutarken, en iyi ko\u015fullarda servis etmek i\u00e7in farkl\u0131 \u015faraplar\u0131 depolamaya veya saklamaya m\u0131 ihtiyac\u0131n\u0131z var? \u00c7ok y\u00f6nl\u00fc, enerji tasarruflu Electrolux Professional Wine Line \u015earap Dolaplar\u0131 her t\u00fcr ve \u00e7e\u015fitte \u015faraba sayg\u0131 duyar: keskin beyazlardan, doygun k\u0131rm\u0131z\u0131lara kadar.[\/vc_column_text][vc_empty_space][\/vc_column][\/vc_row][vc_row][vc_column width=&#8221;1\/4&#8243;][vc_single_image image=&#8221;5555&#8243; img_size=&#8221;full&#8221; add_caption=&#8221;yes&#8221;][\/vc_column][vc_column width=&#8221;3\/4&#8243;][vc_column_text]<strong>25\u00b0C&#8217;nin \u00fcst\u00fcnde \u015faraplar h\u0131zl\u0131 bozulur<\/strong>: alkol daha belirgin hale gelir, meyvemsi tat, asidik bir hal al\u0131r.<\/p>\n<p><strong>12-14\u00b0C sabit s\u0131cakl\u0131kta depolama<\/strong>: S\u0131cakl\u0131k dalgalanmalar\u0131ndan kaynaklanan bozulmalar\u0131 \u00f6nler.<\/p>\n<p><strong>\u00c7ok so\u011fuk<\/strong>: \u015farap aromas\u0131n\u0131 kaybeder. Donmaya ba\u015flarsa, \u015fi\u015fenin \u00e7atlamas\u0131na veya m\u00fch\u00fcr\u00fcn gev\u015femesine neden olabilir.[\/vc_column_text][vc_row_inner][vc_column_inner width=&#8221;1\/4&#8243;][vc_single_image image=&#8221;5556&#8243; img_size=&#8221;136&#215;150&#8243; alignment=&#8221;center&#8221;][vc_empty_space][\/vc_column_inner][vc_column_inner width=&#8221;3\/4&#8243;][vc_column_text]<strong>Tekli b\u00f6lge<\/strong><\/p>\n<p>\u015earaplar 12-14\u00b0C&#8217;de veya m\u00fckemmel i\u00e7me s\u0131cakl\u0131klar\u0131nda saklan\u0131r: Beyazlar i\u00e7in 6-8\u00b0C veya k\u0131rm\u0131z\u0131lar i\u00e7in 16-18\u00b0C.[\/vc_column_text][vc_empty_space][\/vc_column_inner][\/vc_row_inner][vc_row_inner][vc_column_inner width=&#8221;1\/4&#8243;][vc_single_image image=&#8221;5557&#8243; img_size=&#8221;136&#215;150&#8243; alignment=&#8221;center&#8221;][\/vc_column_inner][vc_column_inner width=&#8221;3\/4&#8243;][vc_column_text]<strong>\u00c7oklu b\u00f6lge<\/strong><\/p>\n<p>Farkl\u0131 hassasiyetteki \u015faraplar\u0131 m\u00fckemmel i\u00e7me s\u0131cakl\u0131klar\u0131nda tutmak i\u00e7in kabin boyunca bir s\u0131cakl\u0131k gradyan\u0131 olu\u015fturulur.[\/vc_column_text][\/vc_column_inner][\/vc_row_inner][\/vc_column][\/vc_row][vc_row][vc_column][vc_empty_space][\/vc_column][\/vc_row][vc_row][vc_column][elx_heading text_color=&#8221;inherit&#8221;]\u00d6zenle saklan\u0131r[\/elx_heading][vc_column_text]M\u00fc\u015fteriniz gerek \u015farap uzman\u0131 olsun, gerekse yemek deneyimine sadece m\u00fckemmel bir \u015farap lezzeti katmak istesin, g\u00fczelce tasarlanm\u0131\u015f Electrolux Professional Wine Line \u015earap Dolaplar\u0131, her \u015fi\u015fenin m\u00fc\u015fterinin beklentilerini kar\u015f\u0131lamaya haz\u0131r olmas\u0131n\u0131 sa\u011flar. Lezzet koruyan teknolojide en iyisini harmanlayan \u015farap dolaplar\u0131nda sergilenen \u015faraplar, koleksiyonunuzun g\u00f6rsel cazibesini artt\u0131ran tasar\u0131mlar haline gelir.[\/vc_column_text][vc_row_inner][vc_column_inner width=&#8221;1\/2&#8243;][vc_single_image image=&#8221;5558&#8243; img_size=&#8221;medium&#8221;][vc_empty_space][vc_column_text]<strong>Saklama modu<\/strong><\/p>\n<p>\u015ei\u015feleri yat\u0131rarak yerle\u015ftirmek, saklama alan\u0131n\u0131 m\u00fcmk\u00fcn olan en iyi \u015fekilde kullanman\u0131z\u0131 sa\u011flar.[\/vc_column_text][\/vc_column_inner][vc_column_inner width=&#8221;1\/2&#8243;][vc_single_image image=&#8221;5559&#8243; img_size=&#8221;medium&#8221;][vc_empty_space][vc_column_text]<strong>A\u011f\u0131rlama modu<\/strong><\/p>\n<p>\u015ei\u015felerin \u00e7o\u011fu dik olarak yerle\u015ftirilir. Hassas nem kontrol\u00fc sayesinde dikey olarak saklanan en de\u011ferli \u015faraplar\u0131n\u0131z\u0131 servis etme konusunda idealdir.[\/vc_column_text][\/vc_column_inner][\/vc_row_inner][\/vc_column][\/vc_row][vc_row el_id=&#8221;products&#8221;][vc_column][vc_empty_space][vc_empty_space][\/vc_column][\/vc_row][vc_row][vc_column][elx_heading text_color=&#8221;inherit&#8221; text_align=&#8221;text-left&#8221;]\u015earap Dolaplar\u0131m\u0131z\u0131n i\u015fletmeniz i\u00e7in neler yapabilece\u011fini ke\u015ffedin[\/elx_heading][elx_o2000_contact_us s=&#8221;Request of information about cabinets&#8221; country=&#8221;Turkey&#8221; container=&#8221;elxcontactus1480089212&#8243; r=&#8221;\u015earap Dolaplar\u0131 hakk\u0131nda daha fazla bilgi edinmek istiyorum. L\u00fctfen benimle ileti\u015fime ge\u00e7in.&#8221; l=&#8221;tr&#8221; e=&#8221;sebla.genc@electrolux.com&#8221;][vc_empty_space height=&#8221;50px&#8221;][\/vc_column][\/vc_row][vc_row css=&#8221;.vc_custom_1518443388280{background-color: #eeeeee !important;}&#8221;][vc_column][elx_heading text_color=&#8221;inherit&#8221; text_align=&#8221;text-left&#8221;]\u0130\u015fletmeniz i\u00e7in ideal olan \u00e7\u00f6z\u00fcm\u00fc bulun[\/elx_heading][\/vc_column][\/vc_row][vc_row css=&#8221;.vc_custom_1518443396634{background-color: #eeeeee !important;}&#8221;][vc_column width=&#8221;1\/3&#8243;][elx_maylike_box id_box=&#8221;1498&#8243;][\/vc_column][vc_column width=&#8221;1\/3&#8243;][elx_maylike_box id_box=&#8221;2628&#8243;][\/vc_column][vc_column width=&#8221;1\/3&#8243;][elx_maylike_box id_box=&#8221;1196&#8243;][\/vc_column][\/vc_row]<\/p>\n","protected":false},"excerpt":{"rendered":"<p>[vc_row full_width=&#8221;electroluxpro-full-width-no-padding&#8221;][vc_column][elx_image_block background_image=&#8221;5550&#8243; minimum_height=&#8221;350px&#8221;][vc_empty_space][\/vc_column][\/vc_row][vc_row][vc_column width=&#8221;2\/3&#8243;][elx_heading font_container=&#8221;h1&#8243; text_color=&#8221;inherit&#8221; text_align=&#8221;text-left&#8221;]Electrolux Professional Wine Line[\/elx_heading][vc_column_text]Depolama, saklama veya sergileme i\u00e7in ya da bunlar\u0131n m\u00fckemmel bir kombinasyonu olarak bir dolaba ihtiyac\u0131n\u0131z oldu\u011funda, \u015farab\u0131n\u0131z i\u00e7in m\u00fckemmel ko\u015fullar\u0131 sunuyoruz.[\/vc_column_text][vc_row_inner][vc_column_inner width=&#8221;1\/2&#8243;][elx_heading text_color=&#8221;inherit&#8221;]\u0130yi bir \u015farap sayg\u0131y\u0131 hak eder[\/elx_heading][vc_column_text]Electrolux Professional Wine Line \u015earap Dolaplar\u0131, optimum s\u0131cakl\u0131k ve nem seviyelerinin yan\u0131 s\u0131ra t\u00fcm \u015faraplar\u0131n\u0131z i\u00e7in zararl\u0131 UV [&hellip;]<\/p>\n","protected":false},"author":3,"featured_media":5549,"parent":19849,"menu_order":0,"comment_status":"closed","ping_status":"closed","template":"","meta":{"footnotes":""},"class_list":["post-5599","page","type-page","status-publish","has-post-thumbnail","hentry"],"acf":[],"yoast_head":"<!-- This site is optimized with the Yoast SEO plugin v23.3 - https:\/\/yoast.com\/wordpress\/plugins\/seo\/ -->\n<title>\u015earap Dolaplar\u0131 - Electrolux Professional<\/title>\n<meta name=\"description\" content=\"Depolama, saklama veya sergileme i\u00e7in ya da bunlar\u0131n m\u00fckemmel bir kombinasyonu olarak bir dolaba ihtiyac\u0131n\u0131z oldu\u011funda, \u015farab\u0131n\u0131z i\u00e7in m\u00fckemmel ko\u015fullar\u0131 sunuyoruz.\" \/>\n<meta name=\"robots\" content=\"index, follow, max-snippet:-1, max-image-preview:large, max-video-preview:-1\" \/>\n<link rel=\"canonical\" href=\"https:\/\/www.electroluxprofessional.com\/tr\/ticari-mutfak-ekipmanlari\/sarap-dolaplari\/\" \/>\n<meta property=\"og:locale\" content=\"tr_TR\" \/>\n<meta property=\"og:type\" content=\"article\" \/>\n<meta property=\"og:title\" content=\"\u015earap Dolaplar\u0131 - Electrolux Professional\" \/>\n<meta property=\"og:description\" content=\"Depolama, saklama veya sergileme i\u00e7in ya da bunlar\u0131n m\u00fckemmel bir kombinasyonu olarak bir dolaba ihtiyac\u0131n\u0131z oldu\u011funda, \u015farab\u0131n\u0131z i\u00e7in m\u00fckemmel ko\u015fullar\u0131 sunuyoruz.\" \/>\n<meta property=\"og:url\" content=\"https:\/\/www.electroluxprofessional.com\/tr\/ticari-mutfak-ekipmanlari\/sarap-dolaplari\/\" \/>\n<meta property=\"og:site_name\" content=\"Electrolux Professional T\u00fcrkiye\" \/>\n<meta property=\"article:modified_time\" content=\"2025-11-05T15:45:23+00:00\" \/>\n<meta property=\"og:image\" content=\"https:\/\/www.electroluxprofessional.com\/tr\/wp-content\/uploads\/2018\/05\/corkscrew_CMYK.jpg\" \/>\n\t<meta property=\"og:image:width\" content=\"750\" \/>\n\t<meta property=\"og:image:height\" content=\"400\" \/>\n\t<meta property=\"og:image:type\" content=\"image\/jpeg\" \/>\n<meta name=\"twitter:card\" content=\"summary_large_image\" \/>\n<meta name=\"twitter:label1\" content=\"Tahmini okuma s\u00fcresi\" \/>\n\t<meta name=\"twitter:data1\" content=\"3 dakika\" \/>\n<script type=\"application\/ld+json\" class=\"yoast-schema-graph\">{\"@context\":\"https:\/\/schema.org\",\"@graph\":[{\"@type\":\"WebPage\",\"@id\":\"https:\/\/www.electroluxprofessional.com\/tr\/ticari-mutfak-ekipmanlari\/sarap-dolaplari\/\",\"url\":\"https:\/\/www.electroluxprofessional.com\/tr\/ticari-mutfak-ekipmanlari\/sarap-dolaplari\/\",\"name\":\"\u015earap Dolaplar\u0131 - Electrolux Professional\",\"isPartOf\":{\"@id\":\"https:\/\/www.electroluxprofessional.com\/tr\/#website\"},\"primaryImageOfPage\":{\"@id\":\"https:\/\/www.electroluxprofessional.com\/tr\/ticari-mutfak-ekipmanlari\/sarap-dolaplari\/#primaryimage\"},\"image\":{\"@id\":\"https:\/\/www.electroluxprofessional.com\/tr\/ticari-mutfak-ekipmanlari\/sarap-dolaplari\/#primaryimage\"},\"thumbnailUrl\":\"https:\/\/www.electroluxprofessional.com\/tr\/wp-content\/uploads\/2018\/05\/corkscrew_CMYK.jpg\",\"datePublished\":\"2018-05-23T15:12:16+00:00\",\"dateModified\":\"2025-11-05T15:45:23+00:00\",\"description\":\"Depolama, saklama veya sergileme i\u00e7in ya da bunlar\u0131n m\u00fckemmel bir kombinasyonu olarak bir dolaba ihtiyac\u0131n\u0131z oldu\u011funda, \u015farab\u0131n\u0131z i\u00e7in m\u00fckemmel ko\u015fullar\u0131 sunuyoruz.\",\"breadcrumb\":{\"@id\":\"https:\/\/www.electroluxprofessional.com\/tr\/ticari-mutfak-ekipmanlari\/sarap-dolaplari\/#breadcrumb\"},\"inLanguage\":\"tr\",\"potentialAction\":[{\"@type\":\"ReadAction\",\"target\":[\"https:\/\/www.electroluxprofessional.com\/tr\/ticari-mutfak-ekipmanlari\/sarap-dolaplari\/\"]}]},{\"@type\":\"ImageObject\",\"inLanguage\":\"tr\",\"@id\":\"https:\/\/www.electroluxprofessional.com\/tr\/ticari-mutfak-ekipmanlari\/sarap-dolaplari\/#primaryimage\",\"url\":\"https:\/\/www.electroluxprofessional.com\/tr\/wp-content\/uploads\/2018\/05\/corkscrew_CMYK.jpg\",\"contentUrl\":\"https:\/\/www.electroluxprofessional.com\/tr\/wp-content\/uploads\/2018\/05\/corkscrew_CMYK.jpg\",\"width\":750,\"height\":400,\"caption\":\"corkscrew wineline\"},{\"@type\":\"BreadcrumbList\",\"@id\":\"https:\/\/www.electroluxprofessional.com\/tr\/ticari-mutfak-ekipmanlari\/sarap-dolaplari\/#breadcrumb\",\"itemListElement\":[{\"@type\":\"ListItem\",\"position\":1,\"name\":\"Home\",\"item\":\"https:\/\/www.electroluxprofessional.com\/tr\/\"},{\"@type\":\"ListItem\",\"position\":2,\"name\":\"End\u00fcstriyel Mutfak Ekipmanlar\u0131\",\"item\":\"https:\/\/www.electroluxprofessional.com\/tr\/ticari-mutfak-ekipmanlari\/\"},{\"@type\":\"ListItem\",\"position\":3,\"name\":\"\u015earap Dolaplar\u0131\"}]},{\"@type\":\"WebSite\",\"@id\":\"https:\/\/www.electroluxprofessional.com\/tr\/#website\",\"url\":\"https:\/\/www.electroluxprofessional.com\/tr\/\",\"name\":\"Electrolux Professional T\u00fcrkiye\",\"description\":\"\",\"potentialAction\":[{\"@type\":\"SearchAction\",\"target\":{\"@type\":\"EntryPoint\",\"urlTemplate\":\"https:\/\/www.electroluxprofessional.com\/tr\/?src={search_term_string}\"},\"query-input\":\"required name=search_term_string\"}],\"inLanguage\":\"tr\"}]}<\/script>\n<!-- \/ Yoast SEO plugin. -->","yoast_head_json":{"title":"\u015earap Dolaplar\u0131 - Electrolux Professional","description":"Depolama, saklama veya sergileme i\u00e7in ya da bunlar\u0131n m\u00fckemmel bir kombinasyonu olarak bir dolaba ihtiyac\u0131n\u0131z oldu\u011funda, \u015farab\u0131n\u0131z i\u00e7in m\u00fckemmel ko\u015fullar\u0131 sunuyoruz.","robots":{"index":"index","follow":"follow","max-snippet":"max-snippet:-1","max-image-preview":"max-image-preview:large","max-video-preview":"max-video-preview:-1"},"canonical":"https:\/\/www.electroluxprofessional.com\/tr\/ticari-mutfak-ekipmanlari\/sarap-dolaplari\/","og_locale":"tr_TR","og_type":"article","og_title":"\u015earap Dolaplar\u0131 - Electrolux Professional","og_description":"Depolama, saklama veya sergileme i\u00e7in ya da bunlar\u0131n m\u00fckemmel bir kombinasyonu olarak bir dolaba ihtiyac\u0131n\u0131z oldu\u011funda, \u015farab\u0131n\u0131z i\u00e7in m\u00fckemmel ko\u015fullar\u0131 sunuyoruz.","og_url":"https:\/\/www.electroluxprofessional.com\/tr\/ticari-mutfak-ekipmanlari\/sarap-dolaplari\/","og_site_name":"Electrolux Professional T\u00fcrkiye","article_modified_time":"2025-11-05T15:45:23+00:00","og_image":[{"width":750,"height":400,"url":"https:\/\/www.electroluxprofessional.com\/tr\/wp-content\/uploads\/2018\/05\/corkscrew_CMYK.jpg","type":"image\/jpeg"}],"twitter_card":"summary_large_image","twitter_misc":{"Tahmini okuma s\u00fcresi":"3 dakika"},"schema":{"@context":"https:\/\/schema.org","@graph":[{"@type":"WebPage","@id":"https:\/\/www.electroluxprofessional.com\/tr\/ticari-mutfak-ekipmanlari\/sarap-dolaplari\/","url":"https:\/\/www.electroluxprofessional.com\/tr\/ticari-mutfak-ekipmanlari\/sarap-dolaplari\/","name":"\u015earap Dolaplar\u0131 - Electrolux Professional","isPartOf":{"@id":"https:\/\/www.electroluxprofessional.com\/tr\/#website"},"primaryImageOfPage":{"@id":"https:\/\/www.electroluxprofessional.com\/tr\/ticari-mutfak-ekipmanlari\/sarap-dolaplari\/#primaryimage"},"image":{"@id":"https:\/\/www.electroluxprofessional.com\/tr\/ticari-mutfak-ekipmanlari\/sarap-dolaplari\/#primaryimage"},"thumbnailUrl":"https:\/\/www.electroluxprofessional.com\/tr\/wp-content\/uploads\/2018\/05\/corkscrew_CMYK.jpg","datePublished":"2018-05-23T15:12:16+00:00","dateModified":"2025-11-05T15:45:23+00:00","description":"Depolama, saklama veya sergileme i\u00e7in ya da bunlar\u0131n m\u00fckemmel bir kombinasyonu olarak bir dolaba ihtiyac\u0131n\u0131z oldu\u011funda, \u015farab\u0131n\u0131z i\u00e7in m\u00fckemmel ko\u015fullar\u0131 sunuyoruz.","breadcrumb":{"@id":"https:\/\/www.electroluxprofessional.com\/tr\/ticari-mutfak-ekipmanlari\/sarap-dolaplari\/#breadcrumb"},"inLanguage":"tr","potentialAction":[{"@type":"ReadAction","target":["https:\/\/www.electroluxprofessional.com\/tr\/ticari-mutfak-ekipmanlari\/sarap-dolaplari\/"]}]},{"@type":"ImageObject","inLanguage":"tr","@id":"https:\/\/www.electroluxprofessional.com\/tr\/ticari-mutfak-ekipmanlari\/sarap-dolaplari\/#primaryimage","url":"https:\/\/www.electroluxprofessional.com\/tr\/wp-content\/uploads\/2018\/05\/corkscrew_CMYK.jpg","contentUrl":"https:\/\/www.electroluxprofessional.com\/tr\/wp-content\/uploads\/2018\/05\/corkscrew_CMYK.jpg","width":750,"height":400,"caption":"corkscrew wineline"},{"@type":"BreadcrumbList","@id":"https:\/\/www.electroluxprofessional.com\/tr\/ticari-mutfak-ekipmanlari\/sarap-dolaplari\/#breadcrumb","itemListElement":[{"@type":"ListItem","position":1,"name":"Home","item":"https:\/\/www.electroluxprofessional.com\/tr\/"},{"@type":"ListItem","position":2,"name":"End\u00fcstriyel Mutfak Ekipmanlar\u0131","item":"https:\/\/www.electroluxprofessional.com\/tr\/ticari-mutfak-ekipmanlari\/"},{"@type":"ListItem","position":3,"name":"\u015earap Dolaplar\u0131"}]},{"@type":"WebSite","@id":"https:\/\/www.electroluxprofessional.com\/tr\/#website","url":"https:\/\/www.electroluxprofessional.com\/tr\/","name":"Electrolux Professional T\u00fcrkiye","description":"","potentialAction":[{"@type":"SearchAction","target":{"@type":"EntryPoint","urlTemplate":"https:\/\/www.electroluxprofessional.com\/tr\/?src={search_term_string}"},"query-input":"required name=search_term_string"}],"inLanguage":"tr"}]}},"_links":{"self":[{"href":"https:\/\/www.electroluxprofessional.com\/tr\/wp-json\/wp\/v2\/pages\/5599"}],"collection":[{"href":"https:\/\/www.electroluxprofessional.com\/tr\/wp-json\/wp\/v2\/pages"}],"about":[{"href":"https:\/\/www.electroluxprofessional.com\/tr\/wp-json\/wp\/v2\/types\/page"}],"author":[{"embeddable":true,"href":"https:\/\/www.electroluxprofessional.com\/tr\/wp-json\/wp\/v2\/users\/3"}],"replies":[{"embeddable":true,"href":"https:\/\/www.electroluxprofessional.com\/tr\/wp-json\/wp\/v2\/comments?post=5599"}],"version-history":[{"count":21,"href":"https:\/\/www.electroluxprofessional.com\/tr\/wp-json\/wp\/v2\/pages\/5599\/revisions"}],"predecessor-version":[{"id":22910,"href":"https:\/\/www.electroluxprofessional.com\/tr\/wp-json\/wp\/v2\/pages\/5599\/revisions\/22910"}],"up":[{"embeddable":true,"href":"https:\/\/www.electroluxprofessional.com\/tr\/wp-json\/wp\/v2\/pages\/19849"}],"wp:featuredmedia":[{"embeddable":true,"href":"https:\/\/www.electroluxprofessional.com\/tr\/wp-json\/wp\/v2\/media\/5549"}],"wp:attachment":[{"href":"https:\/\/www.electroluxprofessional.com\/tr\/wp-json\/wp\/v2\/media?parent=5599"}],"curies":[{"name":"wp","href":"https:\/\/api.w.org\/{rel}","templated":true}]}}