{"id":21834,"date":"2025-08-15T07:32:53","date_gmt":"2025-08-15T07:32:53","guid":{"rendered":"https:\/\/www.electroluxprofessional.com\/tr\/?page_id=21834"},"modified":"2025-08-18T14:17:49","modified_gmt":"2025-08-18T14:17:49","slug":"mypro-online-yardim-merkezi","status":"publish","type":"page","link":"https:\/\/www.electroluxprofessional.com\/tr\/ticari-camasirhane-ekipmanlari\/mypro-yikama-kurutma-ve-silindir-utuler\/mypro-online-yardim-merkezi\/","title":{"rendered":"myPRO Online Yard\u0131m Merkezi"},"content":{"rendered":"<p>[vc_row full_width=&#8221;electroluxpro-full-width-no-padding&#8221;][vc_column][elx_image align=&#8221;text-center&#8221; image_media_library=&#8221;21832&#8243; image_media_library_mobile=&#8221;21833&#8243;][\/vc_column][\/vc_row][vc_row][vc_column][vc_column_text]<\/p>\n<h1 style=\"text-align: center;\">myPRO online yard\u0131m merkezi<\/h1>\n<p>[\/vc_column_text][vc_empty_space][vc_column_text]<\/p>\n<p style=\"text-align: center;\">myPRO \u00e7ama\u015f\u0131r ve kurutma makinelerinizden en iyi verimi alman\u0131z i\u00e7in ihtiya\u00e7 duyaca\u011f\u0131n\u0131z t\u00fcm kaynaklar burada. Kurulumla ilgili rehber ar\u0131yorsan\u0131z, g\u00fcnl\u00fck kullan\u0131mda deste\u011fe ihtiyac\u0131n\u0131z varsa ya da uzun vadeli bak\u0131m ve koruma sa\u011flamak istiyorsan\u0131z, bu sayfa t\u00fcm gerekli bilgileri tek bir yerde sunar.<\/p>\n<p>[\/vc_column_text][\/vc_column][\/vc_row][vc_row][vc_column][vc_empty_space][vc_column_text]<\/p>\n<h2>E\u011fitici Videolar<\/h2>\n<p>[\/vc_column_text][vc_empty_space][vc_column_text]<\/p>\n<p style=\"text-align: left;\">myPRO \u00e7ama\u015f\u0131r ve kurutma makinelerinizden en iyi \u015fekilde faydalanman\u0131za yard\u0131mc\u0131 olmak i\u00e7in haz\u0131rlanm\u0131\u015f ad\u0131m ad\u0131m video rehberleriyle tan\u0131\u015f\u0131n. Kurulum ipu\u00e7lar\u0131ndan g\u00fcnl\u00fck kullan\u0131m ve bak\u0131m rutinlerine kadar uzanan e\u011fitimlerimiz, cihazlar\u0131n\u0131z\u0131n en iyi performans\u0131 g\u00f6stermesini ve uzun \u00f6m\u00fcrl\u00fc olmas\u0131n\u0131 kolayla\u015ft\u0131r\u0131r.<\/p>\n<p>[\/vc_column_text][vc_empty_space][\/vc_column][\/vc_row][vc_row][vc_column width=&#8221;1\/3&#8243;][vc_column_text]<\/p>\n<h3>myPRO Kurulum<\/h3>\n<p>[\/vc_column_text][vc_empty_space][vc_row_inner][vc_column_inner width=&#8221;1\/2&#8243; css=&#8221;.vc_custom_1670863378830{margin-right: 1px !important;margin-bottom: 2px !important;margin-left: 1px !important;background-color: #eeeeee !important;}&#8221;][elx_video_block video_link=&#8221;https:\/\/www.youtube.com\/watch?v=sc1IOSVYNEA&#8221; minimum_height=&#8221;100px&#8221;][vc_column_text]<\/p>\n<p style=\"text-align: center;\">Drenaj valfli makine montaj\u0131<\/p>\n<p>[\/vc_column_text][\/vc_column_inner][vc_column_inner width=&#8221;1\/2&#8243; css=&#8221;.vc_custom_1670863184817{margin-right: 1px !important;margin-bottom: 2px !important;margin-left: 1px !important;background-color: #eeeeee !important;}&#8221;][elx_video_block video_link=&#8221;https:\/\/www.youtube.com\/watch?v=qZVYAP9MvAY&#8221; minimum_height=&#8221;100px&#8221;][vc_column_text]<\/p>\n<p style=\"text-align: center;\">Drenaj valfli makine montaj\u0131<\/p>\n<p>[\/vc_column_text][\/vc_column_inner][\/vc_row_inner][vc_row_inner][vc_column_inner width=&#8221;1\/2&#8243; css=&#8221;.vc_custom_1670863193453{margin-right: 1px !important;margin-bottom: 2px !important;margin-left: 1px !important;background-color: #eeeeee !important;}&#8221;][elx_video_block video_link=&#8221;https:\/\/www.youtube.com\/watch?v=CsdAuR8lJuQ&#8221; minimum_height=&#8221;100px&#8221;][vc_column_text]<\/p>\n<p style=\"text-align: center;\">\u0130stifleme kitinin tak\u0131lmas\u0131<\/p>\n<p>[\/vc_column_text][\/vc_column_inner][vc_column_inner width=&#8221;1\/2&#8243; css=&#8221;.vc_custom_1670863202931{margin-right: 1px !important;margin-bottom: 2px !important;margin-left: 1px !important;background-color: #eeeeee !important;}&#8221;][elx_video_block video_link=&#8221;https:\/\/www.youtube.com\/watch?v=wSMxXKyS3Fg&#8221; minimum_height=&#8221;100px&#8221;][vc_column_text]<\/p>\n<p style=\"text-align: center;\">Kaidenin tak\u0131lmas\u0131<\/p>\n<p>[\/vc_column_text][\/vc_column_inner][\/vc_row_inner][\/vc_column][vc_column width=&#8221;1\/3&#8243;][vc_column_text]<\/p>\n<h3>myPRO G\u00fcnl\u00fck Kullan\u0131m<\/h3>\n<p>[\/vc_column_text][vc_empty_space][vc_row_inner][vc_column_inner width=&#8221;1\/2&#8243; css=&#8221;.vc_custom_1670863261439{margin-right: 1px !important;margin-bottom: 2px !important;margin-left: 1px !important;background-color: #eeeeee !important;}&#8221;][elx_video_block video_link=&#8221;https:\/\/www.youtube.com\/watch?v=ESPBN2YmyxA&#8221; minimum_height=&#8221;100px&#8221;][vc_column_text]<\/p>\n<p style=\"text-align: center;\">Program\u0131 se\u00e7in ve makineyi \u00e7al\u0131\u015ft\u0131r\u0131n<\/p>\n<p>[\/vc_column_text][\/vc_column_inner][vc_column_inner width=&#8221;1\/2&#8243; css=&#8221;.vc_custom_1670863269858{margin-right: 1px !important;margin-bottom: 2px !important;margin-left: 1px !important;background-color: #eeeeee !important;}&#8221;][elx_video_block video_link=&#8221;https:\/\/www.youtube.com\/watch?v=8-SXImq3Hj4&#8243; minimum_height=&#8221;100px&#8221;][vc_column_text]<\/p>\n<p style=\"text-align: center;\">Kurutucu yan kap\u0131 mente\u015fe de\u011fi\u015fimi<\/p>\n<p>[\/vc_column_text][\/vc_column_inner][\/vc_row_inner][vc_row_inner][vc_column_inner width=&#8221;1\/2&#8243; css=&#8221;.vc_custom_1670863277066{margin-right: 1px !important;margin-bottom: 2px !important;margin-left: 1px !important;background-color: #eeeeee !important;}&#8221;][elx_video_block video_link=&#8221;https:\/\/www.youtube.com\/watch?v=sTAlhKw8-bE&#8221; minimum_height=&#8221;100px&#8221;][vc_column_text]<\/p>\n<p style=\"text-align: center;\">\u00c7ama\u015f\u0131r makinesi pompa filtresinin temizlenmesi<\/p>\n<p>[\/vc_column_text][\/vc_column_inner][vc_column_inner width=&#8221;1\/2&#8243; css=&#8221;.vc_custom_1670863318436{margin-right: 1px !important;margin-bottom: 2px !important;margin-left: 1px !important;background-color: #eeeeee !important;}&#8221;][elx_video_block video_link=&#8221;https:\/\/www.youtube.com\/watch?v=QZlDLCAjf1E&#8221; minimum_height=&#8221;100px&#8221;][vc_column_text]<\/p>\n<p style=\"text-align: center;\">Kurutucu hav filtresinin ve yo\u011fu\u015fma \u00fcnitesinin temizlenmesi<\/p>\n<p>[\/vc_column_text][\/vc_column_inner][\/vc_row_inner][vc_row_inner][vc_column_inner width=&#8221;1\/2&#8243; css=&#8221;.vc_custom_1670863326149{margin-right: 1px !important;margin-bottom: 2px !important;margin-left: 1px !important;background-color: #eeeeee !important;}&#8221;][elx_video_block video_link=&#8221;https:\/\/www.youtube.com\/watch?v=1Qw3yf8EhA4&amp;t=5s&#8221; minimum_height=&#8221;100px&#8221;][vc_column_text]<\/p>\n<p style=\"text-align: center;\">Buharl\u0131 \u00fct\u00fc kullan\u0131m talimatlar\u0131<\/p>\n<p>[\/vc_column_text][\/vc_column_inner][\/vc_row_inner][vc_empty_space][\/vc_column][vc_column width=&#8221;1\/3&#8243;][vc_column_text]<\/p>\n<h3>myPROzip Kullan\u0131m K\u0131lavuzu<\/h3>\n<p>[\/vc_column_text][vc_empty_space][vc_row_inner][vc_column_inner width=&#8221;1\/2&#8243; css=&#8221;.vc_custom_1670863261439{margin-right: 1px !important;margin-bottom: 2px !important;margin-left: 1px !important;background-color: #eeeeee !important;}&#8221;][elx_video_block video_link=&#8221;https:\/\/www.youtube.com\/watch?v=OX3JTInT8A4&amp;ab_channel=ElectroluxProfessional&#8221; minimum_height=&#8221;100px&#8221;][vc_column_text]<\/p>\n<p style=\"text-align: center;\">myPROzip Y\u0131kama M.: Kullan\u0131m Klavuzu<\/p>\n<p>[\/vc_column_text][\/vc_column_inner][vc_column_inner width=&#8221;1\/2&#8243; css=&#8221;.vc_custom_1670863269858{margin-right: 1px !important;margin-bottom: 2px !important;margin-left: 1px !important;background-color: #eeeeee !important;}&#8221;][elx_video_block video_link=&#8221;https:\/\/www.youtube.com\/watch?v=liScSk-1b1c&amp;ab_channel=ElectroluxProfessional&#8221; minimum_height=&#8221;100px&#8221;][vc_column_text]<\/p>\n<p style=\"text-align: center;\">myPROzip Kurutma M.: Kullan\u0131m Klavuzu<\/p>\n<p>[\/vc_column_text][\/vc_column_inner][\/vc_row_inner][vc_row_inner][vc_column_inner width=&#8221;1\/2&#8243; css=&#8221;.vc_custom_1670863261439{margin-right: 1px !important;margin-bottom: 2px !important;margin-left: 1px !important;background-color: #eeeeee !important;}&#8221;][elx_video_block video_link=&#8221;https:\/\/www.youtube.com\/watch?v=IHJiqGrhOm8&amp;ab_channel=ElectroluxProfessional&#8221; minimum_height=&#8221;100px&#8221;][vc_column_text]<\/p>\n<p style=\"text-align: center;\">myPROzip: Y\u0131kama ve Kurutma Makinesi Kurulum talimatlar\u0131<\/p>\n<p>[\/vc_column_text][\/vc_column_inner][\/vc_row_inner][\/vc_column][\/vc_row][vc_row css=&#8221;.vc_custom_1670861653589{background-color: #eeeeee !important;}&#8221;][vc_column][vc_column_text]<\/p>\n<h2 style=\"text-align: left;\">S\u0131k\u00e7a Sorulan Sorular (SSS)<\/h2>\n<p>[\/vc_column_text][vc_empty_space][vc_column_text]<\/p>\n<p style=\"text-align: left;\">myPRO hakk\u0131nda en s\u0131k sorulan sorulara h\u0131zl\u0131 yan\u0131tlar bulun. Sorun giderme, kullan\u0131m ayarlar\u0131 veya en iyi uygulamalar konusunda rehberli\u011fe ihtiyac\u0131n\u0131z olsun, SSS (S\u0131k\u00e7a Sorulan Sorular) b\u00f6l\u00fcm\u00fcm\u00fcz g\u00fcnl\u00fck operasyonlar\u0131n\u0131z\u0131 g\u00fcvenle ve g\u00f6n\u00fcl rahatl\u0131\u011f\u0131yla y\u00fcr\u00fctmenize destek olmak i\u00e7in burada.<\/p>\n<p>[\/vc_column_text][vc_empty_space][\/vc_column][\/vc_row][vc_row css=&#8221;.vc_custom_1670861192187{background-color: #eeeeee !important;}&#8221;][vc_column width=&#8221;1\/2&#8243;][elx_simple_link_block link=&#8221;url:https%3A%2F%2Fwww.electroluxprofessional.com%2Ftr%2Fticari-camasirhane-ekipmanlari%2Fmypro-yikama-kurutma-ve-silindir-utuler%2Ffaq-mypro-yikama-makinesi%2F|title:SSS%20%E2%80%93%20myPRO%20Washer&#8221; text_align=&#8221;text-center&#8221; text_color=&#8221;inherit&#8221; background_color=&#8221;electrolux-blue&#8221; background_hover_color=&#8221;darker-hover&#8221; extra_class=&#8221;&#8221; reveal_effect=&#8221;&#8221; reveal_duration=&#8221;&#8221; reveal_delay=&#8221;&#8221;][vc_column_text]<strong><span style=\"color: #ffffff;\">YIKAMA<\/span><\/strong>[\/vc_column_text][\/elx_simple_link_block][vc_empty_space][\/vc_column][vc_column width=&#8221;1\/2&#8243;][elx_simple_link_block link=&#8221;url:https%3A%2F%2Fwww.electroluxprofessional.com%2Fcommercial-laundry-equipment%2Fmypro-washers-dryers-steam-ironers%2Fonline-help-dryer%2F|title:FAQ%20%E2%80%93%20myPRO%20Dryer&#8221; text_align=&#8221;text-center&#8221; text_color=&#8221;inherit&#8221; background_color=&#8221;electrolux-blue&#8221; background_hover_color=&#8221;darker-hover&#8221; extra_class=&#8221;&#8221; reveal_effect=&#8221;&#8221; reveal_duration=&#8221;&#8221; reveal_delay=&#8221;&#8221;][vc_column_text]<strong><span style=\"color: #ffffff;\">KURUTMA<\/span><\/strong>[\/vc_column_text][\/elx_simple_link_block][vc_empty_space][\/vc_column][\/vc_row][vc_row][vc_column][vc_column_text]<\/p>\n<h2>Kullan\u0131m K\u0131lavuzlar\u0131<\/h2>\n<p>[\/vc_column_text][vc_empty_space][vc_column_text]myPRO ekipman\u0131n\u0131z i\u00e7in ayr\u0131nt\u0131l\u0131 kullan\u0131c\u0131 ve kurulum k\u0131lavuzlar\u0131na eri\u015fin. Bu kapsaml\u0131 belgeler, \u00e7ama\u015f\u0131r ve kurutma makinelerinizi verimli ve g\u00fcvenli bir \u015fekilde \u00e7al\u0131\u015ft\u0131rman\u0131z i\u00e7in gerekli t\u00fcm teknik bilgileri, g\u00fcvenlik y\u00f6nergelerini ve yap\u0131land\u0131rma detaylar\u0131n\u0131 sunar.[\/vc_column_text][vc_tta_tabs style=&#8221;modern&#8221; active_section=&#8221;1&#8243;][vc_tta_section title=&#8221;myPRO&#8221; tab_id=&#8221;1670863731846-e85018f4-749c&#8221;][vc_row_inner][vc_column_inner width=&#8221;1\/4&#8243;]<div class=\"product-list-item\"><div class=\"single-product-content\"><a href=\"https:\/\/www.electroluxprofessional.com\/tr\/pd\/mypro\/mypro-8kg\/mypro-8kg-y\u0131kama-makineleri\/WE170P\/\" target=\"_blank\"><figure class=\"wow fadeIn\"><img decoding=\"async\" src=\"https:\/\/tools.electroluxprofessional.com\/Mirror\/Doc\/ELS%2FPH_255x255%2FWE170P-V_updated%202021.jpg\" alt=\"WE170P\"><\/figure><h3>WE170P<\/h3><\/a><div class=\"product-description\"><\/div><\/div><hr><div class=\"pre-actions\"><div class=\"reviews\"><\/div><\/div><div class=\"action\"><a href=\"https:\/\/www.electroluxprofessional.com\/tr\/pd\/mypro\/mypro-8kg\/mypro-8kg-y\u0131kama-makineleri\/WE170P\/\" target=\"_blank\" class=\"btn btn-primary\">Daha Fazla Bilgi<\/a><\/div><\/div>[\/vc_column_inner][vc_column_inner width=&#8221;1\/4&#8243;]<div class=\"product-list-item\"><div class=\"single-product-content\"><a href=\"https:\/\/www.electroluxprofessional.com\/tr\/pd\/mypro\/mypro-8kg\/mypro-8kg-y\u0131kama-makineleri\/WE170V\/\" target=\"_blank\"><figure class=\"wow fadeIn\"><img decoding=\"async\" src=\"https:\/\/tools.electroluxprofessional.com\/Mirror\/Doc\/ELS%2FPH_255x255%2FWE170V.jpg\" alt=\"WE170V\"><\/figure><h3>WE170V<\/h3><\/a><div class=\"product-description\"><\/div><\/div><hr><div class=\"pre-actions\"><div class=\"reviews\"><\/div><\/div><div class=\"action\"><a href=\"https:\/\/www.electroluxprofessional.com\/tr\/pd\/mypro\/mypro-8kg\/mypro-8kg-y\u0131kama-makineleri\/WE170V\/\" target=\"_blank\" class=\"btn btn-primary\">Daha Fazla Bilgi<\/a><\/div><\/div>[\/vc_column_inner][vc_column_inner width=&#8221;1\/4&#8243;]<div class=\"product-list-item\"><div class=\"single-product-content\"><a href=\"https:\/\/www.electroluxprofessional.com\/tr\/pd\/mypro\/mypro-8kg\/mypro-8kg-kurutucular\/yo\u011fu\u015fmal\u0131-kurutma-makineleri\/TE1120\/\" target=\"_blank\"><figure class=\"wow fadeIn\"><img decoding=\"async\" src=\"https:\/\/tools.electroluxprofessional.com\/Mirror\/Doc\/ELS%2FPH_255x255%2FTE1120.jpg\" alt=\"TE1120\"><\/figure><h3>TE1120<\/h3><\/a><div class=\"product-description\"><\/div><\/div><hr><div class=\"pre-actions\"><div class=\"reviews\"><\/div><\/div><div class=\"action\"><a href=\"https:\/\/www.electroluxprofessional.com\/tr\/pd\/mypro\/mypro-8kg\/mypro-8kg-kurutucular\/yo\u011fu\u015fmal\u0131-kurutma-makineleri\/TE1120\/\" target=\"_blank\" class=\"btn btn-primary\">Daha Fazla Bilgi<\/a><\/div><\/div>[\/vc_column_inner][vc_column_inner width=&#8221;1\/4&#8243;]<div class=\"product-list-item\"><div class=\"single-product-content\"><a href=\"https:\/\/www.electroluxprofessional.com\/tr\/pd\/mypro\/mypro-zip\/mypro-zip-kurutucular\/TE1120P\/\" target=\"_blank\"><figure class=\"wow fadeIn\"><img decoding=\"async\" src=\"https:\/\/tools.electroluxprofessional.com\/Mirror\/Doc\/ELS%2FPH_255x255%2FTE1120P.jpg\" alt=\"TE1120P\"><\/figure><h3>TE1120P<\/h3><\/a><div class=\"product-description\"><\/div><\/div><hr><div class=\"pre-actions\"><div class=\"reviews\"><\/div><\/div><div class=\"action\"><a href=\"https:\/\/www.electroluxprofessional.com\/tr\/pd\/mypro\/mypro-zip\/mypro-zip-kurutucular\/TE1120P\/\" target=\"_blank\" class=\"btn btn-primary\">Daha Fazla Bilgi<\/a><\/div><\/div>[\/vc_column_inner][\/vc_row_inner][vc_empty_space][vc_row_inner][vc_column_inner width=&#8221;1\/4&#8243;]<div class=\"product-list-item\"><div class=\"single-product-content\"><a href=\"https:\/\/www.electroluxprofessional.com\/tr\/pd\/mypro\/mypro-8kg\/mypro-8kg-kurutucular\/is\u0131-pompal\u0131-kurutma-makineleri\/TE1120HP\/\" target=\"_blank\"><figure class=\"wow fadeIn\"><img decoding=\"async\" src=\"https:\/\/tools.electroluxprofessional.com\/Mirror\/Doc\/ELS%2FPH_255x255%2FMyPRO_HP_FRONT.jpg\" alt=\"TE1120HP\"><\/figure><h3>TE1120HP<\/h3><\/a><div class=\"product-description\"><\/div><\/div><hr><div class=\"pre-actions\"><div class=\"reviews\"><\/div><\/div><div class=\"action\"><a href=\"https:\/\/www.electroluxprofessional.com\/tr\/pd\/mypro\/mypro-8kg\/mypro-8kg-kurutucular\/is\u0131-pompal\u0131-kurutma-makineleri\/TE1120HP\/\" target=\"_blank\" class=\"btn btn-primary\">Daha Fazla Bilgi<\/a><\/div><\/div>[\/vc_column_inner][vc_column_inner width=&#8221;1\/4&#8243;]<div class=\"product-list-item\"><div class=\"single-product-content\"><a href=\"https:\/\/www.electroluxprofessional.com\/tr\/pd\/mypro\/mypro-\u00fct\u00fcler\/mypro-\u00fct\u00fcler\/IS185\/\" target=\"_blank\"><figure class=\"wow fadeIn\"><img decoding=\"async\" src=\"https:\/\/tools.electroluxprofessional.com\/Mirror\/Doc\/ELS%2FPH_255x255%2FIS185.jpg\" alt=\"IS185\"><\/figure><h3>IS185<\/h3><\/a><div class=\"product-description\"><\/div><\/div><hr><div class=\"pre-actions\"><div class=\"reviews\"><\/div><\/div><div class=\"action\"><a href=\"https:\/\/www.electroluxprofessional.com\/tr\/pd\/mypro\/mypro-\u00fct\u00fcler\/mypro-\u00fct\u00fcler\/IS185\/\" target=\"_blank\" class=\"btn btn-primary\">Daha Fazla Bilgi<\/a><\/div><\/div>[\/vc_column_inner][vc_column_inner width=&#8221;1\/4&#8243;]<div class=\"product-list-item\"><div class=\"single-product-content\"><a href=\"https:\/\/www.electroluxprofessional.com\/tr\/pd\/mypro\/mypro-\u00fct\u00fcler\/mypro-\u00fct\u00fcler\/IS1103\/\" target=\"_blank\"><figure class=\"wow fadeIn\"><img decoding=\"async\" src=\"https:\/\/tools.electroluxprofessional.com\/Mirror\/Doc\/ELS%2FPH_255x255%2FIS1103.jpg\" alt=\"IS1103\"><\/figure><h3>IS1103<\/h3><\/a><div class=\"product-description\"><\/div><\/div><hr><div class=\"pre-actions\"><div class=\"reviews\"><\/div><\/div><div class=\"action\"><a href=\"https:\/\/www.electroluxprofessional.com\/tr\/pd\/mypro\/mypro-\u00fct\u00fcler\/mypro-\u00fct\u00fcler\/IS1103\/\" target=\"_blank\" class=\"btn btn-primary\">Daha Fazla Bilgi<\/a><\/div><\/div>[\/vc_column_inner][vc_column_inner width=&#8221;1\/4&#8243;][\/vc_column_inner][\/vc_row_inner][\/vc_tta_section][vc_tta_section title=&#8221;myPROzip&#8221; tab_id=&#8221;1670863731865-c97a75c3-809b&#8221;][vc_row_inner][vc_column_inner width=&#8221;1\/3&#8243;]<div class=\"product-list-item\"><div class=\"single-product-content\"><a href=\"https:\/\/www.electroluxprofessional.com\/tr\/pd\/mypro\/mypro-zip\/mypro-zip-y\u0131kama-makineleri\/WE170PP\/\" target=\"_blank\"><figure class=\"wow fadeIn\"><img decoding=\"async\" src=\"https:\/\/tools.electroluxprofessional.com\/Mirror\/Doc\/ELS%2FPH_255x255%2FWE170PP.jpg\" alt=\"WE170PP\"><\/figure><h3>WE170PP<\/h3><\/a><div class=\"product-description\"><\/div><\/div><hr><div class=\"pre-actions\"><div class=\"reviews\"><\/div><\/div><div class=\"action\"><a href=\"https:\/\/www.electroluxprofessional.com\/tr\/pd\/mypro\/mypro-zip\/mypro-zip-y\u0131kama-makineleri\/WE170PP\/\" target=\"_blank\" class=\"btn btn-primary\">Daha Fazla Bilgi<\/a><\/div><\/div>[\/vc_column_inner][vc_column_inner width=&#8221;1\/3&#8243;]<div class=\"product-list-item\"><div class=\"single-product-content\"><a href=\"https:\/\/www.electroluxprofessional.com\/tr\/pd\/mypro\/mypro-zip\/mypro-zip-kurutucular\/TE1120P\/\" target=\"_blank\"><figure class=\"wow fadeIn\"><img decoding=\"async\" src=\"https:\/\/tools.electroluxprofessional.com\/Mirror\/Doc\/ELS%2FPH_255x255%2FTE1120P.jpg\" alt=\"TE1120P\"><\/figure><h3>TE1120P<\/h3><\/a><div class=\"product-description\"><\/div><\/div><hr><div class=\"pre-actions\"><div class=\"reviews\"><\/div><\/div><div class=\"action\"><a href=\"https:\/\/www.electroluxprofessional.com\/tr\/pd\/mypro\/mypro-zip\/mypro-zip-kurutucular\/TE1120P\/\" target=\"_blank\" class=\"btn btn-primary\">Daha Fazla Bilgi<\/a><\/div><\/div>[\/vc_column_inner][vc_column_inner width=&#8221;1\/3&#8243;][\/vc_column_inner][\/vc_row_inner][\/vc_tta_section][vc_tta_section title=&#8221;myPRO XL&#8221; tab_id=&#8221;1671439649495-5744844d-b097&#8243;][vc_row_inner][vc_column_inner width=&#8221;1\/3&#8243;][\/vc_column_inner][vc_column_inner width=&#8221;1\/3&#8243;]<div class=\"product-list-item\"><div class=\"single-product-content\"><a href=\"https:\/\/www.electroluxprofessional.com\/tr\/pd\/mypro\/mypro-xl\/mypro-xl-kurutucular\/TE1220E\/\" target=\"_blank\"><figure class=\"wow fadeIn\"><img decoding=\"async\" src=\"https:\/\/tools.electroluxprofessional.com\/Mirror\/Doc\/ELS%2FPH_255x255%2FTE1220_OPL_FRONT_dark_grey_72dpi.jpg\" alt=\"TE1220E\"><\/figure><h3>TE1220E<\/h3><\/a><div class=\"product-description\"><\/div><\/div><hr><div class=\"pre-actions\"><div class=\"reviews\"><\/div><\/div><div class=\"action\"><a href=\"https:\/\/www.electroluxprofessional.com\/tr\/pd\/mypro\/mypro-xl\/mypro-xl-kurutucular\/TE1220E\/\" target=\"_blank\" class=\"btn btn-primary\">Daha Fazla Bilgi<\/a><\/div><\/div>[\/vc_column_inner][vc_column_inner width=&#8221;1\/3&#8243;]<div class=\"product-list-item\"><div class=\"single-product-content\"><a href=\"https:\/\/www.electroluxprofessional.com\/tr\/pd\/mypro\/mypro-xl\/mypro-xl-kurutucular\/TE1220G\/\" target=\"_blank\"><figure class=\"wow fadeIn\"><img decoding=\"async\" src=\"https:\/\/tools.electroluxprofessional.com\/Mirror\/Doc\/ELS%2FPH_255x255%2FTE1220_OPL_FRONT_dark_grey_72dpi.jpg\" alt=\"TE1220G\"><\/figure><h3>TE1220G<\/h3><\/a><div class=\"product-description\"><\/div><\/div><hr><div class=\"pre-actions\"><div class=\"reviews\"><\/div><\/div><div class=\"action\"><a href=\"https:\/\/www.electroluxprofessional.com\/tr\/pd\/mypro\/mypro-xl\/mypro-xl-kurutucular\/TE1220G\/\" target=\"_blank\" class=\"btn btn-primary\">Daha Fazla Bilgi<\/a><\/div><\/div>[\/vc_column_inner][\/vc_row_inner][\/vc_tta_section][\/vc_tta_tabs][vc_empty_space][\/vc_column][\/vc_row][vc_row][vc_column][vc_column_text]<\/p>\n<h2>Yedek Par\u00e7alar<\/h2>\n<p>[\/vc_column_text][vc_empty_space][vc_column_text]myPRO \u00e7\u00f6z\u00fcmlerinizin \u00f6mr\u00fcn\u00fc uzatmak i\u00e7in orijinal Electrolux Professional yedek par\u00e7alar\u0131n\u0131 tercih edin. \u0130htiyac\u0131n\u0131z olan par\u00e7alar\u0131 kolayca belirleyin ve sipari\u015f edin; b\u00f6ylece y\u00fcksek performans\u0131 koruyun, duraksamalar\u0131 en aza indirin ve \u00e7ama\u015f\u0131rhane s\u00fcre\u00e7lerinizin kesintisiz devam etmesini sa\u011flay\u0131n.<\/p>\n<p>Bak\u0131m ihtiya\u00e7lar\u0131n\u0131z\u0131 g\u00fcvenle planlayabilmeniz i\u00e7in, <a href=\"https:\/\/www.electroluxprofessional.com\/tr\/wp-content\/uploads\/2025\/08\/Indicative-Pricelist-for-myPRO-Spare-Parts_2025_07_01.pdf\">tahmini yedek par\u00e7a fiyat listesini<\/a> de inceleyebilirsiniz.[\/vc_column_text][vc_empty_space][\/vc_column][\/vc_row][vc_row][vc_column][vc_column_text]<\/p>\n<h2 style=\"text-align: center;\">H\u00e2l\u00e2 yard\u0131ma ihtiyac\u0131n\u0131z var m\u0131?<\/h2>\n<p>[\/vc_column_text][vc_empty_space][vc_column_text]<\/p>\n<p style=\"text-align: center;\">Arad\u0131\u011f\u0131n\u0131z\u0131 bulamad\u0131ysan\u0131z ya da daha fazla deste\u011fe ihtiyac\u0131n\u0131z varsa, ekibimiz size yard\u0131mc\u0131 olmaya haz\u0131r.<br \/>\nYedek par\u00e7a taleplerinden teknik sorunlara, ki\u015fiselle\u015ftirilmi\u015f y\u00f6nlendirmelere kadar her t\u00fcrl\u00fc destek i\u00e7in a\u015fa\u011f\u0131daki ileti\u015fim formunu kullanarak bizimle ileti\u015fime ge\u00e7ebilirsiniz.<br \/>\nmyPRO ekipman\u0131n\u0131z\u0131n en iyi \u015fekilde \u00e7al\u0131\u015fmas\u0131n\u0131 sa\u011flamak i\u00e7in buraday\u0131z.[\/vc_column_text][vc_empty_space][elx_o2000_contact_us s=&#8221;Support Request about&#8230;&#8221; request_type=&#8221;Customer support&#8221; b=&#8221;laundry-semi-professional&#8221; r=&#8221;I need support&#8230;&#8221;][\/vc_column][\/vc_row]<\/p>\n","protected":false},"excerpt":{"rendered":"<p>[vc_row full_width=&#8221;electroluxpro-full-width-no-padding&#8221;][vc_column][elx_image align=&#8221;text-center&#8221; image_media_library=&#8221;21832&#8243; image_media_library_mobile=&#8221;21833&#8243;][\/vc_column][\/vc_row][vc_row][vc_column][vc_column_text] myPRO online yard\u0131m merkezi [\/vc_column_text][vc_empty_space][vc_column_text] myPRO \u00e7ama\u015f\u0131r ve kurutma makinelerinizden en iyi verimi alman\u0131z i\u00e7in ihtiya\u00e7 duyaca\u011f\u0131n\u0131z t\u00fcm kaynaklar burada. Kurulumla ilgili rehber ar\u0131yorsan\u0131z, g\u00fcnl\u00fck kullan\u0131mda deste\u011fe ihtiyac\u0131n\u0131z varsa ya da uzun vadeli bak\u0131m ve koruma sa\u011flamak istiyorsan\u0131z, bu sayfa t\u00fcm gerekli bilgileri tek bir yerde sunar. [\/vc_column_text][\/vc_column][\/vc_row][vc_row][vc_column][vc_empty_space][vc_column_text] E\u011fitici Videolar [&hellip;]<\/p>\n","protected":false},"author":64,"featured_media":0,"parent":6149,"menu_order":0,"comment_status":"closed","ping_status":"closed","template":"","meta":{"footnotes":""},"class_list":["post-21834","page","type-page","status-publish","hentry"],"acf":[],"yoast_head":"<!-- This site is optimized with the Yoast SEO plugin v23.3 - https:\/\/yoast.com\/wordpress\/plugins\/seo\/ -->\n<title>myPRO Online Yard\u0131m Merkezi - Electrolux Professional T\u00fcrkiye<\/title>\n<meta name=\"description\" content=\"Electrolux Professional, myPRO yard\u0131m merkezinde ticari \u00e7ama\u015f\u0131rhane ekipmanlar\u0131na y\u00f6nelik e\u011fitim videolar\u0131, SSS ve kullan\u0131m k\u0131lavuzlar\u0131 sunar\" \/>\n<meta name=\"robots\" content=\"index, follow, max-snippet:-1, max-image-preview:large, max-video-preview:-1\" \/>\n<link rel=\"canonical\" href=\"https:\/\/www.electroluxprofessional.com\/tr\/ticari-camasirhane-ekipmanlari\/mypro-yikama-kurutma-ve-silindir-utuler\/mypro-online-yardim-merkezi\/\" \/>\n<meta property=\"og:locale\" content=\"tr_TR\" \/>\n<meta property=\"og:type\" content=\"article\" \/>\n<meta property=\"og:title\" content=\"myPRO Online Yard\u0131m Merkezi - Electrolux Professional T\u00fcrkiye\" \/>\n<meta property=\"og:description\" content=\"Electrolux Professional, myPRO yard\u0131m merkezinde ticari \u00e7ama\u015f\u0131rhane ekipmanlar\u0131na y\u00f6nelik e\u011fitim videolar\u0131, SSS ve kullan\u0131m k\u0131lavuzlar\u0131 sunar\" \/>\n<meta property=\"og:url\" content=\"https:\/\/www.electroluxprofessional.com\/tr\/ticari-camasirhane-ekipmanlari\/mypro-yikama-kurutma-ve-silindir-utuler\/mypro-online-yardim-merkezi\/\" \/>\n<meta property=\"og:site_name\" content=\"Electrolux Professional T\u00fcrkiye\" \/>\n<meta property=\"article:modified_time\" content=\"2025-08-18T14:17:49+00:00\" \/>\n<meta name=\"twitter:card\" content=\"summary_large_image\" \/>\n<meta name=\"twitter:label1\" content=\"Tahmini okuma s\u00fcresi\" \/>\n\t<meta name=\"twitter:data1\" content=\"4 dakika\" \/>\n<script type=\"application\/ld+json\" class=\"yoast-schema-graph\">{\"@context\":\"https:\/\/schema.org\",\"@graph\":[{\"@type\":\"WebPage\",\"@id\":\"https:\/\/www.electroluxprofessional.com\/tr\/ticari-camasirhane-ekipmanlari\/mypro-yikama-kurutma-ve-silindir-utuler\/mypro-online-yardim-merkezi\/\",\"url\":\"https:\/\/www.electroluxprofessional.com\/tr\/ticari-camasirhane-ekipmanlari\/mypro-yikama-kurutma-ve-silindir-utuler\/mypro-online-yardim-merkezi\/\",\"name\":\"myPRO Online Yard\u0131m Merkezi - Electrolux Professional T\u00fcrkiye\",\"isPartOf\":{\"@id\":\"https:\/\/www.electroluxprofessional.com\/tr\/#website\"},\"datePublished\":\"2025-08-15T07:32:53+00:00\",\"dateModified\":\"2025-08-18T14:17:49+00:00\",\"description\":\"Electrolux Professional, myPRO yard\u0131m merkezinde ticari \u00e7ama\u015f\u0131rhane ekipmanlar\u0131na y\u00f6nelik e\u011fitim videolar\u0131, SSS ve kullan\u0131m k\u0131lavuzlar\u0131 sunar\",\"breadcrumb\":{\"@id\":\"https:\/\/www.electroluxprofessional.com\/tr\/ticari-camasirhane-ekipmanlari\/mypro-yikama-kurutma-ve-silindir-utuler\/mypro-online-yardim-merkezi\/#breadcrumb\"},\"inLanguage\":\"tr\",\"potentialAction\":[{\"@type\":\"ReadAction\",\"target\":[\"https:\/\/www.electroluxprofessional.com\/tr\/ticari-camasirhane-ekipmanlari\/mypro-yikama-kurutma-ve-silindir-utuler\/mypro-online-yardim-merkezi\/\"]}]},{\"@type\":\"BreadcrumbList\",\"@id\":\"https:\/\/www.electroluxprofessional.com\/tr\/ticari-camasirhane-ekipmanlari\/mypro-yikama-kurutma-ve-silindir-utuler\/mypro-online-yardim-merkezi\/#breadcrumb\",\"itemListElement\":[{\"@type\":\"ListItem\",\"position\":1,\"name\":\"Home\",\"item\":\"https:\/\/www.electroluxprofessional.com\/tr\/\"},{\"@type\":\"ListItem\",\"position\":2,\"name\":\"\u00c7ama\u015f\u0131rhane\",\"item\":\"https:\/\/www.electroluxprofessional.com\/tr\/ticari-camasirhane-ekipmanlari\/\"},{\"@type\":\"ListItem\",\"position\":3,\"name\":\"K\u00fc\u00e7\u00fck i\u015fletmeler i\u00e7in myPro, y\u0131kama kurutma ve silindir \u00fct\u00fcler\",\"item\":\"https:\/\/www.electroluxprofessional.com\/tr\/ticari-camasirhane-ekipmanlari\/mypro-yikama-kurutma-ve-silindir-utuler\/\"},{\"@type\":\"ListItem\",\"position\":4,\"name\":\"myPRO Online Yard\u0131m Merkezi\"}]},{\"@type\":\"WebSite\",\"@id\":\"https:\/\/www.electroluxprofessional.com\/tr\/#website\",\"url\":\"https:\/\/www.electroluxprofessional.com\/tr\/\",\"name\":\"Electrolux Professional T\u00fcrkiye\",\"description\":\"\",\"potentialAction\":[{\"@type\":\"SearchAction\",\"target\":{\"@type\":\"EntryPoint\",\"urlTemplate\":\"https:\/\/www.electroluxprofessional.com\/tr\/?src={search_term_string}\"},\"query-input\":\"required name=search_term_string\"}],\"inLanguage\":\"tr\"}]}<\/script>\n<!-- \/ Yoast SEO plugin. -->","yoast_head_json":{"title":"myPRO Online Yard\u0131m Merkezi - Electrolux Professional T\u00fcrkiye","description":"Electrolux Professional, myPRO yard\u0131m merkezinde ticari \u00e7ama\u015f\u0131rhane ekipmanlar\u0131na y\u00f6nelik e\u011fitim videolar\u0131, SSS ve kullan\u0131m k\u0131lavuzlar\u0131 sunar","robots":{"index":"index","follow":"follow","max-snippet":"max-snippet:-1","max-image-preview":"max-image-preview:large","max-video-preview":"max-video-preview:-1"},"canonical":"https:\/\/www.electroluxprofessional.com\/tr\/ticari-camasirhane-ekipmanlari\/mypro-yikama-kurutma-ve-silindir-utuler\/mypro-online-yardim-merkezi\/","og_locale":"tr_TR","og_type":"article","og_title":"myPRO Online Yard\u0131m Merkezi - Electrolux Professional T\u00fcrkiye","og_description":"Electrolux Professional, myPRO yard\u0131m merkezinde ticari \u00e7ama\u015f\u0131rhane ekipmanlar\u0131na y\u00f6nelik e\u011fitim videolar\u0131, SSS ve kullan\u0131m k\u0131lavuzlar\u0131 sunar","og_url":"https:\/\/www.electroluxprofessional.com\/tr\/ticari-camasirhane-ekipmanlari\/mypro-yikama-kurutma-ve-silindir-utuler\/mypro-online-yardim-merkezi\/","og_site_name":"Electrolux Professional T\u00fcrkiye","article_modified_time":"2025-08-18T14:17:49+00:00","twitter_card":"summary_large_image","twitter_misc":{"Tahmini okuma s\u00fcresi":"4 dakika"},"schema":{"@context":"https:\/\/schema.org","@graph":[{"@type":"WebPage","@id":"https:\/\/www.electroluxprofessional.com\/tr\/ticari-camasirhane-ekipmanlari\/mypro-yikama-kurutma-ve-silindir-utuler\/mypro-online-yardim-merkezi\/","url":"https:\/\/www.electroluxprofessional.com\/tr\/ticari-camasirhane-ekipmanlari\/mypro-yikama-kurutma-ve-silindir-utuler\/mypro-online-yardim-merkezi\/","name":"myPRO Online Yard\u0131m Merkezi - Electrolux Professional T\u00fcrkiye","isPartOf":{"@id":"https:\/\/www.electroluxprofessional.com\/tr\/#website"},"datePublished":"2025-08-15T07:32:53+00:00","dateModified":"2025-08-18T14:17:49+00:00","description":"Electrolux Professional, myPRO yard\u0131m merkezinde ticari \u00e7ama\u015f\u0131rhane ekipmanlar\u0131na y\u00f6nelik e\u011fitim videolar\u0131, SSS ve kullan\u0131m k\u0131lavuzlar\u0131 sunar","breadcrumb":{"@id":"https:\/\/www.electroluxprofessional.com\/tr\/ticari-camasirhane-ekipmanlari\/mypro-yikama-kurutma-ve-silindir-utuler\/mypro-online-yardim-merkezi\/#breadcrumb"},"inLanguage":"tr","potentialAction":[{"@type":"ReadAction","target":["https:\/\/www.electroluxprofessional.com\/tr\/ticari-camasirhane-ekipmanlari\/mypro-yikama-kurutma-ve-silindir-utuler\/mypro-online-yardim-merkezi\/"]}]},{"@type":"BreadcrumbList","@id":"https:\/\/www.electroluxprofessional.com\/tr\/ticari-camasirhane-ekipmanlari\/mypro-yikama-kurutma-ve-silindir-utuler\/mypro-online-yardim-merkezi\/#breadcrumb","itemListElement":[{"@type":"ListItem","position":1,"name":"Home","item":"https:\/\/www.electroluxprofessional.com\/tr\/"},{"@type":"ListItem","position":2,"name":"\u00c7ama\u015f\u0131rhane","item":"https:\/\/www.electroluxprofessional.com\/tr\/ticari-camasirhane-ekipmanlari\/"},{"@type":"ListItem","position":3,"name":"K\u00fc\u00e7\u00fck i\u015fletmeler i\u00e7in myPro, y\u0131kama kurutma ve silindir \u00fct\u00fcler","item":"https:\/\/www.electroluxprofessional.com\/tr\/ticari-camasirhane-ekipmanlari\/mypro-yikama-kurutma-ve-silindir-utuler\/"},{"@type":"ListItem","position":4,"name":"myPRO Online Yard\u0131m Merkezi"}]},{"@type":"WebSite","@id":"https:\/\/www.electroluxprofessional.com\/tr\/#website","url":"https:\/\/www.electroluxprofessional.com\/tr\/","name":"Electrolux Professional T\u00fcrkiye","description":"","potentialAction":[{"@type":"SearchAction","target":{"@type":"EntryPoint","urlTemplate":"https:\/\/www.electroluxprofessional.com\/tr\/?src={search_term_string}"},"query-input":"required name=search_term_string"}],"inLanguage":"tr"}]}},"_links":{"self":[{"href":"https:\/\/www.electroluxprofessional.com\/tr\/wp-json\/wp\/v2\/pages\/21834"}],"collection":[{"href":"https:\/\/www.electroluxprofessional.com\/tr\/wp-json\/wp\/v2\/pages"}],"about":[{"href":"https:\/\/www.electroluxprofessional.com\/tr\/wp-json\/wp\/v2\/types\/page"}],"author":[{"embeddable":true,"href":"https:\/\/www.electroluxprofessional.com\/tr\/wp-json\/wp\/v2\/users\/64"}],"replies":[{"embeddable":true,"href":"https:\/\/www.electroluxprofessional.com\/tr\/wp-json\/wp\/v2\/comments?post=21834"}],"version-history":[{"count":9,"href":"https:\/\/www.electroluxprofessional.com\/tr\/wp-json\/wp\/v2\/pages\/21834\/revisions"}],"predecessor-version":[{"id":21873,"href":"https:\/\/www.electroluxprofessional.com\/tr\/wp-json\/wp\/v2\/pages\/21834\/revisions\/21873"}],"up":[{"embeddable":true,"href":"https:\/\/www.electroluxprofessional.com\/tr\/wp-json\/wp\/v2\/pages\/6149"}],"wp:attachment":[{"href":"https:\/\/www.electroluxprofessional.com\/tr\/wp-json\/wp\/v2\/media?parent=21834"}],"curies":[{"name":"wp","href":"https:\/\/api.w.org\/{rel}","templated":true}]}}