{"id":19565,"date":"2025-04-30T13:19:58","date_gmt":"2025-04-30T13:19:58","guid":{"rendered":"https:\/\/www.electroluxprofessional.com\/tr\/?page_id=19565"},"modified":"2025-04-30T14:42:15","modified_gmt":"2025-04-30T14:42:15","slug":"otel-zincirleri-yemek-servisi","status":"publish","type":"page","link":"https:\/\/www.electroluxprofessional.com\/tr\/isletmenize-yonelik-cozumler\/otel-zincirleri-yemek-servisi\/","title":{"rendered":"Otel Zincirleri G\u0131da"},"content":{"rendered":"<p>[vc_row full_width=&#8221;electroluxpro-full-width-no-padding&#8221;][vc_column][elx_hero_slider label_text_color=&#8221;inherit&#8221; images=&#8221;1682&#8243;][elx_heading text_color=&#8221;orange&#8221; text_align=&#8221;text-left&#8221;]De\u011fer Zincirinizi birlikte in\u015fa edelim.<br \/>\n[\/elx_heading][\/elx_hero_slider][\/vc_column][\/vc_row][vc_row full_width=&#8221;electroluxpro-container-no-padding&#8221; full_height=&#8221;yes&#8221; parallax=&#8221;content-moving&#8221;][vc_column css=&#8221;.vc_custom_1472030236138{padding-top: 20px !important;}&#8221;][elx_heading font_container=&#8221;h1&#8243; font_size=&#8221;h3&#8243; text_color=&#8221;inherit&#8221; text_align=&#8221;text-center&#8221;]Electrolux Professional\u2019\u0131n<br \/>\notel zincirlerine \u00f6zel hizmet ekibi ile<br \/>\nihtiyac\u0131n\u0131z olan standarda kavu\u015fun.[\/elx_heading][vc_empty_space][\/vc_column][\/vc_row][vc_row][vc_column width=&#8221;1\/2&#8243;][elx_simple_block background_color=&#8221;inherit&#8221;][vc_column_text drop_caps=&#8221;big-first-letter&#8221;]<\/p>\n<p style=\"text-align: left;\">Electrolux Professional, markan\u0131z alt\u0131nda hizmet veren t\u00fcm mutfaklar\u0131n veya \u00e7ama\u015f\u0131rhanelerin ayn\u0131 <strong>inovasyon<\/strong>, <strong>s\u00fcrd\u00fcr\u00fclebilirlik<\/strong>, <strong>g\u00fcvenlik<\/strong> ve <strong>kolayl\u0131k<\/strong> seviyesini sunmas\u0131n\u0131 sa\u011fl\u0131yor.<\/p>\n<p>K\u00fcresel deneyimimiz, m\u00fckemmelli\u011fi sa\u011flama taahh\u00fcd\u00fcm\u00fcz ve sizin azminiz sayesinde ba\u015far\u0131l\u0131 hizmet zincirinizi birlikte in\u015fa edebiliriz.[\/vc_column_text][\/elx_simple_block][\/vc_column][vc_column width=&#8221;1\/2&#8243;][elx_image_block background_image=&#8221;2487&#8243; minimum_height=&#8221;400px&#8221;][\/vc_column][\/vc_row][vc_row][vc_column][vc_empty_space][elx_heading text_color=&#8221;inherit&#8221; text_align=&#8221;text-center&#8221;]Fark\u0131 nas\u0131l yarat\u0131r\u0131z?[\/elx_heading][\/vc_column][\/vc_row][vc_row][vc_column width=&#8221;1\/2&#8243;][elx_simple_block background_color=&#8221;inherit&#8221;][vc_single_image image=&#8221;1679&#8243; img_size=&#8221;full&#8221; style=&#8221;vc_box_circle_2&#8243;][\/elx_simple_block][\/vc_column][vc_column width=&#8221;1\/2&#8243;][elx_simple_block background_color=&#8221;inherit&#8221;][vc_column_text drop_caps=&#8221;big-first-letter&#8221;]<\/p>\n<h3>Mandarin Oriental<\/h3>\n<p>Milano, \u0130talya<\/p>\n<h4>\u00dcst d\u00fczey \u00e7\u00f6z\u00fcmler, kusursuz hizmet<\/h4>\n<p><strong>Eksiksiz bir mutfak ve \u00e7ama\u015f\u0131rhane \u00e7\u00f6z\u00fcm\u00fc.<\/strong><br \/>\nMilano\u2019nun kalbindeki se\u00e7kin Mandarin Oriental oteli yaln\u0131zca en geli\u015fmi\u015f teknoloji ile \u00fcretilen yenilik\u00e7i cihazlarla hizmet veriyor.<br \/>\nBu y\u00fczden de Mandarin Oriental, otel i\u00e7inde hizmet veren d\u00f6rt mutfa\u011f\u0131n\u0131 ve \u00e7ama\u015f\u0131rhanesini Electrolux Professional \u00e7\u00f6z\u00fcmleri ile donatmay\u0131 tercih etti.[\/vc_column_text][\/elx_simple_block][\/vc_column][\/vc_row][vc_row][vc_column width=&#8221;1\/2&#8243;][elx_simple_block background_color=&#8221;inherit&#8221;][vc_column_text drop_caps=&#8221;big-first-letter&#8221;]<\/p>\n<h3>Sofitel So<\/h3>\n<p>Singapur<\/p>\n<h4>\u00dcst d\u00fczey l\u00fcks butik otel<\/h4>\n<p><em>&#8220;Mutfa\u011f\u0131m profesyonel hayat\u0131m\u0131 ge\u00e7irdi\u011fim, lezzetler yaratt\u0131\u011f\u0131m, yeni tatlar denedi\u011fim ve mesle\u011fimi sergiledi\u011fim yer. <strong>Molteni de bunun i\u00e7in kullanabilece\u011fim en iyi f\u0131r\u0131n.<\/strong> Restorandaki en iyi yard\u0131mc\u0131m\u0131z ve en iyi dostumuz olan bu birinci s\u0131n\u0131f cihaz\u0131n her seferinde nefis sonu\u00e7lar verece\u011fine g\u00fcvenebilirim.\u201d<\/em><\/p>\n<p><strong>Anne-Cecile Degenne<\/strong>, Ba\u015f A\u015fc\u0131[\/vc_column_text][\/elx_simple_block][\/vc_column][vc_column width=&#8221;1\/2&#8243;][elx_simple_block background_color=&#8221;inherit&#8221;][vc_single_image image=&#8221;435&#8243; img_size=&#8221;full&#8221; style=&#8221;vc_box_circle_2&#8243;][\/elx_simple_block][\/vc_column][\/vc_row][vc_row][vc_column width=&#8221;1\/2&#8243;][elx_simple_block background_color=&#8221;inherit&#8221;][vc_single_image image=&#8221;1680&#8243; img_size=&#8221;full&#8221; style=&#8221;vc_box_circle_2&#8243;][\/elx_simple_block][\/vc_column][vc_column width=&#8221;1\/2&#8243;][elx_simple_block background_color=&#8221;inherit&#8221;][vc_column_text drop_caps=&#8221;big-first-letter&#8221;]<\/p>\n<h3>Hilton Bomonti Hotel<\/h3>\n<p>Istanbul<\/p>\n<p>Bir \u015fefin g\u00f6revi, ak\u015fam yeme\u011finde men\u00fcs\u00fcndeki her yemek i\u00e7in aromalardan olu\u015fan bir senfoni yaratmakt\u0131r. O, orkestra \u015fefidir ve mutfa\u011f\u0131 orkestras\u0131d\u0131r. Her b\u00f6l\u00fcm temel yemek malzemelerinden olu\u015fur ve malzemelerin t\u00fcm\u00fc, \u015faheserinde kritik rol oynar.<br \/>\nT\u00fcrkiye\u2019nin en b\u00fcy\u00fck be\u015f y\u0131ld\u0131zl\u0131 oteli ve kongre merkezi olan yeni Hilton Bomonti \u0130stanbul\u2019da, \u015feflerin gastronomik senfonilerine Electrolux Professional ilham vermektedir.[\/vc_column_text][\/elx_simple_block][\/vc_column][\/vc_row][vc_row][vc_column width=&#8221;1\/2&#8243;][elx_simple_block background_color=&#8221;inherit&#8221;][vc_column_text drop_caps=&#8221;big-first-letter&#8221;]<\/p>\n<h3>Rome Cavalieri, Waldorf Astoria Hotels and Resorts<\/h3>\n<p>Roma, \u0130talya<\/p>\n<p>Rome Cavalieri&#8217;nin Ba\u015f A\u015f\u00e7\u0131s\u0131 Franco Verucci, en zorlu \u015fartlar alt\u0131nda en y\u00fcksek kalite sonu\u00e7lar\u0131 maksimum verimlilikle sa\u011flayabilecek bir \u00e7\u00f6z\u00fcm ar\u0131yordu. Birden fazla mutfa\u011f\u0131 ve b\u00fcy\u00fck resepsiyonlar\u0131 y\u00f6netmek zorunda olan Franco Verucci i\u00e7in, i\u015fin do\u011fru orta\u011f\u0131 Electrolux Professional&#8217;d\u0131.<br \/>\nElectrolux Professional, i\u015f hayat\u0131n\u0131 kolayla\u015ft\u0131racak m\u00fckemmel \u00e7\u00f6z\u00fcm\u00fc sa\u011flad\u0131 ve bu \u00e7\u00f6z\u00fcm, otel i\u00e7in daha k\u00e2rl\u0131 hale gelmesini sa\u011flad\u0131.[\/vc_column_text][\/elx_simple_block][\/vc_column][vc_column width=&#8221;1\/2&#8243;][elx_simple_block background_color=&#8221;inherit&#8221;][vc_single_image image=&#8221;1681&#8243; img_size=&#8221;full&#8221; style=&#8221;vc_box_circle_2&#8243;][\/elx_simple_block][\/vc_column][\/vc_row][vc_row full_width=&#8221;electroluxpro-container-no-padding&#8221;][vc_column][vc_empty_space][elx_heading font_container=&#8221;h3&#8243; text_color=&#8221;inherit&#8221; text_align=&#8221;text-center&#8221;]Birlikte, kazanmaya odakl\u0131 bir enerji al\u0131\u015fveri\u015fi yaratal\u0131m[\/elx_heading][vc_empty_space height=&#8221;50px&#8221;][\/vc_column][\/vc_row][vc_row][vc_column width=&#8221;1\/2&#8243;][elx_simple_block background_color=&#8221;inherit&#8221;][elx_heading font_container=&#8221;h3&#8243; font_size=&#8221;h4&#8243; text_color=&#8221;inherit&#8221; text_align=&#8221;text-left&#8221;]K\u00fcresel AR&#038;GE ekibi: m\u00fc\u015fteri i\u00e7 g\u00f6r\u00fcs\u00fcnden i\u00e7 m\u00fckemmeliyete[\/elx_heading][vc_column_text drop_caps=&#8221;big-first-letter&#8221;]K\u00fcresel AR&amp;GE ekipleri, pazar ara\u015ft\u0131rmas\u0131 yaparken ve yeni f\u0131rsatlar ararken i\u00e7 tasar\u0131m sekt\u00f6rlerindeki sinerjiyi ortaya \u00e7\u0131kararak pazara sunma s\u00fcresini k\u0131salt\u0131yor.[\/vc_column_text][\/elx_simple_block][\/vc_column][vc_column width=&#8221;1\/2&#8243;][elx_simple_block background_color=&#8221;inherit&#8221;][elx_heading font_container=&#8221;h3&#8243; font_size=&#8221;h4&#8243; text_color=&#8221;inherit&#8221; text_align=&#8221;text-left&#8221;]D\u00fcnyan\u0131n en yayg\u0131n M\u00fc\u015fteri Hizmetleri a\u011f\u0131[\/elx_heading][vc_column_text drop_caps=&#8221;big-first-letter&#8221;]Electrolux Professional d\u00fcnyan\u0131n en yayg\u0131n M\u00fc\u015fteri Hizmetleri a\u011f\u0131 sayesinde, sat\u0131\u015f \u00f6ncesinde, s\u0131ras\u0131nda ve sonras\u0131nda ihtiya\u00e7lar\u0131n\u0131z\u0131 m\u00fcmk\u00fcn olan t\u00fcm konumlarda yerel olarak giderebiliyor.[\/vc_column_text][\/elx_simple_block][\/vc_column][\/vc_row][vc_row][vc_column][vc_empty_space height=&#8221;50px&#8221;][elx_heading font_size=&#8221;h2&#8243; text_color=&#8221;inherit&#8221;]Uzmanlardan olu\u015fan ekibimiz ile ileti\u015fime ge\u00e7in[\/elx_heading][elx_o2000_contact_us s=&#8221;Request of information about solutions for hotel chains&#8221; container=&#8221;elxcontactus1472110569&#8243; r=&#8221;I would like to find out more about your solutions for hotel chains. Please get in touch with me.&#8221;][\/vc_column][\/vc_row][vc_row full_width=&#8221;electroluxpro-full-width-no-padding&#8221; el_id=&#8221;food-service-consultant&#8221;][vc_column][vc_empty_space height=&#8221;100px&#8221;][elx_image_block background_image=&#8221;1678&#8243; minimum_height=&#8221;300px&#8221;][vc_empty_space][elx_heading font_size=&#8221;h2&#8243; text_color=&#8221;inherit&#8221; text_align=&#8221;text-center&#8221;]Mutfak dan\u0131\u015fman\u0131 m\u0131s\u0131n\u0131z?[\/elx_heading][vc_empty_space][\/vc_column][\/vc_row][vc_row][vc_column width=&#8221;1\/2&#8243; css=&#8221;.vc_custom_1481126474871{padding-right: 32px !important;}&#8221;][vc_column_text drop_caps=&#8221;big-first-letter&#8221;]<\/p>\n<h3>Projeleriniz i\u00e7in<br \/>\nyeni bir alan<\/h3>\n<p>Electrolux Professional, end\u00fcstriyel mutfaklar ve \u00e7ama\u015f\u0131r \u00e7\u00f6z\u00fcmleri i\u00e7in entegre sistemler d\u00fcnyas\u0131nda bir standart haline geldi. Hepsinden \u00f6nemlisi 70 y\u0131ll\u0131k deneyimimiz pazarlar\u0131n ihtiya\u00e7lar\u0131n\u0131 alg\u0131lamam\u0131z\u0131 ve bu ihtiya\u00e7lar\u0131 uzmanl\u0131\u011f\u0131m\u0131z ile kar\u015f\u0131lamam\u0131z\u0131 sa\u011flad\u0131.<\/p>\n<p>Bizi tan\u0131yanlar yenilik\u00e7i \u00e7\u00f6z\u00fcmler sunan ve sat\u0131\u015f sonras\u0131 muazzam hizmetler sa\u011flayan a\u00e7\u0131k ve profesyonel bir i\u015f orta\u011f\u0131na g\u00fcvenebileceklerini bilirler.<\/p>\n<p>\u00d6nemli Dan\u0131\u015fmanlar ile bir a\u011f kurmak, karl\u0131 bir fikir al\u0131\u015fveri\u015fi olu\u015fturmak i\u00e7in de\u011ferli bir f\u0131rsatt\u0131r.<\/p>\n<p>\u0130nternet \u00fczerinde i\u015finizi kolayla\u015ft\u0131rmay\u0131 hedefleyen, Electrolux Professional \u00e7\u00f6z\u00fcmleri \u00fczerine bir alan olu\u015fturduk. Burada her \u00fcr\u00fcn ile ilgili belgeleri eksiksiz olarak bulabilir, kolayca kullan\u0131p indirebilirsiniz.<\/p>\n<h3>Electrolux Professional \u00c7\u00f6z\u00fcmleri Hesab\u0131n\u0131z i\u00e7in ileti\u015fime ge\u00e7in<\/h3>\n<p>[\/vc_column_text][\/vc_column][vc_column width=&#8221;1\/2&#8243;][elx_o2000_contact_us s=&#8221;Request of account on Electrolux Solutions for consultants&#8221; container=&#8221;elxcontactus1476697611&#8243; r=&#8221;I am a consultant and I would like to get an account in your Electrolux Solutions web space. Please get in touch with me.&#8221; e=&#8221;karen-cristina.breda@electrolux.com&#8221;][\/vc_column][\/vc_row]<\/p>\n","protected":false},"excerpt":{"rendered":"<p>[vc_row full_width=&#8221;electroluxpro-full-width-no-padding&#8221;][vc_column][elx_hero_slider label_text_color=&#8221;inherit&#8221; images=&#8221;1682&#8243;][elx_heading text_color=&#8221;orange&#8221; text_align=&#8221;text-left&#8221;]De\u011fer Zincirinizi birlikte in\u015fa edelim. [\/elx_heading][\/elx_hero_slider][\/vc_column][\/vc_row][vc_row full_width=&#8221;electroluxpro-container-no-padding&#8221; full_height=&#8221;yes&#8221; parallax=&#8221;content-moving&#8221;][vc_column css=&#8221;.vc_custom_1472030236138{padding-top: 20px !important;}&#8221;][elx_heading font_container=&#8221;h1&#8243; font_size=&#8221;h3&#8243; text_color=&#8221;inherit&#8221; text_align=&#8221;text-center&#8221;]Electrolux Professional\u2019\u0131n otel zincirlerine \u00f6zel hizmet ekibi ile ihtiyac\u0131n\u0131z olan standarda kavu\u015fun.[\/elx_heading][vc_empty_space][\/vc_column][\/vc_row][vc_row][vc_column width=&#8221;1\/2&#8243;][elx_simple_block background_color=&#8221;inherit&#8221;][vc_column_text drop_caps=&#8221;big-first-letter&#8221;] Electrolux Professional, markan\u0131z alt\u0131nda hizmet veren t\u00fcm mutfaklar\u0131n veya \u00e7ama\u015f\u0131rhanelerin ayn\u0131 inovasyon, s\u00fcrd\u00fcr\u00fclebilirlik, g\u00fcvenlik ve kolayl\u0131k seviyesini sunmas\u0131n\u0131 sa\u011fl\u0131yor. K\u00fcresel [&hellip;]<\/p>\n","protected":false},"author":64,"featured_media":1677,"parent":1508,"menu_order":0,"comment_status":"closed","ping_status":"closed","template":"","meta":{"footnotes":""},"class_list":["post-19565","page","type-page","status-publish","has-post-thumbnail","hentry"],"acf":[],"yoast_head":"<!-- This site is optimized with the Yoast SEO plugin v23.3 - https:\/\/yoast.com\/wordpress\/plugins\/seo\/ -->\n<title>Otel Zincirlere Y\u00f6nelik Yiyecek \u00c7\u00f6z\u00fcmleri - Electrolux Professional<\/title>\n<meta name=\"description\" content=\"Electrolux Professional\u2019\u0131n otel zincirlerine \u00f6zel hizmet ekibi ile ihtiyac\u0131n\u0131z olan yiyecek servis standard\u0131na kavu\u015fun.\" \/>\n<meta name=\"robots\" content=\"index, follow, max-snippet:-1, max-image-preview:large, max-video-preview:-1\" \/>\n<link rel=\"canonical\" href=\"https:\/\/www.electroluxprofessional.com\/tr\/isletmenize-yonelik-cozumler\/otel-zincirleri-yemek-servisi\/\" \/>\n<meta property=\"og:locale\" content=\"tr_TR\" \/>\n<meta property=\"og:type\" content=\"article\" \/>\n<meta property=\"og:title\" content=\"Otel Zincirlere Y\u00f6nelik Yiyecek \u00c7\u00f6z\u00fcmleri - Electrolux Professional\" \/>\n<meta property=\"og:description\" content=\"Electrolux Professional\u2019\u0131n otel zincirlerine \u00f6zel hizmet ekibi ile ihtiyac\u0131n\u0131z olan yiyecek servis standard\u0131na kavu\u015fun.\" \/>\n<meta property=\"og:url\" content=\"https:\/\/www.electroluxprofessional.com\/tr\/isletmenize-yonelik-cozumler\/otel-zincirleri-yemek-servisi\/\" \/>\n<meta property=\"og:site_name\" content=\"Electrolux Professional T\u00fcrkiye\" \/>\n<meta property=\"article:modified_time\" content=\"2025-04-30T14:42:15+00:00\" \/>\n<meta property=\"og:image\" content=\"https:\/\/www.electroluxprofessional.com\/tr\/wp-content\/uploads\/2017\/02\/hotel-chain-food.jpg\" \/>\n\t<meta property=\"og:image:width\" content=\"700\" \/>\n\t<meta property=\"og:image:height\" content=\"700\" \/>\n\t<meta property=\"og:image:type\" content=\"image\/jpeg\" \/>\n<meta name=\"twitter:card\" content=\"summary_large_image\" \/>\n<meta name=\"twitter:label1\" content=\"Tahmini okuma s\u00fcresi\" \/>\n\t<meta name=\"twitter:data1\" content=\"4 dakika\" \/>\n<script type=\"application\/ld+json\" class=\"yoast-schema-graph\">{\"@context\":\"https:\/\/schema.org\",\"@graph\":[{\"@type\":\"WebPage\",\"@id\":\"https:\/\/www.electroluxprofessional.com\/tr\/isletmenize-yonelik-cozumler\/otel-zincirleri-yemek-servisi\/\",\"url\":\"https:\/\/www.electroluxprofessional.com\/tr\/isletmenize-yonelik-cozumler\/otel-zincirleri-yemek-servisi\/\",\"name\":\"Otel Zincirlere Y\u00f6nelik Yiyecek \u00c7\u00f6z\u00fcmleri - Electrolux Professional\",\"isPartOf\":{\"@id\":\"https:\/\/www.electroluxprofessional.com\/tr\/#website\"},\"primaryImageOfPage\":{\"@id\":\"https:\/\/www.electroluxprofessional.com\/tr\/isletmenize-yonelik-cozumler\/otel-zincirleri-yemek-servisi\/#primaryimage\"},\"image\":{\"@id\":\"https:\/\/www.electroluxprofessional.com\/tr\/isletmenize-yonelik-cozumler\/otel-zincirleri-yemek-servisi\/#primaryimage\"},\"thumbnailUrl\":\"https:\/\/www.electroluxprofessional.com\/tr\/wp-content\/uploads\/2017\/02\/hotel-chain-food.jpg\",\"datePublished\":\"2025-04-30T13:19:58+00:00\",\"dateModified\":\"2025-04-30T14:42:15+00:00\",\"description\":\"Electrolux Professional\u2019\u0131n otel zincirlerine \u00f6zel hizmet ekibi ile ihtiyac\u0131n\u0131z olan yiyecek servis standard\u0131na kavu\u015fun.\",\"breadcrumb\":{\"@id\":\"https:\/\/www.electroluxprofessional.com\/tr\/isletmenize-yonelik-cozumler\/otel-zincirleri-yemek-servisi\/#breadcrumb\"},\"inLanguage\":\"tr\",\"potentialAction\":[{\"@type\":\"ReadAction\",\"target\":[\"https:\/\/www.electroluxprofessional.com\/tr\/isletmenize-yonelik-cozumler\/otel-zincirleri-yemek-servisi\/\"]}]},{\"@type\":\"ImageObject\",\"inLanguage\":\"tr\",\"@id\":\"https:\/\/www.electroluxprofessional.com\/tr\/isletmenize-yonelik-cozumler\/otel-zincirleri-yemek-servisi\/#primaryimage\",\"url\":\"https:\/\/www.electroluxprofessional.com\/tr\/wp-content\/uploads\/2017\/02\/hotel-chain-food.jpg\",\"contentUrl\":\"https:\/\/www.electroluxprofessional.com\/tr\/wp-content\/uploads\/2017\/02\/hotel-chain-food.jpg\",\"width\":700,\"height\":700,\"caption\":\"hotel-chain-food\"},{\"@type\":\"BreadcrumbList\",\"@id\":\"https:\/\/www.electroluxprofessional.com\/tr\/isletmenize-yonelik-cozumler\/otel-zincirleri-yemek-servisi\/#breadcrumb\",\"itemListElement\":[{\"@type\":\"ListItem\",\"position\":1,\"name\":\"Home\",\"item\":\"https:\/\/www.electroluxprofessional.com\/tr\/\"},{\"@type\":\"ListItem\",\"position\":2,\"name\":\"\u0130\u015fletmenize Y\u00f6nelik \u00c7\u00f6z\u00fcmler\",\"item\":\"https:\/\/www.electroluxprofessional.com\/tr\/isletmenize-yonelik-cozumler\/\"},{\"@type\":\"ListItem\",\"position\":3,\"name\":\"Otel Zincirleri G\u0131da\"}]},{\"@type\":\"WebSite\",\"@id\":\"https:\/\/www.electroluxprofessional.com\/tr\/#website\",\"url\":\"https:\/\/www.electroluxprofessional.com\/tr\/\",\"name\":\"Electrolux Professional T\u00fcrkiye\",\"description\":\"\",\"potentialAction\":[{\"@type\":\"SearchAction\",\"target\":{\"@type\":\"EntryPoint\",\"urlTemplate\":\"https:\/\/www.electroluxprofessional.com\/tr\/?src={search_term_string}\"},\"query-input\":\"required name=search_term_string\"}],\"inLanguage\":\"tr\"}]}<\/script>\n<!-- \/ Yoast SEO plugin. -->","yoast_head_json":{"title":"Otel Zincirlere Y\u00f6nelik Yiyecek \u00c7\u00f6z\u00fcmleri - Electrolux Professional","description":"Electrolux Professional\u2019\u0131n otel zincirlerine \u00f6zel hizmet ekibi ile ihtiyac\u0131n\u0131z olan yiyecek servis standard\u0131na kavu\u015fun.","robots":{"index":"index","follow":"follow","max-snippet":"max-snippet:-1","max-image-preview":"max-image-preview:large","max-video-preview":"max-video-preview:-1"},"canonical":"https:\/\/www.electroluxprofessional.com\/tr\/isletmenize-yonelik-cozumler\/otel-zincirleri-yemek-servisi\/","og_locale":"tr_TR","og_type":"article","og_title":"Otel Zincirlere Y\u00f6nelik Yiyecek \u00c7\u00f6z\u00fcmleri - Electrolux Professional","og_description":"Electrolux Professional\u2019\u0131n otel zincirlerine \u00f6zel hizmet ekibi ile ihtiyac\u0131n\u0131z olan yiyecek servis standard\u0131na kavu\u015fun.","og_url":"https:\/\/www.electroluxprofessional.com\/tr\/isletmenize-yonelik-cozumler\/otel-zincirleri-yemek-servisi\/","og_site_name":"Electrolux Professional T\u00fcrkiye","article_modified_time":"2025-04-30T14:42:15+00:00","og_image":[{"width":700,"height":700,"url":"https:\/\/www.electroluxprofessional.com\/tr\/wp-content\/uploads\/2017\/02\/hotel-chain-food.jpg","type":"image\/jpeg"}],"twitter_card":"summary_large_image","twitter_misc":{"Tahmini okuma s\u00fcresi":"4 dakika"},"schema":{"@context":"https:\/\/schema.org","@graph":[{"@type":"WebPage","@id":"https:\/\/www.electroluxprofessional.com\/tr\/isletmenize-yonelik-cozumler\/otel-zincirleri-yemek-servisi\/","url":"https:\/\/www.electroluxprofessional.com\/tr\/isletmenize-yonelik-cozumler\/otel-zincirleri-yemek-servisi\/","name":"Otel Zincirlere Y\u00f6nelik Yiyecek \u00c7\u00f6z\u00fcmleri - Electrolux Professional","isPartOf":{"@id":"https:\/\/www.electroluxprofessional.com\/tr\/#website"},"primaryImageOfPage":{"@id":"https:\/\/www.electroluxprofessional.com\/tr\/isletmenize-yonelik-cozumler\/otel-zincirleri-yemek-servisi\/#primaryimage"},"image":{"@id":"https:\/\/www.electroluxprofessional.com\/tr\/isletmenize-yonelik-cozumler\/otel-zincirleri-yemek-servisi\/#primaryimage"},"thumbnailUrl":"https:\/\/www.electroluxprofessional.com\/tr\/wp-content\/uploads\/2017\/02\/hotel-chain-food.jpg","datePublished":"2025-04-30T13:19:58+00:00","dateModified":"2025-04-30T14:42:15+00:00","description":"Electrolux Professional\u2019\u0131n otel zincirlerine \u00f6zel hizmet ekibi ile ihtiyac\u0131n\u0131z olan yiyecek servis standard\u0131na kavu\u015fun.","breadcrumb":{"@id":"https:\/\/www.electroluxprofessional.com\/tr\/isletmenize-yonelik-cozumler\/otel-zincirleri-yemek-servisi\/#breadcrumb"},"inLanguage":"tr","potentialAction":[{"@type":"ReadAction","target":["https:\/\/www.electroluxprofessional.com\/tr\/isletmenize-yonelik-cozumler\/otel-zincirleri-yemek-servisi\/"]}]},{"@type":"ImageObject","inLanguage":"tr","@id":"https:\/\/www.electroluxprofessional.com\/tr\/isletmenize-yonelik-cozumler\/otel-zincirleri-yemek-servisi\/#primaryimage","url":"https:\/\/www.electroluxprofessional.com\/tr\/wp-content\/uploads\/2017\/02\/hotel-chain-food.jpg","contentUrl":"https:\/\/www.electroluxprofessional.com\/tr\/wp-content\/uploads\/2017\/02\/hotel-chain-food.jpg","width":700,"height":700,"caption":"hotel-chain-food"},{"@type":"BreadcrumbList","@id":"https:\/\/www.electroluxprofessional.com\/tr\/isletmenize-yonelik-cozumler\/otel-zincirleri-yemek-servisi\/#breadcrumb","itemListElement":[{"@type":"ListItem","position":1,"name":"Home","item":"https:\/\/www.electroluxprofessional.com\/tr\/"},{"@type":"ListItem","position":2,"name":"\u0130\u015fletmenize Y\u00f6nelik \u00c7\u00f6z\u00fcmler","item":"https:\/\/www.electroluxprofessional.com\/tr\/isletmenize-yonelik-cozumler\/"},{"@type":"ListItem","position":3,"name":"Otel Zincirleri G\u0131da"}]},{"@type":"WebSite","@id":"https:\/\/www.electroluxprofessional.com\/tr\/#website","url":"https:\/\/www.electroluxprofessional.com\/tr\/","name":"Electrolux Professional T\u00fcrkiye","description":"","potentialAction":[{"@type":"SearchAction","target":{"@type":"EntryPoint","urlTemplate":"https:\/\/www.electroluxprofessional.com\/tr\/?src={search_term_string}"},"query-input":"required name=search_term_string"}],"inLanguage":"tr"}]}},"_links":{"self":[{"href":"https:\/\/www.electroluxprofessional.com\/tr\/wp-json\/wp\/v2\/pages\/19565"}],"collection":[{"href":"https:\/\/www.electroluxprofessional.com\/tr\/wp-json\/wp\/v2\/pages"}],"about":[{"href":"https:\/\/www.electroluxprofessional.com\/tr\/wp-json\/wp\/v2\/types\/page"}],"author":[{"embeddable":true,"href":"https:\/\/www.electroluxprofessional.com\/tr\/wp-json\/wp\/v2\/users\/64"}],"replies":[{"embeddable":true,"href":"https:\/\/www.electroluxprofessional.com\/tr\/wp-json\/wp\/v2\/comments?post=19565"}],"version-history":[{"count":15,"href":"https:\/\/www.electroluxprofessional.com\/tr\/wp-json\/wp\/v2\/pages\/19565\/revisions"}],"predecessor-version":[{"id":19582,"href":"https:\/\/www.electroluxprofessional.com\/tr\/wp-json\/wp\/v2\/pages\/19565\/revisions\/19582"}],"up":[{"embeddable":true,"href":"https:\/\/www.electroluxprofessional.com\/tr\/wp-json\/wp\/v2\/pages\/1508"}],"wp:featuredmedia":[{"embeddable":true,"href":"https:\/\/www.electroluxprofessional.com\/tr\/wp-json\/wp\/v2\/media\/1677"}],"wp:attachment":[{"href":"https:\/\/www.electroluxprofessional.com\/tr\/wp-json\/wp\/v2\/media?parent=19565"}],"curies":[{"name":"wp","href":"https:\/\/api.w.org\/{rel}","templated":true}]}}