{"id":1630,"date":"2016-11-14T09:12:55","date_gmt":"2016-11-14T09:12:55","guid":{"rendered":"https:\/\/www.electroluxprofessional.com\/?page_id=5138"},"modified":"2025-09-24T08:51:48","modified_gmt":"2025-09-24T08:51:48","slug":"isletmeler-ulasim-sanayi","status":"publish","type":"page","link":"https:\/\/www.electroluxprofessional.com\/tr\/isletmenize-yonelik-cozumler\/isletmeler-ulasim-sanayi\/","title":{"rendered":"\u0130\u015fletmeler, Ula\u015f\u0131m ve Sanayi"},"content":{"rendered":"<p>[vc_row full_width=&#8221;electroluxpro-full-width-no-padding&#8221;][vc_column][elx_hero_slider text_color=&#8221;white&#8221; label_text_color=&#8221;inherit&#8221; background_colors=&#8221;background-gold&#8221; images=&#8221;1629&#8243;][elx_heading font_container=&#8221;h1&#8243; text_color=&#8221;inherit&#8221;]\u0130\u015fletmeler, Ula\u015f\u0131m &amp; Sanayi[\/elx_heading][\/elx_hero_slider][\/vc_column][\/vc_row][vc_row][vc_column][elx_heading font_container=&#8221;h1&#8243; text_color=&#8221;inherit&#8221;]\u0130\u015fletmeler, ula\u015f\u0131m ve sanayiye y\u00f6nelik \u00f6zel \u00e7\u00f6z\u00fcmlerimizi ke\u015ffedin[\/elx_heading][\/vc_column][\/vc_row][vc_row][vc_column width=&#8221;1\/3&#8243;][elx_maylike_box id_box=&#8221;16081&#8243; matched_labels=&#8221;&#8221;][\/vc_column][vc_column width=&#8221;1\/3&#8243;][elx_maylike_box id_box=&#8221;1256&#8243;][\/vc_column][vc_column width=&#8221;1\/3&#8243;][elx_maylike_box id_box=&#8221;16308&#8243;][\/vc_column][\/vc_row][vc_row][vc_column width=&#8221;1\/3&#8243;][elx_maylike_box id_box=&#8221;1470&#8243;][\/vc_column][vc_column width=&#8221;1\/3&#8243;][elx_maylike_box id_box=&#8221;16292&#8243; matched_labels=&#8221;&#8221;][\/vc_column][vc_column width=&#8221;1\/3&#8243;][\/vc_column][\/vc_row][vc_row][vc_column][vc_empty_space height=&#8221;50px&#8221;][\/vc_column][\/vc_row][vc_row][vc_column][elx_heading text_color=&#8221;inherit&#8221; text_align=&#8221;text-center&#8221;]Electrolux Professional&#8217;\u00fcn i\u015fletmeniz i\u00e7in neler yapabilece\u011fini ke\u015ffedin[\/elx_heading][elx_o2000_contact_us s=&#8221;Request of information about Business, Transport and Industry&#8221; container=&#8221;elxcontactus1480522792&#8243; r=&#8221;\u0130\u015fletmeler, Ula\u015f\u0131m ve Sanayi alan\u0131ndaki i\u015fletmeye y\u00f6nelik \u00e7\u00f6z\u00fcmler hakk\u0131nda daha fazla bilgi edinmek istiyorum. L\u00fctfen benimle ileti\u015fime ge\u00e7in.&#8221; l=&#8221;tr&#8221;][\/vc_column][\/vc_row][vc_row][vc_column][vc_empty_space height=&#8221;50px&#8221;][\/vc_column][\/vc_row]<\/p>\n","protected":false},"excerpt":{"rendered":"<p>[vc_row full_width=&#8221;electroluxpro-full-width-no-padding&#8221;][vc_column][elx_hero_slider text_color=&#8221;white&#8221; label_text_color=&#8221;inherit&#8221; background_colors=&#8221;background-gold&#8221; images=&#8221;1629&#8243;][elx_heading font_container=&#8221;h1&#8243; text_color=&#8221;inherit&#8221;]\u0130\u015fletmeler, Ula\u015f\u0131m &amp; Sanayi[\/elx_heading][\/elx_hero_slider][\/vc_column][\/vc_row][vc_row][vc_column][elx_heading font_container=&#8221;h1&#8243; text_color=&#8221;inherit&#8221;]\u0130\u015fletmeler, ula\u015f\u0131m ve sanayiye y\u00f6nelik \u00f6zel \u00e7\u00f6z\u00fcmlerimizi ke\u015ffedin[\/elx_heading][\/vc_column][\/vc_row][vc_row][vc_column width=&#8221;1\/3&#8243;][elx_maylike_box id_box=&#8221;16081&#8243; matched_labels=&#8221;&#8221;][\/vc_column][vc_column width=&#8221;1\/3&#8243;][elx_maylike_box id_box=&#8221;1256&#8243;][\/vc_column][vc_column width=&#8221;1\/3&#8243;][elx_maylike_box id_box=&#8221;16308&#8243;][\/vc_column][\/vc_row][vc_row][vc_column width=&#8221;1\/3&#8243;][elx_maylike_box id_box=&#8221;1470&#8243;][\/vc_column][vc_column width=&#8221;1\/3&#8243;][elx_maylike_box id_box=&#8221;16292&#8243; matched_labels=&#8221;&#8221;][\/vc_column][vc_column width=&#8221;1\/3&#8243;][\/vc_column][\/vc_row][vc_row][vc_column][vc_empty_space height=&#8221;50px&#8221;][\/vc_column][\/vc_row][vc_row][vc_column][elx_heading text_color=&#8221;inherit&#8221; text_align=&#8221;text-center&#8221;]Electrolux Professional&#8217;\u00fcn i\u015fletmeniz i\u00e7in neler yapabilece\u011fini ke\u015ffedin[\/elx_heading][elx_o2000_contact_us s=&#8221;Request of information about Business, Transport and Industry&#8221; container=&#8221;elxcontactus1480522792&#8243; r=&#8221;\u0130\u015fletmeler, Ula\u015f\u0131m ve Sanayi [&hellip;]<\/p>\n","protected":false},"author":3,"featured_media":1503,"parent":1508,"menu_order":0,"comment_status":"closed","ping_status":"closed","template":"","meta":{"footnotes":""},"class_list":["post-1630","page","type-page","status-publish","has-post-thumbnail","hentry"],"acf":[],"yoast_head":"<!-- This site is optimized with the Yoast SEO plugin v23.3 - https:\/\/yoast.com\/wordpress\/plugins\/seo\/ -->\n<title>Ula\u015f\u0131m, Sanayi ve \u0130\u015fyerleri i\u00e7in \u00c7\u00f6z\u00fcmler - Electrolux Professional<\/title>\n<meta name=\"description\" content=\"\u0130\u015fletme kantinlerinden, genel y\u00f6netime kadar i\u015fletmeniz i\u00e7in Electrolux Professional \u00e7\u00f6z\u00fcmlerini ke\u015ffedin.\" \/>\n<meta name=\"robots\" content=\"index, follow, max-snippet:-1, max-image-preview:large, max-video-preview:-1\" \/>\n<link rel=\"canonical\" href=\"https:\/\/www.electroluxprofessional.com\/tr\/isletmenize-yonelik-cozumler\/isletmeler-ulasim-sanayi\/\" \/>\n<meta property=\"og:locale\" content=\"tr_TR\" \/>\n<meta property=\"og:type\" content=\"article\" \/>\n<meta property=\"og:title\" content=\"Ula\u015f\u0131m, Sanayi ve \u0130\u015fyerleri i\u00e7in \u00c7\u00f6z\u00fcmler - Electrolux Professional\" \/>\n<meta property=\"og:description\" content=\"\u0130\u015fletme kantinlerinden, genel y\u00f6netime kadar i\u015fletmeniz i\u00e7in Electrolux Professional \u00e7\u00f6z\u00fcmlerini ke\u015ffedin.\" \/>\n<meta property=\"og:url\" content=\"https:\/\/www.electroluxprofessional.com\/tr\/isletmenize-yonelik-cozumler\/isletmeler-ulasim-sanayi\/\" \/>\n<meta property=\"og:site_name\" content=\"Electrolux Professional T\u00fcrkiye\" \/>\n<meta property=\"article:modified_time\" content=\"2025-09-24T08:51:48+00:00\" \/>\n<meta property=\"og:image\" content=\"https:\/\/www.electroluxprofessional.com\/tr\/wp-content\/uploads\/2016\/12\/quadro.jpg\" \/>\n\t<meta property=\"og:image:width\" content=\"1000\" \/>\n\t<meta property=\"og:image:height\" content=\"1000\" \/>\n\t<meta property=\"og:image:type\" content=\"image\/jpeg\" \/>\n<meta name=\"twitter:card\" content=\"summary_large_image\" \/>\n<meta name=\"twitter:label1\" content=\"Tahmini okuma s\u00fcresi\" \/>\n\t<meta name=\"twitter:data1\" content=\"1 dakika\" \/>\n<script type=\"application\/ld+json\" class=\"yoast-schema-graph\">{\"@context\":\"https:\/\/schema.org\",\"@graph\":[{\"@type\":\"WebPage\",\"@id\":\"https:\/\/www.electroluxprofessional.com\/tr\/isletmenize-yonelik-cozumler\/isletmeler-ulasim-sanayi\/\",\"url\":\"https:\/\/www.electroluxprofessional.com\/tr\/isletmenize-yonelik-cozumler\/isletmeler-ulasim-sanayi\/\",\"name\":\"Ula\u015f\u0131m, Sanayi ve \u0130\u015fyerleri i\u00e7in \u00c7\u00f6z\u00fcmler - Electrolux Professional\",\"isPartOf\":{\"@id\":\"https:\/\/www.electroluxprofessional.com\/tr\/#website\"},\"primaryImageOfPage\":{\"@id\":\"https:\/\/www.electroluxprofessional.com\/tr\/isletmenize-yonelik-cozumler\/isletmeler-ulasim-sanayi\/#primaryimage\"},\"image\":{\"@id\":\"https:\/\/www.electroluxprofessional.com\/tr\/isletmenize-yonelik-cozumler\/isletmeler-ulasim-sanayi\/#primaryimage\"},\"thumbnailUrl\":\"https:\/\/www.electroluxprofessional.com\/tr\/wp-content\/uploads\/2016\/12\/quadro.jpg\",\"datePublished\":\"2016-11-14T09:12:55+00:00\",\"dateModified\":\"2025-09-24T08:51:48+00:00\",\"description\":\"\u0130\u015fletme kantinlerinden, genel y\u00f6netime kadar i\u015fletmeniz i\u00e7in Electrolux Professional \u00e7\u00f6z\u00fcmlerini ke\u015ffedin.\",\"breadcrumb\":{\"@id\":\"https:\/\/www.electroluxprofessional.com\/tr\/isletmenize-yonelik-cozumler\/isletmeler-ulasim-sanayi\/#breadcrumb\"},\"inLanguage\":\"tr\",\"potentialAction\":[{\"@type\":\"ReadAction\",\"target\":[\"https:\/\/www.electroluxprofessional.com\/tr\/isletmenize-yonelik-cozumler\/isletmeler-ulasim-sanayi\/\"]}]},{\"@type\":\"ImageObject\",\"inLanguage\":\"tr\",\"@id\":\"https:\/\/www.electroluxprofessional.com\/tr\/isletmenize-yonelik-cozumler\/isletmeler-ulasim-sanayi\/#primaryimage\",\"url\":\"https:\/\/www.electroluxprofessional.com\/tr\/wp-content\/uploads\/2016\/12\/quadro.jpg\",\"contentUrl\":\"https:\/\/www.electroluxprofessional.com\/tr\/wp-content\/uploads\/2016\/12\/quadro.jpg\",\"width\":1000,\"height\":1000,\"caption\":\"Business, transport and industry\"},{\"@type\":\"BreadcrumbList\",\"@id\":\"https:\/\/www.electroluxprofessional.com\/tr\/isletmenize-yonelik-cozumler\/isletmeler-ulasim-sanayi\/#breadcrumb\",\"itemListElement\":[{\"@type\":\"ListItem\",\"position\":1,\"name\":\"Home\",\"item\":\"https:\/\/www.electroluxprofessional.com\/tr\/\"},{\"@type\":\"ListItem\",\"position\":2,\"name\":\"\u0130\u015fletmenize Y\u00f6nelik \u00c7\u00f6z\u00fcmler\",\"item\":\"https:\/\/www.electroluxprofessional.com\/tr\/isletmenize-yonelik-cozumler\/\"},{\"@type\":\"ListItem\",\"position\":3,\"name\":\"\u0130\u015fletmeler, Ula\u015f\u0131m ve Sanayi\"}]},{\"@type\":\"WebSite\",\"@id\":\"https:\/\/www.electroluxprofessional.com\/tr\/#website\",\"url\":\"https:\/\/www.electroluxprofessional.com\/tr\/\",\"name\":\"Electrolux Professional T\u00fcrkiye\",\"description\":\"\",\"potentialAction\":[{\"@type\":\"SearchAction\",\"target\":{\"@type\":\"EntryPoint\",\"urlTemplate\":\"https:\/\/www.electroluxprofessional.com\/tr\/?src={search_term_string}\"},\"query-input\":\"required name=search_term_string\"}],\"inLanguage\":\"tr\"}]}<\/script>\n<!-- \/ Yoast SEO plugin. -->","yoast_head_json":{"title":"Ula\u015f\u0131m, Sanayi ve \u0130\u015fyerleri i\u00e7in \u00c7\u00f6z\u00fcmler - Electrolux Professional","description":"\u0130\u015fletme kantinlerinden, genel y\u00f6netime kadar i\u015fletmeniz i\u00e7in Electrolux Professional \u00e7\u00f6z\u00fcmlerini ke\u015ffedin.","robots":{"index":"index","follow":"follow","max-snippet":"max-snippet:-1","max-image-preview":"max-image-preview:large","max-video-preview":"max-video-preview:-1"},"canonical":"https:\/\/www.electroluxprofessional.com\/tr\/isletmenize-yonelik-cozumler\/isletmeler-ulasim-sanayi\/","og_locale":"tr_TR","og_type":"article","og_title":"Ula\u015f\u0131m, Sanayi ve \u0130\u015fyerleri i\u00e7in \u00c7\u00f6z\u00fcmler - Electrolux Professional","og_description":"\u0130\u015fletme kantinlerinden, genel y\u00f6netime kadar i\u015fletmeniz i\u00e7in Electrolux Professional \u00e7\u00f6z\u00fcmlerini ke\u015ffedin.","og_url":"https:\/\/www.electroluxprofessional.com\/tr\/isletmenize-yonelik-cozumler\/isletmeler-ulasim-sanayi\/","og_site_name":"Electrolux Professional T\u00fcrkiye","article_modified_time":"2025-09-24T08:51:48+00:00","og_image":[{"width":1000,"height":1000,"url":"https:\/\/www.electroluxprofessional.com\/tr\/wp-content\/uploads\/2016\/12\/quadro.jpg","type":"image\/jpeg"}],"twitter_card":"summary_large_image","twitter_misc":{"Tahmini okuma s\u00fcresi":"1 dakika"},"schema":{"@context":"https:\/\/schema.org","@graph":[{"@type":"WebPage","@id":"https:\/\/www.electroluxprofessional.com\/tr\/isletmenize-yonelik-cozumler\/isletmeler-ulasim-sanayi\/","url":"https:\/\/www.electroluxprofessional.com\/tr\/isletmenize-yonelik-cozumler\/isletmeler-ulasim-sanayi\/","name":"Ula\u015f\u0131m, Sanayi ve \u0130\u015fyerleri i\u00e7in \u00c7\u00f6z\u00fcmler - Electrolux Professional","isPartOf":{"@id":"https:\/\/www.electroluxprofessional.com\/tr\/#website"},"primaryImageOfPage":{"@id":"https:\/\/www.electroluxprofessional.com\/tr\/isletmenize-yonelik-cozumler\/isletmeler-ulasim-sanayi\/#primaryimage"},"image":{"@id":"https:\/\/www.electroluxprofessional.com\/tr\/isletmenize-yonelik-cozumler\/isletmeler-ulasim-sanayi\/#primaryimage"},"thumbnailUrl":"https:\/\/www.electroluxprofessional.com\/tr\/wp-content\/uploads\/2016\/12\/quadro.jpg","datePublished":"2016-11-14T09:12:55+00:00","dateModified":"2025-09-24T08:51:48+00:00","description":"\u0130\u015fletme kantinlerinden, genel y\u00f6netime kadar i\u015fletmeniz i\u00e7in Electrolux Professional \u00e7\u00f6z\u00fcmlerini ke\u015ffedin.","breadcrumb":{"@id":"https:\/\/www.electroluxprofessional.com\/tr\/isletmenize-yonelik-cozumler\/isletmeler-ulasim-sanayi\/#breadcrumb"},"inLanguage":"tr","potentialAction":[{"@type":"ReadAction","target":["https:\/\/www.electroluxprofessional.com\/tr\/isletmenize-yonelik-cozumler\/isletmeler-ulasim-sanayi\/"]}]},{"@type":"ImageObject","inLanguage":"tr","@id":"https:\/\/www.electroluxprofessional.com\/tr\/isletmenize-yonelik-cozumler\/isletmeler-ulasim-sanayi\/#primaryimage","url":"https:\/\/www.electroluxprofessional.com\/tr\/wp-content\/uploads\/2016\/12\/quadro.jpg","contentUrl":"https:\/\/www.electroluxprofessional.com\/tr\/wp-content\/uploads\/2016\/12\/quadro.jpg","width":1000,"height":1000,"caption":"Business, transport and industry"},{"@type":"BreadcrumbList","@id":"https:\/\/www.electroluxprofessional.com\/tr\/isletmenize-yonelik-cozumler\/isletmeler-ulasim-sanayi\/#breadcrumb","itemListElement":[{"@type":"ListItem","position":1,"name":"Home","item":"https:\/\/www.electroluxprofessional.com\/tr\/"},{"@type":"ListItem","position":2,"name":"\u0130\u015fletmenize Y\u00f6nelik \u00c7\u00f6z\u00fcmler","item":"https:\/\/www.electroluxprofessional.com\/tr\/isletmenize-yonelik-cozumler\/"},{"@type":"ListItem","position":3,"name":"\u0130\u015fletmeler, Ula\u015f\u0131m ve Sanayi"}]},{"@type":"WebSite","@id":"https:\/\/www.electroluxprofessional.com\/tr\/#website","url":"https:\/\/www.electroluxprofessional.com\/tr\/","name":"Electrolux Professional T\u00fcrkiye","description":"","potentialAction":[{"@type":"SearchAction","target":{"@type":"EntryPoint","urlTemplate":"https:\/\/www.electroluxprofessional.com\/tr\/?src={search_term_string}"},"query-input":"required name=search_term_string"}],"inLanguage":"tr"}]}},"_links":{"self":[{"href":"https:\/\/www.electroluxprofessional.com\/tr\/wp-json\/wp\/v2\/pages\/1630"}],"collection":[{"href":"https:\/\/www.electroluxprofessional.com\/tr\/wp-json\/wp\/v2\/pages"}],"about":[{"href":"https:\/\/www.electroluxprofessional.com\/tr\/wp-json\/wp\/v2\/types\/page"}],"author":[{"embeddable":true,"href":"https:\/\/www.electroluxprofessional.com\/tr\/wp-json\/wp\/v2\/users\/3"}],"replies":[{"embeddable":true,"href":"https:\/\/www.electroluxprofessional.com\/tr\/wp-json\/wp\/v2\/comments?post=1630"}],"version-history":[{"count":18,"href":"https:\/\/www.electroluxprofessional.com\/tr\/wp-json\/wp\/v2\/pages\/1630\/revisions"}],"predecessor-version":[{"id":22318,"href":"https:\/\/www.electroluxprofessional.com\/tr\/wp-json\/wp\/v2\/pages\/1630\/revisions\/22318"}],"up":[{"embeddable":true,"href":"https:\/\/www.electroluxprofessional.com\/tr\/wp-json\/wp\/v2\/pages\/1508"}],"wp:featuredmedia":[{"embeddable":true,"href":"https:\/\/www.electroluxprofessional.com\/tr\/wp-json\/wp\/v2\/media\/1503"}],"wp:attachment":[{"href":"https:\/\/www.electroluxprofessional.com\/tr\/wp-json\/wp\/v2\/media?parent=1630"}],"curies":[{"name":"wp","href":"https:\/\/api.w.org\/{rel}","templated":true}]}}