{"id":52804,"date":"2024-12-19T22:02:43","date_gmt":"2024-12-19T21:02:43","guid":{"rendered":"https:\/\/www.electroluxprofessional.com\/se\/?page_id=52804"},"modified":"2024-12-20T14:27:50","modified_gmt":"2024-12-20T13:27:50","slug":"arskronika-2024-food","status":"publish","type":"page","link":"https:\/\/www.electroluxprofessional.com\/se\/arskronika-2024-food\/","title":{"rendered":"2024 \u00c5rskr\u00f6nika signerad Robin Bosma, Head of Sales Food Sverige"},"content":{"rendered":"<p>[vc_row full_width=&#8221;electroluxpro-full-width-no-padding&#8221; disable_element=&#8221;yes&#8221;][vc_column][elx_image_block background_image=&#8221;52672&#8243; minimum_height=&#8221;350px&#8221;][\/vc_column][\/vc_row][vc_row css=&#8221;.vc_custom_1734643795492{background-color: #eeeeee !important;}&#8221;][vc_column width=&#8221;1\/2&#8243;][vc_empty_space][vc_empty_space][elx_heading font_size=&#8221;h3&#8243; text_color=&#8221;inherit&#8221;]\u00c5rskr\u00f6nika signerad Robin Bosma, Head of Sales Food Sverige[\/elx_heading][vc_empty_space][vc_column_text]<strong>Det g\u00e5ngna \u00e5ret har varit b\u00e5de inspirerande och h\u00e4ndelserikt f\u00f6r Electrolux Professional. Vi har fortsatt att utveckla v\u00e5ra produkter och tj\u00e4nster med en tydlig fokus p\u00e5 att skapa h\u00e5llbara och innovativa l\u00f6sningar f\u00f6r framtiden. <\/strong><\/p>\n<p><strong>H\u00e4r delar vi med oss av n\u00e5gra av \u00e5rets h\u00f6jdpunkter som verkligen speglar v\u00e5rt engagemang f\u00f6r att driva b\u00e5de l\u00f6nsamhet och h\u00e5llbarhet fram\u00e5t.<\/strong>[\/vc_column_text][vc_empty_space height=&#8221;50px&#8221;][\/vc_column][vc_column width=&#8221;1\/2&#8243;][vc_empty_space][vc_single_image image=&#8221;49671&#8243; img_size=&#8221;large&#8221;][vc_column_text]<em>Robin Bosma, Head of Sales Food Sverige<\/em>[\/vc_column_text][vc_empty_space][\/vc_column][\/vc_row][vc_row][vc_column width=&#8221;2\/3&#8243;][vc_empty_space][elx_heading font_size=&#8221;h2&#8243; text_color=&#8221;inherit&#8221;]H\u00e5llbarhetsframg\u00e5ngar[\/elx_heading][vc_column_text]En av de st\u00f6rsta prestationerna var v\u00e5r Silver Sustainability Rating fr\u00e5n EcoVadis. Detta erk\u00e4nnande lyfter fram v\u00e5rt arbete med socialt ansvarstagande och h\u00e5llbarhet och visar att vi framg\u00e5ngsrikt kombinerar milj\u00f6m\u00e4ssiga och sociala m\u00e5l med v\u00e5ra aff\u00e4rsresultat.<\/p>\n<p>Att vi f\u00f6rb\u00e4ttrade v\u00e5r po\u00e4ng j\u00e4mf\u00f6rt med 2023 \u00e4r ett bevis p\u00e5 v\u00e5rt kontinuerliga arbete med h\u00e5llbar utveckling. Vi \u00e4r ocks\u00e5 stolta \u00f6ver att vara rankade bland v\u00e4rldens 500 b\u00e4sta f\u00f6retag f\u00f6r h\u00e5llbar tillv\u00e4xt av TIME och Statista, vilket bekr\u00e4ftar v\u00e5rt l\u00e5ngsiktiga engagemang f\u00f6r en ansvarsfull v\u00e4rdekedja.[\/vc_column_text][vc_empty_space][\/vc_column][vc_column width=&#8221;1\/3&#8243;][vc_empty_space][vc_empty_space][vc_single_image image=&#8221;52681&#8243; img_size=&#8221;230&#215;230&#8243; alignment=&#8221;center&#8221;][vc_empty_space][\/vc_column][\/vc_row][vc_row][vc_column width=&#8221;1\/2&#8243;][vc_empty_space][vc_single_image image=&#8221;48433&#8243; img_size=&#8221;large&#8221;][vc_empty_space][\/vc_column][vc_column width=&#8221;1\/2&#8243;][elx_heading font_size=&#8221;h2&#8243; text_color=&#8221;inherit&#8221;]HeroDry tork[\/elx_heading][vc_column_text]I b\u00f6rjan av \u00e5ret tr\u00e4dde det nya \u201deng\u00e5ngsplastdirektivet\u201d i kraft i Sverige. Kortfattat inneb\u00e4r det att alla restauranger och andra verksamheter som s\u00e4ljer mat och dryck m\u00e5ste kunna erbjuda sina kunder \u00e5teranv\u00e4ndningsbar mat\/dryckesf\u00f6rpackning, ist\u00e4llet f\u00f6r eng\u00e5ngsplast.<\/p>\n<p>I syfte att hj\u00e4lpa branschen m\u00f6ta det nya kravet lanserade vi <a href=\"https:\/\/www.electroluxprofessional.com\/se\/storkok\/herodry-fristaende-tork\/\">HeroDry<\/a>, en innovativ tork som snabbt kan torka \u00e5teranv\u00e4ndningsbara muggar och andra matf\u00f6rpackningar efter diskningen. HeroDry \u00e4r inte bara ett svar p\u00e5 de nya kraven utan \u00e4ven ett konkret exempel p\u00e5 v\u00e5r ambition att st\u00e4ndigt ligga i framkant med produkter som f\u00f6renar funktion och h\u00e5llbarhet. En viktig produkt f\u00f6r de restauranger som valt att f\u00f6lja direktivet.[\/vc_column_text][vc_empty_space][\/vc_column][\/vc_row][vc_row][vc_column width=&#8221;1\/2&#8243;][vc_empty_space][elx_heading font_size=&#8221;h2&#8243; text_color=&#8221;inherit&#8221;]OS med Svenska Kocklandslaget[\/elx_heading][vc_column_text]I b\u00f6rjan av \u00e5ret, i februari, var vi p\u00e5 plats i Stuttgart och st\u00f6ttade v\u00e5r l\u00e5ngsiktiga samarbetspartner, Svenska Kocklandslaget, under deras medverkan p\u00e5 Culinary Olympics (OS).<\/p>\n<p>\u00c4ven om det tyv\u00e4rr inte blev en pallplats i \u00e5r \u00e4r deras passion, engagemang och str\u00e4van efter perfektion n\u00e5got som inspirerar oss och speglar v\u00e5r egen ambition att driva svensk gastronomisk utveckling fram\u00e5t. Partnerskapet med laget, som har varat i \u00f6ver 20 \u00e5r, \u00e4r en viktig del av v\u00e5r vision och v\u00e5rt engagemang f\u00f6r att st\u00f6dja kockar och restaurangbranschen.[\/vc_column_text][\/vc_column][vc_column width=&#8221;1\/2&#8243;][vc_empty_space][vc_single_image image=&#8221;52684&#8243; img_size=&#8221;large&#8221;][vc_column_text]<em>Kocklandslaget p\u00e5 plats i t\u00e4vlingsk\u00f6ket under Culinary Olympics i Stuttgart.<\/em>[\/vc_column_text][vc_empty_space][\/vc_column][\/vc_row][vc_row][vc_column width=&#8221;1\/2&#8243;][vc_empty_space][elx_heading font_size=&#8221;h2&#8243; text_color=&#8221;inherit&#8221;]Krister Dahl &amp; Compass Group Sverige[\/elx_heading][vc_column_text]Tillsammans med <a href=\"https:\/\/www.electroluxprofessional.com\/se\/references\/compass-group-sverige\/\">Krister Dahl och Compass Group<\/a> har vi under \u00e5ret etablerat ett sp\u00e4nnande samarbete. Compass Group Sverige, som \u00e4r en ledande leverant\u00f6r av m\u00e5ltidsservice och supporttj\u00e4nster till olika sektorer och driver \u00f6ver 450 enheter runt om i landet, har utrustat sitt testk\u00f6k i G\u00f6teborg med v\u00e5ra l\u00f6sningar.<\/p>\n<p>Testk\u00f6ket fungerar som sj\u00e4lva navet navet f\u00f6r all kulinarisk kreativitet och utveckling inom Compass Group, men h\u00e4r sker \u00e4ven inspelningar och kundbes\u00f6k. I k\u00f6ket finns bland annat SkyLine kombiugn och Blast Chiller.[\/vc_column_text][vc_empty_space][\/vc_column][vc_column width=&#8221;1\/2&#8243;][vc_empty_space][elx_video_block background_image=&#8221;50116&#8243; video_link=&#8221;https:\/\/www.youtube.com\/watch?v=q2Th-lMPLbE&#8221; minimum_height=&#8221;350px&#8221;][vc_column_text]<em>Se videon om samarbetet med Krister Dahl och Compass Group.<\/em>[\/vc_column_text][\/vc_column][\/vc_row][vc_row][vc_column width=&#8221;1\/2&#8243;][vc_empty_space][vc_single_image image=&#8221;52748&#8243; img_size=&#8221;full&#8221;][vc_column_text]<em>Fullsatt showroom under \u00e5rets event.<\/em>[\/vc_column_text][vc_empty_space][\/vc_column][vc_column width=&#8221;1\/2&#8243;][vc_empty_space][elx_heading font_size=&#8221;h2&#8243; text_color=&#8221;inherit&#8221;]Tillsammans f\u00f6r milj\u00f6smarta k\u00f6k[\/elx_heading][vc_column_text]\u00c4ven i \u00e5r arrangerade vi v\u00e5rt popul\u00e4ra och numera \u00e5rliga event &#8220;Milj\u00f6 &amp; energismarta stork\u00f6k&#8221;, med stor framg\u00e5ng!<\/p>\n<p>I v\u00e5rt Center of Excellence samlades kunder, partners och medarbetare f\u00f6r att lyssna p\u00e5 givande f\u00f6rel\u00e4sningar och diskutera hur framtidens stork\u00f6k kan bli mer h\u00e5llbara och energieffektiva. Dagen bj\u00f6d p\u00e5 inspirerande f\u00f6rel\u00e4sningar och praktiska demonstrationer som satte fokus p\u00e5 milj\u00f6ansvar och framtidens utmaningar.[\/vc_column_text][vc_empty_space][\/vc_column][\/vc_row][vc_row][vc_column width=&#8221;1\/2&#8243;][vc_empty_space][elx_heading font_size=&#8221;h2&#8243; text_color=&#8221;inherit&#8221;]Maja Beskow-skolan: Framtidens kockar i fokus[\/elx_heading][vc_column_text]Samarbetet med restaurang &amp; livsmedelsprogrammet p\u00e5 <a href=\"https:\/\/www.electroluxprofessional.com\/se\/stipendium-till-kockelever\/\">Maja Beskow-skolan<\/a> \u00e4r en del av v\u00e5r satsning att utveckla framtidens kockar. Skolan, som satsar p\u00e5 att erbjuda den b\u00e4sta kockutbildningen i Sverige, fick sitt nya k\u00f6k invigt med pompa och st\u00e5t i juni.<\/p>\n<p>Bes\u00f6karna fick provsmaka den fina maten som eleverna hade tillagat i sitt nya k\u00f6k, fullt utrustat med Electrolux Professionals l\u00f6sningar. \u00a0Tv\u00e5 utvalda elever erh\u00f6ll stipendier och fick \u00e4ven ta del av en sp\u00e4nnande inspirationsdag tillsammans med Svenska Kocklandslaget p\u00e5 v\u00e5rt huvudkontor.[\/vc_column_text][\/vc_column][vc_column width=&#8221;1\/2&#8243;][vc_empty_space][vc_empty_space][vc_single_image image=&#8221;52739&#8243; img_size=&#8221;large&#8221;][vc_column_text]<em>N\u00e5gra av skolans elever p\u00e5 plats i nya Electrolux Professional-k\u00f6ket.<\/em>[\/vc_column_text][vc_empty_space][\/vc_column][\/vc_row][vc_row][vc_column width=&#8221;2\/3&#8243;][vc_empty_space][elx_heading font_size=&#8221;h2&#8243; text_color=&#8221;inherit&#8221;]Lansering av NeoBlue Touch[\/elx_heading][vc_column_text]NeoBlue Touch \u00e4r v\u00e5r <a href=\"https:\/\/www.electroluxprofessional.com\/se\/storkok\/underbankdiskmaskin\/\">helt nya underb\u00e4nkdiskmaskin<\/a> som kombinerar banbrytande teknologi med enast\u00e5ende design. Lanseringen startades med en rikst\u00e4ckande roadshow som gav kunder, partners och servicetekniker m\u00f6jlighet att uppleva produkten p\u00e5 n\u00e4ra h\u00e5ll. Responsen har varit \u00f6verv\u00e4ldigande positiv och vi ser fram emot utvecklingen av den h\u00e4r produkten.<\/p>\n<p><strong>N\u00e4sta generation av diskmaskiner \u00e4r h\u00e4r!<\/strong>[\/vc_column_text][vc_empty_space][\/vc_column][vc_column width=&#8221;1\/3&#8243;][vc_empty_space][vc_single_image image=&#8221;51841&#8243; img_size=&#8221;large&#8221;][vc_column_text]<em>NeoBlue Touch styrs enkelt via en enda knapp eller app.<\/em>[\/vc_column_text][vc_empty_space][\/vc_column][\/vc_row][vc_row][vc_column width=&#8221;1\/2&#8243;][vc_empty_space][vc_single_image image=&#8221;52744&#8243; img_size=&#8221;full&#8221;][vc_empty_space][\/vc_column][vc_column width=&#8221;1\/2&#8243;][vc_empty_space][elx_heading font_size=&#8221;h2&#8243; text_color=&#8221;inherit&#8221;]Inspirationsevent med partners[\/elx_heading][vc_column_text]I november arrangerades ett mycket lyckat inspirationseventet f\u00f6r v\u00e5ra partners. Eventet var en lokal variant av det centralt framtagna eventkonceptet \u201dThe Hive\u201d, med fokus p\u00e5 h\u00e5llbaret kopplat till v\u00e5ra produkter.<\/p>\n<p>Dagen bj\u00f6d p\u00e5 flera produktdemos som lyfte fram unika s\u00e4ljargument med betoning p\u00e5 h\u00e5llbarhet i syfte att st\u00e4rka v\u00e5ra partners f\u00f6rs\u00e4ljning. Som gr\u00e4dde p\u00e5 moset avslutades dagen med en fantastisk middag som Svenska Kocklandslaget serverade. Stort tack till v\u00e5ra partners f\u00f6r en minnesv\u00e4rd dag![\/vc_column_text][vc_empty_space][\/vc_column][\/vc_row][vc_row][vc_column width=&#8221;1\/2&#8243;][vc_empty_space][vc_empty_space][vc_single_image image=&#8221;52750&#8243; img_size=&#8221;medium&#8221; alignment=&#8221;center&#8221;][vc_empty_space][\/vc_column][vc_column width=&#8221;1\/2&#8243;][elx_heading font_size=&#8221;h2&#8243; text_color=&#8221;inherit&#8221;]Nytt avtal med Martin &amp; Servera[\/elx_heading][vc_column_text]Vi \u00e4r mycket glada att kunna meddela v\u00e5rt nya samarbete med Martin &amp; Servera, som nu \u00e4r en rikst\u00e4ckande \u00e5terf\u00f6rs\u00e4ljare till oss. Detta partnerskap markerar en viktig milstolpe och ger oss m\u00f6jlighet att n\u00e5 ut till fler kunder \u00f6ver hela landet. Samarbetet avser b\u00e5de f\u00f6rs\u00e4ljning av produkter samt garantiservice.[\/vc_column_text][vc_empty_space][\/vc_column][\/vc_row][vc_row el_id=&#8221;kontakt&#8221; css=&#8221;.vc_custom_1734642943919{background-color: #eeeeee !important;}&#8221;][vc_column][vc_empty_space][elx_heading font_size=&#8221;h2&#8243; text_color=&#8221;inherit&#8221;]Tack f\u00f6r ett sp\u00e4nnande, roligt och utmanande \u00e5r![\/elx_heading][vc_column_text]Jag vill tacka alla v\u00e5ra kunder, partners och medarbetare som gjort 2024 till ett framg\u00e5ngsrikt \u00e5r. Tillsammans har vi visat vad som \u00e4r m\u00f6jligt genom innovation, samarbete och en gemensam vision om en h\u00e5llbar framtid. Vi ser fram emot 2025 och alla nya m\u00f6jligheter som v\u00e4ntar.<\/p>\n<p>\u00d6nskar er alla en god jul och ett gott nytt \u00e5r!<\/p>\n<p>Varma H\u00e4lsningar,<\/p>\n<p>Robin Bosma[\/vc_column_text][vc_empty_space][vc_single_image image=&#8221;52695&#8243; img_size=&#8221;full&#8221;][vc_empty_space][\/vc_column][\/vc_row][vc_row disable_element=&#8221;yes&#8221; css=&#8221;.vc_custom_1734638985428{background-color: #eeeeee !important;}&#8221;][vc_column][vc_empty_space][elx_heading font_size=&#8221;h3&#8243; text_color=&#8221;inherit&#8221;]Vill du veta mer om v\u00e5ra serviceavtal? Kontakta oss![\/elx_heading][vc_empty_space][elx_o2000_contact_us s=&#8221;Jag vill ha mer inormation om Essentia Serviceavtal&#8221; country=&#8221;Sweden&#8221; b=&#8221;laundry&#8221; container=&#8221;elxcontactus1484293813&#8243; r=&#8221;Jag vill veta mer om Essentia serviceavtal. V\u00e4nligen kontakta mig.&#8221; l=&#8221;se&#8221;][\/vc_column][\/vc_row]<\/p>\n","protected":false},"excerpt":{"rendered":"<p>[vc_row full_width=&#8221;electroluxpro-full-width-no-padding&#8221; disable_element=&#8221;yes&#8221;][vc_column][elx_image_block background_image=&#8221;52672&#8243; minimum_height=&#8221;350px&#8221;][\/vc_column][\/vc_row][vc_row css=&#8221;.vc_custom_1734643795492{background-color: #eeeeee !important;}&#8221;][vc_column width=&#8221;1\/2&#8243;][vc_empty_space][vc_empty_space][elx_heading font_size=&#8221;h3&#8243; text_color=&#8221;inherit&#8221;]\u00c5rskr\u00f6nika signerad Robin Bosma, Head of Sales Food Sverige[\/elx_heading][vc_empty_space][vc_column_text]Det g\u00e5ngna \u00e5ret har varit b\u00e5de inspirerande och h\u00e4ndelserikt f\u00f6r Electrolux Professional. Vi har fortsatt att utveckla v\u00e5ra produkter och tj\u00e4nster med en tydlig fokus p\u00e5 att skapa h\u00e5llbara och innovativa l\u00f6sningar f\u00f6r framtiden. H\u00e4r delar vi [&hellip;]<\/p>\n","protected":false},"author":174,"featured_media":52675,"parent":0,"menu_order":0,"comment_status":"closed","ping_status":"closed","template":"","meta":{"footnotes":""},"class_list":["post-52804","page","type-page","status-publish","has-post-thumbnail","hentry"],"acf":[],"yoast_head":"<!-- This site is optimized with the Yoast SEO plugin v23.3 - https:\/\/yoast.com\/wordpress\/plugins\/seo\/ -->\n<title>2024 \u00c5rskr\u00f6nika signerad Robin Bosma, Head of Sales Food Sverige - Electrolux Professional Sverige<\/title>\n<meta name=\"description\" content=\"\u00c4nnu ett \u00e5r har g\u00e5tt mot sitt slut. V\u00e5r Sverigechef Robin Bosma summerar det g\u00e5ngna \u00e5ret i sin traditionsenliga \u00e5rskr\u00f6nika.\" \/>\n<meta name=\"robots\" content=\"index, follow, max-snippet:-1, max-image-preview:large, max-video-preview:-1\" \/>\n<link rel=\"canonical\" href=\"https:\/\/www.electroluxprofessional.com\/se\/arskronika-2024-food\/\" \/>\n<meta property=\"og:locale\" content=\"sv_SE\" \/>\n<meta property=\"og:type\" content=\"article\" \/>\n<meta property=\"og:title\" content=\"2024 \u00c5rskr\u00f6nika signerad Robin Bosma, Head of Sales Food Sverige - Electrolux Professional Sverige\" \/>\n<meta property=\"og:description\" content=\"\u00c4nnu ett \u00e5r har g\u00e5tt mot sitt slut. V\u00e5r Sverigechef Robin Bosma summerar det g\u00e5ngna \u00e5ret i sin traditionsenliga \u00e5rskr\u00f6nika.\" \/>\n<meta property=\"og:url\" content=\"https:\/\/www.electroluxprofessional.com\/se\/arskronika-2024-food\/\" \/>\n<meta property=\"og:site_name\" content=\"Electrolux Professional Sverige\" \/>\n<meta property=\"article:modified_time\" content=\"2024-12-20T13:27:50+00:00\" \/>\n<meta property=\"og:image\" content=\"https:\/\/www.electroluxprofessional.com\/se\/wp-content\/uploads\/2024\/12\/robin.jpg\" \/>\n\t<meta property=\"og:image:width\" content=\"966\" \/>\n\t<meta property=\"og:image:height\" content=\"712\" \/>\n\t<meta property=\"og:image:type\" content=\"image\/jpeg\" \/>\n<meta name=\"twitter:card\" content=\"summary_large_image\" \/>\n<meta name=\"twitter:label1\" content=\"Ber\u00e4knad l\u00e4stid\" \/>\n\t<meta name=\"twitter:data1\" content=\"6 minuter\" \/>\n<script type=\"application\/ld+json\" class=\"yoast-schema-graph\">{\"@context\":\"https:\/\/schema.org\",\"@graph\":[{\"@type\":\"WebPage\",\"@id\":\"https:\/\/www.electroluxprofessional.com\/se\/arskronika-2024-food\/\",\"url\":\"https:\/\/www.electroluxprofessional.com\/se\/arskronika-2024-food\/\",\"name\":\"2024 \u00c5rskr\u00f6nika signerad Robin Bosma, Head of Sales Food Sverige - Electrolux Professional Sverige\",\"isPartOf\":{\"@id\":\"https:\/\/www.electroluxprofessional.com\/se\/#website\"},\"primaryImageOfPage\":{\"@id\":\"https:\/\/www.electroluxprofessional.com\/se\/arskronika-2024-food\/#primaryimage\"},\"image\":{\"@id\":\"https:\/\/www.electroluxprofessional.com\/se\/arskronika-2024-food\/#primaryimage\"},\"thumbnailUrl\":\"https:\/\/www.electroluxprofessional.com\/se\/wp-content\/uploads\/2024\/12\/robin.jpg\",\"datePublished\":\"2024-12-19T21:02:43+00:00\",\"dateModified\":\"2024-12-20T13:27:50+00:00\",\"description\":\"\u00c4nnu ett \u00e5r har g\u00e5tt mot sitt slut. V\u00e5r Sverigechef Robin Bosma summerar det g\u00e5ngna \u00e5ret i sin traditionsenliga \u00e5rskr\u00f6nika.\",\"breadcrumb\":{\"@id\":\"https:\/\/www.electroluxprofessional.com\/se\/arskronika-2024-food\/#breadcrumb\"},\"inLanguage\":\"sv-SE\",\"potentialAction\":[{\"@type\":\"ReadAction\",\"target\":[\"https:\/\/www.electroluxprofessional.com\/se\/arskronika-2024-food\/\"]}]},{\"@type\":\"ImageObject\",\"inLanguage\":\"sv-SE\",\"@id\":\"https:\/\/www.electroluxprofessional.com\/se\/arskronika-2024-food\/#primaryimage\",\"url\":\"https:\/\/www.electroluxprofessional.com\/se\/wp-content\/uploads\/2024\/12\/robin.jpg\",\"contentUrl\":\"https:\/\/www.electroluxprofessional.com\/se\/wp-content\/uploads\/2024\/12\/robin.jpg\",\"width\":966,\"height\":712},{\"@type\":\"BreadcrumbList\",\"@id\":\"https:\/\/www.electroluxprofessional.com\/se\/arskronika-2024-food\/#breadcrumb\",\"itemListElement\":[{\"@type\":\"ListItem\",\"position\":1,\"name\":\"Home\",\"item\":\"https:\/\/www.electroluxprofessional.com\/se\/\"},{\"@type\":\"ListItem\",\"position\":2,\"name\":\"2024 \u00c5rskr\u00f6nika signerad Robin Bosma, Head of Sales Food Sverige\"}]},{\"@type\":\"WebSite\",\"@id\":\"https:\/\/www.electroluxprofessional.com\/se\/#website\",\"url\":\"https:\/\/www.electroluxprofessional.com\/se\/\",\"name\":\"Electrolux Professional Sverige\",\"description\":\"\",\"potentialAction\":[{\"@type\":\"SearchAction\",\"target\":{\"@type\":\"EntryPoint\",\"urlTemplate\":\"https:\/\/www.electroluxprofessional.com\/se\/?src={search_term_string}\"},\"query-input\":\"required name=search_term_string\"}],\"inLanguage\":\"sv-SE\"}]}<\/script>\n<!-- \/ Yoast SEO plugin. -->","yoast_head_json":{"title":"2024 \u00c5rskr\u00f6nika signerad Robin Bosma, Head of Sales Food Sverige - Electrolux Professional Sverige","description":"\u00c4nnu ett \u00e5r har g\u00e5tt mot sitt slut. V\u00e5r Sverigechef Robin Bosma summerar det g\u00e5ngna \u00e5ret i sin traditionsenliga \u00e5rskr\u00f6nika.","robots":{"index":"index","follow":"follow","max-snippet":"max-snippet:-1","max-image-preview":"max-image-preview:large","max-video-preview":"max-video-preview:-1"},"canonical":"https:\/\/www.electroluxprofessional.com\/se\/arskronika-2024-food\/","og_locale":"sv_SE","og_type":"article","og_title":"2024 \u00c5rskr\u00f6nika signerad Robin Bosma, Head of Sales Food Sverige - Electrolux Professional Sverige","og_description":"\u00c4nnu ett \u00e5r har g\u00e5tt mot sitt slut. V\u00e5r Sverigechef Robin Bosma summerar det g\u00e5ngna \u00e5ret i sin traditionsenliga \u00e5rskr\u00f6nika.","og_url":"https:\/\/www.electroluxprofessional.com\/se\/arskronika-2024-food\/","og_site_name":"Electrolux Professional Sverige","article_modified_time":"2024-12-20T13:27:50+00:00","og_image":[{"width":966,"height":712,"url":"https:\/\/www.electroluxprofessional.com\/se\/wp-content\/uploads\/2024\/12\/robin.jpg","type":"image\/jpeg"}],"twitter_card":"summary_large_image","twitter_misc":{"Ber\u00e4knad l\u00e4stid":"6 minuter"},"schema":{"@context":"https:\/\/schema.org","@graph":[{"@type":"WebPage","@id":"https:\/\/www.electroluxprofessional.com\/se\/arskronika-2024-food\/","url":"https:\/\/www.electroluxprofessional.com\/se\/arskronika-2024-food\/","name":"2024 \u00c5rskr\u00f6nika signerad Robin Bosma, Head of Sales Food Sverige - Electrolux Professional Sverige","isPartOf":{"@id":"https:\/\/www.electroluxprofessional.com\/se\/#website"},"primaryImageOfPage":{"@id":"https:\/\/www.electroluxprofessional.com\/se\/arskronika-2024-food\/#primaryimage"},"image":{"@id":"https:\/\/www.electroluxprofessional.com\/se\/arskronika-2024-food\/#primaryimage"},"thumbnailUrl":"https:\/\/www.electroluxprofessional.com\/se\/wp-content\/uploads\/2024\/12\/robin.jpg","datePublished":"2024-12-19T21:02:43+00:00","dateModified":"2024-12-20T13:27:50+00:00","description":"\u00c4nnu ett \u00e5r har g\u00e5tt mot sitt slut. V\u00e5r Sverigechef Robin Bosma summerar det g\u00e5ngna \u00e5ret i sin traditionsenliga \u00e5rskr\u00f6nika.","breadcrumb":{"@id":"https:\/\/www.electroluxprofessional.com\/se\/arskronika-2024-food\/#breadcrumb"},"inLanguage":"sv-SE","potentialAction":[{"@type":"ReadAction","target":["https:\/\/www.electroluxprofessional.com\/se\/arskronika-2024-food\/"]}]},{"@type":"ImageObject","inLanguage":"sv-SE","@id":"https:\/\/www.electroluxprofessional.com\/se\/arskronika-2024-food\/#primaryimage","url":"https:\/\/www.electroluxprofessional.com\/se\/wp-content\/uploads\/2024\/12\/robin.jpg","contentUrl":"https:\/\/www.electroluxprofessional.com\/se\/wp-content\/uploads\/2024\/12\/robin.jpg","width":966,"height":712},{"@type":"BreadcrumbList","@id":"https:\/\/www.electroluxprofessional.com\/se\/arskronika-2024-food\/#breadcrumb","itemListElement":[{"@type":"ListItem","position":1,"name":"Home","item":"https:\/\/www.electroluxprofessional.com\/se\/"},{"@type":"ListItem","position":2,"name":"2024 \u00c5rskr\u00f6nika signerad Robin Bosma, Head of Sales Food Sverige"}]},{"@type":"WebSite","@id":"https:\/\/www.electroluxprofessional.com\/se\/#website","url":"https:\/\/www.electroluxprofessional.com\/se\/","name":"Electrolux Professional Sverige","description":"","potentialAction":[{"@type":"SearchAction","target":{"@type":"EntryPoint","urlTemplate":"https:\/\/www.electroluxprofessional.com\/se\/?src={search_term_string}"},"query-input":"required name=search_term_string"}],"inLanguage":"sv-SE"}]}},"_links":{"self":[{"href":"https:\/\/www.electroluxprofessional.com\/se\/wp-json\/wp\/v2\/pages\/52804"}],"collection":[{"href":"https:\/\/www.electroluxprofessional.com\/se\/wp-json\/wp\/v2\/pages"}],"about":[{"href":"https:\/\/www.electroluxprofessional.com\/se\/wp-json\/wp\/v2\/types\/page"}],"author":[{"embeddable":true,"href":"https:\/\/www.electroluxprofessional.com\/se\/wp-json\/wp\/v2\/users\/174"}],"replies":[{"embeddable":true,"href":"https:\/\/www.electroluxprofessional.com\/se\/wp-json\/wp\/v2\/comments?post=52804"}],"version-history":[{"count":41,"href":"https:\/\/www.electroluxprofessional.com\/se\/wp-json\/wp\/v2\/pages\/52804\/revisions"}],"predecessor-version":[{"id":52902,"href":"https:\/\/www.electroluxprofessional.com\/se\/wp-json\/wp\/v2\/pages\/52804\/revisions\/52902"}],"wp:featuredmedia":[{"embeddable":true,"href":"https:\/\/www.electroluxprofessional.com\/se\/wp-json\/wp\/v2\/media\/52675"}],"wp:attachment":[{"href":"https:\/\/www.electroluxprofessional.com\/se\/wp-json\/wp\/v2\/media?parent=52804"}],"curies":[{"name":"wp","href":"https:\/\/api.w.org\/{rel}","templated":true}]}}