{"id":2473,"date":"2017-03-23T09:23:06","date_gmt":"2017-03-23T09:23:06","guid":{"rendered":"https:\/\/www.electroluxprofessional.com\/se\/?page_id=2473"},"modified":"2017-04-24T15:09:11","modified_gmt":"2017-04-24T15:09:11","slug":"kyl-utrustning","status":"publish","type":"page","link":"https:\/\/www.electroluxprofessional.com\/se\/kyl-utrustning\/","title":{"rendered":"Kylutrustning"},"content":{"rendered":"<p>[vc_row full_width=&#8221;electroluxpro-full-width-no-padding&#8221;][vc_column][elx_hero_slider label_text_color=&#8221;inherit&#8221; images=&#8221;687&#8243;][elx_heading font_container=&#8221;h1&#8243; font_size=&#8221;h2&#8243; text_color=&#8221;inherit&#8221;]Kyl- och Frysutrustning[\/elx_heading][vc_column_text]<\/p>\n<h3>En m\u00e4stare p\u00e5 h\u00e5llbarhet och besparing<\/h3>\n<p>[\/vc_column_text][\/elx_hero_slider][\/vc_column][\/vc_row][vc_row][vc_column][vc_empty_space height=&#8221;50px&#8221;][\/vc_column][\/vc_row][vc_row full_width=&#8221;electroluxpro-container-no-padding&#8221; equal_height=&#8221;yes&#8221;][vc_column width=&#8221;1\/2&#8243;][elx_simple_block][elx_heading font_container=&#8221;h4&#8243; text_color=&#8221;inherit&#8221;]Professionella kyl- och fryssk\u00e5p \u00e4r de enda produkterna som g\u00e5r 24 timmar om dagen 365 dagar per \u00e5r.<br \/>\n[\/elx_heading][vc_column_text]<span id=\"result_box\" class=\"\" lang=\"sv\">D\u00e4rf\u00f6r \u00e4r det viktigt att utv\u00e4rdera egenskaperna hos ett professionellt kylsk\u00e5p f\u00f6r att rationalisera konsumtionen och effektivisera <span class=\"\">driften.<\/span><\/span><\/p>\n<p>&nbsp;<\/p>\n<p>&nbsp;<\/p>\n<p><a href=\"https:\/\/www.electroluxprofessional.com\/se\/electrolux-professional-valkomnar-den-europeiska-energimarkningen-professionell-kyla\/\">Vad inneb\u00e4r den nya obligatoriska energim\u00e4rkningen? L\u00e4s mer h\u00e4r!<\/a>[\/vc_column_text][\/elx_simple_block][\/vc_column][vc_column width=&#8221;1\/2&#8243;][elx_simple_block background_color=&#8221;inherit&#8221;][vc_single_image image=&#8221;679&#8243; img_size=&#8221;500&#215;470&#8243;][\/elx_simple_block][\/vc_column][\/vc_row][vc_row][vc_column][vc_empty_space height=&#8221;50px&#8221;][\/vc_column][\/vc_row][vc_row][vc_column width=&#8221;1\/2&#8243;][vc_single_image image=&#8221;685&#8243; img_size=&#8221;full&#8221; alignment=&#8221;center&#8221;][\/vc_column][vc_column width=&#8221;1\/2&#8243;][elx_simple_block background_color=&#8221;inherit&#8221;][elx_heading text_color=&#8221;inherit&#8221;]<\/p>\n<h2>ecostore, en m\u00e4stare p\u00e5 bevaring<\/h2>\n<p>[\/elx_heading][vc_column_text]Mer kapacitet och b\u00e4st i klassen i energieffektivitet.<\/p>\n<p>Electrolux Professionals ecostore<sup>HP<\/sup> har energiklass A, och m\u00f6ter kraven f\u00f6r den h\u00f6gsta klassen i den obligatoriska energim\u00e4rkningen f\u00f6r professionella kyl- och fryssk\u00e5p.<\/p>\n<p>Electrolux ecostore<sup>HP<\/sup> Klass A sk\u00e5p anv\u00e4nder upp till 80% mindre energi* \u00e4n standardsk\u00e5p.[\/vc_column_text][\/elx_simple_block][\/vc_column][\/vc_row][vc_row][vc_column width=&#8221;1\/3&#8243;][vc_single_image image=&#8221;686&#8243; img_size=&#8221;full&#8221; alignment=&#8221;center&#8221;][elx_heading font_container=&#8221;h4&#8243; text_color=&#8221;inherit&#8221;]Smart Performance<br \/>\nLuftcirkulationssystem<br \/>\n[\/elx_heading][vc_column_text]<strong>ecostore sk\u00e5pen <\/strong>\u00e4r utrustad med Frost Watch Control vilket ger stora f\u00f6rdelar i k\u00f6k med frekventa d\u00f6rr\u00f6ppningar.<\/p>\n<p>Den optimerade avfrostningen undviker pl\u00f6tsliga temperaturf\u00f6r\u00e4ndringar, reducerar bakterietillv\u00e4xt, matsvinn och energif\u00f6rbrukning.[\/vc_column_text][\/vc_column][vc_column width=&#8221;1\/3&#8243;][vc_single_image image=&#8221;683&#8243; img_size=&#8221;full&#8221; alignment=&#8221;center&#8221;][elx_heading font_container=&#8221;h4&#8243; text_color=&#8221;inherit&#8221;]Energieffektivitet &#8211; upp till 80% l\u00e4gre energif\u00f6rbrukning<\/p>\n<p>[\/elx_heading][vc_column_text]F\u00f6r utm\u00e4rkt effektivitet \u00e4r v\u00e5ra ecostoresk\u00e5p <strong>klassade enligt de tuffaste internationella standarder <\/strong>f\u00f6r att skydda milj\u00f6n, bland annat ECA, EIA, Go&#8217;Energi och European Energy Label.[\/vc_column_text][\/vc_column][vc_column width=&#8221;1\/3&#8243;][vc_single_image image=&#8221;682&#8243; img_size=&#8221;full&#8221; alignment=&#8221;center&#8221;][elx_heading font_container=&#8221;h4&#8243; text_color=&#8221;inherit&#8221;]Upp till 50 liter mer utrymme<br \/>\n[\/elx_heading][vc_column_text]Tack vare den nya designen kan Electrolux ecostore sk\u00e5p erbjuda upp till <strong>50 liter mer tillg\u00e4ngligt utrymme<\/strong>, j\u00e4mf\u00f6rt med motsvarande sk\u00e5p p\u00e5 marknaden.<\/p>\n<p>En robust konstruktion med AISI 304 rostfritt st\u00e5l.[\/vc_column_text][\/vc_column][\/vc_row][vc_row][vc_column width=&#8221;1\/2&#8243;][vc_single_image image=&#8221;680&#8243; img_size=&#8221;large&#8221; alignment=&#8221;center&#8221;][\/vc_column][vc_column width=&#8221;1\/2&#8243;][elx_simple_block background_color=&#8221;inherit&#8221;][elx_heading font_container=&#8221;h4&#8243; text_color=&#8221;inherit&#8221;]prostore kyl- &amp; fryssk\u00e5p erbjuder en unik f\u00f6rvaringskapacitet<br \/>\n[\/elx_heading][vc_column_text]Tack vare djupet p\u00e5 700mm, passar prostore perfekt med resten av Electrolux Professionals sortiment.[\/vc_column_text][vc_single_image image=&#8221;681&#8243; img_size=&#8221;medium&#8221;][\/elx_simple_block][\/vc_column][\/vc_row][vc_row][vc_column][vc_column_text]*Potentiellal besparingar baserat p\u00e5 det Europeiska Ecodesign direktivets data och erh\u00e5lls genom att j\u00e4mf\u00f6ra Klass G kyl- och fryssk\u00e5p med motsvarande sk\u00e5p i Klass A (energikostnad ber\u00e4knad p\u00e5 0,21 \u20ac\/kWh och nettovolym 503 L). <span id=\"result_box\" class=\"\" lang=\"sv\"><span class=\"\">Etiketten<\/span> \u00e4r f\u00f6renligt med <span class=\"\">den delegerade<\/span> <span class=\"\">f\u00f6rordning<\/span> (UE) <span class=\"\">2015\/1094<\/span> av kommissionen <span class=\"\">5 maj 2015<\/span>.<\/span>[\/vc_column_text][\/vc_column][\/vc_row][vc_row][vc_column][vc_column_text]*J\u00e4mf\u00f6rt med motsvarande sk\u00e5p.[\/vc_column_text][\/vc_column][\/vc_row][vc_row][vc_column width=&#8221;1\/3&#8243;][vc_single_image image=&#8221;682&#8243; img_size=&#8221;large&#8221; alignment=&#8221;center&#8221;][elx_heading font_container=&#8221;h4&#8243; text_color=&#8221;inherit&#8221;]F\u00f6rvaringskapacitet &#8211; upp till 65 liter mer utrymme*<br \/>\n[\/elx_heading][vc_column_text]Nya <strong>prostore<\/strong> ger marknadens h\u00f6gsta nettokapacitet<\/p>\n<p>Med ett djup p\u00e5 700mm passar den b\u00e4nkar och kylb\u00e4nkar vilket optimerar k\u00f6kets utseende.[\/vc_column_text][\/vc_column][vc_column width=&#8221;1\/3&#8243;][vc_single_image image=&#8221;683&#8243; img_size=&#8221;large&#8221; alignment=&#8221;center&#8221;][elx_heading font_container=&#8221;h4&#8243; text_color=&#8221;inherit&#8221;]Energieffektiv &#8211; 55% l\u00e4gre energif\u00f6rbrukning*<br \/>\n[\/elx_heading][vc_column_text]<strong>prostore<\/strong> ger l\u00e4gre driftskostnader och med milj\u00f6n i \u00e5tanke.<\/p>\n<p>Ger utm\u00e4rkt prestanda och f\u00f6rl\u00e4nger sk\u00e5pets livscykel tack vare <span id=\"result_box\" class=\"\" lang=\"sv\">R290 k\u00f6ldmedia <span class=\"\">och<\/span><span class=\"\"> cyklopentanisolering.<br \/>\n<\/span><\/span>[\/vc_column_text][\/vc_column][vc_column width=&#8221;1\/3&#8243;][vc_single_image image=&#8221;684&#8243; img_size=&#8221;large&#8221; alignment=&#8221;center&#8221;][elx_heading font_container=&#8221;h4&#8243; text_color=&#8221;inherit&#8221;]Tyst drift &#8211; 50% l\u00e4gre ljudniv\u00e5*<br \/>\n[\/elx_heading][vc_column_text]<strong>prostore<\/strong> ger en tystare och b\u00e4ttre arbetsmilj\u00f6.[\/vc_column_text][\/vc_column][\/vc_row][vc_row][vc_column][elx_heading font_container=&#8221;h3&#8243; text_color=&#8221;inherit&#8221;]<\/p>\n<p style=\"text-align: center;\">Ekoguide visar v\u00e4gen till en ansvarsfull kyla:<\/p>\n<p>[\/elx_heading][\/vc_column][\/vc_row][vc_row][vc_column width=&#8221;1\/3&#8243;][elx_download_block text=&#8221;Ekoguide&#8221; link=&#8221;https:\/\/www.electroluxprofessional.com\/se\/wp-content\/uploads\/2017\/04\/Electrolux-Ekoguide.pdf&#8221; background_color=&#8221;orange&#8221; reveal_effect=&#8221;fadeIn&#8221; reveal_duration=&#8221;&#8221; reveal_delay=&#8221;&#8221;][\/vc_column][vc_column width=&#8221;1\/3&#8243;][elx_download_block text=&#8221;prostore och ecostore broschyr&#8221; link=&#8221;https:\/\/www.electroluxprofessional.com\/se\/wp-content\/uploads\/2017\/04\/Electrolux-Prostore-Ecostore-broshyr_9JEHZS_SE2014.pdf&#8221; background_color=&#8221;orange&#8221; reveal_effect=&#8221;&#8221; reveal_duration=&#8221;&#8221; reveal_delay=&#8221;&#8221;][\/vc_column][vc_column width=&#8221;1\/3&#8243;][elx_download_block text=&#8221;A-klassade ecostore HP&#8221; link=&#8221;https:\/\/www.electroluxprofessional.com\/se\/wp-content\/uploads\/2017\/04\/Ecostore-HP.pdf&#8221; background_color=&#8221;orange&#8221; reveal_effect=&#8221;&#8221; reveal_duration=&#8221;&#8221; reveal_delay=&#8221;&#8221;][\/vc_column][\/vc_row][vc_row][vc_column][elx_heading font_container=&#8221;h3&#8243; text_color=&#8221;inherit&#8221; text_align=&#8221;text-center&#8221;]Vill du veta mer? Kontakta oss![\/elx_heading][elx_o2000_contact_us r=&#8221;Jag skulle vilja veta mer om kylutrustning, v\u00e4nligen kontakta mig.&#8221; s=&#8221;Request for information: refrigeration equipment&#8221; e=&#8221;anders.norell@electrolux.com&#8221; country=&#8221;Sweden&#8221; l=&#8221;se&#8221; container=&#8221;elxcontactus1466431859&#8243;][\/vc_column][\/vc_row][vc_row][vc_column][\/vc_column][\/vc_row]<\/p>\n","protected":false},"excerpt":{"rendered":"<p>[vc_row full_width=&#8221;electroluxpro-full-width-no-padding&#8221;][vc_column][elx_hero_slider label_text_color=&#8221;inherit&#8221; images=&#8221;687&#8243;][elx_heading font_container=&#8221;h1&#8243; font_size=&#8221;h2&#8243; text_color=&#8221;inherit&#8221;]Kyl- och Frysutrustning[\/elx_heading][vc_column_text] En m\u00e4stare p\u00e5 h\u00e5llbarhet och besparing [\/vc_column_text][\/elx_hero_slider][\/vc_column][\/vc_row][vc_row][vc_column][vc_empty_space height=&#8221;50px&#8221;][\/vc_column][\/vc_row][vc_row full_width=&#8221;electroluxpro-container-no-padding&#8221; equal_height=&#8221;yes&#8221;][vc_column width=&#8221;1\/2&#8243;][elx_simple_block][elx_heading font_container=&#8221;h4&#8243; text_color=&#8221;inherit&#8221;]Professionella kyl- och fryssk\u00e5p \u00e4r de enda produkterna som g\u00e5r 24 timmar om dagen 365 dagar per \u00e5r. [\/elx_heading][vc_column_text]D\u00e4rf\u00f6r \u00e4r det viktigt att utv\u00e4rdera egenskaperna hos ett professionellt kylsk\u00e5p f\u00f6r att rationalisera konsumtionen och [&hellip;]<\/p>\n","protected":false},"author":4,"featured_media":0,"parent":0,"menu_order":0,"comment_status":"closed","ping_status":"closed","template":"","meta":{"footnotes":""},"class_list":["post-2473","page","type-page","status-publish","hentry"],"acf":[],"yoast_head":"<!-- This site is optimized with the Yoast SEO plugin v23.3 - https:\/\/yoast.com\/wordpress\/plugins\/seo\/ -->\n<title>Kylutrustning, Kylsk\u00e5p, Fryssk\u00e5p - Electrolux Professional Sweden<\/title>\n<meta name=\"description\" content=\"Mer kapacitet och b\u00e4st i klassen i energieffektivitet. Electrolux ecostoreHP i energiklass A. Kylsk\u00e5pen anv\u00e4nder upp till 80% mindre energi \u00e4n standardsk\u00e5p.\" \/>\n<meta name=\"robots\" content=\"index, follow, max-snippet:-1, max-image-preview:large, max-video-preview:-1\" \/>\n<link rel=\"canonical\" href=\"https:\/\/www.electroluxprofessional.com\/se\/kyl-utrustning\/\" \/>\n<meta property=\"og:locale\" content=\"sv_SE\" \/>\n<meta property=\"og:type\" content=\"article\" \/>\n<meta property=\"og:title\" content=\"Kylutrustning, Kylsk\u00e5p, Fryssk\u00e5p - Electrolux Professional Sweden\" \/>\n<meta property=\"og:description\" content=\"Mer kapacitet och b\u00e4st i klassen i energieffektivitet. Electrolux ecostoreHP i energiklass A. Kylsk\u00e5pen anv\u00e4nder upp till 80% mindre energi \u00e4n standardsk\u00e5p.\" \/>\n<meta property=\"og:url\" content=\"https:\/\/www.electroluxprofessional.com\/se\/kyl-utrustning\/\" \/>\n<meta property=\"og:site_name\" content=\"Electrolux Professional Sverige\" \/>\n<meta property=\"article:modified_time\" content=\"2017-04-24T15:09:11+00:00\" \/>\n<meta name=\"twitter:card\" content=\"summary_large_image\" \/>\n<meta name=\"twitter:label1\" content=\"Ber\u00e4knad l\u00e4stid\" \/>\n\t<meta name=\"twitter:data1\" content=\"5 minuter\" \/>\n<script type=\"application\/ld+json\" class=\"yoast-schema-graph\">{\"@context\":\"https:\/\/schema.org\",\"@graph\":[{\"@type\":\"WebPage\",\"@id\":\"https:\/\/www.electroluxprofessional.com\/se\/kyl-utrustning\/\",\"url\":\"https:\/\/www.electroluxprofessional.com\/se\/kyl-utrustning\/\",\"name\":\"Kylutrustning, Kylsk\u00e5p, Fryssk\u00e5p - Electrolux Professional Sweden\",\"isPartOf\":{\"@id\":\"https:\/\/www.electroluxprofessional.com\/se\/#website\"},\"datePublished\":\"2017-03-23T09:23:06+00:00\",\"dateModified\":\"2017-04-24T15:09:11+00:00\",\"description\":\"Mer kapacitet och b\u00e4st i klassen i energieffektivitet. Electrolux ecostoreHP i energiklass A. Kylsk\u00e5pen anv\u00e4nder upp till 80% mindre energi \u00e4n standardsk\u00e5p.\",\"breadcrumb\":{\"@id\":\"https:\/\/www.electroluxprofessional.com\/se\/kyl-utrustning\/#breadcrumb\"},\"inLanguage\":\"sv-SE\",\"potentialAction\":[{\"@type\":\"ReadAction\",\"target\":[\"https:\/\/www.electroluxprofessional.com\/se\/kyl-utrustning\/\"]}]},{\"@type\":\"BreadcrumbList\",\"@id\":\"https:\/\/www.electroluxprofessional.com\/se\/kyl-utrustning\/#breadcrumb\",\"itemListElement\":[{\"@type\":\"ListItem\",\"position\":1,\"name\":\"Home\",\"item\":\"https:\/\/www.electroluxprofessional.com\/se\/\"},{\"@type\":\"ListItem\",\"position\":2,\"name\":\"Kylutrustning\"}]},{\"@type\":\"WebSite\",\"@id\":\"https:\/\/www.electroluxprofessional.com\/se\/#website\",\"url\":\"https:\/\/www.electroluxprofessional.com\/se\/\",\"name\":\"Electrolux Professional Sverige\",\"description\":\"\",\"potentialAction\":[{\"@type\":\"SearchAction\",\"target\":{\"@type\":\"EntryPoint\",\"urlTemplate\":\"https:\/\/www.electroluxprofessional.com\/se\/?src={search_term_string}\"},\"query-input\":\"required name=search_term_string\"}],\"inLanguage\":\"sv-SE\"}]}<\/script>\n<!-- \/ Yoast SEO plugin. -->","yoast_head_json":{"title":"Kylutrustning, Kylsk\u00e5p, Fryssk\u00e5p - Electrolux Professional Sweden","description":"Mer kapacitet och b\u00e4st i klassen i energieffektivitet. Electrolux ecostoreHP i energiklass A. Kylsk\u00e5pen anv\u00e4nder upp till 80% mindre energi \u00e4n standardsk\u00e5p.","robots":{"index":"index","follow":"follow","max-snippet":"max-snippet:-1","max-image-preview":"max-image-preview:large","max-video-preview":"max-video-preview:-1"},"canonical":"https:\/\/www.electroluxprofessional.com\/se\/kyl-utrustning\/","og_locale":"sv_SE","og_type":"article","og_title":"Kylutrustning, Kylsk\u00e5p, Fryssk\u00e5p - Electrolux Professional Sweden","og_description":"Mer kapacitet och b\u00e4st i klassen i energieffektivitet. Electrolux ecostoreHP i energiklass A. Kylsk\u00e5pen anv\u00e4nder upp till 80% mindre energi \u00e4n standardsk\u00e5p.","og_url":"https:\/\/www.electroluxprofessional.com\/se\/kyl-utrustning\/","og_site_name":"Electrolux Professional Sverige","article_modified_time":"2017-04-24T15:09:11+00:00","twitter_card":"summary_large_image","twitter_misc":{"Ber\u00e4knad l\u00e4stid":"5 minuter"},"schema":{"@context":"https:\/\/schema.org","@graph":[{"@type":"WebPage","@id":"https:\/\/www.electroluxprofessional.com\/se\/kyl-utrustning\/","url":"https:\/\/www.electroluxprofessional.com\/se\/kyl-utrustning\/","name":"Kylutrustning, Kylsk\u00e5p, Fryssk\u00e5p - Electrolux Professional Sweden","isPartOf":{"@id":"https:\/\/www.electroluxprofessional.com\/se\/#website"},"datePublished":"2017-03-23T09:23:06+00:00","dateModified":"2017-04-24T15:09:11+00:00","description":"Mer kapacitet och b\u00e4st i klassen i energieffektivitet. Electrolux ecostoreHP i energiklass A. Kylsk\u00e5pen anv\u00e4nder upp till 80% mindre energi \u00e4n standardsk\u00e5p.","breadcrumb":{"@id":"https:\/\/www.electroluxprofessional.com\/se\/kyl-utrustning\/#breadcrumb"},"inLanguage":"sv-SE","potentialAction":[{"@type":"ReadAction","target":["https:\/\/www.electroluxprofessional.com\/se\/kyl-utrustning\/"]}]},{"@type":"BreadcrumbList","@id":"https:\/\/www.electroluxprofessional.com\/se\/kyl-utrustning\/#breadcrumb","itemListElement":[{"@type":"ListItem","position":1,"name":"Home","item":"https:\/\/www.electroluxprofessional.com\/se\/"},{"@type":"ListItem","position":2,"name":"Kylutrustning"}]},{"@type":"WebSite","@id":"https:\/\/www.electroluxprofessional.com\/se\/#website","url":"https:\/\/www.electroluxprofessional.com\/se\/","name":"Electrolux Professional Sverige","description":"","potentialAction":[{"@type":"SearchAction","target":{"@type":"EntryPoint","urlTemplate":"https:\/\/www.electroluxprofessional.com\/se\/?src={search_term_string}"},"query-input":"required name=search_term_string"}],"inLanguage":"sv-SE"}]}},"_links":{"self":[{"href":"https:\/\/www.electroluxprofessional.com\/se\/wp-json\/wp\/v2\/pages\/2473"}],"collection":[{"href":"https:\/\/www.electroluxprofessional.com\/se\/wp-json\/wp\/v2\/pages"}],"about":[{"href":"https:\/\/www.electroluxprofessional.com\/se\/wp-json\/wp\/v2\/types\/page"}],"author":[{"embeddable":true,"href":"https:\/\/www.electroluxprofessional.com\/se\/wp-json\/wp\/v2\/users\/4"}],"replies":[{"embeddable":true,"href":"https:\/\/www.electroluxprofessional.com\/se\/wp-json\/wp\/v2\/comments?post=2473"}],"version-history":[{"count":14,"href":"https:\/\/www.electroluxprofessional.com\/se\/wp-json\/wp\/v2\/pages\/2473\/revisions"}],"predecessor-version":[{"id":3793,"href":"https:\/\/www.electroluxprofessional.com\/se\/wp-json\/wp\/v2\/pages\/2473\/revisions\/3793"}],"wp:attachment":[{"href":"https:\/\/www.electroluxprofessional.com\/se\/wp-json\/wp\/v2\/media?parent=2473"}],"curies":[{"name":"wp","href":"https:\/\/api.w.org\/{rel}","templated":true}]}}