{"id":19802,"date":"2022-08-15T12:31:25","date_gmt":"2022-08-15T12:31:25","guid":{"rendered":"https:\/\/www.electroluxprofessional.com\/se\/?page_id=19802"},"modified":"2025-10-16T08:53:23","modified_gmt":"2025-10-16T07:53:23","slug":"vakuumpackmaskin","status":"publish","type":"page","link":"https:\/\/www.electroluxprofessional.com\/se\/storkok\/vakuumpackmaskin\/","title":{"rendered":"Vakuumpackmaskiner"},"content":{"rendered":"<p>[vc_row full_width=&#8221;electroluxpro-full-width-no-padding&#8221;][vc_column][vc_single_image image=&#8221;19796&#8243; img_size=&#8221;full&#8221;][\/vc_column][\/vc_row][vc_row][vc_column][vc_empty_space][elx_heading font_container=&#8221;h1&#8243; text_color=&#8221;inherit&#8221; text_align=&#8221;text-center&#8221;]Vakuumf\u00f6rpackning[\/elx_heading][vc_empty_space][elx_heading text_color=&#8221;inherit&#8221; text_align=&#8221;text-left&#8221;]Ut\u00f6ka din meny, f\u00f6rhindra korskontaminering av livsmedel och underl\u00e4tta ditt arbete under rusningstid.[\/elx_heading][vc_empty_space][vc_column_text]<strong>Det finns m\u00e5nga f\u00f6rdelar med att anv\u00e4nda en vakuumf\u00f6rpackningsmaskin. F\u00f6rutom att vakuumf\u00f6rpackning skyddar livsmedlen effektivt och ger\u00a0 dem l\u00e4ngre h\u00e5llbarhet, kan du \u00e4ven utnyttja stork\u00f6psf\u00f6rdelar p\u00e5 ett b\u00e4ttre s\u00e4tt samt minska svinn.<\/strong> I Electrolux Professionals nya sortiment av vakuumf\u00f6rpackningsmaskiner kan du v\u00e4lja mellan b\u00e4nkmodeller och frist\u00e5ende maskiner.[\/vc_column_text][\/vc_column][\/vc_row][vc_row content_placement=&#8221;middle&#8221;][vc_column content_position=&#8221;center&#8221;][vc_empty_space][elx_button button_text=&#8221;Har du fr\u00e5gor? Kontakta oss!&#8221; button_link=&#8221;url:%23kontakta_oss|title:Kontakta%20oss&#8221;][vc_empty_space][\/vc_column][\/vc_row][vc_row][vc_column][vc_single_image image=&#8221;19797&#8243; img_size=&#8221;full&#8221; alignment=&#8221;center&#8221;][vc_empty_space height=&#8221;50px&#8221;][elx_heading text_color=&#8221;inherit&#8221; text_align=&#8221;text-center&#8221;]Electrolux Professionals nya vakuumf\u00f6rpackningsmaskiner \u00e4r framtagna f\u00f6r att kunna f\u00f6rvara mat i olika typer av milj\u00f6er: I kylen, frysen eller i rumstemperatur. Oavsett milj\u00f6 skyddar f\u00f6rpackningen livsmedlet och f\u00f6rl\u00e4nger dess h\u00e5llbarhet.[\/elx_heading][vc_empty_space height=&#8221;50px&#8221;][vc_row_inner][vc_column_inner width=&#8221;1\/4&#8243;][vc_single_image image=&#8221;19798&#8243; img_size=&#8221;150px&#8221; alignment=&#8221;center&#8221;][vc_empty_space][vc_column_text]<\/p>\n<p style=\"text-align: center;\"><strong>\u00d6ka livsmedlens h\u00e5llbarhet<\/strong><br \/>\nVakuumf\u00f6rpackad mat bibeh\u00e5ller sin kvalit\u00e9 och hj\u00e4lper dig att minska svinnet.[\/vc_column_text][\/vc_column_inner][vc_column_inner width=&#8221;1\/4&#8243;][vc_single_image image=&#8221;19799&#8243; img_size=&#8221;150px&#8221; alignment=&#8221;center&#8221;][vc_empty_space][vc_column_text]<\/p>\n<p style=\"text-align: center;\"><strong>Mats\u00e4kerhet<\/strong><br \/>\nUndvik korskontaminering och sp\u00e5ra alla steg (HACCP) med den tr\u00e5dl\u00f6sa etikettskrivaren.[\/vc_column_text][\/vc_column_inner][vc_column_inner width=&#8221;1\/4&#8243;][vc_single_image image=&#8221;19800&#8243; img_size=&#8221;150x&#8221; alignment=&#8221;center&#8221;][vc_empty_space][vc_column_text]<\/p>\n<p style=\"text-align: center;\"><strong>Smidigt arbetsfl\u00f6de<\/strong><br \/>\nVakuumf\u00f6rpacka, tillaga med sous-vide-teknik &amp; kyl ner. \u00c5teruppv\u00e4rm endast d\u00e5 det beh\u00f6vs.[\/vc_column_text][\/vc_column_inner][vc_column_inner width=&#8221;1\/4&#8243;][vc_single_image image=&#8221;19801&#8243; img_size=&#8221;150px&#8221; alignment=&#8221;center&#8221;][vc_empty_space][vc_column_text]<\/p>\n<p style=\"text-align: center;\"><strong>Spara tid<\/strong><br \/>\nTiden \u00e4r dyrbar. Tillaga infusioner och marinader p\u00e5 bara n\u00e5gra minuter.[\/vc_column_text][\/vc_column_inner][\/vc_row_inner][vc_empty_space][vc_row_inner content_placement=&#8221;middle&#8221;][vc_column_inner width=&#8221;1\/3&#8243;][vc_empty_space][\/vc_column_inner][vc_column_inner width=&#8221;1\/3&#8243;][elx_download_block text=&#8221;Se broschyren om vakuumf\u00f6rpackning&#8221; link=&#8221;https:\/\/www.electroluxprofessional.com\/wp-content\/uploads\/2022\/06\/EPR-flyer-VacuumPacker-A4-EN-LR.pdf&#8221; background_color=&#8221;electrolux-blue&#8221;][vc_empty_space][\/vc_column_inner][vc_column_inner width=&#8221;1\/3&#8243;][vc_empty_space][\/vc_column_inner][\/vc_row_inner][vc_empty_space][\/vc_column][\/vc_row][vc_row disable_element=&#8221;yes&#8221;][vc_column][elx_button button_text=&#8221;Discover our offers for cutting, mixing and slicing&#8221; button_style=&#8221;icon&#8221; button_link=&#8221;url:https%3A%2F%2Fwww.electroluxprofessional.com%2Fse%2Fcommercial-kitchen-equipment%2Fcut-mix-slice%2F|title:food%20preparation%3A%20cut%2C%20mix%20and%20slice||&#8221;][vc_empty_space][elx_button button_text=&#8221;Discover our peelers, washers and dryers&#8221; button_style=&#8221;icon&#8221; button_link=&#8221;url:https%3A%2F%2Fwww.electroluxprofessional.com%2Fse%2Fcommercial-kitchen-equipment%2Fpeel-wash-dry%2F|title:Food%20preparation%3A%20peel%2C%20wash%2C%20dry||&#8221;][\/vc_column][\/vc_row][vc_row][vc_column][vc_empty_space][elx_heading text_color=&#8221;inherit&#8221; text_align=&#8221;text-center&#8221;]Hitta r\u00e4tt vakuumf\u00f6rpackningsmaskin till din verksamhet[\/elx_heading]<div class=\"com21-product-filter-container 80\">\n                    <!-- PROD FILTER -->\n                    \n                    <div class=\"container\">\n                        <h4 class=\"text-center\">\n                            Filtrera (6 Produkter)\n                        <\/h4>\n                    <\/div>\n                    <div class=\"specification-filter\">\n                        <div class=\"toggle-filter-container\">\n                            <div class=\"container text-center\">\n                                <a href=\"#filter\" class=\"toggle-filter small-toggle\" data-target=\".category-filter\"  data-class-toggle=\"category-filter-show\" aria-pressed=\"false\" role=\"button\" id=\"open-product-features\">Filtrera<\/a>\n                            <\/div>\n                        <\/div>\n                        <div class=\"category-filter \">\n                            <div class=\"container\">\n                    <div class=\"row\">\n                        <div class=\"col-md-4 text-left\">\n                            <fieldset>       \n                                <h5 class=\"h6\">Product line<\/h5>\n                                <div class=\"category-check\">\n                                    <input type=\"checkbox\" name=\"e\" id=\"e-vakuumforpackningsmaskiner-bankmodell-20m3-timme-450-mm-svetsbalk\" data-code=\"E\" data-value=\"Vakuumf\u00f6rpackningsmaskiner, b\u00e4nkmodell, 20m3\/timme, 450 mm svetsbalk\" >\n                                    <label for=\"e-vakuumforpackningsmaskiner-bankmodell-20m3-timme-450-mm-svetsbalk\">Vakuumf\u00f6rpackningsmaskiner, b\u00e4nkmodell, 20m3\/timme, 450 mm svetsbalk<\/label>\n                                <\/div>\n                            \n                                <div class=\"category-check\">\n                                    <input type=\"checkbox\" name=\"b\" id=\"b-vakuumforpackningsmaskiner-fristaende-25-60-m3-timme\" data-code=\"B\" data-value=\"Vakuumf\u00f6rpackningsmaskiner, frist\u00e5ende, 25 & 60 m3\/timme\" >\n                                    <label for=\"b-vakuumforpackningsmaskiner-fristaende-25-60-m3-timme\">Vakuumf\u00f6rpackningsmaskiner, frist\u00e5ende, 25 & 60 m3\/timme<\/label>\n                                <\/div>\n                            \n                            <\/fieldset>\n                        <\/div><!-- end col -->\n                        <\/div>\n        \n                                <div class=\"row\">\n                                    <div class=\"col-md-6 text-left\">\n                                        <span class=\"number-of-products\"><span id=\"number-of-products\">6<\/span> Produkter<\/span> <a href=\"#\" class=\"btn btn-secondary-bordered\" id=\"filter-reset-btn\">\u00c5terst\u00e4ll<\/a>\n                                    <\/div>\n                                    <div class=\"col-md-6 text-right\">\n                                        <a href=\"#\" class=\"close-toggle no-pd-toggle\" data-parent=\"open-product-features\"  aria-pressed=\"true\" role=\"button\">St\u00e4ng<\/a>\n                                    <\/div>\n                                <\/div>\n                                \n                            <\/div><!-- end container -->\n                        <\/div><!-- end category-filter -->\n                    <\/div><!-- end specification-filter -->\n        \n                    <!-- END PROD FILTER -->\n                    \n                    <!-- PROD LIST -->\n                    <div class=\"product-list container\">\n                        <!--Hidden parameters-->\n                        <input type=\"hidden\" name=\"navigation_level_1\" id=\"navigation_level_1\" value=\"B\">\n                        <input type=\"hidden\" name=\"navigation_level_2\" id=\"navigation_level_2\" value=\"N\">\n                        <input type=\"hidden\" name=\"navigation_level_3\" id=\"navigation_level_3\" value=\"A\">\n                        <input type=\"hidden\" name=\"navigation_level_4\" id=\"navigation_level_4\" value=\"\">\n                        <input type=\"hidden\" name=\"filter_id\" id=\"filter_id\" value=\"80\">\n                        <input type=\"hidden\" name=\"navigation_language\" id=\"navigation_language\" value=\"5005\">\n                        <input type=\"hidden\" name=\"navigation_language_code\" id=\"navigation_language\" value=\"5005\">\n                        <input type=\"hidden\" name=\"page_id\" id=\"page_id\" value=\"19802\">\n                        <!--END Hidden parameters--><ul class=\"row\" ><li data-product-paged=\"\" class=\"anchor_tags_prod col-sm-6 col-md-3 wow fadeIn single-product-list 602178\"><div class=\"product-list-item\"><div class=\"product-content\"><a href=\"https:\/\/www.electroluxprofessional.com\/se\/pd\/beredningsmaskiner\/vakuumf\u00f6rpackningsmaskin-huggkubb\/vakuumf\u00f6rpackningsmaskiner\/vakuumf\u00f6rpackningsmaskiner-b\u00e4nkmodell-20m3-timme-450-mm-svetsbalk\/vakuummaskin-vakuumf\u00f6rpackningsmaskin-b\u00e4nkmodell-8m\u00b3-timme.-digital-display.-602178\/\" target=\"_blank\" ><figure><img decoding=\"async\" src=\"https:\/\/tools.electroluxprofessional.com\/Mirror\/Doc\/PH_255x255%2FPH_602178_1_2_602178.jpg\" alt=\"VakuummaskinVakuumf\u00f6rpackningsmaskin, b\u00e4nkmodell, 8m\u00b3\/timme. Digital display.\"\/><\/figure><div class=\"product-internal\"><div class=\"product-liv\">Vakuumf\u00f6rpackningsmaskiner, b\u00e4nkmodell, 20m3\/timme, 450 mm svetsbalk<\/div><h3 class=\"product-title\">Vakuummaskin<br>Vakuumf\u00f6rpackningsmaskin, b\u00e4nkmodell, 8m\u00b3\/timme. Digital display.<\/h3><div class=\"product-icons\"><div class=\"product-green\"><\/div><div class=\"product-cod\"><div class=\"hidden type_code\">0<\/div>COD <span class=\"product-code\" >602178<\/span><\/div><div class=\"product-fast\"><\/div>\n<\/div><div class=\"product-description-fast-green\"><\/div>\n<\/div><div class=\"product-actions\"><a href=\"https:\/\/www.electroluxprofessional.com\/se\/pd\/beredningsmaskiner\/vakuumf\u00f6rpackningsmaskin-huggkubb\/vakuumf\u00f6rpackningsmaskiner\/vakuumf\u00f6rpackningsmaskiner-b\u00e4nkmodell-20m3-timme-450-mm-svetsbalk\/vakuummaskin-vakuumf\u00f6rpackningsmaskin-b\u00e4nkmodell-8m\u00b3-timme.-digital-display.-602178\/\" class=\"btn btn-primary-blue\">Se mer<\/a><span class=\"compare-product\"><span class=\"compare-checkbox\"><span class=\"compare-checkbox-shape\"><input type=\"checkbox\" class=\"product-comparer\" id=\"prod_602178\"\/><label class=\"btn\" for=\"prod_602178\"><span class=\"label-bg\"><\/span>J\u00e4mf\u00f6r<\/label><\/span><\/span><\/span><\/div><\/a><\/div><\/div><\/li><li data-product-paged=\"\" class=\"anchor_tags_prod col-sm-6 col-md-3 wow fadeIn single-product-list 602179\"><div class=\"product-list-item\"><div class=\"product-content\"><a href=\"https:\/\/www.electroluxprofessional.com\/se\/pd\/beredningsmaskiner\/vakuumf\u00f6rpackningsmaskin-huggkubb\/vakuumf\u00f6rpackningsmaskiner\/vakuumf\u00f6rpackningsmaskiner-b\u00e4nkmodell-20m3-timme-450-mm-svetsbalk\/vakuummaskin-vakuumf\u00f6rpackningsmaskin-b\u00e4nkmodell-12m\u00b3-timme.-digital-display.-602179\/\" target=\"_blank\" ><figure><img decoding=\"async\" src=\"https:\/\/tools.electroluxprofessional.com\/Mirror\/Doc\/PH_255x255%2FPH_602179_1_2_602179.jpg\" alt=\"VakuummaskinVakuumf\u00f6rpackningsmaskin, b\u00e4nkmodell, 12m\u00b3\/timme. Digital display.\"\/><\/figure><div class=\"product-internal\"><div class=\"product-liv\">Vakuumf\u00f6rpackningsmaskiner, b\u00e4nkmodell, 20m3\/timme, 450 mm svetsbalk<\/div><h3 class=\"product-title\">Vakuummaskin<br>Vakuumf\u00f6rpackningsmaskin, b\u00e4nkmodell, 12m\u00b3\/timme. Digital display.<\/h3><div class=\"product-icons\"><div class=\"product-green\"><\/div><div class=\"product-cod\"><div class=\"hidden type_code\">0<\/div>COD <span class=\"product-code\" >602179<\/span><\/div><div class=\"product-fast\"><\/div>\n<\/div><div class=\"product-description-fast-green\"><\/div>\n<\/div><div class=\"product-actions\"><a href=\"https:\/\/www.electroluxprofessional.com\/se\/pd\/beredningsmaskiner\/vakuumf\u00f6rpackningsmaskin-huggkubb\/vakuumf\u00f6rpackningsmaskiner\/vakuumf\u00f6rpackningsmaskiner-b\u00e4nkmodell-20m3-timme-450-mm-svetsbalk\/vakuummaskin-vakuumf\u00f6rpackningsmaskin-b\u00e4nkmodell-12m\u00b3-timme.-digital-display.-602179\/\" class=\"btn btn-primary-blue\">Se mer<\/a><span class=\"compare-product\"><span class=\"compare-checkbox\"><span class=\"compare-checkbox-shape\"><input type=\"checkbox\" class=\"product-comparer\" id=\"prod_602179\"\/><label class=\"btn\" for=\"prod_602179\"><span class=\"label-bg\"><\/span>J\u00e4mf\u00f6r<\/label><\/span><\/span><\/span><\/div><\/a><\/div><\/div><\/li><li data-product-paged=\"\" class=\"anchor_tags_prod col-sm-6 col-md-3 wow fadeIn single-product-list 602180\"><div class=\"product-list-item\"><div class=\"product-content\"><a href=\"https:\/\/www.electroluxprofessional.com\/se\/pd\/beredningsmaskiner\/vakuumf\u00f6rpackningsmaskin-huggkubb\/vakuumf\u00f6rpackningsmaskiner\/vakuumf\u00f6rpackningsmaskiner-b\u00e4nkmodell-20m3-timme-450-mm-svetsbalk\/vakuummaskin-vakuumf\u00f6rpackningsmaskin-b\u00e4nkmodell-16m\u00b3-timme.-digital-display.-602180\/\" target=\"_blank\" ><figure><img decoding=\"async\" src=\"https:\/\/tools.electroluxprofessional.com\/Mirror\/Doc\/PH_255x255%2FPH_602180_1_1_602180.jpg\" alt=\"VakuummaskinVakuumf\u00f6rpackningsmaskin, b\u00e4nkmodell, 16m\u00b3\/timme. Digital display.\"\/><\/figure><div class=\"product-internal\"><div class=\"product-liv\">Vakuumf\u00f6rpackningsmaskiner, b\u00e4nkmodell, 20m3\/timme, 450 mm svetsbalk<\/div><h3 class=\"product-title\">Vakuummaskin<br>Vakuumf\u00f6rpackningsmaskin, b\u00e4nkmodell, 16m\u00b3\/timme. Digital display.<\/h3><div class=\"product-icons\"><div class=\"product-green\"><\/div><div class=\"product-cod\"><div class=\"hidden type_code\">0<\/div>COD <span class=\"product-code\" >602180<\/span><\/div><div class=\"product-fast\"><\/div>\n<\/div><div class=\"product-description-fast-green\"><\/div>\n<\/div><div class=\"product-actions\"><a href=\"https:\/\/www.electroluxprofessional.com\/se\/pd\/beredningsmaskiner\/vakuumf\u00f6rpackningsmaskin-huggkubb\/vakuumf\u00f6rpackningsmaskiner\/vakuumf\u00f6rpackningsmaskiner-b\u00e4nkmodell-20m3-timme-450-mm-svetsbalk\/vakuummaskin-vakuumf\u00f6rpackningsmaskin-b\u00e4nkmodell-16m\u00b3-timme.-digital-display.-602180\/\" class=\"btn btn-primary-blue\">Se mer<\/a><span class=\"compare-product\"><span class=\"compare-checkbox\"><span class=\"compare-checkbox-shape\"><input type=\"checkbox\" class=\"product-comparer\" id=\"prod_602180\"\/><label class=\"btn\" for=\"prod_602180\"><span class=\"label-bg\"><\/span>J\u00e4mf\u00f6r<\/label><\/span><\/span><\/span><\/div><\/a><\/div><\/div><\/li><li data-product-paged=\"\" class=\"anchor_tags_prod col-sm-6 col-md-3 wow fadeIn single-product-list 602181\"><div class=\"product-list-item\"><div class=\"product-content\"><a href=\"https:\/\/www.electroluxprofessional.com\/se\/pd\/beredningsmaskiner\/vakuumf\u00f6rpackningsmaskin-huggkubb\/vakuumf\u00f6rpackningsmaskiner\/vakuumf\u00f6rpackningsmaskiner-b\u00e4nkmodell-20m3-timme-450-mm-svetsbalk\/vakuummaskin-vakuumf\u00f6rpackningsmaskin-b\u00e4nkmodell-20m\u00b3-timme.-touch-display.-602181\/\" target=\"_blank\" ><figure><img decoding=\"async\" src=\"https:\/\/tools.electroluxprofessional.com\/Mirror\/Doc\/PH_255x255%2FPH_602181_1_1_602181.jpg\" alt=\"VakuummaskinVakuumf\u00f6rpackningsmaskin, b\u00e4nkmodell, 20m\u00b3\/timme. touch-display.\"\/><\/figure><div class=\"product-internal\"><div class=\"product-liv\">Vakuumf\u00f6rpackningsmaskiner, b\u00e4nkmodell, 20m3\/timme, 450 mm svetsbalk<\/div><h3 class=\"product-title\">Vakuummaskin<br>Vakuumf\u00f6rpackningsmaskin, b\u00e4nkmodell, 20m\u00b3\/timme. touch-display.<\/h3><div class=\"product-icons\"><div class=\"product-green\"><\/div><div class=\"product-cod\"><div class=\"hidden type_code\">0<\/div>COD <span class=\"product-code\" >602181<\/span><\/div><div class=\"product-fast\"><\/div>\n<\/div><div class=\"product-description-fast-green\"><\/div>\n<\/div><div class=\"product-actions\"><a href=\"https:\/\/www.electroluxprofessional.com\/se\/pd\/beredningsmaskiner\/vakuumf\u00f6rpackningsmaskin-huggkubb\/vakuumf\u00f6rpackningsmaskiner\/vakuumf\u00f6rpackningsmaskiner-b\u00e4nkmodell-20m3-timme-450-mm-svetsbalk\/vakuummaskin-vakuumf\u00f6rpackningsmaskin-b\u00e4nkmodell-20m\u00b3-timme.-touch-display.-602181\/\" class=\"btn btn-primary-blue\">Se mer<\/a><span class=\"compare-product\"><span class=\"compare-checkbox\"><span class=\"compare-checkbox-shape\"><input type=\"checkbox\" class=\"product-comparer\" id=\"prod_602181\"\/><label class=\"btn\" for=\"prod_602181\"><span class=\"label-bg\"><\/span>J\u00e4mf\u00f6r<\/label><\/span><\/span><\/span><\/div><\/a><\/div><\/div><\/li><li data-product-paged=\"\" class=\"anchor_tags_prod col-sm-6 col-md-3 wow fadeIn single-product-list 602338\"><div class=\"product-list-item\"><div class=\"product-content\"><a href=\"https:\/\/www.electroluxprofessional.com\/se\/pd\/beredningsmaskiner\/vakuumf\u00f6rpackningsmaskin-huggkubb\/vakuumf\u00f6rpackningsmaskiner\/vakuumf\u00f6rpackningsmaskiner-frist\u00e5ende-25-60-m3-timme\/vakuummaskin-vakuumf\u00f6rpackningsmaskin-golvmodell-p\u00e5-hjul-25m\u00b3-timme.-digital-display-602338\/\" target=\"_blank\" ><figure><img decoding=\"async\" src=\"https:\/\/tools.electroluxprofessional.com\/Mirror\/Doc\/PH_255x255%2FPH_602338_1_1_602338.jpg\" alt=\"VakuummaskinVakuumf\u00f6rpackningsmaskin, golvmodell p\u00e5 hjul, 25m\u00b3\/timme. Digital display\"\/><\/figure><div class=\"product-internal\"><div class=\"product-liv\">Vakuumf\u00f6rpackningsmaskiner, frist\u00e5ende, 25 & 60 m3\/timme<\/div><h3 class=\"product-title\">Vakuummaskin<br>Vakuumf\u00f6rpackningsmaskin, golvmodell p\u00e5 hjul, 25m\u00b3\/timme. Digital display<\/h3><div class=\"product-icons\"><div class=\"product-green\"><\/div><div class=\"product-cod\"><div class=\"hidden type_code\">0<\/div>COD <span class=\"product-code\" >602338<\/span><\/div><div class=\"product-fast\"><\/div>\n<\/div><div class=\"product-description-fast-green\"><\/div>\n<\/div><div class=\"product-actions\"><a href=\"https:\/\/www.electroluxprofessional.com\/se\/pd\/beredningsmaskiner\/vakuumf\u00f6rpackningsmaskin-huggkubb\/vakuumf\u00f6rpackningsmaskiner\/vakuumf\u00f6rpackningsmaskiner-frist\u00e5ende-25-60-m3-timme\/vakuummaskin-vakuumf\u00f6rpackningsmaskin-golvmodell-p\u00e5-hjul-25m\u00b3-timme.-digital-display-602338\/\" class=\"btn btn-primary-blue\">Se mer<\/a><span class=\"compare-product\"><span class=\"compare-checkbox\"><span class=\"compare-checkbox-shape\"><input type=\"checkbox\" class=\"product-comparer\" id=\"prod_602338\"\/><label class=\"btn\" for=\"prod_602338\"><span class=\"label-bg\"><\/span>J\u00e4mf\u00f6r<\/label><\/span><\/span><\/span><\/div><\/a><\/div><\/div><\/li><li data-product-paged=\"\" class=\"anchor_tags_prod col-sm-6 col-md-3 wow fadeIn single-product-list 602339\"><div class=\"product-list-item\"><div class=\"product-content\"><a href=\"https:\/\/www.electroluxprofessional.com\/se\/pd\/beredningsmaskiner\/vakuumf\u00f6rpackningsmaskin-huggkubb\/vakuumf\u00f6rpackningsmaskiner\/vakuumf\u00f6rpackningsmaskiner-frist\u00e5ende-25-60-m3-timme\/vakuummaskin-vakuumf\u00f6rpackningsmaskin-golvmodell-p\u00e5-hjul-60m\u00b3-timme.-digital-display-602339\/\" target=\"_blank\" ><figure><img decoding=\"async\" src=\"https:\/\/tools.electroluxprofessional.com\/Mirror\/Doc\/PH_255x255%2FPH_602339_1_1_602339.jpg\" alt=\"VakuummaskinVakuumf\u00f6rpackningsmaskin, golvmodell p\u00e5 hjul, 60m\u00b3\/timme. Digital display\"\/><\/figure><div class=\"product-internal\"><div class=\"product-liv\">Vakuumf\u00f6rpackningsmaskiner, frist\u00e5ende, 25 & 60 m3\/timme<\/div><h3 class=\"product-title\">Vakuummaskin<br>Vakuumf\u00f6rpackningsmaskin, golvmodell p\u00e5 hjul, 60m\u00b3\/timme. Digital display<\/h3><div class=\"product-icons\"><div class=\"product-green\"><\/div><div class=\"product-cod\"><div class=\"hidden type_code\">0<\/div>COD <span class=\"product-code\" >602339<\/span><\/div><div class=\"product-fast\"><\/div>\n<\/div><div class=\"product-description-fast-green\"><\/div>\n<\/div><div class=\"product-actions\"><a href=\"https:\/\/www.electroluxprofessional.com\/se\/pd\/beredningsmaskiner\/vakuumf\u00f6rpackningsmaskin-huggkubb\/vakuumf\u00f6rpackningsmaskiner\/vakuumf\u00f6rpackningsmaskiner-frist\u00e5ende-25-60-m3-timme\/vakuummaskin-vakuumf\u00f6rpackningsmaskin-golvmodell-p\u00e5-hjul-60m\u00b3-timme.-digital-display-602339\/\" class=\"btn btn-primary-blue\">Se mer<\/a><span class=\"compare-product\"><span class=\"compare-checkbox\"><span class=\"compare-checkbox-shape\"><input type=\"checkbox\" class=\"product-comparer\" id=\"prod_602339\"\/><label class=\"btn\" for=\"prod_602339\"><span class=\"label-bg\"><\/span>J\u00e4mf\u00f6r<\/label><\/span><\/span><\/span><\/div><\/a><\/div><\/div><\/li>\n                        <\/ul>\n                        <div class=\"text-center more-products\">\n                        <\/div>\n                    <\/div>\n                    <!-- END PRODUCT LIST -->\n                    <\/div>\n                    <!-- END PRODUCT LIST -->[\/vc_column][\/vc_row][vc_row el_id=&#8221;kontakta_oss&#8221;][vc_column][vc_empty_space height=&#8221;50px&#8221;][elx_heading text_color=&#8221;inherit&#8221; text_align=&#8221;text-center&#8221;]Har du fr\u00e5gor om v\u00e5ra vakuumf\u00f6rpackningsmaskiner? Kontakta oss![\/elx_heading][vc_empty_space height=&#8221;50px&#8221;][elx_o2000_contact_us s=&#8221;\u00d6nskar mer information om vakuumf\u00f6rpackningsmaskiner&#8221; country=&#8221;Sweden&#8221; b=&#8221;food&#8221; container=&#8221;elxcontactus1480083916&#8243; r=&#8221;Vakuumf\u00f6rpackningsmaskiner&#8221;][vc_empty_space height=&#8221;50px&#8221;][\/vc_column][\/vc_row][vc_row css=&#8221;.vc_custom_1517829981165{background-color: #eeeeee !important;}&#8221;][vc_column width=&#8221;1\/3&#8243;][elx_maylike_box id_box=&#8221;11411&#8243;][\/vc_column][vc_column width=&#8221;1\/3&#8243;][elx_maylike_box id_box=&#8221;2697&#8243;][\/vc_column][vc_column width=&#8221;1\/3&#8243;][elx_maylike_box id_box=&#8221;2884&#8243;][\/vc_column][\/vc_row]<\/p>\n","protected":false},"excerpt":{"rendered":"<p>[vc_row full_width=&#8221;electroluxpro-full-width-no-padding&#8221;][vc_column][vc_single_image image=&#8221;19796&#8243; img_size=&#8221;full&#8221;][\/vc_column][\/vc_row][vc_row][vc_column][vc_empty_space][elx_heading font_container=&#8221;h1&#8243; text_color=&#8221;inherit&#8221; text_align=&#8221;text-center&#8221;]Vakuumf\u00f6rpackning[\/elx_heading][vc_empty_space][elx_heading text_color=&#8221;inherit&#8221; text_align=&#8221;text-left&#8221;]Ut\u00f6ka din meny, f\u00f6rhindra korskontaminering av livsmedel och underl\u00e4tta ditt arbete under rusningstid.[\/elx_heading][vc_empty_space][vc_column_text]Det finns m\u00e5nga f\u00f6rdelar med att anv\u00e4nda en vakuumf\u00f6rpackningsmaskin. F\u00f6rutom att vakuumf\u00f6rpackning skyddar livsmedlen effektivt och ger\u00a0 dem l\u00e4ngre h\u00e5llbarhet, kan du \u00e4ven utnyttja stork\u00f6psf\u00f6rdelar p\u00e5 ett b\u00e4ttre s\u00e4tt samt minska svinn. I Electrolux Professionals [&hellip;]<\/p>\n","protected":false},"author":242,"featured_media":19795,"parent":51186,"menu_order":0,"comment_status":"closed","ping_status":"closed","template":"","meta":{"footnotes":""},"class_list":["post-19802","page","type-page","status-publish","has-post-thumbnail","hentry"],"acf":[],"yoast_head":"<!-- This site is optimized with the Yoast SEO plugin v23.3 - https:\/\/yoast.com\/wordpress\/plugins\/seo\/ -->\n<title>Vakuumf\u00f6rpackningsmaskin - Electrolux Professional Sverige<\/title>\n<meta name=\"description\" content=\"F\u00f6r\u00e4ng matens h\u00e5llbarhet, utnyttja stork\u00f6ksf\u00f6rdelar och minska ditt svinn med Electrolux Professionals nya vakuumf\u00f6rpackningssmaskin.\" \/>\n<meta name=\"robots\" content=\"index, follow, max-snippet:-1, max-image-preview:large, max-video-preview:-1\" \/>\n<link rel=\"canonical\" href=\"https:\/\/www.electroluxprofessional.com\/se\/storkok\/vakuumpackmaskin\/\" \/>\n<meta property=\"og:locale\" content=\"sv_SE\" \/>\n<meta property=\"og:type\" content=\"article\" \/>\n<meta property=\"og:title\" content=\"Vakuumf\u00f6rpackningsmaskin - Electrolux Professional Sverige\" \/>\n<meta property=\"og:description\" content=\"F\u00f6r\u00e4ng matens h\u00e5llbarhet, utnyttja stork\u00f6ksf\u00f6rdelar och minska ditt svinn med Electrolux Professionals nya vakuumf\u00f6rpackningssmaskin.\" \/>\n<meta property=\"og:url\" content=\"https:\/\/www.electroluxprofessional.com\/se\/storkok\/vakuumpackmaskin\/\" \/>\n<meta property=\"og:site_name\" content=\"Electrolux Professional Sverige\" \/>\n<meta property=\"article:modified_time\" content=\"2025-10-16T07:53:23+00:00\" \/>\n<meta property=\"og:image\" content=\"https:\/\/www.electroluxprofessional.com\/se\/wp-content\/uploads\/2022\/09\/vakuumpackmaskin-Electrolux-Professional.jpg\" \/>\n\t<meta property=\"og:image:width\" content=\"966\" \/>\n\t<meta property=\"og:image:height\" content=\"712\" \/>\n\t<meta property=\"og:image:type\" content=\"image\/jpeg\" \/>\n<meta name=\"twitter:card\" content=\"summary_large_image\" \/>\n<meta name=\"twitter:label1\" content=\"Ber\u00e4knad l\u00e4stid\" \/>\n\t<meta name=\"twitter:data1\" content=\"2 minuter\" \/>\n<script type=\"application\/ld+json\" class=\"yoast-schema-graph\">{\"@context\":\"https:\/\/schema.org\",\"@graph\":[{\"@type\":\"WebPage\",\"@id\":\"https:\/\/www.electroluxprofessional.com\/se\/storkok\/vakuumpackmaskin\/\",\"url\":\"https:\/\/www.electroluxprofessional.com\/se\/storkok\/vakuumpackmaskin\/\",\"name\":\"Vakuumf\u00f6rpackningsmaskin - Electrolux Professional Sverige\",\"isPartOf\":{\"@id\":\"https:\/\/www.electroluxprofessional.com\/se\/#website\"},\"primaryImageOfPage\":{\"@id\":\"https:\/\/www.electroluxprofessional.com\/se\/storkok\/vakuumpackmaskin\/#primaryimage\"},\"image\":{\"@id\":\"https:\/\/www.electroluxprofessional.com\/se\/storkok\/vakuumpackmaskin\/#primaryimage\"},\"thumbnailUrl\":\"https:\/\/www.electroluxprofessional.com\/se\/wp-content\/uploads\/2022\/08\/vacuum-image-700x700-1.jpg\",\"datePublished\":\"2022-08-15T12:31:25+00:00\",\"dateModified\":\"2025-10-16T07:53:23+00:00\",\"description\":\"F\u00f6r\u00e4ng matens h\u00e5llbarhet, utnyttja stork\u00f6ksf\u00f6rdelar och minska ditt svinn med Electrolux Professionals nya vakuumf\u00f6rpackningssmaskin.\",\"breadcrumb\":{\"@id\":\"https:\/\/www.electroluxprofessional.com\/se\/storkok\/vakuumpackmaskin\/#breadcrumb\"},\"inLanguage\":\"sv-SE\",\"potentialAction\":[{\"@type\":\"ReadAction\",\"target\":[\"https:\/\/www.electroluxprofessional.com\/se\/storkok\/vakuumpackmaskin\/\"]}]},{\"@type\":\"ImageObject\",\"inLanguage\":\"sv-SE\",\"@id\":\"https:\/\/www.electroluxprofessional.com\/se\/storkok\/vakuumpackmaskin\/#primaryimage\",\"url\":\"https:\/\/www.electroluxprofessional.com\/se\/wp-content\/uploads\/2022\/08\/vacuum-image-700x700-1.jpg\",\"contentUrl\":\"https:\/\/www.electroluxprofessional.com\/se\/wp-content\/uploads\/2022\/08\/vacuum-image-700x700-1.jpg\",\"width\":700,\"height\":700,\"caption\":\"vaakumpackmaskin\"},{\"@type\":\"BreadcrumbList\",\"@id\":\"https:\/\/www.electroluxprofessional.com\/se\/storkok\/vakuumpackmaskin\/#breadcrumb\",\"itemListElement\":[{\"@type\":\"ListItem\",\"position\":1,\"name\":\"Home\",\"item\":\"https:\/\/www.electroluxprofessional.com\/se\/\"},{\"@type\":\"ListItem\",\"position\":2,\"name\":\"Stork\u00f6k\",\"item\":\"https:\/\/www.electroluxprofessional.com\/se\/storkok\/\"},{\"@type\":\"ListItem\",\"position\":3,\"name\":\"Vakuumpackmaskiner\"}]},{\"@type\":\"WebSite\",\"@id\":\"https:\/\/www.electroluxprofessional.com\/se\/#website\",\"url\":\"https:\/\/www.electroluxprofessional.com\/se\/\",\"name\":\"Electrolux Professional Sverige\",\"description\":\"\",\"potentialAction\":[{\"@type\":\"SearchAction\",\"target\":{\"@type\":\"EntryPoint\",\"urlTemplate\":\"https:\/\/www.electroluxprofessional.com\/se\/?src={search_term_string}\"},\"query-input\":\"required name=search_term_string\"}],\"inLanguage\":\"sv-SE\"}]}<\/script>\n<!-- \/ Yoast SEO plugin. -->","yoast_head_json":{"title":"Vakuumf\u00f6rpackningsmaskin - Electrolux Professional Sverige","description":"F\u00f6r\u00e4ng matens h\u00e5llbarhet, utnyttja stork\u00f6ksf\u00f6rdelar och minska ditt svinn med Electrolux Professionals nya vakuumf\u00f6rpackningssmaskin.","robots":{"index":"index","follow":"follow","max-snippet":"max-snippet:-1","max-image-preview":"max-image-preview:large","max-video-preview":"max-video-preview:-1"},"canonical":"https:\/\/www.electroluxprofessional.com\/se\/storkok\/vakuumpackmaskin\/","og_locale":"sv_SE","og_type":"article","og_title":"Vakuumf\u00f6rpackningsmaskin - Electrolux Professional Sverige","og_description":"F\u00f6r\u00e4ng matens h\u00e5llbarhet, utnyttja stork\u00f6ksf\u00f6rdelar och minska ditt svinn med Electrolux Professionals nya vakuumf\u00f6rpackningssmaskin.","og_url":"https:\/\/www.electroluxprofessional.com\/se\/storkok\/vakuumpackmaskin\/","og_site_name":"Electrolux Professional Sverige","article_modified_time":"2025-10-16T07:53:23+00:00","og_image":[{"width":966,"height":712,"url":"https:\/\/www.electroluxprofessional.com\/se\/wp-content\/uploads\/2022\/09\/vakuumpackmaskin-Electrolux-Professional.jpg","type":"image\/jpeg"}],"twitter_card":"summary_large_image","twitter_misc":{"Ber\u00e4knad l\u00e4stid":"2 minuter"},"schema":{"@context":"https:\/\/schema.org","@graph":[{"@type":"WebPage","@id":"https:\/\/www.electroluxprofessional.com\/se\/storkok\/vakuumpackmaskin\/","url":"https:\/\/www.electroluxprofessional.com\/se\/storkok\/vakuumpackmaskin\/","name":"Vakuumf\u00f6rpackningsmaskin - Electrolux Professional Sverige","isPartOf":{"@id":"https:\/\/www.electroluxprofessional.com\/se\/#website"},"primaryImageOfPage":{"@id":"https:\/\/www.electroluxprofessional.com\/se\/storkok\/vakuumpackmaskin\/#primaryimage"},"image":{"@id":"https:\/\/www.electroluxprofessional.com\/se\/storkok\/vakuumpackmaskin\/#primaryimage"},"thumbnailUrl":"https:\/\/www.electroluxprofessional.com\/se\/wp-content\/uploads\/2022\/08\/vacuum-image-700x700-1.jpg","datePublished":"2022-08-15T12:31:25+00:00","dateModified":"2025-10-16T07:53:23+00:00","description":"F\u00f6r\u00e4ng matens h\u00e5llbarhet, utnyttja stork\u00f6ksf\u00f6rdelar och minska ditt svinn med Electrolux Professionals nya vakuumf\u00f6rpackningssmaskin.","breadcrumb":{"@id":"https:\/\/www.electroluxprofessional.com\/se\/storkok\/vakuumpackmaskin\/#breadcrumb"},"inLanguage":"sv-SE","potentialAction":[{"@type":"ReadAction","target":["https:\/\/www.electroluxprofessional.com\/se\/storkok\/vakuumpackmaskin\/"]}]},{"@type":"ImageObject","inLanguage":"sv-SE","@id":"https:\/\/www.electroluxprofessional.com\/se\/storkok\/vakuumpackmaskin\/#primaryimage","url":"https:\/\/www.electroluxprofessional.com\/se\/wp-content\/uploads\/2022\/08\/vacuum-image-700x700-1.jpg","contentUrl":"https:\/\/www.electroluxprofessional.com\/se\/wp-content\/uploads\/2022\/08\/vacuum-image-700x700-1.jpg","width":700,"height":700,"caption":"vaakumpackmaskin"},{"@type":"BreadcrumbList","@id":"https:\/\/www.electroluxprofessional.com\/se\/storkok\/vakuumpackmaskin\/#breadcrumb","itemListElement":[{"@type":"ListItem","position":1,"name":"Home","item":"https:\/\/www.electroluxprofessional.com\/se\/"},{"@type":"ListItem","position":2,"name":"Stork\u00f6k","item":"https:\/\/www.electroluxprofessional.com\/se\/storkok\/"},{"@type":"ListItem","position":3,"name":"Vakuumpackmaskiner"}]},{"@type":"WebSite","@id":"https:\/\/www.electroluxprofessional.com\/se\/#website","url":"https:\/\/www.electroluxprofessional.com\/se\/","name":"Electrolux Professional Sverige","description":"","potentialAction":[{"@type":"SearchAction","target":{"@type":"EntryPoint","urlTemplate":"https:\/\/www.electroluxprofessional.com\/se\/?src={search_term_string}"},"query-input":"required name=search_term_string"}],"inLanguage":"sv-SE"}]}},"_links":{"self":[{"href":"https:\/\/www.electroluxprofessional.com\/se\/wp-json\/wp\/v2\/pages\/19802"}],"collection":[{"href":"https:\/\/www.electroluxprofessional.com\/se\/wp-json\/wp\/v2\/pages"}],"about":[{"href":"https:\/\/www.electroluxprofessional.com\/se\/wp-json\/wp\/v2\/types\/page"}],"author":[{"embeddable":true,"href":"https:\/\/www.electroluxprofessional.com\/se\/wp-json\/wp\/v2\/users\/242"}],"replies":[{"embeddable":true,"href":"https:\/\/www.electroluxprofessional.com\/se\/wp-json\/wp\/v2\/comments?post=19802"}],"version-history":[{"count":20,"href":"https:\/\/www.electroluxprofessional.com\/se\/wp-json\/wp\/v2\/pages\/19802\/revisions"}],"predecessor-version":[{"id":54293,"href":"https:\/\/www.electroluxprofessional.com\/se\/wp-json\/wp\/v2\/pages\/19802\/revisions\/54293"}],"up":[{"embeddable":true,"href":"https:\/\/www.electroluxprofessional.com\/se\/wp-json\/wp\/v2\/pages\/51186"}],"wp:featuredmedia":[{"embeddable":true,"href":"https:\/\/www.electroluxprofessional.com\/se\/wp-json\/wp\/v2\/media\/19795"}],"wp:attachment":[{"href":"https:\/\/www.electroluxprofessional.com\/se\/wp-json\/wp\/v2\/media?parent=19802"}],"curies":[{"name":"wp","href":"https:\/\/api.w.org\/{rel}","templated":true}]}}