{"id":14231,"date":"2021-03-29T10:51:08","date_gmt":"2021-03-29T08:51:08","guid":{"rendered":"https:\/\/www.electroluxprofessional.com\/?page_id=34709"},"modified":"2021-05-20T08:43:51","modified_gmt":"2021-05-20T07:43:51","slug":"liberopro-point-matlagningsstation","status":"publish","type":"page","link":"https:\/\/www.electroluxprofessional.com\/se\/storkok\/storkoksutrustning\/liberopro-point-matlagningsstation\/","title":{"rendered":"LiberoPro Point matlagningsstation"},"content":{"rendered":"<p>[vc_row full_width=&#8221;electroluxpro-full-width-no-padding&#8221; css=&#8221;.vc_custom_1616708533302{margin-top: -30px !important;border-top-width: -30px !important;padding-top: -30px !important;}&#8221;][vc_column][elx_full_banner title=&#8221;LiberoPro Point &#8211; Matlagning med frihet&#8221; set_as_h1=&#8221;true&#8221; link=&#8221;url:%23contactus|title:F%C3%A5%20mer%20information%20om%20LiberoPro%20Point||&#8221; background_image_media_library=&#8221;14218&#8243; background_image_media_library_mobile=&#8221;34695&#8243;][\/vc_column][\/vc_row][vc_row][vc_column][vc_empty_space][elx_heading font_container=&#8221;h1&#8243; text_color=&#8221;inherit&#8221; text_align=&#8221;text-center&#8221;]LiberoPro Point &#8211; Ditt moderna, mobila k\u00f6k[\/elx_heading][vc_empty_space][vc_row_inner][vc_column_inner width=&#8221;1\/2&#8243;][vc_column_text]<strong>LiberoPro Point<\/strong> \u00e4r en mobil, plug&amp;play matlagningsstation som kan placeras precis varsomhelst och som enkelt kan <strong>anpassas efter just dina aff\u00e4rsbehov.<\/strong>[\/vc_column_text][\/vc_column_inner][vc_column_inner width=&#8221;1\/2&#8243;][vc_column_text]<strong><a href=\"https:\/\/www.electroluxprofessional.com\/se\/food-professionella-storkok-och-restauranger\/mobilt-kok-liberopro\/#functions\">Kombinera med olika plug-in enheter beroende p\u00e5 ditt behov och din meny.<\/a><\/strong> Placera de plug-in enheter du \u00f6nskar (induktionsh\u00e4llar\/stekh\u00e4llar\/wok) i LiberoPro Point matlagningsstation och <em>voil\u00e0 <\/em>&#8211; du har ett mobilt k\u00f6k redo att anv\u00e4ndas f\u00f6r professionell matlagning![\/vc_column_text][\/vc_column_inner][\/vc_row_inner][vc_empty_space][vc_single_image image=&#8221;14199&#8243; img_size=&#8221;full&#8221; alignment=&#8221;center&#8221;][vc_empty_space][\/vc_column][\/vc_row][vc_row][vc_column width=&#8221;1\/3&#8243;][vc_empty_space][vc_single_image image=&#8221;14221&#8243; img_size=&#8221;full&#8221; alignment=&#8221;center&#8221;][vc_empty_space][elx_heading text_color=&#8221;inherit&#8221; text_align=&#8221;text-center&#8221;]F\u00e4rska ingredienser \u00e4r kvalitetsingredienser[\/elx_heading][vc_empty_space][vc_column_text]<\/p>\n<p style=\"text-align: left;\">LiberoPro Point har kylda dragl\u00e5dor som h\u00e5ller maten f\u00e4rsk.<br \/>\n<strong>L\u00e5dans temperaturomr\u00e5de: <\/strong>\u00a00 \u00b0 \/ + 10 \u00b0 C med oberoende reglering<br \/>\n<strong>Kyld dragl\u00e5da<\/strong> (GN kompatibel): 37 liter<br \/>\n<strong>En neutral l\u00e5da finns som tillval<\/strong> (GN kompatibel): 30 liter<\/p>\n<p>[\/vc_column_text][vc_empty_space][\/vc_column][vc_column width=&#8221;1\/3&#8243;][vc_empty_space][vc_single_image image=&#8221;14222&#8243; img_size=&#8221;full&#8221; alignment=&#8221;center&#8221;][vc_empty_space][elx_heading text_color=&#8221;inherit&#8221; text_align=&#8221;text-center&#8221;]Ergonomisk f\u00f6r anv\u00e4ndaren[\/elx_heading][vc_empty_space][vc_column_text]<\/p>\n<p style=\"text-align: left;\"><strong>Ergonomiskt utformad serveringshylla<\/strong> d\u00e4r kocken p\u00e5 ett <strong>enkelt och bekv\u00e4mt<\/strong> s\u00e4tt kan placera f\u00e4rdiga r\u00e4tter. Eftersom matlagningen sker bakom en glassk\u00e4rm kan dina g\u00e4ster dessutom se p\u00e5 n\u00e4r deras mat tillagas.<\/p>\n<p>[\/vc_column_text][vc_empty_space][\/vc_column][vc_column width=&#8221;1\/3&#8243;][vc_empty_space][vc_single_image image=&#8221;14223&#8243; img_size=&#8221;full&#8221; alignment=&#8221;center&#8221;][vc_empty_space][elx_heading text_color=&#8221;inherit&#8221; text_align=&#8221;text-center&#8221;]S\u00e4lj mer med r\u00e4tt belysning[\/elx_heading][vc_empty_space][vc_column_text]Studier ** har visat att<strong> r\u00e4tt belysning \u00e4r oumb\u00e4rlig f\u00f6r en tillfredsst\u00e4llande middagsupplevelse.<\/strong> R\u00e4tt belysning hj\u00e4lper g\u00e4sterna att v\u00e4lja de mest uts\u00f6kta och frestande matalternativen.<br \/>\nMed LiberoPro Point f\u00e5r du <strong>perfekt belysning<\/strong> som dessutom <strong>aktiveras automatiskt<\/strong> s\u00e5 fort matlagningen b\u00f6rjar.[\/vc_column_text][vc_empty_space][\/vc_column][\/vc_row][vc_row][vc_column][vc_column_text]<\/p>\n<p style=\"font-size: 12px; text-align: center;\">* I enlighet med EN 61591-standarden (k\u00f6ksfl\u00e4ktar f\u00f6r hush\u00e5ll och andra r\u00f6kgaser &#8211; Metoder f\u00f6r att m\u00e4ta prestanda). J\u00e4mf\u00f6relse mellan Electrolux Professional LiberoPro Point med nya filter och en maskin utan filter. ** &#8220;The importance of the visual aesthetics of colours in food at a workday lunch &#8211; International Journal of Gastronomy and Food Science (2019)&#8221;<\/p>\n<p>[\/vc_column_text][\/vc_column][\/vc_row][vc_row full_width=&#8221;electroluxpro-full-width&#8221;][vc_column][vc_empty_space][elx_download_block text=&#8221;Se LiberoPro broschyr&#8221; document_type=&#8221;brochures&#8221; background_color=&#8221;electrolux-blue&#8221; br_document_number=&#8221;BR-9JE00177&#8243;][\/vc_column][\/vc_row][vc_row][vc_column][vc_empty_space][elx_heading text_color=&#8221;inherit&#8221; text_align=&#8221;text-center&#8221;]Njut av en angen\u00e4m och fr\u00e4sh matlagningsmilj\u00f6[\/elx_heading][vc_empty_space][\/vc_column][\/vc_row][vc_row][vc_column width=&#8221;1\/2&#8243;][vc_row_inner][vc_column_inner width=&#8221;1\/4&#8243;][vc_empty_space][vc_single_image image=&#8221;14224&#8243; img_size=&#8221;full&#8221; alignment=&#8221;center&#8221;][\/vc_column_inner][vc_column_inner width=&#8221;3\/4&#8243;][vc_empty_space][vc_column_text]\u00c5nga f\u00f6rsvinner med en g\u00e5ng, vilket ger dig en mer angen\u00e4m matlagningsupplevelse.<strong> LiberoPro Duo \u00e4r en tr\u00e5dl\u00f6s &#8220;matchande&#8221; funktion som m\u00f6jligg\u00f6r automatisk reglering av fl\u00e4kthastigheten<\/strong> baserat p\u00e5 tillagningsintensiteten.[\/vc_column_text][\/vc_column_inner][\/vc_row_inner][\/vc_column][vc_column width=&#8221;1\/2&#8243;][vc_row_inner][vc_column_inner width=&#8221;1\/4&#8243;][vc_empty_space][vc_single_image image=&#8221;14225&#8243; img_size=&#8221;full&#8221; alignment=&#8221;center&#8221;][\/vc_column_inner][vc_column_inner width=&#8221;3\/4&#8243;][vc_empty_space][vc_column_text]<strong>LiberoPro Fresh<\/strong> \u00e4r ett<strong> luftfiltreringssystem med l\u00e5g ljudniv\u00e5<\/strong> som effektivt absorberar fettpartiklar och matos vid matlagning. Fettfiltret i rostfritt st\u00e5l med <strong>aktivt kol minskar d\u00e5lig lukt med upp till 80%<\/strong> och har en uppf\u00e5ngningseffektivitet p\u00e5 95% n\u00e4r fl\u00e4kthastigheten \u00e4r h\u00f6gst. * Enkel reng\u00f6ring och enkelt underh\u00e5ll av filtren. <strong>Inga verktyg beh\u00f6vs!<\/strong>[\/vc_column_text][\/vc_column_inner][\/vc_row_inner][\/vc_column][\/vc_row][vc_row][vc_column width=&#8221;1\/2&#8243;][vc_empty_space][elx_video_block background_image=&#8221;14219&#8243; video_link=&#8221;https:\/\/www.youtube.com\/watch?v=ariseL9qMKA&#8221; minimum_height=&#8221;300px&#8221;][\/vc_column][vc_column width=&#8221;1\/2&#8243;][vc_empty_space][elx_video_block background_image=&#8221;14220&#8243; video_link=&#8221;https:\/\/www.youtube.com\/watch?v=FYapyciL9-M&#8221; minimum_height=&#8221;300px&#8221;][\/vc_column][\/vc_row][vc_row][vc_column][vc_empty_space][elx_heading text_color=&#8221;inherit&#8221; text_align=&#8221;text-center&#8221;]Skr\u00e4ddarsy din LiberoPro Point[\/elx_heading][vc_empty_space][\/vc_column][\/vc_row][vc_row][vc_column width=&#8221;1\/2&#8243;][vc_empty_space][vc_single_image image=&#8221;14226&#8243; img_size=&#8221;full&#8221; alignment=&#8221;center&#8221;][\/vc_column][vc_column width=&#8221;1\/2&#8243;][vc_column_text]F\u00e5 en skr\u00e4ddarsydd design p\u00e5 din LiberoPro Point genom att utsmycka den med en av v\u00e5ra 6 eleganta frontpaneler. V\u00e4lj mellan Roquefort, Mussel, Black Rice, Peach Nut, Saffron och Sepia.[\/vc_column_text][vc_single_image image=&#8221;14227&#8243; img_size=&#8221;full&#8221; alignment=&#8221;center&#8221;][\/vc_column][\/vc_row][vc_row][vc_column][vc_empty_space][elx_heading text_color=&#8221;inherit&#8221; text_align=&#8221;text-center&#8221;]LiberoPro Point \u00e4r en perfekt l\u00f6sning oavsett var din verksamhet finns[\/elx_heading][\/vc_column][\/vc_row][vc_row][vc_column][vc_empty_space][elx_double_banner title_1=&#8221;Street Food&#8221; text_1=&#8221;LiberoPro drop-in enheter &#8211; v\u00e4lj mellan v\u00e5ra olika h\u00e4llar och f\u00e5 unik flexibilitet&#8221; title_2=&#8221;Snabbmatsrestauranger&#8221; text_2=&#8221;Kvalitet snabbt och enkelt&#8221; background_image_media_library_1=&#8221;14228&#8243; background_image_media_library_2=&#8221;14215&#8243; link_1=&#8221;url:%23contactus|title:Fr%C3%A5ga%20efter%20mer%20information||&#8221; link_2=&#8221;url:%23contactus|title:Fr%C3%A5ga%20efter%20mer%20information||&#8221; background_image_media_library_mobile_1=&#8221;34750&#8243; background_image_media_library_mobile_2=&#8221;34752&#8243;][elx_double_banner title_1=&#8221;Hotell&#8221; text_1=&#8221;Flexibel matlagning b\u00e5de inomhus och utomhus&#8221; title_2=&#8221;Matsalar&#8221; text_2=&#8221;Premium tillagningsl\u00f6sningar&#8221; background_image_media_library_1=&#8221;14229&#8243; background_image_media_library_2=&#8221;14230&#8243; link_1=&#8221;url:%23contactus|title:Fr%C3%A5ga%20efter%20mer%20information||&#8221; link_2=&#8221;url:%23contactus|title:Fr%C3%A5ga%20efter%20mer%20information||&#8221; background_image_media_library_mobile_1=&#8221;34751&#8243; background_image_media_library_mobile_2=&#8221;34749&#8243;][\/vc_column][\/vc_row][vc_row][vc_column][vc_empty_space]<div class=\"com21-product-filter-container 109\">[\/vc_column][\/vc_row][vc_row el_id=&#8221;contactus&#8221;][vc_column][vc_empty_space][elx_heading text_color=&#8221;inherit&#8221;]Kontakta oss f\u00f6r att f\u00e5 mer information om LiberoPro Point[\/elx_heading][elx_o2000_contact_us r=&#8221;Jag vill g\u00e4rna vet mer om LiberoPro Point&#8230;&#8221; s=&#8221;\u00d6nskar mer info om LiberoPro Point&#8230;&#8221; country=&#8221;Sweden&#8221; l=&#8221;se&#8221; b=&#8221;food&#8221;][\/vc_column][\/vc_row]<\/p>\n","protected":false},"excerpt":{"rendered":"<p>[vc_row full_width=&#8221;electroluxpro-full-width-no-padding&#8221; css=&#8221;.vc_custom_1616708533302{margin-top: -30px !important;border-top-width: -30px !important;padding-top: -30px !important;}&#8221;][vc_column][elx_full_banner title=&#8221;LiberoPro Point &#8211; Matlagning med frihet&#8221; set_as_h1=&#8221;true&#8221; link=&#8221;url:%23contactus|title:F%C3%A5%20mer%20information%20om%20LiberoPro%20Point||&#8221; background_image_media_library=&#8221;14218&#8243; background_image_media_library_mobile=&#8221;34695&#8243;][\/vc_column][\/vc_row][vc_row][vc_column][vc_empty_space][elx_heading font_container=&#8221;h1&#8243; text_color=&#8221;inherit&#8221; text_align=&#8221;text-center&#8221;]LiberoPro Point &#8211; Ditt moderna, mobila k\u00f6k[\/elx_heading][vc_empty_space][vc_row_inner][vc_column_inner width=&#8221;1\/2&#8243;][vc_column_text]LiberoPro Point \u00e4r en mobil, plug&amp;play matlagningsstation som kan placeras precis varsomhelst och som enkelt kan anpassas efter just dina aff\u00e4rsbehov.[\/vc_column_text][\/vc_column_inner][vc_column_inner width=&#8221;1\/2&#8243;][vc_column_text]Kombinera med olika plug-in enheter beroende [&hellip;]<\/p>\n","protected":false},"author":242,"featured_media":14218,"parent":2363,"menu_order":0,"comment_status":"closed","ping_status":"closed","template":"","meta":{"footnotes":""},"class_list":["post-14231","page","type-page","status-publish","has-post-thumbnail","hentry"],"acf":[],"yoast_head":"<!-- This site is optimized with the Yoast SEO plugin v23.3 - https:\/\/yoast.com\/wordpress\/plugins\/seo\/ -->\n<title>LiberoPro Point matlagningsstation - Electrolux Professional Sverige<\/title>\n<meta name=\"description\" content=\"LiberoPro Point \u00e4r en mobil, plug&amp;play matlagningsstation som kan placeras varsomhelst. En flexibel l\u00f6sning som passar alla verksamheter!\" \/>\n<meta name=\"robots\" content=\"index, follow, max-snippet:-1, max-image-preview:large, max-video-preview:-1\" \/>\n<link rel=\"canonical\" href=\"https:\/\/www.electroluxprofessional.com\/se\/storkok\/storkoksutrustning\/liberopro-point-matlagningsstation\/\" \/>\n<meta property=\"og:locale\" content=\"sv_SE\" \/>\n<meta property=\"og:type\" content=\"article\" \/>\n<meta property=\"og:title\" content=\"LiberoPro Point matlagningsstation - Electrolux Professional Sverige\" \/>\n<meta property=\"og:description\" content=\"LiberoPro Point \u00e4r en mobil, plug&amp;play matlagningsstation som kan placeras varsomhelst. En flexibel l\u00f6sning som passar alla verksamheter!\" \/>\n<meta property=\"og:url\" content=\"https:\/\/www.electroluxprofessional.com\/se\/storkok\/storkoksutrustning\/liberopro-point-matlagningsstation\/\" \/>\n<meta property=\"og:site_name\" content=\"Electrolux Professional Sverige\" \/>\n<meta property=\"article:modified_time\" content=\"2021-05-20T07:43:51+00:00\" \/>\n<meta property=\"og:image\" content=\"https:\/\/www.electroluxprofessional.com\/se\/wp-content\/uploads\/2021\/03\/libero-top-banner-Oriz.jpg\" \/>\n\t<meta property=\"og:image:width\" content=\"1920\" \/>\n\t<meta property=\"og:image:height\" content=\"581\" \/>\n\t<meta property=\"og:image:type\" content=\"image\/jpeg\" \/>\n<meta name=\"twitter:card\" content=\"summary_large_image\" \/>\n<meta name=\"twitter:label1\" content=\"Ber\u00e4knad l\u00e4stid\" \/>\n\t<meta name=\"twitter:data1\" content=\"6 minuter\" \/>\n<script type=\"application\/ld+json\" class=\"yoast-schema-graph\">{\"@context\":\"https:\/\/schema.org\",\"@graph\":[{\"@type\":\"WebPage\",\"@id\":\"https:\/\/www.electroluxprofessional.com\/se\/storkok\/storkoksutrustning\/liberopro-point-matlagningsstation\/\",\"url\":\"https:\/\/www.electroluxprofessional.com\/se\/storkok\/storkoksutrustning\/liberopro-point-matlagningsstation\/\",\"name\":\"LiberoPro Point matlagningsstation - Electrolux Professional Sverige\",\"isPartOf\":{\"@id\":\"https:\/\/www.electroluxprofessional.com\/se\/#website\"},\"primaryImageOfPage\":{\"@id\":\"https:\/\/www.electroluxprofessional.com\/se\/storkok\/storkoksutrustning\/liberopro-point-matlagningsstation\/#primaryimage\"},\"image\":{\"@id\":\"https:\/\/www.electroluxprofessional.com\/se\/storkok\/storkoksutrustning\/liberopro-point-matlagningsstation\/#primaryimage\"},\"thumbnailUrl\":\"https:\/\/www.electroluxprofessional.com\/se\/wp-content\/uploads\/2021\/03\/libero-top-banner-Oriz.jpg\",\"datePublished\":\"2021-03-29T08:51:08+00:00\",\"dateModified\":\"2021-05-20T07:43:51+00:00\",\"description\":\"LiberoPro Point \u00e4r en mobil, plug&play matlagningsstation som kan placeras varsomhelst. En flexibel l\u00f6sning som passar alla verksamheter!\",\"breadcrumb\":{\"@id\":\"https:\/\/www.electroluxprofessional.com\/se\/storkok\/storkoksutrustning\/liberopro-point-matlagningsstation\/#breadcrumb\"},\"inLanguage\":\"sv-SE\",\"potentialAction\":[{\"@type\":\"ReadAction\",\"target\":[\"https:\/\/www.electroluxprofessional.com\/se\/storkok\/storkoksutrustning\/liberopro-point-matlagningsstation\/\"]}]},{\"@type\":\"ImageObject\",\"inLanguage\":\"sv-SE\",\"@id\":\"https:\/\/www.electroluxprofessional.com\/se\/storkok\/storkoksutrustning\/liberopro-point-matlagningsstation\/#primaryimage\",\"url\":\"https:\/\/www.electroluxprofessional.com\/se\/wp-content\/uploads\/2021\/03\/libero-top-banner-Oriz.jpg\",\"contentUrl\":\"https:\/\/www.electroluxprofessional.com\/se\/wp-content\/uploads\/2021\/03\/libero-top-banner-Oriz.jpg\",\"width\":1920,\"height\":581,\"caption\":\"libero-top-banner-Oriz\"},{\"@type\":\"BreadcrumbList\",\"@id\":\"https:\/\/www.electroluxprofessional.com\/se\/storkok\/storkoksutrustning\/liberopro-point-matlagningsstation\/#breadcrumb\",\"itemListElement\":[{\"@type\":\"ListItem\",\"position\":1,\"name\":\"Home\",\"item\":\"https:\/\/www.electroluxprofessional.com\/se\/\"},{\"@type\":\"ListItem\",\"position\":2,\"name\":\"Stork\u00f6k\",\"item\":\"https:\/\/www.electroluxprofessional.com\/se\/storkok\/\"},{\"@type\":\"ListItem\",\"position\":3,\"name\":\"Stork\u00f6ksutrustning\",\"item\":\"https:\/\/www.electroluxprofessional.com\/se\/storkok\/storkoksutrustning\/\"},{\"@type\":\"ListItem\",\"position\":4,\"name\":\"LiberoPro Point matlagningsstation\"}]},{\"@type\":\"WebSite\",\"@id\":\"https:\/\/www.electroluxprofessional.com\/se\/#website\",\"url\":\"https:\/\/www.electroluxprofessional.com\/se\/\",\"name\":\"Electrolux Professional Sverige\",\"description\":\"\",\"potentialAction\":[{\"@type\":\"SearchAction\",\"target\":{\"@type\":\"EntryPoint\",\"urlTemplate\":\"https:\/\/www.electroluxprofessional.com\/se\/?src={search_term_string}\"},\"query-input\":\"required name=search_term_string\"}],\"inLanguage\":\"sv-SE\"}]}<\/script>\n<!-- \/ Yoast SEO plugin. -->","yoast_head_json":{"title":"LiberoPro Point matlagningsstation - Electrolux Professional Sverige","description":"LiberoPro Point \u00e4r en mobil, plug&play matlagningsstation som kan placeras varsomhelst. En flexibel l\u00f6sning som passar alla verksamheter!","robots":{"index":"index","follow":"follow","max-snippet":"max-snippet:-1","max-image-preview":"max-image-preview:large","max-video-preview":"max-video-preview:-1"},"canonical":"https:\/\/www.electroluxprofessional.com\/se\/storkok\/storkoksutrustning\/liberopro-point-matlagningsstation\/","og_locale":"sv_SE","og_type":"article","og_title":"LiberoPro Point matlagningsstation - Electrolux Professional Sverige","og_description":"LiberoPro Point \u00e4r en mobil, plug&play matlagningsstation som kan placeras varsomhelst. En flexibel l\u00f6sning som passar alla verksamheter!","og_url":"https:\/\/www.electroluxprofessional.com\/se\/storkok\/storkoksutrustning\/liberopro-point-matlagningsstation\/","og_site_name":"Electrolux Professional Sverige","article_modified_time":"2021-05-20T07:43:51+00:00","og_image":[{"width":1920,"height":581,"url":"https:\/\/www.electroluxprofessional.com\/se\/wp-content\/uploads\/2021\/03\/libero-top-banner-Oriz.jpg","type":"image\/jpeg"}],"twitter_card":"summary_large_image","twitter_misc":{"Ber\u00e4knad l\u00e4stid":"6 minuter"},"schema":{"@context":"https:\/\/schema.org","@graph":[{"@type":"WebPage","@id":"https:\/\/www.electroluxprofessional.com\/se\/storkok\/storkoksutrustning\/liberopro-point-matlagningsstation\/","url":"https:\/\/www.electroluxprofessional.com\/se\/storkok\/storkoksutrustning\/liberopro-point-matlagningsstation\/","name":"LiberoPro Point matlagningsstation - Electrolux Professional Sverige","isPartOf":{"@id":"https:\/\/www.electroluxprofessional.com\/se\/#website"},"primaryImageOfPage":{"@id":"https:\/\/www.electroluxprofessional.com\/se\/storkok\/storkoksutrustning\/liberopro-point-matlagningsstation\/#primaryimage"},"image":{"@id":"https:\/\/www.electroluxprofessional.com\/se\/storkok\/storkoksutrustning\/liberopro-point-matlagningsstation\/#primaryimage"},"thumbnailUrl":"https:\/\/www.electroluxprofessional.com\/se\/wp-content\/uploads\/2021\/03\/libero-top-banner-Oriz.jpg","datePublished":"2021-03-29T08:51:08+00:00","dateModified":"2021-05-20T07:43:51+00:00","description":"LiberoPro Point \u00e4r en mobil, plug&play matlagningsstation som kan placeras varsomhelst. En flexibel l\u00f6sning som passar alla verksamheter!","breadcrumb":{"@id":"https:\/\/www.electroluxprofessional.com\/se\/storkok\/storkoksutrustning\/liberopro-point-matlagningsstation\/#breadcrumb"},"inLanguage":"sv-SE","potentialAction":[{"@type":"ReadAction","target":["https:\/\/www.electroluxprofessional.com\/se\/storkok\/storkoksutrustning\/liberopro-point-matlagningsstation\/"]}]},{"@type":"ImageObject","inLanguage":"sv-SE","@id":"https:\/\/www.electroluxprofessional.com\/se\/storkok\/storkoksutrustning\/liberopro-point-matlagningsstation\/#primaryimage","url":"https:\/\/www.electroluxprofessional.com\/se\/wp-content\/uploads\/2021\/03\/libero-top-banner-Oriz.jpg","contentUrl":"https:\/\/www.electroluxprofessional.com\/se\/wp-content\/uploads\/2021\/03\/libero-top-banner-Oriz.jpg","width":1920,"height":581,"caption":"libero-top-banner-Oriz"},{"@type":"BreadcrumbList","@id":"https:\/\/www.electroluxprofessional.com\/se\/storkok\/storkoksutrustning\/liberopro-point-matlagningsstation\/#breadcrumb","itemListElement":[{"@type":"ListItem","position":1,"name":"Home","item":"https:\/\/www.electroluxprofessional.com\/se\/"},{"@type":"ListItem","position":2,"name":"Stork\u00f6k","item":"https:\/\/www.electroluxprofessional.com\/se\/storkok\/"},{"@type":"ListItem","position":3,"name":"Stork\u00f6ksutrustning","item":"https:\/\/www.electroluxprofessional.com\/se\/storkok\/storkoksutrustning\/"},{"@type":"ListItem","position":4,"name":"LiberoPro Point matlagningsstation"}]},{"@type":"WebSite","@id":"https:\/\/www.electroluxprofessional.com\/se\/#website","url":"https:\/\/www.electroluxprofessional.com\/se\/","name":"Electrolux Professional Sverige","description":"","potentialAction":[{"@type":"SearchAction","target":{"@type":"EntryPoint","urlTemplate":"https:\/\/www.electroluxprofessional.com\/se\/?src={search_term_string}"},"query-input":"required name=search_term_string"}],"inLanguage":"sv-SE"}]}},"_links":{"self":[{"href":"https:\/\/www.electroluxprofessional.com\/se\/wp-json\/wp\/v2\/pages\/14231"}],"collection":[{"href":"https:\/\/www.electroluxprofessional.com\/se\/wp-json\/wp\/v2\/pages"}],"about":[{"href":"https:\/\/www.electroluxprofessional.com\/se\/wp-json\/wp\/v2\/types\/page"}],"author":[{"embeddable":true,"href":"https:\/\/www.electroluxprofessional.com\/se\/wp-json\/wp\/v2\/users\/242"}],"replies":[{"embeddable":true,"href":"https:\/\/www.electroluxprofessional.com\/se\/wp-json\/wp\/v2\/comments?post=14231"}],"version-history":[{"count":18,"href":"https:\/\/www.electroluxprofessional.com\/se\/wp-json\/wp\/v2\/pages\/14231\/revisions"}],"predecessor-version":[{"id":14916,"href":"https:\/\/www.electroluxprofessional.com\/se\/wp-json\/wp\/v2\/pages\/14231\/revisions\/14916"}],"up":[{"embeddable":true,"href":"https:\/\/www.electroluxprofessional.com\/se\/wp-json\/wp\/v2\/pages\/2363"}],"wp:featuredmedia":[{"embeddable":true,"href":"https:\/\/www.electroluxprofessional.com\/se\/wp-json\/wp\/v2\/media\/14218"}],"wp:attachment":[{"href":"https:\/\/www.electroluxprofessional.com\/se\/wp-json\/wp\/v2\/media?parent=14231"}],"curies":[{"name":"wp","href":"https:\/\/api.w.org\/{rel}","templated":true}]}}