{"id":10259,"date":"2020-07-07T11:22:52","date_gmt":"2020-07-07T11:22:52","guid":{"rendered":"https:\/\/www.electroluxprofessional.com\/se\/?page_id=10259"},"modified":"2024-08-22T07:50:09","modified_gmt":"2024-08-22T06:50:09","slug":"fordelar-med-service","status":"publish","type":"page","link":"https:\/\/www.electroluxprofessional.com\/se\/fordelar-med-service\/","title":{"rendered":"F\u00f6rdelar med service"},"content":{"rendered":"<p>[vc_row][vc_column][elx_full_banner title=&#8221;Flera f\u00f6rdelar med Serviceavtal&#8221; background_image_media_library=&#8221;51779&#8243; link=&#8221;url:%23kontakta|title:Kontakta%20oss%20redan%20idag&#8221; background_image_media_library_mobile=&#8221;51628&#8243;][\/vc_column][\/vc_row][vc_row][vc_column][vc_row_inner][vc_column_inner][vc_empty_space height=&#8221;16px&#8221;][elx_heading font_container=&#8221;h1&#8243; text_color=&#8221;inherit&#8221;]Essentia &#8211; f\u00f6rdelar med service[\/elx_heading][vc_column_text]Fr\u00e5gorna kring service och underh\u00e5ll av tv\u00e4ttutrusningen kan vara m\u00e5nga. Varf\u00f6r beh\u00f6ver helt nya produkter service? Kan jag sj\u00e4lv g\u00f6ra n\u00e5got? Hur s\u00e4nker man energif\u00f6rbrukningen &#8211; och vad b\u00f6r man t\u00e4nka p\u00e5 n\u00e4r man bygger en tv\u00e4ttstuga? H\u00e4r listar vi n\u00e5gra punkter kring service och underh\u00e5ll som kan vara bra att t\u00e4nka p\u00e5.<\/p>\n<h2>Serviceavtal inneb\u00e4r flera f\u00f6rdelar<\/h2>\n<p>Det finns m\u00e5nga f\u00f6rdelar med ett serviceavtal, bland annat:<\/p>\n<ul>\n<li><strong>Bekymmersfritt \u00e4gande<\/strong><\/li>\n<li><strong>Oplanerade driftstopp kan f\u00f6rebyggas och undvikas<\/strong> \u2013 begynnande fel hittas och \u00e5tg\u00e4rdas<\/li>\n<li><strong>Produktens livscykelkostnad minskar<\/strong><\/li>\n<\/ul>\n<p>Man kan s\u00e4ga att om man sk\u00f6ter maskinen, s\u00e5 \u00f6kar livsl\u00e4ngden och det kostar mindre att reparera den.\u00a0Ett serviceavtal med Electrolux Professional inneb\u00e4r ocks\u00e5 att service sk\u00f6ts av <strong>utbildade och kunniga servicetekniker<\/strong>, som vi l\u00e4gger stora resurser p\u00e5 att kontinuerligt utbilda. \u00a0Serviceavtalen kan anpassas efter kundernas behov och som kund\u00a0vet man i f\u00f6rv\u00e4g vad servicen kostar vilket ger <strong>en j\u00e4mnare f\u00f6rdelning av kostnaderna<\/strong>.[\/vc_column_text][vc_empty_space][\/vc_column_inner][\/vc_row_inner][vc_empty_space][\/vc_column][\/vc_row][vc_row el_id=&#8221;fordelar_tvattstuga&#8221;][vc_column width=&#8221;1\/2&#8243;][vc_empty_space height=&#8221;24px&#8221;][vc_single_image image=&#8221;51604&#8243; img_size=&#8221;555&#215;325&#8243;][\/vc_column][vc_column width=&#8221;1\/2&#8243;][vc_column_text]<\/p>\n<h2>Checklista f\u00f6r ny tv\u00e4ttstuga<\/h2>\n<ul>\n<li>T\u00e4nk p\u00e5 att inte underdimensionera utan att <strong>matcha kapacitet med behov<\/strong>. Vid underdimensionering skapas k\u00f6tider och flexibiliteten minskar. Detta kan man f\u00e5 hj\u00e4lp med i form av en inventering.<\/li>\n<li><strong>Ventilationen<\/strong> \u00e4r en viktig del, s\u00e4rskilt om man anv\u00e4nder evakuerande torktumlare. M\u00e5nga tumlare arbetar i en lokal med bristf\u00e4llig ventilation. Det p\u00e5verkar inte bara maskinen utan \u00e4ven det allm\u00e4nna v\u00e4lbefinnandet i lokalen \u2013 ingen tycker om att vistas i en varm och fuktig lokal. Det \u00e4r alltid enklare att planera f\u00f6r evakuering och tilluft fr\u00e5n b\u00f6rjan \u00e4n att r\u00e4tta till det i efterhand. Ett s\u00e4tt att avsev\u00e4rt minska problemen \u00e4r att satsa p\u00e5 torktumlare med modern v\u00e4rmepumpsteknik.<\/li>\n<li>Det \u00e4r bra att fr\u00e5n b\u00f6rjan <strong>planera f\u00f6r tillg\u00e4nglighet vad g\u00e4ller service<\/strong>, det vill s\u00e4ga att det b\u00f6r vara enkelt att komma \u00e5t maskinerna.<\/li>\n<\/ul>\n<p>[\/vc_column_text][vc_empty_space][\/vc_column][\/vc_row][vc_row][vc_column width=&#8221;1\/2&#8243;][vc_column_text]<\/p>\n<h2>\u00d6ka utrustningens livsl\u00e4ngd<\/h2>\n<p>Genom att se till att tv\u00e4ttutrustningen f\u00e5r ett bra, regelbundet underh\u00e5ll kan livsl\u00e4ngden p\u00e5 produkterna \u00f6ka. Det omfattar \u00e4ven det dagliga underh\u00e5llet, t ex att reng\u00f6ra tv\u00e4ttmedelsfack, luddfilter (som b\u00f6r reng\u00f6ras efter varje torkomg\u00e5ng) och torka av luckpackningar. Vid behov \u00e4ven avkalkning (viktigare vid h\u00e5rt vatten).<\/p>\n<p>Mycket av detta kan man sj\u00e4lv g\u00f6ra och det betyder mycket f\u00f6r livsl\u00e4ngden p\u00e5 maskinerna. Kort sagt \u00e4r ett bra r\u00e5d att l\u00e4mna maskinen som man vill finna den.[\/vc_column_text][vc_empty_space][\/vc_column][vc_column width=&#8221;1\/2&#8243;][vc_empty_space height=&#8221;24px&#8221;][vc_single_image image=&#8221;51606&#8243; img_size=&#8221;555&#215;325&#8243;][vc_empty_space][\/vc_column][\/vc_row][vc_row][vc_column width=&#8221;1\/2&#8243;][vc_empty_space height=&#8221;24px&#8221;][vc_single_image image=&#8221;10270&#8243; img_size=&#8221;555&#215;325&#8243;][vc_empty_space][\/vc_column][vc_column width=&#8221;1\/2&#8243;][vc_column_text]<\/p>\n<h2>Minska energif\u00f6rbrukningen<\/h2>\n<ul>\n<li><strong>H\u00e5ll evakueringskanalen fri fr\u00e5n ludd och kontrollera att avloppsventilen inte l\u00e4cker<\/strong> (d\u00e5 fyller maskinen p\u00e5 nytt vatten, vilket \u00f6kar f\u00f6rbrukningen).<\/li>\n<li><strong>Man kan tj\u00e4na mycket mer \u00e4n vad man tror p\u00e5 att byta ut \u00e4ldre maskiner<\/strong> \u2013 eller till och med nya, men med traditionell teknik, mot nya produkter med l\u00e5genergiteknik. Kostnaden f\u00f6r vatten- och energif\u00f6rbrukning \u00e4r s\u00e5 pass stor i f\u00f6rh\u00e5llande till ink\u00f6pspriset att <strong>investeringen tj\u00e4nas in p\u00e5 bara n\u00e5gra \u00e5r<\/strong> \u2013 d\u00e4refter \u00e4r det ren vinst f\u00f6r b\u00e5de pl\u00e5nbok och milj\u00f6. Som en bonus kan \u00f6verg\u00e5ng till l\u00e5genergiprodukter ocks\u00e5 inneb\u00e4ra att man kan g\u00e5 ned i storlek p\u00e5 huvuds\u00e4kringen. Det kan inneb\u00e4ra ett l\u00e4gre abonnemangspris \u2013 r\u00e4tt s\u00e4kringsstorlek p\u00e5verkar n\u00e4mligen eln\u00e4tsavgiften.\u00a0\u00c4ven h\u00e4r kan ett serviceavtal s\u00e4nka energikostnaderna, eftersom det ing\u00e5r en milj\u00f6optimering, som bland annat inneb\u00e4r att man justerar viktm\u00e4tningen och tittar p\u00e5 andra faktorer som p\u00e5verkar energif\u00f6rbrukningen.<\/li>\n<li><strong>Ett automatiskt doseringssystem inneb\u00e4r f\u00f6r de flesta en s\u00e4nkt f\u00f6rbrukning<\/strong> av tv\u00e4ttmedel m m. Tv\u00e4ttmedel st\u00e5r f\u00f6r den enskilt st\u00f6rsta kostnaden i tv\u00e4ttstugan och genom att undvika \u00f6verdosering kan man spara mycket pengar.<\/li>\n<\/ul>\n<p>[\/vc_column_text][vc_empty_space][\/vc_column][\/vc_row][vc_row css=&#8221;.vc_custom_1594115204758{background-color: #041e41 !important;}&#8221;][vc_column][vc_column_text]<\/p>\n<h2><span style=\"color: #ffffff;\">S\u00e5 undviker du de vanligaste felen<\/span><\/h2>\n<p>&nbsp;<\/p>\n<p><span style=\"color: #ffffff;\"><strong>Det dagliga underh\u00e5llet<\/strong> blir ofta eftersatt. Det p\u00e5verkar maskinernas livsl\u00e4ngd, men skapar ocks\u00e5 allm\u00e4nt d\u00e5lig trivsel. Information till anv\u00e4ndarna \u00e4r ett viktigt verktyg.\u00a0<\/span><\/p>\n<p><span style=\"color: #ffffff;\"><strong>Att kl\u00e4der inte t\u00f6mts p\u00e5 fr\u00e4mmande f\u00f6rem\u00e5l<\/strong> f\u00f6rekommer ocks\u00e5 ganska ofta \u2013 det kan s\u00e4tta igen avloppsventiler och f\u00f6rst\u00f6ra trumman. \u00c4ven h\u00e4r beh\u00f6vs information till anv\u00e4ndarna.<\/span><\/p>\n<p><span style=\"color: #ffffff;\"><strong>\u00d6verdosering<\/strong> \u00e4r ocks\u00e5 ett ganska stort problem. F\u00f6rutom on\u00f6digt h\u00f6ga kostnader inneb\u00e4r det ocks\u00e5 problem i maskinen \u2013 \u00e4ven i torkprocessen. Det \u00e4r dessutom skadligt f\u00f6r b\u00e5de maskiner och milj\u00f6.<\/span><\/p>\n<p><span style=\"color: #ffffff;\"><strong>Stulna tv\u00e4ttider<\/strong> \u00e4r ett ofta f\u00f6rbisett problem. Har man problem med detta finns elektroniska system som t ex Electrolux Professional Control System, som g\u00f6r det m\u00f6jligt att boka tv\u00e4ttider digitalt. D\u00e4rmed kan m\u00e5nga missf\u00f6rst\u00e5nd och irritationsmoment undvikas. Samtidigt \u00f6kar \u00e4ven k\u00e4nslan av s\u00e4kerhet \u2013 ingen annan \u00e4n den som bokat tv\u00e4ttstugan kommer in under den bokade perioden. Systemet kan \u00e4ven sk\u00f6tas direkt i mobilen.<\/span>[\/vc_column_text][vc_empty_space][\/vc_column][\/vc_row][vc_row][vc_column width=&#8221;1\/2&#8243;][vc_column_text]<\/p>\n<h2>V\u00e5rt erbjudande<\/h2>\n<p>Electrolux Professional erbjuder flera f\u00f6rdelar:<\/p>\n<ul>\n<li><strong>Mycket bra garantivillkor<\/strong> och <strong>snabba, s\u00e4kra reservdelsleveranser i hela landet.<\/strong> Det \u00e4r viktigt, d\u00e5 stillast\u00e5ende maskiner skapar stor irritation och missn\u00f6jda anv\u00e4ndare.<\/li>\n<li><strong>V\u00e4l inarbetat servicen\u00e4t med stor rutin och bra utbildning<\/strong>. D\u00e4rf\u00f6r l\u00f6ser vi ofta problemen direkt.<\/li>\n<\/ul>\n<p>[\/vc_column_text][vc_empty_space][\/vc_column][vc_column width=&#8221;1\/2&#8243;][vc_empty_space height=&#8221;24px&#8221;][vc_single_image image=&#8221;10268&#8243; img_size=&#8221;555&#215;325&#8243;][vc_empty_space][\/vc_column][\/vc_row][vc_row][vc_column width=&#8221;2\/3&#8243;][vc_empty_space][elx_simple_link_block link=&#8221;url:https%3A%2F%2Fprofessional.electrolux.se%2Fsales-and-service-locator%2F|title:Sales%20%26%20Service%20Locator||&#8221; text_align=&#8221;text-left&#8221; text_color=&#8221;inherit&#8221; background_color=&#8221;inherit&#8221; background_hover_color=&#8221;darker-hover&#8221; extra_class=&#8221;&#8221; reveal_effect=&#8221;&#8221; reveal_duration=&#8221;&#8221; reveal_delay=&#8221;&#8221;][elx_heading font_size=&#8221;h3&#8243; text_color=&#8221;inherit&#8221;]Servicen\u00e4tverk[\/elx_heading][vc_column_text]Du kan r\u00e4kna med fler \u00e4n<strong>\u00a02 200 auktoriserade servicepartners<\/strong>, alltid tillg\u00e4ngliga, alltid i tj\u00e4nst. Vi st\u00e5r redo och fast beslutna att hj\u00e4lpa dig med ett <strong>unikt servicen\u00e4tverk<\/strong> som g\u00f6r ditt arbetsliv enklare.[\/vc_column_text][\/elx_simple_link_block][vc_empty_space][elx_button button_text=&#8221;Hitta din n\u00e4rmaste servicepartner&#8221; button_style=&#8221;icon&#8221; button_link=&#8221;url:https%3A%2F%2Fprofessional.electrolux.se%2Fsales-service-locator%2F|title:Hitta%20din%20n%C3%A4rmaste%20servicepartner||&#8221;][\/vc_column][vc_column width=&#8221;1\/3&#8243;][vc_empty_space][vc_single_image image=&#8221;5418&#8243; img_size=&#8221;full&#8221;][\/vc_column][\/vc_row][vc_row el_id=&#8221;kontakta&#8221;][vc_column][vc_empty_space][\/vc_column][\/vc_row][vc_row matched_labels=&#8221;&#8221;][vc_column][elx_heading font_container=&#8221;h3&#8243; text_color=&#8221;inherit&#8221;]F\u00e5 mer information om Essentia[\/elx_heading][elx_o2000_contact_us s=&#8221;Jag vill ha mer information om Essentia&#8221; country=&#8221;Sweden&#8221; b=&#8221;laundry&#8221; container=&#8221;elxcontactus1484293813&#8243; r=&#8221;Jag vill g\u00e4rna veta mer om Essentia. V\u00e4nligen kontakta mig.&#8221; l=&#8221;se&#8221; e=&#8221;els.sales@electrolux.se; els.sales@electrolux.com&#8221;][\/vc_column][\/vc_row][vc_row][vc_column][vc_empty_space][\/vc_column][\/vc_row]<\/p>\n","protected":false},"excerpt":{"rendered":"<p>[vc_row][vc_column][elx_full_banner title=&#8221;Flera f\u00f6rdelar med Serviceavtal&#8221; background_image_media_library=&#8221;51779&#8243; link=&#8221;url:%23kontakta|title:Kontakta%20oss%20redan%20idag&#8221; background_image_media_library_mobile=&#8221;51628&#8243;][\/vc_column][\/vc_row][vc_row][vc_column][vc_row_inner][vc_column_inner][vc_empty_space height=&#8221;16px&#8221;][elx_heading font_container=&#8221;h1&#8243; text_color=&#8221;inherit&#8221;]Essentia &#8211; f\u00f6rdelar med service[\/elx_heading][vc_column_text]Fr\u00e5gorna kring service och underh\u00e5ll av tv\u00e4ttutrusningen kan vara m\u00e5nga. Varf\u00f6r beh\u00f6ver helt nya produkter service? Kan jag sj\u00e4lv g\u00f6ra n\u00e5got? Hur s\u00e4nker man energif\u00f6rbrukningen &#8211; och vad b\u00f6r man t\u00e4nka p\u00e5 n\u00e4r man bygger en tv\u00e4ttstuga? H\u00e4r listar vi n\u00e5gra [&hellip;]<\/p>\n","protected":false},"author":3,"featured_media":5410,"parent":0,"menu_order":0,"comment_status":"closed","ping_status":"closed","template":"","meta":{"footnotes":""},"class_list":["post-10259","page","type-page","status-publish","has-post-thumbnail","hentry"],"acf":[],"yoast_head":"<!-- This site is optimized with the Yoast SEO plugin v23.3 - https:\/\/yoast.com\/wordpress\/plugins\/seo\/ -->\n<title>Essentia - f\u00f6rdelar med service av tv\u00e4ttutrustningen<\/title>\n<meta name=\"description\" content=\"Det finns m\u00e5nga f\u00f6rdelar med att sk\u00f6ta service och underh\u00e5ll p\u00e5 sin tv\u00e4ttutrustning. H\u00e4r ger vi n\u00e5gra exempel p\u00e5 f\u00f6rdelar och vi tipsar ocks\u00e5 om hur du sj\u00e4lv kan f\u00f6rl\u00e4nga livsl\u00e4ngden p\u00e5 din tv\u00e4ttutrustning - och s\u00e4nka energif\u00f6rbrukningen och kostnaderna i tv\u00e4ttstugan.\" \/>\n<meta name=\"robots\" content=\"index, follow, max-snippet:-1, max-image-preview:large, max-video-preview:-1\" \/>\n<link rel=\"canonical\" href=\"https:\/\/www.electroluxprofessional.com\/se\/fordelar-med-service\/\" \/>\n<meta property=\"og:locale\" content=\"sv_SE\" \/>\n<meta property=\"og:type\" content=\"article\" \/>\n<meta property=\"og:title\" content=\"Essentia - f\u00f6rdelar med service av tv\u00e4ttutrustningen\" \/>\n<meta property=\"og:description\" content=\"Det finns m\u00e5nga f\u00f6rdelar med att sk\u00f6ta service och underh\u00e5ll p\u00e5 sin tv\u00e4ttutrustning. H\u00e4r ger vi n\u00e5gra exempel p\u00e5 f\u00f6rdelar och vi tipsar ocks\u00e5 om hur du sj\u00e4lv kan f\u00f6rl\u00e4nga livsl\u00e4ngden p\u00e5 din tv\u00e4ttutrustning - och s\u00e4nka energif\u00f6rbrukningen och kostnaderna i tv\u00e4ttstugan.\" \/>\n<meta property=\"og:url\" content=\"https:\/\/www.electroluxprofessional.com\/se\/fordelar-med-service\/\" \/>\n<meta property=\"og:site_name\" content=\"Electrolux Professional Sverige\" \/>\n<meta property=\"article:modified_time\" content=\"2024-08-22T06:50:09+00:00\" \/>\n<meta property=\"og:image\" content=\"https:\/\/www.electroluxprofessional.com\/se\/wp-content\/uploads\/2018\/02\/essentia-700.jpg\" \/>\n\t<meta property=\"og:image:width\" content=\"700\" \/>\n\t<meta property=\"og:image:height\" content=\"700\" \/>\n\t<meta property=\"og:image:type\" content=\"image\/jpeg\" \/>\n<meta name=\"twitter:card\" content=\"summary_large_image\" \/>\n<meta name=\"twitter:label1\" content=\"Ber\u00e4knad l\u00e4stid\" \/>\n\t<meta name=\"twitter:data1\" content=\"6 minuter\" \/>\n<script type=\"application\/ld+json\" class=\"yoast-schema-graph\">{\"@context\":\"https:\/\/schema.org\",\"@graph\":[{\"@type\":\"WebPage\",\"@id\":\"https:\/\/www.electroluxprofessional.com\/se\/fordelar-med-service\/\",\"url\":\"https:\/\/www.electroluxprofessional.com\/se\/fordelar-med-service\/\",\"name\":\"Essentia - f\u00f6rdelar med service av tv\u00e4ttutrustningen\",\"isPartOf\":{\"@id\":\"https:\/\/www.electroluxprofessional.com\/se\/#website\"},\"primaryImageOfPage\":{\"@id\":\"https:\/\/www.electroluxprofessional.com\/se\/fordelar-med-service\/#primaryimage\"},\"image\":{\"@id\":\"https:\/\/www.electroluxprofessional.com\/se\/fordelar-med-service\/#primaryimage\"},\"thumbnailUrl\":\"https:\/\/www.electroluxprofessional.com\/se\/wp-content\/uploads\/2018\/02\/essentia-700.jpg\",\"datePublished\":\"2020-07-07T11:22:52+00:00\",\"dateModified\":\"2024-08-22T06:50:09+00:00\",\"description\":\"Det finns m\u00e5nga f\u00f6rdelar med att sk\u00f6ta service och underh\u00e5ll p\u00e5 sin tv\u00e4ttutrustning. H\u00e4r ger vi n\u00e5gra exempel p\u00e5 f\u00f6rdelar och vi tipsar ocks\u00e5 om hur du sj\u00e4lv kan f\u00f6rl\u00e4nga livsl\u00e4ngden p\u00e5 din tv\u00e4ttutrustning - och s\u00e4nka energif\u00f6rbrukningen och kostnaderna i tv\u00e4ttstugan.\",\"breadcrumb\":{\"@id\":\"https:\/\/www.electroluxprofessional.com\/se\/fordelar-med-service\/#breadcrumb\"},\"inLanguage\":\"sv-SE\",\"potentialAction\":[{\"@type\":\"ReadAction\",\"target\":[\"https:\/\/www.electroluxprofessional.com\/se\/fordelar-med-service\/\"]}]},{\"@type\":\"ImageObject\",\"inLanguage\":\"sv-SE\",\"@id\":\"https:\/\/www.electroluxprofessional.com\/se\/fordelar-med-service\/#primaryimage\",\"url\":\"https:\/\/www.electroluxprofessional.com\/se\/wp-content\/uploads\/2018\/02\/essentia-700.jpg\",\"contentUrl\":\"https:\/\/www.electroluxprofessional.com\/se\/wp-content\/uploads\/2018\/02\/essentia-700.jpg\",\"width\":700,\"height\":700,\"caption\":\"Essentia customer care Electrolux Professional\"},{\"@type\":\"BreadcrumbList\",\"@id\":\"https:\/\/www.electroluxprofessional.com\/se\/fordelar-med-service\/#breadcrumb\",\"itemListElement\":[{\"@type\":\"ListItem\",\"position\":1,\"name\":\"Home\",\"item\":\"https:\/\/www.electroluxprofessional.com\/se\/\"},{\"@type\":\"ListItem\",\"position\":2,\"name\":\"F\u00f6rdelar med service\"}]},{\"@type\":\"WebSite\",\"@id\":\"https:\/\/www.electroluxprofessional.com\/se\/#website\",\"url\":\"https:\/\/www.electroluxprofessional.com\/se\/\",\"name\":\"Electrolux Professional Sverige\",\"description\":\"\",\"potentialAction\":[{\"@type\":\"SearchAction\",\"target\":{\"@type\":\"EntryPoint\",\"urlTemplate\":\"https:\/\/www.electroluxprofessional.com\/se\/?src={search_term_string}\"},\"query-input\":\"required name=search_term_string\"}],\"inLanguage\":\"sv-SE\"}]}<\/script>\n<!-- \/ Yoast SEO plugin. -->","yoast_head_json":{"title":"Essentia - f\u00f6rdelar med service av tv\u00e4ttutrustningen","description":"Det finns m\u00e5nga f\u00f6rdelar med att sk\u00f6ta service och underh\u00e5ll p\u00e5 sin tv\u00e4ttutrustning. H\u00e4r ger vi n\u00e5gra exempel p\u00e5 f\u00f6rdelar och vi tipsar ocks\u00e5 om hur du sj\u00e4lv kan f\u00f6rl\u00e4nga livsl\u00e4ngden p\u00e5 din tv\u00e4ttutrustning - och s\u00e4nka energif\u00f6rbrukningen och kostnaderna i tv\u00e4ttstugan.","robots":{"index":"index","follow":"follow","max-snippet":"max-snippet:-1","max-image-preview":"max-image-preview:large","max-video-preview":"max-video-preview:-1"},"canonical":"https:\/\/www.electroluxprofessional.com\/se\/fordelar-med-service\/","og_locale":"sv_SE","og_type":"article","og_title":"Essentia - f\u00f6rdelar med service av tv\u00e4ttutrustningen","og_description":"Det finns m\u00e5nga f\u00f6rdelar med att sk\u00f6ta service och underh\u00e5ll p\u00e5 sin tv\u00e4ttutrustning. H\u00e4r ger vi n\u00e5gra exempel p\u00e5 f\u00f6rdelar och vi tipsar ocks\u00e5 om hur du sj\u00e4lv kan f\u00f6rl\u00e4nga livsl\u00e4ngden p\u00e5 din tv\u00e4ttutrustning - och s\u00e4nka energif\u00f6rbrukningen och kostnaderna i tv\u00e4ttstugan.","og_url":"https:\/\/www.electroluxprofessional.com\/se\/fordelar-med-service\/","og_site_name":"Electrolux Professional Sverige","article_modified_time":"2024-08-22T06:50:09+00:00","og_image":[{"width":700,"height":700,"url":"https:\/\/www.electroluxprofessional.com\/se\/wp-content\/uploads\/2018\/02\/essentia-700.jpg","type":"image\/jpeg"}],"twitter_card":"summary_large_image","twitter_misc":{"Ber\u00e4knad l\u00e4stid":"6 minuter"},"schema":{"@context":"https:\/\/schema.org","@graph":[{"@type":"WebPage","@id":"https:\/\/www.electroluxprofessional.com\/se\/fordelar-med-service\/","url":"https:\/\/www.electroluxprofessional.com\/se\/fordelar-med-service\/","name":"Essentia - f\u00f6rdelar med service av tv\u00e4ttutrustningen","isPartOf":{"@id":"https:\/\/www.electroluxprofessional.com\/se\/#website"},"primaryImageOfPage":{"@id":"https:\/\/www.electroluxprofessional.com\/se\/fordelar-med-service\/#primaryimage"},"image":{"@id":"https:\/\/www.electroluxprofessional.com\/se\/fordelar-med-service\/#primaryimage"},"thumbnailUrl":"https:\/\/www.electroluxprofessional.com\/se\/wp-content\/uploads\/2018\/02\/essentia-700.jpg","datePublished":"2020-07-07T11:22:52+00:00","dateModified":"2024-08-22T06:50:09+00:00","description":"Det finns m\u00e5nga f\u00f6rdelar med att sk\u00f6ta service och underh\u00e5ll p\u00e5 sin tv\u00e4ttutrustning. H\u00e4r ger vi n\u00e5gra exempel p\u00e5 f\u00f6rdelar och vi tipsar ocks\u00e5 om hur du sj\u00e4lv kan f\u00f6rl\u00e4nga livsl\u00e4ngden p\u00e5 din tv\u00e4ttutrustning - och s\u00e4nka energif\u00f6rbrukningen och kostnaderna i tv\u00e4ttstugan.","breadcrumb":{"@id":"https:\/\/www.electroluxprofessional.com\/se\/fordelar-med-service\/#breadcrumb"},"inLanguage":"sv-SE","potentialAction":[{"@type":"ReadAction","target":["https:\/\/www.electroluxprofessional.com\/se\/fordelar-med-service\/"]}]},{"@type":"ImageObject","inLanguage":"sv-SE","@id":"https:\/\/www.electroluxprofessional.com\/se\/fordelar-med-service\/#primaryimage","url":"https:\/\/www.electroluxprofessional.com\/se\/wp-content\/uploads\/2018\/02\/essentia-700.jpg","contentUrl":"https:\/\/www.electroluxprofessional.com\/se\/wp-content\/uploads\/2018\/02\/essentia-700.jpg","width":700,"height":700,"caption":"Essentia customer care Electrolux Professional"},{"@type":"BreadcrumbList","@id":"https:\/\/www.electroluxprofessional.com\/se\/fordelar-med-service\/#breadcrumb","itemListElement":[{"@type":"ListItem","position":1,"name":"Home","item":"https:\/\/www.electroluxprofessional.com\/se\/"},{"@type":"ListItem","position":2,"name":"F\u00f6rdelar med service"}]},{"@type":"WebSite","@id":"https:\/\/www.electroluxprofessional.com\/se\/#website","url":"https:\/\/www.electroluxprofessional.com\/se\/","name":"Electrolux Professional Sverige","description":"","potentialAction":[{"@type":"SearchAction","target":{"@type":"EntryPoint","urlTemplate":"https:\/\/www.electroluxprofessional.com\/se\/?src={search_term_string}"},"query-input":"required name=search_term_string"}],"inLanguage":"sv-SE"}]}},"_links":{"self":[{"href":"https:\/\/www.electroluxprofessional.com\/se\/wp-json\/wp\/v2\/pages\/10259"}],"collection":[{"href":"https:\/\/www.electroluxprofessional.com\/se\/wp-json\/wp\/v2\/pages"}],"about":[{"href":"https:\/\/www.electroluxprofessional.com\/se\/wp-json\/wp\/v2\/types\/page"}],"author":[{"embeddable":true,"href":"https:\/\/www.electroluxprofessional.com\/se\/wp-json\/wp\/v2\/users\/3"}],"replies":[{"embeddable":true,"href":"https:\/\/www.electroluxprofessional.com\/se\/wp-json\/wp\/v2\/comments?post=10259"}],"version-history":[{"count":30,"href":"https:\/\/www.electroluxprofessional.com\/se\/wp-json\/wp\/v2\/pages\/10259\/revisions"}],"predecessor-version":[{"id":51940,"href":"https:\/\/www.electroluxprofessional.com\/se\/wp-json\/wp\/v2\/pages\/10259\/revisions\/51940"}],"wp:featuredmedia":[{"embeddable":true,"href":"https:\/\/www.electroluxprofessional.com\/se\/wp-json\/wp\/v2\/media\/5410"}],"wp:attachment":[{"href":"https:\/\/www.electroluxprofessional.com\/se\/wp-json\/wp\/v2\/media?parent=10259"}],"curies":[{"name":"wp","href":"https:\/\/api.w.org\/{rel}","templated":true}]}}