{"id":8886,"date":"2022-04-12T11:43:10","date_gmt":"2022-04-12T11:43:10","guid":{"rendered":"https:\/\/www.electroluxprofessional.com\/pl\/?page_id=8886"},"modified":"2025-11-05T15:15:37","modified_gmt":"2025-11-05T15:15:37","slug":"linia-dla-wyrobow-cukierniczych-i-piekarniczych","status":"publish","type":"page","link":"https:\/\/www.electroluxprofessional.com\/pl\/linia-dla-wyrobow-cukierniczych-i-piekarniczych\/","title":{"rendered":"Linia dla wyrob\u00f3w cukierniczych i piekarniczych"},"content":{"rendered":"<p>[vc_row full_width=&#8221;electroluxpro-full-width-no-padding&#8221;][vc_column][elx_hero_title label=&#8221;&#8221; label_background_color=&#8221;inherit&#8221; background_image=&#8221;8877&#8243;][\/elx_hero_title][\/vc_column][\/vc_row][vc_row][vc_column width=&#8221;1\/6&#8243;][vc_empty_space][\/vc_column][vc_column width=&#8221;2\/3&#8243;][vc_empty_space][elx_heading font_container=&#8221;h1&#8243; text_color=&#8221;inherit&#8221; text_align=&#8221;text-center&#8221;]Pastry &amp; Bakery Line[\/elx_heading][vc_column_text]<\/p>\n<p style=\"text-align: center;\">Sztuka konserwacji<\/p>\n<p style=\"text-align: center;\">Konserwuj \u017cywno\u015b\u0107, zachowuj\u0105c najwy\u017csz\u0105 jako\u015b\u0107 i delikatny smak p\u00f3\u0142produkt\u00f3w oraz gotowych wyrob\u00f3w cukierniczych i piekarniczych.<\/p>\n<p>[\/vc_column_text][vc_empty_space][\/vc_column][vc_column width=&#8221;1\/6&#8243;][vc_empty_space][\/vc_column][\/vc_row][vc_row][vc_column width=&#8221;1\/2&#8243;][vc_single_image image=&#8221;8878&#8243; img_size=&#8221;large&#8221; alignment=&#8221;center&#8221;][\/vc_column][vc_column width=&#8221;1\/2&#8243;][vc_single_image image=&#8221;8879&#8243; img_size=&#8221;large&#8221; alignment=&#8221;center&#8221;][\/vc_column][\/vc_row][vc_row][vc_column width=&#8221;1\/4&#8243;][vc_empty_space][vc_single_image image=&#8221;8880&#8243; img_size=&#8221;150&#215;150&#8243; alignment=&#8221;center&#8221;][vc_empty_space][vc_column_text]<\/p>\n<p style=\"text-align: center;\"><strong>To, co najlepsze<br \/>\nw ciastach i wypiekach<br \/>\n<\/strong><\/p>\n<p>[\/vc_column_text][vc_empty_space][vc_column_text]<\/p>\n<p style=\"text-align: center;\">Przechowuj delikatne ciastka i pyszne chleby w doskona\u0142ych warunkach, dzi\u0119ki precyzyjnej regulacji wilgotno\u015bci i temperatury.<\/p>\n<p>[\/vc_column_text][\/vc_column][vc_column width=&#8221;1\/4&#8243;][vc_empty_space][vc_single_image image=&#8221;8881&#8243; img_size=&#8221;150&#215;150&#8243; alignment=&#8221;center&#8221;][vc_empty_space][vc_column_text el_class=&#8221;text-box&#8221;]<\/p>\n<p style=\"text-align: center;\"><strong>Wysokosprawne,<br \/>\nniezawodne i ekologiczne<\/strong><\/p>\n<p>[\/vc_column_text][vc_empty_space][vc_column_text]<\/p>\n<p style=\"text-align: center;\">Ciasto na chleb i ciasteczka zachowuje idealny poziom wilgoci, dzi\u0119ki wysokosprawnej i skutecznej wentylacji.<\/p>\n<p>[\/vc_column_text][\/vc_column][vc_column width=&#8221;1\/4&#8243;][vc_empty_space][vc_single_image image=&#8221;8882&#8243; img_size=&#8221;150&#215;150&#8243; alignment=&#8221;center&#8221;][vc_empty_space][vc_column_text el_class=&#8221;text-box&#8221;]<\/p>\n<p style=\"text-align: center;\"><strong>Oszcz\u0119dno\u015b\u0107<br \/>\nklasy A<br \/>\n<\/strong><\/p>\n<p>[\/vc_column_text][vc_empty_space][vc_column_text]<\/p>\n<p style=\"text-align: center;\">Zyskuj dzi\u0119ki znacznemu obni\u017ceniu koszt\u00f3w energii. Zaoszcz\u0119d\u017a do 70%* na zu\u017cyciu energii dzi\u0119ki klasie A.<\/p>\n<p style=\"text-align: center; font-size: 10px;\">* W por\u00f3wnaniu do standardowych lad ch\u0142odniczych klasy D<\/p>\n<p>[\/vc_column_text][\/vc_column][vc_column width=&#8221;1\/4&#8243;][vc_empty_space][vc_single_image image=&#8221;8883&#8243; img_size=&#8221;150&#215;150&#8243; alignment=&#8221;center&#8221;][vc_empty_space][vc_column_text el_class=&#8221;text-box&#8221;]<\/p>\n<p style=\"text-align: center;\"><strong>Maksymalna<br \/>\nkonserwacja \u017cywno\u015bci<\/strong><\/p>\n<p>[\/vc_column_text][vc_empty_space][vc_column_text]<\/p>\n<p style=\"text-align: center;\">Ogranicz ilo\u015b\u0107 odpad\u00f3w z \u017cywno\u015bci. Klasa klimatyczna 5 oznacza optymaln\u0105 konserwacj\u0119 \u017cywno\u015bci oraz wysok\u0105 sprawno\u015b\u0107, nawet w bardzo obci\u0105\u017conych kuchniach przy 40\u00b0C.<\/p>\n<p>[\/vc_column_text][\/vc_column][\/vc_row][vc_row][vc_column][vc_empty_space][vc_column_text]<\/p>\n<h3 style=\"text-align: center;\">Ekstra zr\u00f3wnowa\u017cone<\/h3>\n<p style=\"text-align: center;\">Pionierska zr\u00f3wnowa\u017cona dzia\u0142alno\u015b\u0107 oraz rozwi\u0105zania przyjazne dla \u015brodowiska dzi\u0119ki innowacjom<\/p>\n<p>[\/vc_column_text][vc_empty_space][\/vc_column][\/vc_row][vc_row][vc_column width=&#8221;1\/2&#8243;][vc_empty_space][vc_column_text css=&#8221;.vc_custom_1652356118696{padding-left: 70px !important;}&#8221;]<\/p>\n<h3 style=\"text-align: left;\">Electrolux Professional jest liderem zmian, wprowadzaj\u0105c na rynek &#8211; jako jeden z pierwszych producent\u00f3w &#8211; rozwi\u0105zania z wysokosprawnym czynnikiem R290<\/h3>\n<p>[\/vc_column_text][vc_empty_space][\/vc_column][vc_column width=&#8221;1\/2&#8243;][vc_empty_space][vc_single_image image=&#8221;8884&#8243; img_size=&#8221;medium&#8221;][vc_empty_space height=&#8221;15px&#8221;][vc_column_text css=&#8221;.vc_custom_1652356133505{padding-right: 70px !important;}&#8221;]<\/p>\n<p style=\"text-align: left;\">Gaz R290 pozwala ograniczy\u0107 wp\u0142yw na \u015brodowisko i ma znacznie mniej agresywne dzia\u0142anie na cz\u0119\u015bci urz\u0105dzenia ch\u0142odniczego ni\u017c starsze, tradycyjne gazy.<\/p>\n<p>[\/vc_column_text][vc_empty_space][\/vc_column][\/vc_row][vc_row][vc_column][vc_empty_space][elx_image_text_box attach_image_text_box=&#8221;37962&#8243; image_position=&#8221;image_left&#8221; background_colors=&#8221;background-food&#8221; text_block_position=&#8221;text_block_bottom&#8221; image_text_block=&#8221;Maksymalna pojemno\u015b\u0107 w<br \/>\nmodelach z 2, 3 lub 4 drzwiami,<br \/>\ndo 9 (400&#215;600 mm)<br \/>\ntac na komor\u0119&#8221;][vc_empty_space][\/vc_column][\/vc_row][vc_row][vc_column][vc_empty_space][vc_single_image image=&#8221;8885&#8243; img_size=&#8221;large&#8221; alignment=&#8221;center&#8221;][vc_empty_space][\/vc_column][\/vc_row][vc_row][vc_column][vc_empty_space][\/vc_column][\/vc_row][vc_row el_id=&#8221;contact-us&#8221;][vc_column][vc_empty_space][elx_heading text_color=&#8221;inherit&#8221; text_align=&#8221;text-center&#8221;]Wype\u0142nij formularz poni\u017cej, by uzyska\u0107 wi\u0119cej informacji.[\/elx_heading][elx_o2000_contact_us b=&#8221;food&#8221; l=&#8221;en&#8221;][\/vc_column][\/vc_row]<\/p>\n","protected":false},"excerpt":{"rendered":"<p>[vc_row full_width=&#8221;electroluxpro-full-width-no-padding&#8221;][vc_column][elx_hero_title label=&#8221;&#8221; label_background_color=&#8221;inherit&#8221; background_image=&#8221;8877&#8243;][\/elx_hero_title][\/vc_column][\/vc_row][vc_row][vc_column width=&#8221;1\/6&#8243;][vc_empty_space][\/vc_column][vc_column width=&#8221;2\/3&#8243;][vc_empty_space][elx_heading font_container=&#8221;h1&#8243; text_color=&#8221;inherit&#8221; text_align=&#8221;text-center&#8221;]Pastry &amp; Bakery Line[\/elx_heading][vc_column_text] Sztuka konserwacji Konserwuj \u017cywno\u015b\u0107, zachowuj\u0105c najwy\u017csz\u0105 jako\u015b\u0107 i delikatny smak p\u00f3\u0142produkt\u00f3w oraz gotowych wyrob\u00f3w cukierniczych i piekarniczych. [\/vc_column_text][vc_empty_space][\/vc_column][vc_column width=&#8221;1\/6&#8243;][vc_empty_space][\/vc_column][\/vc_row][vc_row][vc_column width=&#8221;1\/2&#8243;][vc_single_image image=&#8221;8878&#8243; img_size=&#8221;large&#8221; alignment=&#8221;center&#8221;][\/vc_column][vc_column width=&#8221;1\/2&#8243;][vc_single_image image=&#8221;8879&#8243; img_size=&#8221;large&#8221; alignment=&#8221;center&#8221;][\/vc_column][\/vc_row][vc_row][vc_column width=&#8221;1\/4&#8243;][vc_empty_space][vc_single_image image=&#8221;8880&#8243; img_size=&#8221;150&#215;150&#8243; alignment=&#8221;center&#8221;][vc_empty_space][vc_column_text] To, co najlepsze w ciastach i wypiekach [\/vc_column_text][vc_empty_space][vc_column_text] Przechowuj delikatne ciastka [&hellip;]<\/p>\n","protected":false},"author":3,"featured_media":8877,"parent":0,"menu_order":0,"comment_status":"closed","ping_status":"closed","template":"","meta":{"footnotes":""},"class_list":["post-8886","page","type-page","status-publish","has-post-thumbnail","hentry"],"acf":[],"yoast_head":"<!-- This site is optimized with the Yoast SEO plugin v23.3 - https:\/\/yoast.com\/wordpress\/plugins\/seo\/ -->\n<title>Linia dla wyrob\u00f3w cukierniczych i piekarniczych - Electrolux Professional Polska<\/title>\n<meta name=\"description\" content=\"Konserwuj \u017cywno\u015b\u0107, zachowuj\u0105c najwy\u017csz\u0105 jako\u015b\u0107 i delikatny smak p\u00f3\u0142produkt\u00f3w oraz gotowych wyrob\u00f3w cukierniczych i piekarniczych.\" \/>\n<meta name=\"robots\" content=\"index, follow, max-snippet:-1, max-image-preview:large, max-video-preview:-1\" \/>\n<link rel=\"canonical\" href=\"https:\/\/www.electroluxprofessional.com\/pl\/linia-dla-wyrobow-cukierniczych-i-piekarniczych\/\" \/>\n<meta property=\"og:locale\" content=\"pl_PL\" \/>\n<meta property=\"og:type\" content=\"article\" \/>\n<meta property=\"og:title\" content=\"Linia dla wyrob\u00f3w cukierniczych i piekarniczych - Electrolux Professional Polska\" \/>\n<meta property=\"og:description\" content=\"Konserwuj \u017cywno\u015b\u0107, zachowuj\u0105c najwy\u017csz\u0105 jako\u015b\u0107 i delikatny smak p\u00f3\u0142produkt\u00f3w oraz gotowych wyrob\u00f3w cukierniczych i piekarniczych.\" \/>\n<meta property=\"og:url\" content=\"https:\/\/www.electroluxprofessional.com\/pl\/linia-dla-wyrobow-cukierniczych-i-piekarniczych\/\" \/>\n<meta property=\"og:site_name\" content=\"Electrolux Professional Polska\" \/>\n<meta property=\"article:modified_time\" content=\"2025-11-05T15:15:37+00:00\" \/>\n<meta property=\"og:image\" content=\"https:\/\/www.electroluxprofessional.com\/pl\/wp-content\/uploads\/2022\/05\/banner_pastry.jpg\" \/>\n\t<meta property=\"og:image:width\" content=\"1920\" \/>\n\t<meta property=\"og:image:height\" content=\"680\" \/>\n\t<meta property=\"og:image:type\" content=\"image\/jpeg\" \/>\n<meta name=\"twitter:card\" content=\"summary_large_image\" \/>\n<meta name=\"twitter:label1\" content=\"Szacowany czas czytania\" \/>\n\t<meta name=\"twitter:data1\" content=\"2 minuty\" \/>\n<script type=\"application\/ld+json\" class=\"yoast-schema-graph\">{\"@context\":\"https:\/\/schema.org\",\"@graph\":[{\"@type\":\"WebPage\",\"@id\":\"https:\/\/www.electroluxprofessional.com\/pl\/linia-dla-wyrobow-cukierniczych-i-piekarniczych\/\",\"url\":\"https:\/\/www.electroluxprofessional.com\/pl\/linia-dla-wyrobow-cukierniczych-i-piekarniczych\/\",\"name\":\"Linia dla wyrob\u00f3w cukierniczych i piekarniczych - Electrolux Professional Polska\",\"isPartOf\":{\"@id\":\"https:\/\/www.electroluxprofessional.com\/pl\/#website\"},\"primaryImageOfPage\":{\"@id\":\"https:\/\/www.electroluxprofessional.com\/pl\/linia-dla-wyrobow-cukierniczych-i-piekarniczych\/#primaryimage\"},\"image\":{\"@id\":\"https:\/\/www.electroluxprofessional.com\/pl\/linia-dla-wyrobow-cukierniczych-i-piekarniczych\/#primaryimage\"},\"thumbnailUrl\":\"https:\/\/www.electroluxprofessional.com\/pl\/wp-content\/uploads\/2022\/05\/banner_pastry.jpg\",\"datePublished\":\"2022-04-12T11:43:10+00:00\",\"dateModified\":\"2025-11-05T15:15:37+00:00\",\"description\":\"Konserwuj \u017cywno\u015b\u0107, zachowuj\u0105c najwy\u017csz\u0105 jako\u015b\u0107 i delikatny smak p\u00f3\u0142produkt\u00f3w oraz gotowych wyrob\u00f3w cukierniczych i piekarniczych.\",\"breadcrumb\":{\"@id\":\"https:\/\/www.electroluxprofessional.com\/pl\/linia-dla-wyrobow-cukierniczych-i-piekarniczych\/#breadcrumb\"},\"inLanguage\":\"pl-PL\",\"potentialAction\":[{\"@type\":\"ReadAction\",\"target\":[\"https:\/\/www.electroluxprofessional.com\/pl\/linia-dla-wyrobow-cukierniczych-i-piekarniczych\/\"]}]},{\"@type\":\"ImageObject\",\"inLanguage\":\"pl-PL\",\"@id\":\"https:\/\/www.electroluxprofessional.com\/pl\/linia-dla-wyrobow-cukierniczych-i-piekarniczych\/#primaryimage\",\"url\":\"https:\/\/www.electroluxprofessional.com\/pl\/wp-content\/uploads\/2022\/05\/banner_pastry.jpg\",\"contentUrl\":\"https:\/\/www.electroluxprofessional.com\/pl\/wp-content\/uploads\/2022\/05\/banner_pastry.jpg\",\"width\":1920,\"height\":680,\"caption\":\"banner_pastry\"},{\"@type\":\"BreadcrumbList\",\"@id\":\"https:\/\/www.electroluxprofessional.com\/pl\/linia-dla-wyrobow-cukierniczych-i-piekarniczych\/#breadcrumb\",\"itemListElement\":[{\"@type\":\"ListItem\",\"position\":1,\"name\":\"Strona g\u0142\u00f3wna\",\"item\":\"https:\/\/www.electroluxprofessional.com\/pl\/\"},{\"@type\":\"ListItem\",\"position\":2,\"name\":\"Linia dla wyrob\u00f3w cukierniczych i piekarniczych\"}]},{\"@type\":\"WebSite\",\"@id\":\"https:\/\/www.electroluxprofessional.com\/pl\/#website\",\"url\":\"https:\/\/www.electroluxprofessional.com\/pl\/\",\"name\":\"Electrolux Professional Polska\",\"description\":\"\",\"potentialAction\":[{\"@type\":\"SearchAction\",\"target\":{\"@type\":\"EntryPoint\",\"urlTemplate\":\"https:\/\/www.electroluxprofessional.com\/pl\/?src={search_term_string}\"},\"query-input\":\"required name=search_term_string\"}],\"inLanguage\":\"pl-PL\"}]}<\/script>\n<!-- \/ Yoast SEO plugin. -->","yoast_head_json":{"title":"Linia dla wyrob\u00f3w cukierniczych i piekarniczych - Electrolux Professional Polska","description":"Konserwuj \u017cywno\u015b\u0107, zachowuj\u0105c najwy\u017csz\u0105 jako\u015b\u0107 i delikatny smak p\u00f3\u0142produkt\u00f3w oraz gotowych wyrob\u00f3w cukierniczych i piekarniczych.","robots":{"index":"index","follow":"follow","max-snippet":"max-snippet:-1","max-image-preview":"max-image-preview:large","max-video-preview":"max-video-preview:-1"},"canonical":"https:\/\/www.electroluxprofessional.com\/pl\/linia-dla-wyrobow-cukierniczych-i-piekarniczych\/","og_locale":"pl_PL","og_type":"article","og_title":"Linia dla wyrob\u00f3w cukierniczych i piekarniczych - Electrolux Professional Polska","og_description":"Konserwuj \u017cywno\u015b\u0107, zachowuj\u0105c najwy\u017csz\u0105 jako\u015b\u0107 i delikatny smak p\u00f3\u0142produkt\u00f3w oraz gotowych wyrob\u00f3w cukierniczych i piekarniczych.","og_url":"https:\/\/www.electroluxprofessional.com\/pl\/linia-dla-wyrobow-cukierniczych-i-piekarniczych\/","og_site_name":"Electrolux Professional Polska","article_modified_time":"2025-11-05T15:15:37+00:00","og_image":[{"width":1920,"height":680,"url":"https:\/\/www.electroluxprofessional.com\/pl\/wp-content\/uploads\/2022\/05\/banner_pastry.jpg","type":"image\/jpeg"}],"twitter_card":"summary_large_image","twitter_misc":{"Szacowany czas czytania":"2 minuty"},"schema":{"@context":"https:\/\/schema.org","@graph":[{"@type":"WebPage","@id":"https:\/\/www.electroluxprofessional.com\/pl\/linia-dla-wyrobow-cukierniczych-i-piekarniczych\/","url":"https:\/\/www.electroluxprofessional.com\/pl\/linia-dla-wyrobow-cukierniczych-i-piekarniczych\/","name":"Linia dla wyrob\u00f3w cukierniczych i piekarniczych - Electrolux Professional Polska","isPartOf":{"@id":"https:\/\/www.electroluxprofessional.com\/pl\/#website"},"primaryImageOfPage":{"@id":"https:\/\/www.electroluxprofessional.com\/pl\/linia-dla-wyrobow-cukierniczych-i-piekarniczych\/#primaryimage"},"image":{"@id":"https:\/\/www.electroluxprofessional.com\/pl\/linia-dla-wyrobow-cukierniczych-i-piekarniczych\/#primaryimage"},"thumbnailUrl":"https:\/\/www.electroluxprofessional.com\/pl\/wp-content\/uploads\/2022\/05\/banner_pastry.jpg","datePublished":"2022-04-12T11:43:10+00:00","dateModified":"2025-11-05T15:15:37+00:00","description":"Konserwuj \u017cywno\u015b\u0107, zachowuj\u0105c najwy\u017csz\u0105 jako\u015b\u0107 i delikatny smak p\u00f3\u0142produkt\u00f3w oraz gotowych wyrob\u00f3w cukierniczych i piekarniczych.","breadcrumb":{"@id":"https:\/\/www.electroluxprofessional.com\/pl\/linia-dla-wyrobow-cukierniczych-i-piekarniczych\/#breadcrumb"},"inLanguage":"pl-PL","potentialAction":[{"@type":"ReadAction","target":["https:\/\/www.electroluxprofessional.com\/pl\/linia-dla-wyrobow-cukierniczych-i-piekarniczych\/"]}]},{"@type":"ImageObject","inLanguage":"pl-PL","@id":"https:\/\/www.electroluxprofessional.com\/pl\/linia-dla-wyrobow-cukierniczych-i-piekarniczych\/#primaryimage","url":"https:\/\/www.electroluxprofessional.com\/pl\/wp-content\/uploads\/2022\/05\/banner_pastry.jpg","contentUrl":"https:\/\/www.electroluxprofessional.com\/pl\/wp-content\/uploads\/2022\/05\/banner_pastry.jpg","width":1920,"height":680,"caption":"banner_pastry"},{"@type":"BreadcrumbList","@id":"https:\/\/www.electroluxprofessional.com\/pl\/linia-dla-wyrobow-cukierniczych-i-piekarniczych\/#breadcrumb","itemListElement":[{"@type":"ListItem","position":1,"name":"Strona g\u0142\u00f3wna","item":"https:\/\/www.electroluxprofessional.com\/pl\/"},{"@type":"ListItem","position":2,"name":"Linia dla wyrob\u00f3w cukierniczych i piekarniczych"}]},{"@type":"WebSite","@id":"https:\/\/www.electroluxprofessional.com\/pl\/#website","url":"https:\/\/www.electroluxprofessional.com\/pl\/","name":"Electrolux Professional Polska","description":"","potentialAction":[{"@type":"SearchAction","target":{"@type":"EntryPoint","urlTemplate":"https:\/\/www.electroluxprofessional.com\/pl\/?src={search_term_string}"},"query-input":"required name=search_term_string"}],"inLanguage":"pl-PL"}]}},"_links":{"self":[{"href":"https:\/\/www.electroluxprofessional.com\/pl\/wp-json\/wp\/v2\/pages\/8886"}],"collection":[{"href":"https:\/\/www.electroluxprofessional.com\/pl\/wp-json\/wp\/v2\/pages"}],"about":[{"href":"https:\/\/www.electroluxprofessional.com\/pl\/wp-json\/wp\/v2\/types\/page"}],"author":[{"embeddable":true,"href":"https:\/\/www.electroluxprofessional.com\/pl\/wp-json\/wp\/v2\/users\/3"}],"replies":[{"embeddable":true,"href":"https:\/\/www.electroluxprofessional.com\/pl\/wp-json\/wp\/v2\/comments?post=8886"}],"version-history":[{"count":3,"href":"https:\/\/www.electroluxprofessional.com\/pl\/wp-json\/wp\/v2\/pages\/8886\/revisions"}],"predecessor-version":[{"id":11599,"href":"https:\/\/www.electroluxprofessional.com\/pl\/wp-json\/wp\/v2\/pages\/8886\/revisions\/11599"}],"wp:featuredmedia":[{"embeddable":true,"href":"https:\/\/www.electroluxprofessional.com\/pl\/wp-json\/wp\/v2\/media\/8877"}],"wp:attachment":[{"href":"https:\/\/www.electroluxprofessional.com\/pl\/wp-json\/wp\/v2\/media?parent=8886"}],"curies":[{"name":"wp","href":"https:\/\/api.w.org\/{rel}","templated":true}]}}