{"id":3910,"date":"2018-05-24T10:16:28","date_gmt":"2018-05-24T10:16:28","guid":{"rendered":"https:\/\/www.electroluxprofessional.com\/pl\/data-privacy-statement\/"},"modified":"2022-01-14T13:19:03","modified_gmt":"2022-01-14T13:19:03","slug":"data-privacy-statement","status":"publish","type":"page","link":"https:\/\/www.electroluxprofessional.com\/pl\/data-privacy-statement\/","title":{"rendered":"Data Privacy Statement"},"content":{"rendered":"<div class=\"container\"><p align=\"center\">\r\n    <strong>\r\n        INFORMACJA O OCHRONIE DANYCH KONSUMENT\u00d3W SP\u00d3\u0141KI ELECTROLUX<u><\/u>\r\n    <\/strong>\r\n<\/p>\r\n<p>\r\n    <u><\/u>\r\n<\/p>\r\n<p>\r\n    \r\n        Niniejsz\u0105 informacj\u0105 pragniemy poinformowa\u0107 konsument\u00f3w sp\u00f3\u0142ki\r\nElectrolux, jakie rodzaje danych na ich temat (\u201e        <strong>dane osobowe<\/strong>\u201d) gromadzimy, w jakim celu je\r\n        wykorzystujemy, oraz komu je udost\u0119pniamy, a tak\u017ce jakie przys\u0142uguj\u0105 im\r\n        prawa\r\n    \r\n    .\r\n<\/p>\r\n<p>\r\n    <strong>Kategorie danych osobowych gromadzonych przez Electrolux: <\/strong>\r\n<\/p>\r\n<p>\r\n    <strong>A) <\/strong>\r\n    <strong>Dane kontaktowe <\/strong>\r\n    \u2013 a w szczeg\u00f3lno\u015bci imi\u0119 i nazwisko, adres zamieszkania, numer telefonu,\r\n    adres poczty elektronicznej oraz dane potrzebne do logowania;\r\n<\/p>\r\n<p>\r\n        <strong>\r\n            B) Informacje na temat produkt\u00f3w lub us\u0142ug zakupionych przez\r\n            konsument\u00f3w\r\n        <\/strong>\r\n        \u2013 a w szczeg\u00f3lno\u015bci informacje o rejestracji produkt\u00f3w, posiadanej\r\n        gwarancji oraz ew. korzystaniu z abonament\u00f3w na us\u0142ugi;\r\n<\/p>\r\n<p>\r\n        <strong>\r\n            C) Dane na temat zadowolenia konsument\u00f3w oraz otrzymanych od nich\r\n            informacji zwrotnych\r\n        <\/strong>\r\n        \u2013 a w szczeg\u00f3lno\u015bci wyniki ankiet badaj\u0105cych zadowolenie konsument\u00f3w\r\n        oraz prosz\u0105cych o informacje zwrotne;<u> <\/u>\r\n<\/p>\r\n<p>\r\n    <strong>\r\n        D) Dane gromadzone przez Electrolux w momencie odwiedzania jej witryny\r\n        przez konsument\u00f3w\r\n    <\/strong>\r\n    \u2012<strong> <\/strong>a w szczeg\u00f3lno\u015bci dane gromadzone przez pliki cookie\r\n    oraz inne dane gromadzone automatycznie w celu umo\u017cliwienia konsumentom\r\n    korzystania z witryn Electrolux lub dane udost\u0119pniane Electrolux przez\r\n    konsument\u00f3w w momencie odwiedzin witryn Electrolux (w szczeg\u00f3lno\u015bci za\r\n    po\u015brednictwem formularzy kontaktowych itp.)<strong>;<\/strong>\r\n<\/p>\r\n<p>\r\n<strong>E) Dane identyfikuj\u0105ce urz\u0105dzenie <\/strong>    \u2012 a w szczeg\u00f3lno\u015bci numer produktu, numer seryjny,\r\n    wersja oprogramowania, adres MAC, model, kolor itp.;<strong><\/strong>\r\n<\/p>\r\n<p>\r\n    <strong>F) <\/strong>\r\n    <strong>Dane o korzystaniu z urz\u0105dzenia <\/strong>\r\n    \u2012 a w szczeg\u00f3lno\u015bci\r\n    \r\n        dane o tym jak i kiedy urz\u0105dzenie jest wykorzystywane (cz\u0119stotliwo\u015b\u0107 i\r\n        w jakich cyklach)<u> <\/u>\r\n<\/p>\r\n<p>\r\n    <strong>G) Dane generowane przez urz\u0105dzenie<\/strong> \u2012 a w szczeg\u00f3lno\u015bci\r\n    dane eksploatacyjne, np. informacje o otwarciu i zamkni\u0119ciu zawor\u00f3w\r\n    wewn\u0119trznych, wykorzystaniu i efektywno\u015bci obiegu grzewczego, temperaturze\r\n    piekarnika, mocy silnika, czynno\u015bciach aktywowanych przez oprogramowanie\r\n    urz\u0105dzenia w celu wykonania cyklu\/funkcji wybranej przez konsumenta; dane\r\n    na temat efektywno\u015bci np. ilo\u015b\u0107 zu\u017cytej wody, ilo\u015b\u0107 zu\u017cytej energii\r\n    elektrycznej; dane sytuacyjne np. warunki panuj\u0105ce w otoczeniu urz\u0105dzenia,\r\n    a w szczeg\u00f3lno\u015bci temperatura otoczenia, wilgotno\u015b\u0107 powietrza, twardo\u015b\u0107\r\n    wody.\r\n<\/p>\r\n<p>\r\n    <strong>Sposoby pozyskiwania danych osobowych przez Electrolux:<\/strong>\r\n<\/p>\r\n<ul>\r\n<li>\r\n    od konsument\u00f3w lub ich przedstawicieli w momencie nabycia i rejestracji\r\n    produktu, odwiedzenia naszej witryny, aktywowania konta, zam\u00f3wienia us\u0142ugi,\r\n    udzia\u0142u w jednej z naszych kampanii, oceny produktu lub zgrywania lub\r\n    wykorzystywania aplikacji;\r\n<\/li>\r\n<li>\r\n    od naszych sprzedawc\u00f3w detalicznych i dealer\u00f3w;\r\n<\/li>\r\n<li>\r\n    od naszych zewn\u0119trznych us\u0142ugodawc\u00f3w, dostawc\u00f3w i partner\u00f3w;\r\n<\/li>\r\n<li>\r\n    z publicznie dost\u0119pnych \u017ar\u00f3de\u0142;<u> <\/u>\r\n<\/li>\r\n<li>\r\n    z medi\u00f3w spo\u0142eczno\u015bciowych np. Facebooka w przypadku, gdy konsument\r\n    skorzysta z Facebooka w celu u\u0142atwienia logowania w naszej\r\n    witrynie\/aplikacji.\r\n<\/li>\r\n<\/ul>\r\n<p>\r\n    Konsumenci mog\u0105 odm\u00f3wi\u0107 udost\u0119pnienia Electrolux okre\u015blonych kategorii\r\n    danych osobowych. Odmowa taka mo\u017ce jednak wp\u0142yn\u0105\u0107 na nasz\u0105 mo\u017cliwo\u015b\u0107\r\n    dostarczania konsumentom oraz na mo\u017cliwo\u015b\u0107 wykorzystywania przez\r\n    konsument\u00f3w pewnych urz\u0105dze\u0144 i\/lub us\u0142ug lub ich funkcji oraz w\u0142a\u015bciwo\u015bci.\r\n    Jednak niezale\u017cnie od tego, o ile nie zosta\u0142o to okre\u015blone inaczej, decyzja\r\n    konsumenta o odmowie udost\u0119pnienia takich danych nie wywo\u0142a dla niego\r\n    \u017cadnych skutk\u00f3w prawnych.\r\n<\/p>\r\n<p>\r\n    Mo\u017cemy r\u00f3wnie\u017c \u0142\u0105czy\u0107 dane osobowe dostarczane nam przez konsument\u00f3w z\r\n    pozosta\u0142ymi informacjami gromadzonymi online lub offline w zakresie\r\n    dopuszczalnym przez obowi\u0105zuj\u0105ce prawo, w tym z informacjami dostarczonymi\r\n    przez osoby trzecie, a tak\u017ce wykorzystywa\u0107 lub udost\u0119pnia\u0107 je dla cel\u00f3w\r\n    opisanych w niniejszej Informacji o Ochronie Danych Osobowych Konsument\u00f3w\r\n    Electrolux. Mo\u017cemy r\u00f3wnie\u017c zanonimizowa\u0107 gromadzone przez nas dane (a wi\u0119c\r\n    przetworzy\u0107 je w taki spos\u00f3b, aby nie mo\u017cna by\u0142o ich ju\u017c przypisa\u0107 do\r\n    konsumenta, kt\u00f3rego one dotycz\u0105, i aby tym samym przesta\u0142y one stanowi\u0107\r\n    informacje osobowe).\r\n<\/p>\r\n<p>\r\n    <strong>\r\n        Powody i podstawy prawne przetwarzania informacji osobowych konsument\u00f3w\r\n    <\/strong>\r\n<\/p>\r\n<p>\r\n    Electrolux mo\u017ce wykorzystywa\u0107 informacje osobowe konsument\u00f3w w\r\n    nast\u0119puj\u0105cych celach (\u0142\u0105cznie \u201e<strong>Cele Przetwarzania Danych<\/strong>\r\n    \u201d):\r\n<\/p>\r\n<table border=\"1\" cellspacing=\"0\" cellpadding=\"0\">\r\n    <tbody>\r\n        <tr>\r\n            <td width=\"205\" valign=\"top\">\r\n                <p>\r\n                    <strong>Cele Przetwarzania Danych<\/strong>\r\n                <\/p>\r\n                <p>\r\n                    <strong><\/strong>\r\n                <\/p>\r\n            <\/td>\r\n            <td width=\"205\" valign=\"top\">\r\n                <p>\r\n                    <strong>Kategorie informacji osobowych<\/strong>\r\n                <\/p>\r\n            <\/td>\r\n            <td width=\"205\" valign=\"top\">\r\n                <p>\r\n                    <strong>Podstawa prawna<\/strong>\r\n                <\/p>\r\n            <\/td>\r\n        <\/tr>\r\n        <tr>\r\n            <td width=\"205\" valign=\"top\">\r\n                <p>\r\n                    Jako pomoc w rozwijaniu, testowaniu, doskonaleniu i\r\n                    modyfikowaniu naszych produkt\u00f3w i us\u0142ug.\r\n                <\/p>\r\n            <\/td>\r\n            <td width=\"205\" valign=\"top\">\r\n                <p>\r\n                    Kategorie C, E, F i G powy\u017cej.\r\n                <\/p>\r\n            <\/td>\r\n            <td width=\"205\" valign=\"top\">\r\n                <p>\r\n                    S\u0142uszne prawo do doskonalenia i modyfikowania naszych\r\n                    produkt\u00f3w i us\u0142ug.\r\n                <\/p>\r\n            <\/td>\r\n        <\/tr>\r\n        <tr>\r\n            <td width=\"205\" valign=\"top\">\r\n                <p>\r\n                    W zwi\u0105zku z planowan\u0105 lub rzeczywist\u0105 reorganizacj\u0105,\r\n                    po\u0142\u0105czeniem, przej\u0119ciem, sprzeda\u017c\u0105, tworzeniem wsp\u00f3lnego\r\n                    przedsi\u0119biorstwa, cesj\u0105 lub zbyciem w inny spos\u00f3b ca\u0142o\u015bci\r\n                    lub cz\u0119\u015bci naszego przedsi\u0119biorstwa, aktyw\u00f3w lub zapas\u00f3w.\r\n                <\/p>\r\n            <\/td>\r\n            <td width=\"205\" valign=\"top\">\r\n                <p>\r\n                    Kategorie A, B, C, D, E, F i G powy\u017cej.\r\n                <\/p>\r\n            <\/td>\r\n            <td width=\"205\" valign=\"top\">\r\n                <p>\r\n                    S\u0142uszne prawo do u\u0142atwienia i\/lub umo\u017cliwienia realizacji\r\n                    planowanej lub rzeczywistej reorganizacji, po\u0142\u0105czenia,\r\n                    przej\u0119cia, sprzeda\u017cy, utworzenia wsp\u00f3lnego\r\n                    przedsi\u0119biorstwa, cesji lub innego zbycia ca\u0142o\u015bci lub\r\n                    cz\u0119\u015bci naszego przedsi\u0119biorstwa, aktyw\u00f3w i zapas\u00f3w.\r\n                <\/p>\r\n            <\/td>\r\n        <\/tr>\r\n        <tr>\r\n            <td width=\"205\" valign=\"top\">\r\n                <p>\r\n                    Wysy\u0142anie konsumentom informacji marketingowych.\r\n                <\/p>\r\n            <\/td>\r\n            <td width=\"205\" valign=\"top\">\r\n                <p>\r\n                    Dane kontaktowe konsument\u00f3w (kategorie A i B powy\u017cej).\r\n                <\/p>\r\n            <\/td>\r\n            <td width=\"205\" valign=\"top\">\r\n                <p>\r\n                    Zgoda lub s\u0142uszne prawo do wprowadzania naszych produkt\u00f3w i\r\n                    us\u0142ug na rynek.\r\n                <\/p>\r\n            <\/td>\r\n        <\/tr>\r\n        <tr>\r\n            <td width=\"205\" valign=\"top\">\r\n                <p>\r\n                    Umo\u017cliwienie korzystania z funkcji zgodnie z opisem\r\n                    urz\u0105dzenia\/us\u0142ugi.\r\n                <\/p>\r\n            <\/td>\r\n            <td width=\"205\" valign=\"top\">\r\n                <p>\r\n                    Kategorie A, E, F i G powy\u017cej.\r\n                <\/p>\r\n            <\/td>\r\n            <td width=\"205\" valign=\"top\">\r\n                <p>\r\n                    Wype\u0142nianie postanowie\u0144 umowy.\r\n                <\/p>\r\n            <\/td>\r\n        <\/tr>\r\n        <tr>\r\n            <td width=\"205\" valign=\"top\">\r\n                <p>\r\n                    Dostarczenie konsumentom produkt\u00f3w i us\u0142ug, kt\u00f3re zam\u00f3wili.\r\n                <\/p>\r\n            <\/td>\r\n            <td width=\"205\" valign=\"top\">\r\n                <p>\r\n                    Kategorie A, C, D, E, F i G powy\u017cej.\r\n                <\/p>\r\n            <\/td>\r\n            <td width=\"205\" valign=\"top\">\r\n                <p>\r\n                    Wype\u0142nianie postanowie\u0144 umowy.\r\n                <\/p>\r\n            <\/td>\r\n        <\/tr>\r\n        <tr>\r\n            <td width=\"205\" valign=\"top\">\r\n                <p>\r\n                    Przekazanie konsumentom powiadomie\u0144 administracyjnych, a w\r\n                    szczeg\u00f3lno\u015bci wskaz\u00f3wek dla u\u017cytkownik\u00f3w\/ powiadomie\u0144\r\n                    dotycz\u0105cych bezpiecze\u0144stwa produktu dotycz\u0105cych urz\u0105dzenia,\r\n                    us\u0142ugi lub konta konsumenta.\r\n                <\/p>\r\n            <\/td>\r\n            <td width=\"205\" valign=\"top\">\r\n                <p>\r\n                    Kategorie A, B, E, F i G powy\u017cej.\r\n                <\/p>\r\n            <\/td>\r\n            <td width=\"205\" valign=\"top\">\r\n                <p>\r\n                    Wype\u0142nianie postanowie\u0144 umowy.\r\n                <\/p>\r\n            <\/td>\r\n        <\/tr>\r\n        <tr>\r\n            <td width=\"205\" valign=\"top\">\r\n                <p>\r\n                    Rozwi\u0105zywanie problem\u00f3w i realizacja napraw.\r\n                <\/p>\r\n            <\/td>\r\n            <td width=\"205\" valign=\"top\">\r\n                <p>\r\n                    Kategorie A, E, F i G powy\u017cej.\r\n                <\/p>\r\n            <\/td>\r\n            <td width=\"205\" valign=\"top\">\r\n                <p>\r\n                    Wype\u0142nianie postanowie\u0144 umowy.\r\n                <\/p>\r\n            <\/td>\r\n        <\/tr>\r\n        <tr>\r\n            <td width=\"205\" valign=\"top\">\r\n                <p>\r\n                    Komunikacja z konsumentami w sprawie produktu, us\u0142ugi lub\r\n                    ich konta, oraz podobne czynno\u015bci zwi\u0105zane z obs\u0142ug\u0105\r\n                    klienta.\r\n                <\/p>\r\n            <\/td>\r\n            <td width=\"205\" valign=\"top\">\r\n                <p>\r\n                    Kategorie A, B, C, D, E, F i G powy\u017cej.\r\n                <\/p>\r\n            <\/td>\r\n            <td width=\"205\" valign=\"top\">\r\n                <p>\r\n                    Wype\u0142nianie postanowie\u0144 umowy lub inny s\u0142uszny cel, a w\r\n                    szczeg\u00f3lno\u015bci informowanie konsument\u00f3w o produktach,\r\n                    us\u0142ugach lub ich kontach.\r\n                <\/p>\r\n            <\/td>\r\n        <\/tr>\r\n        <tr>\r\n            <td width=\"205\" valign=\"top\">\r\n                <p>\r\n                    Wewn\u0119trzne cele biznesowe, w tym bezpiecze\u0144stwo, analityka,\r\n                    audyty oraz na potrzeby naszych podstawowych czynno\u015bci\r\n                    operacyjnych.\r\n                <\/p>\r\n            <\/td>\r\n            <td width=\"205\" valign=\"top\">\r\n                <p>\r\n                    Kategorie A, B, C, D, E, F i G powy\u017cej.\r\n                <\/p>\r\n            <\/td>\r\n            <td width=\"205\" valign=\"top\">\r\n                <p>\r\n                    S\u0142uszne prawo do u\u0142atwienia oraz umo\u017cliwienia Electrolux\r\n                    realizacji naszych wewn\u0119trznych cel\u00f3w biznesowych.\r\n                <\/p>\r\n            <\/td>\r\n        <\/tr>\r\n        <tr>\r\n            <td width=\"205\" valign=\"top\">\r\n                <p>\r\n                    Ocena informacji zwrotnych przekazywanych przez konsument\u00f3w\r\n                    w momencie, gdy dokonuj\u0105 oni oceny lub przegl\u0105du naszych\r\n                    produkt\u00f3w lub us\u0142ug.<u> <\/u>\r\n                <\/p>\r\n            <\/td>\r\n            <td width=\"205\" valign=\"top\">\r\n                <p>\r\n                    Kategorie A i C powy\u017cej.\r\n                <\/p>\r\n            <\/td>\r\n            <td width=\"205\" valign=\"top\">\r\n                <p>\r\n                    S\u0142uszne prawo do poprawiania naszych produkt\u00f3w.\r\n                <\/p>\r\n            <\/td>\r\n        <\/tr>\r\n        <tr>\r\n            <td width=\"205\" valign=\"top\">\r\n                <p>\r\n                    Zarz\u0105dzanie i prowadzenie naszych witryn oraz aplikacji, w\r\n                    tym rejestracja online.\r\n                <\/p>\r\n            <\/td>\r\n            <td width=\"205\" valign=\"top\">\r\n                <p>\r\n                    Kategorie A, B, C, D, E, F i G powy\u017cej.\r\n                <\/p>\r\n            <\/td>\r\n            <td width=\"205\" valign=\"top\">\r\n                <p>\r\n                    Wype\u0142nianie postanowie\u0144 umowy lub inne s\u0142uszne prawo, a w\r\n                    szczeg\u00f3lno\u015bci poprawianie do\u015bwiadczenia u\u017cytkownik\u00f3w w\r\n                    trakcie ich interakcji z naszymi produktami i us\u0142ugami.\r\n                <\/p>\r\n            <\/td>\r\n        <\/tr>\r\n    <\/tbody>\r\n<\/table>\r\n<p>\r\n    <strong>Zgoda konsumenta<\/strong>\r\n<\/p>\r\n<p>\r\n    W przypadku gdy przetwarzanie danych dokonywane jest na podstawie zgody\r\n    udzielonej przez konsumenta, konsument ma prawo wycofa\u0107 swoj\u0105 zgod\u0119 w\r\n    dowolnym momencie. Nale\u017cy w tym miejscu jednak podkre\u015bli\u0107, \u017ce ewentualne\r\n    wycofanie zgody przez konsumenta nie wp\u0142ynie na legalno\u015b\u0107 przetwarzania\r\n    dokonanego na podstawie zgody konsumenta przed wycofaniem przez niego\r\n    zgody.\r\n<\/p>\r\n<p>\r\n    <strong>Dane udost\u0119pnianie przez Electrolux osobom trzecim <\/strong>\r\n<\/p>\r\n<p>\r\n    Aby m\u00f3c realizowa\u0107 opisane powy\u017cej Cele Przetwarzania Danych, Electrolux\r\n    mo\u017ce udost\u0119pnia\u0107 lub ujawnia\u0107 dane osobowe konsument\u00f3w:\r\n<\/p>\r\n<ul>\r\n<li>\r\n    w zakresie i celu wymaganym przez prawo, w celu wype\u0142nienia wymog\u00f3w\r\n    post\u0119powa\u0144 s\u0105dowych i\/lub w celu odpowiedzi na pro\u015bby i wnioski organ\u00f3w\r\n    publicznych i rz\u0105dowych;\r\n<\/li>\r\n<li>\r\n    sp\u00f3\u0142kom nale\u017c\u0105cym do Grupy Electrolux Professional;\r\n<\/li>\r\n<li>\r\n    us\u0142ugodawcom i dostawcom, kt\u00f3rym powierzyli\u015bmy \u015bwiadczenie us\u0142ug i\r\n    dostaw\u0119 urz\u0105dze\u0144 w naszym imieniu, a tak\u017ce naszym partnerom;\r\n<\/li>\r\n<li>\r\n    stronie trzeciej w przypadku planowanej lub rzeczywistej reorganizacji,\r\n    po\u0142\u0105czenia, przej\u0119cia, sprzeda\u017cy, tworzenia wsp\u00f3lnego przedsi\u0119biorstwa,\r\n    cesji lub zbycia w inny spos\u00f3b ca\u0142o\u015bci lub cz\u0119\u015bci naszego przedsi\u0119biorstwa,\r\n    naszych aktyw\u00f3w lub akcji;\r\n<\/li>\r\n<li>\r\n    w celu wyegzekwowania naszych warunk\u00f3w; lub\r\n<\/li>\r\n<li>\r\n    w celu ochrony naszych praw.\r\n<\/li>\r\n<\/ul>\r\n<p>\r\n    Udost\u0119pniaj\u0105c dane osobowe stronie trzeciej, Electrolux Professional\r\n    wymaga, aby taka strona trzecia zobowi\u0105za\u0142a si\u0119 chroni\u0107 dane osobowe\r\n    konsument\u00f3w i post\u0119powa\u0107 z nimi zgodnie z wszelkimi wymogami i\r\n    zobowi\u0105zaniami prawnymi, regulacyjnymi i umownymi, lub z innymi\r\n    instrukcjami i poleceniami przekazywanymi im przez Electrolux.\r\n<\/p>\r\n<p>\r\n    <strong>Uprawnienia konsument\u00f3w w zakresie marketingu i informacji<\/strong>\r\n<\/p>\r\n<p>\r\n    Konsumentom przys\u0142uguj\u0105 okre\u015blone uprawnienia w zakresie wyboru sposobu\r\n    wykorzystania i udost\u0119pniania przez Electrolux Professional informacji\r\n    osobowych konsument\u00f3w w celach marketingowych oraz\r\n    innych podobnych celach. Pod warunkiem uzyskania na to zgody konsumenta\r\n    Electrolux mo\u017ce wysy\u0142a\u0107 konsumentowi informacje o urz\u0105dzeniach, us\u0142ugach,\r\n    wydarzeniach i promocjach. Wiadomo\u015bci i powiadomienia mog\u0105 by\u0107 wysy\u0142ane\r\n    r\u00f3\u017cnymi kana\u0142ami: mejlowo, telefonicznie, SMS-em, pocztowo, za\r\n    po\u015brednictwem sieci spo\u0142eczno\u015bciowych. Pragniemy zapewni\u0107 naszym\r\n    konsumentom najlepsze, mo\u017cliwe do\u015bwiadczenia u\u017cytkownika, dlatego nasze\r\n    wiadomo\u015bci i powiadomienia mog\u0105 by\u0107 indywidualnie dopasowywane do\r\n    konkretnego konsumenta w oparciu o zgromadzone dane oraz preferencje\r\n    konsumenta.\r\n<\/p>\r\n<p>\r\n    W przypadku, gdy wymaga tego prawo, w pierwszej kolejno\u015bci prosimy\r\n    konsumenta o udzielenie nam uprzedniej zgody. Konsument mo\u017ce wycofa\u0107 swoj\u0105\r\n    zgod\u0119 na przesy\u0142anie mu informacji marketingowych w dowolnym momencie.\r\n    Przyk\u0142adowo konsument mo\u017ce zrezygnowa\u0107 z otrzymywania takich wiadomo\u015bci,\r\n    post\u0119puj\u0105c zgodnie z instrukcj\u0105 rezygnacji podan\u0105 w wiadomo\u015bci lub loguj\u0105c\r\n    si\u0119 do swojego konta online w celu aktualizacji swoich preferencji\r\n    marketingowych.\r\n<\/p>\r\n<p>\r\n    W przypadku rezygnacji przez konsumenta z otrzymywania wiadomo\u015bci\r\n    marketingowych, jego dane osobowe mog\u0105 nadal by\u0107 wykorzystywane w innych\r\n    celach opisanych w niniejszej Informacji o Ochronie Danych Osobowych\r\n    Konsument\u00f3w Electrolux, a w szczeg\u00f3lno\u015bci w celu komunikowania si\u0119 z\r\n    konsumentem w celach administracyjnych lub transakcyjnych, w ramach\r\n    stosunku umownego \u0142\u0105cz\u0105cego konsumenta z Electrolux lub w przypadku, gdy\r\n    wymaga tego prawo.\r\n<\/p>\r\n<p>\r\n    <strong>Prawa konsument\u00f3w wynikaj\u0105ce z przepis\u00f3w UE\/EOG<\/strong>\r\n<\/p>\r\n<p>\r\n    W przypadku, gdy konsument mieszka na terytorium UE\/EOG lub je\u017celi\r\n    informacje osobowe konsumenta s\u0105 na innej podstawie przetwarzane przez\r\n    podmiot nale\u017c\u0105cy do grupy Electrolux Professional na terytorium EU\/EOG,\r\n    konsumentowi przys\u0142uguje prawo:\r\n<\/p>\r\n<p>\r\n    A. \u017c\u0105dania wgl\u0105du w swoje dane osobowe;\r\n<\/p>\r\n<p>\r\n    B. korekty swoich danych osobowych;\r\n<\/p>\r\n<p>\r\n    C. \u017c\u0105dania usuni\u0119cia swoich danych osobowych;\r\n<\/p>\r\n<p>\r\n    D. ograniczenia przetwarzania swoich danych osobowych;\r\n<\/p>\r\n<p>\r\n    E. \u017c\u0105dania przekazania swoich danych osobowych w formacie umo\u017cliwiaj\u0105cym\r\n    ich przekazanie konsumentowi lub innej organizacji (przenoszalno\u015b\u0107);\r\n<\/p>\r\n<p>\r\n    F. zg\u0142oszenia sprzeciwu wobec przetwarzania swoich danych osobowych; oraz\r\n<\/p>\r\n<p>\r\n    G. wniesienia skargi do w\u0142a\u015bciwego organu nadzorczego.\r\n<\/p>\r\n<p>\r\n    Konsumenci pragn\u0105cy zada\u0107 jakiekolwiek pytania odno\u015bnie ww. praw lub chc\u0105cy\r\n    skorzysta\u0107 z kt\u00f3regokolwiek z ww. praw mog\u0105 to zrobi\u0107 pisemnie,\r\n    telefonicznie lub mejlowo.\r\n<\/p>\r\n<p>\r\n    Zwracamy uwag\u0119, \u017ce skorzystanie z ww. praw mo\u017ce wp\u0142yn\u0105\u0107 ujemnie na nasz\u0105\r\n    mo\u017cliwo\u015b\u0107 zapewnienia konsumentom pewnych urz\u0105dze\u0144, funkcji lub us\u0142ug.\r\n<\/p>\r\n<p>\r\n    <strong>Bezpiecze\u0144stwo danych osobowych konsument\u00f3w <\/strong>\r\n<\/p>\r\n<p>\r\n    Electrolux Professional podejmuje odpowiednie techniczne i organizacyjne\r\n    \u015brodki zgodnie z w\u0142a\u015bciwymi przepisami obowi\u0105zuj\u0105cego prawa ochrony danych,\r\n    w tym nak\u0142ada na swoich us\u0142ugodawc\u00f3w, partner\u00f3w biznesowych lub\r\n    profesjonalnych doradc\u00f3w obowi\u0105zek stosowania odpowiednich \u015brodk\u00f3w ochrony\r\n    informacji osobowych konsument\u00f3w.\r\n<\/p>\r\n<p>\r\n    <strong>Przechowywanie danych osobowych konsument\u00f3w <\/strong>\r\n<\/p>\r\n<p>\r\n    Przechowujemy informacje osobowe konsument\u00f3w przez okres wymagany przez\r\n    prawo lub obowi\u0105zuj\u0105c\u0105 nas umow\u0119. W przypadku braku wymogu prawnego,\r\n    przechowujemy informacje o konsumentach jedynie przez okres niezb\u0119dny do\r\n    realizacji cel\u00f3w, w jakich zosta\u0142y one zgromadzone.\r\n<\/p>\r\n<p>\r\n    <strong>Mi\u0119dzynarodowe transfery<\/strong>\r\n<\/p>\r\n<p>\r\n    Poniewa\u017c Electrolux jest sp\u00f3\u0142k\u0105 og\u00f3lno\u015bwiatow\u0105, mo\u017cemy przechowywa\u0107 dane\r\n    osobowe konsument\u00f3w na terytorium Unii Europejskiej (UE) lub Europejskiego\r\n    Obszaru Gospodarczego (EOG), lub w innym miejscu, gdzie my lub nasi\r\n    us\u0142ugodawcy i dostawcy maj\u0105 swoj\u0105 siedzib\u0119 lub posiadaj\u0105 swoje serwery.\r\n<\/p>\r\n<p>\r\n    Mo\u017cemy transferowa\u0107 dane naszych konsument\u00f3w pomi\u0119dzy sp\u00f3\u0142kami nale\u017c\u0105cymi\r\n    do grupy Electrolux Professional lub do naszych zewn\u0119trznych us\u0142ugodawc\u00f3w i\r\n    dostawc\u00f3w dzia\u0142aj\u0105cych w naszym imieniu, w celach opisanych w niniejszej\r\n    Informacji o Ochronie Danych Osobowych Konsument\u00f3w Electrolux.\r\n<\/p>\r\n<p>\r\n    <em>\r\n        Informacje istotne dla obywateli pa\u0144stw cz\u0142onkowskich UE\/EOG dotycz\u0105ce\r\n        transfer\u00f3w mi\u0119dzynarodowych\r\n    <\/em>\r\n<\/p>\r\n<p>\r\n    Informacje konsument\u00f3w mog\u0105 zosta\u0107 przetransferowane do kraju spoza UE\/EOG,\r\n    kt\u00f3ry mo\u017ce nie zapewnia\u0107 takiego samego poziomu ochrony danych jak pa\u0144stwa\r\n    cz\u0142onkowskie UE\/EOG. Zapewniamy odpowiednie \u015brodki zabezpieczenia i ochrony\r\n    takich mi\u0119dzynarodowych transfer\u00f3w zgodnie z wymogami prawa, w tym mi\u0119dzy\r\n    innymi wykorzystujemy Standardowe Klauzule Umowne zatwierdzone przez\r\n    Komisj\u0119 Europejsk\u0105, Kodeks Post\u0119powania i\/lub Wi\u0105\u017c\u0105ce Regu\u0142y Korporacyjne.\r\n    Konsumenci mog\u0105 poprosi\u0107 o kopie tych dokument\u00f3w, kontaktuj\u0105c si\u0119 z nami na\r\n    adres podany poni\u017cej.\r\n<\/p>\r\n<p>\r\n    <strong>Jak si\u0119 z nami skontaktowa\u0107<\/strong>\r\n<\/p>\r\n<p>\r\n    \r\n        Administratorem informacji osobowych konsumenta jest sp\u00f3\u0142ka\r\n    \r\n    Electrolux Professional AB lub lokalny podmiot Electrolux Professional.\r\n<\/p>\r\n<p>\r\n    Konsumenci chc\u0105cy skorzysta\u0107 z praw przys\u0142uguj\u0105cych im jako osobom, kt\u00f3rych\r\n    dane dotycz\u0105, lub chc\u0105cy zg\u0142osi\u0107 inne pytania dotycz\u0105ce niniejszej\r\n    Informacji o Ochronie Danych Osobowych Konsument\u00f3w Electrolux, proszeni s\u0105\r\n    o przes\u0142anie swojego <a href=\"http:\/\/wniosku\/\">wniosku<\/a> za po\u015brednictwem\r\n    poczty elektronicznej pod adresem:\r\n    <a href=\"mailto:privacy@electroluxprofessional.com\">\r\n        privacy@electroluxprofessional.com\r\n    <\/a>\r\n<\/p>\r\n<p>\r\n    Poni\u017cej podajemy dane kontaktowa Administratora Bezpiecze\u0144stwa Informacji:\r\n<\/p>\r\n<div style=\"margin-left:30px;\">\r\n<p><b>\r\nElectrolux Professional AB\r\n<\/b><\/p>\r\n<p>\r\nGroup Privacy Office\r\n<\/p>\r\n<p>\r\nFranz\u00e9ngatan 6\r\n<\/p>\r\n<p>\r\n112 51 Stockholm\t\r\n<\/p>\r\n<p>\r\nSweden\r\n<\/p>\r\n<p>\r\n<a href=\"mailto:privacy@electroluxprofessional.com\">\r\n    privacy@electroluxprofessional.com\r\n<\/a>\r\n<\/p>\r\n<p>\r\n<a target=\"_blank\" href=\"https:\/\/www.electroluxprofessional.com\/data-privacy-statement\/\">\r\n    www.electroluxprofessional.com\/data-privacy-statement\/\r\n<\/a>\r\n<\/p>\r\n<\/div><br>\r\n<p>\r\n    <strong>\r\n        Aktualizacje niniejszej Informacji o Ochronie Danych Osobowych\r\n        Konsument\u00f3w Electrolux\r\n    <\/strong>\r\n<\/p>\r\n<p>\r\n    Mo\u017cemy aktualizowa\u0107 tre\u015b\u0107 niniejszej Informacji o Ochronie Danych Osobowych\r\n    Konsument\u00f3w Electrolux. Wszelkie zmiany tre\u015bci niniejszej Informacji o\r\n    Ochronie Danych Osobowych Konsument\u00f3w Electrolux \r\n    wchodz\u0105 w \u017cycie w dniu ich opublikowania lub w innym terminie wymaganym\r\n    przez prawo.\r\n<\/p>\r\n<p>\r\n    Data ostatnie aktualizacji: 02.03.2020\r\n<\/p><\/div>\n","protected":false},"excerpt":{"rendered":"INFORMACJA O OCHRONIE DANYCH KONSUMENT\u00d3W SP\u00d3\u0141KI ELECTROLUX Niniejsz\u0105 informacj\u0105 pragniemy poinformowa\u0107 konsument\u00f3w sp\u00f3\u0142ki Electrolux, jakie rodzaje danych na ich temat (\u201e dane osobowe\u201d) gromadzimy, w jakim celu je wykorzystujemy, oraz komu je udost\u0119pniamy, a tak\u017ce jakie przys\u0142uguj\u0105 im prawa . Kategorie danych osobowych gromadzonych przez Electrolux: A) Dane kontaktowe \u2013 a w szczeg\u00f3lno\u015bci imi\u0119 i [...]","protected":false},"author":1,"featured_media":0,"parent":0,"menu_order":0,"comment_status":"closed","ping_status":"closed","template":"","meta":{"footnotes":""},"class_list":["post-3910","page","type-page","status-publish","hentry"],"acf":[],"yoast_head":"<!-- This site is optimized with the Yoast SEO plugin v23.3 - https:\/\/yoast.com\/wordpress\/plugins\/seo\/ -->\n<title>Data Privacy Statement - Electrolux Professional Polska<\/title>\n<meta name=\"robots\" content=\"index, follow, max-snippet:-1, max-image-preview:large, max-video-preview:-1\" \/>\n<link rel=\"canonical\" href=\"https:\/\/www.electroluxprofessional.com\/pl\/data-privacy-statement\/\" \/>\n<meta property=\"og:locale\" content=\"pl_PL\" \/>\n<meta property=\"og:type\" content=\"article\" \/>\n<meta property=\"og:title\" content=\"Data Privacy Statement - Electrolux Professional Polska\" \/>\n<meta property=\"og:url\" content=\"https:\/\/www.electroluxprofessional.com\/pl\/data-privacy-statement\/\" \/>\n<meta property=\"og:site_name\" content=\"Electrolux Professional Polska\" \/>\n<meta property=\"article:modified_time\" content=\"2022-01-14T13:19:03+00:00\" \/>\n<meta name=\"twitter:card\" content=\"summary_large_image\" \/>\n<script type=\"application\/ld+json\" class=\"yoast-schema-graph\">{\"@context\":\"https:\/\/schema.org\",\"@graph\":[{\"@type\":\"WebPage\",\"@id\":\"https:\/\/www.electroluxprofessional.com\/pl\/data-privacy-statement\/\",\"url\":\"https:\/\/www.electroluxprofessional.com\/pl\/data-privacy-statement\/\",\"name\":\"Data Privacy Statement - Electrolux Professional Polska\",\"isPartOf\":{\"@id\":\"https:\/\/www.electroluxprofessional.com\/pl\/#website\"},\"datePublished\":\"2018-05-24T10:16:28+00:00\",\"dateModified\":\"2022-01-14T13:19:03+00:00\",\"breadcrumb\":{\"@id\":\"https:\/\/www.electroluxprofessional.com\/pl\/data-privacy-statement\/#breadcrumb\"},\"inLanguage\":\"pl-PL\",\"potentialAction\":[{\"@type\":\"ReadAction\",\"target\":[\"https:\/\/www.electroluxprofessional.com\/pl\/data-privacy-statement\/\"]}]},{\"@type\":\"BreadcrumbList\",\"@id\":\"https:\/\/www.electroluxprofessional.com\/pl\/data-privacy-statement\/#breadcrumb\",\"itemListElement\":[{\"@type\":\"ListItem\",\"position\":1,\"name\":\"Strona g\u0142\u00f3wna\",\"item\":\"https:\/\/www.electroluxprofessional.com\/pl\/\"},{\"@type\":\"ListItem\",\"position\":2,\"name\":\"Data Privacy Statement\"}]},{\"@type\":\"WebSite\",\"@id\":\"https:\/\/www.electroluxprofessional.com\/pl\/#website\",\"url\":\"https:\/\/www.electroluxprofessional.com\/pl\/\",\"name\":\"Electrolux Professional Polska\",\"description\":\"\",\"potentialAction\":[{\"@type\":\"SearchAction\",\"target\":{\"@type\":\"EntryPoint\",\"urlTemplate\":\"https:\/\/www.electroluxprofessional.com\/pl\/?src={search_term_string}\"},\"query-input\":\"required name=search_term_string\"}],\"inLanguage\":\"pl-PL\"}]}<\/script>\n<!-- \/ Yoast SEO plugin. -->","yoast_head_json":{"title":"Data Privacy Statement - Electrolux Professional Polska","robots":{"index":"index","follow":"follow","max-snippet":"max-snippet:-1","max-image-preview":"max-image-preview:large","max-video-preview":"max-video-preview:-1"},"canonical":"https:\/\/www.electroluxprofessional.com\/pl\/data-privacy-statement\/","og_locale":"pl_PL","og_type":"article","og_title":"Data Privacy Statement - Electrolux Professional Polska","og_url":"https:\/\/www.electroluxprofessional.com\/pl\/data-privacy-statement\/","og_site_name":"Electrolux Professional Polska","article_modified_time":"2022-01-14T13:19:03+00:00","twitter_card":"summary_large_image","schema":{"@context":"https:\/\/schema.org","@graph":[{"@type":"WebPage","@id":"https:\/\/www.electroluxprofessional.com\/pl\/data-privacy-statement\/","url":"https:\/\/www.electroluxprofessional.com\/pl\/data-privacy-statement\/","name":"Data Privacy Statement - Electrolux Professional Polska","isPartOf":{"@id":"https:\/\/www.electroluxprofessional.com\/pl\/#website"},"datePublished":"2018-05-24T10:16:28+00:00","dateModified":"2022-01-14T13:19:03+00:00","breadcrumb":{"@id":"https:\/\/www.electroluxprofessional.com\/pl\/data-privacy-statement\/#breadcrumb"},"inLanguage":"pl-PL","potentialAction":[{"@type":"ReadAction","target":["https:\/\/www.electroluxprofessional.com\/pl\/data-privacy-statement\/"]}]},{"@type":"BreadcrumbList","@id":"https:\/\/www.electroluxprofessional.com\/pl\/data-privacy-statement\/#breadcrumb","itemListElement":[{"@type":"ListItem","position":1,"name":"Strona g\u0142\u00f3wna","item":"https:\/\/www.electroluxprofessional.com\/pl\/"},{"@type":"ListItem","position":2,"name":"Data Privacy Statement"}]},{"@type":"WebSite","@id":"https:\/\/www.electroluxprofessional.com\/pl\/#website","url":"https:\/\/www.electroluxprofessional.com\/pl\/","name":"Electrolux Professional Polska","description":"","potentialAction":[{"@type":"SearchAction","target":{"@type":"EntryPoint","urlTemplate":"https:\/\/www.electroluxprofessional.com\/pl\/?src={search_term_string}"},"query-input":"required name=search_term_string"}],"inLanguage":"pl-PL"}]}},"_links":{"self":[{"href":"https:\/\/www.electroluxprofessional.com\/pl\/wp-json\/wp\/v2\/pages\/3910"}],"collection":[{"href":"https:\/\/www.electroluxprofessional.com\/pl\/wp-json\/wp\/v2\/pages"}],"about":[{"href":"https:\/\/www.electroluxprofessional.com\/pl\/wp-json\/wp\/v2\/types\/page"}],"author":[{"embeddable":true,"href":"https:\/\/www.electroluxprofessional.com\/pl\/wp-json\/wp\/v2\/users\/1"}],"replies":[{"embeddable":true,"href":"https:\/\/www.electroluxprofessional.com\/pl\/wp-json\/wp\/v2\/comments?post=3910"}],"version-history":[{"count":1,"href":"https:\/\/www.electroluxprofessional.com\/pl\/wp-json\/wp\/v2\/pages\/3910\/revisions"}],"predecessor-version":[{"id":8346,"href":"https:\/\/www.electroluxprofessional.com\/pl\/wp-json\/wp\/v2\/pages\/3910\/revisions\/8346"}],"wp:attachment":[{"href":"https:\/\/www.electroluxprofessional.com\/pl\/wp-json\/wp\/v2\/media?parent=3910"}],"curies":[{"name":"wp","href":"https:\/\/api.w.org\/{rel}","templated":true}]}}