{"id":2593,"date":"2016-06-01T13:56:56","date_gmt":"2016-06-01T13:56:56","guid":{"rendered":"https:\/\/www.electroluxprofessional.com\/?page_id=1763"},"modified":"2020-09-04T10:03:34","modified_gmt":"2020-09-04T10:03:34","slug":"obsluga-klienta","status":"publish","type":"page","link":"https:\/\/www.electroluxprofessional.com\/pl\/obsluga-klienta\/","title":{"rendered":"Obs\u0142uga klienta"},"content":{"rendered":"<p>[vc_row full_width=&#8221;electroluxpro-full-width-no-padding&#8221;][vc_column][elx_hero_slider label_text_color=&#8221;inherit&#8221; images=&#8221;2583&#8243;][elx_heading font_container=&#8221;h1&#8243; font_size=&#8221;h2&#8243; text_color=&#8221;inherit&#8221;]Obs\u0142uga <strong>klienta<\/strong>[\/elx_heading][vc_column_text]<\/p>\n<h3>Unikatowy, globalny serwis<\/h3>\n<p>Ponad 10000 do\u015bwiadczonych technik\u00f3w w ponad 149 krajach.<\/p>\n<p>55000 r\u00f3\u017cnych cz\u0119\u015bci zamiennych dost\u0119pnych od r\u0119ki.<\/p>\n<p>Cz\u0119\u015bci zamienne dost\u0119pne przez minimum 10 lat od momentu zako\u0144czenia produkcji<\/p>\n<p>Dostawa cz\u0119\u015bci w ci\u0105gu 24 \u2013 48h w ka\u017cdym miejscu na \u015bwiecie [\/vc_column_text][\/elx_hero_slider][\/vc_column][\/vc_row][vc_row disable_element=&#8221;yes&#8221;][vc_column][vc_column_text]98,000\u00a0available spare parts in stock.<\/p>\n<p>24 &#8211; 48 hours spare parts delivery worldwide<\/p>\n<p>[\/vc_column_text][\/vc_column][\/vc_row][vc_row][vc_column][vc_empty_space height=&#8221;50px&#8221;][\/vc_column][\/vc_row][vc_row full_width=&#8221;electroluxpro-full-width-no-padding&#8221; css=&#8221;.vc_custom_1465478787353{background-color: #041e41 !important;}&#8221;][vc_column width=&#8221;1\/2&#8243;][elx_video_block background_image=&#8221;715&#8243; video_link=&#8221;https:\/\/www.youtube.com\/watch?v=k4olzrfBpHM&#8221; minimum_height=&#8221;500px&#8221;][\/vc_column][vc_column width=&#8221;1\/2&#8243;][vc_empty_space height=&#8221;50px&#8221;][elx_simple_block background_color=&#8221;inherit&#8221;][elx_heading font_container=&#8221;h3&#8243; text_color=&#8221;white&#8221;]Zawsze w pobli\u017cu.<br \/>\nZawsze tylko dla Ciebie.[\/elx_heading][elx_button button_text=&#8221;Lokalizator sprzeda\u017cy i us\u0142ug&#8221; css=&#8221;.vc_custom_1503483163400{margin-top: 20px !important;}&#8221; button_link=&#8221;url:https%3A%2F%2Fprofessional.electrolux.pl%2Flokalizacja%2F|title:Find%20a%20dealer||&#8221;][\/elx_simple_block][\/vc_column][\/vc_row][vc_row full_width=&#8221;electroluxpro-full-width-no-padding&#8221; equal_height=&#8221;yes&#8221; css=&#8221;.vc_custom_1469780461824{background-color: #f8f6f9 !important;}&#8221;][vc_column width=&#8221;1\/2&#8243;][elx_simple_block background_color=&#8221;inherit&#8221;][elx_heading text_color=&#8221;inherit&#8221;]Utrzymuj sw\u00f3j sprz\u0119t w doskona\u0142ym stanie[\/elx_heading][vc_column_text]Profesjonalna i regularna konserwacja urz\u0105dze\u0144 to jeden z kluczowych sk\u0142adnik\u00f3w sukcesu. To jedyna metoda zapobiegania nieoczekiwanym problemom.<\/p>\n<p>Nie chodzi tylko o szybko\u015b\u0107 dzia\u0142ania w momencie gdy nagle tego potrzebujesz, ale <strong>o bycie na miejscu zanim co\u015b si\u0119 wydarzy<\/strong>. Wszystkie czynno\u015bci serwisowe wykonujemy w najbardziej wygodnym czasie dla naszych Klient\u00f3w![\/vc_column_text][elx_heading font_container=&#8221;h3&#8243; text_color=&#8221;electrolux-blue-for-small&#8221; css=&#8221;.vc_custom_1503319711842{margin-bottom: 0px !important;border-bottom-width: 0px !important;padding-bottom: 0px !important;}&#8221;]Kompleksowy program obs\u0142ugi technicznej[\/elx_heading][vc_column_text]Precyzyjnie skonstruowana umowa serwisowa gwarantuj\u0105ca spok\u00f3j.[\/vc_column_text][elx_heading font_container=&#8221;h3&#8243; text_color=&#8221;electrolux-blue-for-small&#8221;]Konserwacja urz\u0105dze\u0144[\/elx_heading][vc_column_text]Zaplanowane inspekcje i konserwacja urz\u0105dze\u0144 w celu unikni\u0119cia wyst\u0119powania usterek.[\/vc_column_text][elx_heading font_container=&#8221;h3&#8243; font_size=&#8221;h3&#8243; text_color=&#8221;electrolux-blue-for-small&#8221;]Serwis naprawczy[\/elx_heading][vc_column_text]Nasza rozbudowana sie\u0107 autoryzowanych serwis\u00f3w b\u0142yskawicznie usuwa wszelkie usterki, dzi\u0119ki czemu urz\u0105dzenie mo\u017cna przywr\u00f3ci\u0107 do normalnego stanu roboczego.[\/vc_column_text][\/elx_simple_block][\/vc_column][vc_column width=&#8221;1\/2&#8243;][elx_image_block background_image=&#8221;716&#8243; minimum_height=&#8221;600px&#8221;][\/vc_column][\/vc_row][vc_row][vc_column][vc_empty_space][\/vc_column][\/vc_row][vc_row][vc_column][elx_heading font_container=&#8221;h3&#8243; text_color=&#8221;inherit&#8221;]Do\u0142\u0105cz do naszych Program\u00f3w Serwisowych[\/elx_heading][elx_o2000_contact_us r=&#8221;Chcia\u0142bym dowiedzie\u0107 si\u0119 wi\u0119cej o Programach Serwisowych Electrolux. Prosz\u0119 si\u0119 ze mn\u0105 skontaktowa\u0107.&#8221; s=&#8221;Request of information about maintenance programs&#8221; container=&#8221;elxcontactus1484293813&#8243;][\/vc_column][\/vc_row][vc_row][vc_column][vc_empty_space][\/vc_column][\/vc_row]<\/p>\n","protected":false},"excerpt":{"rendered":"<p>[vc_row full_width=&#8221;electroluxpro-full-width-no-padding&#8221;][vc_column][elx_hero_slider label_text_color=&#8221;inherit&#8221; images=&#8221;2583&#8243;][elx_heading font_container=&#8221;h1&#8243; font_size=&#8221;h2&#8243; text_color=&#8221;inherit&#8221;]Obs\u0142uga klienta[\/elx_heading][vc_column_text] Unikatowy, globalny serwis Ponad 10000 do\u015bwiadczonych technik\u00f3w w ponad 149 krajach. 55000 r\u00f3\u017cnych cz\u0119\u015bci zamiennych dost\u0119pnych od r\u0119ki. Cz\u0119\u015bci zamienne dost\u0119pne przez minimum 10 lat od momentu zako\u0144czenia produkcji Dostawa cz\u0119\u015bci w ci\u0105gu 24 \u2013 48h w ka\u017cdym miejscu na \u015bwiecie [\/vc_column_text][\/elx_hero_slider][\/vc_column][\/vc_row][vc_row disable_element=&#8221;yes&#8221;][vc_column][vc_column_text]98,000\u00a0available spare parts in stock. [&hellip;]<\/p>\n","protected":false},"author":3,"featured_media":2583,"parent":0,"menu_order":0,"comment_status":"closed","ping_status":"closed","template":"","meta":{"footnotes":""},"class_list":["post-2593","page","type-page","status-publish","has-post-thumbnail","hentry"],"acf":[],"yoast_head":"<!-- This site is optimized with the Yoast SEO plugin v23.3 - https:\/\/yoast.com\/wordpress\/plugins\/seo\/ -->\n<title>Obs\u0142uga klienta - Electrolux Professional Polska<\/title>\n<meta name=\"description\" content=\"Unikatowy, globalny serwis. Ponad 10000 do\u015bwiadczonych technik\u00f3w w ponad 149 krajach. 55000 r\u00f3\u017cnych cz\u0119\u015bci zamiennych dost\u0119pnych od r\u0119ki.\" \/>\n<meta name=\"robots\" content=\"index, follow, max-snippet:-1, max-image-preview:large, max-video-preview:-1\" \/>\n<link rel=\"canonical\" href=\"https:\/\/www.electroluxprofessional.com\/pl\/obsluga-klienta\/\" \/>\n<meta property=\"og:locale\" content=\"pl_PL\" \/>\n<meta property=\"og:type\" content=\"article\" \/>\n<meta property=\"og:title\" content=\"Obs\u0142uga klienta - Electrolux Professional Polska\" \/>\n<meta property=\"og:description\" content=\"Unikatowy, globalny serwis. Ponad 10000 do\u015bwiadczonych technik\u00f3w w ponad 149 krajach. 55000 r\u00f3\u017cnych cz\u0119\u015bci zamiennych dost\u0119pnych od r\u0119ki.\" \/>\n<meta property=\"og:url\" content=\"https:\/\/www.electroluxprofessional.com\/pl\/obsluga-klienta\/\" \/>\n<meta property=\"og:site_name\" content=\"Electrolux Professional Polska\" \/>\n<meta property=\"article:modified_time\" content=\"2020-09-04T10:03:34+00:00\" \/>\n<meta property=\"og:image\" content=\"https:\/\/www.electroluxprofessional.com\/pl\/wp-content\/uploads\/2017\/01\/cutomer-care.jpg\" \/>\n\t<meta property=\"og:image:width\" content=\"2000\" \/>\n\t<meta property=\"og:image:height\" content=\"1691\" \/>\n\t<meta property=\"og:image:type\" content=\"image\/jpeg\" \/>\n<meta name=\"twitter:card\" content=\"summary_large_image\" \/>\n<meta name=\"twitter:label1\" content=\"Szacowany czas czytania\" \/>\n\t<meta name=\"twitter:data1\" content=\"3 minuty\" \/>\n<script type=\"application\/ld+json\" class=\"yoast-schema-graph\">{\"@context\":\"https:\/\/schema.org\",\"@graph\":[{\"@type\":\"WebPage\",\"@id\":\"https:\/\/www.electroluxprofessional.com\/pl\/obsluga-klienta\/\",\"url\":\"https:\/\/www.electroluxprofessional.com\/pl\/obsluga-klienta\/\",\"name\":\"Obs\u0142uga klienta - Electrolux Professional Polska\",\"isPartOf\":{\"@id\":\"https:\/\/www.electroluxprofessional.com\/pl\/#website\"},\"primaryImageOfPage\":{\"@id\":\"https:\/\/www.electroluxprofessional.com\/pl\/obsluga-klienta\/#primaryimage\"},\"image\":{\"@id\":\"https:\/\/www.electroluxprofessional.com\/pl\/obsluga-klienta\/#primaryimage\"},\"thumbnailUrl\":\"https:\/\/www.electroluxprofessional.com\/pl\/wp-content\/uploads\/2017\/01\/cutomer-care.jpg\",\"datePublished\":\"2016-06-01T13:56:56+00:00\",\"dateModified\":\"2020-09-04T10:03:34+00:00\",\"description\":\"Unikatowy, globalny serwis. Ponad 10000 do\u015bwiadczonych technik\u00f3w w ponad 149 krajach. 55000 r\u00f3\u017cnych cz\u0119\u015bci zamiennych dost\u0119pnych od r\u0119ki.\",\"breadcrumb\":{\"@id\":\"https:\/\/www.electroluxprofessional.com\/pl\/obsluga-klienta\/#breadcrumb\"},\"inLanguage\":\"pl-PL\",\"potentialAction\":[{\"@type\":\"ReadAction\",\"target\":[\"https:\/\/www.electroluxprofessional.com\/pl\/obsluga-klienta\/\"]}]},{\"@type\":\"ImageObject\",\"inLanguage\":\"pl-PL\",\"@id\":\"https:\/\/www.electroluxprofessional.com\/pl\/obsluga-klienta\/#primaryimage\",\"url\":\"https:\/\/www.electroluxprofessional.com\/pl\/wp-content\/uploads\/2017\/01\/cutomer-care.jpg\",\"contentUrl\":\"https:\/\/www.electroluxprofessional.com\/pl\/wp-content\/uploads\/2017\/01\/cutomer-care.jpg\",\"width\":2000,\"height\":1691,\"caption\":\"customer-care\"},{\"@type\":\"BreadcrumbList\",\"@id\":\"https:\/\/www.electroluxprofessional.com\/pl\/obsluga-klienta\/#breadcrumb\",\"itemListElement\":[{\"@type\":\"ListItem\",\"position\":1,\"name\":\"Strona g\u0142\u00f3wna\",\"item\":\"https:\/\/www.electroluxprofessional.com\/pl\/\"},{\"@type\":\"ListItem\",\"position\":2,\"name\":\"Obs\u0142uga klienta\"}]},{\"@type\":\"WebSite\",\"@id\":\"https:\/\/www.electroluxprofessional.com\/pl\/#website\",\"url\":\"https:\/\/www.electroluxprofessional.com\/pl\/\",\"name\":\"Electrolux Professional Polska\",\"description\":\"\",\"potentialAction\":[{\"@type\":\"SearchAction\",\"target\":{\"@type\":\"EntryPoint\",\"urlTemplate\":\"https:\/\/www.electroluxprofessional.com\/pl\/?src={search_term_string}\"},\"query-input\":\"required name=search_term_string\"}],\"inLanguage\":\"pl-PL\"}]}<\/script>\n<!-- \/ Yoast SEO plugin. -->","yoast_head_json":{"title":"Obs\u0142uga klienta - Electrolux Professional Polska","description":"Unikatowy, globalny serwis. Ponad 10000 do\u015bwiadczonych technik\u00f3w w ponad 149 krajach. 55000 r\u00f3\u017cnych cz\u0119\u015bci zamiennych dost\u0119pnych od r\u0119ki.","robots":{"index":"index","follow":"follow","max-snippet":"max-snippet:-1","max-image-preview":"max-image-preview:large","max-video-preview":"max-video-preview:-1"},"canonical":"https:\/\/www.electroluxprofessional.com\/pl\/obsluga-klienta\/","og_locale":"pl_PL","og_type":"article","og_title":"Obs\u0142uga klienta - Electrolux Professional Polska","og_description":"Unikatowy, globalny serwis. Ponad 10000 do\u015bwiadczonych technik\u00f3w w ponad 149 krajach. 55000 r\u00f3\u017cnych cz\u0119\u015bci zamiennych dost\u0119pnych od r\u0119ki.","og_url":"https:\/\/www.electroluxprofessional.com\/pl\/obsluga-klienta\/","og_site_name":"Electrolux Professional Polska","article_modified_time":"2020-09-04T10:03:34+00:00","og_image":[{"width":2000,"height":1691,"url":"https:\/\/www.electroluxprofessional.com\/pl\/wp-content\/uploads\/2017\/01\/cutomer-care.jpg","type":"image\/jpeg"}],"twitter_card":"summary_large_image","twitter_misc":{"Szacowany czas czytania":"3 minuty"},"schema":{"@context":"https:\/\/schema.org","@graph":[{"@type":"WebPage","@id":"https:\/\/www.electroluxprofessional.com\/pl\/obsluga-klienta\/","url":"https:\/\/www.electroluxprofessional.com\/pl\/obsluga-klienta\/","name":"Obs\u0142uga klienta - Electrolux Professional Polska","isPartOf":{"@id":"https:\/\/www.electroluxprofessional.com\/pl\/#website"},"primaryImageOfPage":{"@id":"https:\/\/www.electroluxprofessional.com\/pl\/obsluga-klienta\/#primaryimage"},"image":{"@id":"https:\/\/www.electroluxprofessional.com\/pl\/obsluga-klienta\/#primaryimage"},"thumbnailUrl":"https:\/\/www.electroluxprofessional.com\/pl\/wp-content\/uploads\/2017\/01\/cutomer-care.jpg","datePublished":"2016-06-01T13:56:56+00:00","dateModified":"2020-09-04T10:03:34+00:00","description":"Unikatowy, globalny serwis. Ponad 10000 do\u015bwiadczonych technik\u00f3w w ponad 149 krajach. 55000 r\u00f3\u017cnych cz\u0119\u015bci zamiennych dost\u0119pnych od r\u0119ki.","breadcrumb":{"@id":"https:\/\/www.electroluxprofessional.com\/pl\/obsluga-klienta\/#breadcrumb"},"inLanguage":"pl-PL","potentialAction":[{"@type":"ReadAction","target":["https:\/\/www.electroluxprofessional.com\/pl\/obsluga-klienta\/"]}]},{"@type":"ImageObject","inLanguage":"pl-PL","@id":"https:\/\/www.electroluxprofessional.com\/pl\/obsluga-klienta\/#primaryimage","url":"https:\/\/www.electroluxprofessional.com\/pl\/wp-content\/uploads\/2017\/01\/cutomer-care.jpg","contentUrl":"https:\/\/www.electroluxprofessional.com\/pl\/wp-content\/uploads\/2017\/01\/cutomer-care.jpg","width":2000,"height":1691,"caption":"customer-care"},{"@type":"BreadcrumbList","@id":"https:\/\/www.electroluxprofessional.com\/pl\/obsluga-klienta\/#breadcrumb","itemListElement":[{"@type":"ListItem","position":1,"name":"Strona g\u0142\u00f3wna","item":"https:\/\/www.electroluxprofessional.com\/pl\/"},{"@type":"ListItem","position":2,"name":"Obs\u0142uga klienta"}]},{"@type":"WebSite","@id":"https:\/\/www.electroluxprofessional.com\/pl\/#website","url":"https:\/\/www.electroluxprofessional.com\/pl\/","name":"Electrolux Professional Polska","description":"","potentialAction":[{"@type":"SearchAction","target":{"@type":"EntryPoint","urlTemplate":"https:\/\/www.electroluxprofessional.com\/pl\/?src={search_term_string}"},"query-input":"required name=search_term_string"}],"inLanguage":"pl-PL"}]}},"_links":{"self":[{"href":"https:\/\/www.electroluxprofessional.com\/pl\/wp-json\/wp\/v2\/pages\/2593"}],"collection":[{"href":"https:\/\/www.electroluxprofessional.com\/pl\/wp-json\/wp\/v2\/pages"}],"about":[{"href":"https:\/\/www.electroluxprofessional.com\/pl\/wp-json\/wp\/v2\/types\/page"}],"author":[{"embeddable":true,"href":"https:\/\/www.electroluxprofessional.com\/pl\/wp-json\/wp\/v2\/users\/3"}],"replies":[{"embeddable":true,"href":"https:\/\/www.electroluxprofessional.com\/pl\/wp-json\/wp\/v2\/comments?post=2593"}],"version-history":[{"count":4,"href":"https:\/\/www.electroluxprofessional.com\/pl\/wp-json\/wp\/v2\/pages\/2593\/revisions"}],"predecessor-version":[{"id":3386,"href":"https:\/\/www.electroluxprofessional.com\/pl\/wp-json\/wp\/v2\/pages\/2593\/revisions\/3386"}],"wp:featuredmedia":[{"embeddable":true,"href":"https:\/\/www.electroluxprofessional.com\/pl\/wp-json\/wp\/v2\/media\/2583"}],"wp:attachment":[{"href":"https:\/\/www.electroluxprofessional.com\/pl\/wp-json\/wp\/v2\/media?parent=2593"}],"curies":[{"name":"wp","href":"https:\/\/api.w.org\/{rel}","templated":true}]}}