{"id":2234,"date":"2017-01-13T12:52:03","date_gmt":"2017-01-13T11:52:03","guid":{"rendered":"https:\/\/www.electroluxprofessional.com\/?page_id=8328"},"modified":"2020-09-04T08:10:32","modified_gmt":"2020-09-04T08:10:32","slug":"pralnictwo","status":"publish","type":"page","link":"https:\/\/www.electroluxprofessional.com\/pl\/akcesoria-materialy-eksploatacyjne\/pralnictwo\/","title":{"rendered":"Akcesoria i materia\u0142y eksploatacyjne &#8211; pralnictwo"},"content":{"rendered":"<p>[vc_row full_width=&#8221;electroluxpro-full-width-no-padding&#8221;][vc_column][elx_hero_title label=&#8221;&#8221; label_background_color=&#8221;cat-clean&#8221; background_image=&#8221;2016&#8243;][elx_heading font_container=&#8221;h1&#8243; font_size=&#8221;h2&#8243; text_color=&#8221;white&#8221; text_align=&#8221;text-center&#8221;]Akcesoria i materia\u0142y eksploatacyjne &#8211; pralnictwo[\/elx_heading][\/elx_hero_title][\/vc_column][\/vc_row][vc_row][vc_column][vc_empty_space height=&#8221;50px&#8221;][elx_heading font_container=&#8221;h3&#8243; text_color=&#8221;inherit&#8221; text_align=&#8221;text-center&#8221;]Delikatne czyszczenie, daj\u0105ce doskona\u0142e wyniki[\/elx_heading][vc_empty_space height=&#8221;50px&#8221;][\/vc_column][\/vc_row][vc_row full_width=&#8221;electroluxpro-container-no-padding&#8221; equal_height=&#8221;yes&#8221;][vc_column width=&#8221;1\/2&#8243;][elx_image_block background_image=&#8221;797&#8243; minimum_height=&#8221;450px&#8221;][\/vc_column][vc_column width=&#8221;1\/2&#8243;][elx_simple_block background_color=&#8221;inherit&#8221;][vc_column_text]<\/p>\n<h4>Detergenty do delikatnej odzie\u017cy<\/h4>\n<p>Niezale\u017cnie od tego, czy chcesz wypra\u0107 bardzo delikatne tkaniny czy te\u017c zwyk\u0142e ubrania, sk\u0142ad specjalistycznych detergent\u00f3w zatwierdzony przez laboratoria Electrolux zapewnia doskona\u0142e wyniki czyszczenia, utrzymuj\u0105c nieskaziteln\u0105 biel oraz pi\u0119kne kolory.[\/vc_column_text][vc_single_image image=&#8221;809&#8243; img_size=&#8221;375&#215;250&#8243; css_animation=&#8221;right-to-left&#8221;][\/elx_simple_block][\/vc_column][\/vc_row][vc_row][vc_column][vc_empty_space height=&#8221;50px&#8221;][elx_heading font_container=&#8221;h3&#8243; text_color=&#8221;inherit&#8221; text_align=&#8221;text-center&#8221;]Efektywna pralnia w ka\u017cdym detalu[\/elx_heading][vc_empty_space height=&#8221;50px&#8221;][\/vc_column][\/vc_row][vc_row full_width=&#8221;electroluxpro-container-no-padding&#8221; equal_height=&#8221;yes&#8221;][vc_column width=&#8221;1\/2&#8243;][elx_image_block background_image=&#8221;798&#8243; minimum_height=&#8221;450px&#8221;][\/vc_column][vc_column width=&#8221;1\/2&#8243;][elx_simple_block background_color=&#8221;inherit&#8221;][vc_column_text]<\/p>\n<h4>Szeroka gama akcesori\u00f3w zapewnia najwy\u017csz\u0105 wydajnos\u0107 oraz ergonomi\u0119<\/h4>\n<ul>\n<li><strong><strong>Sk\u0142adany wieszak na ubrania<\/strong>, przydatny jest w wielu sytacjach w r\u00f3\u017cnych rodzajach dzia\u0142ano\u015bci: pralnie, sklepy, krawiectwo, salony sukien \u015blubnymi oraz w wielu innych miejscach<\/strong><\/li>\n<li>Spiralne kosze u\u0142atwiaj\u0105 za\u0142adnek i roz\u0142adunek pralek i suszarek<\/li>\n<li><strong>Por\u0119czne kosze<\/strong>, kt\u00f3re u\u0142atwiaj\u0105 sk\u0142adanie prze\u015bcierade\u0142, kt\u00f3re maj\u0105 by\u0107 umieszczone pod napinaczem<\/li>\n<li>Kulki do suszarki specjalnie zaprojektowane aby podnosi\u0107 i oddziela\u0107 od siebie bielizn\u0119<\/li>\n<li>Uniwersalna szmatka czyszczaca z mikrofibry wielokrotnego u\u017cytku do dok\u0142adnego czyszczenia i polerowania na wysoki po\u0142ysk<\/li>\n<li><strong>Rozpuszczalne w wodzie torby<\/strong> na bielizn\u0119 s\u0105 idealne do stosowania w pralnach znajdujacych si\u0119 w plac\u00f3wkach opieki zdrowotnej. Wykorzystaj nasze torby, aby unikn\u0105\u0107 ska\u017cenia i zapobiega\u0107 infekcjom.<\/li>\n<\/ul>\n<p>[\/vc_column_text][\/elx_simple_block][\/vc_column][\/vc_row][vc_row][vc_column][vc_empty_space height=&#8221;50px&#8221;][elx_heading font_container=&#8221;h3&#8243; text_color=&#8221;inherit&#8221; text_align=&#8221;text-center&#8221;]Spraw by pralnia dzia\u0142a\u0142a bez ustanku[\/elx_heading][vc_empty_space height=&#8221;50px&#8221;][\/vc_column][\/vc_row][vc_row][vc_column width=&#8221;1\/2&#8243;][elx_image_block background_image=&#8221;799&#8243; minimum_height=&#8221;500px&#8221;][\/vc_column][vc_column width=&#8221;1\/2&#8243;][elx_simple_block background_color=&#8221;inherit&#8221;][vc_column_text]<\/p>\n<h4>W\u00f3zki i wieszaki<\/h4>\n<ul>\n<li>Odpowiednie w\u00f3zki i rega\u0142y <strong>u\u0142atwiaj\u0105 transport<\/strong> bielizny i zapobiegaj\u0105 urazom powstaj\u0105cym na skutek chronicznego przeci\u0105\u017cenia mi\u0119\u015bni i \u015bci\u0119gien.<\/li>\n<li><strong>Ergonomiczne w\u00f3zki do prania i wieszaki<\/strong> przystosowane s\u0105 do u\u017cytku w pralniach, szpitalach, domach opieki zdrowotnej, hotelach, SPA itp. Konstrukcja w\u00f3zk\u00f3w pozwala na bliski kontakt z urzadzeniami pior\u0105cymi, niedopuszczaj\u0105c do sytacji, w kt\u00f3rej pranie mo\u017ce znale\u017a\u0107 si\u0119 na pod\u0142odze.<\/li>\n<\/ul>\n<p>[\/vc_column_text][vc_single_image image=&#8221;2233&#8243; img_size=&#8221;full&#8221; css_animation=&#8221;right-to-left&#8221;][\/elx_simple_block][\/vc_column][\/vc_row][vc_row][vc_column][vc_empty_space][\/vc_column][\/vc_row][vc_row][vc_column width=&#8221;1\/3&#8243;][elx_download_block text=&#8221;Akcesoria i materia\u0142y eksploatacyjne &#8211; pralnictwo&#8221; link=&#8221;files.professional.electrolux.com\/docs\/?n=A0026&amp;b=5&amp;l=1&#8243; background_color=&#8221;cat-clean&#8221; reveal_effect=&#8221;&#8221; reveal_duration=&#8221;&#8221; reveal_delay=&#8221;&#8221;][\/vc_column][vc_column width=&#8221;1\/3&#8243;][elx_download_block text=&#8221;lagoon Advanced Care&#8221; link=&#8221;https:\/\/www.electroluxprofessional.com\/pl\/pralnictwo\/lagoon-advanced-care\/&#8221; link_target=&#8221;self&#8221; background_color=&#8221;cat-clean&#8221; background_hover_color=&#8221;lighter-hover&#8221; background_image=&#8221;1788&#8243; reveal_effect=&#8221;&#8221; reveal_duration=&#8221;&#8221; reveal_delay=&#8221;&#8221;][\/vc_column][vc_column width=&#8221;1\/3&#8243;][elx_download_block text=&#8221;Pralnico-wir\u00f3wki z barier\u0105 higieny&#8221; link=&#8221;https:\/\/www.electroluxprofessional.com\/pl\/pralnictwo\/pralnico-wirowki-z-bariera-higieny\/&#8221; link_target=&#8221;self&#8221; background_color=&#8221;cat-clean&#8221; background_hover_color=&#8221;lighter-hover&#8221; background_image=&#8221;914&#8243; reveal_effect=&#8221;&#8221; reveal_duration=&#8221;&#8221; reveal_delay=&#8221;&#8221;][\/vc_column][\/vc_row][vc_row][vc_column][vc_empty_space][elx_heading font_container=&#8221;h3&#8243; text_color=&#8221;inherit&#8221;]Dowiedz si\u0119, jak spersonalizowa\u0107 Tw\u00f3j sprz\u0119t pralniczy[\/elx_heading][elx_o2000_contact_us r=&#8221;Chcia\u0142bym dowiedzie\u0107 si\u0119 wi\u0119cej o akcesoriach i materia\u0142ach eksploatacyjnych do rozwi\u0105za\u0144 pralniczych. Prosz\u0119 si\u0119 ze mn\u0105 skontaktowa\u0107.&#8221; s=&#8221;Request of information about accessories and consumables.&#8221; country=&#8221;Poland&#8221; l=&#8221;pl&#8221; b=&#8221;laundry&#8221; container=&#8221;elxcontactus1484308232&#8243;][\/vc_column][\/vc_row]<\/p>\n","protected":false},"excerpt":{"rendered":"<p>[vc_row full_width=&#8221;electroluxpro-full-width-no-padding&#8221;][vc_column][elx_hero_title label=&#8221;&#8221; label_background_color=&#8221;cat-clean&#8221; background_image=&#8221;2016&#8243;][elx_heading font_container=&#8221;h1&#8243; font_size=&#8221;h2&#8243; text_color=&#8221;white&#8221; text_align=&#8221;text-center&#8221;]Akcesoria i materia\u0142y eksploatacyjne &#8211; pralnictwo[\/elx_heading][\/elx_hero_title][\/vc_column][\/vc_row][vc_row][vc_column][vc_empty_space height=&#8221;50px&#8221;][elx_heading font_container=&#8221;h3&#8243; text_color=&#8221;inherit&#8221; text_align=&#8221;text-center&#8221;]Delikatne czyszczenie, daj\u0105ce doskona\u0142e wyniki[\/elx_heading][vc_empty_space height=&#8221;50px&#8221;][\/vc_column][\/vc_row][vc_row full_width=&#8221;electroluxpro-container-no-padding&#8221; equal_height=&#8221;yes&#8221;][vc_column width=&#8221;1\/2&#8243;][elx_image_block background_image=&#8221;797&#8243; minimum_height=&#8221;450px&#8221;][\/vc_column][vc_column width=&#8221;1\/2&#8243;][elx_simple_block background_color=&#8221;inherit&#8221;][vc_column_text] Detergenty do delikatnej odzie\u017cy Niezale\u017cnie od tego, czy chcesz wypra\u0107 bardzo delikatne tkaniny czy te\u017c zwyk\u0142e ubrania, sk\u0142ad specjalistycznych detergent\u00f3w zatwierdzony przez laboratoria Electrolux zapewnia [&hellip;]<\/p>\n","protected":false},"author":3,"featured_media":2016,"parent":1715,"menu_order":0,"comment_status":"closed","ping_status":"closed","template":"","meta":{"footnotes":""},"class_list":["post-2234","page","type-page","status-publish","has-post-thumbnail","hentry"],"acf":[],"yoast_head":"<!-- This site is optimized with the Yoast SEO plugin v23.3 - https:\/\/yoast.com\/wordpress\/plugins\/seo\/ -->\n<title>Akcesoria i materia\u0142y eksploatacyjne - pralnictwo - Electrolux Professional Polska<\/title>\n<meta name=\"description\" content=\"Niezale\u017cnie od tego, czy chcesz wypra\u0107 bardzo delikatne tkaniny czy te\u017c zwyk\u0142e ubrania, sk\u0142ad specjalistycznych detergent\u00f3w zatwierdzony przez laboratoria Electrolux zapewnia doskona\u0142e wyniki czyszczenia, utrzymuj\u0105c nieskaziteln\u0105 biel oraz pi\u0119kne kolory.\" \/>\n<meta name=\"robots\" content=\"index, follow, max-snippet:-1, max-image-preview:large, max-video-preview:-1\" \/>\n<link rel=\"canonical\" href=\"https:\/\/www.electroluxprofessional.com\/pl\/akcesoria-materialy-eksploatacyjne\/pralnictwo\/\" \/>\n<meta property=\"og:locale\" content=\"pl_PL\" \/>\n<meta property=\"og:type\" content=\"article\" \/>\n<meta property=\"og:title\" content=\"Akcesoria i materia\u0142y eksploatacyjne - pralnictwo - Electrolux Professional Polska\" \/>\n<meta property=\"og:description\" content=\"Niezale\u017cnie od tego, czy chcesz wypra\u0107 bardzo delikatne tkaniny czy te\u017c zwyk\u0142e ubrania, sk\u0142ad specjalistycznych detergent\u00f3w zatwierdzony przez laboratoria Electrolux zapewnia doskona\u0142e wyniki czyszczenia, utrzymuj\u0105c nieskaziteln\u0105 biel oraz pi\u0119kne kolory.\" \/>\n<meta property=\"og:url\" content=\"https:\/\/www.electroluxprofessional.com\/pl\/akcesoria-materialy-eksploatacyjne\/pralnictwo\/\" \/>\n<meta property=\"og:site_name\" content=\"Electrolux Professional Polska\" \/>\n<meta property=\"article:modified_time\" content=\"2020-09-04T08:10:32+00:00\" \/>\n<meta property=\"og:image\" content=\"https:\/\/www.electroluxprofessional.com\/pl\/wp-content\/uploads\/2016\/12\/ef2ff5f9fa488a1bcba85821be6dca2d.jpg\" \/>\n\t<meta property=\"og:image:width\" content=\"2000\" \/>\n\t<meta property=\"og:image:height\" content=\"1298\" \/>\n\t<meta property=\"og:image:type\" content=\"image\/jpeg\" \/>\n<meta name=\"twitter:card\" content=\"summary_large_image\" \/>\n<meta name=\"twitter:label1\" content=\"Szacowany czas czytania\" \/>\n\t<meta name=\"twitter:data1\" content=\"4 minuty\" \/>\n<script type=\"application\/ld+json\" class=\"yoast-schema-graph\">{\"@context\":\"https:\/\/schema.org\",\"@graph\":[{\"@type\":\"WebPage\",\"@id\":\"https:\/\/www.electroluxprofessional.com\/pl\/akcesoria-materialy-eksploatacyjne\/pralnictwo\/\",\"url\":\"https:\/\/www.electroluxprofessional.com\/pl\/akcesoria-materialy-eksploatacyjne\/pralnictwo\/\",\"name\":\"Akcesoria i materia\u0142y eksploatacyjne - pralnictwo - Electrolux Professional Polska\",\"isPartOf\":{\"@id\":\"https:\/\/www.electroluxprofessional.com\/pl\/#website\"},\"primaryImageOfPage\":{\"@id\":\"https:\/\/www.electroluxprofessional.com\/pl\/akcesoria-materialy-eksploatacyjne\/pralnictwo\/#primaryimage\"},\"image\":{\"@id\":\"https:\/\/www.electroluxprofessional.com\/pl\/akcesoria-materialy-eksploatacyjne\/pralnictwo\/#primaryimage\"},\"thumbnailUrl\":\"https:\/\/www.electroluxprofessional.com\/pl\/wp-content\/uploads\/2016\/12\/ef2ff5f9fa488a1bcba85821be6dca2d.jpg\",\"datePublished\":\"2017-01-13T11:52:03+00:00\",\"dateModified\":\"2020-09-04T08:10:32+00:00\",\"description\":\"Niezale\u017cnie od tego, czy chcesz wypra\u0107 bardzo delikatne tkaniny czy te\u017c zwyk\u0142e ubrania, sk\u0142ad specjalistycznych detergent\u00f3w zatwierdzony przez laboratoria Electrolux zapewnia doskona\u0142e wyniki czyszczenia, utrzymuj\u0105c nieskaziteln\u0105 biel oraz pi\u0119kne kolory.\",\"breadcrumb\":{\"@id\":\"https:\/\/www.electroluxprofessional.com\/pl\/akcesoria-materialy-eksploatacyjne\/pralnictwo\/#breadcrumb\"},\"inLanguage\":\"pl-PL\",\"potentialAction\":[{\"@type\":\"ReadAction\",\"target\":[\"https:\/\/www.electroluxprofessional.com\/pl\/akcesoria-materialy-eksploatacyjne\/pralnictwo\/\"]}]},{\"@type\":\"ImageObject\",\"inLanguage\":\"pl-PL\",\"@id\":\"https:\/\/www.electroluxprofessional.com\/pl\/akcesoria-materialy-eksploatacyjne\/pralnictwo\/#primaryimage\",\"url\":\"https:\/\/www.electroluxprofessional.com\/pl\/wp-content\/uploads\/2016\/12\/ef2ff5f9fa488a1bcba85821be6dca2d.jpg\",\"contentUrl\":\"https:\/\/www.electroluxprofessional.com\/pl\/wp-content\/uploads\/2016\/12\/ef2ff5f9fa488a1bcba85821be6dca2d.jpg\",\"width\":2000,\"height\":1298,\"caption\":\"Les R\u00e9sidences de Bellevue\"},{\"@type\":\"BreadcrumbList\",\"@id\":\"https:\/\/www.electroluxprofessional.com\/pl\/akcesoria-materialy-eksploatacyjne\/pralnictwo\/#breadcrumb\",\"itemListElement\":[{\"@type\":\"ListItem\",\"position\":1,\"name\":\"Strona g\u0142\u00f3wna\",\"item\":\"https:\/\/www.electroluxprofessional.com\/pl\/\"},{\"@type\":\"ListItem\",\"position\":2,\"name\":\"Akcesoria i materia\u0142y eksploatacyjne\",\"item\":\"https:\/\/www.electroluxprofessional.com\/pl\/akcesoria-materialy-eksploatacyjne\/\"},{\"@type\":\"ListItem\",\"position\":3,\"name\":\"Akcesoria i materia\u0142y eksploatacyjne &#8211; pralnictwo\"}]},{\"@type\":\"WebSite\",\"@id\":\"https:\/\/www.electroluxprofessional.com\/pl\/#website\",\"url\":\"https:\/\/www.electroluxprofessional.com\/pl\/\",\"name\":\"Electrolux Professional Polska\",\"description\":\"\",\"potentialAction\":[{\"@type\":\"SearchAction\",\"target\":{\"@type\":\"EntryPoint\",\"urlTemplate\":\"https:\/\/www.electroluxprofessional.com\/pl\/?src={search_term_string}\"},\"query-input\":\"required name=search_term_string\"}],\"inLanguage\":\"pl-PL\"}]}<\/script>\n<!-- \/ Yoast SEO plugin. -->","yoast_head_json":{"title":"Akcesoria i materia\u0142y eksploatacyjne - pralnictwo - Electrolux Professional Polska","description":"Niezale\u017cnie od tego, czy chcesz wypra\u0107 bardzo delikatne tkaniny czy te\u017c zwyk\u0142e ubrania, sk\u0142ad specjalistycznych detergent\u00f3w zatwierdzony przez laboratoria Electrolux zapewnia doskona\u0142e wyniki czyszczenia, utrzymuj\u0105c nieskaziteln\u0105 biel oraz pi\u0119kne kolory.","robots":{"index":"index","follow":"follow","max-snippet":"max-snippet:-1","max-image-preview":"max-image-preview:large","max-video-preview":"max-video-preview:-1"},"canonical":"https:\/\/www.electroluxprofessional.com\/pl\/akcesoria-materialy-eksploatacyjne\/pralnictwo\/","og_locale":"pl_PL","og_type":"article","og_title":"Akcesoria i materia\u0142y eksploatacyjne - pralnictwo - Electrolux Professional Polska","og_description":"Niezale\u017cnie od tego, czy chcesz wypra\u0107 bardzo delikatne tkaniny czy te\u017c zwyk\u0142e ubrania, sk\u0142ad specjalistycznych detergent\u00f3w zatwierdzony przez laboratoria Electrolux zapewnia doskona\u0142e wyniki czyszczenia, utrzymuj\u0105c nieskaziteln\u0105 biel oraz pi\u0119kne kolory.","og_url":"https:\/\/www.electroluxprofessional.com\/pl\/akcesoria-materialy-eksploatacyjne\/pralnictwo\/","og_site_name":"Electrolux Professional Polska","article_modified_time":"2020-09-04T08:10:32+00:00","og_image":[{"width":2000,"height":1298,"url":"https:\/\/www.electroluxprofessional.com\/pl\/wp-content\/uploads\/2016\/12\/ef2ff5f9fa488a1bcba85821be6dca2d.jpg","type":"image\/jpeg"}],"twitter_card":"summary_large_image","twitter_misc":{"Szacowany czas czytania":"4 minuty"},"schema":{"@context":"https:\/\/schema.org","@graph":[{"@type":"WebPage","@id":"https:\/\/www.electroluxprofessional.com\/pl\/akcesoria-materialy-eksploatacyjne\/pralnictwo\/","url":"https:\/\/www.electroluxprofessional.com\/pl\/akcesoria-materialy-eksploatacyjne\/pralnictwo\/","name":"Akcesoria i materia\u0142y eksploatacyjne - pralnictwo - Electrolux Professional Polska","isPartOf":{"@id":"https:\/\/www.electroluxprofessional.com\/pl\/#website"},"primaryImageOfPage":{"@id":"https:\/\/www.electroluxprofessional.com\/pl\/akcesoria-materialy-eksploatacyjne\/pralnictwo\/#primaryimage"},"image":{"@id":"https:\/\/www.electroluxprofessional.com\/pl\/akcesoria-materialy-eksploatacyjne\/pralnictwo\/#primaryimage"},"thumbnailUrl":"https:\/\/www.electroluxprofessional.com\/pl\/wp-content\/uploads\/2016\/12\/ef2ff5f9fa488a1bcba85821be6dca2d.jpg","datePublished":"2017-01-13T11:52:03+00:00","dateModified":"2020-09-04T08:10:32+00:00","description":"Niezale\u017cnie od tego, czy chcesz wypra\u0107 bardzo delikatne tkaniny czy te\u017c zwyk\u0142e ubrania, sk\u0142ad specjalistycznych detergent\u00f3w zatwierdzony przez laboratoria Electrolux zapewnia doskona\u0142e wyniki czyszczenia, utrzymuj\u0105c nieskaziteln\u0105 biel oraz pi\u0119kne kolory.","breadcrumb":{"@id":"https:\/\/www.electroluxprofessional.com\/pl\/akcesoria-materialy-eksploatacyjne\/pralnictwo\/#breadcrumb"},"inLanguage":"pl-PL","potentialAction":[{"@type":"ReadAction","target":["https:\/\/www.electroluxprofessional.com\/pl\/akcesoria-materialy-eksploatacyjne\/pralnictwo\/"]}]},{"@type":"ImageObject","inLanguage":"pl-PL","@id":"https:\/\/www.electroluxprofessional.com\/pl\/akcesoria-materialy-eksploatacyjne\/pralnictwo\/#primaryimage","url":"https:\/\/www.electroluxprofessional.com\/pl\/wp-content\/uploads\/2016\/12\/ef2ff5f9fa488a1bcba85821be6dca2d.jpg","contentUrl":"https:\/\/www.electroluxprofessional.com\/pl\/wp-content\/uploads\/2016\/12\/ef2ff5f9fa488a1bcba85821be6dca2d.jpg","width":2000,"height":1298,"caption":"Les R\u00e9sidences de Bellevue"},{"@type":"BreadcrumbList","@id":"https:\/\/www.electroluxprofessional.com\/pl\/akcesoria-materialy-eksploatacyjne\/pralnictwo\/#breadcrumb","itemListElement":[{"@type":"ListItem","position":1,"name":"Strona g\u0142\u00f3wna","item":"https:\/\/www.electroluxprofessional.com\/pl\/"},{"@type":"ListItem","position":2,"name":"Akcesoria i materia\u0142y eksploatacyjne","item":"https:\/\/www.electroluxprofessional.com\/pl\/akcesoria-materialy-eksploatacyjne\/"},{"@type":"ListItem","position":3,"name":"Akcesoria i materia\u0142y eksploatacyjne &#8211; pralnictwo"}]},{"@type":"WebSite","@id":"https:\/\/www.electroluxprofessional.com\/pl\/#website","url":"https:\/\/www.electroluxprofessional.com\/pl\/","name":"Electrolux Professional Polska","description":"","potentialAction":[{"@type":"SearchAction","target":{"@type":"EntryPoint","urlTemplate":"https:\/\/www.electroluxprofessional.com\/pl\/?src={search_term_string}"},"query-input":"required name=search_term_string"}],"inLanguage":"pl-PL"}]}},"_links":{"self":[{"href":"https:\/\/www.electroluxprofessional.com\/pl\/wp-json\/wp\/v2\/pages\/2234"}],"collection":[{"href":"https:\/\/www.electroluxprofessional.com\/pl\/wp-json\/wp\/v2\/pages"}],"about":[{"href":"https:\/\/www.electroluxprofessional.com\/pl\/wp-json\/wp\/v2\/types\/page"}],"author":[{"embeddable":true,"href":"https:\/\/www.electroluxprofessional.com\/pl\/wp-json\/wp\/v2\/users\/3"}],"replies":[{"embeddable":true,"href":"https:\/\/www.electroluxprofessional.com\/pl\/wp-json\/wp\/v2\/comments?post=2234"}],"version-history":[{"count":6,"href":"https:\/\/www.electroluxprofessional.com\/pl\/wp-json\/wp\/v2\/pages\/2234\/revisions"}],"predecessor-version":[{"id":6122,"href":"https:\/\/www.electroluxprofessional.com\/pl\/wp-json\/wp\/v2\/pages\/2234\/revisions\/6122"}],"up":[{"embeddable":true,"href":"https:\/\/www.electroluxprofessional.com\/pl\/wp-json\/wp\/v2\/pages\/1715"}],"wp:featuredmedia":[{"embeddable":true,"href":"https:\/\/www.electroluxprofessional.com\/pl\/wp-json\/wp\/v2\/media\/2016"}],"wp:attachment":[{"href":"https:\/\/www.electroluxprofessional.com\/pl\/wp-json\/wp\/v2\/media?parent=2234"}],"curies":[{"name":"wp","href":"https:\/\/api.w.org\/{rel}","templated":true}]}}