{"id":1413,"date":"2016-11-23T14:42:43","date_gmt":"2016-11-23T14:42:43","guid":{"rendered":"https:\/\/www.electroluxprofessional.com\/?page_id=5793"},"modified":"2025-11-05T15:18:11","modified_gmt":"2025-11-05T15:18:11","slug":"przygotowanie-posiekaj-wymieszaj-pokroj","status":"publish","type":"page","link":"https:\/\/www.electroluxprofessional.com\/pl\/gastronomia\/przygotowanie-posiekaj-wymieszaj-pokroj\/","title":{"rendered":"Przygotowanie: Posiekaj, wymieszaj i pokr\u00f3j"},"content":{"rendered":"<p>[vc_row full_width=&#8221;electroluxpro-full-width-no-padding&#8221;][vc_column][elx_hero_title label=&#8221;&#8221; background_image=&#8221;1384&#8243;][\/elx_hero_title][\/vc_column][\/vc_row][vc_row][vc_column][vc_empty_space][elx_heading font_container=&#8221;h1&#8243; font_size=&#8221;h2&#8243; text_color=&#8221;inherit&#8221; text_align=&#8221;text-center&#8221;]Tnij, mieszaj i siekaj wraz z nasz\u0105 gam\u0105 krajalnic do warzyw, robot\u00f3w kuchennych, mikser\u00f3w, maszynek do mielenia mi\u0119sa, krajalnic i blok\u00f3w do krojenia[\/elx_heading][vc_empty_space height=&#8221;15px&#8221;][vc_empty_space][\/vc_column][\/vc_row][vc_row][vc_column][elx_heading font_size=&#8221;h2&#8243; text_color=&#8221;inherit&#8221; text_align=&#8221;text-center&#8221;]<strong>Krajalnice do warzyw<\/strong>[\/elx_heading][\/vc_column][\/vc_row][vc_row][vc_column width=&#8221;2\/4&#8243;][vc_empty_space][vc_column_text]Electrolux Professional oferuje <strong>kilka typ\u00f3w krajalnic do warzyw<\/strong> &#8211; nablatowych i wolnostoj\u0105cych \u2013 <strong>wszystkie mog\u0105 pracowa\u0107 w spos\u00f3b ci\u0105g\u0142y, zapewniaj\u0105c wy\u017csz\u0105 wydajno\u015b\u0107<\/strong> dzi\u0119ki du\u017cemu i d\u0142ugiemu pojemnikowi na produkty, kt\u00f3ry mo\u017cna nape\u0142ni\u0107 ka\u017cdego rodzaju warzywami i owocami.<\/p>\n<p>Model TRS spe\u0142ni wszystkie Twoje potrzeby w zakresie ci\u0119cia warzyw i owoc\u00f3w, zapewniaj\u0105c jednocze\u015bnie wysok\u0105 wydajno\u015b\u0107, najwy\u017csz\u0105 jako\u015b\u0107 i wyj\u0105tkow\u0105 wytrzyma\u0142o\u015b\u0107.[\/vc_column_text][\/vc_column][vc_column width=&#8221;1\/4&#8243;][vc_empty_space][elx_download_block text=&#8221;Poradnik wyboru dysk\u00f3w tn\u0105cych&#8221; link_target=&#8221;self&#8221; link=&#8221;https:\/\/www.electroluxprofessional.com\/pl\/gastronomia\/przygotowanie-posiekaj-wymieszaj-pokroj\/poradnik-wyboru-dyskow-tnacych&#8221; background_color=&#8221;cat-create&#8221; background_image=&#8221;1391&#8243; reveal_effect=&#8221;&#8221; reveal_duration=&#8221;&#8221; reveal_delay=&#8221;&#8221;][\/vc_column][vc_column width=&#8221;1\/4&#8243;][elx_video_block background_image=&#8221;1393&#8243; video_link=&#8221;https:\/\/www.youtube.com\/watch?v=TAqs4SOJE-s&amp;list=PLn-GI5LWCZdQ5Polr7Yvs9ITkju8rqHym&#8221; minimum_height=&#8221;300px&#8221;][\/vc_column][\/vc_row][vc_row][vc_column][elx_heading font_size=&#8221;h2&#8243; text_color=&#8221;inherit&#8221; text_align=&#8221;text-center&#8221;]<strong>Roboty kuchenne<\/strong>[\/elx_heading][\/vc_column][\/vc_row][vc_row][vc_column width=&#8221;1\/4&#8243;][elx_video_block background_image=&#8221;1395&#8243; video_link=&#8221;https:\/\/www.youtube.com\/watch?v=iJLesaEUe_0&amp;list=PLn-GI5LWCZdQzsBxG50Bgw3Zrd1SXjfoo&#8221; minimum_height=&#8221;288px&#8221;][elx_download_block text=&#8221;Rozwi\u0105zania do homogenizacji potraw&#8221; link_target=&#8221;self&#8221; link=&#8221;https:\/\/www.electroluxprofessional.com\/pl\/gastronomia\/przygotowanie-posiekaj-wymieszaj-pokroj\/rozwiazania-do-homogenizacji-potraw\/&#8221; background_color=&#8221;cat-create&#8221; background_image=&#8221;1397&#8243; reveal_effect=&#8221;&#8221; reveal_duration=&#8221;&#8221; reveal_delay=&#8221;&#8221;][\/vc_column][vc_column width=&#8221;3\/4&#8243;][vc_empty_space height=&#8221;50px&#8221;][vc_column_text]Silne i wytrzyma\u0142e. Idealne maszyny dla profesjonalnego szefa kuchni.<br \/>\nSiekaj, miel, blenduj, trzyj dowolne sk\u0142adniki pasuj\u0105ce do Twoich potraw.[\/vc_column_text][vc_row_inner][vc_column_inner width=&#8221;1\/4&#8243;][vc_single_image image=&#8221;1401&#8243; img_size=&#8221;medium&#8221; alignment=&#8221;center&#8221;][vc_column_text]<strong>Bezpieczne przechowywanie<\/strong> ostrzy dzi\u0119ki montowanemu na \u015bcianie specjalnemu uchwytowi.[\/vc_column_text][\/vc_column_inner][vc_column_inner width=&#8221;1\/4&#8243;][vc_single_image image=&#8221;1402&#8243; img_size=&#8221;medium&#8221; alignment=&#8221;center&#8221;][vc_column_text]<strong>Wodoodporny<\/strong> i <strong>ergonomiczny<\/strong> panel steruj\u0105cy (IP55)[\/vc_column_text][\/vc_column_inner][vc_column_inner width=&#8221;1\/4&#8243;][vc_single_image image=&#8221;1403&#8243; img_size=&#8221;medium&#8221; alignment=&#8221;center&#8221;][vc_column_text]<strong>W 100% bezpieczne mycie<\/strong> w zmywarce do naczy\u0144: n\u00f3\u017c, pokrywka, skrobak i miseczka wykonane ze stali nierdzewnej[\/vc_column_text][\/vc_column_inner][vc_column_inner width=&#8221;1\/4&#8243;][vc_single_image image=&#8221;978&#8243; img_size=&#8221;medium&#8221; alignment=&#8221;center&#8221;][vc_column_text]<strong>Cich\u0105 prac\u0119<\/strong> i d\u0142ug\u0105 \u017cywotno\u015b\u0107 podczas ci\u0119\u017ckiej pracy zapewnia mocny silnik indukcyjny[\/vc_column_text][\/vc_column_inner][\/vc_row_inner][\/vc_column][\/vc_row][vc_row][vc_column][elx_heading font_size=&#8221;h2&#8243; text_color=&#8221;inherit&#8221; text_align=&#8221;text-center&#8221;]<strong>Przeno\u015bne miksery<\/strong>[\/elx_heading][\/vc_column][\/vc_row][vc_row][vc_column width=&#8221;3\/4&#8243;][elx_heading font_size=&#8221;h4&#8243; text_color=&#8221;inherit&#8221;]Wielofunkcyjny przeno\u015bny mikser[\/elx_heading][vc_column_text]Wyci\u0105gnij to co najlepsze ze swoich sk\u0142adnik\u00f3w.<br \/>\nPrzygotuj rozmaite kremy, zupy, sosy, puree warzywne, ciasto nale\u015bnikowe i musy.<\/p>\n<ul>\n<li>Ergonomia<\/li>\n<li>Inteligentna kontrola pr\u0119dko\u015bci<\/li>\n<li>Mo\u017cliwo\u015b\u0107 czyszczenia pojedynczych cz\u0119\u015bci<\/li>\n<\/ul>\n<p>[\/vc_column_text][elx_heading font_size=&#8221;h4&#8243; text_color=&#8221;inherit&#8221;]Turbo blender<br \/>\n[\/elx_heading][vc_column_text]Zaprojektowany, aby wytrzyma\u0107 intensywne wykorzystanie funkcji mieszania, blendowania i emulgowania du\u017cych ilo\u015bci zup warzywnych i rybnych, przecier\u00f3w owocowych i warzywnych, p\u0142ynnych ciast i sos\u00f3w bezpo\u015brednio w naczyniach do gotowania.[\/vc_column_text][\/vc_column][vc_column width=&#8221;1\/4&#8243;][elx_video_block background_image=&#8221;1399&#8243; video_link=&#8221;https:\/\/www.youtube.com\/watch?v=QFoR79b3sX0&#8243; minimum_height=&#8221;357px&#8221;][\/vc_column][\/vc_row][vc_row][vc_column][elx_heading font_size=&#8221;h2&#8243; text_color=&#8221;inherit&#8221; text_align=&#8221;text-center&#8221;]<strong>Maszynki do mielenia mi\u0119sa<\/strong>[\/elx_heading][\/vc_column][\/vc_row][vc_row][vc_column width=&#8221;1\/3&#8243;][vc_single_image image=&#8221;1404&#8243; img_size=&#8221;full&#8221;][\/vc_column][vc_column width=&#8221;2\/3&#8243;][vc_empty_space][vc_column_text]Nasze <strong>maszynki do mielenia mi\u0119sa<\/strong> s\u0105 doskona\u0142ym uzupe\u0142nieniem kuchni ka\u017cdej wielko\u015bci. Dzi\u0119ki licznym akcesoriom mo\u017cna szybko i bez wysi\u0142ku zmieli\u0107 mi\u0119so, zetrze\u0107 pieczywo lub ser oraz zmieli\u0107 orzechy w bardzo prosty spos\u00f3b.<\/p>\n<p>Obudowa urz\u0105dzenia wykonana jest ze stali nierdzewnej zapewniaj\u0105c wysok\u0105 wytrzyma\u0142o\u015bci i niezawodno\u015bci. Dwustopniowy silnik samoprzewiewny z zasilaniem 24 V, posiada termiczne zabezpieczenie przed przeci\u0105\u017ceniem.[\/vc_column_text][\/vc_column][\/vc_row][vc_row][vc_column][elx_heading font_size=&#8221;h2&#8243; text_color=&#8221;inherit&#8221; text_align=&#8221;text-center&#8221;]<strong>Krajalnice<\/strong>[\/elx_heading][\/vc_column][\/vc_row][vc_row][vc_column width=&#8221;3\/4&#8243;][vc_empty_space][vc_column_text]Szeroka gama <strong>urz\u0105dze\u0144 do krojenia<\/strong> firmy Electrolux Professional jest przeznaczona do tworzenia stylowych i eleganckich da\u0144, zapewniaj\u0105c jednocze\u015bnie <strong>higien\u0119 i najwy\u017csz\u0105 jako\u015b\u0107<\/strong> godn\u0105 ka\u017cdej profesjonalnej kuchni. Nasza <strong>krajalnica do chleba<\/strong> wyposa\u017cona jest w <strong>unikatowe urz\u0105dzenie zabezpieczaj\u0105ce<\/strong>, kt\u00f3re uniemo\u017cliwia dost\u0119p do ostrza szczeg\u00f3lnie podczas czyszczenia.[\/vc_column_text][\/vc_column][vc_column width=&#8221;1\/4&#8243;][vc_single_image image=&#8221;1407&#8243; img_size=&#8221;full&#8221;][\/vc_column][\/vc_row][vc_row][vc_column][elx_heading font_size=&#8221;h2&#8243; text_color=&#8221;inherit&#8221; text_align=&#8221;text-center&#8221;]<strong>Bloki do krojenia<\/strong>[\/elx_heading][\/vc_column][\/vc_row][vc_row][vc_column width=&#8221;1\/4&#8243;][vc_single_image image=&#8221;1410&#8243; img_size=&#8221;medium&#8221;][\/vc_column][vc_column width=&#8221;3\/4&#8243;][vc_empty_space][vc_column_text]Wszystkie nasze urz\u0105dzenia zapewniaj\u0105 higien\u0119 i najwy\u017csz\u0105 jako\u015b\u0107 godn\u0105 ka\u017cdej profesjonalnej kuchni. Aby unikn\u0105\u0107 zanieczyszczenia \u017cywno\u015bci, Electrolux Professional u\u017cywa wy\u0142\u0105cznie materia\u0142\u00f3w nietoksycznych.[\/vc_column_text][\/vc_column][\/vc_row][vc_row][vc_column][vc_empty_space height=&#8221;50px&#8221;][\/vc_column][\/vc_row][vc_row][vc_column width=&#8221;1\/3&#8243;][vc_single_image image=&#8221;651&#8243; img_size=&#8221;full&#8221; onclick=&#8221;custom_link&#8221; link=&#8221;https:\/\/www.electroluxprofessional.com\/pl\/bezpieczenstwo-kultura-pracy\/&#8221;][\/vc_column][vc_column width=&#8221;2\/3&#8243;][vc_empty_space][elx_heading font_container=&#8221;h3&#8243; font_size=&#8221;h4&#8243; text_color=&#8221;inherit&#8221;]Nasze urz\u0105dzenia do przygotowywania potraw to kolejny krok w stron\u0119 zdrowego \u017cywienia![\/elx_heading][elx_heading font_size=&#8221;h3&#8243; text_color=&#8221;inherit&#8221;]Bezpiecze\u0144stwo \u017cywno\u015bci, brak ryzyka powstania zanieczyszcze\u0144 krzy\u017cowych i najlepsza wydajno\u015b\u0107[\/elx_heading][vc_column_text]Zgodnie z przepisami dotycz\u0105cymi kontaktu z \u017cywno\u015bci\u0105, Electrolux Professional zaprzestaje u\u017cywania BPA (Bisfenolu A) we wszystkich elementach z tworzyw sztucznych.[\/vc_column_text][\/vc_column][\/vc_row][vc_row][vc_column][vc_empty_space height=&#8221;50px&#8221;][\/vc_column][\/vc_row][vc_row][vc_column width=&#8221;1\/4&#8243;][elx_download_block text=&#8221;Katalog produkt\u00f3w \u2013 dynamiczne przygotowywanie&#8221; link=&#8221;files.professional.electrolux.com\/docs\/?n=BR-9JEEL&amp;b=5&amp;l=1&#8243; background_color=&#8221;cat-create&#8221; reveal_effect=&#8221;&#8221; reveal_duration=&#8221;&#8221; reveal_delay=&#8221;&#8221;][\/vc_column][vc_column width=&#8221;1\/4&#8243;][elx_download_block text=&#8221;Poradnik krojenia TRS\/TRK&#8221; link=&#8221;files.professional.electrolux.com\/docs\/?n=BR-9JE00066&amp;b=5&amp;l=1&#8243; background_color=&#8221;cat-create&#8221; reveal_effect=&#8221;&#8221; reveal_duration=&#8221;&#8221; reveal_delay=&#8221;&#8221;][\/vc_column][vc_column width=&#8221;1\/4&#8243;][elx_download_block text=&#8221;Ulotka TRS TR210&#8243; link=&#8221;files.professional.electrolux.com\/docs\/?n=CLF-9JER09&amp;b=5&amp;l=1&#8243; background_color=&#8221;cat-create&#8221; reveal_effect=&#8221;&#8221; reveal_duration=&#8221;&#8221; reveal_delay=&#8221;&#8221;][\/vc_column][vc_column width=&#8221;1\/4&#8243;][elx_download_block text=&#8221;Ulotka TRK&#8221; link=&#8221;files.professional.electrolux.com\/docs\/?n=CLF-9JER11&amp;b=5&amp;l=1&#8243; background_color=&#8221;cat-create&#8221; reveal_effect=&#8221;&#8221; reveal_duration=&#8221;&#8221; reveal_delay=&#8221;&#8221;][\/vc_column][\/vc_row][vc_row][vc_column width=&#8221;1\/4&#8243;][elx_download_block text=&#8221;Krajalnice i dyski tn\u0105ce do warzyw TRS&#8221; link=&#8221;files.professional.electrolux.com\/docs\/?n=CLF-9JEHG&amp;b=5&amp;l=1&#8243; background_color=&#8221;cat-create&#8221; reveal_effect=&#8221;&#8221; reveal_duration=&#8221;&#8221; reveal_delay=&#8221;&#8221;][\/vc_column][vc_column width=&#8221;1\/4&#8243;][elx_download_block text=&#8221;Roboty kuchenne K 45\/55\/70&#8243; link=&#8221;files.professional.electrolux.com\/docs\/?n=CLF-9JER10&amp;b=5&amp;l=1&#8243; background_color=&#8221;cat-create&#8221; reveal_effect=&#8221;&#8221; reveal_duration=&#8221;&#8221; reveal_delay=&#8221;&#8221;][\/vc_column][vc_column width=&#8221;1\/4&#8243;][elx_download_block text=&#8221;Przeno\u015bne miksery Bermixer PRO&#8221; link=&#8221;files.professional.electrolux.com\/docs\/?n=CLF-9JEHH&amp;b=5&amp;l=1&#8243; background_color=&#8221;cat-create&#8221; reveal_effect=&#8221;&#8221; reveal_duration=&#8221;&#8221; reveal_delay=&#8221;&#8221;][\/vc_column][vc_column width=&#8221;1\/4&#8243;][elx_download_block text=&#8221;Odkryj nasze obieraki oraz urz\u0105dzenia do mycia i suszenia<\/p>\n<p>&#8221; link_target=&#8221;self&#8221; link=&#8221;https:\/\/www.electroluxprofessional.com\/pl\/gastronomia\/przygotowanie-obierz-umyj-wysusz\/&#8221; background_color=&#8221;cat-create&#8221; reveal_effect=&#8221;&#8221; reveal_duration=&#8221;&#8221; reveal_delay=&#8221;&#8221; background_image=&#8221;1189&#8243;][\/vc_column][\/vc_row][vc_row][vc_column][vc_empty_space height=&#8221;50px&#8221;][\/vc_column][\/vc_row][vc_row][vc_column][elx_heading font_size=&#8221;h3&#8243; text_color=&#8221;inherit&#8221; text_align=&#8221;text-center&#8221;]Znajd\u017a idealny pakiet dla Twojej firmy[\/elx_heading][\/vc_column][\/vc_row][vc_row][vc_column width=&#8221;1\/3&#8243;][elx_maylike_box id_box=&#8221;1195&#8243;][\/vc_column][vc_column width=&#8221;1\/3&#8243;][elx_maylike_box id_box=&#8221;1412&#8243;][\/vc_column][vc_column width=&#8221;1\/3&#8243;][elx_maylike_box id_box=&#8221;1182&#8243;][\/vc_column][\/vc_row][vc_row][vc_column][vc_empty_space height=&#8221;50px&#8221;][elx_heading text_color=&#8221;inherit&#8221; text_align=&#8221;text-center&#8221;]Dowiedz si\u0119 jak nasze produkty mog\u0105 pom\u00f3c Twojej firmie [\/elx_heading][elx_o2000_contact_us r=&#8221;Chcia\u0142bym dowiedzie\u0107 si\u0119 wi\u0119cej o urz\u0105dzeniach do krojenia, mieszania i siekania. Prosz\u0119 si\u0119 ze mn\u0105 skontaktowa\u0107.&#8221; s=&#8221;Request of information aboutcut, mix and slice&#8221; country=&#8221;Poland&#8221; l=&#8221;pl&#8221; container=&#8221;elxcontactus1479227516&#8243;][vc_empty_space height=&#8221;50px&#8221;][\/vc_column][\/vc_row]<\/p>\n","protected":false},"excerpt":{"rendered":"<p>[vc_row full_width=&#8221;electroluxpro-full-width-no-padding&#8221;][vc_column][elx_hero_title label=&#8221;&#8221; background_image=&#8221;1384&#8243;][\/elx_hero_title][\/vc_column][\/vc_row][vc_row][vc_column][vc_empty_space][elx_heading font_container=&#8221;h1&#8243; font_size=&#8221;h2&#8243; text_color=&#8221;inherit&#8221; text_align=&#8221;text-center&#8221;]Tnij, mieszaj i siekaj wraz z nasz\u0105 gam\u0105 krajalnic do warzyw, robot\u00f3w kuchennych, mikser\u00f3w, maszynek do mielenia mi\u0119sa, krajalnic i blok\u00f3w do krojenia[\/elx_heading][vc_empty_space height=&#8221;15px&#8221;][vc_empty_space][\/vc_column][\/vc_row][vc_row][vc_column][elx_heading font_size=&#8221;h2&#8243; text_color=&#8221;inherit&#8221; text_align=&#8221;text-center&#8221;]Krajalnice do warzyw[\/elx_heading][\/vc_column][\/vc_row][vc_row][vc_column width=&#8221;2\/4&#8243;][vc_empty_space][vc_column_text]Electrolux Professional oferuje kilka typ\u00f3w krajalnic do warzyw &#8211; nablatowych i wolnostoj\u0105cych \u2013 wszystkie mog\u0105 pracowa\u0107 w spos\u00f3b ci\u0105g\u0142y, [&hellip;]<\/p>\n","protected":false},"author":3,"featured_media":1192,"parent":1148,"menu_order":0,"comment_status":"closed","ping_status":"closed","template":"","meta":{"footnotes":""},"class_list":["post-1413","page","type-page","status-publish","has-post-thumbnail","hentry"],"acf":[],"yoast_head":"<!-- This site is optimized with the Yoast SEO plugin v23.3 - https:\/\/yoast.com\/wordpress\/plugins\/seo\/ -->\n<title>Krajalnice roboty kuchenne miksery - Electrolux Professional Polska<\/title>\n<meta name=\"description\" content=\"Tnij, mieszaj i siekaj wraz z nasz\u0105 gam\u0105 krajalnic do warzyw, robot\u00f3w kuchennych, mikser\u00f3w, maszynek do mielenia mi\u0119sa, krajalnic i blok\u00f3w do krojenia.\" \/>\n<meta name=\"robots\" content=\"index, follow, max-snippet:-1, max-image-preview:large, max-video-preview:-1\" \/>\n<link rel=\"canonical\" href=\"https:\/\/www.electroluxprofessional.com\/pl\/gastronomia\/przygotowanie-posiekaj-wymieszaj-pokroj\/\" \/>\n<meta property=\"og:locale\" content=\"pl_PL\" \/>\n<meta property=\"og:type\" content=\"article\" \/>\n<meta property=\"og:title\" content=\"Krajalnice roboty kuchenne miksery - Electrolux Professional Polska\" \/>\n<meta property=\"og:description\" content=\"Tnij, mieszaj i siekaj wraz z nasz\u0105 gam\u0105 krajalnic do warzyw, robot\u00f3w kuchennych, mikser\u00f3w, maszynek do mielenia mi\u0119sa, krajalnic i blok\u00f3w do krojenia.\" \/>\n<meta property=\"og:url\" content=\"https:\/\/www.electroluxprofessional.com\/pl\/gastronomia\/przygotowanie-posiekaj-wymieszaj-pokroj\/\" \/>\n<meta property=\"og:site_name\" content=\"Electrolux Professional Polska\" \/>\n<meta property=\"article:modified_time\" content=\"2025-11-05T15:18:11+00:00\" \/>\n<meta property=\"og:image\" content=\"https:\/\/www.electroluxprofessional.com\/pl\/wp-content\/uploads\/2017\/02\/cut-mix-slice.jpg\" \/>\n\t<meta property=\"og:image:width\" content=\"700\" \/>\n\t<meta property=\"og:image:height\" content=\"700\" \/>\n\t<meta property=\"og:image:type\" content=\"image\/jpeg\" \/>\n<meta name=\"twitter:card\" content=\"summary_large_image\" \/>\n<meta name=\"twitter:label1\" content=\"Szacowany czas czytania\" \/>\n\t<meta name=\"twitter:data1\" content=\"4 minuty\" \/>\n<script type=\"application\/ld+json\" class=\"yoast-schema-graph\">{\"@context\":\"https:\/\/schema.org\",\"@graph\":[{\"@type\":\"WebPage\",\"@id\":\"https:\/\/www.electroluxprofessional.com\/pl\/gastronomia\/przygotowanie-posiekaj-wymieszaj-pokroj\/\",\"url\":\"https:\/\/www.electroluxprofessional.com\/pl\/gastronomia\/przygotowanie-posiekaj-wymieszaj-pokroj\/\",\"name\":\"Krajalnice roboty kuchenne miksery - Electrolux Professional Polska\",\"isPartOf\":{\"@id\":\"https:\/\/www.electroluxprofessional.com\/pl\/#website\"},\"primaryImageOfPage\":{\"@id\":\"https:\/\/www.electroluxprofessional.com\/pl\/gastronomia\/przygotowanie-posiekaj-wymieszaj-pokroj\/#primaryimage\"},\"image\":{\"@id\":\"https:\/\/www.electroluxprofessional.com\/pl\/gastronomia\/przygotowanie-posiekaj-wymieszaj-pokroj\/#primaryimage\"},\"thumbnailUrl\":\"https:\/\/www.electroluxprofessional.com\/pl\/wp-content\/uploads\/2017\/02\/cut-mix-slice.jpg\",\"datePublished\":\"2016-11-23T14:42:43+00:00\",\"dateModified\":\"2025-11-05T15:18:11+00:00\",\"description\":\"Tnij, mieszaj i siekaj wraz z nasz\u0105 gam\u0105 krajalnic do warzyw, robot\u00f3w kuchennych, mikser\u00f3w, maszynek do mielenia mi\u0119sa, krajalnic i blok\u00f3w do krojenia.\",\"breadcrumb\":{\"@id\":\"https:\/\/www.electroluxprofessional.com\/pl\/gastronomia\/przygotowanie-posiekaj-wymieszaj-pokroj\/#breadcrumb\"},\"inLanguage\":\"pl-PL\",\"potentialAction\":[{\"@type\":\"ReadAction\",\"target\":[\"https:\/\/www.electroluxprofessional.com\/pl\/gastronomia\/przygotowanie-posiekaj-wymieszaj-pokroj\/\"]}]},{\"@type\":\"ImageObject\",\"inLanguage\":\"pl-PL\",\"@id\":\"https:\/\/www.electroluxprofessional.com\/pl\/gastronomia\/przygotowanie-posiekaj-wymieszaj-pokroj\/#primaryimage\",\"url\":\"https:\/\/www.electroluxprofessional.com\/pl\/wp-content\/uploads\/2017\/02\/cut-mix-slice.jpg\",\"contentUrl\":\"https:\/\/www.electroluxprofessional.com\/pl\/wp-content\/uploads\/2017\/02\/cut-mix-slice.jpg\",\"width\":700,\"height\":700,\"caption\":\"cut-mix-slice\"},{\"@type\":\"BreadcrumbList\",\"@id\":\"https:\/\/www.electroluxprofessional.com\/pl\/gastronomia\/przygotowanie-posiekaj-wymieszaj-pokroj\/#breadcrumb\",\"itemListElement\":[{\"@type\":\"ListItem\",\"position\":1,\"name\":\"Strona g\u0142\u00f3wna\",\"item\":\"https:\/\/www.electroluxprofessional.com\/pl\/\"},{\"@type\":\"ListItem\",\"position\":2,\"name\":\"Gastronomia\",\"item\":\"https:\/\/www.electroluxprofessional.com\/pl\/gastronomia\/\"},{\"@type\":\"ListItem\",\"position\":3,\"name\":\"Przygotowanie: Posiekaj, wymieszaj i pokr\u00f3j\"}]},{\"@type\":\"WebSite\",\"@id\":\"https:\/\/www.electroluxprofessional.com\/pl\/#website\",\"url\":\"https:\/\/www.electroluxprofessional.com\/pl\/\",\"name\":\"Electrolux Professional Polska\",\"description\":\"\",\"potentialAction\":[{\"@type\":\"SearchAction\",\"target\":{\"@type\":\"EntryPoint\",\"urlTemplate\":\"https:\/\/www.electroluxprofessional.com\/pl\/?src={search_term_string}\"},\"query-input\":\"required name=search_term_string\"}],\"inLanguage\":\"pl-PL\"}]}<\/script>\n<!-- \/ Yoast SEO plugin. -->","yoast_head_json":{"title":"Krajalnice roboty kuchenne miksery - Electrolux Professional Polska","description":"Tnij, mieszaj i siekaj wraz z nasz\u0105 gam\u0105 krajalnic do warzyw, robot\u00f3w kuchennych, mikser\u00f3w, maszynek do mielenia mi\u0119sa, krajalnic i blok\u00f3w do krojenia.","robots":{"index":"index","follow":"follow","max-snippet":"max-snippet:-1","max-image-preview":"max-image-preview:large","max-video-preview":"max-video-preview:-1"},"canonical":"https:\/\/www.electroluxprofessional.com\/pl\/gastronomia\/przygotowanie-posiekaj-wymieszaj-pokroj\/","og_locale":"pl_PL","og_type":"article","og_title":"Krajalnice roboty kuchenne miksery - Electrolux Professional Polska","og_description":"Tnij, mieszaj i siekaj wraz z nasz\u0105 gam\u0105 krajalnic do warzyw, robot\u00f3w kuchennych, mikser\u00f3w, maszynek do mielenia mi\u0119sa, krajalnic i blok\u00f3w do krojenia.","og_url":"https:\/\/www.electroluxprofessional.com\/pl\/gastronomia\/przygotowanie-posiekaj-wymieszaj-pokroj\/","og_site_name":"Electrolux Professional Polska","article_modified_time":"2025-11-05T15:18:11+00:00","og_image":[{"width":700,"height":700,"url":"https:\/\/www.electroluxprofessional.com\/pl\/wp-content\/uploads\/2017\/02\/cut-mix-slice.jpg","type":"image\/jpeg"}],"twitter_card":"summary_large_image","twitter_misc":{"Szacowany czas czytania":"4 minuty"},"schema":{"@context":"https:\/\/schema.org","@graph":[{"@type":"WebPage","@id":"https:\/\/www.electroluxprofessional.com\/pl\/gastronomia\/przygotowanie-posiekaj-wymieszaj-pokroj\/","url":"https:\/\/www.electroluxprofessional.com\/pl\/gastronomia\/przygotowanie-posiekaj-wymieszaj-pokroj\/","name":"Krajalnice roboty kuchenne miksery - Electrolux Professional Polska","isPartOf":{"@id":"https:\/\/www.electroluxprofessional.com\/pl\/#website"},"primaryImageOfPage":{"@id":"https:\/\/www.electroluxprofessional.com\/pl\/gastronomia\/przygotowanie-posiekaj-wymieszaj-pokroj\/#primaryimage"},"image":{"@id":"https:\/\/www.electroluxprofessional.com\/pl\/gastronomia\/przygotowanie-posiekaj-wymieszaj-pokroj\/#primaryimage"},"thumbnailUrl":"https:\/\/www.electroluxprofessional.com\/pl\/wp-content\/uploads\/2017\/02\/cut-mix-slice.jpg","datePublished":"2016-11-23T14:42:43+00:00","dateModified":"2025-11-05T15:18:11+00:00","description":"Tnij, mieszaj i siekaj wraz z nasz\u0105 gam\u0105 krajalnic do warzyw, robot\u00f3w kuchennych, mikser\u00f3w, maszynek do mielenia mi\u0119sa, krajalnic i blok\u00f3w do krojenia.","breadcrumb":{"@id":"https:\/\/www.electroluxprofessional.com\/pl\/gastronomia\/przygotowanie-posiekaj-wymieszaj-pokroj\/#breadcrumb"},"inLanguage":"pl-PL","potentialAction":[{"@type":"ReadAction","target":["https:\/\/www.electroluxprofessional.com\/pl\/gastronomia\/przygotowanie-posiekaj-wymieszaj-pokroj\/"]}]},{"@type":"ImageObject","inLanguage":"pl-PL","@id":"https:\/\/www.electroluxprofessional.com\/pl\/gastronomia\/przygotowanie-posiekaj-wymieszaj-pokroj\/#primaryimage","url":"https:\/\/www.electroluxprofessional.com\/pl\/wp-content\/uploads\/2017\/02\/cut-mix-slice.jpg","contentUrl":"https:\/\/www.electroluxprofessional.com\/pl\/wp-content\/uploads\/2017\/02\/cut-mix-slice.jpg","width":700,"height":700,"caption":"cut-mix-slice"},{"@type":"BreadcrumbList","@id":"https:\/\/www.electroluxprofessional.com\/pl\/gastronomia\/przygotowanie-posiekaj-wymieszaj-pokroj\/#breadcrumb","itemListElement":[{"@type":"ListItem","position":1,"name":"Strona g\u0142\u00f3wna","item":"https:\/\/www.electroluxprofessional.com\/pl\/"},{"@type":"ListItem","position":2,"name":"Gastronomia","item":"https:\/\/www.electroluxprofessional.com\/pl\/gastronomia\/"},{"@type":"ListItem","position":3,"name":"Przygotowanie: Posiekaj, wymieszaj i pokr\u00f3j"}]},{"@type":"WebSite","@id":"https:\/\/www.electroluxprofessional.com\/pl\/#website","url":"https:\/\/www.electroluxprofessional.com\/pl\/","name":"Electrolux Professional Polska","description":"","potentialAction":[{"@type":"SearchAction","target":{"@type":"EntryPoint","urlTemplate":"https:\/\/www.electroluxprofessional.com\/pl\/?src={search_term_string}"},"query-input":"required name=search_term_string"}],"inLanguage":"pl-PL"}]}},"_links":{"self":[{"href":"https:\/\/www.electroluxprofessional.com\/pl\/wp-json\/wp\/v2\/pages\/1413"}],"collection":[{"href":"https:\/\/www.electroluxprofessional.com\/pl\/wp-json\/wp\/v2\/pages"}],"about":[{"href":"https:\/\/www.electroluxprofessional.com\/pl\/wp-json\/wp\/v2\/types\/page"}],"author":[{"embeddable":true,"href":"https:\/\/www.electroluxprofessional.com\/pl\/wp-json\/wp\/v2\/users\/3"}],"replies":[{"embeddable":true,"href":"https:\/\/www.electroluxprofessional.com\/pl\/wp-json\/wp\/v2\/comments?post=1413"}],"version-history":[{"count":13,"href":"https:\/\/www.electroluxprofessional.com\/pl\/wp-json\/wp\/v2\/pages\/1413\/revisions"}],"predecessor-version":[{"id":11608,"href":"https:\/\/www.electroluxprofessional.com\/pl\/wp-json\/wp\/v2\/pages\/1413\/revisions\/11608"}],"up":[{"embeddable":true,"href":"https:\/\/www.electroluxprofessional.com\/pl\/wp-json\/wp\/v2\/pages\/1148"}],"wp:featuredmedia":[{"embeddable":true,"href":"https:\/\/www.electroluxprofessional.com\/pl\/wp-json\/wp\/v2\/media\/1192"}],"wp:attachment":[{"href":"https:\/\/www.electroluxprofessional.com\/pl\/wp-json\/wp\/v2\/media?parent=1413"}],"curies":[{"name":"wp","href":"https:\/\/api.w.org\/{rel}","templated":true}]}}