{"id":12374,"date":"2026-02-06T13:29:57","date_gmt":"2026-02-06T13:29:57","guid":{"rendered":"https:\/\/www.electroluxprofessional.com\/pl\/?page_id=12374"},"modified":"2026-02-13T10:34:52","modified_gmt":"2026-02-13T10:34:52","slug":"domy-opieki","status":"publish","type":"page","link":"https:\/\/www.electroluxprofessional.com\/pl\/twoj-biznes\/domy-opieki\/domy-opieki\/","title":{"rendered":"Domy opieki"},"content":{"rendered":"<p>[vc_row full_width=&#8221;electroluxpro-full-width-no-padding&#8221;][vc_column][elx_image_block background_image=&#8221;10252&#8243; minimum_height=&#8221;400px&#8221;][vc_empty_space][\/vc_column][\/vc_row][vc_row][vc_column][elx_heading font_container=&#8221;h1&#8243; text_color=&#8221;inherit&#8221;]Dbamy o opiek\u0119[\/elx_heading][elx_features_download title=&#8221;Kompleksowe rozwi\u0105zania dla obiekt\u00f3w z wymaganiami dotycz\u0105cymi sterylnego prania&#8221; bg_row=&#8221;bg-download-white&#8221; values=&#8221;%5B%7B%22select_type%22%3A%22pride%22%2C%22label_pride_document%22%3A%22Pralnico-wir%C3%B3wki%20z%20barier%C4%85%20higieny%20z%20serii%206000%20Evolution%22%2C%22document_type%22%3A%22brochures%22%2C%22br_document_number%22%3A%22A0106%22%7D%2C%7B%22select_type%22%3A%22pride%22%2C%22label_pride_document%22%3A%22Pralki%20barierowe%20Pullman%20linii%206000%22%2C%22document_type%22%3A%22leaflets%22%2C%22le_document_number%22%3A%22CLFL-9JE00011%22%7D%2C%7B%22select_type%22%3A%22pride%22%2C%22label_pride_document%22%3A%22Suszarki%20b%C4%99bnowe%20linii%206000%22%2C%22document_type%22%3A%22brochures%22%2C%22br_document_number%22%3A%22A0100%22%7D%2C%7B%22select_type%22%3A%22pride%22%2C%22label_pride_document%22%3A%22Magle%20pasowe%20z%20linii%206000%22%2C%22document_type%22%3A%22brochures%22%2C%22br_document_number%22%3A%22A0112%22%7D%5D&#8221; discover=&#8221;%5B%7B%7D%5D&#8221; features=&#8221;%5B%7B%22tag_icon_title%22%3A%22h4%22%7D%5D&#8221; link=&#8221;url:%23ContactUs|title:Skontaktuj%20si%C4%99%20z%20nami%20&#8243;]Skuteczne zarz\u0105dzanie cyklem pralniczym odgrywa kluczow\u0105 rol\u0119 w strategii zapobiegania infekcjom w ka\u017cdym domu opieki, aby zapewni\u0107 bezpiecze\u0144stwo zar\u00f3wno mieszka\u0144com, jak i personelowi.<\/p>\n<p><strong>Koncepcja bariery<\/strong> pomaga utrzyma\u0107 najwy\u017csze <strong>standardy higieny<\/strong>, chroni\u0105c nie tylko przed przypadkowym rozprzestrzenianiem si\u0119 bakterii, ale tak\u017ce czyni\u0105c proces prania tak wydajnym, jak to mo\u017cliwe.<\/p>\n<p><strong>Potrzeby mieszka\u0144c\u00f3w zawsze b\u0119d\u0105 na pierwszym miejscu<\/strong>. Jednak znalezienie odpowiedniej r\u00f3wnowagi mi\u0119dzy higien\u0105, jako\u015bci\u0105 i niezawodno\u015bci\u0105 jest kluczem do bezpiecznego i zr\u00f3wnowa\u017conego dzia\u0142ania pralni.[\/elx_features_download][vc_empty_space][\/vc_column][\/vc_row][vc_row][vc_column][elx_heading text_color=&#8221;inherit&#8221;]Zarz\u0105dzanie cyklem pralniczym[\/elx_heading][vc_column_text]Skuteczne zarz\u0105dzanie cyklem pralniczym dla szpitali i plac\u00f3wek opieki zdrowotnej \u0142\u0105czy odpowiednie sortowanie, transport, pranie, suszenie, wyka\u0144czanie i przechowywanie, aby powstrzyma\u0107 infekcje, jednocze\u015bnie maksymalizuj\u0105c bezpiecze\u0144stwo zar\u00f3wno pacjent\u00f3w, jak i personelu.[\/vc_column_text][vc_empty_space][\/vc_column][\/vc_row][vc_row][vc_column][elx_heading text_color=&#8221;inherit&#8221;]Maksymalna higiena gwarantowana dzi\u0119ki rozwi\u0105zaniom pralniczym Line 6000[\/elx_heading][elx_image image_media_library=&#8221;12407&#8243; image_media_library_mobile=&#8221;12369&#8243;][vc_empty_space][\/vc_column][\/vc_row][vc_row css=&#8221;.vc_custom_1727961721620{background-color: #f8f4f4 !important;}&#8221;][vc_column][elx_carousel_steps bg_row=&#8221;bg-light-grey&#8221; cards_number=&#8221;10&#8243; card1_bg=&#8221;bg-download-white&#8221; card1_sort=&#8221;1&#8243; card2_bg=&#8221;bg-download-white&#8221; card2_sort=&#8221;2&#8243; card3_bg=&#8221;bg-download-white&#8221; card3_sort=&#8221;3&#8243; card4_bg=&#8221;bg-download-white&#8221; card4_sort=&#8221;4&#8243; card5_bg=&#8221;bg-download-white&#8221; card5_sort=&#8221;5&#8243; card6_color_icon_title=&#8221;clean&#8221; card6_bg=&#8221;bg-download-white&#8221; card6_sort=&#8221;6&#8243; card7_color_icon_title=&#8221;clean&#8221; card7_bg=&#8221;bg-download-white&#8221; card7_sort=&#8221;7&#8243; card8_color_icon_title=&#8221;clean&#8221; card8_bg=&#8221;bg-download-white&#8221; card8_sort=&#8221;8&#8243; card9_color_icon_title=&#8221;clean&#8221; card9_bg=&#8221;bg-download-white&#8221; card9_sort=&#8221;9&#8243; card10_color_icon_title=&#8221;clean&#8221; card10_bg=&#8221;bg-download-white&#8221; card10_sort=&#8221;10&#8243; card1_image=&#8221;10264&#8243; card1_icon_title=&#8221;STREFA BRUDNA&#8221; card1_title=&#8221;Z \u0142\u00f3\u017cka&#8221; card1_text=&#8221;Ka\u017cde \u0142\u00f3\u017cko musi by\u0107 regularnie zmieniane, aby unikn\u0105\u0107 zanieczyszczenia i zapewni\u0107 kontrol\u0119 infekcji&#8221; card1_link=&#8221;title:Ask%20for%20demo|target:_blank&#8221; card2_image=&#8221;10265&#8243; card2_icon_title=&#8221;STREFA BRUDNA&#8221; card2_title=&#8221;Zbieranie, wst\u0119pne sortowanie i przechowywanie brudnego prania u \u017ar\u00f3d\u0142a&#8221; card2_text=&#8221;Ka\u017cdy kolor worka odnosi si\u0119 do rodziny tekstyli\u00f3w, a ich u\u017cycie ogranicza ryzyko zanieczyszczenia krzy\u017cowego i zmniejsza nieprzyjemne zapachy&#8221; card2_link=&#8221;title:Ask%20for%20demo&#8221; card3_image=&#8221;10266&#8243; card3_icon_title=&#8221;STREFA BRUDNA&#8221; card3_title=&#8221;Transport brudnego prania do pralni&#8221; card3_text=&#8221;Chro\u0144 pacjent\u00f3w i odwiedzaj\u0105cych, transportuj\u0105c zanieczyszczone pranie we w\u0142a\u015bciwych workach&#8221; card3_link=&#8221;title:Ask%20for%20demo|target:_blank&#8221; card4_image=&#8221;10267&#8243; card4_icon_title=&#8221;STREFA BRUDNA&#8221; card4_title=&#8221;Dodatkowe sortowanie brudnego prania w celu wykrycia niepo\u017c\u0105danych przedmiot\u00f3w i przygotowania partii do prania&#8221; card4_text=&#8221;Niepo\u017c\u0105dane przedmioty mog\u0105 uszkodzi\u0107 pranie, urz\u0105dzenia pralnicze i operatora podczas procesu prania&#8221; card4_link=&#8221;title:Ask%20for%20a%20demo|target:_blank&#8221; card5_image=&#8221;10268&#8243; card5_icon_title=&#8221;STREFA BRUDNA&#8221; card5_title=&#8221;Pranie z odpowiedni\u0105 temperatur\u0105 i mieszank\u0105 detergent\u00f3w dla ka\u017cdej rodziny tekstyli\u00f3w&#8221; card5_text=&#8221;Ka\u017cda wst\u0119pnie posortowana rodzina tekstyli\u00f3w powinna by\u0107 prana we wst\u0119pnie zdefiniowanej pralce barierowej&#8221; card5_link=&#8221;title:Ask%20for%20demo|target:_blank&#8221; card6_image=&#8221;10269&#8243; card6_icon_title=&#8221;STREFA CZYSTA&#8221; card6_title=&#8221;Suszenie i prasowanie nale\u017cy przeprowadzi\u0107 szybko, aby zminimalizowa\u0107 ponowne zanieczyszczenie&#8221; card6_text=&#8221;Ca\u0142e czyste mokre pranie musi zosta\u0107 wysuszone w ci\u0105gu maksymalnie 2 godzin, aby unikn\u0105\u0107 namna\u017cania si\u0119 bakterii&#8221; card6_link=&#8221;title:Ask%20for%20a%20demo&#8221; card7_image=&#8221;10270&#8243; card7_icon_title=&#8221;STREFA CZYSTA&#8221; card7_title=&#8221;W\u0142a\u015bciwa ochrona czystego prania i przygotowanie do dostawy&#8221; card7_text=&#8221;Czyste pranie powinno by\u0107 odpowiednio zapakowane i zabezpieczone, aby unikn\u0105\u0107 ponownego zanieczyszczenia&#8221; card7_link=&#8221;title:Ask%20for%20a%20demo&#8221; card8_image=&#8221;10271&#8243; card8_icon_title=&#8221;STREFA CZYSTA&#8221; card8_title=&#8221;Transport czystego prania z powrotem na oddzia\u0142y&#8221; card8_text=&#8221;Pranie musi by\u0107 chronione podczas tej fazy: niew\u0142a\u015bciwy transport czystego prania przez brudne strefy mo\u017ce zanegowa\u0107 ca\u0142y proces&#8221; card8_link=&#8221;title:Ask%20for%20a%20demo|target:_blank&#8221; card9_image=&#8221;10272&#8243; card9_icon_title=&#8221;STREFA CZYSTA&#8221; card9_title=&#8221;W\u0142a\u015bciwe przechowywanie czystego prania na oddzia\u0142ach gotowe do u\u017cycia w pokojach pacjent\u00f3w&#8221; card9_text=&#8221;Unikaj drewnianych p\u00f3\u0142ek, kt\u00f3re zwi\u0119kszaj\u0105 potencja\u0142 rozwoju mikroorganizm\u00f3w, takich jak aspergillus&#8221; card9_link=&#8221;title:Ask%20for%20a%20demo|target:_blank&#8221; card10_image=&#8221;10273&#8243; card10_icon_title=&#8221;STREFA CZYSTA&#8221; card10_title=&#8221;Do \u0142\u00f3\u017cka&#8221; card10_text=&#8221;\u0141\u00f3\u017cko zosta\u0142o zmienione z czyst\u0105 po\u015bciel\u0105 i jest teraz gotowe do u\u017cycia&#8221; card10_link=&#8221;title:Ask%20for%20a%20demo|target:_blank&#8221; card1_icon=&#8221;elx-icon icon-dirty-laundry-cart&#8221; card2_icon=&#8221;elx-icon icon-dirty-waste-sorting&#8221; card3_icon=&#8221;elx-icon icon-dirty-garbage-table&#8221; card4_icon=&#8221;elx-icon icon-dirty-washing-machine&#8221; card5_icon=&#8221;elx-icon icon-dirty-dryer&#8221; card6_icon=&#8221;elx-icon icon-clean-linen&#8221; card7_icon=&#8221;elx-icon icon-clean-linen-transport&#8221; card8_icon=&#8221;elx-icon icon-clean-linen-stored&#8221; card9_icon=&#8221;elx-icon icon-clean-linen-transport&#8221; card10_icon=&#8221;elx-icon icon-clean-linen-stored&#8221;][elx_button button_text=&#8221;Popro\u015b o demo&#8221; button_link=&#8221;url:%23ContactUs&#8221;][vc_empty_space][\/vc_column][\/vc_row][vc_row][vc_column][vc_empty_space][\/vc_column][\/vc_row][vc_row][vc_column]<div class=\"elx-accordion \">    <div class=\"elx-accordion-heading\">        <a class=\"elx-accordion-link elx-accordion-close\">            <h4 class=\" elx-accordion-title\">                Pralki bariery higienicznej Line 6000                <img decoding=\"async\" src=\"https:\/\/www.electroluxprofessional.com\/pl\/wp-content\/themes\/electroluxpro\/assets\/epr-icon-minus-blue.svg\" class=\"elx-minus elx-hidden\" \/>                <img decoding=\"async\" src=\"https:\/\/www.electroluxprofessional.com\/pl\/wp-content\/themes\/electroluxpro\/assets\/epr-icon-plus-blue.svg\" class=\"elx-plus\" \/>            <\/h4>        <\/a>    <\/div>    <div class=\"elx-accordion-body elx-accordion-close\"><p>[elx_text_image style_image=&#8221;image_square&#8221; bg_row=&#8221;bg-download-white&#8221; title=&#8221;Higiena wolna od bakterii &#8211; bez kompromis\u00f3w&#8221; lists=&#8221;%5B%7B%7D%5D&#8221; single_image=&#8221;9669&#8243; values=&#8221;%5B%7B%22tag_icon_title%22%3A%22h4%22%7D%5D&#8221; link=&#8221;url:https%3A%2F%2Fwww.electroluxprofessional.com%2Fpl%2Fpralnictwo%2Flinia-6000-pralnico-wirowki-z-bariera-higieny%2F|title:PRZEJD%C5%B9%20DO%20PRODUKT%C3%93W|target:_blank&#8221;]Nasza gama pralek bariery higienicznej Line 6000 jest pierwsz\u0105 w historii certyfikowan\u0105 przez niezale\u017cnego dostawc\u0119 (ERGOCERT) w zakresie \u0142agodzenia obci\u0105\u017cenia dla operator\u00f3w i znacznego zwi\u0119kszenia produktywno\u015bci.<\/p>\n<p>Nasz projekt skoncentrowany na cz\u0142owieku skupia si\u0119 na fizycznej i poznawczej interakcji mi\u0119dzy u\u017cytkownikiem a urz\u0105dzeniem. Nie tylko zwi\u0119ksza to bezpiecze\u0144stwo, ale mo\u017ce poprawi\u0107 produktywno\u015b\u0107, zapewniaj\u0105c jednocze\u015bnie bezproblemowe do\u015bwiadczenie bez kompromis\u00f3w w zakresie higieny.[\/elx_text_image][vc_tta_tabs][vc_tta_section title=&#8221;System AIDO&#8221; tab_id=&#8221;1708962005019-5740b311-75f9&#8243;][elx_heading text_color=&#8221;inherit&#8221;]System automatycznego otwierania wewn\u0119trznych drzwi[\/elx_heading][vc_empty_space height=&#8221;20px&#8221;][vc_column_text]<img loading=\"lazy\" decoding=\"async\" class=\"size-full wp-image-12411 alignleft\" src=\"https:\/\/www.electroluxprofessional.com\/pl\/wp-content\/uploads\/2026\/02\/AIDO-1.webp\" alt=\"\" width=\"135\" height=\"136\" \/>Du\u017ce wewn\u0119trzne drzwi b\u0119bna upraszczaj\u0105 proces za\u0142adunku i roz\u0142adunku, podczas gdy nasz innowacyjny<strong> mechanizm otwierania automatycznie<\/strong> wst\u0119pnie otwiera wewn\u0119trzne drzwi b\u0119bna na ko\u0144cu ka\u017cdego cyklu prania. To znacznie zmniejsza obci\u0105\u017cenie operacji podczas r\u0119cznego obchodzenia si\u0119 z du\u017cymi ilo\u015bciami mokrego prania.[\/vc_column_text][\/vc_tta_section][vc_tta_section title=&#8221;System Watchdog&#8221; tab_id=&#8221;1708962005345-fdcd6a5f-6aed&#8221;][elx_heading text_color=&#8221;inherit&#8221;]System Watchdog[\/elx_heading][vc_empty_space height=&#8221;20px&#8221;][vc_column_text]<img loading=\"lazy\" decoding=\"async\" class=\"size-full wp-image-11174 alignleft\" src=\"https:\/\/www.electroluxprofessional.com\/pl\/wp-content\/uploads\/2025\/09\/Hygiene-Watchdog.webp\" alt=\"\" width=\"135\" height=\"136\" \/>Tw\u00f3j partner w zakresie higieny: Electrolux Professional Hygiene Watchdog (HW) gwarantuje pe\u0142ne zako\u0144czenie cyklu, aby zapewni\u0107, \u017ce <strong>ca\u0142e pranie jest w pe\u0142ni wyprane i dok\u0142adnie zdekontaminowane<\/strong>. Nie tylko chroni to przed rozprzestrzenianiem si\u0119 mikroorganizm\u00f3w i zanieczyszczeniem krzy\u017cowym, ale r\u00f3wnie\u017c utrzymuje bakterie pod kontrol\u0105, zapewniaj\u0105c jednocze\u015bnie ca\u0142kowity spok\u00f3j ducha.[\/vc_column_text][\/vc_tta_section][\/vc_tta_tabs][vc_empty_space height=&#8221;50px&#8221;][elx_video_text link_video=&#8221;https:\/\/www.youtube.com\/watch?v=4MAlhxGZj88&#8243; title=&#8221;Dobrostan operatora jest naszym najwy\u017cszym priorytetem&#8221; bg_row=&#8221;bg-download-white&#8221; image_preview=&#8221;12371&#8243;]Niezale\u017cnie od wymaga\u0144 pralni w Twoim domu opieki, nasze maszyny zosta\u0142y zaprojektowane tak, aby pom\u00f3c operatorom pracowa\u0107 w bezpieczny i ergonomiczny spos\u00f3b.[\/elx_video_text][vc_empty_space height=&#8221;50px&#8221;]<\/p>\n    <\/div><\/div><div class=\"elx-accordion \">    <div class=\"elx-accordion-heading\">        <a class=\"elx-accordion-link elx-accordion-close\">            <h4 class=\" elx-accordion-title\">                Suszarki b\u0119bnowe Linia 6000                <img decoding=\"async\" src=\"https:\/\/www.electroluxprofessional.com\/pl\/wp-content\/themes\/electroluxpro\/assets\/epr-icon-minus-blue.svg\" class=\"elx-minus elx-hidden\" \/>                <img decoding=\"async\" src=\"https:\/\/www.electroluxprofessional.com\/pl\/wp-content\/themes\/electroluxpro\/assets\/epr-icon-plus-blue.svg\" class=\"elx-plus\" \/>            <\/h4>        <\/a>    <\/div>    <div class=\"elx-accordion-body elx-accordion-close\"><p>[elx_text_image style_image=&#8221;image_square&#8221; bg_row=&#8221;bg-download-white&#8221; title=&#8221;Zaprojektowane dla ludzi i \u015brodowiska&#8221; lists=&#8221;%5B%7B%7D%5D&#8221; single_image=&#8221;9717&#8243; values=&#8221;%5B%7B%22tag_icon_title%22%3A%22h4%22%7D%5D&#8221; link=&#8221;url:https%3A%2F%2Fwww.electroluxprofessional.com%2Fpl%2Fpralnictwo%2Fsuszarki-bebnowe-z-linii-6000%2F|title:PRZEJD%C5%B9%20DO%20PRODUKT%C3%93W|target:_blank&#8221;]Nasze suszarki b\u0119bnowe s\u0105 <strong>energooszcz\u0119dne, szybkie i ergonomicznie zaprojektowane<\/strong>, aby zmniejszy\u0107 fizyczne obci\u0105\u017cenie operator\u00f3w pralni. Ta wyj\u0105tkowa kombinacja wyr\u00f3\u017cnia je spo\u015br\u00f3d wszystkich innych suszarek na rynku.[\/elx_text_image][elx_heading text_color=&#8221;inherit&#8221;]Unikaj przesuszania[\/elx_heading][vc_empty_space height=&#8221;30px&#8221;][vc_column_text]<\/p>\n<p style=\"text-align: left;\"><img loading=\"lazy\" decoding=\"async\" class=\"size-full wp-image-11149 alignleft\" src=\"https:\/\/www.electroluxprofessional.com\/pl\/wp-content\/uploads\/2025\/09\/balance.webp\" alt=\"\" width=\"132\" height=\"130\" \/>Funkcja Moisture Balance wykrywa dok\u0142adny poziom wilgoci prania podczas ca\u0142ego procesu suszenia i <strong>automatycznie ko\u0144czy cykl<\/strong> po osi\u0105gni\u0119ciu wymaganego poziomu higienicznej sucho\u015bci.<\/p>\n<p>[\/vc_column_text][vc_empty_space height=&#8221;100px&#8221;][elx_video_text link_video=&#8221;https:\/\/www.youtube.com\/watch?v=Xm2CpX95zDM&#8221; title=&#8221;Nasze suszarki otrzyma\u0142y presti\u017cow\u0105 4-gwiazdkow\u0105 ocen\u0119 za ergonomi\u0119 od ERGOCERT&#8221; bg_row=&#8221;bg-download-white&#8221; image_preview=&#8221;12372&#8243;]Wszystkie modele zosta\u0142y przetestowane przez u\u017cytkownik\u00f3w, aby zapewni\u0107, \u017ce operatorzy b\u0119d\u0105 odczuwa\u0107 mniejsze napi\u0119cie i obci\u0105\u017cenie, dzi\u0119ki czemu oni \u2013 i Twoi mieszka\u0144cy \u2013 mog\u0105 pozosta\u0107 bezpieczni.[\/elx_video_text][vc_empty_space height=&#8221;50px&#8221;]<\/p>\n    <\/div><\/div><div class=\"elx-accordion \">    <div class=\"elx-accordion-heading\">        <a class=\"elx-accordion-link elx-accordion-close\">            <h4 class=\" elx-accordion-title\">                Magle walcowe Linia 6000                <img decoding=\"async\" src=\"https:\/\/www.electroluxprofessional.com\/pl\/wp-content\/themes\/electroluxpro\/assets\/epr-icon-minus-blue.svg\" class=\"elx-minus elx-hidden\" \/>                <img decoding=\"async\" src=\"https:\/\/www.electroluxprofessional.com\/pl\/wp-content\/themes\/electroluxpro\/assets\/epr-icon-plus-blue.svg\" class=\"elx-plus\" \/>            <\/h4>        <\/a>    <\/div>    <div class=\"elx-accordion-body elx-accordion-close\"><p>[elx_text_image style_image=&#8221;image_horizontal&#8221; bg_row=&#8221;bg-download-white&#8221; title=&#8221;Dostarcz idealnie wyprasowane pranie zgodnie z najwy\u017cszymi standardami higieny&#8221; lists=&#8221;%5B%7B%7D%5D&#8221; single_image=&#8221;9603&#8243; values=&#8221;%5B%7B%22tag_icon_title%22%3A%22h4%22%7D%5D&#8221; link=&#8221;url:https%3A%2F%2Fwww.electroluxprofessional.com%2Fpl%2Fpralnictwo%2Fmagle-pasowe-z-linii-6000-o-wysokiej-wydajnosci%2F|title:PRZEJD%C5%B9%20DO%20PRODUKT%C3%93W|target:_blank&#8221;]Magle walcowe Line 6000 mog\u0105 by\u0107 dostosowane do dowolnej dost\u0119pnej powierzchni. Dzi\u0119ki szerokiemu zakresowi opcji dostawy nasze<strong> niezawodne i elastyczne rozwi\u0105zania<\/strong> mog\u0105 by\u0107 skutecznie wdro\u017cone w ka\u017cdej pralni domu opieki \u2013 bez wzgl\u0119du na to, jak du\u017ca czy ma\u0142a. Nasze maszyny s\u0105 intuicyjnie i ergonomicznie zaprojektowane, aby stworzy\u0107<strong> bezwysi\u0142kowe \u015brodowisko pracy<\/strong>, dostarczaj\u0105c idealnie wyprasowane pranie zgodnie z najwy\u017cszymi standardami higieny.[\/elx_text_image][vc_tta_tabs][vc_tta_section title=&#8221;DIAMMS&#8221; tab_id=&#8221;1709025703436-8f537a35-9cde&#8221;][elx_heading text_color=&#8221;inherit&#8221;]Maksymalna higiena i wydajno\u015b\u0107[\/elx_heading][vc_empty_space height=&#8221;20px&#8221;][vc_column_text]<img loading=\"lazy\" decoding=\"async\" class=\"size-full wp-image-11160 alignleft\" src=\"https:\/\/www.electroluxprofessional.com\/pl\/wp-content\/uploads\/2025\/09\/DIAMMS_png.webp\" alt=\"\" width=\"132\" height=\"130\" \/>Wykorzystuj\u0105c technologi\u0119 DIAMMS\u2122, magle Line 6000 automatycznie dostosowuj\u0105 pr\u0119dko\u015b\u0107 cylindra do poziomu wilgoci prania.[\/vc_column_text][\/vc_tta_section][vc_tta_section title=&#8221;Hygiene Guard&#8221; tab_id=&#8221;1709025703470-26efcbda-90c4&#8243;][elx_heading text_color=&#8221;inherit&#8221;]Czysta higiena: bezb\u0142\u0119dna dostawa suchego prania[\/elx_heading][vc_empty_space height=&#8221;20px&#8221;][vc_column_text]<\/p>\n<p style=\"text-align: left;\"><img loading=\"lazy\" decoding=\"async\" class=\"size-full wp-image-11163 alignleft\" src=\"https:\/\/www.electroluxprofessional.com\/pl\/wp-content\/uploads\/2025\/09\/Hygiene-guard.webp\" alt=\"\" width=\"150\" height=\"150\" \/>We wsp\u00f3\u0142pracy z DIAMMS\u2122, Hygiene Guard automatycznie odrzuci pranie, je\u015bli nie spe\u0142nia parametr\u00f3w wilgotno\u015bci okre\u015blonych przez RABC.<\/p>\n<p>[\/vc_column_text][\/vc_tta_section][\/vc_tta_tabs][vc_empty_space height=&#8221;70px&#8221;][elx_video_text link_video=&#8221;https:\/\/www.youtube.com\/watch?v=KER1S0tcqeE&#8221; title=&#8221;Ekstremalna personalizacja program\u00f3w prasowania i sk\u0142adania&#8221; bg_row=&#8221;bg-download-white&#8221; image_preview=&#8221;12373&#8243;]FoldFlex zapewnia najwy\u017csz\u0105 jako\u015b\u0107 na ko\u0144cu procesu wyka\u0144czania, aby umo\u017cliwi\u0107 bezpieczne i pewne przechowywanie prania za ka\u017cdym razem.[\/elx_video_text][vc_empty_space height=&#8221;50px&#8221;]<\/p>\n    <\/div><\/div>[\/vc_column][\/vc_row][vc_row][vc_column][vc_empty_space height=&#8221;75px&#8221;][\/vc_column][\/vc_row][vc_row custom_color_row=&#8221;bg-row-light-blue&#8221;][vc_column][vc_empty_space height=&#8221;35px&#8221;][elx_heading text_color=&#8221;electrolux-blue&#8221; css=&#8221;.vc_custom_1770976607468{background-color: #e9eff5 !important;}&#8221;]Opinie naszych Klient\u00f3w[\/elx_heading][vc_empty_space height=&#8221;25px&#8221;][\/vc_column][\/vc_row][vc_row full_width=&#8221;electroluxpro-full-width-no-padding&#8221; equal_height=&#8221;yes&#8221;][vc_column width=&#8221;1\/2&#8243;][elx_simple_block background_color=&#8221;inherit&#8221;][elx_heading font_container=&#8221;h3&#8243; text_color=&#8221;inherit&#8221;]Ma\u0142gorzata S\u0142omian, Dyrektor DPS Syrena[\/elx_heading][vc_column_text]<em>&#8220;DPS Syrena jest jednym z najwi\u0119kszych dom\u00f3w opieki w Warszawie. Osobi\u015bcie znam wszystkich naszych go\u015bci i mam z nimi bezpo\u015bredni kontakt. Kilka lat temu rozpocz\u0119li\u015bmy remont naszej plac\u00f3wki. Moim celem by\u0142o stworzenie przyjaznego, wygodnego miejsca dla naszych mieszka\u0144c\u00f3w, jednocze\u015bnie chcieli\u015bmy aby nasza plac\u00f3wka by\u0142a jak najbardziej nowoczesna. Electrolux Professional doskonale dopasowa\u0142 si\u0119 do naszej wizji. Ciesz\u0119 si\u0119, \u017ce mamy partnera, na kt\u00f3rym mo\u017cemy polega\u0107 ju\u017c tyle lat.&#8221;.<\/em>[\/vc_column_text][elx_button button_text=&#8221;Dowiedz si\u0119 wi\u0119cej o rozwi\u0105zaniach w DPS Syrena&#8221; button_link=&#8221;url:https%3A%2F%2Fwww.electroluxprofessional.com%2Fpl%2Freferences%2Fdps-syrena%2F&#8221;][\/elx_simple_block][\/vc_column][vc_column width=&#8221;1\/2&#8243;][elx_image_block background_image=&#8221;396&#8243; minimum_height=&#8221;500px&#8221;][\/vc_column][\/vc_row][vc_row custom_color_row=&#8221;bg-row-light-blue&#8221; disable_element=&#8221;yes&#8221;][vc_column width=&#8221;1\/3&#8243;][elx_simple_link_block link=&#8221;url:https%3A%2F%2Fwww.electroluxprofessional.com%2Fpl%2Freferences%2Fvilberg-health-and-care-home%2F|target:_blank&#8221; text_align=&#8221;text-left&#8221; text_color=&#8221;inherit&#8221; background_color=&#8221;inherit&#8221; background_hover_color=&#8221;darker-hover&#8221; extra_class=&#8221;&#8221; reveal_effect=&#8221;&#8221; reveal_duration=&#8221;&#8221; reveal_delay=&#8221;&#8221;][vc_single_image image=&#8221;12366&#8243; img_size=&#8221;400&#8243;][elx_heading text_color=&#8221;inherit&#8221;]Vilberg health and care home[\/elx_heading][vc_column_text]Transforming Vilberg Health and Competence Center: a journey towards hygienic excellence with barrier laundry solutions[\/vc_column_text][\/elx_simple_link_block][\/vc_column][vc_column width=&#8221;1\/3&#8243;][elx_simple_link_block link=&#8221;url:https%3A%2F%2Fwww.electroluxprofessional.com%2Fpl%2Freferences%2Fstalsberg-nursing-and-treatment-center%2F|target:_blank&#8221; text_align=&#8221;text-left&#8221; text_color=&#8221;inherit&#8221; background_color=&#8221;inherit&#8221; background_hover_color=&#8221;darker-hover&#8221; extra_class=&#8221;&#8221; reveal_effect=&#8221;&#8221; reveal_duration=&#8221;&#8221; reveal_delay=&#8221;&#8221;][vc_single_image image=&#8221;12367&#8243; img_size=&#8221;400&#8243;][elx_heading text_color=&#8221;inherit&#8221;]Stalsberg Nursing and Treatment Center[\/elx_heading][vc_column_text]<\/p>\n<div class=\"single-article-description\">\n<p class=\"elx-references-excerpt\">Stalsberg residential home is located at Str\u00f8mmen, Lillestr\u00f8m community close to Oslo. This is a nursing home with 56 residents.<\/p>\n<\/div>\n<p>[\/vc_column_text][\/elx_simple_link_block][\/vc_column][vc_column width=&#8221;1\/3&#8243;][elx_simple_link_block link=&#8221;url:https%3A%2F%2Fwww.electroluxprofessional.com%2Fpl%2Freferences%2Fdps-syrena%2F%3F_gl%3D1*fr3ade*_up*MQ..*_ga*MTc5MzIzMTgyOC4xNzE4Nzg0OTI5*_ga_MNVYVN9CET*MTcxODc4NDkyOC4xLjEuMTcxODc4NDk1My4wLjAuMA..*_ga_28J7B14W8H*MTcxODc4NDkyOC4xLjEuMTcxODc4NDk1My4wLjAuMA..|target:_blank&#8221; text_align=&#8221;text-left&#8221; text_color=&#8221;inherit&#8221; background_color=&#8221;inherit&#8221; background_hover_color=&#8221;darker-hover&#8221; extra_class=&#8221;&#8221; reveal_effect=&#8221;&#8221; reveal_duration=&#8221;&#8221; reveal_delay=&#8221;&#8221;][vc_single_image image=&#8221;12368&#8243; img_size=&#8221;400&#8243;][elx_heading text_color=&#8221;inherit&#8221;]DPS Syrena[\/elx_heading][vc_column_text]DPS Syrena gets their laundry under control with Electrolux Professional solutions[\/vc_column_text][\/elx_simple_link_block][\/vc_column][\/vc_row][vc_row][vc_column][vc_empty_space height=&#8221;35px&#8221;][\/vc_column][\/vc_row][vc_row][vc_column width=&#8221;2\/3&#8243;][elx_heading text_color=&#8221;inherit&#8221;]Sie\u0107 serwisowa[\/elx_heading][vc_column_text]Mo\u017cesz liczy\u0107 na ponad <strong>2200 autoryzowanych partner\u00f3w serwisowych<\/strong>, zawsze dost\u0119pnych, zawsze na s\u0142u\u017cbie. Jeste\u015bmy gotowi i zobowi\u0105zani do wspierania Ci\u0119 dzi\u0119ki <strong>unikalnej sieci serwisowej, kt\u00f3ra u\u0142atwia Twoje \u017cycie zawodowe<\/strong>.[\/vc_column_text][vc_empty_space height=&#8221;15px&#8221;][elx_button button_text=&#8221;Znajd\u017a partnera serwisowego&#8221; button_link=&#8221;url:https%3A%2F%2Fwww.electroluxprofessional.com%2Fpl%2Flokalizacja%2F|target:_blank&#8221;][\/vc_column][vc_column width=&#8221;1\/3&#8243;][elx_image image_media_library=&#8221;12370&#8243; image_media_library_mobile=&#8221;12370&#8243;][\/vc_column][\/vc_row][vc_row disable_element=&#8221;yes&#8221;][vc_column][vc_empty_space height=&#8221;35px&#8221;][elx_heading text_color=&#8221;inherit&#8221;]Experience our Laundry Cycle Management[\/elx_heading][elx_video_block background_image=&#8221;12365&#8243; is_full_height=&#8221;full-height&#8221; video_link=&#8221;https:\/\/www.youtube.com\/watch?v=__vZMg1Y_6Q&#8221; minimum_height=&#8221;500px&#8221;][vc_empty_space height=&#8221;35px&#8221;][vc_column_text]<\/p>\n<p style=\"text-align: center;\">Discover all the steps to have a perfect dirt and hygiene management, through our LCM.<br \/>\nTake the opportunity now![\/vc_column_text][\/vc_column][\/vc_row][vc_row][vc_column][vc_empty_space height=&#8221;35px&#8221;][\/vc_column][\/vc_row][vc_row el_id=&#8221;ContactUs&#8221;][vc_column][vc_empty_space height=&#8221;20px&#8221;][elx_heading text_color=&#8221;inherit&#8221; text_align=&#8221;text-center&#8221;]Skontaktuj si\u0119 z naszym zespo\u0142em ekspert\u00f3w[\/elx_heading][vc_empty_space height=&#8221;20px&#8221;][\/vc_column][\/vc_row][vc_row][vc_column][elx_o2000_contact_us s=&#8221;Request of information about Restaurant chains&#8221; b=&#8221;laundry&#8221; r=&#8221;I would like to find out more about solutions for Care Homes, please get in touch with me.&#8221;][\/vc_column][\/vc_row][vc_row disable_element=&#8221;yes&#8221; css=&#8221;.vc_custom_1770976688116{background-color: #ededc9 !important;}&#8221;][vc_column][elx_heading font_size=&#8221;h3&#8243; text_color=&#8221;inherit&#8221;]Beverage solutions[\/elx_heading][vc_empty_space][\/vc_column][\/vc_row][vc_row disable_element=&#8221;yes&#8221; css=&#8221;.vc_custom_1770976698460{background-color: #ededc9 !important;}&#8221;][vc_column width=&#8221;1\/2&#8243;][elx_simple_link_block link=&#8221;url:https%3A%2F%2Fwww.electroluxprofessional.com%2Fpl%2Fbeverage-solutions%2F|title:Beverage%20solutions|target:_blank&#8221; text_align=&#8221;text-left&#8221; text_color=&#8221;inherit&#8221; background_color=&#8221;inherit&#8221; background_hover_color=&#8221;darker-hover&#8221; extra_class=&#8221;&#8221; reveal_effect=&#8221;&#8221; reveal_duration=&#8221;&#8221; reveal_delay=&#8221;&#8221;][vc_single_image image=&#8221;5716&#8243; img_size=&#8221;full&#8221;][\/elx_simple_link_block][\/vc_column][vc_column width=&#8221;1\/2&#8243;][elx_simple_link_block link=&#8221;url:https%3A%2F%2Fwww.electroluxprofessional.com%2Fpl%2Fbeverage-solutions%2F|title:Beverage%20solutions|target:_blank&#8221; text_align=&#8221;text-left&#8221; text_color=&#8221;inherit&#8221; background_color=&#8221;inherit&#8221; background_hover_color=&#8221;darker-hover&#8221; extra_class=&#8221;&#8221; reveal_effect=&#8221;&#8221; reveal_duration=&#8221;&#8221; reveal_delay=&#8221;&#8221;][elx_heading font_container=&#8221;h3&#8243; font_size=&#8221;h5&#8243; text_color=&#8221;inherit&#8221;]A complete hospitality[\/elx_heading][vc_column_text]An extensive offering of <strong>coffee &amp;\u00a0beverage solutions<\/strong>\u00a0to exceed your customers\u2019 expectations, along with a team of experts who joined us to serve you.<\/p>\n<ul>\n<li>Coffee &amp; tea brewers<\/li>\n<li>Coffee grinders<\/li>\n<li>Cold bubblers<\/li>\n<li>Hot and frozen beverage dispensers<\/li>\n<li>and much more&#8230;<\/li>\n<\/ul>\n<p>[\/vc_column_text][\/elx_simple_link_block][elx_button button_text=&#8221;Discover the coffee &amp; beverage offer&#8221; button_style=&#8221;icon-blue&#8221; button_link=&#8221;url:https%3A%2F%2Fwww.electroluxprofessional.com%2Fpl%2Fbeverage-solutions%2F|title:coffee%20and%20beverage%20solutions|target:_blank&#8221;][\/vc_column][\/vc_row][vc_row disable_element=&#8221;yes&#8221;][vc_column][vc_empty_space][elx_heading font_size=&#8221;h3&#8243; text_color=&#8221;orange&#8221; text_align=&#8221;text-left&#8221;]Food production and distribution[\/elx_heading][elx_heading font_container=&#8221;h3&#8243; font_size=&#8221;h5&#8243; text_color=&#8221;inherit&#8221;]Electrolux Professional is also a top solution provider for food production and distribution in risky environments.[\/elx_heading][vc_column_text]Many adult day care participants are high-risk for foodborne illness due to disease or advanced age.\u00a0Older people or residents with special needs are at greater risk from poor food safety.<\/p>\n<p>Food that is stored, prepared and served properly is more likely to retain its nutritional value.<\/p>\n<p>We can help plan the key stages in workflow from purchasing to receiving, storing to cooking, and cooling to reheating.[\/vc_column_text][vc_empty_space][vc_row_inner][vc_column_inner][vc_single_image image=&#8221;576&#8243; img_size=&#8221;full&#8221;][vc_empty_space][\/vc_column_inner][\/vc_row_inner][\/vc_column][\/vc_row][vc_row disable_element=&#8221;yes&#8221;][vc_column][elx_heading font_size=&#8221;h3&#8243; text_color=&#8221;inherit&#8221; text_align=&#8221;text-center&#8221;]Get in touch with our experts[\/elx_heading][vc_empty_space height=&#8221;20px&#8221;][elx_o2000_contact_us b=&#8221;food&#8221;][\/vc_column][\/vc_row]<\/p>\n","protected":false},"excerpt":{"rendered":"<p>[vc_row full_width=&#8221;electroluxpro-full-width-no-padding&#8221;][vc_column][elx_image_block background_image=&#8221;10252&#8243; minimum_height=&#8221;400px&#8221;][vc_empty_space][\/vc_column][\/vc_row][vc_row][vc_column][elx_heading font_container=&#8221;h1&#8243; text_color=&#8221;inherit&#8221;]Dbamy o opiek\u0119[\/elx_heading][elx_features_download title=&#8221;Kompleksowe rozwi\u0105zania dla obiekt\u00f3w z wymaganiami dotycz\u0105cymi sterylnego prania&#8221; bg_row=&#8221;bg-download-white&#8221; values=&#8221;%5B%7B%22select_type%22%3A%22pride%22%2C%22label_pride_document%22%3A%22Pralnico-wir%C3%B3wki%20z%20barier%C4%85%20higieny%20z%20serii%206000%20Evolution%22%2C%22document_type%22%3A%22brochures%22%2C%22br_document_number%22%3A%22A0106%22%7D%2C%7B%22select_type%22%3A%22pride%22%2C%22label_pride_document%22%3A%22Pralki%20barierowe%20Pullman%20linii%206000%22%2C%22document_type%22%3A%22leaflets%22%2C%22le_document_number%22%3A%22CLFL-9JE00011%22%7D%2C%7B%22select_type%22%3A%22pride%22%2C%22label_pride_document%22%3A%22Suszarki%20b%C4%99bnowe%20linii%206000%22%2C%22document_type%22%3A%22brochures%22%2C%22br_document_number%22%3A%22A0100%22%7D%2C%7B%22select_type%22%3A%22pride%22%2C%22label_pride_document%22%3A%22Magle%20pasowe%20z%20linii%206000%22%2C%22document_type%22%3A%22brochures%22%2C%22br_document_number%22%3A%22A0112%22%7D%5D&#8221; discover=&#8221;%5B%7B%7D%5D&#8221; features=&#8221;%5B%7B%22tag_icon_title%22%3A%22h4%22%7D%5D&#8221; link=&#8221;url:%23ContactUs|title:Skontaktuj%20si%C4%99%20z%20nami%20&#8243;]Skuteczne zarz\u0105dzanie cyklem pralniczym odgrywa kluczow\u0105 rol\u0119 w strategii zapobiegania infekcjom w ka\u017cdym domu opieki, aby zapewni\u0107 bezpiecze\u0144stwo zar\u00f3wno mieszka\u0144com, jak i personelowi. Koncepcja bariery pomaga utrzyma\u0107 najwy\u017csze standardy higieny, chroni\u0105c nie tylko przed [&hellip;]<\/p>\n","protected":false},"author":79,"featured_media":10252,"parent":2271,"menu_order":0,"comment_status":"closed","ping_status":"closed","template":"","meta":{"footnotes":""},"class_list":["post-12374","page","type-page","status-publish","has-post-thumbnail","hentry"],"acf":[],"yoast_head":"<!-- This site is optimized with the Yoast SEO plugin v23.3 - https:\/\/yoast.com\/wordpress\/plugins\/seo\/ -->\n<title>Domy opieki - Electrolux Professional Polska<\/title>\n<meta name=\"description\" content=\"Odkryj rozwi\u0105zania pralnicze linii 6000 marki Electrolux Professional, zaprojektowane z my\u015bl\u0105 o domach opieki, aby zapewni\u0107 higien\u0119, wydajno\u015b\u0107 i zapobiega\u0107 zaka\u017ceniom.\" \/>\n<meta name=\"robots\" content=\"index, follow, max-snippet:-1, max-image-preview:large, max-video-preview:-1\" \/>\n<link rel=\"canonical\" href=\"https:\/\/www.electroluxprofessional.com\/pl\/twoj-biznes\/domy-opieki\/domy-opieki\/\" \/>\n<meta property=\"og:locale\" content=\"pl_PL\" \/>\n<meta property=\"og:type\" content=\"article\" \/>\n<meta property=\"og:title\" content=\"Domy opieki - Electrolux Professional Polska\" \/>\n<meta property=\"og:description\" content=\"Odkryj rozwi\u0105zania pralnicze linii 6000 marki Electrolux Professional, zaprojektowane z my\u015bl\u0105 o domach opieki, aby zapewni\u0107 higien\u0119, wydajno\u015b\u0107 i zapobiega\u0107 zaka\u017ceniom.\" \/>\n<meta property=\"og:url\" content=\"https:\/\/www.electroluxprofessional.com\/pl\/twoj-biznes\/domy-opieki\/domy-opieki\/\" \/>\n<meta property=\"og:site_name\" content=\"Electrolux Professional Polska\" \/>\n<meta property=\"article:modified_time\" content=\"2026-02-13T10:34:52+00:00\" \/>\n<meta property=\"og:image\" content=\"https:\/\/www.electroluxprofessional.com\/pl\/wp-content\/uploads\/2024\/08\/Care-homes.jpg\" \/>\n\t<meta property=\"og:image:width\" content=\"1920\" \/>\n\t<meta property=\"og:image:height\" content=\"580\" \/>\n\t<meta property=\"og:image:type\" content=\"image\/jpeg\" \/>\n<meta name=\"twitter:card\" content=\"summary_large_image\" \/>\n<meta name=\"twitter:label1\" content=\"Szacowany czas czytania\" \/>\n\t<meta name=\"twitter:data1\" content=\"10 minut\" \/>\n<script type=\"application\/ld+json\" class=\"yoast-schema-graph\">{\"@context\":\"https:\/\/schema.org\",\"@graph\":[{\"@type\":\"WebPage\",\"@id\":\"https:\/\/www.electroluxprofessional.com\/pl\/twoj-biznes\/domy-opieki\/domy-opieki\/\",\"url\":\"https:\/\/www.electroluxprofessional.com\/pl\/twoj-biznes\/domy-opieki\/domy-opieki\/\",\"name\":\"Domy opieki - Electrolux Professional Polska\",\"isPartOf\":{\"@id\":\"https:\/\/www.electroluxprofessional.com\/pl\/#website\"},\"primaryImageOfPage\":{\"@id\":\"https:\/\/www.electroluxprofessional.com\/pl\/twoj-biznes\/domy-opieki\/domy-opieki\/#primaryimage\"},\"image\":{\"@id\":\"https:\/\/www.electroluxprofessional.com\/pl\/twoj-biznes\/domy-opieki\/domy-opieki\/#primaryimage\"},\"thumbnailUrl\":\"https:\/\/www.electroluxprofessional.com\/pl\/wp-content\/uploads\/2024\/08\/Care-homes.jpg\",\"datePublished\":\"2026-02-06T13:29:57+00:00\",\"dateModified\":\"2026-02-13T10:34:52+00:00\",\"description\":\"Odkryj rozwi\u0105zania pralnicze linii 6000 marki Electrolux Professional, zaprojektowane z my\u015bl\u0105 o domach opieki, aby zapewni\u0107 higien\u0119, wydajno\u015b\u0107 i zapobiega\u0107 zaka\u017ceniom.\",\"breadcrumb\":{\"@id\":\"https:\/\/www.electroluxprofessional.com\/pl\/twoj-biznes\/domy-opieki\/domy-opieki\/#breadcrumb\"},\"inLanguage\":\"pl-PL\",\"potentialAction\":[{\"@type\":\"ReadAction\",\"target\":[\"https:\/\/www.electroluxprofessional.com\/pl\/twoj-biznes\/domy-opieki\/domy-opieki\/\"]}]},{\"@type\":\"ImageObject\",\"inLanguage\":\"pl-PL\",\"@id\":\"https:\/\/www.electroluxprofessional.com\/pl\/twoj-biznes\/domy-opieki\/domy-opieki\/#primaryimage\",\"url\":\"https:\/\/www.electroluxprofessional.com\/pl\/wp-content\/uploads\/2024\/08\/Care-homes.jpg\",\"contentUrl\":\"https:\/\/www.electroluxprofessional.com\/pl\/wp-content\/uploads\/2024\/08\/Care-homes.jpg\",\"width\":1920,\"height\":580},{\"@type\":\"BreadcrumbList\",\"@id\":\"https:\/\/www.electroluxprofessional.com\/pl\/twoj-biznes\/domy-opieki\/domy-opieki\/#breadcrumb\",\"itemListElement\":[{\"@type\":\"ListItem\",\"position\":1,\"name\":\"Strona g\u0142\u00f3wna\",\"item\":\"https:\/\/www.electroluxprofessional.com\/pl\/\"},{\"@type\":\"ListItem\",\"position\":2,\"name\":\"Tw\u00f3j biznes\",\"item\":\"https:\/\/www.electroluxprofessional.com\/pl\/twoj-biznes\/\"},{\"@type\":\"ListItem\",\"position\":3,\"name\":\"Opieka\",\"item\":\"https:\/\/www.electroluxprofessional.com\/pl\/twoj-biznes\/domy-opieki\/\"},{\"@type\":\"ListItem\",\"position\":4,\"name\":\"Domy opieki\"}]},{\"@type\":\"WebSite\",\"@id\":\"https:\/\/www.electroluxprofessional.com\/pl\/#website\",\"url\":\"https:\/\/www.electroluxprofessional.com\/pl\/\",\"name\":\"Electrolux Professional Polska\",\"description\":\"\",\"potentialAction\":[{\"@type\":\"SearchAction\",\"target\":{\"@type\":\"EntryPoint\",\"urlTemplate\":\"https:\/\/www.electroluxprofessional.com\/pl\/?src={search_term_string}\"},\"query-input\":\"required name=search_term_string\"}],\"inLanguage\":\"pl-PL\"}]}<\/script>\n<!-- \/ Yoast SEO plugin. -->","yoast_head_json":{"title":"Domy opieki - Electrolux Professional Polska","description":"Odkryj rozwi\u0105zania pralnicze linii 6000 marki Electrolux Professional, zaprojektowane z my\u015bl\u0105 o domach opieki, aby zapewni\u0107 higien\u0119, wydajno\u015b\u0107 i zapobiega\u0107 zaka\u017ceniom.","robots":{"index":"index","follow":"follow","max-snippet":"max-snippet:-1","max-image-preview":"max-image-preview:large","max-video-preview":"max-video-preview:-1"},"canonical":"https:\/\/www.electroluxprofessional.com\/pl\/twoj-biznes\/domy-opieki\/domy-opieki\/","og_locale":"pl_PL","og_type":"article","og_title":"Domy opieki - Electrolux Professional Polska","og_description":"Odkryj rozwi\u0105zania pralnicze linii 6000 marki Electrolux Professional, zaprojektowane z my\u015bl\u0105 o domach opieki, aby zapewni\u0107 higien\u0119, wydajno\u015b\u0107 i zapobiega\u0107 zaka\u017ceniom.","og_url":"https:\/\/www.electroluxprofessional.com\/pl\/twoj-biznes\/domy-opieki\/domy-opieki\/","og_site_name":"Electrolux Professional Polska","article_modified_time":"2026-02-13T10:34:52+00:00","og_image":[{"width":1920,"height":580,"url":"https:\/\/www.electroluxprofessional.com\/pl\/wp-content\/uploads\/2024\/08\/Care-homes.jpg","type":"image\/jpeg"}],"twitter_card":"summary_large_image","twitter_misc":{"Szacowany czas czytania":"10 minut"},"schema":{"@context":"https:\/\/schema.org","@graph":[{"@type":"WebPage","@id":"https:\/\/www.electroluxprofessional.com\/pl\/twoj-biznes\/domy-opieki\/domy-opieki\/","url":"https:\/\/www.electroluxprofessional.com\/pl\/twoj-biznes\/domy-opieki\/domy-opieki\/","name":"Domy opieki - Electrolux Professional Polska","isPartOf":{"@id":"https:\/\/www.electroluxprofessional.com\/pl\/#website"},"primaryImageOfPage":{"@id":"https:\/\/www.electroluxprofessional.com\/pl\/twoj-biznes\/domy-opieki\/domy-opieki\/#primaryimage"},"image":{"@id":"https:\/\/www.electroluxprofessional.com\/pl\/twoj-biznes\/domy-opieki\/domy-opieki\/#primaryimage"},"thumbnailUrl":"https:\/\/www.electroluxprofessional.com\/pl\/wp-content\/uploads\/2024\/08\/Care-homes.jpg","datePublished":"2026-02-06T13:29:57+00:00","dateModified":"2026-02-13T10:34:52+00:00","description":"Odkryj rozwi\u0105zania pralnicze linii 6000 marki Electrolux Professional, zaprojektowane z my\u015bl\u0105 o domach opieki, aby zapewni\u0107 higien\u0119, wydajno\u015b\u0107 i zapobiega\u0107 zaka\u017ceniom.","breadcrumb":{"@id":"https:\/\/www.electroluxprofessional.com\/pl\/twoj-biznes\/domy-opieki\/domy-opieki\/#breadcrumb"},"inLanguage":"pl-PL","potentialAction":[{"@type":"ReadAction","target":["https:\/\/www.electroluxprofessional.com\/pl\/twoj-biznes\/domy-opieki\/domy-opieki\/"]}]},{"@type":"ImageObject","inLanguage":"pl-PL","@id":"https:\/\/www.electroluxprofessional.com\/pl\/twoj-biznes\/domy-opieki\/domy-opieki\/#primaryimage","url":"https:\/\/www.electroluxprofessional.com\/pl\/wp-content\/uploads\/2024\/08\/Care-homes.jpg","contentUrl":"https:\/\/www.electroluxprofessional.com\/pl\/wp-content\/uploads\/2024\/08\/Care-homes.jpg","width":1920,"height":580},{"@type":"BreadcrumbList","@id":"https:\/\/www.electroluxprofessional.com\/pl\/twoj-biznes\/domy-opieki\/domy-opieki\/#breadcrumb","itemListElement":[{"@type":"ListItem","position":1,"name":"Strona g\u0142\u00f3wna","item":"https:\/\/www.electroluxprofessional.com\/pl\/"},{"@type":"ListItem","position":2,"name":"Tw\u00f3j biznes","item":"https:\/\/www.electroluxprofessional.com\/pl\/twoj-biznes\/"},{"@type":"ListItem","position":3,"name":"Opieka","item":"https:\/\/www.electroluxprofessional.com\/pl\/twoj-biznes\/domy-opieki\/"},{"@type":"ListItem","position":4,"name":"Domy opieki"}]},{"@type":"WebSite","@id":"https:\/\/www.electroluxprofessional.com\/pl\/#website","url":"https:\/\/www.electroluxprofessional.com\/pl\/","name":"Electrolux Professional Polska","description":"","potentialAction":[{"@type":"SearchAction","target":{"@type":"EntryPoint","urlTemplate":"https:\/\/www.electroluxprofessional.com\/pl\/?src={search_term_string}"},"query-input":"required name=search_term_string"}],"inLanguage":"pl-PL"}]}},"_links":{"self":[{"href":"https:\/\/www.electroluxprofessional.com\/pl\/wp-json\/wp\/v2\/pages\/12374"}],"collection":[{"href":"https:\/\/www.electroluxprofessional.com\/pl\/wp-json\/wp\/v2\/pages"}],"about":[{"href":"https:\/\/www.electroluxprofessional.com\/pl\/wp-json\/wp\/v2\/types\/page"}],"author":[{"embeddable":true,"href":"https:\/\/www.electroluxprofessional.com\/pl\/wp-json\/wp\/v2\/users\/79"}],"replies":[{"embeddable":true,"href":"https:\/\/www.electroluxprofessional.com\/pl\/wp-json\/wp\/v2\/comments?post=12374"}],"version-history":[{"count":9,"href":"https:\/\/www.electroluxprofessional.com\/pl\/wp-json\/wp\/v2\/pages\/12374\/revisions"}],"predecessor-version":[{"id":12420,"href":"https:\/\/www.electroluxprofessional.com\/pl\/wp-json\/wp\/v2\/pages\/12374\/revisions\/12420"}],"up":[{"embeddable":true,"href":"https:\/\/www.electroluxprofessional.com\/pl\/wp-json\/wp\/v2\/pages\/2271"}],"wp:featuredmedia":[{"embeddable":true,"href":"https:\/\/www.electroluxprofessional.com\/pl\/wp-json\/wp\/v2\/media\/10252"}],"wp:attachment":[{"href":"https:\/\/www.electroluxprofessional.com\/pl\/wp-json\/wp\/v2\/media?parent=12374"}],"curies":[{"name":"wp","href":"https:\/\/api.w.org\/{rel}","templated":true}]}}