{"id":9090,"date":"2018-01-17T14:24:42","date_gmt":"2018-01-17T13:24:42","guid":{"rendered":"https:\/\/www.electroluxprofessional.com\/?page_id=14181"},"modified":"2025-11-05T13:39:55","modified_gmt":"2025-11-05T13:39:55","slug":"kompaktovn","status":"publish","type":"page","link":"https:\/\/www.electroluxprofessional.com\/no\/storkjokken\/kompaktovn\/","title":{"rendered":"Kompaktovn 1\/1GN"},"content":{"rendered":"<p>[vc_row full_width=&#8221;electroluxpro-full-width-no-padding&#8221;][vc_column][vc_single_image image=&#8221;8806&#8243; img_size=&#8221;2000&#215;350&#8243; alignment=&#8221;center&#8221;][\/vc_column][\/vc_row][vc_row][vc_column][vc_empty_space][elx_heading font_container=&#8221;h1&#8243; font_size=&#8221;h3&#8243; text_color=&#8221;inherit&#8221;]MultiSlim kompaktovn 1\/1GN[\/elx_heading][vc_empty_space][\/vc_column][\/vc_row][vc_row][vc_column width=&#8221;2\/3&#8243;][vc_column_text]Minimalt med plass p\u00e5 kj\u00f8kkenet? Ikke interessert i \u00e5 kompromisse p\u00e5 tilberedningsresultat kontra driftskostnader?<\/p>\n<p>Da b\u00f8r du vurdere den nye\u00a0<strong>Electrolux Professional kompaktovn 1\/1GN. Perfekt<\/strong>\u00a0til\u00a0<strong>restaurant<\/strong>\u00a0og\/eller\u00a0<strong>bar<\/strong>[\/vc_column_text][\/vc_column][vc_column width=&#8221;1\/3&#8243;][elx_download_block text=&#8221;Last ned<br \/>\nMultiSlim kompaktovn 1\/1GN<br \/>\nbrosjyre og oppskrifter&#8221; document_type=&#8221;brochures&#8221; background_color=&#8221;electrolux-blue&#8221; br_document_number=&#8221;BR-9JE00182&#8243;][\/vc_column][\/vc_row][vc_row][vc_column width=&#8221;1\/3&#8243;][vc_single_image image=&#8221;2948&#8243; img_size=&#8221;full&#8221;][elx_heading font_size=&#8221;h5&#8243; text_color=&#8221;inherit&#8221;]Et godt milj\u00f8valg[\/elx_heading][vc_column_text]Med et forbruk p\u00e5 15% mindre vann enn standard injeksjonsovner er <strong>MultiSlim kompaktovn 1\/1GN <\/strong>et bedre milj\u00f8valg og gir besparelser p\u00e5 driftsbudsjettet.[\/vc_column_text][\/vc_column][vc_column width=&#8221;1\/3&#8243;][vc_single_image image=&#8221;8807&#8243; img_size=&#8221;full&#8221;][elx_heading font_size=&#8221;h5&#8243; text_color=&#8221;inherit&#8221;]Kok og stek p\u00e5<br \/>\nmindre plass![\/elx_heading][vc_column_text]Electrolux Professional kompaktovn 1\/1GN er en mindre ovn tilpasset et hektisk storkj\u00f8kkenmilj\u00f8. H\u00f8yre- eller venstrehengslet &#8211; ditt valg. Du kan bruke <strong>vanlig 1\/1GN<\/strong>\u00a0utstyr, som igjen gj\u00f8r at den enkelt g\u00e5r inn i bruken p\u00e5 et hektisk kj\u00f8kken sammen med st\u00f8rre ovner. Perfekt\u00a0<strong>alene<\/strong>\u00a0eller som\u00a0<strong>et supplement<\/strong>![\/vc_column_text][\/vc_column][vc_column width=&#8221;1\/3&#8243;][vc_single_image image=&#8221;8808&#8243; img_size=&#8221;full&#8221;][elx_heading font_size=&#8221;h5&#8243; text_color=&#8221;inherit&#8221;]Holdbar[\/elx_heading][vc_column_text]<strong>MultiSlim kompaktovn 1\/1GN <\/strong>er utviklet for r\u00f8ffe forhold og lang levetid. \u00a0Vekting p\u00e5 72 kg, denne ovnen er bygget for robust bruk og i profesjonelle kvalitetsmaterialer.[\/vc_column_text][\/vc_column][\/vc_row][vc_row][vc_column css=&#8221;.vc_custom_1516182416648{padding-top: 40px !important;}&#8221;][vc_empty_space][\/vc_column][\/vc_row][vc_row css=&#8221;.vc_custom_1516626289472{background-color: #eeeeee !important;}&#8221;][vc_column width=&#8221;1\/2&#8243;][vc_single_image image=&#8221;8809&#8243; img_size=&#8221;full&#8221;][\/vc_column][vc_column width=&#8221;1\/2&#8243;][vc_empty_space][elx_heading font_size=&#8221;h5&#8243; text_color=&#8221;inherit&#8221;]MultiSlim kompaktovn,<br \/>\nmenyen helt ut i fingerspissene[\/elx_heading][vc_column_text]Rask og enkel navigering gjennom program, funksjoner og tilberedningsparametere med en enkel \u00f8velse.<\/p>\n<div class=\"wpb_text_column wpb_content_element \">\n<div class=\"\">\n<p><strong>Trykk og velg.<\/strong><\/p>\n<p>Med det programmerbare grensesnittet gir Electrolux Professional kompaktovn 1\/1GN deg muligheten til \u00e5 skape, lagre og laste inn\u00a0<strong>opptil 99 oppskrifter<\/strong>.<\/p>\n<\/div>\n<\/div>\n<p>[\/vc_column_text][\/vc_column][\/vc_row][vc_row][vc_column css=&#8221;.vc_custom_1516182416648{padding-top: 40px !important;}&#8221;][vc_empty_space][\/vc_column][\/vc_row][vc_row][vc_column][\/vc_column][\/vc_row][vc_row][vc_column][vc_empty_space][elx_heading font_size=&#8221;h3&#8243; text_color=&#8221;inherit&#8221;]\u00d8nsker du mer informasjon?[\/elx_heading][elx_o2000_contact_us r=&#8221;Hei, jeg \u00f8nsker \u00e5 vite mer om MultiSlim kompaktovn 1\/1GN. Vennligst ta kontakt med meg.&#8221; s=&#8221;Info om Multislim kompaktovn&#8221; country=&#8221;Norway&#8221; b=&#8221;food&#8221; l=&#8221;en&#8221;][vc_empty_space][\/vc_column][\/vc_row][vc_row][vc_column width=&#8221;1\/4&#8243;][\/vc_column][vc_column width=&#8221;1\/4&#8243;][\/vc_column][vc_column width=&#8221;1\/4&#8243;][\/vc_column][vc_column width=&#8221;1\/4&#8243;][\/vc_column][\/vc_row][vc_row][vc_column][vc_empty_space][\/vc_column][\/vc_row][vc_row][vc_column][vc_column_text css_animation=&#8221;rotateInDownLeft&#8221;]St\u00f8rre behov? Les mer om v\u00e5r <a href=\"https:\/\/www.electroluxprofessional.com\/no\/storkjokken\/kombidamper\/\">Skyline kombidamper<\/a> her.[\/vc_column_text][\/vc_column][\/vc_row]<\/p>\n","protected":false},"excerpt":{"rendered":"<p>[vc_row full_width=&#8221;electroluxpro-full-width-no-padding&#8221;][vc_column][vc_single_image image=&#8221;8806&#8243; img_size=&#8221;2000&#215;350&#8243; alignment=&#8221;center&#8221;][\/vc_column][\/vc_row][vc_row][vc_column][vc_empty_space][elx_heading font_container=&#8221;h1&#8243; font_size=&#8221;h3&#8243; text_color=&#8221;inherit&#8221;]MultiSlim kompaktovn 1\/1GN[\/elx_heading][vc_empty_space][\/vc_column][\/vc_row][vc_row][vc_column width=&#8221;2\/3&#8243;][vc_column_text]Minimalt med plass p\u00e5 kj\u00f8kkenet? Ikke interessert i \u00e5 kompromisse p\u00e5 tilberedningsresultat kontra driftskostnader? Da b\u00f8r du vurdere den nye\u00a0Electrolux Professional kompaktovn 1\/1GN. Perfekt\u00a0til\u00a0restaurant\u00a0og\/eller\u00a0bar[\/vc_column_text][\/vc_column][vc_column width=&#8221;1\/3&#8243;][elx_download_block text=&#8221;Last ned MultiSlim kompaktovn 1\/1GN brosjyre og oppskrifter&#8221; document_type=&#8221;brochures&#8221; background_color=&#8221;electrolux-blue&#8221; br_document_number=&#8221;BR-9JE00182&#8243;][\/vc_column][\/vc_row][vc_row][vc_column width=&#8221;1\/3&#8243;][vc_single_image image=&#8221;2948&#8243; img_size=&#8221;full&#8221;][elx_heading font_size=&#8221;h5&#8243; text_color=&#8221;inherit&#8221;]Et godt milj\u00f8valg[\/elx_heading][vc_column_text]Med et forbruk [&hellip;]<\/p>\n","protected":false},"author":3,"featured_media":8805,"parent":1284,"menu_order":0,"comment_status":"closed","ping_status":"closed","template":"","meta":{"footnotes":""},"class_list":["post-9090","page","type-page","status-publish","has-post-thumbnail","hentry"],"acf":[],"yoast_head":"<!-- This site is optimized with the Yoast SEO plugin v23.3 - https:\/\/yoast.com\/wordpress\/plugins\/seo\/ -->\n<title>Kompaktovn 1\/1GN - Electrolux Professional Norge<\/title>\n<meta name=\"description\" content=\"- Begrenset med plass? - \u00d8nskelig med lavere driftskostnader uten \u00e5 kompromisse p\u00e5 ytelse? - MultiSlim kompaktovn er kanskje da din nye bestevenn?\" \/>\n<meta name=\"robots\" content=\"index, follow, max-snippet:-1, max-image-preview:large, max-video-preview:-1\" \/>\n<link rel=\"canonical\" href=\"https:\/\/www.electroluxprofessional.com\/no\/storkjokken\/kompaktovn\/\" \/>\n<meta property=\"og:locale\" content=\"nb_NO\" \/>\n<meta property=\"og:type\" content=\"article\" \/>\n<meta property=\"og:title\" content=\"Kompaktovn 1\/1GN - Electrolux Professional Norge\" \/>\n<meta property=\"og:description\" content=\"- Begrenset med plass? - \u00d8nskelig med lavere driftskostnader uten \u00e5 kompromisse p\u00e5 ytelse? - MultiSlim kompaktovn er kanskje da din nye bestevenn?\" \/>\n<meta property=\"og:url\" content=\"https:\/\/www.electroluxprofessional.com\/no\/storkjokken\/kompaktovn\/\" \/>\n<meta property=\"og:site_name\" content=\"Electrolux Professional Norge\" \/>\n<meta property=\"article:modified_time\" content=\"2025-11-05T13:39:55+00:00\" \/>\n<meta property=\"og:image\" content=\"https:\/\/www.electroluxprofessional.com\/no\/wp-content\/uploads\/2021\/12\/cropped-multislim-FB_bilde-des-2021.jpg\" \/>\n<meta name=\"twitter:card\" content=\"summary_large_image\" \/>\n<meta name=\"twitter:label1\" content=\"Ansl. lesetid\" \/>\n\t<meta name=\"twitter:data1\" content=\"2 minutter\" \/>\n<script type=\"application\/ld+json\" class=\"yoast-schema-graph\">{\"@context\":\"https:\/\/schema.org\",\"@graph\":[{\"@type\":\"WebPage\",\"@id\":\"https:\/\/www.electroluxprofessional.com\/no\/storkjokken\/kompaktovn\/\",\"url\":\"https:\/\/www.electroluxprofessional.com\/no\/storkjokken\/kompaktovn\/\",\"name\":\"Kompaktovn 1\/1GN - Electrolux Professional Norge\",\"isPartOf\":{\"@id\":\"https:\/\/www.electroluxprofessional.com\/no\/#website\"},\"primaryImageOfPage\":{\"@id\":\"https:\/\/www.electroluxprofessional.com\/no\/storkjokken\/kompaktovn\/#primaryimage\"},\"image\":{\"@id\":\"https:\/\/www.electroluxprofessional.com\/no\/storkjokken\/kompaktovn\/#primaryimage\"},\"thumbnailUrl\":\"https:\/\/www.electroluxprofessional.com\/no\/wp-content\/uploads\/2021\/08\/multisleam-featured-picture.jpg\",\"datePublished\":\"2018-01-17T13:24:42+00:00\",\"dateModified\":\"2025-11-05T13:39:55+00:00\",\"description\":\"- Begrenset med plass? - \u00d8nskelig med lavere driftskostnader uten \u00e5 kompromisse p\u00e5 ytelse? - MultiSlim kompaktovn er kanskje da din nye bestevenn?\",\"breadcrumb\":{\"@id\":\"https:\/\/www.electroluxprofessional.com\/no\/storkjokken\/kompaktovn\/#breadcrumb\"},\"inLanguage\":\"nb-NO\",\"potentialAction\":[{\"@type\":\"ReadAction\",\"target\":[\"https:\/\/www.electroluxprofessional.com\/no\/storkjokken\/kompaktovn\/\"]}]},{\"@type\":\"ImageObject\",\"inLanguage\":\"nb-NO\",\"@id\":\"https:\/\/www.electroluxprofessional.com\/no\/storkjokken\/kompaktovn\/#primaryimage\",\"url\":\"https:\/\/www.electroluxprofessional.com\/no\/wp-content\/uploads\/2021\/08\/multisleam-featured-picture.jpg\",\"contentUrl\":\"https:\/\/www.electroluxprofessional.com\/no\/wp-content\/uploads\/2021\/08\/multisleam-featured-picture.jpg\",\"width\":700,\"height\":700,\"caption\":\"multisleam-featured-picture\"},{\"@type\":\"BreadcrumbList\",\"@id\":\"https:\/\/www.electroluxprofessional.com\/no\/storkjokken\/kompaktovn\/#breadcrumb\",\"itemListElement\":[{\"@type\":\"ListItem\",\"position\":1,\"name\":\"Home\",\"item\":\"https:\/\/www.electroluxprofessional.com\/no\/\"},{\"@type\":\"ListItem\",\"position\":2,\"name\":\"Storkj\u00f8kken\",\"item\":\"https:\/\/www.electroluxprofessional.com\/no\/storkjokken\/\"},{\"@type\":\"ListItem\",\"position\":3,\"name\":\"Kompaktovn 1\/1GN\"}]},{\"@type\":\"WebSite\",\"@id\":\"https:\/\/www.electroluxprofessional.com\/no\/#website\",\"url\":\"https:\/\/www.electroluxprofessional.com\/no\/\",\"name\":\"Electrolux Professional Norge\",\"description\":\"\",\"potentialAction\":[{\"@type\":\"SearchAction\",\"target\":{\"@type\":\"EntryPoint\",\"urlTemplate\":\"https:\/\/www.electroluxprofessional.com\/no\/?src={search_term_string}\"},\"query-input\":\"required name=search_term_string\"}],\"inLanguage\":\"nb-NO\"}]}<\/script>\n<!-- \/ Yoast SEO plugin. -->","yoast_head_json":{"title":"Kompaktovn 1\/1GN - Electrolux Professional Norge","description":"- Begrenset med plass? - \u00d8nskelig med lavere driftskostnader uten \u00e5 kompromisse p\u00e5 ytelse? - MultiSlim kompaktovn er kanskje da din nye bestevenn?","robots":{"index":"index","follow":"follow","max-snippet":"max-snippet:-1","max-image-preview":"max-image-preview:large","max-video-preview":"max-video-preview:-1"},"canonical":"https:\/\/www.electroluxprofessional.com\/no\/storkjokken\/kompaktovn\/","og_locale":"nb_NO","og_type":"article","og_title":"Kompaktovn 1\/1GN - Electrolux Professional Norge","og_description":"- Begrenset med plass? - \u00d8nskelig med lavere driftskostnader uten \u00e5 kompromisse p\u00e5 ytelse? - MultiSlim kompaktovn er kanskje da din nye bestevenn?","og_url":"https:\/\/www.electroluxprofessional.com\/no\/storkjokken\/kompaktovn\/","og_site_name":"Electrolux Professional Norge","article_modified_time":"2025-11-05T13:39:55+00:00","og_image":[{"url":"https:\/\/www.electroluxprofessional.com\/no\/wp-content\/uploads\/2021\/12\/cropped-multislim-FB_bilde-des-2021.jpg"}],"twitter_card":"summary_large_image","twitter_misc":{"Ansl. lesetid":"2 minutter"},"schema":{"@context":"https:\/\/schema.org","@graph":[{"@type":"WebPage","@id":"https:\/\/www.electroluxprofessional.com\/no\/storkjokken\/kompaktovn\/","url":"https:\/\/www.electroluxprofessional.com\/no\/storkjokken\/kompaktovn\/","name":"Kompaktovn 1\/1GN - Electrolux Professional Norge","isPartOf":{"@id":"https:\/\/www.electroluxprofessional.com\/no\/#website"},"primaryImageOfPage":{"@id":"https:\/\/www.electroluxprofessional.com\/no\/storkjokken\/kompaktovn\/#primaryimage"},"image":{"@id":"https:\/\/www.electroluxprofessional.com\/no\/storkjokken\/kompaktovn\/#primaryimage"},"thumbnailUrl":"https:\/\/www.electroluxprofessional.com\/no\/wp-content\/uploads\/2021\/08\/multisleam-featured-picture.jpg","datePublished":"2018-01-17T13:24:42+00:00","dateModified":"2025-11-05T13:39:55+00:00","description":"- Begrenset med plass? - \u00d8nskelig med lavere driftskostnader uten \u00e5 kompromisse p\u00e5 ytelse? - MultiSlim kompaktovn er kanskje da din nye bestevenn?","breadcrumb":{"@id":"https:\/\/www.electroluxprofessional.com\/no\/storkjokken\/kompaktovn\/#breadcrumb"},"inLanguage":"nb-NO","potentialAction":[{"@type":"ReadAction","target":["https:\/\/www.electroluxprofessional.com\/no\/storkjokken\/kompaktovn\/"]}]},{"@type":"ImageObject","inLanguage":"nb-NO","@id":"https:\/\/www.electroluxprofessional.com\/no\/storkjokken\/kompaktovn\/#primaryimage","url":"https:\/\/www.electroluxprofessional.com\/no\/wp-content\/uploads\/2021\/08\/multisleam-featured-picture.jpg","contentUrl":"https:\/\/www.electroluxprofessional.com\/no\/wp-content\/uploads\/2021\/08\/multisleam-featured-picture.jpg","width":700,"height":700,"caption":"multisleam-featured-picture"},{"@type":"BreadcrumbList","@id":"https:\/\/www.electroluxprofessional.com\/no\/storkjokken\/kompaktovn\/#breadcrumb","itemListElement":[{"@type":"ListItem","position":1,"name":"Home","item":"https:\/\/www.electroluxprofessional.com\/no\/"},{"@type":"ListItem","position":2,"name":"Storkj\u00f8kken","item":"https:\/\/www.electroluxprofessional.com\/no\/storkjokken\/"},{"@type":"ListItem","position":3,"name":"Kompaktovn 1\/1GN"}]},{"@type":"WebSite","@id":"https:\/\/www.electroluxprofessional.com\/no\/#website","url":"https:\/\/www.electroluxprofessional.com\/no\/","name":"Electrolux Professional Norge","description":"","potentialAction":[{"@type":"SearchAction","target":{"@type":"EntryPoint","urlTemplate":"https:\/\/www.electroluxprofessional.com\/no\/?src={search_term_string}"},"query-input":"required name=search_term_string"}],"inLanguage":"nb-NO"}]}},"_links":{"self":[{"href":"https:\/\/www.electroluxprofessional.com\/no\/wp-json\/wp\/v2\/pages\/9090"}],"collection":[{"href":"https:\/\/www.electroluxprofessional.com\/no\/wp-json\/wp\/v2\/pages"}],"about":[{"href":"https:\/\/www.electroluxprofessional.com\/no\/wp-json\/wp\/v2\/types\/page"}],"author":[{"embeddable":true,"href":"https:\/\/www.electroluxprofessional.com\/no\/wp-json\/wp\/v2\/users\/3"}],"replies":[{"embeddable":true,"href":"https:\/\/www.electroluxprofessional.com\/no\/wp-json\/wp\/v2\/comments?post=9090"}],"version-history":[{"count":12,"href":"https:\/\/www.electroluxprofessional.com\/no\/wp-json\/wp\/v2\/pages\/9090\/revisions"}],"predecessor-version":[{"id":14828,"href":"https:\/\/www.electroluxprofessional.com\/no\/wp-json\/wp\/v2\/pages\/9090\/revisions\/14828"}],"up":[{"embeddable":true,"href":"https:\/\/www.electroluxprofessional.com\/no\/wp-json\/wp\/v2\/pages\/1284"}],"wp:featuredmedia":[{"embeddable":true,"href":"https:\/\/www.electroluxprofessional.com\/no\/wp-json\/wp\/v2\/media\/8805"}],"wp:attachment":[{"href":"https:\/\/www.electroluxprofessional.com\/no\/wp-json\/wp\/v2\/media?parent=9090"}],"curies":[{"name":"wp","href":"https:\/\/api.w.org\/{rel}","templated":true}]}}