{"id":8195,"date":"2019-10-10T09:30:13","date_gmt":"2019-10-10T07:30:13","guid":{"rendered":"https:\/\/www.electroluxprofessional.com\/?page_id=25737"},"modified":"2025-11-05T13:49:12","modified_gmt":"2025-11-05T13:49:12","slug":"mypro-vask-tork-og-rulle","status":"publish","type":"page","link":"https:\/\/www.electroluxprofessional.com\/no\/vaskeri\/mypro-vask-tork-og-rulle\/","title":{"rendered":"myPRO, vask, t\u00f8rk og ruller til mindre bedrifter"},"content":{"rendered":"<p>[vc_row full_width=&#8221;electroluxpro-full-width-no-padding&#8221; css=&#8221;.vc_custom_1618190492558{margin-top: -20px !important;}&#8221;][vc_column][elx_full_banner title=&#8221;myPRO et profesjonelt hjerte for mindre bedrifter&#8221; background_image_media_library=&#8221;8194&#8243; background_image_media_library_mobile=&#8221;34074&#8243; link=&#8221;url:%23contact|title:Les%20mer||rel:nofollow&#8221;][elx_download_block text=&#8221;Last ned myPRO brosjyre&#8221; link=&#8221;https:\/\/tools.electroluxprofessional.com\/Mirror\/Doc\/CLF\/CLF_CLF-9JE00009_1_5_1_15_EPR-leaflet-mypro-GENERAL-INFO_2021_LR.pdf&#8221; background_color=&#8221;electrolux-blue&#8221;][\/vc_column][\/vc_row][vc_row][vc_column][elx_heading font_container=&#8221;h1&#8243; text_color=&#8221;inherit&#8221; text_align=&#8221;text-left&#8221;]Vaskemaskin, t\u00f8rketrommel og damprulle for mindre bedrifter og behov[\/elx_heading][vc_empty_space][\/vc_column][\/vc_row][vc_row][vc_column width=&#8221;1\/2&#8243;][vc_empty_space][vc_column_text]<\/p>\n<ul>\n<li>Er din husholdningsmaskin ikke rask og robust nok til deres bruk og behov?<\/li>\n<li>Er du p\u00e5 jakt etter en profesjonell l\u00f8sning til et fornuftig budsjett?<\/li>\n<\/ul>\n<p>[\/vc_column_text][vc_empty_space][vc_column_text]myPRO er Electrolux Professional sin l\u00f8sning mot <strong>mindre bedrifter <\/strong>som trenger <strong>vaskemaskiner<\/strong><strong>, t\u00f8rketromler og dampruller<\/strong> som er\u00a0<strong>mer robuste<\/strong> og <strong>raskere <\/strong>enn standard husholdningsmaskiner.[\/vc_column_text][vc_empty_space][vc_column_text]<i class=\"fa fa-angle-right\"><\/i>\u00a0Lengre levetid \u2013 opptil 3 ganger lenger *<br \/>\n<i class=\"fa fa-angle-right\"><\/i>\u00a0Super Speed \u2013 opptil 50% raskere **<br \/>\n<i class=\"fa fa-angle-right\"><\/i>\u00a0Utmerkede resultater &#8211; hver gang<br \/>\nMaksimal fleksibilitet \u2013 takket v\u00e6re profesjonelle program<br \/>\n<i class=\"fa fa-angle-right\"><\/i>\u00a0Garanti som for profesjonelle produkter \u2013 i henhold til lokale regler<\/p>\n<p><span style=\"font-size: small;\">* Sammenlignet med husholdningsmaskiner<br \/>\n** Vaskemaskinen<\/span>[\/vc_column_text][vc_empty_space][\/vc_column][vc_column width=&#8221;1\/2&#8243;][vc_single_image image=&#8221;8184&#8243; img_size=&#8221;full&#8221;][\/vc_column][\/vc_row][vc_row][vc_column width=&#8221;1\/3&#8243;][vc_empty_space][elx_heading text_color=&#8221;inherit&#8221;]Lavere forbruk, ekstra besparelser[\/elx_heading][vc_empty_space][vc_column_text]Electrolux Professional utvikler l\u00f8sninger som bidrar til \u00e5 redusere driftskostnadene[\/vc_column_text][\/vc_column][vc_column width=&#8221;2\/3&#8243; css=&#8221;.vc_custom_1480692619788{padding-top: 50px !important;}&#8221;][elx_image_block background_image=&#8221;8183&#8243; minimum_height=&#8221;400px&#8221;][vc_empty_space height=&#8221;50px&#8221;][\/vc_column][\/vc_row][vc_row][vc_column][elx_heading text_color=&#8221;inherit&#8221;]Robuste og rimelige l\u00f8sninger til mindre bedrifter[\/elx_heading][vc_column_text css=&#8221;.vc_custom_1627562424726{padding-top: 20px !important;}&#8221;]SPA- og skj\u00f8nnhetssalonger, B&amp;B og mindre overnattingssteder, organisasjoner m.m drar kanskje fordeler av \u00e5 velge en &#8220;smart&#8221; profesjonell vaskeril\u00f8sninger som er <strong>raskere<\/strong> og mer <strong>robust <\/strong>enn tradisjonelle husholdningsmaskiner.[\/vc_column_text][vc_empty_space][\/vc_column][\/vc_row][vc_row][vc_column width=&#8221;1\/3&#8243;][vc_single_image image=&#8221;4504&#8243; img_size=&#8221;80&#215;80&#8243;][elx_heading font_container=&#8221;h3&#8243; text_color=&#8221;inherit&#8221;]Topp kvalitet, lenger levetid[\/elx_heading][vc_column_text]Vaskemaskiner og t\u00f8rketromler er utviklet for <strong>3 ganger s\u00e5 lang levetid<\/strong> sammenlignet med tradisjonelle husholdningsmaskiner med ulike profesjonelle program for et utmerket vaskeresultat og tekstilpleie.[\/vc_column_text][vc_empty_space][\/vc_column][vc_column width=&#8221;1\/3&#8243;][vc_single_image image=&#8221;4508&#8243; img_size=&#8221;80&#215;80&#8243;][elx_heading font_container=&#8221;h3&#8243; text_color=&#8221;inherit&#8221;]Spar vann, energi og driftskostnader[\/elx_heading][vc_column_text]<strong>SpeedCare trommel <\/strong>for en f\u00f8rsteklasses uttrekk av vann som gir kortere t\u00f8rketid med <strong>Automatic Moisture Control<\/strong>.[\/vc_column_text][vc_empty_space][\/vc_column][vc_column width=&#8221;1\/3&#8243;][vc_single_image image=&#8221;4512&#8243; img_size=&#8221;80&#215;80&#8243;][elx_heading font_container=&#8221;h3&#8243; text_color=&#8221;inherit&#8221;]Ypperlig hygiene og maksimal bekvemmelighet.[\/elx_heading][vc_column_text]Topp i rustfritt st\u00e5l som er grei og enkel \u00e5 rengj\u00f8re. Front med en spesialdesignet stor d\u00f8rluke. <strong>Fordeler for deg til en fornuftig kostnad.<\/strong>[\/vc_column_text][vc_empty_space][\/vc_column][\/vc_row][vc_row css=&#8221;.vc_custom_1572441069108{background-color: #eeeeee !important;}&#8221;][vc_column][vc_empty_space][elx_heading text_color=&#8221;inherit&#8221;]Se hvilken vaskeril\u00f8sning som passer ditt behov[\/elx_heading][\/vc_column][vc_column width=&#8221;1\/4&#8243;][vc_empty_space height=&#8221;20px&#8221;][elx_simple_link_block link=&#8221;url:https%3A%2F%2Fwww.electroluxprofessional.com%2Fno%2Ffrontmatede-vaskemaskiner%2F|||&#8221; text_align=&#8221;text-left&#8221; text_color=&#8221;inherit&#8221; background_color=&#8221;inherit&#8221; background_hover_color=&#8221;darker-hover&#8221; extra_class=&#8221;&#8221; reveal_effect=&#8221;&#8221; reveal_duration=&#8221;&#8221; reveal_delay=&#8221;&#8221;][elx_heading font_container=&#8221;h3&#8243; text_color=&#8221;inherit&#8221; text_align=&#8221;text-left&#8221; css=&#8221;.vc_custom_1627565896067{border-radius: 15px !important;}&#8221;]Husholdningsmaskin[\/elx_heading][vc_column_text]<strong>2.500 vaskesykluser<\/strong>[\/vc_column_text][vc_single_image image=&#8221;8185&#8243; img_size=&#8221;full&#8221; css=&#8221;.vc_custom_1619098482827{padding-top: 20px !important;padding-right: 20px !important;padding-bottom: 20px !important;}&#8221;][\/elx_simple_link_block][\/vc_column][vc_column width=&#8221;1\/4&#8243;][vc_empty_space height=&#8221;20px&#8221;][elx_simple_link_block link=&#8221;url:https%3A%2F%2Fwww.electroluxprofessional.com%2Fno%2Ffrontmatede-vaskemaskiner%2F|title:myPRO%20washers%2C%20dryers%20and%20steam%20ironers%20for%20small%20businesses||&#8221; text_align=&#8221;text-left&#8221; text_color=&#8221;inherit&#8221; background_color=&#8221;inherit&#8221; background_hover_color=&#8221;darker-hover&#8221; extra_class=&#8221;&#8221; reveal_effect=&#8221;&#8221; reveal_duration=&#8221;&#8221; reveal_delay=&#8221;&#8221;][elx_heading font_container=&#8221;h3&#8243; text_color=&#8221;inherit&#8221;]myPRO 8kg[\/elx_heading][vc_column_text]<strong>7.500 vaskesykluser<\/strong>[\/vc_column_text][vc_single_image image=&#8221;8186&#8243; img_size=&#8221;full&#8221; css=&#8221;.vc_custom_1618188328110{padding-top: 20px !important;padding-right: 20px !important;padding-bottom: 20px !important;}&#8221;][\/elx_simple_link_block][\/vc_column][vc_column width=&#8221;1\/4&#8243;][vc_empty_space height=&#8221;20px&#8221;][elx_simple_link_block link=&#8221;url:https%3A%2F%2Fwww.electroluxprofessional.com%2Fno%2Ffrontmatede-vaskemaskiner%2F|title:Commercial%20washers||&#8221; text_align=&#8221;text-left&#8221; text_color=&#8221;inherit&#8221; background_color=&#8221;inherit&#8221; background_hover_color=&#8221;darker-hover&#8221; extra_class=&#8221;&#8221; reveal_effect=&#8221;&#8221; reveal_duration=&#8221;&#8221; reveal_delay=&#8221;&#8221;][elx_heading font_container=&#8221;h3&#8243; text_color=&#8221;inherit&#8221;]Kommersielle[\/elx_heading][vc_column_text]<strong>+30.000 vaskesykluser<\/strong>[\/vc_column_text][vc_single_image image=&#8221;8188&#8243; img_size=&#8221;full&#8221; css=&#8221;.vc_custom_1612517579149{padding-top: 20px !important;padding-right: 20px !important;padding-bottom: 20px !important;}&#8221;][\/elx_simple_link_block][\/vc_column][vc_column][vc_empty_space][\/vc_column][\/vc_row][vc_row el_id=&#8221;myassistant&#8221;][vc_column][vc_empty_space][elx_heading text_color=&#8221;inherit&#8221;]myPRO online assistent[\/elx_heading][vc_column_text]F\u00e5 det meste ut av din myPRO og myPROzip vaskemaskin, t\u00f8rketrommel og rulle.<br \/>\nHer har vi samlet en del oppl\u00e6rings- og informasjonsfilmer m.m..<br \/>\nIkke n\u00f8l med \u00e5 ta kontakt med oss dersom du har behov for mer informasjon eller hjelp.[\/vc_column_text][\/vc_column][\/vc_row][vc_row][vc_column][elx_heading font_container=&#8221;h3&#8243; text_color=&#8221;inherit&#8221;]Oppl\u00e6ringsvideoer[\/elx_heading][\/vc_column][\/vc_row][vc_row][vc_column width=&#8221;1\/2&#8243;][elx_heading font_container=&#8221;h4&#8243; text_color=&#8221;inherit&#8221;]Installasjon\/montasje[\/elx_heading][vc_single_image image=&#8221;4517&#8243; img_size=&#8221;large&#8221;][vc_empty_space][vc_row_inner equal_height=&#8221;yes&#8221; content_placement=&#8221;top&#8221;][vc_column_inner width=&#8221;1\/2&#8243; css=&#8221;.vc_custom_1572261369325{margin-right: 1px !important;margin-bottom: 2px !important;margin-left: 1px !important;background-color: #eeeeee !important;}&#8221;][elx_video_block video_link=&#8221;https:\/\/www.youtube.com\/embed\/sc1IOSVYNEA&#8221; minimum_height=&#8221;100px&#8221;][vc_column_text]<\/p>\n<p style=\"text-align: center;\">Montering av vaskemaskin med avl\u00f8psventil<\/p>\n<p>[\/vc_column_text][\/vc_column_inner][vc_column_inner width=&#8221;1\/2&#8243; css=&#8221;.vc_custom_1572261414038{margin-right: 1px !important;margin-bottom: 2px !important;margin-left: 1px !important;background-color: #eeeeee !important;}&#8221;][elx_video_block video_link=&#8221;https:\/\/www.youtube.com\/watch?v=qZVYAP9MvAY&#8221; minimum_height=&#8221;100px&#8221;][vc_column_text]<\/p>\n<p style=\"text-align: center;\">Montering av vaskemaskin med avl\u00f8pspumpe<\/p>\n<p>[\/vc_column_text][\/vc_column_inner][\/vc_row_inner][vc_row_inner equal_height=&#8221;yes&#8221; content_placement=&#8221;top&#8221;][vc_column_inner width=&#8221;1\/2&#8243; css=&#8221;.vc_custom_1572261265571{margin-right: 1px !important;margin-left: 1px !important;background-color: #eeeeee !important;}&#8221;][elx_video_block video_link=&#8221;https:\/\/www.youtube.com\/watch?v=CsdAuR8lJuQ&#8221; minimum_height=&#8221;100px&#8221;][vc_column_text]<\/p>\n<p style=\"text-align: center;\">Montering av stableramme<\/p>\n<p>[\/vc_column_text][\/vc_column_inner][vc_column_inner width=&#8221;1\/2&#8243; css=&#8221;.vc_custom_1572261284444{margin-right: 1px !important;margin-left: 1px !important;background-color: #eeeeee !important;}&#8221;][elx_video_block video_link=&#8221;https:\/\/www.youtube.com\/watch?v=wSMxXKyS3Fg&#8221; minimum_height=&#8221;100px&#8221;][vc_column_text]<\/p>\n<p style=\"text-align: center;\">Montering av sokkel<\/p>\n<p>[\/vc_column_text][\/vc_column_inner][\/vc_row_inner][elx_heading font_container=&#8221;h3&#8243; text_color=&#8221;inherit&#8221;]FAQ myPRO vaskemaskin[\/elx_heading][\/vc_column][vc_column width=&#8221;1\/2&#8243;][elx_heading font_container=&#8221;h4&#8243; text_color=&#8221;inherit&#8221;]Daglig bruk[\/elx_heading][vc_single_image image=&#8221;4519&#8243; img_size=&#8221;large&#8221;][vc_empty_space][vc_row_inner equal_height=&#8221;yes&#8221; content_placement=&#8221;top&#8221; css=&#8221;.vc_custom_1572261378262{margin-bottom: 2px !important;}&#8221;][vc_column_inner width=&#8221;1\/2&#8243; css=&#8221;.vc_custom_1572261591839{margin-right: 1px !important;margin-bottom: 1px !important;margin-left: 1px !important;background-color: #eeeeee !important;}&#8221;][elx_video_block video_link=&#8221;https:\/\/www.youtube.com\/watch?v=ESPBN2YmyxA&#8221; minimum_height=&#8221;100px&#8221;][vc_column_text]<\/p>\n<p style=\"text-align: center;\">Velg program og start maskinen<\/p>\n<p>[\/vc_column_text][\/vc_column_inner][vc_column_inner width=&#8221;1\/2&#8243; css=&#8221;.vc_custom_1572261598439{margin-right: 1px !important;margin-bottom: 1px !important;margin-left: 1px !important;background-color: #eeeeee !important;}&#8221;][elx_video_block video_link=&#8221;https:\/\/www.youtube.com\/watch?v=8-SXImq3Hj4&#8243; minimum_height=&#8221;100px&#8221;][vc_column_text]<\/p>\n<p style=\"text-align: center;\">Endre side d\u00f8rhengsel p\u00e5 t\u00f8rketrommel<\/p>\n<p>[\/vc_column_text][\/vc_column_inner][\/vc_row_inner][vc_row_inner equal_height=&#8221;yes&#8221; content_placement=&#8221;top&#8221;][vc_column_inner width=&#8221;1\/2&#8243; css=&#8221;.vc_custom_1572261608351{margin-right: 1px !important;margin-bottom: 1px !important;margin-left: 1px !important;background-color: #eeeeee !important;}&#8221;][elx_video_block video_link=&#8221;https:\/\/www.youtube.com\/watch?v=sTAlhKw8-bE&#8221; minimum_height=&#8221;100px&#8221;][vc_column_text]<\/p>\n<p style=\"text-align: center;\">Rengj\u00f8ring av vaskemaskinens pumpefilter<\/p>\n<p>[\/vc_column_text][\/vc_column_inner][vc_column_inner width=&#8221;1\/2&#8243; css=&#8221;.vc_custom_1572261615055{margin-right: 1px !important;margin-bottom: 1px !important;margin-left: 1px !important;background-color: #eeeeee !important;}&#8221;][elx_video_block video_link=&#8221;https:\/\/www.youtube.com\/watch?v=QZlDLCAjf1E&#8221; minimum_height=&#8221;100px&#8221;][vc_column_text]<\/p>\n<p style=\"text-align: center;\">Rengj\u00f8ring av filter i t\u00f8rketrommelen og kondensenheten<\/p>\n<p>[\/vc_column_text][\/vc_column_inner][\/vc_row_inner][vc_row_inner equal_height=&#8221;yes&#8221; content_placement=&#8221;top&#8221;][vc_column_inner width=&#8221;1\/2&#8243; css=&#8221;.vc_custom_1572261476662{margin-right: 1px !important;margin-left: 1px !important;background-color: #eeeeee !important;}&#8221;][elx_video_block video_link=&#8221;https:\/\/www.youtube.com\/watch?v=1Qw3yf8EhA4&amp;t=5s&#8221; minimum_height=&#8221;100px&#8221;][vc_column_text]<\/p>\n<p style=\"text-align: center;\">Hvordan bruke damprullen<\/p>\n<p>[\/vc_column_text][\/vc_column_inner][vc_column_inner width=&#8221;1\/2&#8243;][\/vc_column_inner][\/vc_row_inner][\/vc_column][\/vc_row][vc_row full_width=&#8221;electroluxpro-full-width&#8221;][vc_column][vc_empty_space][elx_hero_slider label_text_color=&#8221;inherit&#8221; images=&#8221;8190&#8243;][elx_heading text_color=&#8221;inherit&#8221;]Et profesjonelt hjerte for mindre hotell, B&amp;B og restauranter[\/elx_heading][vc_column_text]T\u00f8ffe flekker p\u00e5 duker, kostnader for \u00e5 sende de ut til et kommersielt vaskeri, kostnader for \u00e5 outsource vask av senget\u00f8y, t\u00f8rket og levert tilbake til rett tid. Alle disse gj\u00f8rem\u00e5lene er en daglig utfordringer for mindre hoteller, B&amp;B og restauranter der tradisjonelle husholdningsmaskiner ikke helt m\u00f8ter deres krav.[\/vc_column_text][\/elx_hero_slider][vc_empty_space][\/vc_column][\/vc_row][vc_row full_width=&#8221;electroluxpro-full-width&#8221;][vc_column][vc_empty_space][elx_hero_slider text_position=&#8221;hero_slider_text_align_right&#8221; label_text_color=&#8221;inherit&#8221; images=&#8221;8191&#8243;][elx_heading text_color=&#8221;inherit&#8221;]Et profesjonelt hjerte for Facility Management-bedrifter[\/elx_heading][vc_column_text]Vask av mopper og kluter fra rengj\u00f8ring i kontorlandskap\u00a0 anbefales ikke bruk av husholdningsmaskiner. De g\u00e5r ofte raskt i stykker p\u00e5 grunn av mye skitt, smuss, grus og lo. Det kan v\u00e6re en utfordring \u00e5 f\u00e5 moppenen rene nok til \u00e5 best\u00e5 revisjoner.[\/vc_column_text][\/elx_hero_slider][vc_empty_space][\/vc_column][\/vc_row][vc_row full_width=&#8221;electroluxpro-full-width&#8221;][vc_column][vc_empty_space][elx_hero_slider label_text_color=&#8221;inherit&#8221; images=&#8221;8192&#8243;][elx_heading text_color=&#8221;inherit&#8221;]Et profesjonelt hjerte for fris\u00f8r- og skj\u00f8nnhetssalonger og veterin\u00e6rer[\/elx_heading][vc_column_text]Lange program og tilstoppede r\u00f8r kan v\u00e6re hindringer ved bruk av husholdningsmaskiner som ikke er egnet til vask av h\u00e5r, pels og mye olje i tekstilene. Velg derfor en l\u00f8sning som er mer egnet til dette behovet.[\/vc_column_text][\/elx_hero_slider][vc_empty_space][\/vc_column][\/vc_row][vc_row full_width=&#8221;electroluxpro-full-width&#8221;][vc_column][vc_empty_space][elx_hero_slider text_position=&#8221;hero_slider_text_align_right&#8221; label_text_color=&#8221;inherit&#8221; images=&#8221;8193&#8243;][elx_heading text_color=&#8221;inherit&#8221;]Et profesjonelt hjerte for idrettsklubber og treningssentere[\/elx_heading][vc_column_text]<\/p>\n<p id=\"tw-target-text\" class=\"tw-data-text tw-text-large XcVN5d tw-ta\" dir=\"ltr\" data-placeholder=\"Oversettelse\"><span class=\"Y2IQFc\" lang=\"no\">For idrettslag er det ikke alltid s\u00e5 enkelt \u00e5 sikre at treningst\u00f8y, klubbdrakter og h\u00e5ndkl\u00e6r er rene og friske i tide til \u00e5 brukes. Gjenstridige gress-, smuss- og svetteflekker er ofte mer enn vanlige husholdningsmaskiner t\u00e5ler.<\/span><\/p>\n<p>[\/vc_column_text][\/elx_hero_slider][vc_empty_space][\/vc_column][\/vc_row][vc_row el_id=&#8221;#contact&#8221;][vc_column][vc_empty_space][elx_heading text_color=&#8221;inherit&#8221;]Kontakt oss for mer informasjon p\u00e5 myPRO vask, t\u00f8rk eller rulle for mindre bedrifter og behov.[\/elx_heading][vc_empty_space][elx_o2000_contact_us r=&#8221;Jeg \u00f8nsker \u00e5 vite mer om myPRO&#8221; s=&#8221;Informasjon myPRO&#8221; campaign=&#8221;7015p000001ZlqxAAC&#8221; text_send_button=&#8221;Mer info om myPRO produkter&#8221; country=&#8221;Norway&#8221; b=&#8221;laundry-semi-professional&#8221; l=&#8221;en&#8221;][vc_empty_space][\/vc_column][\/vc_row][vc_row css=&#8221;.vc_custom_1534772259989{background-color: #eeeeee !important;}&#8221;][vc_column width=&#8221;2\/3&#8243;][elx_heading font_size=&#8221;h3&#8243; text_color=&#8221;inherit&#8221;]P\u00e5 jakt etter en mer produktiv l\u00f8sning?[\/elx_heading][elx_heading font_container=&#8221;h3&#8243; font_size=&#8221;h5&#8243; text_color=&#8221;inherit&#8221;]Se v\u00e5re frontmatede vaskemaskiner &#8211; helprofesjonelle[\/elx_heading][vc_column_text]Electrolux Professional tilbyr et omfattende utvalg og l\u00f8sninger for dine profesjonelle vaskeribehov.[\/vc_column_text][vc_empty_space][elx_button button_text=&#8221;Les mer om v\u00e5re profesjonelle l\u00f8sninger&#8221; button_style=&#8221;icon&#8221; button_link=&#8221;url:https%3A%2F%2Fwww.electroluxprofessional.com%2Fno%2Ffrontmatede-vaskemaskiner%2F|title:Frontmatede%20vaskemaskiner%20||&#8221;][vc_empty_space][\/vc_column][vc_column width=&#8221;1\/3&#8243;][vc_single_image image=&#8221;8160&#8243; img_size=&#8221;full&#8221; onclick=&#8221;custom_link&#8221; link=&#8221;http:\/\/https:\/\/www.electroluxprofessional.com\/no\/your-business\/commercial-laundries\/&#8221;][vc_empty_space][\/vc_column][\/vc_row][vc_row][vc_column][\/vc_column][\/vc_row]<\/p>\n","protected":false},"excerpt":{"rendered":"<p>[vc_row full_width=&#8221;electroluxpro-full-width-no-padding&#8221; css=&#8221;.vc_custom_1618190492558{margin-top: -20px !important;}&#8221;][vc_column][elx_full_banner title=&#8221;myPRO et profesjonelt hjerte for mindre bedrifter&#8221; background_image_media_library=&#8221;8194&#8243; background_image_media_library_mobile=&#8221;34074&#8243; link=&#8221;url:%23contact|title:Les%20mer||rel:nofollow&#8221;][elx_download_block text=&#8221;Last ned myPRO brosjyre&#8221; link=&#8221;https:\/\/tools.electroluxprofessional.com\/Mirror\/Doc\/CLF\/CLF_CLF-9JE00009_1_5_1_15_EPR-leaflet-mypro-GENERAL-INFO_2021_LR.pdf&#8221; background_color=&#8221;electrolux-blue&#8221;][\/vc_column][\/vc_row][vc_row][vc_column][elx_heading font_container=&#8221;h1&#8243; text_color=&#8221;inherit&#8221; text_align=&#8221;text-left&#8221;]Vaskemaskin, t\u00f8rketrommel og damprulle for mindre bedrifter og behov[\/elx_heading][vc_empty_space][\/vc_column][\/vc_row][vc_row][vc_column width=&#8221;1\/2&#8243;][vc_empty_space][vc_column_text] Er din husholdningsmaskin ikke rask og robust nok til deres bruk og behov? Er du p\u00e5 jakt etter en profesjonell l\u00f8sning til [&hellip;]<\/p>\n","protected":false},"author":3,"featured_media":4491,"parent":1184,"menu_order":0,"comment_status":"closed","ping_status":"closed","template":"","meta":{"footnotes":""},"class_list":["post-8195","page","type-page","status-publish","has-post-thumbnail","hentry"],"acf":[],"yoast_head":"<!-- This site is optimized with the Yoast SEO plugin v23.3 - https:\/\/yoast.com\/wordpress\/plugins\/seo\/ -->\n<title>myPRO vask, t\u00f8rk og ruller for mindre bedrifter<\/title>\n<meta name=\"description\" content=\"myPRO vaskemaskiner, t\u00f8rketromler og dampruller for mindre bedrifter og behov. myPRO er Electrolux Professional sin produktlinje for mindre bedrifter som trenger en mer robust og raskere vaskeril\u00f8sning enn tradisjonelle husholdningsmaskiner.\" \/>\n<meta name=\"robots\" content=\"index, follow, max-snippet:-1, max-image-preview:large, max-video-preview:-1\" \/>\n<link rel=\"canonical\" href=\"https:\/\/www.electroluxprofessional.com\/no\/vaskeri\/mypro-vask-tork-og-rulle\/\" \/>\n<meta property=\"og:locale\" content=\"nb_NO\" \/>\n<meta property=\"og:type\" content=\"article\" \/>\n<meta property=\"og:title\" content=\"myPRO vask, t\u00f8rk og ruller for mindre bedrifter\" \/>\n<meta property=\"og:description\" content=\"myPRO vaskemaskiner, t\u00f8rketromler og dampruller for mindre bedrifter og behov. myPRO er Electrolux Professional sin produktlinje for mindre bedrifter som trenger en mer robust og raskere vaskeril\u00f8sning enn tradisjonelle husholdningsmaskiner.\" \/>\n<meta property=\"og:url\" content=\"https:\/\/www.electroluxprofessional.com\/no\/vaskeri\/mypro-vask-tork-og-rulle\/\" \/>\n<meta property=\"og:site_name\" content=\"Electrolux Professional Norge\" \/>\n<meta property=\"article:modified_time\" content=\"2025-11-05T13:49:12+00:00\" \/>\n<meta property=\"og:image\" content=\"https:\/\/www.electroluxprofessional.com\/no\/wp-content\/uploads\/2019\/10\/myPRO-featured.jpg\" \/>\n\t<meta property=\"og:image:width\" content=\"700\" \/>\n\t<meta property=\"og:image:height\" content=\"400\" \/>\n\t<meta property=\"og:image:type\" content=\"image\/jpeg\" \/>\n<meta name=\"twitter:card\" content=\"summary_large_image\" \/>\n<meta name=\"twitter:label1\" content=\"Ansl. lesetid\" \/>\n\t<meta name=\"twitter:data1\" content=\"5 minutter\" \/>\n<script type=\"application\/ld+json\" class=\"yoast-schema-graph\">{\"@context\":\"https:\/\/schema.org\",\"@graph\":[{\"@type\":\"WebPage\",\"@id\":\"https:\/\/www.electroluxprofessional.com\/no\/vaskeri\/mypro-vask-tork-og-rulle\/\",\"url\":\"https:\/\/www.electroluxprofessional.com\/no\/vaskeri\/mypro-vask-tork-og-rulle\/\",\"name\":\"myPRO vask, t\u00f8rk og ruller for mindre bedrifter\",\"isPartOf\":{\"@id\":\"https:\/\/www.electroluxprofessional.com\/no\/#website\"},\"primaryImageOfPage\":{\"@id\":\"https:\/\/www.electroluxprofessional.com\/no\/vaskeri\/mypro-vask-tork-og-rulle\/#primaryimage\"},\"image\":{\"@id\":\"https:\/\/www.electroluxprofessional.com\/no\/vaskeri\/mypro-vask-tork-og-rulle\/#primaryimage\"},\"thumbnailUrl\":\"https:\/\/www.electroluxprofessional.com\/no\/wp-content\/uploads\/2019\/10\/myPRO-featured.jpg\",\"datePublished\":\"2019-10-10T07:30:13+00:00\",\"dateModified\":\"2025-11-05T13:49:12+00:00\",\"description\":\"myPRO vaskemaskiner, t\u00f8rketromler og dampruller for mindre bedrifter og behov. myPRO er Electrolux Professional sin produktlinje for mindre bedrifter som trenger en mer robust og raskere vaskeril\u00f8sning enn tradisjonelle husholdningsmaskiner.\",\"breadcrumb\":{\"@id\":\"https:\/\/www.electroluxprofessional.com\/no\/vaskeri\/mypro-vask-tork-og-rulle\/#breadcrumb\"},\"inLanguage\":\"nb-NO\",\"potentialAction\":[{\"@type\":\"ReadAction\",\"target\":[\"https:\/\/www.electroluxprofessional.com\/no\/vaskeri\/mypro-vask-tork-og-rulle\/\"]}]},{\"@type\":\"ImageObject\",\"inLanguage\":\"nb-NO\",\"@id\":\"https:\/\/www.electroluxprofessional.com\/no\/vaskeri\/mypro-vask-tork-og-rulle\/#primaryimage\",\"url\":\"https:\/\/www.electroluxprofessional.com\/no\/wp-content\/uploads\/2019\/10\/myPRO-featured.jpg\",\"contentUrl\":\"https:\/\/www.electroluxprofessional.com\/no\/wp-content\/uploads\/2019\/10\/myPRO-featured.jpg\",\"width\":700,\"height\":400,\"caption\":\"myPRO for small businesses\"},{\"@type\":\"BreadcrumbList\",\"@id\":\"https:\/\/www.electroluxprofessional.com\/no\/vaskeri\/mypro-vask-tork-og-rulle\/#breadcrumb\",\"itemListElement\":[{\"@type\":\"ListItem\",\"position\":1,\"name\":\"Home\",\"item\":\"https:\/\/www.electroluxprofessional.com\/no\/\"},{\"@type\":\"ListItem\",\"position\":2,\"name\":\"Vaskeri\",\"item\":\"https:\/\/www.electroluxprofessional.com\/no\/vaskeri\/\"},{\"@type\":\"ListItem\",\"position\":3,\"name\":\"myPRO, vask, t\u00f8rk og ruller til mindre bedrifter\"}]},{\"@type\":\"WebSite\",\"@id\":\"https:\/\/www.electroluxprofessional.com\/no\/#website\",\"url\":\"https:\/\/www.electroluxprofessional.com\/no\/\",\"name\":\"Electrolux Professional Norge\",\"description\":\"\",\"potentialAction\":[{\"@type\":\"SearchAction\",\"target\":{\"@type\":\"EntryPoint\",\"urlTemplate\":\"https:\/\/www.electroluxprofessional.com\/no\/?src={search_term_string}\"},\"query-input\":\"required name=search_term_string\"}],\"inLanguage\":\"nb-NO\"}]}<\/script>\n<!-- \/ Yoast SEO plugin. -->","yoast_head_json":{"title":"myPRO vask, t\u00f8rk og ruller for mindre bedrifter","description":"myPRO vaskemaskiner, t\u00f8rketromler og dampruller for mindre bedrifter og behov. myPRO er Electrolux Professional sin produktlinje for mindre bedrifter som trenger en mer robust og raskere vaskeril\u00f8sning enn tradisjonelle husholdningsmaskiner.","robots":{"index":"index","follow":"follow","max-snippet":"max-snippet:-1","max-image-preview":"max-image-preview:large","max-video-preview":"max-video-preview:-1"},"canonical":"https:\/\/www.electroluxprofessional.com\/no\/vaskeri\/mypro-vask-tork-og-rulle\/","og_locale":"nb_NO","og_type":"article","og_title":"myPRO vask, t\u00f8rk og ruller for mindre bedrifter","og_description":"myPRO vaskemaskiner, t\u00f8rketromler og dampruller for mindre bedrifter og behov. myPRO er Electrolux Professional sin produktlinje for mindre bedrifter som trenger en mer robust og raskere vaskeril\u00f8sning enn tradisjonelle husholdningsmaskiner.","og_url":"https:\/\/www.electroluxprofessional.com\/no\/vaskeri\/mypro-vask-tork-og-rulle\/","og_site_name":"Electrolux Professional Norge","article_modified_time":"2025-11-05T13:49:12+00:00","og_image":[{"width":700,"height":400,"url":"https:\/\/www.electroluxprofessional.com\/no\/wp-content\/uploads\/2019\/10\/myPRO-featured.jpg","type":"image\/jpeg"}],"twitter_card":"summary_large_image","twitter_misc":{"Ansl. lesetid":"5 minutter"},"schema":{"@context":"https:\/\/schema.org","@graph":[{"@type":"WebPage","@id":"https:\/\/www.electroluxprofessional.com\/no\/vaskeri\/mypro-vask-tork-og-rulle\/","url":"https:\/\/www.electroluxprofessional.com\/no\/vaskeri\/mypro-vask-tork-og-rulle\/","name":"myPRO vask, t\u00f8rk og ruller for mindre bedrifter","isPartOf":{"@id":"https:\/\/www.electroluxprofessional.com\/no\/#website"},"primaryImageOfPage":{"@id":"https:\/\/www.electroluxprofessional.com\/no\/vaskeri\/mypro-vask-tork-og-rulle\/#primaryimage"},"image":{"@id":"https:\/\/www.electroluxprofessional.com\/no\/vaskeri\/mypro-vask-tork-og-rulle\/#primaryimage"},"thumbnailUrl":"https:\/\/www.electroluxprofessional.com\/no\/wp-content\/uploads\/2019\/10\/myPRO-featured.jpg","datePublished":"2019-10-10T07:30:13+00:00","dateModified":"2025-11-05T13:49:12+00:00","description":"myPRO vaskemaskiner, t\u00f8rketromler og dampruller for mindre bedrifter og behov. myPRO er Electrolux Professional sin produktlinje for mindre bedrifter som trenger en mer robust og raskere vaskeril\u00f8sning enn tradisjonelle husholdningsmaskiner.","breadcrumb":{"@id":"https:\/\/www.electroluxprofessional.com\/no\/vaskeri\/mypro-vask-tork-og-rulle\/#breadcrumb"},"inLanguage":"nb-NO","potentialAction":[{"@type":"ReadAction","target":["https:\/\/www.electroluxprofessional.com\/no\/vaskeri\/mypro-vask-tork-og-rulle\/"]}]},{"@type":"ImageObject","inLanguage":"nb-NO","@id":"https:\/\/www.electroluxprofessional.com\/no\/vaskeri\/mypro-vask-tork-og-rulle\/#primaryimage","url":"https:\/\/www.electroluxprofessional.com\/no\/wp-content\/uploads\/2019\/10\/myPRO-featured.jpg","contentUrl":"https:\/\/www.electroluxprofessional.com\/no\/wp-content\/uploads\/2019\/10\/myPRO-featured.jpg","width":700,"height":400,"caption":"myPRO for small businesses"},{"@type":"BreadcrumbList","@id":"https:\/\/www.electroluxprofessional.com\/no\/vaskeri\/mypro-vask-tork-og-rulle\/#breadcrumb","itemListElement":[{"@type":"ListItem","position":1,"name":"Home","item":"https:\/\/www.electroluxprofessional.com\/no\/"},{"@type":"ListItem","position":2,"name":"Vaskeri","item":"https:\/\/www.electroluxprofessional.com\/no\/vaskeri\/"},{"@type":"ListItem","position":3,"name":"myPRO, vask, t\u00f8rk og ruller til mindre bedrifter"}]},{"@type":"WebSite","@id":"https:\/\/www.electroluxprofessional.com\/no\/#website","url":"https:\/\/www.electroluxprofessional.com\/no\/","name":"Electrolux Professional Norge","description":"","potentialAction":[{"@type":"SearchAction","target":{"@type":"EntryPoint","urlTemplate":"https:\/\/www.electroluxprofessional.com\/no\/?src={search_term_string}"},"query-input":"required name=search_term_string"}],"inLanguage":"nb-NO"}]}},"_links":{"self":[{"href":"https:\/\/www.electroluxprofessional.com\/no\/wp-json\/wp\/v2\/pages\/8195"}],"collection":[{"href":"https:\/\/www.electroluxprofessional.com\/no\/wp-json\/wp\/v2\/pages"}],"about":[{"href":"https:\/\/www.electroluxprofessional.com\/no\/wp-json\/wp\/v2\/types\/page"}],"author":[{"embeddable":true,"href":"https:\/\/www.electroluxprofessional.com\/no\/wp-json\/wp\/v2\/users\/3"}],"replies":[{"embeddable":true,"href":"https:\/\/www.electroluxprofessional.com\/no\/wp-json\/wp\/v2\/comments?post=8195"}],"version-history":[{"count":23,"href":"https:\/\/www.electroluxprofessional.com\/no\/wp-json\/wp\/v2\/pages\/8195\/revisions"}],"predecessor-version":[{"id":14855,"href":"https:\/\/www.electroluxprofessional.com\/no\/wp-json\/wp\/v2\/pages\/8195\/revisions\/14855"}],"up":[{"embeddable":true,"href":"https:\/\/www.electroluxprofessional.com\/no\/wp-json\/wp\/v2\/pages\/1184"}],"wp:featuredmedia":[{"embeddable":true,"href":"https:\/\/www.electroluxprofessional.com\/no\/wp-json\/wp\/v2\/media\/4491"}],"wp:attachment":[{"href":"https:\/\/www.electroluxprofessional.com\/no\/wp-json\/wp\/v2\/media?parent=8195"}],"curies":[{"name":"wp","href":"https:\/\/api.w.org\/{rel}","templated":true}]}}