{"id":7030,"date":"2021-02-23T11:06:06","date_gmt":"2021-02-23T11:06:06","guid":{"rendered":"https:\/\/www.electroluxprofessional.com\/?page_id=33585"},"modified":"2025-11-05T13:42:00","modified_gmt":"2025-11-05T13:42:00","slug":"underbenk-oppvaskmaskiner","status":"publish","type":"page","link":"https:\/\/www.electroluxprofessional.com\/no\/underbenk-oppvaskmaskiner\/","title":{"rendered":"Underbenk oppvaskmaskiner"},"content":{"rendered":"<p>[vc_row full_width=&#8221;electroluxpro-full-width-no-padding&#8221; equal_height=&#8221;yes&#8221; css=&#8221;.vc_custom_1604054607517{margin-top: -30px !important;border-top-width: -30px !important;padding-top: -30px !important;}&#8221;][vc_column][elx_full_banner title=&#8221;Underbenk oppvaskmaskiner&#8221; background_image_media_library=&#8221;7026&#8243; background_image_media_library_mobile=&#8221;7011&#8243; link=&#8221;url:%23contact|title:P%C3%A5litelig%2C%20enkel%20og%20sikker&#8221;][\/vc_column][\/vc_row][vc_row css=&#8221;.vc_custom_1610486306003{background-color: #e0e0e0 !important;}&#8221;][vc_column width=&#8221;1\/2&#8243;][vc_empty_space][elx_heading font_size=&#8221;h2&#8243; text_color=&#8221;inherit&#8221; text_align=&#8221;text-left&#8221;]Du snakker\u2026 [\/elx_heading][vc_empty_space][vc_column_text]<\/p>\n<div class=\"page\" title=\"Page 2\">\n<div class=\"section\">\n<div class=\"layoutArea\">\n<div class=\"column\">\n<p style=\"text-align: left;\">Jeg vil gjerne ha en oppvaskmaskin som har et fint design. I tillegg \u00f8nsker jeg et mindre vannforbruk og at jeg hele tiden har oversikt p\u00e5 produktet.<\/p>\n<\/div>\n<\/div>\n<\/div>\n<\/div>\n<p>[\/vc_column_text][vc_empty_space][\/vc_column][vc_column width=&#8221;1\/2&#8243;][vc_empty_space][elx_heading font_size=&#8221;h2&#8243; text_color=&#8221;inherit&#8221; text_align=&#8221;text-left&#8221;]\u2026vi lytter.[\/elx_heading][vc_empty_space][vc_column_text]<\/p>\n<div class=\"page\" title=\"Page 2\">\n<div class=\"section\">\n<div class=\"layoutArea\">\n<div class=\"column\">\n<div class=\"page\" title=\"Page 2\">\n<div class=\"section\">\n<div class=\"layoutArea\">\n<div class=\"column\">\n<p style=\"text-align: left;\">De nye green&amp;clean underbenk oppvaskmaskinene har\u00a0 l\u00f8sninger som er laget for ulike behov. De er spesiallaget for kunder som er s\u00e6rlig opptatt av driftssikkerhet, design, \u00f8konomi og som fortsatt \u00f8nsker det beste resultatet.<\/p>\n<\/div>\n<\/div>\n<\/div>\n<\/div>\n<\/div>\n<\/div>\n<\/div>\n<\/div>\n<p>[\/vc_column_text][vc_empty_space][\/vc_column][\/vc_row][vc_row full_width=&#8221;electroluxpro-container-no-padding&#8221;][vc_column][elx_double_banner title_1=&#8221;Glassvaskere&#8221; text_1=&#8221;&#8221; title_2=&#8221;Underbenk oppvaskmaskin&#8221; text_2=&#8221;&#8221; link_1=&#8221;url:%23glasswashers|title:Les%20mer&#8221; background_image_media_library_1=&#8221;7027&#8243; link_2=&#8221;url:%23undercounter|title:Les%20mer&#8221; background_image_media_library_2=&#8221;7028&#8243; background_image_media_library_mobile_1=&#8221;7027&#8243; background_image_media_library_mobile_2=&#8221;7028&#8243;][vc_empty_space][vc_empty_space][\/vc_column][\/vc_row][vc_row full_width=&#8221;electroluxpro-full-width-no-padding&#8221; el_id=&#8221;glasswashers&#8221;][vc_column][elx_hero_slider text_color=&#8221;electrolux-blue&#8221; label_text_color=&#8221;electrolux-blue&#8221; images=&#8221;7021&#8243;][elx_heading text_color=&#8221;inherit&#8221;]green&amp;clean-glassvaskere[\/elx_heading][vc_column_text]<\/p>\n<div class=\"page\" title=\"Page 5\">\n<div class=\"layoutArea\">\n<div class=\"column\">\n<p>Rask, kompakt og enkel \u00e5 bruke.<\/p>\n<\/div>\n<\/div>\n<\/div>\n<p>[\/vc_column_text][\/elx_hero_slider][elx_download_block text=&#8221;Last ned brosjyre p\u00e5 green&amp;clean underbenk oppvaskmaskiner&#8221; document_type=&#8221;brochures&#8221; file_picker=&#8221;10082&#8243; background_color=&#8221;electrolux-blue&#8221; br_document_number=&#8221;BR-9JE00171&#8243;][vc_empty_space][\/vc_column][\/vc_row][vc_row full_width=&#8221;electroluxpro-container-no-padding&#8221;][vc_column width=&#8221;1\/2&#8243;][elx_heading text_color=&#8221;inherit&#8221;]Rask betjening, forn\u00f8yde kunder og st\u00f8rre fortjeneste[\/elx_heading][vc_empty_space][vc_column_text]<\/p>\n<div class=\"page\" title=\"Page 6\">\n<div class=\"section\">\n<div class=\"layoutArea\">\n<div class=\"column\">\n<p>Kontinuerlig servering \u2013 det er ingen grunn til \u00e5 vente p\u00e5 at glassene skal kj\u00f8le seg ned. Server kalde drikkevarer i kj\u00f8lige og rengjorte glass, takket v\u00e6re det <strong>ekstra<\/strong> kalde skylleprogrammet*.<\/p>\n<\/div>\n<\/div>\n<\/div>\n<\/div>\n<p>[\/vc_column_text][vc_empty_space][vc_row_inner][vc_column_inner width=&#8221;1\/4&#8243;][vc_single_image image=&#8221;7012&#8243;][\/vc_column_inner][vc_column_inner width=&#8221;3\/4&#8243;][elx_heading font_container=&#8221;h1&#8243; font_size=&#8221;h1&#8243; text_color=&#8221;laundry-solutions&#8221;]En konstant skylletemperatur p\u00e5 84 \u00b0C. Den beste hygienen.[\/elx_heading][\/vc_column_inner][\/vc_row_inner][\/vc_column][vc_column width=&#8221;1\/2&#8243;][vc_single_image image=&#8221;7013&#8243; img_size=&#8221;full&#8221;][\/vc_column][vc_column][vc_row_inner][vc_column_inner width=&#8221;1\/2&#8243; css=&#8221;.vc_custom_1610558254635{margin-right: 30px !important;border-right-width: 30px !important;padding-right: 30px !important;}&#8221;][vc_empty_space][vc_single_image image=&#8221;7014&#8243; img_size=&#8221;full&#8221;][vc_empty_space][\/vc_column_inner][vc_column_inner width=&#8221;1\/2&#8243;][elx_heading text_color=&#8221;inherit&#8221;]Hygienegaranti[\/elx_heading][vc_empty_space][vc_column_text]<\/p>\n<div class=\"page\" title=\"Page 6\">\n<div class=\"section\">\n<div class=\"layoutArea\">\n<div class=\"column\">\n<div class=\"page\" title=\"Page 7\">\n<div class=\"section\">\n<div class=\"layoutArea\">\n<div class=\"column\">\n<p>Rengj\u00f8ring- og skyllekvalitet garanteres med green&amp;cleans \u00ab<strong>Wash-Safe Control<\/strong>*\u00bb. N\u00e5r Wash-Safe Control-lampen lyser gr\u00f8nt indikerer det at skyllingen er gjennomf\u00f8rt som planlagt.<br \/>\nWash-Safe Control opprettholder et <strong>konstant skylletrykk og en temperatur p\u00e5 84 \u00b0C.<\/strong><\/p>\n<\/div>\n<\/div>\n<\/div>\n<\/div>\n<\/div>\n<\/div>\n<\/div>\n<\/div>\n<p>[\/vc_column_text][vc_empty_space][\/vc_column_inner][\/vc_row_inner][\/vc_column][\/vc_row][vc_row full_width=&#8221;electroluxpro-full-width-no-padding&#8221;][vc_column width=&#8221;1\/4&#8243;][elx_simple_block][vc_single_image image=&#8221;7015&#8243; img_size=&#8221;200&#215;200&#8243;][elx_heading font_container=&#8221;h6&#8243; text_color=&#8221;inherit&#8221;]Vi tenker alltid p\u00e5 milj\u00f8et[\/elx_heading][vc_column_text]<\/p>\n<p style=\"font-size: 20px;\">Lavt forbruk av energi og vann, samt oppvask- og skyllemiddel. Dobbelt isolert kabinett f\u00f8rer til redusert varmeutslipp*.<\/p>\n<p>[\/vc_column_text][\/elx_simple_block][\/vc_column][vc_column width=&#8221;1\/4&#8243;][elx_simple_block][vc_single_image image=&#8221;7016&#8243;][elx_heading font_container=&#8221;h6&#8243; text_color=&#8221;inherit&#8221;]Utmerket vaske- og skylleprestasjon[\/elx_heading][vc_column_text]<\/p>\n<p style=\"font-size: 20px;\">Takket v\u00e6re doble vaske- og skyllearmer b\u00e5de oppe og nede. Brukeren har alltid rene glass, siden den kalde skyllefunksjonen betyr at glassene er klare umiddelbart etter skyllingen.<\/p>\n<p>[\/vc_column_text][\/elx_simple_block][\/vc_column][vc_column width=&#8221;1\/4&#8243;][elx_simple_block][vc_single_image image=&#8221;7017&#8243;][elx_heading font_container=&#8221;h6&#8243; text_color=&#8221;inherit&#8221;]Hygienegaranti[\/elx_heading][vc_column_text]<\/p>\n<p style=\"font-size: 20px;\">Wash-Safe Control leverer godkjente hygieniske resultater, da skylletemperaturen alltid er 84 grader.<\/p>\n<p>[\/vc_column_text][\/elx_simple_block][\/vc_column][vc_column width=&#8221;1\/4&#8243;][elx_simple_block][vc_single_image image=&#8221;7018&#8243;][elx_heading font_container=&#8221;h6&#8243; text_color=&#8221;inherit&#8221;]Lett \u00e5 bruke og vedlikeholde[\/elx_heading][vc_column_text]<\/p>\n<p style=\"font-size: 20px;\">Den synlige temperaturindikatoren gj\u00f8r at du hele tiden kan kontrollere at alt fungerer som det skal. Trygg og ergonomisk d\u00f8r med motvekt som lett og forsiktig kan \u00e5pnes og lukkes. Brukervennlig elektronisk kontroll som gir beskjed hvis noe er galt.<\/p>\n<p>[\/vc_column_text][\/elx_simple_block][\/vc_column][\/vc_row][vc_row full_width=&#8221;electroluxpro-full-width-no-padding&#8221; el_id=&#8221;undercounter&#8221;][vc_column][elx_hero_slider text_color=&#8221;electrolux-blue&#8221; label_text_color=&#8221;electrolux-blue&#8221; images=&#8221;7022&#8243;][elx_heading text_color=&#8221;inherit&#8221;]green&amp;clean oppvaskmaskiner som passer under benk[\/elx_heading][vc_column_text]<\/p>\n<div class=\"page\" title=\"Page 5\">\n<div class=\"layoutArea\">\n<div class=\"column\">\n<div class=\"page\" title=\"Page 11\">\n<div class=\"layoutArea\">\n<div class=\"column\">\n<p>Den perfekte l\u00f8sningen for gode resultater og lave driftskostnader.<\/p>\n<\/div>\n<\/div>\n<\/div>\n<\/div>\n<\/div>\n<\/div>\n<p>[\/vc_column_text][\/elx_hero_slider][vc_empty_space][\/vc_column][\/vc_row][vc_row full_width=&#8221;electroluxpro-container-no-padding&#8221;][vc_column width=&#8221;1\/2&#8243;][vc_single_image image=&#8221;7019&#8243; img_size=&#8221;full&#8221;][vc_empty_space][\/vc_column][vc_column width=&#8221;1\/2&#8243;][vc_empty_space][vc_empty_space][elx_heading text_color=&#8221;inherit&#8221;]Besparelser og b\u00e6rekraftighet[\/elx_heading][vc_empty_space][vc_column_text]Electrolux Professional tilbyr en unik kompetanse innen teknologi, design, produksjon og service, hvor m\u00e5let er \u00e5 redusere kostnadene og sk\u00e5ne milj\u00f8et.[\/vc_column_text][vc_empty_space][vc_hoverbox image=&#8221;7020&#8243; primary_title=&#8221;Besparelser i driftsbudsjettet&#8221; hover_title=&#8221;Store besparelser!&#8221;]Reduksjon i kostnader p\u00e5 elektrisitet og vann samt skylle- og rensemidler, og fortsatt f\u00e5 et utmerket resultat[\/vc_hoverbox][\/vc_column][\/vc_row][vc_row full_width=&#8221;electroluxpro-container-no-padding&#8221;][vc_column width=&#8221;1\/2&#8243;][vc_row_inner content_placement=&#8221;middle&#8221; css=&#8221;.vc_custom_1610910013394{margin-right: 30px !important;border-right-width: 30px !important;}&#8221;][vc_column_inner][vc_empty_space][vc_single_image image=&#8221;7012&#8243;][vc_empty_space][elx_heading font_container=&#8221;h1&#8243; font_size=&#8221;h1&#8243; text_color=&#8221;laundry-solutions&#8221;]En konstant skylletemperatur p\u00e5 84 \u00b0C. Den beste hygiene.[\/elx_heading][vc_empty_space][\/vc_column_inner][\/vc_row_inner][\/vc_column][vc_column width=&#8221;1\/2&#8243;][vc_row_inner][vc_column_inner][vc_empty_space][elx_heading text_color=&#8221;inherit&#8221;]Sikkerheten f\u00f8rst[\/elx_heading][vc_empty_space][vc_column_text]Rengj\u00f8ring- og skyllekvalitet garanteres med green&amp;clean \u00abWash-Safe Control*\u00bb.<\/p>\n<p>Bakterier trives best mellom 20 og 60* \u00b0C (maks. 75 \u00b0C). Wash-Safe Control fjerner bakterier takket v\u00e6re en konstant skylletemperatur p\u00e5 84 \u00b0C.<\/p>\n<p>Wash-Safe-kontrollyset lyser gr\u00f8nt for \u00e5 indikere at skyllingen er gjennomf\u00f8rt p\u00e5 riktig m\u00e5te.<\/p>\n<p style=\"font-size: 12px;\">* P\u00e5 utvalgte modeller<\/p>\n<p>[\/vc_column_text][\/vc_column_inner][\/vc_row_inner][\/vc_column][\/vc_row][vc_row full_width=&#8221;electroluxpro-full-width-no-padding&#8221;][vc_column width=&#8221;1\/4&#8243;][elx_simple_block][vc_single_image image=&#8221;7015&#8243; img_size=&#8221;200&#215;200&#8243;][elx_heading font_container=&#8221;h6&#8243; text_color=&#8221;inherit&#8221;]Mindre forbruk, flere besparelser[\/elx_heading][vc_column_text]<\/p>\n<p style=\"font-size: 20px;\">Bruk bare 2,5 liter pr. syklus og spar ca. 8000 kroner i \u00e5ret*.<\/p>\n<p>[\/vc_column_text][\/elx_simple_block][\/vc_column][vc_column width=&#8221;1\/4&#8243;][elx_simple_block][vc_single_image image=&#8221;7016&#8243;][elx_heading font_container=&#8221;h6&#8243; text_color=&#8221;inherit&#8221;]Utmerket vaske- og skylleprestasjon[\/elx_heading][vc_column_text]<\/p>\n<p style=\"font-size: 20px;\">De doble vaske- og skyllearmene b\u00e5de oppe og nede s\u00f8rger for maksimal ytelse.<\/p>\n<p>[\/vc_column_text][\/elx_simple_block][\/vc_column][vc_column width=&#8221;1\/4&#8243;][elx_simple_block][vc_single_image image=&#8221;7017&#8243;][elx_heading font_container=&#8221;h6&#8243; text_color=&#8221;inherit&#8221;]Hygiene betyr sikkerhet[\/elx_heading][vc_column_text]<\/p>\n<p style=\"font-size: 20px;\">Fantastisk hygiene og gunstige skylleresultater med Wash-Safe Control som garanterer at skylletemperaturen alltid er 84 \u00b0C.<\/p>\n<p>[\/vc_column_text][\/elx_simple_block][\/vc_column][vc_column width=&#8221;1\/4&#8243;][elx_simple_block][vc_single_image image=&#8221;7018&#8243;][elx_heading font_container=&#8221;h6&#8243; text_color=&#8221;inherit&#8221;]Lett og ergonomisk[\/elx_heading][vc_column_text]<\/p>\n<p style=\"font-size: 20px;\">Trygg og ergonomisk<br \/>\nd\u00f8r med motvekt som enkelt kan \u00e5pnes og lukkes forsiktig med det praktiske h\u00e5ndtaket.<br \/>\nEgendiagnose og kontinuerlig overv\u00e5kning takket v\u00e6re den brukervennlige elektroniske kontrollmekanismen med en synlig temperaturindikator.[\/vc_column_text][\/elx_simple_block][\/vc_column][vc_column css=&#8221;.vc_custom_1610910181574{margin-right: 30px !important;margin-left: 30px !important;border-right-width: 30px !important;border-left-width: 30px !important;}&#8221;][vc_column_text]<\/p>\n<p style=\"font-size: 12px;\">Utgiftsbesparelsene er utregnet av Electrolux Professional Lab, som har f\u00f8lgende akkrediteringer: UL og Intertek. Sammenligning mellom en green&amp;clean underbenk oppvaskmaskin og en tilsvarende vanlig maskin, hvor begge bruker 3,5 liter\/syklus pr. skylling, 70 sykluser\/dag, 300 bruksdager pr. \u00e5r, inngangsvann p\u00e5 15 \u00b0C. ** P\u00e5 utvalgte modeller.<\/p>\n<p>[\/vc_column_text][\/vc_column][\/vc_row][vc_row full_width=&#8221;electroluxpro-full-width&#8221; css=&#8221;.vc_custom_1610492062920{margin-top: 30px !important;margin-right: 30px !important;margin-left: 30px !important;border-top-width: 30px !important;}&#8221;][vc_column][elx_hero_slider label_text_color=&#8221;inherit&#8221; images=&#8221;7023&#8243;][elx_heading text_color=&#8221;inherit&#8221;]Kafe\u0301-line: egnet for dette segmentet[\/elx_heading][vc_column_text]<\/p>\n<div class=\"page\" title=\"Page 19\">\n<div class=\"layoutArea\">\n<div class=\"column\">\n<p>Kafe\u0300-line-oppvaskmaskiner er utstyrt med trykkl\u00f8s skylletank som garanterer en <strong>konstant h\u00f8y skylletemperatur p\u00e5 84 \u00b0C<\/strong> gjennom hele skyllesyklusen, uavhengig av vanntrykk og temperatur.<\/p>\n<p>Selv kaldt vann kan brukes!<\/p>\n<p>Kundene og medarbeiderne er forn\u00f8yde, siden maskinen har en <strong>dobbeltisolert d\u00f8r og kabinett<\/strong>, noe som betyr at lavt st\u00f8yniv\u00e5 og mindre varmeutslipp.<\/p>\n<\/div>\n<\/div>\n<\/div>\n<p>[\/vc_column_text][\/elx_hero_slider][\/vc_column][\/vc_row][vc_row full_width=&#8221;electroluxpro-full-width&#8221; css=&#8221;.vc_custom_1610492046142{margin-top: 30px !important;margin-right: 30px !important;margin-left: 30px !important;border-top-width: 30px !important;}&#8221;][vc_column][elx_hero_slider text_position=&#8221;hero_slider_text_align_right&#8221; label_text_color=&#8221;inherit&#8221; images=&#8221;7024&#8243;][elx_heading text_color=&#8221;inherit&#8221;]Wine-line: fordi vi bryr oss om krystallglassene dine[\/elx_heading][vc_column_text]<\/p>\n<div class=\"page\" title=\"Page 19\">\n<div class=\"layoutArea\">\n<div class=\"column\">\n<div class=\"page\" title=\"Page 21\">\n<div class=\"section\">\n<div class=\"layoutArea\">\n<div class=\"column\">\n<p>Alle restauranter og vinbarer med respekt for seg selv b\u00f8r kunne vise fram skinnende glass til gjestene sine.<br \/>\nElectrolux Professional har, sammen med s\u00e5peleverand\u00f8rer og ledende akt\u00f8rer inn vannbehandlingssystemer, utviklet en komplett l\u00f8sning for de beste vaske- og t\u00f8rkeresultatene av drikkeglass.<\/p>\n<\/div>\n<\/div>\n<\/div>\n<\/div>\n<\/div>\n<\/div>\n<\/div>\n<p>[\/vc_column_text][\/elx_hero_slider][\/vc_column][\/vc_row][vc_row full_width=&#8221;electroluxpro-full-width&#8221; css=&#8221;.vc_custom_1610492029917{margin-top: 30px !important;margin-right: 30px !important;margin-left: 30px !important;border-top-width: 30px !important;}&#8221;][vc_column][elx_hero_slider label_text_color=&#8221;inherit&#8221; images=&#8221;7025&#8243;][elx_heading text_color=&#8221;inherit&#8221;]Kaker, bakervarer &amp; pizza[\/elx_heading][vc_column_text]<\/p>\n<div class=\"page\" title=\"Page 19\">\n<div class=\"layoutArea\">\n<div class=\"column\">\n<div class=\"page\" title=\"Page 23\">\n<div class=\"layoutArea\">\n<div class=\"column\">\n<p>N\u00e5 er det slutt p\u00e5 \u00e5 vaske store gjenstander for h\u00e5nd. Electrolux Professional tilbyr den perfekte l\u00f8sningen for deg som \u00f8nsker en enklere hverdag.<\/p>\n<p>En kompakt og h\u00f8yproduktiv l\u00f8sning for bedrifter som m\u00e5 vaske st\u00f8rre gjenstander i en underbenk oppvaskmaskin!<\/p>\n<\/div>\n<\/div>\n<\/div>\n<\/div>\n<\/div>\n<\/div>\n<p>[\/vc_column_text][\/elx_hero_slider][\/vc_column][\/vc_row][vc_row][vc_column][vc_empty_space][\/vc_column][\/vc_row][vc_row full_width=&#8221;electroluxpro-container-no-padding&#8221; css=&#8221;.vc_custom_1610910700573{background-color: #ffffff !important;}&#8221; el_id=&#8221;contact&#8221;][vc_column][vc_empty_space][elx_heading font_container=&#8221;h3&#8243; text_color=&#8221;electrolux-blue&#8221; text_align=&#8221;text-center&#8221;]Finn ut mer. Ta kontakt med oss![\/elx_heading][elx_o2000_contact_us r=&#8221;Jeg \u00f8nsker \u00e5 vite mer om underbenk oppvask eller glassvaskere&#8221; s=&#8221;\u00d8nsker informasjon om underbenk oppvask og\/eller glassvaskere&#8221; campaign=&#8221;7015p0000016EnvAAE&#8221; country=&#8221;Norway&#8221; b=&#8221;food&#8221; l=&#8221;no&#8221; container=&#8221;elxcontactus1482242857&#8243;][\/vc_column][\/vc_row]<\/p>\n","protected":false},"excerpt":{"rendered":"<p>[vc_row full_width=&#8221;electroluxpro-full-width-no-padding&#8221; equal_height=&#8221;yes&#8221; css=&#8221;.vc_custom_1604054607517{margin-top: -30px !important;border-top-width: -30px !important;padding-top: -30px !important;}&#8221;][vc_column][elx_full_banner title=&#8221;Underbenk oppvaskmaskiner&#8221; background_image_media_library=&#8221;7026&#8243; background_image_media_library_mobile=&#8221;7011&#8243; link=&#8221;url:%23contact|title:P%C3%A5litelig%2C%20enkel%20og%20sikker&#8221;][\/vc_column][\/vc_row][vc_row css=&#8221;.vc_custom_1610486306003{background-color: #e0e0e0 !important;}&#8221;][vc_column width=&#8221;1\/2&#8243;][vc_empty_space][elx_heading font_size=&#8221;h2&#8243; text_color=&#8221;inherit&#8221; text_align=&#8221;text-left&#8221;]Du snakker\u2026 [\/elx_heading][vc_empty_space][vc_column_text] Jeg vil gjerne ha en oppvaskmaskin som har et fint design. I tillegg \u00f8nsker jeg et mindre vannforbruk og at jeg hele tiden har oversikt p\u00e5 produktet. [\/vc_column_text][vc_empty_space][\/vc_column][vc_column width=&#8221;1\/2&#8243;][vc_empty_space][elx_heading font_size=&#8221;h2&#8243; text_color=&#8221;inherit&#8221; [&hellip;]<\/p>\n","protected":false},"author":3,"featured_media":7011,"parent":0,"menu_order":0,"comment_status":"closed","ping_status":"closed","template":"","meta":{"footnotes":""},"class_list":["post-7030","page","type-page","status-publish","has-post-thumbnail","hentry"],"acf":[],"yoast_head":"<!-- This site is optimized with the Yoast SEO plugin v23.3 - https:\/\/yoast.com\/wordpress\/plugins\/seo\/ -->\n<title>Underbenk oppvaskmaskiner - Electrolux Professional Norge<\/title>\n<meta name=\"description\" content=\"Hygiene og milj\u00f8 i fokus. P\u00e5litelig, enkel og sikker. Les mer om v\u00e5re green &amp; clean underbenk oppvaskmaskiner, glassvaskere og kaf\u00e9-line.\" \/>\n<meta name=\"robots\" content=\"index, follow, max-snippet:-1, max-image-preview:large, max-video-preview:-1\" \/>\n<link rel=\"canonical\" href=\"https:\/\/www.electroluxprofessional.com\/no\/underbenk-oppvaskmaskiner\/\" \/>\n<meta property=\"og:locale\" content=\"nb_NO\" \/>\n<meta property=\"og:type\" content=\"article\" \/>\n<meta property=\"og:title\" content=\"Underbenk oppvaskmaskiner - Electrolux Professional Norge\" \/>\n<meta property=\"og:description\" content=\"Hygiene og milj\u00f8 i fokus. P\u00e5litelig, enkel og sikker. Les mer om v\u00e5re green &amp; clean underbenk oppvaskmaskiner, glassvaskere og kaf\u00e9-line.\" \/>\n<meta property=\"og:url\" content=\"https:\/\/www.electroluxprofessional.com\/no\/underbenk-oppvaskmaskiner\/\" \/>\n<meta property=\"og:site_name\" content=\"Electrolux Professional Norge\" \/>\n<meta property=\"article:modified_time\" content=\"2025-11-05T13:42:00+00:00\" \/>\n<meta property=\"og:image\" content=\"https:\/\/www.electroluxprofessional.com\/no\/wp-content\/uploads\/2021\/02\/hero-mobile-dishes.jpg\" \/>\n\t<meta property=\"og:image:width\" content=\"1125\" \/>\n\t<meta property=\"og:image:height\" content=\"1583\" \/>\n\t<meta property=\"og:image:type\" content=\"image\/jpeg\" \/>\n<meta name=\"twitter:card\" content=\"summary_large_image\" \/>\n<meta name=\"twitter:label1\" content=\"Ansl. lesetid\" \/>\n\t<meta name=\"twitter:data1\" content=\"6 minutter\" \/>\n<script type=\"application\/ld+json\" class=\"yoast-schema-graph\">{\"@context\":\"https:\/\/schema.org\",\"@graph\":[{\"@type\":\"WebPage\",\"@id\":\"https:\/\/www.electroluxprofessional.com\/no\/underbenk-oppvaskmaskiner\/\",\"url\":\"https:\/\/www.electroluxprofessional.com\/no\/underbenk-oppvaskmaskiner\/\",\"name\":\"Underbenk oppvaskmaskiner - Electrolux Professional Norge\",\"isPartOf\":{\"@id\":\"https:\/\/www.electroluxprofessional.com\/no\/#website\"},\"primaryImageOfPage\":{\"@id\":\"https:\/\/www.electroluxprofessional.com\/no\/underbenk-oppvaskmaskiner\/#primaryimage\"},\"image\":{\"@id\":\"https:\/\/www.electroluxprofessional.com\/no\/underbenk-oppvaskmaskiner\/#primaryimage\"},\"thumbnailUrl\":\"https:\/\/www.electroluxprofessional.com\/no\/wp-content\/uploads\/2021\/02\/hero-mobile-dishes.jpg\",\"datePublished\":\"2021-02-23T11:06:06+00:00\",\"dateModified\":\"2025-11-05T13:42:00+00:00\",\"description\":\"Hygiene og milj\u00f8 i fokus. P\u00e5litelig, enkel og sikker. Les mer om v\u00e5re green & clean underbenk oppvaskmaskiner, glassvaskere og kaf\u00e9-line.\",\"breadcrumb\":{\"@id\":\"https:\/\/www.electroluxprofessional.com\/no\/underbenk-oppvaskmaskiner\/#breadcrumb\"},\"inLanguage\":\"nb-NO\",\"potentialAction\":[{\"@type\":\"ReadAction\",\"target\":[\"https:\/\/www.electroluxprofessional.com\/no\/underbenk-oppvaskmaskiner\/\"]}]},{\"@type\":\"ImageObject\",\"inLanguage\":\"nb-NO\",\"@id\":\"https:\/\/www.electroluxprofessional.com\/no\/underbenk-oppvaskmaskiner\/#primaryimage\",\"url\":\"https:\/\/www.electroluxprofessional.com\/no\/wp-content\/uploads\/2021\/02\/hero-mobile-dishes.jpg\",\"contentUrl\":\"https:\/\/www.electroluxprofessional.com\/no\/wp-content\/uploads\/2021\/02\/hero-mobile-dishes.jpg\",\"width\":1125,\"height\":1583,\"caption\":\"hero-mobile-dishes\"},{\"@type\":\"BreadcrumbList\",\"@id\":\"https:\/\/www.electroluxprofessional.com\/no\/underbenk-oppvaskmaskiner\/#breadcrumb\",\"itemListElement\":[{\"@type\":\"ListItem\",\"position\":1,\"name\":\"Home\",\"item\":\"https:\/\/www.electroluxprofessional.com\/no\/\"},{\"@type\":\"ListItem\",\"position\":2,\"name\":\"Underbenk oppvaskmaskiner\"}]},{\"@type\":\"WebSite\",\"@id\":\"https:\/\/www.electroluxprofessional.com\/no\/#website\",\"url\":\"https:\/\/www.electroluxprofessional.com\/no\/\",\"name\":\"Electrolux Professional Norge\",\"description\":\"\",\"potentialAction\":[{\"@type\":\"SearchAction\",\"target\":{\"@type\":\"EntryPoint\",\"urlTemplate\":\"https:\/\/www.electroluxprofessional.com\/no\/?src={search_term_string}\"},\"query-input\":\"required name=search_term_string\"}],\"inLanguage\":\"nb-NO\"}]}<\/script>\n<!-- \/ Yoast SEO plugin. -->","yoast_head_json":{"title":"Underbenk oppvaskmaskiner - Electrolux Professional Norge","description":"Hygiene og milj\u00f8 i fokus. P\u00e5litelig, enkel og sikker. Les mer om v\u00e5re green & clean underbenk oppvaskmaskiner, glassvaskere og kaf\u00e9-line.","robots":{"index":"index","follow":"follow","max-snippet":"max-snippet:-1","max-image-preview":"max-image-preview:large","max-video-preview":"max-video-preview:-1"},"canonical":"https:\/\/www.electroluxprofessional.com\/no\/underbenk-oppvaskmaskiner\/","og_locale":"nb_NO","og_type":"article","og_title":"Underbenk oppvaskmaskiner - Electrolux Professional Norge","og_description":"Hygiene og milj\u00f8 i fokus. P\u00e5litelig, enkel og sikker. Les mer om v\u00e5re green & clean underbenk oppvaskmaskiner, glassvaskere og kaf\u00e9-line.","og_url":"https:\/\/www.electroluxprofessional.com\/no\/underbenk-oppvaskmaskiner\/","og_site_name":"Electrolux Professional Norge","article_modified_time":"2025-11-05T13:42:00+00:00","og_image":[{"width":1125,"height":1583,"url":"https:\/\/www.electroluxprofessional.com\/no\/wp-content\/uploads\/2021\/02\/hero-mobile-dishes.jpg","type":"image\/jpeg"}],"twitter_card":"summary_large_image","twitter_misc":{"Ansl. lesetid":"6 minutter"},"schema":{"@context":"https:\/\/schema.org","@graph":[{"@type":"WebPage","@id":"https:\/\/www.electroluxprofessional.com\/no\/underbenk-oppvaskmaskiner\/","url":"https:\/\/www.electroluxprofessional.com\/no\/underbenk-oppvaskmaskiner\/","name":"Underbenk oppvaskmaskiner - Electrolux Professional Norge","isPartOf":{"@id":"https:\/\/www.electroluxprofessional.com\/no\/#website"},"primaryImageOfPage":{"@id":"https:\/\/www.electroluxprofessional.com\/no\/underbenk-oppvaskmaskiner\/#primaryimage"},"image":{"@id":"https:\/\/www.electroluxprofessional.com\/no\/underbenk-oppvaskmaskiner\/#primaryimage"},"thumbnailUrl":"https:\/\/www.electroluxprofessional.com\/no\/wp-content\/uploads\/2021\/02\/hero-mobile-dishes.jpg","datePublished":"2021-02-23T11:06:06+00:00","dateModified":"2025-11-05T13:42:00+00:00","description":"Hygiene og milj\u00f8 i fokus. P\u00e5litelig, enkel og sikker. Les mer om v\u00e5re green & clean underbenk oppvaskmaskiner, glassvaskere og kaf\u00e9-line.","breadcrumb":{"@id":"https:\/\/www.electroluxprofessional.com\/no\/underbenk-oppvaskmaskiner\/#breadcrumb"},"inLanguage":"nb-NO","potentialAction":[{"@type":"ReadAction","target":["https:\/\/www.electroluxprofessional.com\/no\/underbenk-oppvaskmaskiner\/"]}]},{"@type":"ImageObject","inLanguage":"nb-NO","@id":"https:\/\/www.electroluxprofessional.com\/no\/underbenk-oppvaskmaskiner\/#primaryimage","url":"https:\/\/www.electroluxprofessional.com\/no\/wp-content\/uploads\/2021\/02\/hero-mobile-dishes.jpg","contentUrl":"https:\/\/www.electroluxprofessional.com\/no\/wp-content\/uploads\/2021\/02\/hero-mobile-dishes.jpg","width":1125,"height":1583,"caption":"hero-mobile-dishes"},{"@type":"BreadcrumbList","@id":"https:\/\/www.electroluxprofessional.com\/no\/underbenk-oppvaskmaskiner\/#breadcrumb","itemListElement":[{"@type":"ListItem","position":1,"name":"Home","item":"https:\/\/www.electroluxprofessional.com\/no\/"},{"@type":"ListItem","position":2,"name":"Underbenk oppvaskmaskiner"}]},{"@type":"WebSite","@id":"https:\/\/www.electroluxprofessional.com\/no\/#website","url":"https:\/\/www.electroluxprofessional.com\/no\/","name":"Electrolux Professional Norge","description":"","potentialAction":[{"@type":"SearchAction","target":{"@type":"EntryPoint","urlTemplate":"https:\/\/www.electroluxprofessional.com\/no\/?src={search_term_string}"},"query-input":"required name=search_term_string"}],"inLanguage":"nb-NO"}]}},"_links":{"self":[{"href":"https:\/\/www.electroluxprofessional.com\/no\/wp-json\/wp\/v2\/pages\/7030"}],"collection":[{"href":"https:\/\/www.electroluxprofessional.com\/no\/wp-json\/wp\/v2\/pages"}],"about":[{"href":"https:\/\/www.electroluxprofessional.com\/no\/wp-json\/wp\/v2\/types\/page"}],"author":[{"embeddable":true,"href":"https:\/\/www.electroluxprofessional.com\/no\/wp-json\/wp\/v2\/users\/3"}],"replies":[{"embeddable":true,"href":"https:\/\/www.electroluxprofessional.com\/no\/wp-json\/wp\/v2\/comments?post=7030"}],"version-history":[{"count":15,"href":"https:\/\/www.electroluxprofessional.com\/no\/wp-json\/wp\/v2\/pages\/7030\/revisions"}],"predecessor-version":[{"id":14834,"href":"https:\/\/www.electroluxprofessional.com\/no\/wp-json\/wp\/v2\/pages\/7030\/revisions\/14834"}],"wp:featuredmedia":[{"embeddable":true,"href":"https:\/\/www.electroluxprofessional.com\/no\/wp-json\/wp\/v2\/media\/7011"}],"wp:attachment":[{"href":"https:\/\/www.electroluxprofessional.com\/no\/wp-json\/wp\/v2\/media?parent=7030"}],"curies":[{"name":"wp","href":"https:\/\/api.w.org\/{rel}","templated":true}]}}