{"id":5720,"date":"2020-04-22T09:09:52","date_gmt":"2020-04-22T09:09:52","guid":{"rendered":"https:\/\/www.electroluxprofessional.com\/no\/?page_id=5720"},"modified":"2024-07-03T08:03:13","modified_gmt":"2024-07-03T08:03:13","slug":"nyhet-ambulansetjenesten","status":"publish","type":"page","link":"https:\/\/www.electroluxprofessional.com\/no\/nyhet-ambulansetjenesten\/","title":{"rendered":"Nyhet ambulansetjenesten!"},"content":{"rendered":"<p>[vc_row][vc_column][vc_empty_space][\/vc_column][\/vc_row][vc_row][vc_column][\/vc_column][\/vc_row][vc_row][vc_column][vc_single_image image=&#8221;5719&#8243; img_size=&#8221;full&#8221; alignment=&#8221;center&#8221;][\/vc_column][\/vc_row][vc_row][vc_column][vc_empty_space][\/vc_column][\/vc_row][vc_row][vc_column][elx_heading font_container=&#8221;h1&#8243; font_size=&#8221;h2&#8243; text_color=&#8221;inherit&#8221;]Helse, smittevern og hygiene er viktig om dagen. Vi tar vare p\u00e5 de som tar vare p\u00e5 oss![\/elx_heading][vc_empty_space][\/vc_column][\/vc_row][vc_row][vc_column][vc_column_text]Leveranser til ambulansetjenester over hele landet.<\/p>\n<p>I l\u00f8pet av \u00e5rets f\u00f8rste m\u00e5neder, og spesielt de siste ukene har vi levert profesjonelle vaskerimaskiner til mange av landets ambulansestasjoner.[\/vc_column_text][\/vc_column][\/vc_row][vc_row][vc_column][vc_empty_space][\/vc_column][\/vc_row][vc_row][vc_column width=&#8221;1\/4&#8243;][vc_single_image image=&#8221;5306&#8243; img_size=&#8221;medium&#8221;][\/vc_column][vc_column width=&#8221;3\/4&#8243;][vc_column_text]Salgssjef Laundry, <a href=\"mailto:jinsoo.kang@electroluxprofessional.com\">Jinsoo Kang<\/a>, sier at det har blitt ekstra fokus p\u00e5 dette med hygienisk vask av arbeidst\u00f8y etter Covid-19 pandemien. Med en bevisstgj\u00f8ring fra v\u00e5re helsemyndigheter og nye forskrifter gj\u00f8r at man m\u00e5 tenke annerledes enn tidligere n\u00e5r det gjelder korrekt vask av blant annet tekstiler og arbeidst\u00f8y.<\/p>\n<p>Takket v\u00e6re <a href=\"https:\/\/www.electroluxprofessional.com\/no\/hvor-finner-du-vare-salgs-og-servicepartnere\/\"><strong>v\u00e5re salgs- og servicepartnere<\/strong><\/a> har vi levert til nesten 100 stasjoner siste del av fjor\u00e5ret og hittil i \u00e5r.<\/p>\n<blockquote><p><strong>\u00abJeg tror at en avgj\u00f8rende faktor for at vi har f\u00e5tt til disse avtalene er god kontakt med v\u00e5re s\u00e5peleverand\u00f8rer og v\u00e5rt landsdekkende salgs- og servicenettverk,\u00bb<\/strong> sier <a href=\"tlf:91391415\">Jinsoo<\/a>.<\/p><\/blockquote>\n<p>[\/vc_column_text][\/vc_column][\/vc_row][vc_row][vc_column][vc_empty_space][\/vc_column][\/vc_row][vc_row][vc_column][vc_column_text]Mange av leveransene best\u00e5r av maskiner som er klare til \u00e5 settes p\u00e5 plass etter en eksisterende maskin. 1-fas, 230V og avl\u00f8pspumpe. Lik en husholdningsmaskin, men med en helt annen robust og profesjonell konstruksjon og som vasker i henhold til retningslinjene.<\/p>\n<p>Les mer om <a href=\"https:\/\/www.electroluxprofessional.com\/no\/frontmatede-vaskemaskiner\/\">frontmatede vaskemaskiner her.<\/a><\/p>\n<p>Kontakt Jinsoo Kang p\u00e5 <a href=\"mailto:jinsoo.kang@electroluxprofessional.com\">mail<\/a> eller <a href=\"tel:+4791391415\">mobil<\/a> for mer informasjon eller sp\u00f8rsm\u00e5l.[\/vc_column_text][\/vc_column][\/vc_row][vc_row][vc_column][vc_empty_space][\/vc_column][\/vc_row][vc_row][vc_column][\/vc_column][\/vc_row]<\/p>\n","protected":false},"excerpt":{"rendered":"<p>[vc_row][vc_column][vc_empty_space][\/vc_column][\/vc_row][vc_row][vc_column][\/vc_column][\/vc_row][vc_row][vc_column][vc_single_image image=&#8221;5719&#8243; img_size=&#8221;full&#8221; alignment=&#8221;center&#8221;][\/vc_column][\/vc_row][vc_row][vc_column][vc_empty_space][\/vc_column][\/vc_row][vc_row][vc_column][elx_heading font_container=&#8221;h1&#8243; font_size=&#8221;h2&#8243; text_color=&#8221;inherit&#8221;]Helse, smittevern og hygiene er viktig om dagen. Vi tar vare p\u00e5 de som tar vare p\u00e5 oss![\/elx_heading][vc_empty_space][\/vc_column][\/vc_row][vc_row][vc_column][vc_column_text]Leveranser til ambulansetjenester over hele landet. I l\u00f8pet av \u00e5rets f\u00f8rste m\u00e5neder, og spesielt de siste ukene har vi levert profesjonelle vaskerimaskiner til mange av landets ambulansestasjoner.[\/vc_column_text][\/vc_column][\/vc_row][vc_row][vc_column][vc_empty_space][\/vc_column][\/vc_row][vc_row][vc_column width=&#8221;1\/4&#8243;][vc_single_image image=&#8221;5306&#8243; img_size=&#8221;medium&#8221;][\/vc_column][vc_column width=&#8221;3\/4&#8243;][vc_column_text]Salgssjef Laundry, [&hellip;]<\/p>\n","protected":false},"author":3,"featured_media":5719,"parent":0,"menu_order":0,"comment_status":"closed","ping_status":"closed","template":"","meta":{"footnotes":""},"class_list":["post-5720","page","type-page","status-publish","has-post-thumbnail","hentry"],"acf":[],"yoast_head":"<!-- This site is optimized with the Yoast SEO plugin v23.3 - https:\/\/yoast.com\/wordpress\/plugins\/seo\/ -->\n<title>Nyhet ambulansetjenesten! - Electrolux Professional Norge<\/title>\n<meta name=\"robots\" content=\"index, follow, max-snippet:-1, max-image-preview:large, max-video-preview:-1\" \/>\n<link rel=\"canonical\" href=\"https:\/\/www.electroluxprofessional.com\/no\/nyhet-ambulansetjenesten\/\" \/>\n<meta property=\"og:locale\" content=\"nb_NO\" \/>\n<meta property=\"og:type\" content=\"article\" \/>\n<meta property=\"og:title\" content=\"Nyhet ambulansetjenesten! - Electrolux Professional Norge\" \/>\n<meta property=\"og:description\" content=\"[vc_row][vc_column][vc_empty_space][\/vc_column][\/vc_row][vc_row][vc_column][\/vc_column][\/vc_row][vc_row][vc_column][vc_single_image image=&#8221;5719&#8243; img_size=&#8221;full&#8221; alignment=&#8221;center&#8221;][\/vc_column][\/vc_row][vc_row][vc_column][vc_empty_space][\/vc_column][\/vc_row][vc_row][vc_column][elx_heading font_container=&#8221;h1&#8243; font_size=&#8221;h2&#8243; text_color=&#8221;inherit&#8221;]Helse, smittevern og hygiene er viktig om dagen. Vi tar vare p\u00e5 de som tar vare p\u00e5 oss![\/elx_heading][vc_empty_space][\/vc_column][\/vc_row][vc_row][vc_column][vc_column_text]Leveranser til ambulansetjenester over hele landet. I l\u00f8pet av \u00e5rets f\u00f8rste m\u00e5neder, og spesielt de siste ukene har vi levert profesjonelle vaskerimaskiner til mange av landets ambulansestasjoner.[\/vc_column_text][\/vc_column][\/vc_row][vc_row][vc_column][vc_empty_space][\/vc_column][\/vc_row][vc_row][vc_column width=&#8221;1\/4&#8243;][vc_single_image image=&#8221;5306&#8243; img_size=&#8221;medium&#8221;][\/vc_column][vc_column width=&#8221;3\/4&#8243;][vc_column_text]Salgssjef Laundry, [&hellip;]\" \/>\n<meta property=\"og:url\" content=\"https:\/\/www.electroluxprofessional.com\/no\/nyhet-ambulansetjenesten\/\" \/>\n<meta property=\"og:site_name\" content=\"Electrolux Professional Norge\" \/>\n<meta property=\"article:modified_time\" content=\"2024-07-03T08:03:13+00:00\" \/>\n<meta property=\"og:image\" content=\"https:\/\/www.electroluxprofessional.com\/no\/wp-content\/uploads\/2020\/04\/ambulanse-nyhet-04-2020.jpg\" \/>\n\t<meta property=\"og:image:width\" content=\"2000\" \/>\n\t<meta property=\"og:image:height\" content=\"350\" \/>\n\t<meta property=\"og:image:type\" content=\"image\/jpeg\" \/>\n<meta name=\"twitter:card\" content=\"summary_large_image\" \/>\n<meta name=\"twitter:label1\" content=\"Ansl. lesetid\" \/>\n\t<meta name=\"twitter:data1\" content=\"2 minutter\" \/>\n<script type=\"application\/ld+json\" class=\"yoast-schema-graph\">{\"@context\":\"https:\/\/schema.org\",\"@graph\":[{\"@type\":\"WebPage\",\"@id\":\"https:\/\/www.electroluxprofessional.com\/no\/nyhet-ambulansetjenesten\/\",\"url\":\"https:\/\/www.electroluxprofessional.com\/no\/nyhet-ambulansetjenesten\/\",\"name\":\"Nyhet ambulansetjenesten! - Electrolux Professional Norge\",\"isPartOf\":{\"@id\":\"https:\/\/www.electroluxprofessional.com\/no\/#website\"},\"primaryImageOfPage\":{\"@id\":\"https:\/\/www.electroluxprofessional.com\/no\/nyhet-ambulansetjenesten\/#primaryimage\"},\"image\":{\"@id\":\"https:\/\/www.electroluxprofessional.com\/no\/nyhet-ambulansetjenesten\/#primaryimage\"},\"thumbnailUrl\":\"https:\/\/www.electroluxprofessional.com\/no\/wp-content\/uploads\/2020\/04\/ambulanse-nyhet-04-2020.jpg\",\"datePublished\":\"2020-04-22T09:09:52+00:00\",\"dateModified\":\"2024-07-03T08:03:13+00:00\",\"breadcrumb\":{\"@id\":\"https:\/\/www.electroluxprofessional.com\/no\/nyhet-ambulansetjenesten\/#breadcrumb\"},\"inLanguage\":\"nb-NO\",\"potentialAction\":[{\"@type\":\"ReadAction\",\"target\":[\"https:\/\/www.electroluxprofessional.com\/no\/nyhet-ambulansetjenesten\/\"]}]},{\"@type\":\"ImageObject\",\"inLanguage\":\"nb-NO\",\"@id\":\"https:\/\/www.electroluxprofessional.com\/no\/nyhet-ambulansetjenesten\/#primaryimage\",\"url\":\"https:\/\/www.electroluxprofessional.com\/no\/wp-content\/uploads\/2020\/04\/ambulanse-nyhet-04-2020.jpg\",\"contentUrl\":\"https:\/\/www.electroluxprofessional.com\/no\/wp-content\/uploads\/2020\/04\/ambulanse-nyhet-04-2020.jpg\",\"width\":2000,\"height\":350,\"caption\":\"ambulanse-nyhet-04-2020\"},{\"@type\":\"BreadcrumbList\",\"@id\":\"https:\/\/www.electroluxprofessional.com\/no\/nyhet-ambulansetjenesten\/#breadcrumb\",\"itemListElement\":[{\"@type\":\"ListItem\",\"position\":1,\"name\":\"Home\",\"item\":\"https:\/\/www.electroluxprofessional.com\/no\/\"},{\"@type\":\"ListItem\",\"position\":2,\"name\":\"Nyhet ambulansetjenesten!\"}]},{\"@type\":\"WebSite\",\"@id\":\"https:\/\/www.electroluxprofessional.com\/no\/#website\",\"url\":\"https:\/\/www.electroluxprofessional.com\/no\/\",\"name\":\"Electrolux Professional Norge\",\"description\":\"\",\"potentialAction\":[{\"@type\":\"SearchAction\",\"target\":{\"@type\":\"EntryPoint\",\"urlTemplate\":\"https:\/\/www.electroluxprofessional.com\/no\/?src={search_term_string}\"},\"query-input\":\"required name=search_term_string\"}],\"inLanguage\":\"nb-NO\"}]}<\/script>\n<!-- \/ Yoast SEO plugin. -->","yoast_head_json":{"title":"Nyhet ambulansetjenesten! - Electrolux Professional Norge","robots":{"index":"index","follow":"follow","max-snippet":"max-snippet:-1","max-image-preview":"max-image-preview:large","max-video-preview":"max-video-preview:-1"},"canonical":"https:\/\/www.electroluxprofessional.com\/no\/nyhet-ambulansetjenesten\/","og_locale":"nb_NO","og_type":"article","og_title":"Nyhet ambulansetjenesten! - Electrolux Professional Norge","og_description":"[vc_row][vc_column][vc_empty_space][\/vc_column][\/vc_row][vc_row][vc_column][\/vc_column][\/vc_row][vc_row][vc_column][vc_single_image image=&#8221;5719&#8243; img_size=&#8221;full&#8221; alignment=&#8221;center&#8221;][\/vc_column][\/vc_row][vc_row][vc_column][vc_empty_space][\/vc_column][\/vc_row][vc_row][vc_column][elx_heading font_container=&#8221;h1&#8243; font_size=&#8221;h2&#8243; text_color=&#8221;inherit&#8221;]Helse, smittevern og hygiene er viktig om dagen. Vi tar vare p\u00e5 de som tar vare p\u00e5 oss![\/elx_heading][vc_empty_space][\/vc_column][\/vc_row][vc_row][vc_column][vc_column_text]Leveranser til ambulansetjenester over hele landet. I l\u00f8pet av \u00e5rets f\u00f8rste m\u00e5neder, og spesielt de siste ukene har vi levert profesjonelle vaskerimaskiner til mange av landets ambulansestasjoner.[\/vc_column_text][\/vc_column][\/vc_row][vc_row][vc_column][vc_empty_space][\/vc_column][\/vc_row][vc_row][vc_column width=&#8221;1\/4&#8243;][vc_single_image image=&#8221;5306&#8243; img_size=&#8221;medium&#8221;][\/vc_column][vc_column width=&#8221;3\/4&#8243;][vc_column_text]Salgssjef Laundry, [&hellip;]","og_url":"https:\/\/www.electroluxprofessional.com\/no\/nyhet-ambulansetjenesten\/","og_site_name":"Electrolux Professional Norge","article_modified_time":"2024-07-03T08:03:13+00:00","og_image":[{"width":2000,"height":350,"url":"https:\/\/www.electroluxprofessional.com\/no\/wp-content\/uploads\/2020\/04\/ambulanse-nyhet-04-2020.jpg","type":"image\/jpeg"}],"twitter_card":"summary_large_image","twitter_misc":{"Ansl. lesetid":"2 minutter"},"schema":{"@context":"https:\/\/schema.org","@graph":[{"@type":"WebPage","@id":"https:\/\/www.electroluxprofessional.com\/no\/nyhet-ambulansetjenesten\/","url":"https:\/\/www.electroluxprofessional.com\/no\/nyhet-ambulansetjenesten\/","name":"Nyhet ambulansetjenesten! - Electrolux Professional Norge","isPartOf":{"@id":"https:\/\/www.electroluxprofessional.com\/no\/#website"},"primaryImageOfPage":{"@id":"https:\/\/www.electroluxprofessional.com\/no\/nyhet-ambulansetjenesten\/#primaryimage"},"image":{"@id":"https:\/\/www.electroluxprofessional.com\/no\/nyhet-ambulansetjenesten\/#primaryimage"},"thumbnailUrl":"https:\/\/www.electroluxprofessional.com\/no\/wp-content\/uploads\/2020\/04\/ambulanse-nyhet-04-2020.jpg","datePublished":"2020-04-22T09:09:52+00:00","dateModified":"2024-07-03T08:03:13+00:00","breadcrumb":{"@id":"https:\/\/www.electroluxprofessional.com\/no\/nyhet-ambulansetjenesten\/#breadcrumb"},"inLanguage":"nb-NO","potentialAction":[{"@type":"ReadAction","target":["https:\/\/www.electroluxprofessional.com\/no\/nyhet-ambulansetjenesten\/"]}]},{"@type":"ImageObject","inLanguage":"nb-NO","@id":"https:\/\/www.electroluxprofessional.com\/no\/nyhet-ambulansetjenesten\/#primaryimage","url":"https:\/\/www.electroluxprofessional.com\/no\/wp-content\/uploads\/2020\/04\/ambulanse-nyhet-04-2020.jpg","contentUrl":"https:\/\/www.electroluxprofessional.com\/no\/wp-content\/uploads\/2020\/04\/ambulanse-nyhet-04-2020.jpg","width":2000,"height":350,"caption":"ambulanse-nyhet-04-2020"},{"@type":"BreadcrumbList","@id":"https:\/\/www.electroluxprofessional.com\/no\/nyhet-ambulansetjenesten\/#breadcrumb","itemListElement":[{"@type":"ListItem","position":1,"name":"Home","item":"https:\/\/www.electroluxprofessional.com\/no\/"},{"@type":"ListItem","position":2,"name":"Nyhet ambulansetjenesten!"}]},{"@type":"WebSite","@id":"https:\/\/www.electroluxprofessional.com\/no\/#website","url":"https:\/\/www.electroluxprofessional.com\/no\/","name":"Electrolux Professional Norge","description":"","potentialAction":[{"@type":"SearchAction","target":{"@type":"EntryPoint","urlTemplate":"https:\/\/www.electroluxprofessional.com\/no\/?src={search_term_string}"},"query-input":"required name=search_term_string"}],"inLanguage":"nb-NO"}]}},"_links":{"self":[{"href":"https:\/\/www.electroluxprofessional.com\/no\/wp-json\/wp\/v2\/pages\/5720"}],"collection":[{"href":"https:\/\/www.electroluxprofessional.com\/no\/wp-json\/wp\/v2\/pages"}],"about":[{"href":"https:\/\/www.electroluxprofessional.com\/no\/wp-json\/wp\/v2\/types\/page"}],"author":[{"embeddable":true,"href":"https:\/\/www.electroluxprofessional.com\/no\/wp-json\/wp\/v2\/users\/3"}],"replies":[{"embeddable":true,"href":"https:\/\/www.electroluxprofessional.com\/no\/wp-json\/wp\/v2\/comments?post=5720"}],"version-history":[{"count":16,"href":"https:\/\/www.electroluxprofessional.com\/no\/wp-json\/wp\/v2\/pages\/5720\/revisions"}],"predecessor-version":[{"id":13072,"href":"https:\/\/www.electroluxprofessional.com\/no\/wp-json\/wp\/v2\/pages\/5720\/revisions\/13072"}],"wp:featuredmedia":[{"embeddable":true,"href":"https:\/\/www.electroluxprofessional.com\/no\/wp-json\/wp\/v2\/media\/5719"}],"wp:attachment":[{"href":"https:\/\/www.electroluxprofessional.com\/no\/wp-json\/wp\/v2\/media?parent=5720"}],"curies":[{"name":"wp","href":"https:\/\/api.w.org\/{rel}","templated":true}]}}