{"version":"1.0","provider_name":"Electrolux Professional Norge","provider_url":"https:\/\/www.electroluxprofessional.com\/no","title":"Partnerevent - BA Laundry - HQ Ljungby august 2026 - Electrolux Professional Norge","type":"rich","width":600,"height":338,"html":"<blockquote class=\"wp-embedded-content\" data-secret=\"qxAhQEYu4F\"><a href=\"https:\/\/www.electroluxprofessional.com\/no\/partnerevent-ba-laundry-hq-ljungby-august-2026\/\">Partnerevent &#8211; BA Laundry &#8211; HQ Ljungby august 2026<\/a><\/blockquote><iframe sandbox=\"allow-scripts\" security=\"restricted\" src=\"https:\/\/www.electroluxprofessional.com\/no\/partnerevent-ba-laundry-hq-ljungby-august-2026\/embed\/#?secret=qxAhQEYu4F\" width=\"600\" height=\"338\" title=\"&laquo;Partnerevent &#8211; BA Laundry &#8211; HQ Ljungby august 2026&raquo; &#8212; Electrolux Professional Norge\" data-secret=\"qxAhQEYu4F\" frameborder=\"0\" marginwidth=\"0\" marginheight=\"0\" scrolling=\"no\" class=\"wp-embedded-content\"><\/iframe><script>\n\/*! This file is auto-generated *\/\n!function(d,l){\"use strict\";l.querySelector&&d.addEventListener&&\"undefined\"!=typeof URL&&(d.wp=d.wp||{},d.wp.receiveEmbedMessage||(d.wp.receiveEmbedMessage=function(e){var t=e.data;if((t||t.secret||t.message||t.value)&&!\/[^a-zA-Z0-9]\/.test(t.secret)){for(var s,r,n,a=l.querySelectorAll('iframe[data-secret=\"'+t.secret+'\"]'),o=l.querySelectorAll('blockquote[data-secret=\"'+t.secret+'\"]'),c=new RegExp(\"^https?:$\",\"i\"),i=0;i<o.length;i++)o[i].style.display=\"none\";for(i=0;i<a.length;i++)s=a[i],e.source===s.contentWindow&&(s.removeAttribute(\"style\"),\"height\"===t.message?(1e3<(r=parseInt(t.value,10))?r=1e3:~~r<200&&(r=200),s.height=r):\"link\"===t.message&&(r=new URL(s.getAttribute(\"src\")),n=new URL(t.value),c.test(n.protocol))&&n.host===r.host&&l.activeElement===s&&(d.top.location.href=t.value))}},d.addEventListener(\"message\",d.wp.receiveEmbedMessage,!1),l.addEventListener(\"DOMContentLoaded\",function(){for(var e,t,s=l.querySelectorAll(\"iframe.wp-embedded-content\"),r=0;r<s.length;r++)(t=(e=s[r]).getAttribute(\"data-secret\"))||(t=Math.random().toString(36).substring(2,12),e.src+=\"#?secret=\"+t,e.setAttribute(\"data-secret\",t)),e.contentWindow.postMessage({message:\"ready\",secret:t},\"*\")},!1)))}(window,document);\n\/\/# sourceURL=https:\/\/www.electroluxprofessional.com\/no\/wp-includes\/js\/wp-embed.min.js\n<\/script>\n","thumbnail_url":"https:\/\/www.electroluxprofessional.com\/no\/wp-content\/uploads\/2026\/08\/toppbanner_fabrikk_flagg.jpg","thumbnail_width":2000,"thumbnail_height":350,"description":"[vc_row][vc_column][vc_column_text css=&raquo;&raquo;]Kj\u00e6re samarbeidspartner, Takk for noen flotte dager sammen ved fabrikken v\u00e5r i Ljungby og h\u00e5per alle kom seg vel hjem. Vi setter stor pris p\u00e5 at dere tok dere tid til \u00e5 delta p\u00e5 denne viktige samlingen og lanseringen av v\u00e5r nye generasjon vaskerimaskiner. Det var ogs\u00e5 verdifullt \u00e5 kunne dele mer av v\u00e5r [&hellip;]"}