{"id":3440,"date":"2017-03-24T09:43:17","date_gmt":"2017-03-24T09:43:17","guid":{"rendered":"https:\/\/www.electroluxprofessional.com\/la\/?page_id=3440"},"modified":"2018-11-09T14:07:57","modified_gmt":"2018-11-09T14:07:57","slug":"soluciones-para-modificar-texturas-alimentos","status":"publish","type":"page","link":"https:\/\/www.electroluxprofessional.com\/la\/soluciones-para-modificar-texturas-alimentos\/","title":{"rendered":"Soluciones para modificar texturas de alimentos"},"content":{"rendered":"<p>[vc_row full_width=&#8221;electroluxpro-full-width-no-padding&#8221;][vc_column][elx_hero_slider label_text_color=&#8221;inherit&#8221; images=&#8221;2807&#8243;][elx_heading font_container=&#8221;h1&#8243; font_size=&#8221;h2&#8243; text_color=&#8221;inherit&#8221;]Soluciones para modificar texturas de alimentos[\/elx_heading][\/elx_hero_slider][\/vc_column][\/vc_row][vc_row][vc_column][vc_empty_space][elx_heading text_color=&#8221;inherit&#8221;]Elabora tus propias texturas<br \/>\nconservando sabores, aromas y contenido nutricional[\/elx_heading][\/vc_column][\/vc_row][vc_row][vc_column width=&#8221;1\/2&#8243;][vc_empty_space][vc_column_text]Cada vez que probamos nuestros equipos descubrimos cosas nuevas.<\/p>\n<p>Gracias a la rasqueta y a la velocidad m\u00e1xima de 3700 rpm, hemos podido lograr un <strong>excelente resultado homog\u00e9neo<\/strong>\u00a0para preparar\u00a0<strong>platos de cuchara o semil\u00edquidos <\/strong>para pacientes que no pueden\u00a0masticar alimentos s\u00f3lidos.[\/vc_column_text][\/vc_column][vc_column width=&#8221;1\/2&#8243;][vc_row_inner][vc_column_inner width=&#8221;2\/3&#8243;][vc_single_image image=&#8221;2658&#8243; img_size=&#8221;full&#8221;][\/vc_column_inner][vc_column_inner width=&#8221;1\/3&#8243;][\/vc_column_inner][\/vc_row_inner][\/vc_column][\/vc_row][vc_row][vc_column width=&#8221;1\/2&#8243;][vc_single_image image=&#8221;2806&#8243; img_size=&#8221;full&#8221;][\/vc_column][vc_column width=&#8221;1\/2&#8243;][vc_empty_space height=&#8221;50px&#8221;][vc_column_text]Adem\u00e1s, no tenemos que preparar la comida de ninguna manera especial. Podemos cocinar como siempre y luego homogeneizarla con nuestras picadoras-cutter K45\/ K55\/K70. Esto nos permite<strong>\u00a0conservar todos los valores nutricionales, el sabor y el color<\/strong>. El resultado final es agradable a la vista y el paladar. Esto puede ser muy importante para revivir el sentido del gusto de los pacientes que se est\u00e1n recuperando.<\/p>\n<p>Adem\u00e1s, el proceso de homogeneizaci\u00f3n es esencial para preparar comida para beb\u00e9s o ancianos.[\/vc_column_text][\/vc_column][\/vc_row][vc_row][vc_column][vc_empty_space][elx_heading font_container=&#8221;h3&#8243; text_color=&#8221;inherit&#8221;]Video recetas[\/elx_heading][\/vc_column][\/vc_row][vc_row][vc_column width=&#8221;2\/3&#8243;][elx_video_block background_image=&#8221;2659&#8243; video_link=&#8221;https:\/\/www.youtube.com\/watch?v=RJHFjlZd2p8&amp;list=PLn-GI5LWCZdR1riCStpsI2l8-khQ9aBq9&#8243; minimum_height=&#8221;260px&#8221;][\/vc_column][vc_column width=&#8221;1\/3&#8243;][elx_download_block text=&#8221;Cortar, triturar y picar&#8221; link=&#8221;https:\/\/www.electroluxprofessional.com\/la\/equipamiento-cocinas-profesionales\/cortar-triturar-picar\/&#8221; link_target=&#8221;self&#8221; background_color=&#8221;cat-cook&#8221; background_image=&#8221;2805&#8243; reveal_effect=&#8221;&#8221; reveal_duration=&#8221;&#8221; reveal_delay=&#8221;&#8221;][\/vc_column][\/vc_row][vc_row][vc_column][elx_heading text_color=&#8221;inherit&#8221;]Descubre lo que la modificaci\u00f3n de texturas pueden hacer por tu negocio[\/elx_heading][elx_o2000_contact_us r=&#8221;Me gustar\u00eda tener m\u00e1s informaci\u00f3n sobre modificaci\u00f3n de texturas de alimentos y picadoras-cutter. Por favor, contacten conmigo.&#8221; s=&#8221;Petici\u00f3n de informaci\u00f3n sobre modificaci\u00f3n de texturas de alimentos y picadoras-cutter&#8221; e=&#8221;pedro.baltazar@electrolux.com&#8221; l=&#8221;es&#8221; container=&#8221;elxcontactus1487067782&#8243;][\/vc_column][\/vc_row]<\/p>\n","protected":false},"excerpt":{"rendered":"<p>[vc_row full_width=&#8221;electroluxpro-full-width-no-padding&#8221;][vc_column][elx_hero_slider label_text_color=&#8221;inherit&#8221; images=&#8221;2807&#8243;][elx_heading font_container=&#8221;h1&#8243; font_size=&#8221;h2&#8243; text_color=&#8221;inherit&#8221;]Soluciones para modificar texturas de alimentos[\/elx_heading][\/elx_hero_slider][\/vc_column][\/vc_row][vc_row][vc_column][vc_empty_space][elx_heading text_color=&#8221;inherit&#8221;]Elabora tus propias texturas conservando sabores, aromas y contenido nutricional[\/elx_heading][\/vc_column][\/vc_row][vc_row][vc_column width=&#8221;1\/2&#8243;][vc_empty_space][vc_column_text]Cada vez que probamos nuestros equipos descubrimos cosas nuevas. Gracias a la rasqueta y a la velocidad m\u00e1xima de 3700 rpm, hemos podido lograr un excelente resultado homog\u00e9neo\u00a0para preparar\u00a0platos de cuchara o semil\u00edquidos [&hellip;]<\/p>\n","protected":false},"author":23,"featured_media":4912,"parent":0,"menu_order":0,"comment_status":"closed","ping_status":"closed","template":"","meta":{"footnotes":""},"class_list":["post-3440","page","type-page","status-publish","has-post-thumbnail","hentry"],"acf":[],"yoast_head":"<!-- This site is optimized with the Yoast SEO plugin v23.3 - https:\/\/yoast.com\/wordpress\/plugins\/seo\/ -->\n<title>Soluciones para modificar texturas de alimentos - Electrolux Professional Latin America<\/title>\n<meta name=\"robots\" content=\"index, follow, max-snippet:-1, max-image-preview:large, max-video-preview:-1\" \/>\n<link rel=\"canonical\" href=\"https:\/\/www.electroluxprofessional.com\/la\/soluciones-para-modificar-texturas-alimentos\/\" \/>\n<meta property=\"og:locale\" content=\"es_MX\" \/>\n<meta property=\"og:type\" content=\"article\" \/>\n<meta property=\"og:title\" content=\"Soluciones para modificar texturas de alimentos - Electrolux Professional Latin America\" \/>\n<meta property=\"og:description\" content=\"[vc_row full_width=&#8221;electroluxpro-full-width-no-padding&#8221;][vc_column][elx_hero_slider label_text_color=&#8221;inherit&#8221; images=&#8221;2807&#8243;][elx_heading font_container=&#8221;h1&#8243; font_size=&#8221;h2&#8243; text_color=&#8221;inherit&#8221;]Soluciones para modificar texturas de alimentos[\/elx_heading][\/elx_hero_slider][\/vc_column][\/vc_row][vc_row][vc_column][vc_empty_space][elx_heading text_color=&#8221;inherit&#8221;]Elabora tus propias texturas conservando sabores, aromas y contenido nutricional[\/elx_heading][\/vc_column][\/vc_row][vc_row][vc_column width=&#8221;1\/2&#8243;][vc_empty_space][vc_column_text]Cada vez que probamos nuestros equipos descubrimos cosas nuevas. Gracias a la rasqueta y a la velocidad m\u00e1xima de 3700 rpm, hemos podido lograr un excelente resultado homog\u00e9neo\u00a0para preparar\u00a0platos de cuchara o semil\u00edquidos [&hellip;]\" \/>\n<meta property=\"og:url\" content=\"https:\/\/www.electroluxprofessional.com\/la\/soluciones-para-modificar-texturas-alimentos\/\" \/>\n<meta property=\"og:site_name\" content=\"Electrolux Professional Latin America\" \/>\n<meta property=\"article:modified_time\" content=\"2018-11-09T14:07:57+00:00\" \/>\n<meta property=\"og:image\" content=\"https:\/\/www.electroluxprofessional.com\/la\/wp-content\/uploads\/2018\/11\/Soluciones.jpg\" \/>\n\t<meta property=\"og:image:width\" content=\"324\" \/>\n\t<meta property=\"og:image:height\" content=\"354\" \/>\n\t<meta property=\"og:image:type\" content=\"image\/jpeg\" \/>\n<meta name=\"twitter:card\" content=\"summary_large_image\" \/>\n<meta name=\"twitter:label1\" content=\"Tiempo de lectura\" \/>\n\t<meta name=\"twitter:data1\" content=\"2 minutos\" \/>\n<script type=\"application\/ld+json\" class=\"yoast-schema-graph\">{\"@context\":\"https:\/\/schema.org\",\"@graph\":[{\"@type\":\"WebPage\",\"@id\":\"https:\/\/www.electroluxprofessional.com\/la\/soluciones-para-modificar-texturas-alimentos\/\",\"url\":\"https:\/\/www.electroluxprofessional.com\/la\/soluciones-para-modificar-texturas-alimentos\/\",\"name\":\"Soluciones para modificar texturas de alimentos - Electrolux Professional Latin America\",\"isPartOf\":{\"@id\":\"https:\/\/www.electroluxprofessional.com\/la\/#website\"},\"primaryImageOfPage\":{\"@id\":\"https:\/\/www.electroluxprofessional.com\/la\/soluciones-para-modificar-texturas-alimentos\/#primaryimage\"},\"image\":{\"@id\":\"https:\/\/www.electroluxprofessional.com\/la\/soluciones-para-modificar-texturas-alimentos\/#primaryimage\"},\"thumbnailUrl\":\"https:\/\/www.electroluxprofessional.com\/la\/wp-content\/uploads\/2018\/11\/Soluciones.jpg\",\"datePublished\":\"2017-03-24T09:43:17+00:00\",\"dateModified\":\"2018-11-09T14:07:57+00:00\",\"breadcrumb\":{\"@id\":\"https:\/\/www.electroluxprofessional.com\/la\/soluciones-para-modificar-texturas-alimentos\/#breadcrumb\"},\"inLanguage\":\"es\",\"potentialAction\":[{\"@type\":\"ReadAction\",\"target\":[\"https:\/\/www.electroluxprofessional.com\/la\/soluciones-para-modificar-texturas-alimentos\/\"]}]},{\"@type\":\"ImageObject\",\"inLanguage\":\"es\",\"@id\":\"https:\/\/www.electroluxprofessional.com\/la\/soluciones-para-modificar-texturas-alimentos\/#primaryimage\",\"url\":\"https:\/\/www.electroluxprofessional.com\/la\/wp-content\/uploads\/2018\/11\/Soluciones.jpg\",\"contentUrl\":\"https:\/\/www.electroluxprofessional.com\/la\/wp-content\/uploads\/2018\/11\/Soluciones.jpg\",\"width\":324,\"height\":354,\"caption\":\"Soluciones\"},{\"@type\":\"BreadcrumbList\",\"@id\":\"https:\/\/www.electroluxprofessional.com\/la\/soluciones-para-modificar-texturas-alimentos\/#breadcrumb\",\"itemListElement\":[{\"@type\":\"ListItem\",\"position\":1,\"name\":\"Home\",\"item\":\"https:\/\/www.electroluxprofessional.com\/la\/\"},{\"@type\":\"ListItem\",\"position\":2,\"name\":\"Soluciones para modificar texturas de alimentos\"}]},{\"@type\":\"WebSite\",\"@id\":\"https:\/\/www.electroluxprofessional.com\/la\/#website\",\"url\":\"https:\/\/www.electroluxprofessional.com\/la\/\",\"name\":\"Electrolux Professional Latin America\",\"description\":\"Equipamiento cocinas profesionales y lavander\u00edas comerciales. Excelencia en el suministro de soluciones profesionales.\",\"potentialAction\":[{\"@type\":\"SearchAction\",\"target\":{\"@type\":\"EntryPoint\",\"urlTemplate\":\"https:\/\/www.electroluxprofessional.com\/la\/?src={search_term_string}\"},\"query-input\":\"required name=search_term_string\"}],\"inLanguage\":\"es\"}]}<\/script>\n<!-- \/ Yoast SEO plugin. -->","yoast_head_json":{"title":"Soluciones para modificar texturas de alimentos - Electrolux Professional Latin America","robots":{"index":"index","follow":"follow","max-snippet":"max-snippet:-1","max-image-preview":"max-image-preview:large","max-video-preview":"max-video-preview:-1"},"canonical":"https:\/\/www.electroluxprofessional.com\/la\/soluciones-para-modificar-texturas-alimentos\/","og_locale":"es_MX","og_type":"article","og_title":"Soluciones para modificar texturas de alimentos - Electrolux Professional Latin America","og_description":"[vc_row full_width=&#8221;electroluxpro-full-width-no-padding&#8221;][vc_column][elx_hero_slider label_text_color=&#8221;inherit&#8221; images=&#8221;2807&#8243;][elx_heading font_container=&#8221;h1&#8243; font_size=&#8221;h2&#8243; text_color=&#8221;inherit&#8221;]Soluciones para modificar texturas de alimentos[\/elx_heading][\/elx_hero_slider][\/vc_column][\/vc_row][vc_row][vc_column][vc_empty_space][elx_heading text_color=&#8221;inherit&#8221;]Elabora tus propias texturas conservando sabores, aromas y contenido nutricional[\/elx_heading][\/vc_column][\/vc_row][vc_row][vc_column width=&#8221;1\/2&#8243;][vc_empty_space][vc_column_text]Cada vez que probamos nuestros equipos descubrimos cosas nuevas. Gracias a la rasqueta y a la velocidad m\u00e1xima de 3700 rpm, hemos podido lograr un excelente resultado homog\u00e9neo\u00a0para preparar\u00a0platos de cuchara o semil\u00edquidos [&hellip;]","og_url":"https:\/\/www.electroluxprofessional.com\/la\/soluciones-para-modificar-texturas-alimentos\/","og_site_name":"Electrolux Professional Latin America","article_modified_time":"2018-11-09T14:07:57+00:00","og_image":[{"width":324,"height":354,"url":"https:\/\/www.electroluxprofessional.com\/la\/wp-content\/uploads\/2018\/11\/Soluciones.jpg","type":"image\/jpeg"}],"twitter_card":"summary_large_image","twitter_misc":{"Tiempo de lectura":"2 minutos"},"schema":{"@context":"https:\/\/schema.org","@graph":[{"@type":"WebPage","@id":"https:\/\/www.electroluxprofessional.com\/la\/soluciones-para-modificar-texturas-alimentos\/","url":"https:\/\/www.electroluxprofessional.com\/la\/soluciones-para-modificar-texturas-alimentos\/","name":"Soluciones para modificar texturas de alimentos - Electrolux Professional Latin America","isPartOf":{"@id":"https:\/\/www.electroluxprofessional.com\/la\/#website"},"primaryImageOfPage":{"@id":"https:\/\/www.electroluxprofessional.com\/la\/soluciones-para-modificar-texturas-alimentos\/#primaryimage"},"image":{"@id":"https:\/\/www.electroluxprofessional.com\/la\/soluciones-para-modificar-texturas-alimentos\/#primaryimage"},"thumbnailUrl":"https:\/\/www.electroluxprofessional.com\/la\/wp-content\/uploads\/2018\/11\/Soluciones.jpg","datePublished":"2017-03-24T09:43:17+00:00","dateModified":"2018-11-09T14:07:57+00:00","breadcrumb":{"@id":"https:\/\/www.electroluxprofessional.com\/la\/soluciones-para-modificar-texturas-alimentos\/#breadcrumb"},"inLanguage":"es","potentialAction":[{"@type":"ReadAction","target":["https:\/\/www.electroluxprofessional.com\/la\/soluciones-para-modificar-texturas-alimentos\/"]}]},{"@type":"ImageObject","inLanguage":"es","@id":"https:\/\/www.electroluxprofessional.com\/la\/soluciones-para-modificar-texturas-alimentos\/#primaryimage","url":"https:\/\/www.electroluxprofessional.com\/la\/wp-content\/uploads\/2018\/11\/Soluciones.jpg","contentUrl":"https:\/\/www.electroluxprofessional.com\/la\/wp-content\/uploads\/2018\/11\/Soluciones.jpg","width":324,"height":354,"caption":"Soluciones"},{"@type":"BreadcrumbList","@id":"https:\/\/www.electroluxprofessional.com\/la\/soluciones-para-modificar-texturas-alimentos\/#breadcrumb","itemListElement":[{"@type":"ListItem","position":1,"name":"Home","item":"https:\/\/www.electroluxprofessional.com\/la\/"},{"@type":"ListItem","position":2,"name":"Soluciones para modificar texturas de alimentos"}]},{"@type":"WebSite","@id":"https:\/\/www.electroluxprofessional.com\/la\/#website","url":"https:\/\/www.electroluxprofessional.com\/la\/","name":"Electrolux Professional Latin America","description":"Equipamiento cocinas profesionales y lavander\u00edas comerciales. Excelencia en el suministro de soluciones profesionales.","potentialAction":[{"@type":"SearchAction","target":{"@type":"EntryPoint","urlTemplate":"https:\/\/www.electroluxprofessional.com\/la\/?src={search_term_string}"},"query-input":"required name=search_term_string"}],"inLanguage":"es"}]}},"_links":{"self":[{"href":"https:\/\/www.electroluxprofessional.com\/la\/wp-json\/wp\/v2\/pages\/3440"}],"collection":[{"href":"https:\/\/www.electroluxprofessional.com\/la\/wp-json\/wp\/v2\/pages"}],"about":[{"href":"https:\/\/www.electroluxprofessional.com\/la\/wp-json\/wp\/v2\/types\/page"}],"author":[{"embeddable":true,"href":"https:\/\/www.electroluxprofessional.com\/la\/wp-json\/wp\/v2\/users\/23"}],"replies":[{"embeddable":true,"href":"https:\/\/www.electroluxprofessional.com\/la\/wp-json\/wp\/v2\/comments?post=3440"}],"version-history":[{"count":6,"href":"https:\/\/www.electroluxprofessional.com\/la\/wp-json\/wp\/v2\/pages\/3440\/revisions"}],"predecessor-version":[{"id":4719,"href":"https:\/\/www.electroluxprofessional.com\/la\/wp-json\/wp\/v2\/pages\/3440\/revisions\/4719"}],"wp:featuredmedia":[{"embeddable":true,"href":"https:\/\/www.electroluxprofessional.com\/la\/wp-json\/wp\/v2\/media\/4912"}],"wp:attachment":[{"href":"https:\/\/www.electroluxprofessional.com\/la\/wp-json\/wp\/v2\/media?parent=3440"}],"curies":[{"name":"wp","href":"https:\/\/api.w.org\/{rel}","templated":true}]}}