{"id":8402,"date":"2025-03-02T19:15:37","date_gmt":"2025-03-02T19:15:37","guid":{"rendered":"https:\/\/www.electroluxprofessional.com\/hu\/?page_id=8402"},"modified":"2025-11-05T14:45:47","modified_gmt":"2025-11-05T14:45:47","slug":"speedelight-nagysebessegu-sutesi-megoldas","status":"publish","type":"page","link":"https:\/\/www.electroluxprofessional.com\/hu\/konyhatechnologia\/speedelight-nagysebessegu-sutesi-megoldas\/","title":{"rendered":"SpeeDelight nagysebess\u00e9g\u0171 s\u00fct\u00e9si megold\u00e1s"},"content":{"rendered":"<p>[vc_row full_width=&#8221;electroluxpro-full-width-no-padding&#8221;][vc_column][elx_image_block background_image=&#8221;8391&#8243; minimum_height=&#8221;400px&#8221;][vc_empty_space][\/vc_column][\/vc_row][vc_row][vc_column][elx_text_image tag_title=&#8221;h1&#8243; class_title=&#8221;h1&#8243; style_image=&#8221;image_square&#8221; bg_row=&#8221;bg-download-white&#8221; title=&#8221;SpeeDelight: a gyorsas\u00e1g m\u00e9g soha nem volt ennyire finom&#8221; lists=&#8221;%5B%7B%7D%5D&#8221; values=&#8221;%5B%7B%7D%5D&#8221; single_image=&#8221;8397&#8243;]A SpeeDelight szabads\u00e1got ad \u00d6nnek, hogy a <strong><b>sebess\u00e9get, a min\u0151s\u00e9get \u00e9s a kreativit\u00e1st kombin\u00e1lhassa<\/b><\/strong>: a f\u0151z\u00e9s ter\u00e9n legyen sprinter, viszont legyen \u00e1sz, amikor \u00fczletr\u0151l van sz\u00f3.<\/p>\n<p><strong><b>N\u00f6velje termel\u00e9kenys\u00e9g\u00e9t<\/b><\/strong>\u00a0\u00e9s k\u00edn\u00e1ljon kiemelked\u0151 \u00e9lm\u00e9nyt a snackek ter\u00e9n ezzel az intuit\u00edv, nagy teljes\u00edtm\u00e9ny\u0171 professzion\u00e1lis megold\u00e1ssal: a h\u00e1rom direkt \u00e9s indirekt f\u0151z\u00e9si technol\u00f3gia kombin\u00e1ci\u00f3j\u00e1t els\u0151k\u00e9nt alkalmaz\u00f3, k\u00e9t s\u00fct\u0151lapos k\u00e9sz\u00fcl\u00e9kkel.<\/p>\n<p>A SpeeDelight nagy sebess\u00e9g\u0171 s\u00fct\u0151vel hat\u00e9konyabb\u00e1 teheti munkafolyamat\u00e1t: <strong><b>cs\u00f6kken az id\u0151vesztes\u00e9g,<\/b><\/strong>\u00a0az eg\u00e9szs\u00e9ges, \u00edzletes snackek pedig vill\u00e1mgyorsan felszolg\u00e1lhat\u00f3ak.[\/elx_text_image][elx_o2000_contact_us s=&#8221;Kapcsolatfelv\u00e9teli k\u00e9relem a weboldalr\u00f3l&#8221; flag_hide_request_type=&#8221;true&#8221; country=&#8221;Hungary&#8221; b=&#8221;food&#8221; button_mode=&#8221;true&#8221; button_style=&#8221;secondary-bordered&#8221; postion_button=&#8221;text-left&#8221; postion_button_mobile=&#8221;text-left-mobile&#8221; text_btn_contact=&#8221;L\u00e9pjen kapcsolatba vel\u00fcnk&#8221;][vc_empty_space][\/vc_column][\/vc_row][vc_row matched_labels=&#8221;&#8221; css=&#8221;.vc_custom_1744194561596{background-color: #c4d69a !important;}&#8221;][vc_column][elx_features_download title=&#8221;&#8221; title_position=&#8221;top&#8221; bg_row=&#8221;bg-row-sustainability-green&#8221; values=&#8221;%5B%7B%22select_type%22%3A%22link%22%7D%5D&#8221; discover=&#8221;%5B%7B%7D%5D&#8221; features=&#8221;%5B%7B%22icon_electroluxpro%22%3A%22elx-icon%20icon-circle-savings-green-blue%22%2C%22title_icon%22%3A%22%3Cb%3EK%C3%B6rnyezetbar%C3%A1t%20technol%C3%B3gia%3C%2Fb%3E%22%2C%22text_icon%22%3A%22Az%20exkluz%C3%ADv%20%3Cb%3Eenergiatakar%C3%A9kos%20%C3%BCzemm%C3%B3ddal%3C%2Fb%3E%20mindenki%20nyer%3A%20a%20k%C3%B6rnyezet%20%C3%A9s%20%C3%96n%20is.%5CnA%20k%C3%B6rnyezetbar%C3%A1t%20m%C5%B1k%C3%B6d%C3%A9s%20%C3%A9rdek%C3%A9ben%20csukja%20le%20a%20fedelet%2C%20amikor%20megjelenik%20a%20k%C3%A9szenl%C3%A9ti%20%C3%A9rtes%C3%ADt%C3%A9s%3A%20%C3%ADgy%20a%20SpeeDelight%20%3Cb%3Eenergiafogyaszt%C3%A1sa%2069%25-kal%20alacsonyabb!*%3C%2Fb%3E%5Cn%3Cbr%3E%3Cp%20style%3D%5C%22font-size%3A%20small%3B%20color%3A%20%23707070%3B%5C%22%3E*Az%20Electrolux%20Professional%20kutat%C3%A1si%20%C3%A9s%20fejleszt%C3%A9si%20laborat%C3%B3rium%C3%A1ban%20a%20SpeeDelight%20k%C3%A9sz%C3%BCl%C3%A9ken%20v%C3%A9gzett%20bels%C5%91%20teszt%20azt%20mutatja%2C%20hogy%20az%20energiatakar%C3%A9kos%20m%C3%B3dban%20l%C3%A9v%C5%91%20k%C3%A9sz%C3%BCl%C3%A9k%2069%25-kal%20kevesebbet%20fogyaszt%20a%20norm%C3%A1l%20haszn%C3%A1lati%20m%C3%B3dhoz%20k%C3%A9pest.%3C%2Fp%3E%22%7D%5D&#8221;][\/elx_features_download][\/vc_column][\/vc_row][vc_row css=&#8221;.vc_custom_1699265178216{background-color: #e9eff5 !important;}&#8221;][vc_column][elx_features_download title=&#8221;Legyen minden ropog\u00f3s: maxim\u00e1lis \u00edz rekordsebess\u00e9ggel&#8221; tag_title=&#8221;h2&#8243; class_title=&#8221;h2&#8243; title_download=&#8221;Let\u00f6lt\u00e9s&#8221; title_discover=&#8221;Felfedez\u00e9s&#8221; bg_discover_color=&#8221;bg-download-white&#8221; link_discover_color=&#8221;download-text-blue&#8221; title_position=&#8221;top&#8221; bg_row=&#8221;bg-row-light-blue&#8221; values=&#8221;%5B%7B%22select_type%22%3A%22pride%22%2C%22label_pride_document%22%3A%22SpeeDelight%20prospektus%22%2C%22document_type%22%3A%22brochures%22%2C%22br_document_number%22%3A%22BR-9JE00128%22%7D%2C%7B%22select_type%22%3A%22pride%22%2C%22label_pride_document%22%3A%22SpeeDelight%20PEP%20term%C3%A9kismertet%C5%91%22%2C%22document_type%22%3A%22leaflets%22%2C%22le_document_number%22%3A%22CLF-9JE00159%22%7D%5D&#8221; discover=&#8221;%5B%7B%22link_discover%22%3A%22url%3Ahttps%253A%252F%252Fwww.electroluxprofessional.com%252Fcommercial-kitchen-equipment%252Fspeedelight-high-speed-cooking-solution%252Fspeedelight-productivity-savings%252F%7Ctitle%3AK%25C3%25B6lts%25C3%25A9gsz%25C3%25A1m%25C3%25ADt%25C3%25A1s%7Ctarget%3A_blank%22%7D%2C%7B%22link_discover%22%3A%22url%3Ahttps%253A%252F%252Fwww.electroluxprofessional.com%252Fcommercial-kitchen-equipment%252Fspeedelight-high-speed-cooking-solution%252Fspeedelight-menu-editor%252F%7Ctitle%3ATestreszabott%2520ikonok%7Ctarget%3A_blank%22%7D%5D&#8221; features=&#8221;%5B%7B%22icon_electroluxpro%22%3A%22elx-icon%20icon-circle-productivity-liberopro-blue%22%2C%22title_icon%22%3A%22T%C3%B6k%C3%A9letes%20s%C3%BCt%C3%A9s%20minden%20r%C3%A9tegben%22%2C%22text_icon%22%3A%22%3Cb%3EA%20Triple%20Play%20funkci%C3%B3val%3C%2Fb%3E%20a%20SpeeDelight%20a%20direkt%20s%C3%BCt%C3%A9st%20(kontakt%20s%C3%BCt%C5%91lapok)%20%C3%A9s%20a%20k%C3%A9tf%C3%A9le%20indirekt%20s%C3%BCt%C3%A9st%20(infrav%C3%B6r%C3%B6s%20sug%C3%A1rz%C3%A1s%20%C3%A9s%20mikrohull%C3%A1m)%20%C3%B6tv%C3%B6zi%2C%20aminek%20k%C3%B6sz%C3%B6nhet%C5%91en%20%C3%A9telei%20k%C3%ADv%C3%BCl%20ropog%C3%B3sak%20lesznek%2C%20bel%C3%BCl%20pedig%20t%C3%B6k%C3%A9letesen%20%C3%A1ts%C3%BClnek.%22%7D%2C%7B%22icon_electroluxpro%22%3A%22elx-icon%20icon-circle-ergonomics-blue%22%2C%22title_icon%22%3A%22%C3%96nbe%C3%A1ll%C3%B3%20fels%C5%91%20s%C3%BCt%C5%91lap%22%2C%22text_icon%22%3A%22A%20s%C3%BCt%C5%91lap%20pontosan%20tudja%2C%20hol%20kell%20meg%C3%A1llnia%2C%20az%20%C3%A9telt%C5%91l%20f%C3%BCgg%C5%91en%3A%20ak%C3%A1r%20pizz%C3%A1t%2C%20p%C3%A9ks%C3%BCtem%C3%A9nyt%20vagy%20panin%C3%B3t%20s%C3%BCt%2C%20a%20%3Cb%3EPerfect%20Squeeze%3C%2Fb%3E%20gondoskodik%20a%20t%C3%B6k%C3%A9letess%C3%A9gr%C5%91l.%22%7D%2C%7B%22icon_electroluxpro%22%3A%22elx-icon%20icon-circle-easy-blue%22%2C%22title_icon%22%3A%22Ak%C3%A1rmi%20is%20t%C3%B6rt%C3%A9njen%2C%20az%20%C3%A9tel%20nem%20fog%20meg%C3%A9gni%22%2C%22text_icon%22%3A%22A%20%3Cb%3EHas%20Your%20Back%3C%2Fb%3E%20funkci%C3%B3%20automatikusan%20kinyitja%20a%20fedelet%2C%20amikor%20a%20snack%20elk%C3%A9sz%C3%BClt.%20Laz%C3%ADtson%3A%20semmi%20nem%20fog%20meg%C3%A9gni%2C%20%C3%96n%20nyugodtan%20foglalkozhat%20k%C3%B6zben%20m%C3%A1ssal!%22%7D%5D&#8221;][\/elx_features_download][\/vc_column][\/vc_row][vc_row][vc_column][vc_empty_space][elx_text_image class_title=&#8221;h1&#8243; style_image=&#8221;image_square&#8221; button_style=&#8221;secondary-bordered&#8221; bg_row=&#8221;bg-download-white&#8221; title=&#8221;SpeeDelight PEP:<br \/>\ndinamikus kisv\u00e1llalkoz\u00e1sok sz\u00e1m\u00e1ra&#8221; lists=&#8221;%5B%7B%7D%5D&#8221; values=&#8221;%5B%7B%7D%5D&#8221; single_image=&#8221;8390&#8243;]Csatlakoztassa, \u00e9s m\u00e1r nincs is t\u00f6bb gondja: a kisv\u00e1llalkoz\u00e1sok sz\u00e1m\u00e1ra egy olyan rugalmas megold\u00e1s jelenti az igazi \u00e1tt\u00f6r\u00e9st, amely mellett mozg\u00e1sban maradhat. <strong><b>Helyezze el, ahov\u00e1 csak akarja<\/b><\/strong>: az \u00faj <strong><b>SpeeDelight PEP<\/b><\/strong>\u00a0k\u00e9sz\u00fcl\u00e9kkel csak egy egyf\u00e1zis\u00fa konnektorra van sz\u00fcks\u00e9ge ahhoz, hogy az elektromos rendszerre vonatkoz\u00f3 korl\u00e1toz\u00e1sok n\u00e9lk\u00fcl (3\u00a0kW teljes felvett teljes\u00edtm\u00e9ny), kiv\u00e1l\u00f3 min\u0151s\u00e9g\u0171 \u00e9lelmiszereket \u00e1ll\u00edtson el\u0151.[\/elx_text_image][\/vc_column][\/vc_row][vc_row][vc_column][vc_empty_space height=&#8221;50px&#8221;][vc_column_text]<\/p>\n<h2>Az Electrolux Professional SpeeDelight \u00e1ltal elnyert d\u00edjak<\/h2>\n<p>A megjelen\u00e9s \u00e9v\u00e9ben a SpeeDelight nagy sebess\u00e9g\u0171 s\u00fct\u0151 t\u00f6bbsz\u00f6r\u00f6sen d\u00edjnyertes term\u00e9kk\u00e9 v\u00e1lt[\/vc_column_text][vc_empty_space height=&#8221;50px&#8221;][\/vc_column][\/vc_row][vc_row content_placement=&#8221;bottom&#8221;][vc_column width=&#8221;1\/4&#8243;][vc_single_image image=&#8221;8392&#8243; img_size=&#8221;full&#8221; alignment=&#8221;center&#8221;][vc_empty_space height=&#8221;23px&#8221;][vc_column_text]<\/p>\n<h6>A SpeeDelight plus x-d\u00edja<\/h6>\n<p>[\/vc_column_text][vc_empty_space height=&#8221;40px&#8221;][elx_button button_text=&#8221;Tov\u00e1bbiak felfedez\u00e9se&#8221; button_style=&#8221;secondary-bordered&#8221; button_link=&#8221;url:https%3A%2F%2Fwww.electroluxprofessional.com%2Fspeedelight-takes-top-prize-plus-x-awards%2F|target:_blank&#8221;][\/vc_column][vc_column width=&#8221;1\/4&#8243;][vc_empty_space height=&#8221;53px&#8221;][vc_single_image image=&#8221;8393&#8243; img_size=&#8221;full&#8221; alignment=&#8221;center&#8221;][vc_empty_space height=&#8221;55px&#8221;][vc_column_text]<\/p>\n<h6>A SpeeDelight kiv\u00e1l\u00f3 formatervez\u00e9si d\u00edja (2017)<\/h6>\n<p>[\/vc_column_text][vc_empty_space height=&#8221;30px&#8221;][elx_button button_text=&#8221;Tov\u00e1bbiak felfedez\u00e9se&#8221; button_style=&#8221;secondary-bordered&#8221; button_link=&#8221;url:https%3A%2F%2Fwww.electroluxprofessional.com%2Fspeedelight-achieved-good-design-award-2017%2F|target:_blank&#8221;][\/vc_column][vc_column width=&#8221;1\/4&#8243;][vc_empty_space height=&#8221;72px&#8221;][vc_single_image image=&#8221;8394&#8243; img_size=&#8221;full&#8221; alignment=&#8221;center&#8221;][vc_empty_space height=&#8221;74px&#8221;][vc_column_text]<\/p>\n<h6>A SpeeDelight Janus de l&#8217;industrie d\u00edja (2017)<\/h6>\n<p>[\/vc_column_text][vc_empty_space height=&#8221;30px&#8221;][elx_button button_text=&#8221;Tov\u00e1bbiak felfedez\u00e9se&#8221; button_style=&#8221;secondary-bordered&#8221; button_link=&#8221;url:https%3A%2F%2Fwww.electroluxprofessional.com%2Fspeedelight-janus-de-lindustrie-winner%2F|target:_blank&#8221;][\/vc_column][vc_column width=&#8221;1\/4&#8243;][vc_empty_space height=&#8221;59px&#8221;][vc_single_image image=&#8221;8395&#8243; img_size=&#8221;full&#8221; alignment=&#8221;center&#8221;][vc_empty_space height=&#8221;60px&#8221;][vc_column_text]<\/p>\n<h6>A SpeeDelight term\u00e9kkiv\u00e1l\u00f3s\u00e1gi d\u00edja (2017)<\/h6>\n<p>[\/vc_column_text][vc_empty_space height=&#8221;30px&#8221;][elx_button button_text=&#8221;Tov\u00e1bbiak felfedez\u00e9se&#8221; button_style=&#8221;secondary-bordered&#8221; button_link=&#8221;url:https%3A%2F%2Fwww.electroluxprofessional.com%2Fspeedelight-wins-product-excellence-awards-2017%2F|target:_blank&#8221;][vc_empty_space][\/vc_column][\/vc_row][vc_row][vc_column][elx_text_image style_image=&#8221;image_vertical&#8221; bg_row=&#8221;bg-download-white&#8221; title=&#8221;A kreat\u00edv s\u00fct\u00e9s m\u00e9g soha nem volt ilyen egyszer\u0171&#8221; lists=&#8221;%5B%7B%22icon_electroluxpro%22%3A%22elx-icon%20icon-circle-checkmark-blue%22%2C%22title_list%22%3A%22Minim%C3%A1lis%20er%C5%91fesz%C3%ADt%C3%A9s%20a%20maxim%C3%A1lis%20teljes%C3%ADtm%C3%A9ny%20%C3%A9rdek%C3%A9ben%22%2C%22text_list%22%3A%22Az%20%3Cb%3Eegyszer%C5%B1s%C3%A9g%3C%2Fb%3E%20a%20jelszavunk%3A%20nincs%20sz%C3%BCks%C3%A9g%20tapasztalatra%20vagy%20speci%C3%A1lis%20k%C3%A9szs%C3%A9gekre.%5CnValamint%20a%20%3Cb%3Ekonzisztens%20min%C5%91s%C3%A9g%3C%2Fb%3E%3A%20a%20k%C3%A9sz%C3%BCl%C3%A9k%20mindig%20ugyanazt%20a%20kiv%C3%A1l%C3%B3%20min%C5%91s%C3%A9get%20ny%C3%BAjtja%2C%20f%C3%BCggetlen%C3%BCl%20att%C3%B3l%2C%20hogy%20ki%20kezeli.%20%22%7D%2C%7B%22icon_electroluxpro%22%3A%22elx-icon%20icon-circle-checkmark-blue%22%2C%22title_list%22%3A%22Probl%C3%A9mamentes%20karbantart%C3%A1s%22%2C%22text_list%22%3A%22A%20levehet%C5%91%20fels%C5%91%20fed%C3%A9l%20%C3%A9s%20a%20szell%C5%91z%C5%91sz%C5%B1r%C5%91k%2C%20valamint%20a%20racionaliz%C3%A1lt%20kialak%C3%ADt%C3%A1s%20gondoskodnak%20a%3Cb%3Ek%C3%B6nny%C5%B1%20hozz%C3%A1f%C3%A9r%C3%A9sr%C5%91l%20%C3%A9s%20tiszt%C3%ADt%C3%A1sr%C3%B3l%3C%2Fb%3E.%22%7D%2C%7B%22icon_electroluxpro%22%3A%22elx-icon%20icon-circle-checkmark-blue%22%2C%22title_list%22%3A%22Minden%20csak%20egy%20%C3%A9rint%C3%A9snyire%22%2C%22text_list%22%3A%22Csatlakoztassa%20SpeeDelight%20OneE%20Connected%20k%C3%A9sz%C3%BCl%C3%A9k%C3%A9t%2C%20hogy%20olyan%20%C3%A9rt%C3%A9kes%20inform%C3%A1ci%C3%B3khoz%20juthasson%2C%20amelyek%20seg%C3%ADtenek%20optimaliz%C3%A1lni%20a%20teljes%C3%ADtm%C3%A9nyt%20%C3%A9s%20%3Cb%3Ejav%C3%ADtani%20a%20hat%C3%A9konys%C3%A1got%3C%2Fb%3E.%22%7D%5D&#8221; values=&#8221;%5B%7B%7D%5D&#8221; single_image=&#8221;8398&#8243;]A kereskedelmi forgalomban kaphat\u00f3, nagy sebess\u00e9g\u0171 SpeeDelight s\u00fct\u0151vel az egyszer\u0171s\u00e9g csak egy \u00e9rint\u00e9snyire van: plug-and-play telep\u00edt\u00e9s \u00e9s <strong><b>felhaszn\u00e1l\u00f3bar\u00e1t kezel\u0151panel<\/b><\/strong>, nem ig\u00e9nyel k\u00fcl\u00f6n elsz\u00edv\u00f3t, a tapad\u00e1smentes s\u00fct\u0151lemezek pedig k\u00f6nnyed\u00e9n tiszt\u00edthat\u00f3k. K\u00eds\u00e9rletezzen kedv\u00e9re: csak az \u00f6tletei hagynak maradand\u00f3 nyomot. Egyetlen t\u00f6k\u00e9letes szendvics, vagy ink\u00e1bb sz\u00e1z: mindegyik \u00e9pp ugyanolyan j\u00f3, mint az el\u0151z\u0151.<\/p>\n<p><span style=\"color: #ffffff;\">.<\/span>[\/elx_text_image][\/vc_column][\/vc_row][vc_row][vc_column][vc_column_text]<\/p>\n<h2 class=\"h1 mb-3 text-image-title\">Kieg\u00e9sz\u00edt\u0151k \u00e9s fogy\u00f3eszk\u00f6z\u00f6k a pr\u00e9mium szint\u0171 karbantart\u00e1shoz<\/h2>\n<p>[\/vc_column_text][vc_empty_space][vc_row_inner][vc_column_inner width=&#8221;2\/3&#8243;][vc_column_text]Ez a\u00a0<strong><b>k\u00e9szlet<\/b><\/strong>\u00a0cs\u00facsform\u00e1ban tartja SpeeDelight nagy sebess\u00e9g\u0171 s\u00fct\u0151k\u00e9sz\u00fcl\u00e9k\u00e9t, \u00edgy\u00a0<strong><b>\u00d6n arra tudja haszn\u00e1lni, amiben a legjobb<\/b><\/strong>: kefe, spatula, kapar\u00f3, kivehet\u0151 teflonlap, s\u00fct\u0151pap\u00edr, szilikonos v\u00e9d\u0151, tiszt\u00edt\u00f3 oldatok, gyorszs\u00edr.[\/vc_column_text][vc_empty_space][elx_shop_now button_text=&#8221;V\u00c1S\u00c1RL\u00c1S MOST&#8221; button_link=&#8221;url:https%3A%2F%2Fwww.electroluxprofessional.com%2Fhu%2Fertekesitesi-es-szerviz-lokator%2F&#8221;][\/vc_column_inner][vc_column_inner width=&#8221;1\/3&#8243;][vc_single_image image=&#8221;8396&#8243; img_size=&#8221;full&#8221; alignment=&#8221;center&#8221;][\/vc_column_inner][\/vc_row_inner][vc_empty_space height=&#8221;50px&#8221;][elx_heading font_container=&#8221;h3&#8243; text_color=&#8221;inherit&#8221; text_align=&#8221;text-center&#8221;]K\u00e9rdezzen meg egy szaktan\u00e1csad\u00f3t, hogy hogyan jav\u00edthatja a SpeeDelight k\u00e9sz\u00fcl\u00e9kkel az \u00fczleti tev\u00e9kenys\u00e9g\u00e9t, \u00e9s hogyan \u00e9rhet el a seg\u00edts\u00e9g\u00e9vel energiamegtakar\u00edt\u00e1st[\/elx_heading][vc_empty_space height=&#8221;20px&#8221;][elx_o2000_contact_us s=&#8221;Kapcsolatfelv\u00e9teli k\u00e9relem a weboldalr\u00f3l&#8221; country=&#8221;Hungary&#8221; b=&#8221;food&#8221;][vc_empty_space height=&#8221;75px&#8221;][\/vc_column][\/vc_row][vc_row el_id=&#8221;products_speedelight&#8221;][vc_column][vc_empty_space][\/vc_column][\/vc_row][vc_row el_id=&#8221;products&#8221;][vc_column]<div class=\"com21-product-filter-container 3\">\n                    <!-- PROD FILTER -->\n                    \n                    <div class=\"container\">\n                        <h4 class=\"text-center\">\n                            Sz\u0171r\u0151 (3 Term\u00e9kek)\n                        <\/h4>\n                    <\/div>\n                    <div class=\"specification-filter\">\n                        <div class=\"toggle-filter-container\">\n                            <div class=\"container text-center\">\n                                <a href=\"#filter\" class=\"toggle-filter small-toggle\" data-target=\".category-filter\"  data-class-toggle=\"category-filter-show\" aria-pressed=\"false\" role=\"button\" id=\"open-product-features\">Sz\u0171r\u0151<\/a>\n                            <\/div>\n                        <\/div>\n                        <div class=\"category-filter \">\n                            <div class=\"container\">\n                    <div class=\"row\">\n                        <div class=\"col-md-4 text-left subcategories-first\">\n                            <fieldset>       \n                                <h5 class=\"h6\">Alkateg\u00f3ria<\/h5>\n                                <div class=\"subcategory-check\">\n                                    <input type=\"checkbox\" name=\"speedelight-manualisan-allithato-felso-lappal\" id=\"speedelight-manualisan-allithato-felso-lappal\" data-description=\"SpeeDelight manu\u00e1lisan \u00e1ll\u00edthat\u00f3 fels\u0151 lappal\" >\n                                    <label for=\"speedelight-manualisan-allithato-felso-lappal\">SpeeDelight manu\u00e1lisan \u00e1ll\u00edthat\u00f3 fels\u0151 lappal<\/label>\n                                <\/div>\n                            \n                                <div class=\"subcategory-check\">\n                                    <input type=\"checkbox\" name=\"speedelight-flexibilis-allithato-felso-lappal\" id=\"speedelight-flexibilis-allithato-felso-lappal\" data-description=\"SpeeDelight flexibilis \u00e1ll\u00edthat\u00f3 fels\u0151 lappal\" >\n                                    <label for=\"speedelight-flexibilis-allithato-felso-lappal\">SpeeDelight flexibilis \u00e1ll\u00edthat\u00f3 fels\u0151 lappal<\/label>\n                                <\/div>\n                            \n                            <\/fieldset>\n                        <\/div><!-- end col -->\n                        <\/div>\n        \n                                <div class=\"row\">\n                                    <div class=\"col-md-6 text-left\">\n                                        <span class=\"number-of-products\"><span id=\"number-of-products\">3<\/span> Term\u00e9k<\/span> <a href=\"#\" class=\"btn btn-secondary-bordered\" id=\"filter-reset-btn\">Vissza\u00e1ll\u00edt\u00e1s<\/a>\n                                    <\/div>\n                                    <div class=\"col-md-6 text-right\">\n                                        <a href=\"#\" class=\"close-toggle no-pd-toggle\" data-parent=\"open-product-features\"  aria-pressed=\"true\" role=\"button\">Bez\u00e1r\u00e1s<\/a>\n                                    <\/div>\n                                <\/div>\n                                \n                            <\/div><!-- end container -->\n                        <\/div><!-- end category-filter -->\n                    <\/div><!-- end specification-filter -->\n        \n                    <!-- END PROD FILTER -->\n                    \n                    <!-- PROD LIST -->\n                    <div class=\"product-list container\">\n                        <!--Hidden parameters-->\n                        <input type=\"hidden\" name=\"navigation_level_1\" id=\"navigation_level_1\" value=\"P\">\n                        <input type=\"hidden\" name=\"navigation_level_2\" id=\"navigation_level_2\" value=\"\">\n                        <input type=\"hidden\" name=\"navigation_level_3\" id=\"navigation_level_3\" value=\"\">\n                        <input type=\"hidden\" name=\"navigation_level_4\" id=\"navigation_level_4\" value=\"\">\n                        <input type=\"hidden\" name=\"filter_id\" id=\"filter_id\" value=\"3\">\n                        <input type=\"hidden\" name=\"navigation_language\" id=\"navigation_language\" value=\"5025\">\n                        <input type=\"hidden\" name=\"navigation_language_code\" id=\"navigation_language\" value=\"5025\">\n                        <input type=\"hidden\" name=\"page_id\" id=\"page_id\" value=\"8402\">\n                        <!--END Hidden parameters--><ul class=\"row\" ><li data-product-paged=\"\" class=\"anchor_tags_prod col-sm-6 col-md-3 wow fadeIn single-product-list 603914\"><div class=\"product-list-item\"><div class=\"product-content\"><a href=\"https:\/\/www.electroluxprofessional.com\/hu\/pd\/speedelight\/speedelight-flexibilis-\u00e1ll\u00edthat\u00f3-fels\u0151-lappal\/sima\/plug-in-speedelight-flexibilis-sima-fels\u0151-s\u00fct\u0151lappal-kivehet\u0151-teflon-t\u00e1lc\u00e1val-603914\/\" target=\"_blank\" ><figure><img decoding=\"async\" src=\"https:\/\/tools.electroluxprofessional.com\/Mirror\/Doc\/PH_255x255%2FPH_603878_1_1_603878.jpg\" alt=\"Plug-inSpeeDelight flexibilis sima fels\u0151 s\u00fct\u0151lappal, kivehet\u0151 teflon t\u00e1lc\u00e1val\"\/><\/figure><div class=\"product-internal\"><div class=\"product-liv\">Sima<\/div><h3 class=\"product-title\">Plug-in<br>SpeeDelight flexibilis sima fels\u0151 s\u00fct\u0151lappal, kivehet\u0151 teflon t\u00e1lc\u00e1val<\/h3><div class=\"product-icons\"><div class=\"product-green\"><\/div><div class=\"product-cod\"><div class=\"hidden type_code\">0<\/div>COD <span class=\"product-code\" >603914<\/span><\/div><div class=\"product-fast\"><\/div>\n<\/div><div class=\"product-description-fast-green\"><\/div>\n<\/div><div class=\"product-actions\"><a href=\"https:\/\/www.electroluxprofessional.com\/hu\/pd\/speedelight\/speedelight-flexibilis-\u00e1ll\u00edthat\u00f3-fels\u0151-lappal\/sima\/plug-in-speedelight-flexibilis-sima-fels\u0151-s\u00fct\u0151lappal-kivehet\u0151-teflon-t\u00e1lc\u00e1val-603914\/\" class=\"btn btn-primary-blue\">View more<\/a><span class=\"compare-product\"><span class=\"compare-checkbox\"><span class=\"compare-checkbox-shape\"><input type=\"checkbox\" class=\"product-comparer\" id=\"prod_603914\"\/><label class=\"btn\" for=\"prod_603914\"><span class=\"label-bg\"><\/span>\u00d6sszehasonl\u00edt\u00e1s<\/label><\/span><\/span><\/span><\/div><\/a><\/div><\/div><\/li><li data-product-paged=\"\" class=\"anchor_tags_prod col-sm-6 col-md-3 wow fadeIn single-product-list 603945\"><div class=\"product-list-item\"><div class=\"product-content\"><a href=\"https:\/\/www.electroluxprofessional.com\/hu\/pd\/speedelight\/speedelight-flexibilis-\u00e1ll\u00edthat\u00f3-fels\u0151-lappal\/bord\u00e1zott\/plug-in-speedelight-flexibilis-fels\u0151-bord\u00e1zott-s\u00fct\u0151lappal-kivehet\u0151-teflon-lap-603945\/\" target=\"_blank\" ><figure><img decoding=\"async\" src=\"https:\/\/tools.electroluxprofessional.com\/Mirror\/Doc\/PH_255x255%2FPH_603878_1_1_603878.jpg\" alt=\"Plug-inSpeeDelight flexibilis fels\u0151 bord\u00e1zott s\u00fct\u0151lappal, kivehet\u0151 teflon lap\"\/><\/figure><div class=\"product-internal\"><div class=\"product-liv\">Bord\u00e1zott<\/div><h3 class=\"product-title\">Plug-in<br>SpeeDelight flexibilis fels\u0151 bord\u00e1zott s\u00fct\u0151lappal, kivehet\u0151 teflon lap<\/h3><div class=\"product-icons\"><div class=\"product-green\"><\/div><div class=\"product-cod\"><div class=\"hidden type_code\">0<\/div>COD <span class=\"product-code\" >603945<\/span><\/div><div class=\"product-fast\"><\/div>\n<\/div><div class=\"product-description-fast-green\"><\/div>\n<\/div><div class=\"product-actions\"><a href=\"https:\/\/www.electroluxprofessional.com\/hu\/pd\/speedelight\/speedelight-flexibilis-\u00e1ll\u00edthat\u00f3-fels\u0151-lappal\/bord\u00e1zott\/plug-in-speedelight-flexibilis-fels\u0151-bord\u00e1zott-s\u00fct\u0151lappal-kivehet\u0151-teflon-lap-603945\/\" class=\"btn btn-primary-blue\">View more<\/a><span class=\"compare-product\"><span class=\"compare-checkbox\"><span class=\"compare-checkbox-shape\"><input type=\"checkbox\" class=\"product-comparer\" id=\"prod_603945\"\/><label class=\"btn\" for=\"prod_603945\"><span class=\"label-bg\"><\/span>\u00d6sszehasonl\u00edt\u00e1s<\/label><\/span><\/span><\/span><\/div><\/a><\/div><\/div><\/li><li data-product-paged=\"\" class=\"anchor_tags_prod col-sm-6 col-md-3 wow fadeIn single-product-list 603946\"><div class=\"product-list-item\"><div class=\"product-content\"><a href=\"https:\/\/www.electroluxprofessional.com\/hu\/pd\/speedelight\/speedelight-manu\u00e1lisan-\u00e1ll\u00edthat\u00f3-fels\u0151-lappal\/bord\u00e1zott\/plug-in-speedelight-with-adjustable-tube-ribbed-removable-teflon-plate-603946\/\" target=\"_blank\" ><figure><img decoding=\"async\" src=\"https:\/\/tools.electroluxprofessional.com\/Mirror\/Doc\/PH_255x255%2FPH_603878_1_1_603878.jpg\" alt=\"Plug-inSpeeDelight with adjustable tube, ribbed, removable teflon plate\"\/><\/figure><div class=\"product-internal\"><div class=\"product-liv\">Bord\u00e1zott<\/div><h3 class=\"product-title\">Plug-in<br>SpeeDelight with adjustable tube, ribbed, removable teflon plate<\/h3><div class=\"product-icons\"><div class=\"product-green\"><\/div><div class=\"product-cod\"><div class=\"hidden type_code\">0<\/div>COD <span class=\"product-code\" >603946<\/span><\/div><div class=\"product-fast\"><\/div>\n<\/div><div class=\"product-description-fast-green\"><\/div>\n<\/div><div class=\"product-actions\"><a href=\"https:\/\/www.electroluxprofessional.com\/hu\/pd\/speedelight\/speedelight-manu\u00e1lisan-\u00e1ll\u00edthat\u00f3-fels\u0151-lappal\/bord\u00e1zott\/plug-in-speedelight-with-adjustable-tube-ribbed-removable-teflon-plate-603946\/\" class=\"btn btn-primary-blue\">View more<\/a><span class=\"compare-product\"><span class=\"compare-checkbox\"><span class=\"compare-checkbox-shape\"><input type=\"checkbox\" class=\"product-comparer\" id=\"prod_603946\"\/><label class=\"btn\" for=\"prod_603946\"><span class=\"label-bg\"><\/span>\u00d6sszehasonl\u00edt\u00e1s<\/label><\/span><\/span><\/span><\/div><\/a><\/div><\/div><\/li>\n                        <\/ul>\n                        <div class=\"text-center more-products\">\n                        <\/div>\n                    <\/div>\n                    <!-- END PRODUCT LIST -->\n                    <\/div>\n                    <!-- END PRODUCT LIST -->[elx_text_image style_image=&#8221;image_square&#8221; button_style=&#8221;secondary-bordered&#8221; bg_row=&#8221;bg-download-white&#8221; lists=&#8221;%5B%7B%7D%5D&#8221; single_image=&#8221;8068&#8243; values=&#8221;%5B%7B%7D%5D&#8221; link=&#8221;url:https%3A%2F%2Fwww.electroluxprofessional.com%2Fhu%2Fkonyhatechnologia%2Fgourmexpress-nagy-sebessegu-suto%2F|title:Tov%C3%A1bbi%20t%C3%A1j%C3%A9koztat%C3%A1s|target:_blank&#8221;]<\/p>\n<h2>Fokozza a nagy sebess\u00e9g\u0171 s\u00fct\u00e9st a GourmeXpress seg\u00edts\u00e9g\u00e9vel<\/h2>\n<p>Emelje konyhai hat\u00e9konys\u00e1g\u00e1t magasabb szintre a SpeeDelight \u00e9s a GourmeXpress p\u00e1ros\u00edt\u00e1s\u00e1val. Ez a k\u00e9t nagy teljes\u00edtm\u00e9ny\u0171, nagy sebess\u00e9g\u0171 s\u00fct\u00e9si megold\u00e1s egy\u00fcttm\u0171k\u00f6dve gyorsabb kiszolg\u00e1l\u00e1st, sz\u00e9lesebb men\u00fcv\u00e1laszt\u00e9kot \u00e9s egyenletes min\u0151s\u00e9get biztos\u00edt \u2013 t\u00f6k\u00e9letesek a nagy ig\u00e9nyeket t\u00e1maszt\u00f3 konyh\u00e1khoz.[\/elx_text_image][vc_empty_space height=&#8221;75px&#8221;][elx_multiple_columns number_columns=&#8221;4&#8243; tag_title_clm=&#8221;h2&#8243; bg_row=&#8221;bg-download-white&#8221; title=&#8221;Keressen komplett megold\u00e1sokat&#8221; values=&#8221;%5B%7B%22image_section%22%3A%228399%22%2C%22title_section%22%3A%22B%C3%A1rok%20%C3%A9s%20k%C3%A1v%C3%A9z%C3%B3k%22%2C%22text_section%22%3A%22Fedezze%20fel%20a%20v%C3%A1llalkoz%C3%A1sa%20egyedi%20ig%C3%A9nyeinek%20megfelel%C5%91en%20megtervezett%2C%20szem%C3%A9lyre%20szabott%20megold%C3%A1sok%20sz%C3%A9les%20sk%C3%A1l%C3%A1j%C3%A1t%2C%20amelyek%20seg%C3%ADtenek%20megn%C3%B6velni%20a%20hat%C3%A9konys%C3%A1got%20%C3%A9s%20fokozz%C3%A1k%20az%20%C3%BCgyf%C3%A9l%C3%A9lm%C3%A9nyt.%22%2C%22link_section%22%3A%22url%3Ahttps%253A%252F%252Fwww.electroluxprofessional.com%252Fhu%252Fbarok-es-kavezok%252F%7Ctitle%3ATAL%25C3%2581LJA%2520MEG%2520A%2520MEGOLD%25C3%2581ST%7Ctarget%3A_blank%22%2C%22button_style%22%3A%22secondary-bordered%22%7D%2C%7B%22image_section%22%3A%228400%22%2C%22title_section%22%3A%22%C3%89ttereml%C3%A1ncok%22%2C%22text_section%22%3A%22Megold%C3%A1saink%20kiv%C3%A1laszt%C3%A1s%C3%A1val%20az%20%C3%BCzleti%20ig%C3%A9nyeinek%20megfelel%C5%91%20rugalmass%C3%A1got%2C%20egyszer%C5%B1%20haszn%C3%A1latot%20%C3%A9s%20nagy%20teljes%C3%ADtm%C3%A9nyt%20kap%2C%20hogy%20kiv%C3%A1l%C3%B3%20min%C5%91s%C3%A9g%C5%B1%20eredm%C3%A9nyeket%20%C3%A9rhessen%20el.%22%2C%22link_section%22%3A%22url%3Ahttps%253A%252F%252Fwww.electroluxprofessional.com%252Fhu%252Fetterem-lancok%252F%7Ctitle%3AMEGOLD%25C3%2581SOK%2520%25C3%2589TTERMEK%2520SZ%25C3%2581M%25C3%2581RA%7Ctarget%3A_blank%22%2C%22button_style%22%3A%22secondary-bordered%22%7D%2C%7B%22image_section%22%3A%228401%22%2C%22title_section%22%3A%22%C3%9Czlet%2C%20k%C3%B6zleked%C3%A9s%20%C3%A9s%20ipar%22%2C%22text_section%22%3A%22Megold%C3%A1sok%20szem%C3%A9lyzeti%20%C3%A9tkezd%C3%A9k%2C%20konferenciak%C3%B6zpontok%2C%20l%C3%A9tes%C3%ADtm%C3%A9nygazd%C3%A1lkod%C3%A1s%2C%20tengeri%20alkalmaz%C3%A1sok%20%C3%A9s%20speci%C3%A1lis%20ipar%C3%A1gak%20sz%C3%A1m%C3%A1ra.%22%2C%22link_section%22%3A%22url%3Ahttps%253A%252F%252Fwww.electroluxprofessional.com%252Fhu%252Fuzlet-szallitas-es-ipar%252F%7Ctitle%3AFEJLESSZE%2520V%25C3%2581LLALKOZ%25C3%2581S%25C3%2581T%7Ctarget%3A_blank%22%2C%22button_style%22%3A%22secondary-bordered%22%7D%5D&#8221;][\/elx_multiple_columns][\/vc_column][\/vc_row]<\/p>\n","protected":false},"excerpt":{"rendered":"<p>[vc_row full_width=&#8221;electroluxpro-full-width-no-padding&#8221;][vc_column][elx_image_block background_image=&#8221;8391&#8243; minimum_height=&#8221;400px&#8221;][vc_empty_space][\/vc_column][\/vc_row][vc_row][vc_column][elx_text_image tag_title=&#8221;h1&#8243; class_title=&#8221;h1&#8243; style_image=&#8221;image_square&#8221; bg_row=&#8221;bg-download-white&#8221; title=&#8221;SpeeDelight: a gyorsas\u00e1g m\u00e9g soha nem volt ennyire finom&#8221; lists=&#8221;%5B%7B%7D%5D&#8221; values=&#8221;%5B%7B%7D%5D&#8221; single_image=&#8221;8397&#8243;]A SpeeDelight szabads\u00e1got ad \u00d6nnek, hogy a sebess\u00e9get, a min\u0151s\u00e9get \u00e9s a kreativit\u00e1st kombin\u00e1lhassa: a f\u0151z\u00e9s ter\u00e9n legyen sprinter, viszont legyen \u00e1sz, amikor \u00fczletr\u0151l van sz\u00f3. N\u00f6velje termel\u00e9kenys\u00e9g\u00e9t\u00a0\u00e9s k\u00edn\u00e1ljon kiemelked\u0151 \u00e9lm\u00e9nyt a snackek ter\u00e9n ezzel az [&hellip;]<\/p>\n","protected":false},"author":53,"featured_media":8390,"parent":2091,"menu_order":0,"comment_status":"closed","ping_status":"closed","template":"","meta":{"footnotes":""},"class_list":["post-8402","page","type-page","status-publish","has-post-thumbnail","hentry"],"yoast_head":"<!-- This site is optimized with the Yoast SEO plugin v23.3 - https:\/\/yoast.com\/wordpress\/plugins\/seo\/ -->\n<title>SpeeDelight nagysebess\u00e9g\u0171 s\u00fct\u00e9si megold\u00e1s - Electrolux Professional Magyarorsz\u00e1g<\/title>\n<meta name=\"description\" content=\"N\u00f6velje a termel\u00e9kenys\u00e9get a SpeeDelight seg\u00edts\u00e9g\u00e9vel: gyors, kiv\u00e1l\u00f3 min\u0151s\u00e9g\u0171 s\u00fct\u00e9ssel \u00edzletes, eg\u00e9szs\u00e9ges snackek. Maximaliz\u00e1lja a hat\u00e9konys\u00e1got \u00e9s a kreativit\u00e1st\" \/>\n<meta name=\"robots\" content=\"index, follow, max-snippet:-1, max-image-preview:large, max-video-preview:-1\" \/>\n<link rel=\"canonical\" href=\"https:\/\/www.electroluxprofessional.com\/hu\/konyhatechnologia\/speedelight-nagysebessegu-sutesi-megoldas\/\" \/>\n<meta property=\"og:locale\" content=\"hu_HU\" \/>\n<meta property=\"og:type\" content=\"article\" \/>\n<meta property=\"og:title\" content=\"SpeeDelight nagysebess\u00e9g\u0171 s\u00fct\u00e9si megold\u00e1s - Electrolux Professional Magyarorsz\u00e1g\" \/>\n<meta property=\"og:description\" content=\"N\u00f6velje a termel\u00e9kenys\u00e9get a SpeeDelight seg\u00edts\u00e9g\u00e9vel: gyors, kiv\u00e1l\u00f3 min\u0151s\u00e9g\u0171 s\u00fct\u00e9ssel \u00edzletes, eg\u00e9szs\u00e9ges snackek. Maximaliz\u00e1lja a hat\u00e9konys\u00e1got \u00e9s a kreativit\u00e1st\" \/>\n<meta property=\"og:url\" content=\"https:\/\/www.electroluxprofessional.com\/hu\/konyhatechnologia\/speedelight-nagysebessegu-sutesi-megoldas\/\" \/>\n<meta property=\"og:site_name\" content=\"Electrolux Professional Magyarorsz\u00e1g\" \/>\n<meta property=\"article:modified_time\" content=\"2025-11-05T14:45:47+00:00\" \/>\n<meta property=\"og:image\" content=\"https:\/\/www.electroluxprofessional.com\/hu\/wp-content\/uploads\/2025\/03\/SpeeDelightPeP_513810721_72dpi.jpg\" \/>\n\t<meta property=\"og:image:width\" content=\"600\" \/>\n\t<meta property=\"og:image:height\" content=\"600\" \/>\n\t<meta property=\"og:image:type\" content=\"image\/jpeg\" \/>\n<meta name=\"twitter:card\" content=\"summary_large_image\" \/>\n<meta name=\"twitter:label1\" content=\"Becs\u00fclt olvas\u00e1si id\u0151\" \/>\n\t<meta name=\"twitter:data1\" content=\"3 perc\" \/>\n<script type=\"application\/ld+json\" class=\"yoast-schema-graph\">{\"@context\":\"https:\/\/schema.org\",\"@graph\":[{\"@type\":\"WebPage\",\"@id\":\"https:\/\/www.electroluxprofessional.com\/hu\/konyhatechnologia\/speedelight-nagysebessegu-sutesi-megoldas\/\",\"url\":\"https:\/\/www.electroluxprofessional.com\/hu\/konyhatechnologia\/speedelight-nagysebessegu-sutesi-megoldas\/\",\"name\":\"SpeeDelight nagysebess\u00e9g\u0171 s\u00fct\u00e9si megold\u00e1s - Electrolux Professional Magyarorsz\u00e1g\",\"isPartOf\":{\"@id\":\"https:\/\/www.electroluxprofessional.com\/hu\/#website\"},\"primaryImageOfPage\":{\"@id\":\"https:\/\/www.electroluxprofessional.com\/hu\/konyhatechnologia\/speedelight-nagysebessegu-sutesi-megoldas\/#primaryimage\"},\"image\":{\"@id\":\"https:\/\/www.electroluxprofessional.com\/hu\/konyhatechnologia\/speedelight-nagysebessegu-sutesi-megoldas\/#primaryimage\"},\"thumbnailUrl\":\"https:\/\/www.electroluxprofessional.com\/hu\/wp-content\/uploads\/2025\/03\/SpeeDelightPeP_513810721_72dpi.jpg\",\"datePublished\":\"2025-03-02T19:15:37+00:00\",\"dateModified\":\"2025-11-05T14:45:47+00:00\",\"description\":\"N\u00f6velje a termel\u00e9kenys\u00e9get a SpeeDelight seg\u00edts\u00e9g\u00e9vel: gyors, kiv\u00e1l\u00f3 min\u0151s\u00e9g\u0171 s\u00fct\u00e9ssel \u00edzletes, eg\u00e9szs\u00e9ges snackek. Maximaliz\u00e1lja a hat\u00e9konys\u00e1got \u00e9s a kreativit\u00e1st\",\"breadcrumb\":{\"@id\":\"https:\/\/www.electroluxprofessional.com\/hu\/konyhatechnologia\/speedelight-nagysebessegu-sutesi-megoldas\/#breadcrumb\"},\"inLanguage\":\"hu\",\"potentialAction\":[{\"@type\":\"ReadAction\",\"target\":[\"https:\/\/www.electroluxprofessional.com\/hu\/konyhatechnologia\/speedelight-nagysebessegu-sutesi-megoldas\/\"]}]},{\"@type\":\"ImageObject\",\"inLanguage\":\"hu\",\"@id\":\"https:\/\/www.electroluxprofessional.com\/hu\/konyhatechnologia\/speedelight-nagysebessegu-sutesi-megoldas\/#primaryimage\",\"url\":\"https:\/\/www.electroluxprofessional.com\/hu\/wp-content\/uploads\/2025\/03\/SpeeDelightPeP_513810721_72dpi.jpg\",\"contentUrl\":\"https:\/\/www.electroluxprofessional.com\/hu\/wp-content\/uploads\/2025\/03\/SpeeDelightPeP_513810721_72dpi.jpg\",\"width\":600,\"height\":600},{\"@type\":\"BreadcrumbList\",\"@id\":\"https:\/\/www.electroluxprofessional.com\/hu\/konyhatechnologia\/speedelight-nagysebessegu-sutesi-megoldas\/#breadcrumb\",\"itemListElement\":[{\"@type\":\"ListItem\",\"position\":1,\"name\":\"Home\",\"item\":\"https:\/\/www.electroluxprofessional.com\/hu\/\"},{\"@type\":\"ListItem\",\"position\":2,\"name\":\"Konyhatechnol\u00f3gia\",\"item\":\"https:\/\/www.electroluxprofessional.com\/hu\/konyhatechnologia\/\"},{\"@type\":\"ListItem\",\"position\":3,\"name\":\"SpeeDelight nagysebess\u00e9g\u0171 s\u00fct\u00e9si megold\u00e1s\"}]},{\"@type\":\"WebSite\",\"@id\":\"https:\/\/www.electroluxprofessional.com\/hu\/#website\",\"url\":\"https:\/\/www.electroluxprofessional.com\/hu\/\",\"name\":\"Electrolux Professional Magyarorsz\u00e1g\",\"description\":\"\",\"potentialAction\":[{\"@type\":\"SearchAction\",\"target\":{\"@type\":\"EntryPoint\",\"urlTemplate\":\"https:\/\/www.electroluxprofessional.com\/hu\/?src={search_term_string}\"},\"query-input\":\"required name=search_term_string\"}],\"inLanguage\":\"hu\"}]}<\/script>\n<!-- \/ Yoast SEO plugin. -->","yoast_head_json":{"title":"SpeeDelight nagysebess\u00e9g\u0171 s\u00fct\u00e9si megold\u00e1s - Electrolux Professional Magyarorsz\u00e1g","description":"N\u00f6velje a termel\u00e9kenys\u00e9get a SpeeDelight seg\u00edts\u00e9g\u00e9vel: gyors, kiv\u00e1l\u00f3 min\u0151s\u00e9g\u0171 s\u00fct\u00e9ssel \u00edzletes, eg\u00e9szs\u00e9ges snackek. Maximaliz\u00e1lja a hat\u00e9konys\u00e1got \u00e9s a kreativit\u00e1st","robots":{"index":"index","follow":"follow","max-snippet":"max-snippet:-1","max-image-preview":"max-image-preview:large","max-video-preview":"max-video-preview:-1"},"canonical":"https:\/\/www.electroluxprofessional.com\/hu\/konyhatechnologia\/speedelight-nagysebessegu-sutesi-megoldas\/","og_locale":"hu_HU","og_type":"article","og_title":"SpeeDelight nagysebess\u00e9g\u0171 s\u00fct\u00e9si megold\u00e1s - Electrolux Professional Magyarorsz\u00e1g","og_description":"N\u00f6velje a termel\u00e9kenys\u00e9get a SpeeDelight seg\u00edts\u00e9g\u00e9vel: gyors, kiv\u00e1l\u00f3 min\u0151s\u00e9g\u0171 s\u00fct\u00e9ssel \u00edzletes, eg\u00e9szs\u00e9ges snackek. Maximaliz\u00e1lja a hat\u00e9konys\u00e1got \u00e9s a kreativit\u00e1st","og_url":"https:\/\/www.electroluxprofessional.com\/hu\/konyhatechnologia\/speedelight-nagysebessegu-sutesi-megoldas\/","og_site_name":"Electrolux Professional Magyarorsz\u00e1g","article_modified_time":"2025-11-05T14:45:47+00:00","og_image":[{"width":600,"height":600,"url":"https:\/\/www.electroluxprofessional.com\/hu\/wp-content\/uploads\/2025\/03\/SpeeDelightPeP_513810721_72dpi.jpg","type":"image\/jpeg"}],"twitter_card":"summary_large_image","twitter_misc":{"Becs\u00fclt olvas\u00e1si id\u0151":"3 perc"},"schema":{"@context":"https:\/\/schema.org","@graph":[{"@type":"WebPage","@id":"https:\/\/www.electroluxprofessional.com\/hu\/konyhatechnologia\/speedelight-nagysebessegu-sutesi-megoldas\/","url":"https:\/\/www.electroluxprofessional.com\/hu\/konyhatechnologia\/speedelight-nagysebessegu-sutesi-megoldas\/","name":"SpeeDelight nagysebess\u00e9g\u0171 s\u00fct\u00e9si megold\u00e1s - Electrolux Professional Magyarorsz\u00e1g","isPartOf":{"@id":"https:\/\/www.electroluxprofessional.com\/hu\/#website"},"primaryImageOfPage":{"@id":"https:\/\/www.electroluxprofessional.com\/hu\/konyhatechnologia\/speedelight-nagysebessegu-sutesi-megoldas\/#primaryimage"},"image":{"@id":"https:\/\/www.electroluxprofessional.com\/hu\/konyhatechnologia\/speedelight-nagysebessegu-sutesi-megoldas\/#primaryimage"},"thumbnailUrl":"https:\/\/www.electroluxprofessional.com\/hu\/wp-content\/uploads\/2025\/03\/SpeeDelightPeP_513810721_72dpi.jpg","datePublished":"2025-03-02T19:15:37+00:00","dateModified":"2025-11-05T14:45:47+00:00","description":"N\u00f6velje a termel\u00e9kenys\u00e9get a SpeeDelight seg\u00edts\u00e9g\u00e9vel: gyors, kiv\u00e1l\u00f3 min\u0151s\u00e9g\u0171 s\u00fct\u00e9ssel \u00edzletes, eg\u00e9szs\u00e9ges snackek. Maximaliz\u00e1lja a hat\u00e9konys\u00e1got \u00e9s a kreativit\u00e1st","breadcrumb":{"@id":"https:\/\/www.electroluxprofessional.com\/hu\/konyhatechnologia\/speedelight-nagysebessegu-sutesi-megoldas\/#breadcrumb"},"inLanguage":"hu","potentialAction":[{"@type":"ReadAction","target":["https:\/\/www.electroluxprofessional.com\/hu\/konyhatechnologia\/speedelight-nagysebessegu-sutesi-megoldas\/"]}]},{"@type":"ImageObject","inLanguage":"hu","@id":"https:\/\/www.electroluxprofessional.com\/hu\/konyhatechnologia\/speedelight-nagysebessegu-sutesi-megoldas\/#primaryimage","url":"https:\/\/www.electroluxprofessional.com\/hu\/wp-content\/uploads\/2025\/03\/SpeeDelightPeP_513810721_72dpi.jpg","contentUrl":"https:\/\/www.electroluxprofessional.com\/hu\/wp-content\/uploads\/2025\/03\/SpeeDelightPeP_513810721_72dpi.jpg","width":600,"height":600},{"@type":"BreadcrumbList","@id":"https:\/\/www.electroluxprofessional.com\/hu\/konyhatechnologia\/speedelight-nagysebessegu-sutesi-megoldas\/#breadcrumb","itemListElement":[{"@type":"ListItem","position":1,"name":"Home","item":"https:\/\/www.electroluxprofessional.com\/hu\/"},{"@type":"ListItem","position":2,"name":"Konyhatechnol\u00f3gia","item":"https:\/\/www.electroluxprofessional.com\/hu\/konyhatechnologia\/"},{"@type":"ListItem","position":3,"name":"SpeeDelight nagysebess\u00e9g\u0171 s\u00fct\u00e9si megold\u00e1s"}]},{"@type":"WebSite","@id":"https:\/\/www.electroluxprofessional.com\/hu\/#website","url":"https:\/\/www.electroluxprofessional.com\/hu\/","name":"Electrolux Professional Magyarorsz\u00e1g","description":"","potentialAction":[{"@type":"SearchAction","target":{"@type":"EntryPoint","urlTemplate":"https:\/\/www.electroluxprofessional.com\/hu\/?src={search_term_string}"},"query-input":"required name=search_term_string"}],"inLanguage":"hu"}]}},"_links":{"self":[{"href":"https:\/\/www.electroluxprofessional.com\/hu\/wp-json\/wp\/v2\/pages\/8402"}],"collection":[{"href":"https:\/\/www.electroluxprofessional.com\/hu\/wp-json\/wp\/v2\/pages"}],"about":[{"href":"https:\/\/www.electroluxprofessional.com\/hu\/wp-json\/wp\/v2\/types\/page"}],"author":[{"embeddable":true,"href":"https:\/\/www.electroluxprofessional.com\/hu\/wp-json\/wp\/v2\/users\/53"}],"replies":[{"embeddable":true,"href":"https:\/\/www.electroluxprofessional.com\/hu\/wp-json\/wp\/v2\/comments?post=8402"}],"version-history":[{"count":5,"href":"https:\/\/www.electroluxprofessional.com\/hu\/wp-json\/wp\/v2\/pages\/8402\/revisions"}],"predecessor-version":[{"id":9298,"href":"https:\/\/www.electroluxprofessional.com\/hu\/wp-json\/wp\/v2\/pages\/8402\/revisions\/9298"}],"up":[{"embeddable":true,"href":"https:\/\/www.electroluxprofessional.com\/hu\/wp-json\/wp\/v2\/pages\/2091"}],"wp:featuredmedia":[{"embeddable":true,"href":"https:\/\/www.electroluxprofessional.com\/hu\/wp-json\/wp\/v2\/media\/8390"}],"wp:attachment":[{"href":"https:\/\/www.electroluxprofessional.com\/hu\/wp-json\/wp\/v2\/media?parent=8402"}],"curies":[{"name":"wp","href":"https:\/\/api.w.org\/{rel}","templated":true}]}}