{"id":7262,"date":"2022-06-01T06:12:20","date_gmt":"2022-06-01T06:12:20","guid":{"rendered":"https:\/\/www.electroluxprofessional.com\/hu\/?page_id=7262"},"modified":"2026-03-04T14:52:12","modified_gmt":"2026-03-04T14:52:12","slug":"fenntarthato-megoldasok-hosszu-tavu-ertekteremteshez","status":"publish","type":"page","link":"https:\/\/www.electroluxprofessional.com\/hu\/fenntarthato-megoldasok-hosszu-tavu-ertekteremteshez\/","title":{"rendered":"Fenntarthat\u00f3s\u00e1g"},"content":{"rendered":"<p>[vc_row full_width=&#8221;electroluxpro-full-width-no-padding&#8221;][vc_column][elx_step_banner background_image=&#8221;7230&#8243; media_position=&#8221;media_left&#8221; background_colors=&#8221;background-sustainability&#8221; title_box=&#8221;Fenntarthat\u00f3 megold\u00e1sok, amelyek hossz\u00fa t\u00e1v\u00fa \u00e9rt\u00e9ket teremtenek \u00fcgyfeleink sz\u00e1m\u00e1ra szerte a vil\u00e1gon&#8221;][vc_empty_space height=&#8221;50px&#8221;][\/vc_column][\/vc_row][vc_row][vc_column width=&#8221;1\/3&#8243;][vc_empty_space][vc_column_text]<\/p>\n<h3>J\u00f3 d\u00f6nt\u00e9sek<br \/>\na bolyg\u00f3 sz\u00e1m\u00e1ra<\/h3>\n<p>[\/vc_column_text][vc_empty_space height=&#8221;16px&#8221;][vc_column_text]Az Electrolux Professional seg\u00edt megtal\u00e1lni a fenntarthat\u00f3 j\u00f6v\u0151 fel\u00e9 vezet\u0151 utat. Sz\u00e1mos lehet\u0151s\u00e9g van arra, hogy hat\u00e9konyabb \u00e9s energiatakar\u00e9kosabb berendez\u00e9sek v\u00e1laszt\u00e1s\u00e1val hozz\u00e1j\u00e1ruljunk a fenntarthat\u00f3s\u00e1ghoz \u2013 ez j\u00f3 h\u00edr a bolyg\u00f3nak \u00e9s az \u00d6n v\u00e1llalkoz\u00e1s\u00e1nak nyeres\u00e9gess\u00e9ge szempontj\u00e1b\u00f3l is. Ideje meghozni a megfelel\u0151 d\u00f6nt\u00e9seket.[\/vc_column_text][\/vc_column][vc_column width=&#8221;2\/3&#8243;][vc_empty_space][vc_single_image image=&#8221;7237&#8243; img_size=&#8221;full&#8221; alignment=&#8221;center&#8221;][vc_empty_space][\/vc_column][\/vc_row][vc_row][vc_column width=&#8221;2\/3&#8243;][vc_empty_space][vc_single_image image=&#8221;7238&#8243; img_size=&#8221;full&#8221; alignment=&#8221;center&#8221;][vc_empty_space][\/vc_column][vc_column width=&#8221;1\/3&#8243;][vc_empty_space][vc_column_text]<\/p>\n<h3><span lang=\"HU\">Fenntarthat\u00f3<br \/>\nszeml\u00e9letm\u00f3d<\/span><\/h3>\n<p>[\/vc_column_text][vc_empty_space height=&#8221;16px&#8221;][vc_column_text]K\u00fcldet\u00e9s\u00fcnk, hogy \u00fcgyfeleink munk\u00e1j\u00e1t minden nap k\u00f6nnyebb\u00e9, j\u00f6vedelmez\u0151bb\u00e9 \u2013 \u00e9s t\u00e9nylegesen fenntarthat\u00f3v\u00e1 tegy\u00fck. A fenntarthat\u00f3s\u00e1g strat\u00e9gi\u00e1nk, kult\u00far\u00e1nk \u00e9s m\u0171k\u00f6d\u00e9si folyamataink kulcsfontoss\u00e1g\u00fa r\u00e9sze.<br \/>\nA Fenntarthat\u00f3 Fejl\u0151d\u00e9si C\u00e9lokat (SDG) haszn\u00e1ljuk \u00fatmutat\u00f3k\u00e9nt. Minden nap arra t\u00f6reksz\u00fcnk, hogy \u00fcgyfeleink \u00e9rt\u00e9kl\u00e1nca ment\u00e9n jav\u00edtsuk a fenntarthat\u00f3s\u00e1got.[\/vc_column_text][\/vc_column][\/vc_row][vc_row full_width=&#8221;electroluxpro-full-width-no-padding&#8221;][vc_column width=&#8221;1\/3&#8243;][vc_empty_space height=&#8221;20px&#8221;][\/vc_column][vc_column width=&#8221;1\/3&#8243;][elx_download_block text=&#8221;A Fenntarthat\u00f3s\u00e1gr\u00f3l sz\u00f3l\u00f3 bros\u00fara let\u00f6lt\u00e9se&#8221; document_type=&#8221;brochures&#8221; file_picker=&#8221;41684&#8243; background_color=&#8221;sustainability&#8221;][\/vc_column][vc_column width=&#8221;1\/3&#8243;][vc_empty_space height=&#8221;20px&#8221;][\/vc_column][\/vc_row][vc_row full_width=&#8221;electroluxpro-full-width-no-padding&#8221;][vc_column][vc_empty_space height=&#8221;50px&#8221;][elx_step_banner background_image=&#8221;7231&#8243; media_position=&#8221;media_left&#8221; title_box=&#8221;A fenntarthat\u00f3 j\u00f6v\u0151 ir\u00e1nti elk\u00f6telezetts\u00e9g\u00fcnket k\u00f6rnyezeti \u00e1tl\u00e1that\u00f3s\u00e1g r\u00e9v\u00e9n er\u0151s\u00edtj\u00fck&#8221; src=&#8221;&#8220;https:\/\/www.electroluxprofessional.com\/hu\/wp-content\/uploads\/2022\/04\/Immagine-26.jpg&#8220;&#8221;][vc_empty_space height=&#8221;50px&#8221;][\/vc_column][\/vc_row][vc_row][vc_column width=&#8221;1\/4&#8243;][vc_single_image image=&#8221;7239&#8243; img_size=&#8221;medium&#8221; alignment=&#8221;center&#8221;][vc_empty_space height=&#8221;16px&#8221;][vc_single_image image=&#8221;7240&#8243; img_size=&#8221;medium&#8221; alignment=&#8221;center&#8221;][\/vc_column][vc_column width=&#8221;3\/4&#8243;][vc_column_text]<\/p>\n<h3>Kl\u00edmasemlegess\u00e9g 2030-ra<\/h3>\n<p>Elk\u00f6telezettek vagyunk a k\u00f6rnyezet v\u00e9delme mellett, \u00e9s szeretn\u00e9nk eg\u00e9szs\u00e9ges bolyg\u00f3t h\u00e1trahagyni a k\u00f6vetkez\u0151 gener\u00e1ci\u00f3 sz\u00e1m\u00e1ra. Nem el\u00e9gsz\u00fcnk meg annyival, hogy cs\u00f6kkentj\u00fck k\u00f6rnyezetterhel\u00e9s\u00fcnket. Nem, mi enn\u00e9l egy l\u00e9p\u00e9ssel tov\u00e1bb szeretn\u00e9nk l\u00e9pni:<\/p>\n<p>T\u00e1mogatjuk az ENSZ 2030-ig sz\u00f3l\u00f3 menetrendj\u00e9t \u00e9s a kapcsol\u00f3d\u00f3 \u201eFenntarthat\u00f3 fejl\u0151d\u00e9si c\u00e9lokat\u201d (SDG), \u00a0<span class=\"s1\"><strong>\u00e9s elk\u00f6telezt\u00fck magunkat amellett, hogy 2030-ra el\u00e9rj\u00fck a kl\u00edmasemlegess\u00e9get.<\/strong><\/span>[\/vc_column_text][vc_empty_space][\/vc_column][\/vc_row][vc_row][vc_column][vc_empty_space][vc_column_text]<\/p>\n<h3><span lang=\"HU\">Az \u00e1ltalunk akt\u00edvan t\u00e1mogatott Fenntarthat\u00f3 Fejl\u0151d\u00e9si C\u00e9lok.<\/span><\/h3>\n<p>[\/vc_column_text][vc_empty_space][vc_tta_tabs active_section=&#8221;1&#8243;][vc_tta_section title=&#8221;SDG 13 &amp; 7&#8243; tab_id=&#8221;1645169342411-01acbca7-9b70&#8243;][vc_column_text]<\/p>\n<h4>Int\u00e9zked\u00e9sek a kl\u00edmav\u00e9delem \u00e9rdek\u00e9ben \u00e9s megfizethet\u0151, megb\u00edzhat\u00f3 energia<\/h4>\n<p><span lang=\"HU\">Az Electrolux Professional elismeri az \u00e9ghajlatv\u00e1ltoz\u00e1s m\u00e9rs\u00e9kl\u00e9se \u00e9rdek\u00e9ben tett int\u00e9zked\u00e9sek jelent\u0151s\u00e9g\u00e9t, \u00e9s t\u00e1mogatja a P\u00e1rizsi meg\u00e1llapod\u00e1s t\u00f6rekv\u00e9seit.\u00a0Hisz\u00fcnk abban, hogy ha \u00e9rt\u00e9kl\u00e1ncunk ment\u00e9n energiahat\u00e9kony term\u00e9keket fejleszt\u00fcnk \u00e9s n\u00f6velj\u00fck m\u0171k\u00f6d\u00e9si folyamataink energiahat\u00e9konys\u00e1g\u00e1t, akkor k\u00e9pesek vagyunk hozz\u00e1j\u00e1rulni a fenntarthat\u00f3s\u00e1ghoz.\u00a0Szeretn\u00e9nk akt\u00edvan t\u00e1mogatni a meg\u00fajul\u00f3 \u00e9s nem fosszilis energiaforr\u00e1sokra val\u00f3 \u00e1t\u00e1ll\u00e1st is.<\/span>[\/vc_column_text][vc_empty_space][vc_row_inner][vc_column_inner width=&#8221;1\/4&#8243; css=&#8221;.vc_custom_1645170903054{margin-top: 10px !important;}&#8221;][vc_single_image image=&#8221;7241&#8243; img_size=&#8221;medium&#8221;][vc_empty_space][vc_single_image image=&#8221;7242&#8243; img_size=&#8221;medium&#8221;][\/vc_column_inner][vc_column_inner width=&#8221;3\/4&#8243;][vc_column_text]<strong>Legfontosabb int\u00e9zked\u00e9seink:<\/strong><\/p>\n<ul>\n<li>Energiahat\u00e9kony \u00e9s alacsony fogyaszt\u00e1s\u00fa term\u00e9kek fejleszt\u00e9se<\/li>\n<li>A fluorozott sz\u00e9nhidrog\u00e9nek (HFC-k) alternat\u00edv\u00e1inak azonos\u00edt\u00e1sa<\/li>\n<li>Anyagok \u00e9s er\u0151forr\u00e1sok hat\u00e9kony felhaszn\u00e1l\u00e1sa<\/li>\n<li>Energiafogyaszt\u00e1s cs\u00f6kkent\u00e9se gy\u00e1rainkban (bels\u0151 EPS rendszer)<\/li>\n<li>ISO 50001 tan\u00fas\u00edtv\u00e1ny gy\u00e1rainkban<\/li>\n<li>A meg\u00fajul\u00f3 energi\u00e1ra val\u00f3 \u00e1t\u00e1ll\u00e1s akt\u00edv t\u00e1mogat\u00e1sa<\/li>\n<li>A fosszilis t\u00fczel\u0151anyag-alkalmaz\u00e1sokba t\u00f6rt\u00e9n\u0151 beruh\u00e1z\u00e1sok elker\u00fcl\u00e9se<\/li>\n<\/ul>\n<p>[\/vc_column_text][\/vc_column_inner][\/vc_row_inner][\/vc_tta_section][vc_tta_section title=&#8221;SDG 6&#8243; tab_id=&#8221;1645170950298-2a5403f9-7165&#8243;][vc_column_text]<\/p>\n<h4>Tiszta iv\u00f3v\u00edz \u00e9s\u00a0<strong>szennyv\u00edzelvezet\u00e9si rendszerek <\/strong><\/h4>\n<p><span lang=\"HU\">A vil\u00e1g lakoss\u00e1g\u00e1nak t\u00f6bb mint 40 sz\u00e1zal\u00e9k\u00e1t \u00e9rinti a v\u00edzhi\u00e1ny, \u00e9s az el\u0151rejelz\u00e9sek szerint ez a sz\u00e1m tov\u00e1bb fog n\u00f6vekedni.\u00a0Mivel term\u00e9keink nagy r\u00e9sze vizet haszn\u00e1l, az Electrolux Professional v\u00edztakar\u00e9kos term\u00e9kek fejleszt\u00e9s\u00e9vel \u00e9s k\u00edn\u00e1lat\u00e1val tud hozz\u00e1j\u00e1rulni a fenntarthat\u00f3s\u00e1ghoz.\u00a0V\u00edzkock\u00e1zat felm\u00e9r\u00e9sekkel \u00e9s a v\u00edzfogyaszt\u00e1s jav\u00edt\u00e1s\u00e1val az ipari telephelyeinken is szeretn\u00e9nk hozz\u00e1j\u00e1rulni a helyi v\u00edzk\u00e9szletek meg\u0151rz\u00e9s\u00e9hez.<\/span>[\/vc_column_text][vc_empty_space][vc_row_inner][vc_column_inner width=&#8221;1\/4&#8243; css=&#8221;.vc_custom_1645170903054{margin-top: 10px !important;}&#8221;][vc_single_image image=&#8221;7243&#8243; img_size=&#8221;medium&#8221;][\/vc_column_inner][vc_column_inner width=&#8221;3\/4&#8243;][vc_column_text]<strong>Legfontosabb int\u00e9zked\u00e9seink:<\/strong><\/p>\n<ul>\n<li>V\u00edztakar\u00e9kos\/alacsony fogyaszt\u00e1s\u00fa term\u00e9kek fejleszt\u00e9se<\/li>\n<li>V\u00edzkock\u00e1zat felm\u00e9r\u00e9sek saj\u00e1t m\u0171k\u00f6d\u00e9si folyamatainkban<\/li>\n<li>V\u00edzfelhaszn\u00e1l\u00e1s cs\u00f6kkent\u00e9se saj\u00e1t m\u0171k\u00f6d\u00e9si folyamatainkban (k\u00fcl\u00f6n\u00f6s tekintettel a v\u00edzhi\u00e1nyos orsz\u00e1gokra)<\/li>\n<li>V\u00edzkibocs\u00e1t\u00e1s-kezel\u00e9s a min\u0151s\u00e9g \u00e9s a rendeltet\u00e9si hely ellen\u0151rz\u00e9se \u00e9rdek\u00e9ben<\/li>\n<\/ul>\n<p>[\/vc_column_text][\/vc_column_inner][\/vc_row_inner][\/vc_tta_section][vc_tta_section title=&#8221;SDG 8&#8243; tab_id=&#8221;1645171726970-493a5c38-fa5d&#8221;][vc_column_text]<\/p>\n<h4><span lang=\"HU\">Tisztess\u00e9ges munka \u00e9s gazdas\u00e1gi gyarapod\u00e1s<\/span><\/h4>\n<p><span lang=\"HU\">Mivel a hossz\u00fa t\u00e1v\u00fa sikert befoly\u00e1sol\u00f3 legfontosabb t\u00e9nyez\u0151 a munkav\u00e1llal\u00f3, elk\u00f6telezettek vagyunk egy olyan munkak\u00f6rnyezet kialak\u00edt\u00e1sa mellett, amely lehet\u0151v\u00e9 teszi a fenntarthat\u00f3 teljes\u00edtm\u00e9nyt, \u00e9s amelyben minden munkav\u00e1llal\u00f3 k\u00e9pes a t\u0151le telhet\u0151 legjobb teljes\u00edtm\u00e9nyt ny\u00fajtani.\u00a0Az eg\u00e9szs\u00e9g \u00e9s biztons\u00e1g ir\u00e1nti elk\u00f6telezetts\u00e9g\u00fcnk t\u00falmutat a rendeletek \u00e9s t\u00f6rv\u00e9nyek betart\u00e1s\u00e1n.<\/span>[\/vc_column_text][vc_empty_space][vc_row_inner][vc_column_inner width=&#8221;1\/4&#8243; css=&#8221;.vc_custom_1645170903054{margin-top: 10px !important;}&#8221;][vc_single_image image=&#8221;7244&#8243; img_size=&#8221;medium&#8221;][\/vc_column_inner][vc_column_inner width=&#8221;3\/4&#8243;][vc_column_text]<strong>Legfontosabb int\u00e9zked\u00e9seink:<\/strong><\/p>\n<ul>\n<li>Munkahelyi eg\u00e9szs\u00e9gv\u00e9delmi \u00e9s biztons\u00e1gi program<\/li>\n<li>A term\u00e9kfejleszt\u00e9s sor\u00e1n figyelembe vessz\u00fck az ergon\u00f3miai tervez\u00e9st a felhaszn\u00e1l\u00f3k sz\u00e1m\u00e1ra, valamint a term\u00e9kbiztons\u00e1got (bele\u00e9rtve a harmadik felek tan\u00fas\u00edtv\u00e1nyait is)<\/li>\n<li>Z\u00e9r\u00f3 tolerancia a rabszolgas\u00e1ggal, az emberkereskedelemmel \u00e9s a gyermekmunk\u00e1val szemben<\/li>\n<li>A munkav\u00e1llal\u00f3i jogok betart\u00e1sa (ILO egyezm\u00e9nyek)<\/li>\n<li>Munkav\u00e1llal\u00f3i k\u00e9pz\u00e9s a magatart\u00e1si k\u00f3dex t\u00e9m\u00e1j\u00e1ban<\/li>\n<li>Besz\u00e1ll\u00edt\u00f3i \u00e9rt\u00e9kel\u00e9s \u00e9s beszerz\u00e9si gyakorlatok<\/li>\n<\/ul>\n<p>[\/vc_column_text][\/vc_column_inner][\/vc_row_inner][\/vc_tta_section][vc_tta_section title=&#8221;SDG 12&#8243; tab_id=&#8221;1645172857785-a45ec508-7475&#8243;][vc_column_text]<\/p>\n<h4><span lang=\"HU\">Fenntarthat\u00f3 fogyaszt\u00e1s \u00e9s termel\u00e9s<\/span><\/h4>\n<p><span lang=\"HU\">Term\u00e9keink \u00e9s m\u0171k\u00f6d\u00e9si folyamataink \u00f6kol\u00f3giai l\u00e1bnyom\u00e1nak cs\u00f6kkent\u00e9se \u00e9rdek\u00e9ben els\u0151sorban arra \u00f6sszpontos\u00edtunk, hogy \u00fcgyfeleink sz\u00e1m\u00e1ra fenntarthat\u00f3 term\u00e9keket fejlessz\u00fcnk.\u00a0A vegyszerek, kibocs\u00e1t\u00e1sok \u00e9s hullad\u00e9kok ter\u00e9n gy\u00e1rt\u00f3helyeinken a k\u00f6rnyezeti hat\u00e1sok kezel\u00e9s\u00e9re \u00e9s cs\u00f6kkent\u00e9s\u00e9re, valamint az er\u0151forr\u00e1sok hat\u00e9kony felhaszn\u00e1l\u00e1s\u00e1ra \u00f6sszpontos\u00edtunk.<\/span>[\/vc_column_text][vc_empty_space][vc_row_inner][vc_column_inner width=&#8221;1\/4&#8243; css=&#8221;.vc_custom_1645170903054{margin-top: 10px !important;}&#8221;][vc_single_image image=&#8221;7245&#8243; img_size=&#8221;medium&#8221;][\/vc_column_inner][vc_column_inner width=&#8221;3\/4&#8243;][vc_column_text]<strong>Legfontosabb int\u00e9zked\u00e9seink:<\/strong><\/p>\n<ul>\n<li>K\u00f6rnyezetir\u00e1ny\u00edt\u00e1si rendszer m\u0171k\u00f6d\u00e9si folyamatainkban (EPS), bele\u00e9rtve a harmadik felekt\u0151l sz\u00e1rmaz\u00f3 ISO 14001 tan\u00fas\u00edtv\u00e1nyokat (szab\u00e1lyoz\u00e1si megfelel\u0151s\u00e9g, vegyszerkezel\u00e9s, szennyv\u00edzkezel\u00e9s, kibocs\u00e1t\u00e1s- \u00e9s hullad\u00e9kkezel\u00e9s)<\/li>\n<li>K\u00f6rnyezeti teljes\u00edtm\u00e9ny m\u0171k\u00f6d\u00e9si folyamatainkban (v\u00edz, energia, hullad\u00e9k stb.)<\/li>\n<li>Hat\u00e9kony anyaghaszn\u00e1lat<\/li>\n<li>Fenntarthat\u00f3s\u00e1gi jelent\u00e9s<\/li>\n<li>Fenntarthat\u00f3 innov\u00e1ci\u00f3k \u00e9s a term\u00e9khat\u00e9konys\u00e1g n\u00f6vel\u00e9se<\/li>\n<li>A munkav\u00e1llal\u00f3i elk\u00f6telezetts\u00e9g el\u0151seg\u00edt\u00e9se<\/li>\n<li>A munka- \u00e9s az emberi jogok tiszteletben tart\u00e1sa<\/li>\n<\/ul>\n<p>[\/vc_column_text][\/vc_column_inner][\/vc_row_inner][\/vc_tta_section][vc_tta_section title=&#8221;SDG 5&#8243; tab_id=&#8221;1645173401571-a72a5ecb-49a9&#8243;][vc_column_text]<\/p>\n<h4><span lang=\"HU\">A nemek k\u00f6zti egyenl\u0151s\u00e9g<\/span><\/h4>\n<p><span lang=\"HU\">Az Electrolux Professional \u00e9rt\u00e9keli a soksz\u00edn\u0171s\u00e9get \u00e9s a befogad\u00e1st, valamint el\u00edt\u00e9li a diszkrimin\u00e1ci\u00f3t \u00e9s a zaklat\u00e1st.\u00a0A v\u00e1llalat minden szintj\u00e9n a n\u0151i vezet\u0151k ar\u00e1ny\u00e1nak n\u00f6vel\u00e9s\u00e9re t\u00f6reksz\u00fcnk.<\/span>[\/vc_column_text][vc_empty_space][vc_row_inner][vc_column_inner width=&#8221;1\/4&#8243; css=&#8221;.vc_custom_1645170903054{margin-top: 10px !important;}&#8221;][vc_single_image image=&#8221;7246&#8243; img_size=&#8221;medium&#8221;][\/vc_column_inner][vc_column_inner width=&#8221;3\/4&#8243;][vc_column_text]<strong>Legfontosabb int\u00e9zked\u00e9seink:<\/strong><\/p>\n<ul>\n<li>Diszkrimin\u00e1ci\u00f3ellenes int\u00e9zked\u00e9sek<\/li>\n<li>A soksz\u00edn\u0171s\u00e9g \u00e9s a befogad\u00e1s akt\u00edv t\u00e1mogat\u00e1sa<\/li>\n<\/ul>\n<p>[\/vc_column_text][\/vc_column_inner][\/vc_row_inner][\/vc_tta_section][vc_tta_section title=&#8221;Egy\u00e9b&#8221; tab_id=&#8221;1645180532270-901e455c-17e8&#8243;][vc_column_text]<\/p>\n<h4><span lang=\"HU\">SDG 3 \u2013 Eg\u00e9szs\u00e9g \u00e9s j\u00f3ll\u00e9t<\/span><\/h4>\n<p><span lang=\"HU\">Olyan higi\u00e9niai \u00e9s fert\u0151tlen\u00edt\u0151 megold\u00e1sokat k\u00edn\u00e1lunk, amelyek seg\u00edthetnek megel\u0151zni a fert\u0151z\u00e9sek \u00e9s betegs\u00e9gek terjed\u00e9s\u00e9t.\u00a0T\u00e1mogatjuk munkat\u00e1rsaink eg\u00e9szs\u00e9g\u00e9t \u00e9s biztons\u00e1g\u00e1t is, \u00e9s e t\u00e9ren egy\u00fcttm\u0171k\u00f6d\u00fcnk vel\u00fck.<\/span><\/p>\n<h4><span lang=\"HU\">SDG 17 \u2013 Partners\u00e9g a c\u00e9lok el\u00e9r\u00e9se \u00e9rdek\u00e9ben<\/span><\/h4>\n<p><span lang=\"HU\">Az Electrolux Professional al\u00e1\u00edrta az ENSZ Glob\u00e1lis meg\u00e1llapod\u00e1st, \u00e9s sz\u00e1mos partners\u00e9gben vesz r\u00e9szt a fenntarthat\u00f3 fejl\u0151d\u00e9s t\u00e1mogat\u00e1sa \u00e9rdek\u00e9ben.\u00a02020-ban, az Electrolux Professional vez\u00e9rigazgat\u00f3ja al\u00e1\u00edrta az\u00a0<a href=\"https:\/\/ungc-communications-assets.s3.amazonaws.com\/docs\/publications\/UN75_UnitingBusinessStatement.pdf\" target=\"_blank\" rel=\"noopener\">Statement from Business Leaders for Renewed Global Cooperation <\/a><\/span><\/p>\n<h4><span lang=\"HU\">SDG 16 \u2013 B\u00e9ke, igazs\u00e1goss\u00e1g \u00e9s er\u0151s int\u00e9zm\u00e9nyek<\/span><\/h4>\n<p><span lang=\"HU\">Az Electrolux Professional al\u00e1\u00edrta az ENSZ Glob\u00e1lis meg\u00e1llapod\u00e1st, \u00e9s elk\u00f6telezte mag\u00e1t az abban megfogalmazott, az emberi jogokra, a munk\u00e1ra, a korrupci\u00f3elleness\u00e9gre \u00e9s a k\u00f6rnyezetre vonatkoz\u00f3 t\u00edz elv mellett.<\/span><\/p>\n<h4>SDG 11 \u2013 Fenntarthat\u00f3 v\u00e1rosok \u00e9s k\u00f6z\u00f6ss\u00e9gek<\/h4>\n<p><span lang=\"HU\">Az Electrolux Professional r\u00e9szt vesz a fenntarthat\u00f3 k\u00f6z\u00f6ss\u00e9gek \u00e9p\u00edt\u00e9s\u00e9ben val\u00f3 egy\u00fcttm\u0171k\u00f6d\u00e9sben.\u00a0Meggy\u0151z\u0151d\u00e9s\u00fcnk, hogy a k\u00f6z\u00f6ss\u00e9gi gazdas\u00e1g (sharing economy) keret\u00e9ben hat\u00e9kony \u00e9s tart\u00f3s megold\u00e1saink hozz\u00e1j\u00e1rulhatnak a fenntarthat\u00f3bb v\u00e1rosok \u00e9s k\u00f6z\u00f6ss\u00e9gek kialak\u00edt\u00e1s\u00e1hoz.<\/span>[\/vc_column_text][vc_empty_space][\/vc_tta_section][\/vc_tta_tabs][\/vc_column][\/vc_row][vc_row full_width=&#8221;electroluxpro-full-width-no-padding&#8221; el_id=&#8221;SavingsAnchor&#8221;][vc_column][vc_empty_space height=&#8221;50px&#8221;][elx_step_banner background_image=&#8221;7232&#8243; media_position=&#8221;media_left&#8221; background_colors=&#8221;background-laundry&#8221; title_box=&#8221;Fenntarthat\u00f3<br \/>\nMegold\u00e1sok mosod\u00e1k sz\u00e1m\u00e1ra&#8221; src=&#8221;&#8220;https:\/\/www.electroluxprofessional.com\/hu\/wp-content\/uploads\/2022\/04\/Immagine-26.jpg&#8220;&#8221; text_box=&#8221;A makul\u00e1tlan \u00e1gynem\u0171 v\u00edz-, energia- \u00e9s mos\u00f3szer-fogyaszt\u00e1st ig\u00e9nyel. Az Electrolux Professional a technol\u00f3gi\u00e1t \u00e9s az innov\u00e1ci\u00f3t arra haszn\u00e1lja, hogy er\u0151forr\u00e1s-hat\u00e9kony, alacsony k\u00f6rnyezeti hat\u00e1s\u00fa term\u00e9keket gy\u00e1rtson, \u00e9s \u00fcgyfeleit jelent\u0151s el\u0151nyh\u00f6z juttassa az \u00fczleti fenntarthat\u00f3s\u00e1g ter\u00e9n.&#8221;][vc_empty_space height=&#8221;50px&#8221;][\/vc_column][\/vc_row][vc_row css=&#8221;.vc_custom_1649930159153{background-color: #d3e1eb !important;}&#8221;][vc_column][vc_empty_space height=&#8221;50px&#8221;][vc_column_text]<\/p>\n<h2 style=\"text-align: center;\" align=\"center\"><span lang=\"HU\">Tiszta innov\u00e1ci\u00f3<\/span><\/h2>\n<p>[\/vc_column_text][vc_empty_space height=&#8221;20px&#8221;][vc_column_text]<\/p>\n<p style=\"text-align: center;\">Az Electrolux Professional <strong>Line 6000<\/strong> sz\u00e9ri\u00e1ban <strong>20 \u00e9vnyi innov\u00e1ci\u00f3 <\/strong> t\u00fckr\u00f6z\u0151dik: k\u00f6nnyed mosodai megold\u00e1sokat k\u00edn\u00e1l az \u00fcgyfeleknek \u00e9s biztos\u00edtja a fenntarthat\u00f3s\u00e1got.<\/p>\n<p>[\/vc_column_text][vc_empty_space height=&#8221;20px&#8221;][vc_row_inner][vc_column_inner width=&#8221;1\/3&#8243;][vc_empty_space height=&#8221;20px&#8221;][vc_single_image image=&#8221;7247&#8243; img_size=&#8221;large&#8221;][vc_empty_space height=&#8221;20px&#8221;][vc_column_text]<\/p>\n<h4 style=\"text-align: center;\">-40% v\u00edzfogyaszt\u00e1s<br \/>\nmos\u00f3g\u00e9pek eset\u00e9ben<\/h4>\n<p>[\/vc_column_text][vc_empty_space][elx_button button_text=&#8221;Tudjon meg t\u00f6bbet&#8230;&#8221; button_display_block=&#8221;display_block_on&#8221; button_alignment=&#8221;align_center&#8221; button_link=&#8221;url:https%3A%2F%2Fwww.electroluxprofessional.com%2Fhu%2Flaundry%2Fcommercial-washers%2F|target:_blank&#8221;][\/vc_column_inner][vc_column_inner width=&#8221;1\/3&#8243;][vc_empty_space height=&#8221;20px&#8221;][vc_single_image image=&#8221;7248&#8243; img_size=&#8221;large&#8221;][vc_empty_space height=&#8221;20px&#8221;][vc_column_text]<\/p>\n<h4 style=\"text-align: center;\">-40% energiafogyaszt\u00e1s<br \/>\nsz\u00e1r\u00edt\u00f3szekr\u00e9nyek, sz\u00e1r\u00edt\u00f3g\u00e9pek eset\u00e9ben<\/h4>\n<p>[\/vc_column_text][vc_empty_space height=&#8221;20px&#8221;][elx_button button_text=&#8221;Tudjon meg t\u00f6bbet&#8230;&#8221; button_display_block=&#8221;display_block_on&#8221; button_alignment=&#8221;align_center&#8221; button_link=&#8221;url:https%3A%2F%2Fwww.electroluxprofessional.com%2Fhu%2Fszaritoszekrenyek%2F|target:_blank&#8221;][\/vc_column_inner][vc_column_inner width=&#8221;1\/3&#8243;][vc_empty_space height=&#8221;20px&#8221;][vc_single_image image=&#8221;7249&#8243; img_size=&#8221;large&#8221;][vc_empty_space height=&#8221;20px&#8221;][vc_column_text]<\/p>\n<h4 style=\"text-align: center;\">-60% energiafogyaszt\u00e1s<br \/>\nsz\u00e1r\u00edt\u00f3g\u00e9pek eset\u00e9ben<\/h4>\n<p>[\/vc_column_text][vc_empty_space height=&#8221;20px&#8221;][elx_button button_text=&#8221;Tudjon meg t\u00f6bbet&#8230;&#8221; button_display_block=&#8221;display_block_on&#8221; button_alignment=&#8221;align_center&#8221; button_link=&#8221;url:https%3A%2F%2Fwww.electroluxprofessional.com%2Fhu%2Flaundry%2Ftumble-dryers%2F|target:_blank&#8221;][\/vc_column_inner][\/vc_row_inner][vc_empty_space height=&#8221;50px&#8221;][vc_row_inner][vc_column_inner width=&#8221;1\/4&#8243;][vc_empty_space height=&#8221;20px&#8221;][\/vc_column_inner][vc_column_inner width=&#8221;2\/4&#8243;][vc_empty_space height=&#8221;20px&#8221;][elx_image align=&#8221;text-center&#8221; image_media_library=&#8221;7266&#8243; image_media_library_mobile=&#8221;7266&#8243;][vc_empty_space height=&#8221;20px&#8221;][vc_column_text]<\/p>\n<h4 style=\"text-align: center;\">+20% g\u00e1zmegtakar\u00edt\u00e1s<br \/>\nvasal\u00f3g\u00e9pek eset\u00e9ben<\/h4>\n<p>[\/vc_column_text][vc_empty_space height=&#8221;20px&#8221;][elx_button button_text=&#8221;Tudjon meg t\u00f6bbet&#8230;&#8221; button_display_block=&#8221;display_block_on&#8221; button_alignment=&#8221;align_center&#8221; button_link=&#8221;url:https%3A%2F%2Fwww.electroluxprofessional.com%2Fhu%2Fironers%2F|target:_blank&#8221;][\/vc_column_inner][vc_column_inner width=&#8221;1\/4&#8243;][vc_empty_space height=&#8221;20px&#8221;][\/vc_column_inner][\/vc_row_inner][vc_empty_space height=&#8221;50px&#8221;][vc_row_inner][vc_column_inner width=&#8221;1\/2&#8243; css=&#8221;.vc_custom_1649938714735{padding-right: 0px !important;padding-left: 0px !important;}&#8221;][elx_image_block background_image=&#8221;7233&#8243; minimum_height=&#8221;500px&#8221;][\/vc_column_inner][vc_column_inner width=&#8221;1\/2&#8243; css=&#8221;.vc_custom_1649938636673{margin-right: 0px !important;padding-right: 0px !important;padding-left: 0px !important;}&#8221;][vc_single_image image=&#8221;7250&#8243; img_size=&#8221;medium&#8221; alignment=&#8221;center&#8221; css=&#8221;.vc_custom_1649938657444{padding-top: 50px !important;}&#8221;][vc_empty_space][vc_column_text css=&#8221;.vc_custom_1654065448794{padding-right: 50px !important;padding-left: 50px !important;}&#8221;]<span style=\"font-size: 25px;\">Tan\u00fas\u00edtott szak\u00e9rtelem, hogy p\u00e1ratlan teljes\u00edtm\u00e9nyt \u00e9s eredm\u00e9nyeket biztos\u00edtson \u00d6nnek mindennap<\/span>[\/vc_column_text][vc_empty_space][elx_button button_text=&#8221;Fedezze fel k\u00f6rnyezetbar\u00e1t mos\u00f3szereinket&#8221; button_display_block=&#8221;display_block_on&#8221; button_alignment=&#8221;align_center&#8221; button_link=&#8221;url:https%3A%2F%2Fwww.electroluxprofessional.com%2Fhu%2Faccessories-consumables%2Fline-6000-eco-range-detergents%2F&#8221;][vc_empty_space][\/vc_column_inner][\/vc_row_inner][vc_empty_space height=&#8221;50px&#8221;][\/vc_column][\/vc_row][vc_row][vc_column][vc_empty_space height=&#8221;64px&#8221;][\/vc_column][\/vc_row][vc_row full_width=&#8221;electroluxpro-full-width-no-padding&#8221;][vc_column][elx_step_banner background_image=&#8221;7234&#8243; media_position=&#8221;media_left&#8221; background_colors=&#8221;background-food&#8221; title_box=&#8221;Fenntarthat\u00f3 \u00e9lelmiszeripari-megold\u00e1sok&#8221; text_box=&#8221;A bolyg\u00f3 j\u00f6v\u0151je azon m\u00falik, hogy k\u00e9pesek vagyunk-e olyan intelligens megold\u00e1sokat alkotni, amelyek hat\u00e9konyan haszn\u00e1lj\u00e1k az er\u0151forr\u00e1sokat. Az Electrolux Professional megold\u00e1sai lehet\u0151v\u00e9 teszik, hogy \u00d6n a v\u00e1llalkoz\u00e1s\u00e1ra koncentr\u00e1lhasson, mik\u00f6zben tudhatja, hogy mindent a lehet\u0151 legfenntarthat\u00f3bb m\u00f3don tesz.&#8221;][vc_empty_space height=&#8221;64px&#8221;][\/vc_column][\/vc_row][vc_row][vc_column][vc_column_text]<\/p>\n<h2 style=\"text-align: center;\"><strong>Smart Cooking<\/strong><\/h2>\n<p>[\/vc_column_text][vc_empty_space][\/vc_column][\/vc_row][vc_row][vc_column width=&#8221;2\/3&#8243;][vc_empty_space][vc_single_image image=&#8221;7251&#8243; img_size=&#8221;full&#8221;][vc_empty_space][\/vc_column][vc_column width=&#8221;1\/3&#8243;][vc_empty_space height=&#8221;160px&#8221;][vc_column_text]<\/p>\n<h4 style=\"text-align: center;\">Okos f\u0151z\u00e9s<br \/>\nAk\u00e1r 10% energiamegtakar\u00edt\u00e1s a<br \/>\nF\u0151z\u00e9soptimaliz\u00e1l\u00f3 funkci\u00f3val<\/h4>\n<p>[\/vc_column_text][vc_empty_space height=&#8221;30px&#8221;][vc_column_text]<\/p>\n<p style=\"text-align: center;\">\u00d6n \u00f6ssze\u00e1ll\u00edtja a men\u00fct, \u00e9s a SkyLine kombis\u00fct\u0151 \u00faj, mesters\u00e9ges intelligenci\u00e1n alapul\u00f3 logik\u00e1val optimaliz\u00e1lja a f\u0151z\u00e9si sorrendet.<\/p>\n<p>[\/vc_column_text][vc_empty_space height=&#8221;40px&#8221;][elx_button button_text=&#8221;Tudjon meg t\u00f6bbet&#8230;&#8221; button_display_block=&#8221;display_block_on&#8221; button_alignment=&#8221;align_center&#8221; button_link=&#8221;url:https%3A%2F%2Fwww.electroluxprofessional.com%2Fhu%2Fkonyhatechnologia%2Fcook-and-chill%2Fskyline%2F|target:_blank&#8221;][\/vc_column][\/vc_row][vc_row disable_element=&#8221;yes&#8221; css=&#8221;.vc_custom_1753883858109{padding-top: 100px !important;padding-bottom: 80px !important;background-color: #f7eff1 !important;}&#8221;][vc_column][vc_row_inner css=&#8221;.vc_custom_1649948936154{margin-top: -180px !important;}&#8221;][vc_column_inner width=&#8221;1\/3&#8243;][vc_empty_space height=&#8221;20px&#8221;][vc_column_text]<\/p>\n<h4 style=\"text-align: center;\">Elektromos grillek, HP<\/h4>\n<p>[\/vc_column_text][vc_empty_space height=&#8221;20px&#8221;][vc_single_image image=&#8221;7252&#8243; img_size=&#8221;full&#8221;][vc_column_text css=&#8221;.vc_custom_1654066894264{padding-top: 20px !important;padding-bottom: 44px !important;background-color: #d18391 !important;}&#8221;]<\/p>\n<h4><img loading=\"lazy\" decoding=\"async\" class=\"wp-image-41568 size-full alignleft\" style=\"margin-top: -30px;\" src=\"https:\/\/www.electroluxprofessional.com\/hu\/wp-content\/uploads\/2022\/06\/Immagine-9-2.jpg&quot;\" alt=\"\" width=\"137\" height=\"142\" \/><span style=\"color: #ffffff;\">-30%<\/span><br \/>\n<span style=\"color: #ffffff;\">energia<\/span><br \/>\n<span style=\"color: #ffffff;\">fogyaszt\u00e1s<\/span><\/h4>\n<p>[\/vc_column_text][\/vc_column_inner][vc_column_inner width=&#8221;1\/3&#8243;][vc_empty_space height=&#8221;20px&#8221;][vc_column_text]<\/p>\n<h4 style=\"text-align: center;\">Vir\u00e1gl\u00e1ng \u00e9g\u0151fejek<\/h4>\n<p>[\/vc_column_text][vc_empty_space height=&#8221;20px&#8221;][vc_single_image image=&#8221;7253&#8243; img_size=&#8221;full&#8221;][vc_column_text css=&#8221;.vc_custom_1654068187713{padding-top: 20px !important;padding-bottom: 44px !important;background-color: #d18391 !important;}&#8221;]<\/p>\n<h4><img loading=\"lazy\" decoding=\"async\" class=\"wp-image-41568 size-full alignleft\" style=\"margin-top: -30px;\" src=\"https:\/\/www.electroluxprofessional.com\/hu\/wp-content\/uploads\/2022\/06\/Immagine-9_gas-1.jpg&quot;\" alt=\"\" width=\"137\" height=\"142\" \/><span style=\"color: #ffffff;\">-50%<\/span><br \/>\n<span style=\"color: #ffffff;\">g\u00e1z<\/span><br \/>\n<span style=\"color: #ffffff;\">fogyaszt\u00e1s<\/span><\/h4>\n<p>[\/vc_column_text][\/vc_column_inner][vc_column_inner width=&#8221;1\/3&#8243;][vc_empty_space height=&#8221;20px&#8221;][vc_column_text]<\/p>\n<h4 style=\"text-align: center;\">Indukci\u00f3s eszk\u00f6z\u00f6k<\/h4>\n<p>[\/vc_column_text][vc_empty_space height=&#8221;20px&#8221;][vc_single_image image=&#8221;7254&#8243; img_size=&#8221;full&#8221;][vc_column_text css=&#8221;.vc_custom_1654067274646{padding-top: 20px !important;padding-bottom: 44px !important;background-color: #d18391 !important;}&#8221;]<\/p>\n<h4><img loading=\"lazy\" decoding=\"async\" class=\"wp-image-41568 size-full alignleft\" style=\"margin-top: -30px;\" src=\"https:\/\/www.electroluxprofessional.com\/hu\/wp-content\/uploads\/2022\/06\/Immagine-9-2.jpg&quot;\" alt=\"\" width=\"137\" height=\"142\" \/><span style=\"color: #ffffff;\">-60%<\/span><br \/>\n<span style=\"color: #ffffff;\">energia<\/span><br \/>\n<span style=\"color: #ffffff;\">fogyaszt\u00e1s<\/span><\/h4>\n<p>[\/vc_column_text][\/vc_column_inner][\/vc_row_inner][\/vc_column][\/vc_row][vc_row full_width=&#8221;electroluxpro-full-width&#8221;][vc_column][vc_empty_space height=&#8221;64px&#8221;][\/vc_column][\/vc_row][vc_row][vc_column width=&#8221;1\/3&#8243;][vc_empty_space height=&#8221;100px&#8221;][vc_column_text]<\/p>\n<h4 style=\"text-align: center;\">therma<em>line<\/em> nyom\u00e1s alatti \u00fcst\u00f6k: multifunkcionalit\u00e1s \u00e9s a megtakar\u00edt\u00e1s<\/h4>\n<p>[\/vc_column_text][vc_empty_space height=&#8221;20px&#8221;][elx_button button_text=&#8221;nyom\u00e1s alatti \u00fcst\u00f6k: multifunkcionalit\u00e1s \u00e9s a megtakar\u00edt\u00e1s&#8221; button_display_block=&#8221;display_block_on&#8221; button_alignment=&#8221;align_center&#8221; button_link=&#8221;url:https%3A%2F%2Fwww.electroluxprofessional.com%2Fhu%2Ffozoustok-es-billenoserpenyok%2F|target:_blank&#8221;][\/vc_column][vc_column width=&#8221;1\/3&#8243;][vc_empty_space height=&#8221;20px&#8221;][vc_single_image image=&#8221;7255&#8243; img_size=&#8221;full&#8221; alignment=&#8221;center&#8221;][vc_empty_space height=&#8221;20px&#8221;][\/vc_column][vc_column width=&#8221;1\/3&#8243;][vc_empty_space height=&#8221;100px&#8221;][vc_column_text]<\/p>\n<h4><img loading=\"lazy\" decoding=\"async\" class=\" wp-image-41580 alignleft\" src=\"https:\/\/www.electroluxprofessional.com\/hu\/wp-content\/uploads\/2022\/06\/lamp-150x150-1.png\" alt=\"\" width=\"57\" height=\"56\" \/>-80%<br \/>\nenergiamegtakar\u00edt\u00e1s<\/h4>\n<p>[\/vc_column_text][vc_column_text]<\/p>\n<h4><img loading=\"lazy\" decoding=\"async\" class=\"wp-image-41581 alignleft\" src=\"https:\/\/www.electroluxprofessional.com\/hu\/wp-content\/uploads\/2022\/06\/clock-150x150-1.png\" alt=\"\" width=\"57\" height=\"58\" \/>-60%<br \/>\nf\u0151z\u00e9si id\u0151<\/h4>\n<p>[\/vc_column_text][vc_empty_space height=&#8221;20px&#8221;][\/vc_column][\/vc_row][vc_row][vc_column width=&#8221;1\/3&#8243;][vc_empty_space height=&#8221;100px&#8221;][vc_column_text]<\/p>\n<h4 style=\"text-align: center;\">Folyamatos \u00fczem\u0171 kosaras mosogat\u00f3g\u00e9peinknek van a<br \/>\nlegalacsonyabb \u00fczemeltet\u00e9si k\u00f6lts\u00e9ge<br \/>\naz ipar\u00e1gi versenyt\u00e1rsak k\u00f6z\u00fcl<\/h4>\n<p>[\/vc_column_text][vc_empty_space height=&#8221;20px&#8221;][elx_button button_text=&#8221;Tudjon meg t\u00f6bbet&#8230;&#8221; button_display_block=&#8221;display_block_on&#8221; button_alignment=&#8221;align_center&#8221; button_link=&#8221;url:https%3A%2F%2Fwww.electroluxprofessional.com%2Fhu%2Frack-type-mosogatogepek%2F|target:_blank&#8221;][\/vc_column][vc_column width=&#8221;1\/3&#8243;][vc_empty_space height=&#8221;20px&#8221;][vc_single_image image=&#8221;7256&#8243; img_size=&#8221;full&#8221; alignment=&#8221;center&#8221;][vc_empty_space height=&#8221;20px&#8221;][\/vc_column][vc_column width=&#8221;1\/3&#8243;][vc_empty_space height=&#8221;100px&#8221;][vc_column_text]<\/p>\n<h4><img loading=\"lazy\" decoding=\"async\" class=\" wp-image-41580 alignleft\" src=\"https:\/\/www.electroluxprofessional.com\/hu\/wp-content\/uploads\/2022\/06\/lamp-150x150-1.png\" alt=\"\" width=\"57\" height=\"56\" \/>-34%<br \/>\nenergiamegtakar\u00edt\u00e1s<\/h4>\n<p>[\/vc_column_text][vc_column_text]<\/p>\n<h4><img loading=\"lazy\" decoding=\"async\" class=\" wp-image-41587 alignleft\" src=\"https:\/\/www.electroluxprofessional.com\/hu\/wp-content\/uploads\/2022\/06\/Rettangolo-17-300x300-1.png\" alt=\"\" width=\"59\" height=\"61\" \/>-63%<br \/>\nv\u00edzmegtakar\u00edt\u00e1s<\/h4>\n<p>[\/vc_column_text][vc_empty_space height=&#8221;20px&#8221;][\/vc_column][\/vc_row][vc_row][vc_column][vc_empty_space height=&#8221;50px&#8221;][\/vc_column][\/vc_row][vc_row][vc_column width=&#8221;2\/5&#8243;][vc_empty_space height=&#8221;20px&#8221;][vc_single_image image=&#8221;7257&#8243; img_size=&#8221;full&#8221; alignment=&#8221;center&#8221;][vc_empty_space height=&#8221;20px&#8221;][\/vc_column][vc_column width=&#8221;2\/5&#8243;][vc_empty_space height=&#8221;20px&#8221;][vc_column_text]<\/p>\n<h4>Felel\u0151s h\u0171t\u00e9s<\/h4>\n<p><strong>Felel\u0151s h\u0171t\u00e9s<\/strong><br \/>\nA professzion\u00e1lis h\u0171t\u0151szekr\u00e9nyek leg\u00fajabb gener\u00e1ci\u00f3ja k\u00e9sz\u00edt\u00e9s\u00e9hez olyan <strong>olyan f\u00f6ldg\u00e1zokat haszn\u00e1lunk,<\/strong> mint a ciklopent\u00e1n (a szigetel\u00e9sben) \u00e9s olyan sz\u00e9nhidrog\u00e9neket (HC), mint az <strong>alacsony, glob\u00e1lis felmeleged\u00e9si potenci\u00e1lra utal\u00f3 GWP \u00e9rt\u00e9kkel rendelkez\u0151 R290 h\u0171t\u0151k\u00f6zeg<\/strong>. A sz\u00e9nhidrog\u00e9nek (HC) <strong>cs\u00f6kkentik a k\u00f6rnyezetterhel\u00e9st<\/strong> \u00e9s megn\u00f6velik a <strong>kompresszorok \u00e9lettartam\u00e1t<\/strong>.[\/vc_column_text][vc_empty_space height=&#8221;20px&#8221;][elx_button button_text=&#8221;Tudjon meg t\u00f6bbet&#8230;&#8221; button_link=&#8221;url:https%3A%2F%2Fwww.electroluxprofessional.com%2Fhu%2Fhutott-munkaasztalok%2F|target:_blank&#8221;][vc_empty_space height=&#8221;20px&#8221;][\/vc_column][vc_column width=&#8221;1\/5&#8243;][vc_empty_space height=&#8221;100px&#8221;][vc_single_image image=&#8221;7258&#8243; img_size=&#8221;full&#8221; alignment=&#8221;center&#8221;][vc_empty_space height=&#8221;20px&#8221;][\/vc_column][\/vc_row][vc_row full_width=&#8221;electroluxpro-full-width-no-padding&#8221;][vc_column][vc_empty_space height=&#8221;64px&#8221;][elx_step_banner background_image=&#8221;7235&#8243; media_position=&#8221;media_left&#8221; background_colors=&#8221;background-sustainability&#8221; title_box=&#8221;Eddigi eredm\u00e9nyeink&#8221; text_box=&#8221;2015 \u00f3ta a fenntarthat\u00f3s\u00e1g minden ter\u00fclet\u00e9n jelent\u0151s el\u0151rel\u00e9p\u00e9st tudtunk el\u00e9rni. Azonban bolyg\u00f3nkb\u00f3l csak egy van, \u00edgy felel\u0151ss\u00e9ggel tartozunk az\u00e9rt, hogy folyamatosan fejl\u0151dj\u00fcnk.&#8221;][vc_empty_space height=&#8221;64px&#8221;][\/vc_column][\/vc_row][vc_row][vc_column][elx_image align=&#8221;text-center&#8221; image_media_library=&#8221;41668&#8243; image_media_library_mobile=&#8221;41669&#8243;][\/vc_column][\/vc_row][vc_row][vc_column][vc_empty_space height=&#8221;100px&#8221;][\/vc_column][\/vc_row][vc_row full_width=&#8221;electroluxpro-full-width-no-padding&#8221; disable_element=&#8221;yes&#8221;][vc_column][elx_step_banner background_image=&#8221;7236&#8243; media_position=&#8221;media_left&#8221; background_colors=&#8221;background-sustainability&#8221; text_box=&#8221;Electrolux Professional products are ergonomically designed for the people who use them, making for a better working environment.&#8221; title_box=&#8221;Working in a professional kitchen or laundry involves repetitive acts such as reaching and bending&#8221;][vc_empty_space height=&#8221;64px&#8221;][\/vc_column][\/vc_row][vc_row][vc_column width=&#8221;1\/3&#8243;][vc_empty_space height=&#8221;16px&#8221;][vc_single_image image=&#8221;7259&#8243; img_size=&#8221;full&#8221;][vc_column_text el_class=&#8221;engagement&#8221;]<\/p>\n<h4>Electrolux Food Foundation<\/h4>\n<p>B\u00fcszk\u00e9k vagyunk arra, hogy t\u00e1mogatjuk az Electrolux Food Foundation elnevez\u00e9s\u0171 f\u00fcggetlen, non-profit szervezetet.<br \/>\nAz alap\u00edtv\u00e1ny olyan kezdem\u00e9nyez\u00e9seket t\u00e1mogat, amelyek c\u00e9lja a fenntarthat\u00f3bb \u00e9lelmiszer-v\u00e1laszt\u00e1s \u00f6szt\u00f6nz\u00e9se \u00e9s a r\u00e1szorul\u00f3k t\u00e1mogat\u00e1sa.<br \/>\n[\/vc_column_text][vc_empty_space height=&#8221;16px&#8221;][elx_button button_text=&#8221;Tudjon meg t\u00f6bbet&#8230;&#8221; button_link=&#8221;url:https%3A%2F%2Fwww.electroluxprofessional.com%2Fhu%2Fcorporate%2Felectrolux-food-foundation%2F|target:_blank&#8221;][\/vc_column][vc_column width=&#8221;1\/3&#8243;][vc_empty_space height=&#8221;16px&#8221;][vc_single_image image=&#8221;7260&#8243; img_size=&#8221;full&#8221;][vc_column_text el_class=&#8221;engagement&#8221;]<\/p>\n<h4>Min Shed<\/h4>\n<p>Az Electrolux Professional m\u00e1s c\u00e9gekkel, egyetemekkel \u00e9s kutat\u00f3int\u00e9zetekkel egy\u00fctt t\u00e1mogatja a MinShed projektet.<\/p>\n<p>A projekt c\u00e9lja a mikrom\u0171anyag-kibocs\u00e1t\u00e1s cs\u00f6kkent\u00e9se.<br \/>\n[\/vc_column_text][vc_empty_space height=&#8221;16px&#8221;][elx_button button_text=&#8221;Tudjon meg t\u00f6bbet&#8230;&#8221; button_link=&#8221;url:https%3A%2F%2Fwww.electroluxprofessional.com%2Fhu%2Fa-project-to-reduce-emissions-of-microplastics%2F|target:_blank&#8221;][\/vc_column][vc_column width=&#8221;1\/3&#8243;][vc_empty_space height=&#8221;16px&#8221;][vc_single_image image=&#8221;7261&#8243; img_size=&#8221;full&#8221;][vc_column_text el_class=&#8221;engagement&#8221;]<\/p>\n<h4>HSB Living Lab<\/h4>\n<p><span lang=\"HU\">A HSB Living Lab c\u00e9lja, hogy intelligens \u00e9s fenntarthat\u00f3 megold\u00e1sokat tal\u00e1ljon a j\u00f6v\u0151 \u00e9letm\u00f3dj\u00e1hoz.\u00a0A projektben r\u00e9szt vettek t\u00f6bbek k\u00f6z\u00f6tt G\u00f6teborg v\u00e1rosa, az Electrolux Professional, a Chalmers University of Technology \u00e9s m\u00e1s gazdas\u00e1gi t\u00e1rsas\u00e1gok is.<\/span>[\/vc_column_text][vc_empty_space height=&#8221;16px&#8221;][elx_button button_text=&#8221;Tudjon meg t\u00f6bbet&#8230;&#8221; button_link=&#8221;url:https%3A%2F%2Fwww.electroluxprofessional.com%2Fhu%2Fhsb-living-lab%2F|target:_blank&#8221;][\/vc_column][\/vc_row][vc_row][vc_column][vc_empty_space height=&#8221;100px&#8221;][\/vc_column][\/vc_row]<\/p>\n","protected":false},"excerpt":{"rendered":"<p>[vc_row full_width=&#8221;electroluxpro-full-width-no-padding&#8221;][vc_column][elx_step_banner background_image=&#8221;7230&#8243; media_position=&#8221;media_left&#8221; background_colors=&#8221;background-sustainability&#8221; title_box=&#8221;Fenntarthat\u00f3 megold\u00e1sok, amelyek hossz\u00fa t\u00e1v\u00fa \u00e9rt\u00e9ket teremtenek \u00fcgyfeleink sz\u00e1m\u00e1ra szerte a vil\u00e1gon&#8221;][vc_empty_space height=&#8221;50px&#8221;][\/vc_column][\/vc_row][vc_row][vc_column width=&#8221;1\/3&#8243;][vc_empty_space][vc_column_text] J\u00f3 d\u00f6nt\u00e9sek a bolyg\u00f3 sz\u00e1m\u00e1ra [\/vc_column_text][vc_empty_space height=&#8221;16px&#8221;][vc_column_text]Az Electrolux Professional seg\u00edt megtal\u00e1lni a fenntarthat\u00f3 j\u00f6v\u0151 fel\u00e9 vezet\u0151 utat. Sz\u00e1mos lehet\u0151s\u00e9g van arra, hogy hat\u00e9konyabb \u00e9s energiatakar\u00e9kosabb berendez\u00e9sek v\u00e1laszt\u00e1s\u00e1val hozz\u00e1j\u00e1ruljunk a fenntarthat\u00f3s\u00e1ghoz \u2013 ez j\u00f3 h\u00edr a bolyg\u00f3nak [&hellip;]<\/p>\n","protected":false},"author":7,"featured_media":7230,"parent":0,"menu_order":0,"comment_status":"closed","ping_status":"closed","template":"","meta":{"footnotes":""},"class_list":["post-7262","page","type-page","status-publish","has-post-thumbnail","hentry"],"yoast_head":"<!-- This site is optimized with the Yoast SEO plugin v23.3 - https:\/\/yoast.com\/wordpress\/plugins\/seo\/ -->\n<title>Fenntarthat\u00f3s\u00e1g - Electrolux Professional Magyarorsz\u00e1g<\/title>\n<meta name=\"description\" content=\"Sz\u00e1mos lehet\u0151s\u00e9g van arra, hogy hat\u00e9konyabb \u00e9s energiatakar\u00e9kosabb berendez\u00e9sek v\u00e1laszt\u00e1s\u00e1val hozz\u00e1j\u00e1ruljunk a fenntarthat\u00f3s\u00e1ghoz \u2013 ez j\u00f3 h\u00edr a bolyg\u00f3nak \u00e9s az \u00d6n v\u00e1llalkoz\u00e1s\u00e1nak is.\" \/>\n<meta name=\"robots\" content=\"index, follow, max-snippet:-1, max-image-preview:large, max-video-preview:-1\" \/>\n<link rel=\"canonical\" href=\"https:\/\/www.electroluxprofessional.com\/hu\/fenntarthato-megoldasok-hosszu-tavu-ertekteremteshez\/\" \/>\n<meta property=\"og:locale\" content=\"hu_HU\" \/>\n<meta property=\"og:type\" content=\"article\" \/>\n<meta property=\"og:title\" content=\"Fenntarthat\u00f3s\u00e1g - Electrolux Professional Magyarorsz\u00e1g\" \/>\n<meta property=\"og:description\" content=\"Sz\u00e1mos lehet\u0151s\u00e9g van arra, hogy hat\u00e9konyabb \u00e9s energiatakar\u00e9kosabb berendez\u00e9sek v\u00e1laszt\u00e1s\u00e1val hozz\u00e1j\u00e1ruljunk a fenntarthat\u00f3s\u00e1ghoz \u2013 ez j\u00f3 h\u00edr a bolyg\u00f3nak \u00e9s az \u00d6n v\u00e1llalkoz\u00e1s\u00e1nak is.\" \/>\n<meta property=\"og:url\" content=\"https:\/\/www.electroluxprofessional.com\/hu\/fenntarthato-megoldasok-hosszu-tavu-ertekteremteshez\/\" \/>\n<meta property=\"og:site_name\" content=\"Electrolux Professional Magyarorsz\u00e1g\" \/>\n<meta property=\"article:modified_time\" content=\"2026-03-04T14:52:12+00:00\" \/>\n<meta property=\"og:image\" content=\"https:\/\/www.electroluxprofessional.com\/hu\/wp-content\/uploads\/2022\/06\/sustainability_banner_1_1.jpg\" \/>\n\t<meta property=\"og:image:width\" content=\"2000\" \/>\n\t<meta property=\"og:image:height\" content=\"900\" \/>\n\t<meta property=\"og:image:type\" content=\"image\/jpeg\" \/>\n<meta name=\"twitter:card\" content=\"summary_large_image\" \/>\n<meta name=\"twitter:label1\" content=\"Becs\u00fclt olvas\u00e1si id\u0151\" \/>\n\t<meta name=\"twitter:data1\" content=\"17 perc\" \/>\n<script type=\"application\/ld+json\" class=\"yoast-schema-graph\">{\"@context\":\"https:\/\/schema.org\",\"@graph\":[{\"@type\":\"WebPage\",\"@id\":\"https:\/\/www.electroluxprofessional.com\/hu\/fenntarthato-megoldasok-hosszu-tavu-ertekteremteshez\/\",\"url\":\"https:\/\/www.electroluxprofessional.com\/hu\/fenntarthato-megoldasok-hosszu-tavu-ertekteremteshez\/\",\"name\":\"Fenntarthat\u00f3s\u00e1g - Electrolux Professional Magyarorsz\u00e1g\",\"isPartOf\":{\"@id\":\"https:\/\/www.electroluxprofessional.com\/hu\/#website\"},\"primaryImageOfPage\":{\"@id\":\"https:\/\/www.electroluxprofessional.com\/hu\/fenntarthato-megoldasok-hosszu-tavu-ertekteremteshez\/#primaryimage\"},\"image\":{\"@id\":\"https:\/\/www.electroluxprofessional.com\/hu\/fenntarthato-megoldasok-hosszu-tavu-ertekteremteshez\/#primaryimage\"},\"thumbnailUrl\":\"https:\/\/www.electroluxprofessional.com\/hu\/wp-content\/uploads\/2022\/06\/sustainability_banner_1_1.jpg\",\"datePublished\":\"2022-06-01T06:12:20+00:00\",\"dateModified\":\"2026-03-04T14:52:12+00:00\",\"description\":\"Sz\u00e1mos lehet\u0151s\u00e9g van arra, hogy hat\u00e9konyabb \u00e9s energiatakar\u00e9kosabb berendez\u00e9sek v\u00e1laszt\u00e1s\u00e1val hozz\u00e1j\u00e1ruljunk a fenntarthat\u00f3s\u00e1ghoz \u2013 ez j\u00f3 h\u00edr a bolyg\u00f3nak \u00e9s az \u00d6n v\u00e1llalkoz\u00e1s\u00e1nak is.\",\"breadcrumb\":{\"@id\":\"https:\/\/www.electroluxprofessional.com\/hu\/fenntarthato-megoldasok-hosszu-tavu-ertekteremteshez\/#breadcrumb\"},\"inLanguage\":\"hu\",\"potentialAction\":[{\"@type\":\"ReadAction\",\"target\":[\"https:\/\/www.electroluxprofessional.com\/hu\/fenntarthato-megoldasok-hosszu-tavu-ertekteremteshez\/\"]}]},{\"@type\":\"ImageObject\",\"inLanguage\":\"hu\",\"@id\":\"https:\/\/www.electroluxprofessional.com\/hu\/fenntarthato-megoldasok-hosszu-tavu-ertekteremteshez\/#primaryimage\",\"url\":\"https:\/\/www.electroluxprofessional.com\/hu\/wp-content\/uploads\/2022\/06\/sustainability_banner_1_1.jpg\",\"contentUrl\":\"https:\/\/www.electroluxprofessional.com\/hu\/wp-content\/uploads\/2022\/06\/sustainability_banner_1_1.jpg\",\"width\":2000,\"height\":900,\"caption\":\"sustainability_banner_1_1\"},{\"@type\":\"BreadcrumbList\",\"@id\":\"https:\/\/www.electroluxprofessional.com\/hu\/fenntarthato-megoldasok-hosszu-tavu-ertekteremteshez\/#breadcrumb\",\"itemListElement\":[{\"@type\":\"ListItem\",\"position\":1,\"name\":\"Home\",\"item\":\"https:\/\/www.electroluxprofessional.com\/hu\/\"},{\"@type\":\"ListItem\",\"position\":2,\"name\":\"Fenntarthat\u00f3s\u00e1g\"}]},{\"@type\":\"WebSite\",\"@id\":\"https:\/\/www.electroluxprofessional.com\/hu\/#website\",\"url\":\"https:\/\/www.electroluxprofessional.com\/hu\/\",\"name\":\"Electrolux Professional Magyarorsz\u00e1g\",\"description\":\"\",\"potentialAction\":[{\"@type\":\"SearchAction\",\"target\":{\"@type\":\"EntryPoint\",\"urlTemplate\":\"https:\/\/www.electroluxprofessional.com\/hu\/?src={search_term_string}\"},\"query-input\":\"required name=search_term_string\"}],\"inLanguage\":\"hu\"}]}<\/script>\n<!-- \/ Yoast SEO plugin. -->","yoast_head_json":{"title":"Fenntarthat\u00f3s\u00e1g - Electrolux Professional Magyarorsz\u00e1g","description":"Sz\u00e1mos lehet\u0151s\u00e9g van arra, hogy hat\u00e9konyabb \u00e9s energiatakar\u00e9kosabb berendez\u00e9sek v\u00e1laszt\u00e1s\u00e1val hozz\u00e1j\u00e1ruljunk a fenntarthat\u00f3s\u00e1ghoz \u2013 ez j\u00f3 h\u00edr a bolyg\u00f3nak \u00e9s az \u00d6n v\u00e1llalkoz\u00e1s\u00e1nak is.","robots":{"index":"index","follow":"follow","max-snippet":"max-snippet:-1","max-image-preview":"max-image-preview:large","max-video-preview":"max-video-preview:-1"},"canonical":"https:\/\/www.electroluxprofessional.com\/hu\/fenntarthato-megoldasok-hosszu-tavu-ertekteremteshez\/","og_locale":"hu_HU","og_type":"article","og_title":"Fenntarthat\u00f3s\u00e1g - Electrolux Professional Magyarorsz\u00e1g","og_description":"Sz\u00e1mos lehet\u0151s\u00e9g van arra, hogy hat\u00e9konyabb \u00e9s energiatakar\u00e9kosabb berendez\u00e9sek v\u00e1laszt\u00e1s\u00e1val hozz\u00e1j\u00e1ruljunk a fenntarthat\u00f3s\u00e1ghoz \u2013 ez j\u00f3 h\u00edr a bolyg\u00f3nak \u00e9s az \u00d6n v\u00e1llalkoz\u00e1s\u00e1nak is.","og_url":"https:\/\/www.electroluxprofessional.com\/hu\/fenntarthato-megoldasok-hosszu-tavu-ertekteremteshez\/","og_site_name":"Electrolux Professional Magyarorsz\u00e1g","article_modified_time":"2026-03-04T14:52:12+00:00","og_image":[{"width":2000,"height":900,"url":"https:\/\/www.electroluxprofessional.com\/hu\/wp-content\/uploads\/2022\/06\/sustainability_banner_1_1.jpg","type":"image\/jpeg"}],"twitter_card":"summary_large_image","twitter_misc":{"Becs\u00fclt olvas\u00e1si id\u0151":"17 perc"},"schema":{"@context":"https:\/\/schema.org","@graph":[{"@type":"WebPage","@id":"https:\/\/www.electroluxprofessional.com\/hu\/fenntarthato-megoldasok-hosszu-tavu-ertekteremteshez\/","url":"https:\/\/www.electroluxprofessional.com\/hu\/fenntarthato-megoldasok-hosszu-tavu-ertekteremteshez\/","name":"Fenntarthat\u00f3s\u00e1g - Electrolux Professional Magyarorsz\u00e1g","isPartOf":{"@id":"https:\/\/www.electroluxprofessional.com\/hu\/#website"},"primaryImageOfPage":{"@id":"https:\/\/www.electroluxprofessional.com\/hu\/fenntarthato-megoldasok-hosszu-tavu-ertekteremteshez\/#primaryimage"},"image":{"@id":"https:\/\/www.electroluxprofessional.com\/hu\/fenntarthato-megoldasok-hosszu-tavu-ertekteremteshez\/#primaryimage"},"thumbnailUrl":"https:\/\/www.electroluxprofessional.com\/hu\/wp-content\/uploads\/2022\/06\/sustainability_banner_1_1.jpg","datePublished":"2022-06-01T06:12:20+00:00","dateModified":"2026-03-04T14:52:12+00:00","description":"Sz\u00e1mos lehet\u0151s\u00e9g van arra, hogy hat\u00e9konyabb \u00e9s energiatakar\u00e9kosabb berendez\u00e9sek v\u00e1laszt\u00e1s\u00e1val hozz\u00e1j\u00e1ruljunk a fenntarthat\u00f3s\u00e1ghoz \u2013 ez j\u00f3 h\u00edr a bolyg\u00f3nak \u00e9s az \u00d6n v\u00e1llalkoz\u00e1s\u00e1nak is.","breadcrumb":{"@id":"https:\/\/www.electroluxprofessional.com\/hu\/fenntarthato-megoldasok-hosszu-tavu-ertekteremteshez\/#breadcrumb"},"inLanguage":"hu","potentialAction":[{"@type":"ReadAction","target":["https:\/\/www.electroluxprofessional.com\/hu\/fenntarthato-megoldasok-hosszu-tavu-ertekteremteshez\/"]}]},{"@type":"ImageObject","inLanguage":"hu","@id":"https:\/\/www.electroluxprofessional.com\/hu\/fenntarthato-megoldasok-hosszu-tavu-ertekteremteshez\/#primaryimage","url":"https:\/\/www.electroluxprofessional.com\/hu\/wp-content\/uploads\/2022\/06\/sustainability_banner_1_1.jpg","contentUrl":"https:\/\/www.electroluxprofessional.com\/hu\/wp-content\/uploads\/2022\/06\/sustainability_banner_1_1.jpg","width":2000,"height":900,"caption":"sustainability_banner_1_1"},{"@type":"BreadcrumbList","@id":"https:\/\/www.electroluxprofessional.com\/hu\/fenntarthato-megoldasok-hosszu-tavu-ertekteremteshez\/#breadcrumb","itemListElement":[{"@type":"ListItem","position":1,"name":"Home","item":"https:\/\/www.electroluxprofessional.com\/hu\/"},{"@type":"ListItem","position":2,"name":"Fenntarthat\u00f3s\u00e1g"}]},{"@type":"WebSite","@id":"https:\/\/www.electroluxprofessional.com\/hu\/#website","url":"https:\/\/www.electroluxprofessional.com\/hu\/","name":"Electrolux Professional Magyarorsz\u00e1g","description":"","potentialAction":[{"@type":"SearchAction","target":{"@type":"EntryPoint","urlTemplate":"https:\/\/www.electroluxprofessional.com\/hu\/?src={search_term_string}"},"query-input":"required name=search_term_string"}],"inLanguage":"hu"}]}},"_links":{"self":[{"href":"https:\/\/www.electroluxprofessional.com\/hu\/wp-json\/wp\/v2\/pages\/7262"}],"collection":[{"href":"https:\/\/www.electroluxprofessional.com\/hu\/wp-json\/wp\/v2\/pages"}],"about":[{"href":"https:\/\/www.electroluxprofessional.com\/hu\/wp-json\/wp\/v2\/types\/page"}],"author":[{"embeddable":true,"href":"https:\/\/www.electroluxprofessional.com\/hu\/wp-json\/wp\/v2\/users\/7"}],"replies":[{"embeddable":true,"href":"https:\/\/www.electroluxprofessional.com\/hu\/wp-json\/wp\/v2\/comments?post=7262"}],"version-history":[{"count":8,"href":"https:\/\/www.electroluxprofessional.com\/hu\/wp-json\/wp\/v2\/pages\/7262\/revisions"}],"predecessor-version":[{"id":10106,"href":"https:\/\/www.electroluxprofessional.com\/hu\/wp-json\/wp\/v2\/pages\/7262\/revisions\/10106"}],"wp:featuredmedia":[{"embeddable":true,"href":"https:\/\/www.electroluxprofessional.com\/hu\/wp-json\/wp\/v2\/media\/7230"}],"wp:attachment":[{"href":"https:\/\/www.electroluxprofessional.com\/hu\/wp-json\/wp\/v2\/media?parent=7262"}],"curies":[{"name":"wp","href":"https:\/\/api.w.org\/{rel}","templated":true}]}}