{"id":4741,"date":"2020-03-03T16:58:48","date_gmt":"2020-03-03T16:58:48","guid":{"rendered":"https:\/\/www.electroluxprofessional.com\/hu\/?page_id=4741"},"modified":"2026-01-29T10:10:59","modified_gmt":"2026-01-29T10:10:59","slug":"homepage2020","status":"publish","type":"page","link":"https:\/\/www.electroluxprofessional.com\/hu\/","title":{"rendered":"Homepage"},"content":{"rendered":"<p>[vc_row full_width=&#8221;electroluxpro-full-width-no-padding&#8221; css=&#8221;.vc_custom_1581601446712{margin-bottom: 0px !important;}&#8221;][vc_column css=&#8221;.vc_custom_1575015067714{margin-bottom: 0px !important;}&#8221;][elx_master_slider slide_order_1=&#8221;1&#8243; title_1=&#8221;T\u00f6k\u00e9letess\u00e9g a mindennapokban&#8221; text_1=&#8221;e-XP 700 &amp; 900<br \/>\nModul f\u0151z\u0151sor&#8221; slide_order_2=&#8221;3&#8243; title_2=&#8221;Tavaszi takar\u00edt\u00e1s a lehet\u0151 legalacsonyabb v\u00edz-, energia- \u00e9s mos\u00f3szer-felhaszn\u00e1l\u00e1ssal&#8221; text_2=&#8221;Line 6000 mos\u00f3g\u00e9p \u00e9s sz\u00e1r\u00edt\u00f3g\u00e9p.&#8221; slide_order_3=&#8221;4&#8243; title_3=&#8221;Makul\u00e1tlan eredm\u00e9nyek \u00e9s megtakar\u00edt\u00e1sok egyetlen \u00e9rint\u00e9ssel&#8221; text_3=&#8221;NeoBlue Touch pult alatti mosogat\u00f3g\u00e9ppel&#8221; slide_order_4=&#8221;2&#8243; title_4=&#8221;Engedje szabadj\u00e1ra kreativit\u00e1s\u00e1t&#8221; text_4=&#8221;thermaline Modular 80,85 &amp;90&#8243; background_image_media_library_3=&#8221;8288&#8243; link_3=&#8221;url:https%3A%2F%2Fwww.electroluxprofessional.com%2Fhu%2Fneoblue-touch-pult-alatti-mosogatogep%2F|title:OLVASSON%20TOV%C3%81BB&#8221; link_4=&#8221;url:https%3A%2F%2Fwww.electroluxprofessional.com%2Fhu%2Fkonyhatechnologia%2Fthermaline-modular-80-85-90%2F|title:TUDJON%20MEG%20T%C3%96BBET&#8221; background_image_media_library_mobile_3=&#8221;8289&#8243; background_image_media_library_4=&#8221;9925&#8243; background_image_media_library_mobile_4=&#8221;9926&#8243; link_2=&#8221;url:https%3A%2F%2Fwww.electroluxprofessional.com%2Fhu%2Flaundry%2Fline-6000-megoldasok%2F|title:OLVASSON%20TOV%C3%81BB&#8221; background_image_media_library_2=&#8221;9391&#8243; background_image_media_library_mobile_2=&#8221;9392&#8243; link_1=&#8221;url:https%3A%2F%2Fwww.electroluxprofessional.com%2Fhu%2Fkonyhatechnologia%2Fe-xp-700-es-900-modularis-fozosor%2F|title:TUDJON%20MEG%20T%C3%96BBET&#8221; background_image_media_library_1=&#8221;9923&#8243; background_image_media_library_mobile_1=&#8221;9924&#8243;][\/vc_column][\/vc_row][vc_row full_width=&#8221;electroluxpro-full-width-no-padding&#8221;][vc_column][elx_search title=&#8221;Mi az a amit keres?&#8221;][\/vc_column][\/vc_row][vc_row full_width=&#8221;electroluxpro-full-width-no-padding&#8221;][vc_column][elx_full_banner title=&#8221;Konyhatechnol\u00f3giai, italtechnikai \u00e9s mosodatechnikai megold\u00e1sok&#8221; text=&#8221;Electrolux Professional is the OnE trusted partner making your<br \/>\nwork-life easier, more profitable \u2013 and truly sustainable every day.&#8221; background_source=&#8221;image-media-library&#8221; link=&#8221;url:https%3A%2F%2Fwww.electroluxprofessional.com%2Fhu%2Frolunk%2F|title:ISMERJE%20MEG%3A%20The%20OnE&#8221; background_image_media_library=&#8221;4752&#8243; background_image_media_library_mobile=&#8221;4753&#8243;][\/vc_column][\/vc_row][vc_row][vc_column][elx_double_banner title_1=&#8221;SkyLine Cook and Chill&#8221; text_1=&#8221;A t\u00f6k\u00e9letes Cook and Chill p\u00e1ros: egy sokkol\u00f3 h\u0171t\u0151<br \/>\n\u00e9s egy kombip\u00e1rol\u00f3, melyek \u201cbesz\u00e9lnek\u201d egym\u00e1shoz<br \/>\naz \u00d6n ig\u00e9nyei kiszolg\u00e1l\u00e1s\u00e1hoz.&#8221; title_2=&#8221;Line 6000 \u2013 mos\u00f3g\u00e9pek&#8221; text_2=&#8221;Sz\u00e9les term\u00e9kk\u00edn\u00e1lat\u00fa kereskedelmi mos\u00f3g\u00e9pek,<br \/>\nmelyek alaposan \u00e1tgondolva lettek megtervezve.&#8221; background_source_1=&#8221;image-media-library&#8221; background_source_2=&#8221;image-media-library&#8221; link_1=&#8221;url:https%3A%2F%2Fwww.electroluxprofessional.com%2Fhu%2Fkonyhatechnologia%2Fcook-and-chill%2Fcombi-oven%2F|title:Olvasson%20tov%C3%A1bb||&#8221; background_image_media_library_1=&#8221;4754&#8243; link_2=&#8221;url:https%3A%2F%2Fwww.electroluxprofessional.com%2Fhu%2Flaundry%2Fcommercial-washers%2F|title:Olvasson%20tov%C3%A1bb||&#8221; background_image_media_library_2=&#8221;4756&#8243; background_image_media_library_mobile_1=&#8221;4755&#8243; background_image_media_library_mobile_2=&#8221;4757&#8243;][\/vc_column][\/vc_row][vc_row][vc_column][elx_double_banner title_1=&#8221;Espresso k\u00e1v\u00e9f\u0151z\u0151 k\u00e9sz\u00fcl\u00e9kek&#8221; text_1=&#8221;Megjelen\u00e9s \u00e9s technol\u00f3gia az \u00edzzel teli \u00e9lm\u00e9ny\u00e9rt,<br \/>\nak\u00e1r kis, ak\u00e1r nagyobb v\u00e1llalkoz\u00e1sa van&#8221; title_2=&#8221;Essentia &#8211; Szolg\u00e1lat\u00e1si szerz\u0151d\u00e9sek&#8221; text_2=&#8221;Szem\u00e9lyre szabott szerviz csomagok, melyeknek k\u00f6sz\u00f6nhet\u0151en k\u00e9sz\u00fcl\u00e9kei folyamatosan megfelel\u0151en m\u0171k\u00f6dnek&#8221; background_source_1=&#8221;image-media-library&#8221; background_source_2=&#8221;image-media-library&#8221; link_1=&#8221;url:https%3A%2F%2Fwww.electroluxprofessional.com%2Fhu%2Fespresso-coffee-machines%2F|title:Olvasson%20tov%C3%A1bb||&#8221; background_image_media_library_1=&#8221;4758&#8243; link_2=&#8221;url:https%3A%2F%2Fwww.electroluxprofessional.com%2Fcustomer-care%2Fservice-agreements%2F|title:Olvasson%20tov%C3%A1bb||&#8221; background_image_media_library_2=&#8221;4760&#8243; background_image_media_library_mobile_1=&#8221;4759&#8243; background_image_media_library_mobile_2=&#8221;4761&#8243;][\/vc_column][\/vc_row][vc_row full_width=&#8221;electroluxpro-full-width-no-padding&#8221;][vc_column][elx_full_banner title=&#8221;Electrolux Professional Centers of Excellence&#8221; text=&#8221;Swiss design since 1871: over 100 years of production,<br \/>\nprecision and tradition&#8221; background_source=&#8221;image-media-library&#8221; link=&#8221;url:https%3A%2F%2Fwww.electroluxprofessional.com%2Fhu%2Fchef-s-hub%2Fcenters-of-excellence-electrolux-professional%2F|title:Fedezze%20fel||&#8221; background_image_media_library=&#8221;4770&#8243; background_image_media_library_mobile=&#8221;4771&#8243;][\/vc_column][\/vc_row][vc_row full_width=&#8221;electroluxpro-full-width-no-padding&#8221;][vc_column][elx_last_references title=&#8221;\u00dcgyfeleink&#8221;][\/vc_column][\/vc_row][vc_row full_width=&#8221;electroluxpro-full-width-no-padding&#8221;][vc_column][elx_last_news title=&#8221;Electrolux Professional h\u00edrek&#8221;][\/vc_column][\/vc_row][vc_row][vc_column][elx_single_banner title=&#8221;Dolgozzon vel\u00fcnk&#8221; text=&#8221;Az Electrolux Professional \u00fcdv\u00f6zli a szenved\u00e9lyes,<br \/>\n\u00fczleti gondolkod\u00e1s\u00fa csapatj\u00e1t\u00e9kosokat.<br \/>\nN\u00e9zze meg a karrier oldalunkat, ahol a nyitott poz\u00edci\u00f3kat, lehet\u0151s\u00e9geket tal\u00e1lja.&#8221; text_mobile=&#8221;Check our career site to learn about openings and opportunities for you.&#8221; background_source=&#8221;image-media-library&#8221; background_image_media_library=&#8221;4764&#8243; link=&#8221;url:https%3A%2F%2Fwww.electroluxprofessional.com%2Fcareer-opportunities%2F|title:Jelentkez%C3%A9s%20most||&#8221; background_image_media_library_mobile=&#8221;4765&#8243;][\/vc_column][\/vc_row][vc_row][vc_column][elx_active_banner title=&#8221;Sales and service locator&#8221; link=&#8221;url:https%3A%2F%2Fwww.electroluxprofessional.com%2Fhu%2Fertekesitesi-es-szerviz-lokator%2F|title:Search||&#8221; background_image_media_library=&#8221;4767&#8243; background_image_media_library_mobile=&#8221;4768&#8243;][\/vc_column][\/vc_row][vc_row][vc_column][vc_empty_space height=&#8221;30px&#8221;][\/vc_column][\/vc_row]<\/p>\n","protected":false},"excerpt":{"rendered":"<p>[vc_row full_width=&#8221;electroluxpro-full-width-no-padding&#8221; css=&#8221;.vc_custom_1581601446712{margin-bottom: 0px !important;}&#8221;][vc_column css=&#8221;.vc_custom_1575015067714{margin-bottom: 0px !important;}&#8221;][elx_master_slider slide_order_1=&#8221;1&#8243; title_1=&#8221;T\u00f6k\u00e9letess\u00e9g a mindennapokban&#8221; text_1=&#8221;e-XP 700 &amp; 900 Modul f\u0151z\u0151sor&#8221; slide_order_2=&#8221;3&#8243; title_2=&#8221;Tavaszi takar\u00edt\u00e1s a lehet\u0151 legalacsonyabb v\u00edz-, energia- \u00e9s mos\u00f3szer-felhaszn\u00e1l\u00e1ssal&#8221; text_2=&#8221;Line 6000 mos\u00f3g\u00e9p \u00e9s sz\u00e1r\u00edt\u00f3g\u00e9p.&#8221; slide_order_3=&#8221;4&#8243; title_3=&#8221;Makul\u00e1tlan eredm\u00e9nyek \u00e9s megtakar\u00edt\u00e1sok egyetlen \u00e9rint\u00e9ssel&#8221; text_3=&#8221;NeoBlue Touch pult alatti mosogat\u00f3g\u00e9ppel&#8221; slide_order_4=&#8221;2&#8243; title_4=&#8221;Engedje szabadj\u00e1ra kreativit\u00e1s\u00e1t&#8221; text_4=&#8221;thermaline Modular 80,85 &amp;90&#8243; background_image_media_library_3=&#8221;8288&#8243; link_3=&#8221;url:https%3A%2F%2Fwww.electroluxprofessional.com%2Fhu%2Fneoblue-touch-pult-alatti-mosogatogep%2F|title:OLVASSON%20TOV%C3%81BB&#8221; [&hellip;]<\/p>\n","protected":false},"author":1,"featured_media":0,"parent":0,"menu_order":0,"comment_status":"closed","ping_status":"closed","template":"","meta":{"footnotes":""},"class_list":["post-4741","page","type-page","status-publish","hentry"],"yoast_head":"<!-- This site is optimized with the Yoast SEO plugin v23.3 - https:\/\/yoast.com\/wordpress\/plugins\/seo\/ -->\n<title>Homepage - Electrolux Professional Magyarorsz\u00e1g<\/title>\n<meta name=\"robots\" content=\"index, follow, max-snippet:-1, max-image-preview:large, max-video-preview:-1\" \/>\n<link rel=\"canonical\" href=\"https:\/\/www.electroluxprofessional.com\/hu\/\" \/>\n<meta property=\"og:locale\" content=\"hu_HU\" \/>\n<meta property=\"og:type\" content=\"article\" \/>\n<meta property=\"og:title\" content=\"Homepage - Electrolux Professional Magyarorsz\u00e1g\" \/>\n<meta property=\"og:description\" content=\"[vc_row full_width=&#8221;electroluxpro-full-width-no-padding&#8221; css=&#8221;.vc_custom_1581601446712{margin-bottom: 0px !important;}&#8221;][vc_column css=&#8221;.vc_custom_1575015067714{margin-bottom: 0px !important;}&#8221;][elx_master_slider slide_order_1=&#8221;1&#8243; title_1=&#8221;T\u00f6k\u00e9letess\u00e9g a mindennapokban&#8221; text_1=&#8221;e-XP 700 &amp; 900 Modul f\u0151z\u0151sor&#8221; slide_order_2=&#8221;3&#8243; title_2=&#8221;Tavaszi takar\u00edt\u00e1s a lehet\u0151 legalacsonyabb v\u00edz-, energia- \u00e9s mos\u00f3szer-felhaszn\u00e1l\u00e1ssal&#8221; text_2=&#8221;Line 6000 mos\u00f3g\u00e9p \u00e9s sz\u00e1r\u00edt\u00f3g\u00e9p.&#8221; slide_order_3=&#8221;4&#8243; title_3=&#8221;Makul\u00e1tlan eredm\u00e9nyek \u00e9s megtakar\u00edt\u00e1sok egyetlen \u00e9rint\u00e9ssel&#8221; text_3=&#8221;NeoBlue Touch pult alatti mosogat\u00f3g\u00e9ppel&#8221; slide_order_4=&#8221;2&#8243; title_4=&#8221;Engedje szabadj\u00e1ra kreativit\u00e1s\u00e1t&#8221; text_4=&#8221;thermaline Modular 80,85 &amp;90&#8243; background_image_media_library_3=&#8221;8288&#8243; link_3=&#8221;url:https%3A%2F%2Fwww.electroluxprofessional.com%2Fhu%2Fneoblue-touch-pult-alatti-mosogatogep%2F|title:OLVASSON%20TOV%C3%81BB&#8221; [&hellip;]\" \/>\n<meta property=\"og:url\" content=\"https:\/\/www.electroluxprofessional.com\/hu\/\" \/>\n<meta property=\"og:site_name\" content=\"Electrolux Professional Magyarorsz\u00e1g\" \/>\n<meta property=\"article:modified_time\" content=\"2026-01-29T10:10:59+00:00\" \/>\n<meta name=\"twitter:card\" content=\"summary_large_image\" \/>\n<meta name=\"twitter:label1\" content=\"Becs\u00fclt olvas\u00e1si id\u0151\" \/>\n\t<meta name=\"twitter:data1\" content=\"7 perc\" \/>\n<script type=\"application\/ld+json\" class=\"yoast-schema-graph\">{\"@context\":\"https:\/\/schema.org\",\"@graph\":[{\"@type\":\"WebPage\",\"@id\":\"https:\/\/www.electroluxprofessional.com\/hu\/\",\"url\":\"https:\/\/www.electroluxprofessional.com\/hu\/\",\"name\":\"Homepage - Electrolux Professional Magyarorsz\u00e1g\",\"isPartOf\":{\"@id\":\"https:\/\/www.electroluxprofessional.com\/hu\/#website\"},\"datePublished\":\"2020-03-03T16:58:48+00:00\",\"dateModified\":\"2026-01-29T10:10:59+00:00\",\"breadcrumb\":{\"@id\":\"https:\/\/www.electroluxprofessional.com\/hu\/#breadcrumb\"},\"inLanguage\":\"hu\",\"potentialAction\":[{\"@type\":\"ReadAction\",\"target\":[\"https:\/\/www.electroluxprofessional.com\/hu\/\"]}]},{\"@type\":\"BreadcrumbList\",\"@id\":\"https:\/\/www.electroluxprofessional.com\/hu\/#breadcrumb\",\"itemListElement\":[{\"@type\":\"ListItem\",\"position\":1,\"name\":\"Home\",\"item\":\"https:\/\/www.electroluxprofessional.com\/hu\/\"},{\"@type\":\"ListItem\",\"position\":2,\"name\":\"Homepage\"}]},{\"@type\":\"WebSite\",\"@id\":\"https:\/\/www.electroluxprofessional.com\/hu\/#website\",\"url\":\"https:\/\/www.electroluxprofessional.com\/hu\/\",\"name\":\"Electrolux Professional Magyarorsz\u00e1g\",\"description\":\"\",\"potentialAction\":[{\"@type\":\"SearchAction\",\"target\":{\"@type\":\"EntryPoint\",\"urlTemplate\":\"https:\/\/www.electroluxprofessional.com\/hu\/?src={search_term_string}\"},\"query-input\":\"required name=search_term_string\"}],\"inLanguage\":\"hu\"}]}<\/script>\n<!-- \/ Yoast SEO plugin. -->","yoast_head_json":{"title":"Homepage - Electrolux Professional Magyarorsz\u00e1g","robots":{"index":"index","follow":"follow","max-snippet":"max-snippet:-1","max-image-preview":"max-image-preview:large","max-video-preview":"max-video-preview:-1"},"canonical":"https:\/\/www.electroluxprofessional.com\/hu\/","og_locale":"hu_HU","og_type":"article","og_title":"Homepage - Electrolux Professional Magyarorsz\u00e1g","og_description":"[vc_row full_width=&#8221;electroluxpro-full-width-no-padding&#8221; css=&#8221;.vc_custom_1581601446712{margin-bottom: 0px !important;}&#8221;][vc_column css=&#8221;.vc_custom_1575015067714{margin-bottom: 0px !important;}&#8221;][elx_master_slider slide_order_1=&#8221;1&#8243; title_1=&#8221;T\u00f6k\u00e9letess\u00e9g a mindennapokban&#8221; text_1=&#8221;e-XP 700 &amp; 900 Modul f\u0151z\u0151sor&#8221; slide_order_2=&#8221;3&#8243; title_2=&#8221;Tavaszi takar\u00edt\u00e1s a lehet\u0151 legalacsonyabb v\u00edz-, energia- \u00e9s mos\u00f3szer-felhaszn\u00e1l\u00e1ssal&#8221; text_2=&#8221;Line 6000 mos\u00f3g\u00e9p \u00e9s sz\u00e1r\u00edt\u00f3g\u00e9p.&#8221; slide_order_3=&#8221;4&#8243; title_3=&#8221;Makul\u00e1tlan eredm\u00e9nyek \u00e9s megtakar\u00edt\u00e1sok egyetlen \u00e9rint\u00e9ssel&#8221; text_3=&#8221;NeoBlue Touch pult alatti mosogat\u00f3g\u00e9ppel&#8221; slide_order_4=&#8221;2&#8243; title_4=&#8221;Engedje szabadj\u00e1ra kreativit\u00e1s\u00e1t&#8221; text_4=&#8221;thermaline Modular 80,85 &amp;90&#8243; background_image_media_library_3=&#8221;8288&#8243; link_3=&#8221;url:https%3A%2F%2Fwww.electroluxprofessional.com%2Fhu%2Fneoblue-touch-pult-alatti-mosogatogep%2F|title:OLVASSON%20TOV%C3%81BB&#8221; [&hellip;]","og_url":"https:\/\/www.electroluxprofessional.com\/hu\/","og_site_name":"Electrolux Professional Magyarorsz\u00e1g","article_modified_time":"2026-01-29T10:10:59+00:00","twitter_card":"summary_large_image","twitter_misc":{"Becs\u00fclt olvas\u00e1si id\u0151":"7 perc"},"schema":{"@context":"https:\/\/schema.org","@graph":[{"@type":"WebPage","@id":"https:\/\/www.electroluxprofessional.com\/hu\/","url":"https:\/\/www.electroluxprofessional.com\/hu\/","name":"Homepage - Electrolux Professional Magyarorsz\u00e1g","isPartOf":{"@id":"https:\/\/www.electroluxprofessional.com\/hu\/#website"},"datePublished":"2020-03-03T16:58:48+00:00","dateModified":"2026-01-29T10:10:59+00:00","breadcrumb":{"@id":"https:\/\/www.electroluxprofessional.com\/hu\/#breadcrumb"},"inLanguage":"hu","potentialAction":[{"@type":"ReadAction","target":["https:\/\/www.electroluxprofessional.com\/hu\/"]}]},{"@type":"BreadcrumbList","@id":"https:\/\/www.electroluxprofessional.com\/hu\/#breadcrumb","itemListElement":[{"@type":"ListItem","position":1,"name":"Home","item":"https:\/\/www.electroluxprofessional.com\/hu\/"},{"@type":"ListItem","position":2,"name":"Homepage"}]},{"@type":"WebSite","@id":"https:\/\/www.electroluxprofessional.com\/hu\/#website","url":"https:\/\/www.electroluxprofessional.com\/hu\/","name":"Electrolux Professional Magyarorsz\u00e1g","description":"","potentialAction":[{"@type":"SearchAction","target":{"@type":"EntryPoint","urlTemplate":"https:\/\/www.electroluxprofessional.com\/hu\/?src={search_term_string}"},"query-input":"required name=search_term_string"}],"inLanguage":"hu"}]}},"_links":{"self":[{"href":"https:\/\/www.electroluxprofessional.com\/hu\/wp-json\/wp\/v2\/pages\/4741"}],"collection":[{"href":"https:\/\/www.electroluxprofessional.com\/hu\/wp-json\/wp\/v2\/pages"}],"about":[{"href":"https:\/\/www.electroluxprofessional.com\/hu\/wp-json\/wp\/v2\/types\/page"}],"author":[{"embeddable":true,"href":"https:\/\/www.electroluxprofessional.com\/hu\/wp-json\/wp\/v2\/users\/1"}],"replies":[{"embeddable":true,"href":"https:\/\/www.electroluxprofessional.com\/hu\/wp-json\/wp\/v2\/comments?post=4741"}],"version-history":[{"count":55,"href":"https:\/\/www.electroluxprofessional.com\/hu\/wp-json\/wp\/v2\/pages\/4741\/revisions"}],"predecessor-version":[{"id":9927,"href":"https:\/\/www.electroluxprofessional.com\/hu\/wp-json\/wp\/v2\/pages\/4741\/revisions\/9927"}],"wp:attachment":[{"href":"https:\/\/www.electroluxprofessional.com\/hu\/wp-json\/wp\/v2\/media?parent=4741"}],"curies":[{"name":"wp","href":"https:\/\/api.w.org\/{rel}","templated":true}]}}