{"id":3715,"date":"2016-11-09T14:44:32","date_gmt":"2016-11-09T14:44:32","guid":{"rendered":"https:\/\/www.electroluxprofessional.com\/?page_id=4675"},"modified":"2021-04-19T11:16:39","modified_gmt":"2021-04-19T11:16:39","slug":"ironers","status":"publish","type":"page","link":"https:\/\/www.electroluxprofessional.com\/hu\/ironers\/","title":{"rendered":"Kalanderek"},"content":{"rendered":"<p>[vc_row full_width=&#8221;electroluxpro-full-width-no-padding&#8221;][vc_column][elx_hero_slider label_text_color=&#8221;inherit&#8221; images=&#8221;884&#8243;][elx_heading font_container=&#8221;h1&#8243; font_size=&#8221;h2&#8243; text_color=&#8221;inherit&#8221;]Kalanderek[\/elx_heading][vc_column_text]<strong>A min\u0151s\u00e9g \u00e9s a korszer\u0171 technol\u00f3gia jelenti a k\u00fcl\u00f6nbs\u00e9get<\/strong>[\/vc_column_text][\/elx_hero_slider][\/vc_column][\/vc_row][vc_row][vc_column][vc_empty_space][vc_column_text]<\/p>\n<h3>Az Electrolux Professional kalanderek el\u0151nyei:<\/h3>\n<p>N\u00f6velik a termel\u00e9kenys\u00e9get, optim\u00e1lis higi\u00e9ni\u00e1t biztos\u00edtanak, k\u00f6sz\u00f6nhet\u0151en a\u00a0\u00a0<strong>DIAMMS <\/strong>szabadalmaztatott intelligens vez\u00e9rl\u00e9snek, amely ir\u00e1ny\u00edtja \u00e9s optimaliz\u00e1lja a vasal\u00e1si folyamatot<\/p>\n<h3>Kalander, intelligens nedvess\u00e9g vez\u00e9rl\u00e9si rendszerrel.<\/h3>\n<p>[\/vc_column_text][\/vc_column][\/vc_row][vc_row][vc_column width=&#8221;1\/2&#8243;][vc_column_text css=&#8221;.vc_custom_1497347964856{margin-bottom: 10px !important;border-bottom-width: 10px !important;padding-bottom: 10px !important;}&#8221;]<\/p>\n<ul>\n<li>A leghat\u00e9konyabb m\u0171k\u00f6d\u00e9st biztos\u00edtja az automatikus bead\u00f3 \u00e9s hajtogat\u00f3 opci\u00f3kkal, amelyek rendelhet\u0151 opci\u00f3k az IC448 t\u00edpusokon \u00e9s alapkivitel a legfelszereltebb bead\u00f3, hajtogat\u00f3 \u00e9s rakatol\u00f3 (FFS) v\u00e1ltozaton.<\/li>\n<li>Cs\u00f6kkentse energiak\u00f6lts\u00e9geit korszer\u0171 f\u0171t\u00e9si megold\u00e1sokkal, amilyen az Electrolux szabadalmaztatott\u00a0<strong>Ker\u00e1miabet\u00e9tes g\u00e1z\u00e9g\u0151je <\/strong><strong>(CB<\/strong><strong>)<\/strong>.<\/li>\n<li>Kevesebb le\u00e1ll\u00e1s, nyugodtabb \u00fcgyf\u00e9l a standard Nomex\u2122 vasal\u00f3szalagokkal \u00e9s az Electrolux ipari kalandereivel.<\/li>\n<li>\u00c9lvezze a kalanderek felhaszn\u00e1l\u00f3bar\u00e1t kivitel\u00e9t, amit a v\u00e1kuumos bead\u00f3 asztal \u00e9s a\u00a0<strong>Dubixium\u00ae<\/strong>\u00a0t\u00f6bbr\u00e9teg\u0171 vasal\u00f3henger ny\u00fajt, megk\u00f6nny\u00edtve a kezel\u0151 munk\u00e1j\u00e1t \u00e9s kiv\u00e1l\u00f3 vasal\u00e1si min\u0151s\u00e9get biztos\u00edtva.<\/li>\n<li>Intelligens\u00a0<strong>Certus Management\u00ae inform\u00e1ci\u00f3s rendszer (CMIS).<\/strong>\u00a0N\u00f6velje termel\u00e9kenys\u00e9g\u00e9t \u00e9s megtakar\u00edt\u00e1sait a nagyszer\u0171 ergon\u00f3miai kialak\u00edt\u00e1s\u00fa Electrolux kalanderekkel, a k\u00fcl\u00f6nleges kivitel\u0171\u00a0<strong>CMIS<\/strong>\u00a0vez\u00e9rl\u00e9ssel vagy a C-Flex IL bead\u00f3 \u00e9s hajtogat\u00f3 egys\u00e9ggel.<\/li>\n<\/ul>\n<p>[\/vc_column_text][elx_button button_text=&#8221;Tartoz\u00e9kok \u00e9s fogy\u00f3eszk\u00f6z\u00f6k&#8221; button_style=&#8221;icon&#8221; css=&#8221;.vc_custom_1497347984440{margin-left: 11px !important;border-left-width: 11px !important;padding-left: 11px !important;}&#8221; button_link=&#8221;url:https%3A%2F%2Fprofessional.electrolux.hu%2Faccessories-consumables%2Flaundry%2F|title:Accessories%20and%20consumables%20for%20laundry%20solutions||&#8221;][\/vc_column][vc_column width=&#8221;1\/2&#8243;][elx_image_block background_image=&#8221;1750&#8243; minimum_height=&#8221;500px&#8221;][\/vc_column][\/vc_row][vc_row][vc_column][vc_empty_space height=&#8221;50px&#8221;][\/vc_column][\/vc_row][vc_row][vc_column][elx_heading font_size=&#8221;h2&#8243; text_color=&#8221;inherit&#8221; text_align=&#8221;text-center&#8221;]Fedezze fel az Electrolux kalanderek el\u0151nyeit [\/elx_heading][elx_o2000_contact_us r=&#8221;Szeretn\u00e9k t\u00f6bb inform\u00e1ci\u00f3t kapni err\u0151l a term\u00e9kr\u0151l Kalanderek. K\u00e9rem, vegy\u00e9k fel velem a kapcsolatot.&#8221; s=&#8221;Inform\u00e1ci\u00f3 k\u00e9r\u00e9s err\u0151l a term\u00e9kr\u0151l Kalanderek&#8221; country=&#8221;Hungary&#8221; l=&#8221;hu&#8221; b=&#8221;laundry&#8221; container=&#8221;elxcontactus1478702585&#8243;][vc_empty_space height=&#8221;50px&#8221;][\/vc_column][\/vc_row][vc_row][vc_column width=&#8221;1\/3&#8243;][elx_maylike_box id_box=&#8221;3673&#8243; matched_labels=&#8221;&#8221;][\/vc_column][vc_column width=&#8221;1\/3&#8243;][elx_maylike_box id_box=&#8221;3680&#8243; matched_labels=&#8221;&#8221;][\/vc_column][vc_column width=&#8221;1\/3&#8243;][elx_maylike_box id_box=&#8221;3674&#8243; matched_labels=&#8221;&#8221;][\/vc_column][\/vc_row]<\/p>\n","protected":false},"excerpt":{"rendered":"<p>[vc_row full_width=&#8221;electroluxpro-full-width-no-padding&#8221;][vc_column][elx_hero_slider label_text_color=&#8221;inherit&#8221; images=&#8221;884&#8243;][elx_heading font_container=&#8221;h1&#8243; font_size=&#8221;h2&#8243; text_color=&#8221;inherit&#8221;]Kalanderek[\/elx_heading][vc_column_text]A min\u0151s\u00e9g \u00e9s a korszer\u0171 technol\u00f3gia jelenti a k\u00fcl\u00f6nbs\u00e9get[\/vc_column_text][\/elx_hero_slider][\/vc_column][\/vc_row][vc_row][vc_column][vc_empty_space][vc_column_text] Az Electrolux Professional kalanderek el\u0151nyei: N\u00f6velik a termel\u00e9kenys\u00e9get, optim\u00e1lis higi\u00e9ni\u00e1t biztos\u00edtanak, k\u00f6sz\u00f6nhet\u0151en a\u00a0\u00a0DIAMMS szabadalmaztatott intelligens vez\u00e9rl\u00e9snek, amely ir\u00e1ny\u00edtja \u00e9s optimaliz\u00e1lja a vasal\u00e1si folyamatot Kalander, intelligens nedvess\u00e9g vez\u00e9rl\u00e9si rendszerrel. [\/vc_column_text][\/vc_column][\/vc_row][vc_row][vc_column width=&#8221;1\/2&#8243;][vc_column_text css=&#8221;.vc_custom_1497347964856{margin-bottom: 10px !important;border-bottom-width: 10px !important;padding-bottom: 10px !important;}&#8221;] A leghat\u00e9konyabb m\u0171k\u00f6d\u00e9st [&hellip;]<\/p>\n","protected":false},"author":3,"featured_media":924,"parent":0,"menu_order":0,"comment_status":"closed","ping_status":"closed","template":"","meta":{"footnotes":""},"class_list":["post-3715","page","type-page","status-publish","has-post-thumbnail","hentry"],"yoast_head":"<!-- This site is optimized with the Yoast SEO plugin v23.3 - https:\/\/yoast.com\/wordpress\/plugins\/seo\/ -->\n<title>Kalanderek - Electrolux Professional Magyarorsz\u00e1g<\/title>\n<meta name=\"description\" content=\"Increase productivity with optimum hygiene: excellence and outstanding technology make all the difference. Discover our range of Ironers.\" \/>\n<meta name=\"robots\" content=\"index, follow, max-snippet:-1, max-image-preview:large, max-video-preview:-1\" \/>\n<link rel=\"canonical\" href=\"https:\/\/www.electroluxprofessional.com\/hu\/ironers\/\" \/>\n<meta property=\"og:locale\" content=\"hu_HU\" \/>\n<meta property=\"og:type\" content=\"article\" \/>\n<meta property=\"og:title\" content=\"Kalanderek - Electrolux Professional Magyarorsz\u00e1g\" \/>\n<meta property=\"og:description\" content=\"Increase productivity with optimum hygiene: excellence and outstanding technology make all the difference. Discover our range of Ironers.\" \/>\n<meta property=\"og:url\" content=\"https:\/\/www.electroluxprofessional.com\/hu\/ironers\/\" \/>\n<meta property=\"og:site_name\" content=\"Electrolux Professional Magyarorsz\u00e1g\" \/>\n<meta property=\"article:modified_time\" content=\"2021-04-19T11:16:39+00:00\" \/>\n<meta property=\"og:image\" content=\"https:\/\/www.electroluxprofessional.com\/hu\/wp-content\/uploads\/2016\/11\/ironers-quadro.jpg\" \/>\n\t<meta property=\"og:image:width\" content=\"700\" \/>\n\t<meta property=\"og:image:height\" content=\"700\" \/>\n\t<meta property=\"og:image:type\" content=\"image\/jpeg\" \/>\n<meta name=\"twitter:card\" content=\"summary_large_image\" \/>\n<meta name=\"twitter:label1\" content=\"Becs\u00fclt olvas\u00e1si id\u0151\" \/>\n\t<meta name=\"twitter:data1\" content=\"3 perc\" \/>\n<script type=\"application\/ld+json\" class=\"yoast-schema-graph\">{\"@context\":\"https:\/\/schema.org\",\"@graph\":[{\"@type\":\"WebPage\",\"@id\":\"https:\/\/www.electroluxprofessional.com\/hu\/ironers\/\",\"url\":\"https:\/\/www.electroluxprofessional.com\/hu\/ironers\/\",\"name\":\"Kalanderek - Electrolux Professional Magyarorsz\u00e1g\",\"isPartOf\":{\"@id\":\"https:\/\/www.electroluxprofessional.com\/hu\/#website\"},\"primaryImageOfPage\":{\"@id\":\"https:\/\/www.electroluxprofessional.com\/hu\/ironers\/#primaryimage\"},\"image\":{\"@id\":\"https:\/\/www.electroluxprofessional.com\/hu\/ironers\/#primaryimage\"},\"thumbnailUrl\":\"https:\/\/www.electroluxprofessional.com\/hu\/wp-content\/uploads\/2016\/11\/ironers-quadro.jpg\",\"datePublished\":\"2016-11-09T14:44:32+00:00\",\"dateModified\":\"2021-04-19T11:16:39+00:00\",\"description\":\"Increase productivity with optimum hygiene: excellence and outstanding technology make all the difference. Discover our range of Ironers.\",\"breadcrumb\":{\"@id\":\"https:\/\/www.electroluxprofessional.com\/hu\/ironers\/#breadcrumb\"},\"inLanguage\":\"hu\",\"potentialAction\":[{\"@type\":\"ReadAction\",\"target\":[\"https:\/\/www.electroluxprofessional.com\/hu\/ironers\/\"]}]},{\"@type\":\"ImageObject\",\"inLanguage\":\"hu\",\"@id\":\"https:\/\/www.electroluxprofessional.com\/hu\/ironers\/#primaryimage\",\"url\":\"https:\/\/www.electroluxprofessional.com\/hu\/wp-content\/uploads\/2016\/11\/ironers-quadro.jpg\",\"contentUrl\":\"https:\/\/www.electroluxprofessional.com\/hu\/wp-content\/uploads\/2016\/11\/ironers-quadro.jpg\",\"width\":700,\"height\":700,\"caption\":\"Ironers\"},{\"@type\":\"BreadcrumbList\",\"@id\":\"https:\/\/www.electroluxprofessional.com\/hu\/ironers\/#breadcrumb\",\"itemListElement\":[{\"@type\":\"ListItem\",\"position\":1,\"name\":\"Home\",\"item\":\"https:\/\/www.electroluxprofessional.com\/hu\/\"},{\"@type\":\"ListItem\",\"position\":2,\"name\":\"Kalanderek\"}]},{\"@type\":\"WebSite\",\"@id\":\"https:\/\/www.electroluxprofessional.com\/hu\/#website\",\"url\":\"https:\/\/www.electroluxprofessional.com\/hu\/\",\"name\":\"Electrolux Professional Magyarorsz\u00e1g\",\"description\":\"\",\"potentialAction\":[{\"@type\":\"SearchAction\",\"target\":{\"@type\":\"EntryPoint\",\"urlTemplate\":\"https:\/\/www.electroluxprofessional.com\/hu\/?src={search_term_string}\"},\"query-input\":\"required name=search_term_string\"}],\"inLanguage\":\"hu\"}]}<\/script>\n<!-- \/ Yoast SEO plugin. -->","yoast_head_json":{"title":"Kalanderek - Electrolux Professional Magyarorsz\u00e1g","description":"Increase productivity with optimum hygiene: excellence and outstanding technology make all the difference. Discover our range of Ironers.","robots":{"index":"index","follow":"follow","max-snippet":"max-snippet:-1","max-image-preview":"max-image-preview:large","max-video-preview":"max-video-preview:-1"},"canonical":"https:\/\/www.electroluxprofessional.com\/hu\/ironers\/","og_locale":"hu_HU","og_type":"article","og_title":"Kalanderek - Electrolux Professional Magyarorsz\u00e1g","og_description":"Increase productivity with optimum hygiene: excellence and outstanding technology make all the difference. Discover our range of Ironers.","og_url":"https:\/\/www.electroluxprofessional.com\/hu\/ironers\/","og_site_name":"Electrolux Professional Magyarorsz\u00e1g","article_modified_time":"2021-04-19T11:16:39+00:00","og_image":[{"width":700,"height":700,"url":"https:\/\/www.electroluxprofessional.com\/hu\/wp-content\/uploads\/2016\/11\/ironers-quadro.jpg","type":"image\/jpeg"}],"twitter_card":"summary_large_image","twitter_misc":{"Becs\u00fclt olvas\u00e1si id\u0151":"3 perc"},"schema":{"@context":"https:\/\/schema.org","@graph":[{"@type":"WebPage","@id":"https:\/\/www.electroluxprofessional.com\/hu\/ironers\/","url":"https:\/\/www.electroluxprofessional.com\/hu\/ironers\/","name":"Kalanderek - Electrolux Professional Magyarorsz\u00e1g","isPartOf":{"@id":"https:\/\/www.electroluxprofessional.com\/hu\/#website"},"primaryImageOfPage":{"@id":"https:\/\/www.electroluxprofessional.com\/hu\/ironers\/#primaryimage"},"image":{"@id":"https:\/\/www.electroluxprofessional.com\/hu\/ironers\/#primaryimage"},"thumbnailUrl":"https:\/\/www.electroluxprofessional.com\/hu\/wp-content\/uploads\/2016\/11\/ironers-quadro.jpg","datePublished":"2016-11-09T14:44:32+00:00","dateModified":"2021-04-19T11:16:39+00:00","description":"Increase productivity with optimum hygiene: excellence and outstanding technology make all the difference. Discover our range of Ironers.","breadcrumb":{"@id":"https:\/\/www.electroluxprofessional.com\/hu\/ironers\/#breadcrumb"},"inLanguage":"hu","potentialAction":[{"@type":"ReadAction","target":["https:\/\/www.electroluxprofessional.com\/hu\/ironers\/"]}]},{"@type":"ImageObject","inLanguage":"hu","@id":"https:\/\/www.electroluxprofessional.com\/hu\/ironers\/#primaryimage","url":"https:\/\/www.electroluxprofessional.com\/hu\/wp-content\/uploads\/2016\/11\/ironers-quadro.jpg","contentUrl":"https:\/\/www.electroluxprofessional.com\/hu\/wp-content\/uploads\/2016\/11\/ironers-quadro.jpg","width":700,"height":700,"caption":"Ironers"},{"@type":"BreadcrumbList","@id":"https:\/\/www.electroluxprofessional.com\/hu\/ironers\/#breadcrumb","itemListElement":[{"@type":"ListItem","position":1,"name":"Home","item":"https:\/\/www.electroluxprofessional.com\/hu\/"},{"@type":"ListItem","position":2,"name":"Kalanderek"}]},{"@type":"WebSite","@id":"https:\/\/www.electroluxprofessional.com\/hu\/#website","url":"https:\/\/www.electroluxprofessional.com\/hu\/","name":"Electrolux Professional Magyarorsz\u00e1g","description":"","potentialAction":[{"@type":"SearchAction","target":{"@type":"EntryPoint","urlTemplate":"https:\/\/www.electroluxprofessional.com\/hu\/?src={search_term_string}"},"query-input":"required name=search_term_string"}],"inLanguage":"hu"}]}},"_links":{"self":[{"href":"https:\/\/www.electroluxprofessional.com\/hu\/wp-json\/wp\/v2\/pages\/3715"}],"collection":[{"href":"https:\/\/www.electroluxprofessional.com\/hu\/wp-json\/wp\/v2\/pages"}],"about":[{"href":"https:\/\/www.electroluxprofessional.com\/hu\/wp-json\/wp\/v2\/types\/page"}],"author":[{"embeddable":true,"href":"https:\/\/www.electroluxprofessional.com\/hu\/wp-json\/wp\/v2\/users\/3"}],"replies":[{"embeddable":true,"href":"https:\/\/www.electroluxprofessional.com\/hu\/wp-json\/wp\/v2\/comments?post=3715"}],"version-history":[{"count":7,"href":"https:\/\/www.electroluxprofessional.com\/hu\/wp-json\/wp\/v2\/pages\/3715\/revisions"}],"predecessor-version":[{"id":5724,"href":"https:\/\/www.electroluxprofessional.com\/hu\/wp-json\/wp\/v2\/pages\/3715\/revisions\/5724"}],"wp:featuredmedia":[{"embeddable":true,"href":"https:\/\/www.electroluxprofessional.com\/hu\/wp-json\/wp\/v2\/media\/924"}],"wp:attachment":[{"href":"https:\/\/www.electroluxprofessional.com\/hu\/wp-json\/wp\/v2\/media?parent=3715"}],"curies":[{"name":"wp","href":"https:\/\/api.w.org\/{rel}","templated":true}]}}