{"id":2340,"date":"2017-05-15T08:53:29","date_gmt":"2017-05-15T08:53:29","guid":{"rendered":"https:\/\/www.electroluxprofessional.com\/hu\/?page_id=2340"},"modified":"2022-09-26T07:27:51","modified_gmt":"2022-09-26T07:27:51","slug":"hutott-munkaasztalok","status":"publish","type":"page","link":"https:\/\/www.electroluxprofessional.com\/hu\/hutott-munkaasztalok\/","title":{"rendered":"H\u0171t\u00f6tt munkaasztalok"},"content":{"rendered":"<p>[vc_row full_width=&#8221;electroluxpro-full-width-no-padding&#8221;][vc_column][elx_image_block background_image=&#8221;687&#8243; minimum_height=&#8221;400px&#8221;][\/vc_column][\/vc_row][vc_row][vc_column][vc_empty_space][elx_heading font_container=&#8221;h1&#8243; font_size=&#8221;h2&#8243; text_color=&#8221;inherit&#8221; text_align=&#8221;text-center&#8221;]Az extrA hat\u00e9kony ecostore<sup>HP<\/sup> h\u0171t\u00f6tt pultok[\/elx_heading][vc_empty_space height=&#8221;50px&#8221;][\/vc_column][\/vc_row][vc_row][vc_column width=&#8221;1\/2&#8243;][vc_single_image image=&#8221;1859&#8243; img_size=&#8221;full&#8221; onclick=&#8221;custom_link&#8221; link=&#8221;https:\/\/www.electroluxprofessional.com\/hu\/wp-content\/uploads\/2016\/11\/small-banner-savings-on-refrigeration-640-ok-play.jpg&#8221;][\/vc_column][vc_column width=&#8221;1\/2&#8243;][vc_empty_space][elx_simple_block background_color=&#8221;inherit&#8221;][elx_heading font_size=&#8221;h3&#8243; text_color=&#8221;inherit&#8221; text_align=&#8221;text-center&#8221;]<a href=\"https:\/\/www.electroluxprofessional.com\/hu\/hamozas-tisztitas-es-szaritas\/\">Sz\u00e1m\u00edtsa ki a lehets\u00e9ges megtakar\u00edt\u00e1sait<\/a>[\/elx_heading][\/elx_simple_block][\/vc_column][\/vc_row][vc_row][vc_column][vc_empty_space][\/vc_column][\/vc_row][vc_row][vc_column width=&#8221;1\/2&#8243;][elx_simple_block background_color=&#8221;inherit&#8221;][elx_heading text_color=&#8221;inherit&#8221; text_align=&#8221;text-center&#8221;]ecostore<sup>HP<\/sup> Premium<br \/>\nextrA min\u0151s\u00e9g[\/elx_heading][vc_column_text]Az<strong> ecostore<sup>HP<\/sup><\/strong> h\u0171t\u00f6tt munkaasztalai igazi \u00fatt\u00f6r\u0151k az A oszt\u00e1ly\u00fa energiabesorol\u00e1s \u00e9s 5-\u00f6s kl\u00edmaoszt\u00e1ly ter\u00fclet\u00e9n. A HP r\u00f6vid\u00edt\u00e9s (High Performance) <strong>nagy teljes\u00edtm\u00e9nyt<\/strong> jelent, mert az ecostore a <strong>legenergiahat\u00e9konyabb<\/strong> <strong>h\u0171t\u00f6tt munkaasztal<\/strong> a piacon, amely biztos\u00edtja az<strong> \u00e9telek biztons\u00e1g\u00e1t <\/strong>\u00e9s<strong> extra kapacit\u00e1st<\/strong> ny\u00fajt.[\/vc_column_text][\/elx_simple_block][\/vc_column][vc_column width=&#8221;1\/2&#8243;][vc_single_image image=&#8221;1863&#8243; img_size=&#8221;full&#8221;][\/vc_column][\/vc_row][vc_row][vc_column][\/vc_column][\/vc_row][vc_row][vc_column width=&#8221;1\/4&#8243;][vc_single_image image=&#8221;683&#8243; alignment=&#8221;center&#8221;][elx_heading font_size=&#8221;h4&#8243; text_color=&#8221;inherit&#8221; text_align=&#8221;text-center&#8221;]extrA megtakar\u00edt\u00e1s<br \/>\naz A oszt\u00e1llyal[\/elx_heading][vc_column_text]Az A oszt\u00e1ly\u00fa energia hat\u00e9konys\u00e1g val\u00f3s k\u00fcl\u00f6nbs\u00e9get gener\u00e1l a villanysz\u00e1ml\u00e1j\u00e1n. Energia megtakar\u00edt\u00e1s* ak\u00e1r 480 euro\/\u00e9v \u00e9rt\u00e9kben, amely gyors megt\u00e9r\u00fcl\u00e9st jelent befektet\u00e9s\u00e9ben. K\u00e9rje az Electrolux k\u00e9pvisel\u0151j\u00e9t a lehet\u00e9sges megtakar\u00edt\u00e1s kisz\u00e1mol\u00e1s\u00e1nak seg\u00edts\u00e9g\u00e9ben.[\/vc_column_text][\/vc_column][vc_column width=&#8221;1\/4&#8243;][vc_single_image image=&#8221;1646&#8243; alignment=&#8221;center&#8221;][elx_heading font_size=&#8221;h4&#8243; text_color=&#8221;inherit&#8221; text_align=&#8221;text-center&#8221;]extrA \u00e9telbiztons\u00e1g[\/elx_heading][vc_column_text]Az \u00e9tel hosszabb ideig friss marad az Optiflow l\u00e9gkeringet\u00e9snek k\u00f6sz\u00f6nhet\u0151en, tov\u00e1bb\u00e1 az 5-\u00f6s kl\u00edmaoszt\u00e1ly kiv\u00e1l\u00f3 teljes\u00edtm\u00e9nyt biztos\u00edt m\u00e9g a legforr\u00f3bb, legterheltebb konyh\u00e1kban is.[\/vc_column_text][\/vc_column][vc_column width=&#8221;1\/4&#8243;][vc_single_image image=&#8221;682&#8243; alignment=&#8221;center&#8221;][elx_heading font_size=&#8221;h4&#8243; text_color=&#8221;inherit&#8221; text_align=&#8221;text-center&#8221;]extrA<br \/>\nkapacit\u00e1s[\/elx_heading][vc_column_text]T\u00e1roljon t\u00f6bb \u00e9telt. 50 extra nett\u00f3 liter** , amely 20%-kal t\u00f6bb t\u00e1rol\u00e1si helyet jelent, mint a m\u00e1s, ezzel egyenrang\u00fa pultokn\u00e1l.[\/vc_column_text][\/vc_column][vc_column width=&#8221;1\/4&#8243;][vc_single_image image=&#8221;1864&#8243;][elx_heading font_size=&#8221;h4&#8243; text_color=&#8221;inherit&#8221; text_align=&#8221;text-center&#8221;]extrA<br \/>\nszem\u00e9lyre szabhat\u00f3s\u00e1g[\/elx_heading][vc_column_text]Az Electrolux sz\u00e1mtalan egyedi opci\u00f3val k\u00edn\u00e1lja az \u00d6nnek legmegfelel\u0151bb munkaasztalt. K\u00e9rje az Electrolux k\u00e9pvisel\u0151j\u00e9t az \u00d6n sz\u00e1m\u00e1ra legide\u00e1lisabb megold\u00e1s \u00f6ssze\u00e1ll\u00edt\u00e1s\u00e1ban.[\/vc_column_text][\/vc_column][\/vc_row][vc_row][vc_column width=&#8221;1\/3&#8243;][vc_single_image image=&#8221;1865&#8243; img_size=&#8221;medium&#8221; alignment=&#8221;center&#8221;][\/vc_column][vc_column width=&#8221;2\/3&#8243;][elx_simple_block background_color=&#8221;inherit&#8221;][elx_heading text_color=&#8221;inherit&#8221;]Optim\u00e1lis \u00e9telt\u00e1rol\u00e1s az ecostore<sup>HP<\/sup> k\u00e9sz\u00fcl\u00e9kekkel[\/elx_heading][vc_column_text]Cs\u00f6kkentse az \u00e9telhullad\u00e9kot az Optiflow l\u00e9gkeringet\u00e9snek \u00e9s az 5-\u00f6s kl\u00edmaoszt\u00e1lynak k\u00f6sz\u00f6nhet\u0151en.[\/vc_column_text][\/elx_simple_block][\/vc_column][\/vc_row][vc_row][vc_column width=&#8221;1\/2&#8243;][elx_simple_block background_color=&#8221;inherit&#8221;][vc_column_text]Az<strong> ecostore<sup>HP<\/sup> Premium<\/strong> optim\u00e1lis mikrokl\u00edm\u00e1t gener\u00e1l a k\u00fcl\u00f6nb\u00f6z\u0151 t\u00edpus\u00fa \u00e9telek sz\u00e1m\u00e1ra, amelyek speci\u00e1lis h\u0151m\u00e9rs\u00e9kletet \u00e9s p\u00e1raszintet ig\u00e9nyelnek.[\/vc_column_text][\/elx_simple_block][\/vc_column][vc_column width=&#8221;1\/2&#8243;][vc_single_image image=&#8221;1866&#8243; img_size=&#8221;full&#8221; alignment=&#8221;center&#8221;][\/vc_column][\/vc_row][vc_row][vc_column][vc_empty_space height=&#8221;50px&#8221;][\/vc_column][\/vc_row][vc_row][vc_column width=&#8221;1\/3&#8243;][elx_download_block text=&#8221;ecostore<br \/>\nkatal\u00f3gus&#8221; link=&#8221;files.professional.electrolux.com\/docs\/?n=ECO-9JEFT&amp;b=5&amp;l=1&#8243; background_color=&#8221;cat-cool&#8221; reveal_effect=&#8221;&#8221; reveal_duration=&#8221;&#8221; reveal_delay=&#8221;&#8221;][\/vc_column][vc_column width=&#8221;1\/3&#8243;][\/vc_column][vc_column width=&#8221;1\/3&#8243;][\/vc_column][\/vc_row][vc_row][vc_column][vc_empty_space height=&#8221;50px&#8221;][\/vc_column][\/vc_row][vc_row][vc_column width=&#8221;1\/3&#8243;][elx_maylike_box id_box=&#8221;3770&#8243;][\/vc_column][vc_column width=&#8221;1\/3&#8243;][elx_maylike_box id_box=&#8221;4381&#8243;][\/vc_column][vc_column width=&#8221;1\/3&#8243;][elx_maylike_box id_box=&#8221;3673&#8243;][\/vc_column][\/vc_row][vc_row][vc_column][vc_empty_space height=&#8221;50px&#8221;][elx_heading text_color=&#8221;inherit&#8221;]\u00c9rdekl\u0151dj\u00f6n h\u0171t\u00f6tt munkaasztalaink ir\u00e1nt[\/elx_heading][elx_o2000_contact_us r=&#8221;Szeretn\u00e9k t\u00f6bb inform\u00e1ci\u00f3t kapni err\u0151l a term\u00e9kr\u0151l H\u0171t\u00f6tt munkaasztalok. K\u00e9rem, vegy\u00e9k fel velem a kapcsolatot.&#8221; s=&#8221;Inform\u00e1ci\u00f3 k\u00e9r\u00e9s err\u0151l a term\u00e9kr\u0151l H\u0171t\u00f6tt munkaasztalok&#8221; country=&#8221;Hungary&#8221; l=&#8221;hu&#8221; container=&#8221;elxcontactus1480090979&#8243;][vc_empty_space height=&#8221;50px&#8221;][\/vc_column][\/vc_row]<\/p>\n","protected":false},"excerpt":{"rendered":"<p>[vc_row full_width=&#8221;electroluxpro-full-width-no-padding&#8221;][vc_column][elx_image_block background_image=&#8221;687&#8243; minimum_height=&#8221;400px&#8221;][\/vc_column][\/vc_row][vc_row][vc_column][vc_empty_space][elx_heading font_container=&#8221;h1&#8243; font_size=&#8221;h2&#8243; text_color=&#8221;inherit&#8221; text_align=&#8221;text-center&#8221;]Az extrA hat\u00e9kony ecostoreHP h\u0171t\u00f6tt pultok[\/elx_heading][vc_empty_space height=&#8221;50px&#8221;][\/vc_column][\/vc_row][vc_row][vc_column width=&#8221;1\/2&#8243;][vc_single_image image=&#8221;1859&#8243; img_size=&#8221;full&#8221; onclick=&#8221;custom_link&#8221; link=&#8221;https:\/\/www.electroluxprofessional.com\/hu\/wp-content\/uploads\/2016\/11\/small-banner-savings-on-refrigeration-640-ok-play.jpg&#8221;][\/vc_column][vc_column width=&#8221;1\/2&#8243;][vc_empty_space][elx_simple_block background_color=&#8221;inherit&#8221;][elx_heading font_size=&#8221;h3&#8243; text_color=&#8221;inherit&#8221; text_align=&#8221;text-center&#8221;]Sz\u00e1m\u00edtsa ki a lehets\u00e9ges megtakar\u00edt\u00e1sait[\/elx_heading][\/elx_simple_block][\/vc_column][\/vc_row][vc_row][vc_column][vc_empty_space][\/vc_column][\/vc_row][vc_row][vc_column width=&#8221;1\/2&#8243;][elx_simple_block background_color=&#8221;inherit&#8221;][elx_heading text_color=&#8221;inherit&#8221; text_align=&#8221;text-center&#8221;]ecostoreHP Premium extrA min\u0151s\u00e9g[\/elx_heading][vc_column_text]Az ecostoreHP h\u0171t\u00f6tt munkaasztalai igazi \u00fatt\u00f6r\u0151k az A oszt\u00e1ly\u00fa energiabesorol\u00e1s \u00e9s 5-\u00f6s kl\u00edmaoszt\u00e1ly ter\u00fclet\u00e9n. A HP r\u00f6vid\u00edt\u00e9s (High Performance) nagy teljes\u00edtm\u00e9nyt [&hellip;]<\/p>\n","protected":false},"author":3,"featured_media":0,"parent":0,"menu_order":0,"comment_status":"closed","ping_status":"closed","template":"","meta":{"footnotes":""},"class_list":["post-2340","page","type-page","status-publish","hentry"],"yoast_head":"<!-- This site is optimized with the Yoast SEO plugin v23.3 - https:\/\/yoast.com\/wordpress\/plugins\/seo\/ -->\n<title>H\u0171t\u00f6tt munkaasztalok - Electrolux Professional Magyarorsz\u00e1g<\/title>\n<meta name=\"robots\" content=\"index, follow, max-snippet:-1, max-image-preview:large, max-video-preview:-1\" \/>\n<link rel=\"canonical\" href=\"https:\/\/www.electroluxprofessional.com\/hu\/hutott-munkaasztalok\/\" \/>\n<meta property=\"og:locale\" content=\"hu_HU\" \/>\n<meta property=\"og:type\" content=\"article\" \/>\n<meta property=\"og:title\" content=\"H\u0171t\u00f6tt munkaasztalok - Electrolux Professional Magyarorsz\u00e1g\" \/>\n<meta property=\"og:description\" content=\"[vc_row full_width=&#8221;electroluxpro-full-width-no-padding&#8221;][vc_column][elx_image_block background_image=&#8221;687&#8243; minimum_height=&#8221;400px&#8221;][\/vc_column][\/vc_row][vc_row][vc_column][vc_empty_space][elx_heading font_container=&#8221;h1&#8243; font_size=&#8221;h2&#8243; text_color=&#8221;inherit&#8221; text_align=&#8221;text-center&#8221;]Az extrA hat\u00e9kony ecostoreHP h\u0171t\u00f6tt pultok[\/elx_heading][vc_empty_space height=&#8221;50px&#8221;][\/vc_column][\/vc_row][vc_row][vc_column width=&#8221;1\/2&#8243;][vc_single_image image=&#8221;1859&#8243; img_size=&#8221;full&#8221; onclick=&#8221;custom_link&#8221; link=&#8221;https:\/\/www.electroluxprofessional.com\/hu\/wp-content\/uploads\/2016\/11\/small-banner-savings-on-refrigeration-640-ok-play.jpg&#8221;][\/vc_column][vc_column width=&#8221;1\/2&#8243;][vc_empty_space][elx_simple_block background_color=&#8221;inherit&#8221;][elx_heading font_size=&#8221;h3&#8243; text_color=&#8221;inherit&#8221; text_align=&#8221;text-center&#8221;]Sz\u00e1m\u00edtsa ki a lehets\u00e9ges megtakar\u00edt\u00e1sait[\/elx_heading][\/elx_simple_block][\/vc_column][\/vc_row][vc_row][vc_column][vc_empty_space][\/vc_column][\/vc_row][vc_row][vc_column width=&#8221;1\/2&#8243;][elx_simple_block background_color=&#8221;inherit&#8221;][elx_heading text_color=&#8221;inherit&#8221; text_align=&#8221;text-center&#8221;]ecostoreHP Premium extrA min\u0151s\u00e9g[\/elx_heading][vc_column_text]Az ecostoreHP h\u0171t\u00f6tt munkaasztalai igazi \u00fatt\u00f6r\u0151k az A oszt\u00e1ly\u00fa energiabesorol\u00e1s \u00e9s 5-\u00f6s kl\u00edmaoszt\u00e1ly ter\u00fclet\u00e9n. A HP r\u00f6vid\u00edt\u00e9s (High Performance) nagy teljes\u00edtm\u00e9nyt [&hellip;]\" \/>\n<meta property=\"og:url\" content=\"https:\/\/www.electroluxprofessional.com\/hu\/hutott-munkaasztalok\/\" \/>\n<meta property=\"og:site_name\" content=\"Electrolux Professional Magyarorsz\u00e1g\" \/>\n<meta property=\"article:modified_time\" content=\"2022-09-26T07:27:51+00:00\" \/>\n<meta name=\"twitter:card\" content=\"summary_large_image\" \/>\n<meta name=\"twitter:label1\" content=\"Becs\u00fclt olvas\u00e1si id\u0151\" \/>\n\t<meta name=\"twitter:data1\" content=\"2 perc\" \/>\n<script type=\"application\/ld+json\" class=\"yoast-schema-graph\">{\"@context\":\"https:\/\/schema.org\",\"@graph\":[{\"@type\":\"WebPage\",\"@id\":\"https:\/\/www.electroluxprofessional.com\/hu\/hutott-munkaasztalok\/\",\"url\":\"https:\/\/www.electroluxprofessional.com\/hu\/hutott-munkaasztalok\/\",\"name\":\"H\u0171t\u00f6tt munkaasztalok - Electrolux Professional Magyarorsz\u00e1g\",\"isPartOf\":{\"@id\":\"https:\/\/www.electroluxprofessional.com\/hu\/#website\"},\"datePublished\":\"2017-05-15T08:53:29+00:00\",\"dateModified\":\"2022-09-26T07:27:51+00:00\",\"breadcrumb\":{\"@id\":\"https:\/\/www.electroluxprofessional.com\/hu\/hutott-munkaasztalok\/#breadcrumb\"},\"inLanguage\":\"hu\",\"potentialAction\":[{\"@type\":\"ReadAction\",\"target\":[\"https:\/\/www.electroluxprofessional.com\/hu\/hutott-munkaasztalok\/\"]}]},{\"@type\":\"BreadcrumbList\",\"@id\":\"https:\/\/www.electroluxprofessional.com\/hu\/hutott-munkaasztalok\/#breadcrumb\",\"itemListElement\":[{\"@type\":\"ListItem\",\"position\":1,\"name\":\"Home\",\"item\":\"https:\/\/www.electroluxprofessional.com\/hu\/\"},{\"@type\":\"ListItem\",\"position\":2,\"name\":\"H\u0171t\u00f6tt munkaasztalok\"}]},{\"@type\":\"WebSite\",\"@id\":\"https:\/\/www.electroluxprofessional.com\/hu\/#website\",\"url\":\"https:\/\/www.electroluxprofessional.com\/hu\/\",\"name\":\"Electrolux Professional Magyarorsz\u00e1g\",\"description\":\"\",\"potentialAction\":[{\"@type\":\"SearchAction\",\"target\":{\"@type\":\"EntryPoint\",\"urlTemplate\":\"https:\/\/www.electroluxprofessional.com\/hu\/?src={search_term_string}\"},\"query-input\":\"required name=search_term_string\"}],\"inLanguage\":\"hu\"}]}<\/script>\n<!-- \/ Yoast SEO plugin. -->","yoast_head_json":{"title":"H\u0171t\u00f6tt munkaasztalok - Electrolux Professional Magyarorsz\u00e1g","robots":{"index":"index","follow":"follow","max-snippet":"max-snippet:-1","max-image-preview":"max-image-preview:large","max-video-preview":"max-video-preview:-1"},"canonical":"https:\/\/www.electroluxprofessional.com\/hu\/hutott-munkaasztalok\/","og_locale":"hu_HU","og_type":"article","og_title":"H\u0171t\u00f6tt munkaasztalok - Electrolux Professional Magyarorsz\u00e1g","og_description":"[vc_row full_width=&#8221;electroluxpro-full-width-no-padding&#8221;][vc_column][elx_image_block background_image=&#8221;687&#8243; minimum_height=&#8221;400px&#8221;][\/vc_column][\/vc_row][vc_row][vc_column][vc_empty_space][elx_heading font_container=&#8221;h1&#8243; font_size=&#8221;h2&#8243; text_color=&#8221;inherit&#8221; text_align=&#8221;text-center&#8221;]Az extrA hat\u00e9kony ecostoreHP h\u0171t\u00f6tt pultok[\/elx_heading][vc_empty_space height=&#8221;50px&#8221;][\/vc_column][\/vc_row][vc_row][vc_column width=&#8221;1\/2&#8243;][vc_single_image image=&#8221;1859&#8243; img_size=&#8221;full&#8221; onclick=&#8221;custom_link&#8221; link=&#8221;https:\/\/www.electroluxprofessional.com\/hu\/wp-content\/uploads\/2016\/11\/small-banner-savings-on-refrigeration-640-ok-play.jpg&#8221;][\/vc_column][vc_column width=&#8221;1\/2&#8243;][vc_empty_space][elx_simple_block background_color=&#8221;inherit&#8221;][elx_heading font_size=&#8221;h3&#8243; text_color=&#8221;inherit&#8221; text_align=&#8221;text-center&#8221;]Sz\u00e1m\u00edtsa ki a lehets\u00e9ges megtakar\u00edt\u00e1sait[\/elx_heading][\/elx_simple_block][\/vc_column][\/vc_row][vc_row][vc_column][vc_empty_space][\/vc_column][\/vc_row][vc_row][vc_column width=&#8221;1\/2&#8243;][elx_simple_block background_color=&#8221;inherit&#8221;][elx_heading text_color=&#8221;inherit&#8221; text_align=&#8221;text-center&#8221;]ecostoreHP Premium extrA min\u0151s\u00e9g[\/elx_heading][vc_column_text]Az ecostoreHP h\u0171t\u00f6tt munkaasztalai igazi \u00fatt\u00f6r\u0151k az A oszt\u00e1ly\u00fa energiabesorol\u00e1s \u00e9s 5-\u00f6s kl\u00edmaoszt\u00e1ly ter\u00fclet\u00e9n. A HP r\u00f6vid\u00edt\u00e9s (High Performance) nagy teljes\u00edtm\u00e9nyt [&hellip;]","og_url":"https:\/\/www.electroluxprofessional.com\/hu\/hutott-munkaasztalok\/","og_site_name":"Electrolux Professional Magyarorsz\u00e1g","article_modified_time":"2022-09-26T07:27:51+00:00","twitter_card":"summary_large_image","twitter_misc":{"Becs\u00fclt olvas\u00e1si id\u0151":"2 perc"},"schema":{"@context":"https:\/\/schema.org","@graph":[{"@type":"WebPage","@id":"https:\/\/www.electroluxprofessional.com\/hu\/hutott-munkaasztalok\/","url":"https:\/\/www.electroluxprofessional.com\/hu\/hutott-munkaasztalok\/","name":"H\u0171t\u00f6tt munkaasztalok - Electrolux Professional Magyarorsz\u00e1g","isPartOf":{"@id":"https:\/\/www.electroluxprofessional.com\/hu\/#website"},"datePublished":"2017-05-15T08:53:29+00:00","dateModified":"2022-09-26T07:27:51+00:00","breadcrumb":{"@id":"https:\/\/www.electroluxprofessional.com\/hu\/hutott-munkaasztalok\/#breadcrumb"},"inLanguage":"hu","potentialAction":[{"@type":"ReadAction","target":["https:\/\/www.electroluxprofessional.com\/hu\/hutott-munkaasztalok\/"]}]},{"@type":"BreadcrumbList","@id":"https:\/\/www.electroluxprofessional.com\/hu\/hutott-munkaasztalok\/#breadcrumb","itemListElement":[{"@type":"ListItem","position":1,"name":"Home","item":"https:\/\/www.electroluxprofessional.com\/hu\/"},{"@type":"ListItem","position":2,"name":"H\u0171t\u00f6tt munkaasztalok"}]},{"@type":"WebSite","@id":"https:\/\/www.electroluxprofessional.com\/hu\/#website","url":"https:\/\/www.electroluxprofessional.com\/hu\/","name":"Electrolux Professional Magyarorsz\u00e1g","description":"","potentialAction":[{"@type":"SearchAction","target":{"@type":"EntryPoint","urlTemplate":"https:\/\/www.electroluxprofessional.com\/hu\/?src={search_term_string}"},"query-input":"required name=search_term_string"}],"inLanguage":"hu"}]}},"_links":{"self":[{"href":"https:\/\/www.electroluxprofessional.com\/hu\/wp-json\/wp\/v2\/pages\/2340"}],"collection":[{"href":"https:\/\/www.electroluxprofessional.com\/hu\/wp-json\/wp\/v2\/pages"}],"about":[{"href":"https:\/\/www.electroluxprofessional.com\/hu\/wp-json\/wp\/v2\/types\/page"}],"author":[{"embeddable":true,"href":"https:\/\/www.electroluxprofessional.com\/hu\/wp-json\/wp\/v2\/users\/3"}],"replies":[{"embeddable":true,"href":"https:\/\/www.electroluxprofessional.com\/hu\/wp-json\/wp\/v2\/comments?post=2340"}],"version-history":[{"count":17,"href":"https:\/\/www.electroluxprofessional.com\/hu\/wp-json\/wp\/v2\/pages\/2340\/revisions"}],"predecessor-version":[{"id":7346,"href":"https:\/\/www.electroluxprofessional.com\/hu\/wp-json\/wp\/v2\/pages\/2340\/revisions\/7346"}],"wp:attachment":[{"href":"https:\/\/www.electroluxprofessional.com\/hu\/wp-json\/wp\/v2\/media?parent=2340"}],"curies":[{"name":"wp","href":"https:\/\/api.w.org\/{rel}","templated":true}]}}