{"id":11381,"date":"2026-07-24T09:21:07","date_gmt":"2026-07-24T09:21:07","guid":{"rendered":"https:\/\/www.electroluxprofessional.com\/hu\/?page_id=11381"},"modified":"2026-09-06T10:09:16","modified_gmt":"2026-09-06T10:09:16","slug":"kellekek-es-fogyoeszkozok-ipari-konyhakhoz","status":"publish","type":"page","link":"https:\/\/www.electroluxprofessional.com\/hu\/kellekek-es-fogyoeszkozok-ipari-konyhakhoz\/","title":{"rendered":"Kell\u00e9kek \u00e9s fogy\u00f3eszk\u00f6z\u00f6k ipari konyh\u00e1khoz"},"content":{"rendered":"<div class=\"wpb-content-wrapper\"><p>[vc_row full_width=&#8221;electroluxpro-full-width-no-padding&#8221;][vc_column][elx_image_block background_image=&#8221;11352&#8243; minimum_height=&#8221;400px&#8221;][\/vc_column][\/vc_row][vc_row][vc_column][vc_empty_space height=&#8221;30px&#8221;][elx_heading font_container=&#8221;h1&#8243; font_size=&#8221;h1&#8243; text_color=&#8221;inherit&#8221;]Kieg\u00e9sz\u00edt\u0151k \u00e9s fogy\u00f3eszk\u00f6z\u00f6k kereskedelmi konyh\u00e1khoz[\/elx_heading][vc_empty_space height=&#8221;10px&#8221;][elx_heading font_size=&#8221;h5&#8243; text_color=&#8221;inherit&#8221;]Cs\u00facsteljes\u00edtm\u00e9nyre tervezve[\/elx_heading][vc_empty_space height=&#8221;10px&#8221;][vc_column_text]<\/p>\n<div>A kieg\u00e9sz\u00edt\u0151k \u00e9s fogy\u00f3eszk\u00f6z\u00f6k elengedhetetlenek a teljes\u00edtm\u00e9ny \u00e9s a <strong>\u00e9lettartam<\/strong> n\u00f6vel\u00e9s\u00e9hez az Electrolux Professional vend\u00e9gl\u00e1t\u00f3ipari megold\u00e1sain\u00e1l. T\u00f6k\u00e9letes kompatibilit\u00e1sra tervezve biztos\u00edtj\u00e1k a <strong>k\u00f6vetkezetes eredm\u00e9nyeket<\/strong>, egyszer\u0171s\u00edtik a <strong>napi m\u0171k\u00f6d\u00e9st<\/strong>, \u00e9s t\u00e1mogatj\u00e1k a nagy teljes\u00edtm\u00e9ny\u0171 kereskedelmi konyh\u00e1kat.<\/div>\n<p>[\/vc_column_text][vc_empty_space height=&#8221;60px&#8221;][\/vc_column][\/vc_row][vc_row full_width=&#8221;electroluxpro-full-width-no-padding&#8221;][vc_column offset=&#8221;vc_hidden-lg&#8221;][vc_single_image image=&#8221;11353&#8243; img_size=&#8221;full&#8221;][\/vc_column][\/vc_row][vc_row][vc_column][elx_heading text_color=&#8221;inherit&#8221;]Mos\u00f3szerek teljes\u00edtm\u00e9nyre, v\u00e9delemre \u00e9s fenntarthat\u00f3s\u00e1gra tervezve[\/elx_heading][\/vc_column][\/vc_row][vc_row][vc_column width=&#8221;1\/4&#8243;][vc_single_image image=&#8221;11354&#8243; img_size=&#8221;200&#215;200&#8243; alignment=&#8221;center&#8221;][vc_column_text]<\/p>\n<p style=\"text-align: center;\"><strong>Professzion\u00e1lis zs\u00edrtalan\u00edt\u00f3<\/strong><br \/>\nModul\u00e1ris f\u0151z\u00e9s<\/p>\n<p>[\/vc_column_text][\/vc_column][vc_column width=&#8221;1\/4&#8243;][vc_single_image image=&#8221;11355&#8243; img_size=&#8221;200&#215;200&#8243; alignment=&#8221;center&#8221;][vc_column_text]<\/p>\n<p style=\"text-align: center;\"><strong>Magas h\u0151m\u00e9rs\u00e9klet\u0171 zs\u00edrtalan\u00edt\u00f3<\/strong><br \/>\nNagysebess\u00e9g\u0171 f\u0151z\u00e9s<\/p>\n<p>[\/vc_column_text][\/vc_column][vc_column width=&#8221;1\/4&#8243;][vc_single_image image=&#8221;11356&#8243; img_size=&#8221;200&#215;200&#8243; alignment=&#8221;center&#8221;][vc_column_text]<\/p>\n<p style=\"text-align: center;\"><strong>Tiszt\u00edt\u00e1s \u00e9s \u00f6bl\u00edt\u00e9s<\/strong><br \/>\nCook&amp;Chill<\/p>\n<p>[\/vc_column_text][\/vc_column][vc_column width=&#8221;1\/4&#8243;][vc_single_image image=&#8221;11357&#8243; img_size=&#8221;200&#215;200&#8243; alignment=&#8221;center&#8221;][vc_column_text]<\/p>\n<p style=\"text-align: center;\"><strong>Foly\u00e9kony mos\u00f3szerek<\/strong><br \/>\nMosogat\u00e1s<\/p>\n<p>[\/vc_column_text][\/vc_column][\/vc_row][vc_row][vc_column width=&#8221;1\/3&#8243;][vc_row_inner][vc_column_inner][vc_empty_space height=&#8221;28px&#8221;][\/vc_column_inner][\/vc_row_inner][vc_row_inner][vc_column_inner offset=&#8221;vc_hidden-md vc_hidden-sm vc_hidden-xs&#8221;][vc_single_image image=&#8221;11353&#8243; img_size=&#8221;full&#8221;][\/vc_column_inner][\/vc_row_inner][\/vc_column][vc_column offset=&#8221;vc_col-lg-8&#8243;][vc_empty_space height=&#8221;30px&#8221;][vc_column_text]Nagy teljes\u00edtm\u00e9ny\u0171 mos\u00f3szerek, amelyek hat\u00e9kony tiszt\u00edt\u00e1st \u00e9s a berendez\u00e9sek <strong>tart\u00f3s<\/strong> megb\u00edzhat\u00f3s\u00e1g\u00e1t biztos\u00edtj\u00e1k. K\u00f6rnyezetbar\u00e1t \u00f6sszetev\u0151kkel kifejlesztve cs\u00f6kkentik a k\u00f6rnyezeti hat\u00e1st, mik\u00f6zben k\u00f6vetkezetes eredm\u00e9nyeket ny\u00fajtanak; t\u00f6bb mint <strong>95% biol\u00f3giailag leboml\u00f3 fel\u00fcletakt\u00edv anyag<\/strong> \u00e9s teljes megfelel\u00e9s a <strong>REACH szab\u00e1lyoz\u00e1soknak<\/strong>, \u00edgy <strong>biztons\u00e1gos<\/strong>, <strong>hat\u00e9kony<\/strong> \u00e9s <strong>fenntarthat\u00f3<\/strong> tiszt\u00edt\u00f3szermegold\u00e1st k\u00edn\u00e1lnak.[\/vc_column_text][vc_empty_space height=&#8221;50px&#8221;][vc_row_inner][vc_column_inner][elx_button button_text=&#8221;T\u00f6ltse le a mos\u00f3szer-katal\u00f3gust&#8221; button_display_block=&#8221;display_block_on&#8221; button_link=&#8221;url:https%3A%2F%2Fwww.electroluxprofessional.com%2Fhu%2Fwp-content%2Fuploads%2F2026%2F07%2FDetergents-catalogue-Electrolux-Professional-202607.pdf|title:T%C3%B6ltse%20le%20a%20mos%C3%B3szer-katal%C3%B3gust|target:_blank&#8221; css=&#8221;.vc_custom_1784885320835{margin-bottom: 20px !important;}&#8221;][elx_button button_text=&#8221;Hol v\u00e1s\u00e1rolhat\u00f3 meg&#8221; button_display_block=&#8221;display_block_on&#8221; button_link=&#8221;url:%23contact|title:Hol%20lehet%20v%C3%A1s%C3%A1rolni&#8221; css=&#8221;.vc_custom_1784030620339{margin-bottom: 20px !important;}&#8221;][\/vc_column_inner][\/vc_row_inner][\/vc_column][\/vc_row][vc_row][vc_column][vc_empty_space height=&#8221;60px&#8221;][\/vc_column][\/vc_row][vc_row full_width=&#8221;electroluxpro-full-width&#8221;][vc_column offset=&#8221;vc_hidden-lg&#8221;][vc_single_image image=&#8221;11358&#8243; img_size=&#8221;full&#8221;][\/vc_column][\/vc_row][vc_row][vc_column][elx_heading text_color=&#8221;inherit&#8221;]Maxim\u00e1lis teljes\u00edtm\u00e9nyre \u00e9s rugalmass\u00e1gra tervezett kieg\u00e9sz\u00edt\u0151k[\/elx_heading][\/vc_column][\/vc_row][vc_row][vc_column offset=&#8221;vc_hidden-md vc_hidden-sm vc_hidden-xs&#8221;][vc_tta_tabs active_section=&#8221;1&#8243; tab_layout=&#8221;tab-wrap&#8221;][vc_tta_section title=&#8221;Modul\u00e1ris f\u0151z\u00e9s&#8221; tab_id=&#8221;1781275894335-93d8f8de-c7bc&#8221;][vc_empty_space][vc_row_inner][vc_column_inner width=&#8221;1\/5&#8243;][vc_single_image image=&#8221;11359&#8243; img_size=&#8221;200&#215;200&#8243;][vc_column_text]<strong>T\u00e9sztaf\u0151z\u0151 kosarak<\/strong>[\/vc_column_text][\/vc_column_inner][vc_column_inner width=&#8221;1\/5&#8243;][vc_single_image image=&#8221;11360&#8243; img_size=&#8221;200&#215;200&#8243;][vc_column_text]<strong>S\u00fct\u0151olaj-tesztel\u0151<\/strong>[\/vc_column_text][\/vc_column_inner][vc_column_inner width=&#8221;1\/5&#8243;][vc_single_image image=&#8221;11361&#8243; img_size=&#8221;200&#215;200&#8243;][vc_column_text]<strong>Indukci\u00f3s wokserpeny\u0151<\/strong>[\/vc_column_text][\/vc_column_inner][vc_column_inner width=&#8221;1\/5&#8243;][vc_single_image image=&#8221;11362&#8243; img_size=&#8221;200&#215;200&#8243;][vc_column_text]<strong>Pap\u00edrsz\u0171r\u0151k sz\u0171r\u0151rendszerhez<\/strong>[\/vc_column_text][\/vc_column_inner][vc_column_inner width=&#8221;1\/5&#8243;][vc_single_image image=&#8221;11363&#8243; img_size=&#8221;200&#215;200&#8243;][vc_column_text]<strong>Frit\u0151zkos\u00e1r<\/strong>[\/vc_column_text][\/vc_column_inner][\/vc_row_inner][\/vc_tta_section][vc_tta_section title=&#8221;Nagysebess\u00e9g\u0171 f\u0151z\u00e9s&#8221; tab_id=&#8221;1781275895029-526674e7-c1b8&#8243;][vc_empty_space][vc_row_inner][vc_column_inner width=&#8221;1\/5&#8243;][vc_single_image image=&#8221;11364&#8243; img_size=&#8221;200&#215;200&#8243;][vc_column_text]<strong>Tapad\u00e1smentes t\u00e1lca<\/strong>[\/vc_column_text][\/vc_column_inner][vc_column_inner width=&#8221;1\/5&#8243;][vc_single_image image=&#8221;11365&#8243; img_size=&#8221;200&#215;200&#8243;][vc_column_text]<strong>S\u00e1rgar\u00e9z s\u00f6rt\u00e9s kefe<strong>[\/vc_column_text][\/vc_column_inner][vc_column_inner width=&#8221;1\/5&#8243;][vc_single_image image=&#8221;11366&#8243; img_size=&#8221;200&#215;200&#8243;][vc_column_text]<strong>S\u00fct\u0151pap\u00edr<\/strong>[\/vc_column_text][\/vc_column_inner][vc_column_inner width=&#8221;1\/5&#8243; source=&#8221;media_library&#8221; image=&#8221;11367&#8243; img_size=&#8221;200&#215;200&#8243; external_img_size=&#8221;&#8221; add_caption=&#8221;&#8221; alignment=&#8221;left&#8221; style=&#8221;&#8221; external_style=&#8221;&#8221; border_color=&#8221;grey&#8221; external_border_color=&#8221;grey&#8221; onclick=&#8221;&#8221; img_link_target=&#8221;_self&#8221; css_animation=&#8221;&#8221;][vc_single_image image=&#8221;11367&#8243; img_size=&#8221;200&#215;200&#8243;][vc_column_text]<strong>Szilikonlap\u00e1t<\/strong>[\/vc_column_text][\/vc_column_inner][vc_column_inner width=&#8221;1\/5&#8243; css_animation=&#8221;&#8221; drop_caps=&#8221;&#8221;][vc_single_image image=&#8221;11368&#8243; img_size=&#8221;200&#215;200&#8243;][vc_column_text]<strong>Ecset<\/strong>[\/vc_column_text][\/vc_column_inner][\/vc_row_inner][\/vc_tta_section][vc_tta_section title=&#8221;Cook&amp;Chill&#8221; tab_id=&#8221;1781275895751-dcb3d17a-056e&#8221;][vc_empty_space][vc_row_inner][vc_column_inner width=&#8221;1\/5&#8243;][vc_single_image image=&#8221;11369&#8243; img_size=&#8221;200&#215;200&#8243;][vc_column_text css=&#8221;&#8221;]<strong>F\u00fcst\u00f6l\u0151<\/strong>[\/vc_column_text][\/vc_column_inner][vc_column_inner width=&#8221;1\/5&#8243;][vc_single_image image=&#8221;11370&#8243; img_size=&#8221;200&#215;200&#8243;][vc_column_text]<strong>V\u00e1kuumcsomagol\u00f3<\/strong>[\/vc_column_text][\/vc_column_inner][vc_column_inner width=&#8221;1\/5&#8243;][vc_single_image image=&#8221;11371&#8243; img_size=&#8221;200&#215;200&#8243;][vc_column_text css=&#8221;&#8221;]<strong>Sous vide magh\u0151m\u00e9r\u0151<\/strong>[\/vc_column_text][\/vc_column_inner][vc_column_inner width=&#8221;1\/5&#8243;][vc_single_image image=&#8221;11372&#8243; img_size=&#8221;200&#215;200&#8243;][vc_column_text]<strong>R\u00e1csok \u00e9s t\u00e1lc\u00e1k<\/strong>[\/vc_column_text][\/vc_column_inner][vc_column_inner width=&#8221;1\/5&#8243;][vc_single_image image=&#8221;11373&#8243; img_size=&#8221;200&#215;200&#8243;][vc_column_text css=&#8221;&#8221;]<strong>Csirkes\u00fct\u0151 rendszer<\/strong>[\/vc_column_text][\/vc_column_inner][\/vc_row_inner][\/vc_tta_section][vc_tta_section title=&#8221;Mosogat\u00e1s&#8221; tab_id=&#8221;1781275896552-618eec74-3eaf&#8221;][vc_empty_space height=&#8221;22px&#8221;][vc_single_image image=&#8221;11374&#8243; img_size=&#8221;200&#215;200&#8243;][vc_column_text]<strong>Kosarak univerz\u00e1lis haszn\u00e1latra<\/strong>[\/vc_column_text][\/vc_tta_section][vc_tta_section title=&#8221;H\u0171t\u00e9s&#8221; tab_id=&#8221;1781275896732-69863a31-cb80&#8243;][vc_empty_space][vc_row_inner][vc_column_inner width=&#8221;1\/5&#8243;][vc_single_image image=&#8221;11375&#8243; img_size=&#8221;200&#215;200&#8243; alignment=&#8221;center&#8221;][vc_column_text]<strong>R\u00e1csk\u00e9szlet<\/strong>[\/vc_column_text][\/vc_column_inner][vc_column_inner width=&#8221;1\/5&#8243;][vc_single_image image=&#8221;11376&#8243; img_size=&#8221;200&#215;200&#8243; alignment=&#8221;center&#8221;][vc_column_text]<b>Dr\u00f3tkos\u00e1r<\/b>[\/vc_column_text][\/vc_column_inner][vc_column_inner width=&#8221;1\/5&#8243;][vc_single_image image=&#8221;11377&#8243; img_size=&#8221;200&#215;200&#8243; alignment=&#8221;center&#8221;][vc_column_text]<strong>M\u0171anyag tart\u00e1ly<\/strong>[\/vc_column_text][\/vc_column_inner][vc_column_inner width=&#8221;1\/5&#8243;][vc_single_image image=&#8221;11378&#8243; img_size=&#8221;200&#215;200&#8243; alignment=&#8221;center&#8221;][vc_column_text]<strong>Kerekek<\/strong>[\/vc_column_text][\/vc_column_inner][vc_column_inner width=&#8221;1\/5&#8243;][vc_single_image image=&#8221;11379&#8243; img_size=&#8221;200&#215;200&#8243; alignment=&#8221;center&#8221;][vc_column_text css=&#8221;&#8221;]<strong>T\u00e1lcatart\u00f3k<\/strong>[\/vc_column_text][\/vc_column_inner][\/vc_row_inner][\/vc_tta_section][\/vc_tta_tabs][\/vc_column][\/vc_row][vc_row][vc_column offset=&#8221;vc_hidden-lg&#8221;][elx_certification_carousel cards_bg_color=&#8221;bg-download-white&#8221; card_list=&#8221;%5B%7B%22image%22%3A%20%2211359%22%2C%20%22title%22%3A%20%22T%C3%A9sztaf%C5%91z%C5%91%20kosarak%20%3Cbr%3E%22%2C%20%22heading_type%22%3A%20%22h5%22%2C%20%22text%22%3A%20%22Modul%C3%A1ris%20f%C5%91z%C3%A9s%22%2C%20%22cta_btn_style%22%3A%20%22secondary%22%7D%2C%20%7B%22image%22%3A%20%2211360%22%2C%20%22title%22%3A%20%22F%C5%91z%C5%91olaj-tesztel%C5%91%22%2C%20%22heading_type%22%3A%20%22h5%22%2C%20%22text%22%3A%20%22Modul%C3%A1ris%20f%C5%91z%C3%A9s%22%2C%20%22cta_btn_style%22%3A%20%22secondary%22%7D%2C%20%7B%22image%22%3A%20%2211361%22%2C%20%22title%22%3A%20%22Indukci%C3%B3s%20%3Cbr%3Ewok%20serpeny%C5%91%22%2C%20%22heading_type%22%3A%20%22h5%22%2C%20%22text%22%3A%20%22Modul%C3%A1ris%20f%C5%91z%C3%A9s%22%2C%20%22cta_btn_style%22%3A%20%22secondary%22%7D%2C%20%7B%22image%22%3A%20%2211362%22%2C%20%22title%22%3A%20%22Pap%C3%ADrsz%C5%B1r%C5%91k%20sz%C5%B1r%C5%91rendszerhez%22%2C%20%22heading_type%22%3A%20%22h5%22%2C%20%22text%22%3A%20%22Modul%C3%A1ris%20f%C5%91z%C3%A9s%22%2C%20%22cta_btn_style%22%3A%20%22secondary%22%7D%2C%20%7B%22image%22%3A%20%2211363%22%2C%20%22title%22%3A%20%22Fryer%20%3Cbr%3Ekos%C3%A1r%22%2C%20%22heading_type%22%3A%20%22h5%22%2C%20%22text%22%3A%20%22Modul%C3%A1ris%20f%C5%91z%C3%A9s%22%2C%20%22cta_btn_style%22%3A%20%22secondary%22%7D%2C%20%7B%22image%22%3A%20%2211364%22%2C%20%22title%22%3A%20%22Tapad%C3%A1smentes%3Cbr%3Et%C3%A1lca%22%2C%20%22heading_type%22%3A%20%22h5%22%2C%20%22text%22%3A%20%22Nagy%20sebess%C3%A9g%C5%B1%20f%C5%91z%C3%A9s%22%2C%20%22cta_btn_style%22%3A%20%22secondary%22%7D%2C%20%7B%22image%22%3A%20%2211365%22%2C%20%22title%22%3A%20%22R%C3%A9z%20bristle%20%3Cbr%3Ekefe%22%2C%20%22heading_type%22%3A%20%22h5%22%2C%20%22text%22%3A%20%22Nagy%20sebess%C3%A9g%C5%B1%20f%C5%91z%C3%A9s%22%2C%20%22cta_btn_style%22%3A%20%22secondary%22%7D%2C%20%7B%22image%22%3A%20%2211366%22%2C%20%22title%22%3A%20%22S%C3%BCt%C5%91%3Cbr%3Epap%C3%ADr%22%2C%20%22heading_type%22%3A%20%22h5%22%2C%20%22text%22%3A%20%22Nagysebess%C3%A9g%C5%B1%20f%C5%91z%C3%A9s%22%2C%20%22cta_btn_style%22%3A%20%22secondary%22%7D%2C%20%7B%22image%22%3A%20%2211367%22%2C%20%22title%22%3A%20%22Szil%C3%ADciumlemez%20spatula%22%2C%20%22heading_type%22%3A%20%22h5%22%2C%20%22text%22%3A%20%22Nagy%20sebess%C3%A9g%C5%B1%20f%C5%91z%C3%A9s%22%2C%20%22cta_btn_style%22%3A%20%22secondary%22%7D%2C%20%7B%22image%22%3A%20%2211368%22%2C%20%22title%22%3A%20%22Ecset%22%2C%20%22heading_type%22%3A%20%22h5%22%2C%20%22text%22%3A%20%22Nagysebess%C3%A9g%C5%B1%20f%C5%91z%C3%A9s%22%2C%20%22cta_btn_style%22%3A%20%22secondary%22%7D%2C%20%7B%22image%22%3A%20%2211369%22%2C%20%22title%22%3A%20%22Volcano%20%3Cbr%3Esmoker%22%2C%20%22heading_type%22%3A%20%22h5%22%2C%20%22text%22%3A%20%22Cook%26Chill%22%2C%20%22cta_btn_style%22%3A%20%22secondary%22%7D%2C%20%7B%22image%22%3A%20%2211370%22%2C%20%22title%22%3A%20%22V%C3%A1kuumos%20%3Cbr%3Epacker%22%2C%20%22heading_type%22%3A%20%22h5%22%2C%20%22text%22%3A%20%22Cook%26Chill%22%2C%20%22cta_btn_style%22%3A%20%22secondary%22%7D%2C%20%7B%22image%22%3A%20%2211371%22%2C%20%22title%22%3A%20%22Sous%20vide%20%3Cbr%3ESzonda%22%2C%20%22heading_type%22%3A%20%22h5%22%2C%20%22text%22%3A%20%22Cook%26Chill%22%2C%20%22cta_btn_style%22%3A%20%22secondary%22%7D%2C%20%7B%22image%22%3A%20%2211372%22%2C%20%22title%22%3A%20%22R%C3%A1csok%20%C3%A9s%20%3Cbr%3Et%C3%A1lc%C3%A1k%22%2C%20%22heading_type%22%3A%20%22h5%22%2C%20%22text%22%3A%20%22Cook%26Chill%22%2C%20%22cta_btn_style%22%3A%20%22secondary%22%7D%2C%20%7B%22image%22%3A%20%2211373%22%2C%20%22title%22%3A%20%22Csirke%3Cbr%3Erendszer%22%2C%20%22heading_type%22%3A%20%22h5%22%2C%20%22text%22%3A%20%22Cook%26Chill%22%2C%20%22cta_btn_style%22%3A%20%22secondary%22%7D%2C%20%7B%22image%22%3A%20%2211374%22%2C%20%22title%22%3A%20%22%C3%81ltal%C3%A1nos%20haszn%C3%A1lat%C3%BA%20kosarak%22%2C%20%22heading_type%22%3A%20%22h5%22%2C%20%22text%22%3A%20%22Mosogat%C3%B3g%C3%A9pek%22%2C%20%22cta_btn_style%22%3A%20%22secondary%22%7D%2C%20%7B%22image%22%3A%20%2211375%22%2C%20%22title%22%3A%20%22R%C3%A1cs%3Cbr%3Ek%C3%A9szlet%22%2C%20%22heading_type%22%3A%20%22h5%22%2C%20%22text%22%3A%20%22H%C5%B1t%C3%A9s%22%2C%20%22cta_btn_style%22%3A%20%22secondary%22%7D%2C%20%7B%22image%22%3A%20%2211376%22%2C%20%22title%22%3A%20%22Dr%C3%B3tkos%C3%A1r%3Cbr%3E%22%2C%20%22heading_type%22%3A%20%22h5%22%2C%20%22text%22%3A%20%22H%C5%B1t%C3%A9s%22%2C%20%22cta_btn_style%22%3A%20%22secondary%22%7D%2C%20%7B%22image%22%3A%20%2211377%22%2C%20%22title%22%3A%20%22M%C5%B1anyag%20%3Cbr%3Etart%C3%A1ly%22%2C%20%22heading_type%22%3A%20%22h5%22%2C%20%22text%22%3A%20%22H%C5%B1t%C3%A9s%22%2C%20%22cta_btn_style%22%3A%20%22secondary%22%7D%2C%20%7B%22image%22%3A%20%2211378%22%2C%20%22title%22%3A%20%22Kerekek%22%2C%20%22heading_type%22%3A%20%22h5%22%2C%20%22text%22%3A%20%22H%C5%B1t%C3%A9s%22%2C%20%22cta_btn_style%22%3A%20%22secondary%22%7D%2C%20%7B%22image%22%3A%20%2211380%22%2C%20%22title%22%3A%20%22Kocsi%20t%C3%A1lca%3Cbr%3Evezet%C5%91s%C3%ADn%22%2C%20%22heading_type%22%3A%20%22h5%22%2C%20%22text%22%3A%20%22H%C5%B1t%C3%A9s%22%2C%20%22cta_btn_style%22%3A%20%22secondary%22%7D%5D&#8221;][\/vc_column][\/vc_row][vc_row rtl_reverse=&#8221;yes&#8221;][vc_column offset=&#8221;vc_col-lg-8&#8243;][vc_empty_space height=&#8221;30px&#8221;][vc_column_text]A kieg\u00e9sz\u00edt\u0151k kulcsszerepet j\u00e1tszanak a kereskedelmi konyhai berendez\u00e9sek <strong>termel\u00e9kenys\u00e9g\u00e9nek<\/strong> \u00e9s <strong>sokoldal\u00fas\u00e1g\u00e1nak<\/strong> n\u00f6vel\u00e9s\u00e9ben.<\/strong><\/strong><\/p>\n<div>A t\u00e1lc\u00e1kt\u00f3l \u00e9s \u00e1llv\u00e1nyokt\u00f3l a speci\u00e1lis f\u0151z\u00e9si megold\u00e1sokig b\u0151v\u00edtik a m\u0171k\u00f6d\u00e9si lehet\u0151s\u00e9geket, mik\u00f6zben z\u00f6kken\u0151mentesen integr\u00e1l\u00f3dnak a k\u00e9sz\u00fcl\u00e9keivel. Intenz\u00edv haszn\u00e1latra tervezve a kieg\u00e9sz\u00edt\u0151k hat\u00e9kony munkafolyamatokat, jobb szervezetts\u00e9get \u00e9s <strong>k\u00f6vetkezetes eredm\u00e9nyeket<\/strong> biztos\u00edtanak ig\u00e9nyes kereskedelmi konyhai k\u00f6rnyezetekben.<\/div>\n<p>[\/vc_column_text][vc_empty_space height=&#8221;50px&#8221;][vc_row_inner][vc_column_inner][elx_button button_text=&#8221;T\u00f6ltse le a kieg\u00e9sz\u00edt\u0151k katal\u00f3gus\u00e1t&#8221; button_display_block=&#8221;display_block_on&#8221; button_link=&#8221;url:https%3A%2F%2Fwww.electroluxprofessional.com%2Fhu%2Fwp-content%2Fuploads%2F2026%2F07%2FAccessories-and-Detergents-catalogue-Electrolux-Professional-202607.pdf|title:T%C3%B6ltse%20le%20a%20kieg%C3%A9sz%C3%ADt%C5%91k%20katal%C3%B3gus%C3%A1t|target:_blank&#8221; css=&#8221;.vc_custom_1784885339755{margin-bottom: 20px !important;}&#8221;][elx_button button_text=&#8221;Hol v\u00e1s\u00e1rolhatok&#8221; button_display_block=&#8221;display_block_on&#8221; button_link=&#8221;url:%23contact|title:Hol%20v%C3%A1s%C3%A1rolhat%C3%B3&#8243; css=&#8221;.vc_custom_1784030734920{margin-bottom: 20px !important;}&#8221;][\/vc_column_inner][\/vc_row_inner][\/vc_column][vc_column width=&#8221;1\/3&#8243;][vc_row_inner][vc_column_inner][vc_empty_space height=&#8221;28px&#8221;][\/vc_column_inner][\/vc_row_inner][vc_row_inner][vc_column_inner offset=&#8221;vc_hidden-md vc_hidden-sm vc_hidden-xs&#8221;][vc_single_image image=&#8221;11358&#8243; img_size=&#8221;full&#8221;][\/vc_column_inner][\/vc_row_inner][\/vc_column][\/vc_row][vc_row][vc_column][vc_empty_space height=&#8221;60&#8243;][\/vc_column][\/vc_row][vc_row][vc_column][elx_multiple_columns_features number_columns=&#8221;2&#8243; bg_row=&#8221;bg-download-white&#8221; title_position=&#8221;top&#8221; values=&#8221;%5B%7B%22icon_electroluxpro%22%3A%20%22elx-icon%20icon-circle-easy-blue%22%2C%20%22title%22%3A%20%22K%C3%B6nnyen%20haszn%C3%A1lhat%C3%B3%22%2C%20%22text%22%3A%20%22Az%20egyszer%C5%B1s%C3%A9gre%20tervezett%20Electrolux%20Professional%20kieg%C3%A9sz%C3%ADt%C5%91k%20az%20els%C5%91%20napt%C3%B3l%20seg%C3%ADtik%20az%20%C3%BCzemeltet%C5%91ket%20a%20hat%C3%A9kony%20munkav%C3%A9gz%C3%A9sben%2C%20cs%C3%B6kkentik%20a%20k%C3%A9pz%C3%A9si%20id%C5%91t%20%C3%A9s%20n%C3%B6velik%20a%20termel%C3%A9kenys%C3%A9get.%22%7D%2C%20%7B%22icon_electroluxpro%22%3A%20%22elx-icon%20icon-circle-dishwasher-safe%22%2C%20%22title%22%3A%20%22Mosogat%C3%B3g%C3%A9pben%20moshat%C3%B3%20teljes%C3%ADtm%C3%A9ny%22%2C%20%22text%22%3A%20%22Professzion%C3%A1lis%20mos%C3%B3szereink%20kiv%C3%A1l%C3%B3%20tiszt%C3%ADt%C3%A1si%20eredm%C3%A9nyeket%20biztos%C3%ADtanak%2C%20mik%C3%B6zben%20hozz%C3%A1j%C3%A1rulnak%20mosogat%C3%B3g%C3%A9ped%20%C3%A9lettartam%C3%A1nak%20meghosszabb%C3%ADt%C3%A1s%C3%A1hoz.%22%7D%2C%20%7B%22icon_electroluxpro%22%3A%20%22elx-icon%20icon-phosphate-free%22%2C%20%22title%22%3A%20%22Foszf%C3%A1tmentes%20megold%C3%A1sok%22%2C%20%22text%22%3A%20%22V%C3%A1lassz%20fenntarthat%C3%B3bb%20mos%C3%B3szereket%2C%20amelyek%20minimaliz%C3%A1lj%C3%A1k%20a%20k%C3%B6rnyezeti%20hat%C3%A1sokat%20%C3%A9s%20v%C3%A9dik%20a%20v%C3%ADzrendszereket%2C%20an%C3%A9lk%C3%BCl%20hogy%20a%20teljes%C3%ADtm%C3%A9ny%20rov%C3%A1s%C3%A1ra%20menn%C3%A9nek.%22%7D%2C%20%7B%22icon_electroluxpro%22%3A%20%22elx-icon%20icon-circle-star-perfomance-blue%22%2C%20%22title%22%3A%20%22Maxim%C3%A1lis%20sokoldal%C3%BAs%C3%A1g%22%2C%20%22text%22%3A%20%22Sz%C3%A9les%20v%C3%A1laszt%C3%A9k%20tart%C3%B3s%20kieg%C3%A9sz%C3%ADt%C5%91kb%C5%91l%2C%20amelyek%20t%C3%B6bbf%C3%A9le%20k%C3%A9sz%C3%BCl%C3%A9kkel%20kompatibilisek%2C%20%C3%ADgy%20rugalmass%C3%A1got%20%C3%A9s%20megb%C3%ADzhat%C3%B3s%C3%A1got%20ny%C3%BAjtanak%20az%20ig%C3%A9nyes%20kereskedelmi%20konyh%C3%A1kban.%22%7D%5D&#8221;][\/vc_column][\/vc_row][vc_row el_id=&#8221;contact&#8221;][vc_column][vc_empty_space][elx_heading text_color=&#8221;inherit&#8221; text_align=&#8221;text-center&#8221;]Hol v\u00e1s\u00e1rolhat\u00f3k kieg\u00e9sz\u00edt\u0151k \u00e9s fogy\u00f3eszk\u00f6z\u00f6k[\/elx_heading][vc_column_text]<\/p>\n<p style=\"text-align: center;\">V\u00e1lassza ki orsz\u00e1g\u00e1t \u00e9s f\u00f6ldrajzi ter\u00fclet\u00e9t, hogy megtal\u00e1lja a legk\u00f6zelebbi hivatalos forgalmaz\u00f3t.<\/p>\n<p>[\/vc_column_text][vc_empty_space][elx_o2000_locator l=&#8221;hu&#8221; agencydef=&#8221;service&#8221; sector=&#8221;food&#8221; request=&#8221;Mos\u00f3szereket \u00e9s kieg\u00e9sz\u00edt\u0151ket szeretn\u00e9k v\u00e1s\u00e1rolni a professzion\u00e1lis konyh\u00e1mhoz.&#8221;][vc_empty_space][\/vc_column][\/vc_row]<\/p>\n<\/div>","protected":false},"excerpt":{"rendered":"<p>[vc_row full_width=&#8221;electroluxpro-full-width-no-padding&#8221;][vc_column][elx_image_block background_image=&#8221;11352&#8243; minimum_height=&#8221;400px&#8221;][\/vc_column][\/vc_row][vc_row][vc_column][vc_empty_space height=&#8221;30px&#8221;][elx_heading font_container=&#8221;h1&#8243; font_size=&#8221;h1&#8243; text_color=&#8221;inherit&#8221;]Kieg\u00e9sz\u00edt\u0151k \u00e9s fogy\u00f3eszk\u00f6z\u00f6k kereskedelmi konyh\u00e1khoz[\/elx_heading][vc_empty_space height=&#8221;10px&#8221;][elx_heading font_size=&#8221;h5&#8243; text_color=&#8221;inherit&#8221;]Cs\u00facsteljes\u00edtm\u00e9nyre tervezve[\/elx_heading][vc_empty_space height=&#8221;10px&#8221;][vc_column_text] A kieg\u00e9sz\u00edt\u0151k \u00e9s fogy\u00f3eszk\u00f6z\u00f6k elengedhetetlenek a teljes\u00edtm\u00e9ny \u00e9s a \u00e9lettartam n\u00f6vel\u00e9s\u00e9hez az Electrolux Professional vend\u00e9gl\u00e1t\u00f3ipari megold\u00e1sain\u00e1l. T\u00f6k\u00e9letes kompatibilit\u00e1sra tervezve biztos\u00edtj\u00e1k a k\u00f6vetkezetes eredm\u00e9nyeket, egyszer\u0171s\u00edtik a napi m\u0171k\u00f6d\u00e9st, \u00e9s t\u00e1mogatj\u00e1k a nagy teljes\u00edtm\u00e9ny\u0171 kereskedelmi konyh\u00e1kat. [\/vc_column_text][vc_empty_space height=&#8221;60px&#8221;][\/vc_column][\/vc_row][vc_row full_width=&#8221;electroluxpro-full-width-no-padding&#8221;][vc_column offset=&#8221;vc_hidden-lg&#8221;][vc_single_image [&hellip;]<\/p>\n","protected":false},"author":1,"featured_media":11387,"parent":0,"menu_order":0,"comment_status":"closed","ping_status":"closed","template":"","meta":{"_acf_changed":false,"footnotes":"","_members_access_role":[],"_members_access_error":""},"class_list":["post-11381","page","type-page","status-publish","has-post-thumbnail","hentry"],"acf":[],"yoast_head":"<!-- This site is optimized with the Yoast SEO plugin v28.2 - https:\/\/yoast.com\/product\/yoast-seo-wordpress\/ -->\n<title>Kell\u00e9kek \u00e9s fogy\u00f3eszk\u00f6z\u00f6k ipari konyh\u00e1khoz - Electrolux Professional Magyarorsz\u00e1g<\/title>\n<meta name=\"description\" content=\"A kell\u00e9kek \u00e9s fogy\u00f3eszk\u00f6z\u00f6k elengedhetetlenek az ipari konyha teljes\u00edtm\u00e9ny\u00e9nek \u00e9s \u00e9lettartam\u00e1nak maximaliz\u00e1l\u00e1s\u00e1hoz.\" \/>\n<meta name=\"robots\" content=\"index, follow, max-snippet:-1, max-image-preview:large, max-video-preview:-1\" \/>\n<link rel=\"canonical\" href=\"https:\/\/www.electroluxprofessional.com\/hu\/kellekek-es-fogyoeszkozok-ipari-konyhakhoz\/\" \/>\n<meta property=\"og:locale\" content=\"hu_HU\" \/>\n<meta property=\"og:type\" content=\"article\" \/>\n<meta property=\"og:title\" content=\"Kell\u00e9kek \u00e9s fogy\u00f3eszk\u00f6z\u00f6k ipari konyh\u00e1khoz - Electrolux Professional Magyarorsz\u00e1g\" \/>\n<meta property=\"og:description\" content=\"A kell\u00e9kek \u00e9s fogy\u00f3eszk\u00f6z\u00f6k elengedhetetlenek az ipari konyha teljes\u00edtm\u00e9ny\u00e9nek \u00e9s \u00e9lettartam\u00e1nak maximaliz\u00e1l\u00e1s\u00e1hoz.\" \/>\n<meta property=\"og:url\" content=\"https:\/\/www.electroluxprofessional.com\/hu\/kellekek-es-fogyoeszkozok-ipari-konyhakhoz\/\" \/>\n<meta property=\"og:site_name\" content=\"Electrolux Professional Magyarorsz\u00e1g\" \/>\n<meta property=\"article:modified_time\" content=\"2026-09-06T10:09:16+00:00\" \/>\n<meta property=\"og:image\" content=\"https:\/\/www.electroluxprofessional.com\/hu\/wp-content\/uploads\/2026\/07\/accessori_966x712-1.jpg\" \/>\n\t<meta property=\"og:image:width\" content=\"966\" \/>\n\t<meta property=\"og:image:height\" content=\"712\" \/>\n\t<meta property=\"og:image:type\" content=\"image\/jpeg\" \/>\n<meta name=\"twitter:card\" content=\"summary_large_image\" \/>\n<meta name=\"twitter:label1\" content=\"Becs\u00fclt olvas\u00e1si id\u0151\" \/>\n\t<meta name=\"twitter:data1\" content=\"9 perc\" \/>\n<script type=\"application\/ld+json\" class=\"yoast-schema-graph\">{\"@context\":\"https:\\\/\\\/schema.org\",\"@graph\":[{\"@type\":\"WebPage\",\"@id\":\"https:\\\/\\\/www.electroluxprofessional.com\\\/hu\\\/kellekek-es-fogyoeszkozok-ipari-konyhakhoz\\\/\",\"url\":\"https:\\\/\\\/www.electroluxprofessional.com\\\/hu\\\/kellekek-es-fogyoeszkozok-ipari-konyhakhoz\\\/\",\"name\":\"Kell\u00e9kek \u00e9s fogy\u00f3eszk\u00f6z\u00f6k ipari konyh\u00e1khoz - Electrolux Professional Magyarorsz\u00e1g\",\"isPartOf\":{\"@id\":\"https:\\\/\\\/www.electroluxprofessional.com\\\/hu\\\/#website\"},\"primaryImageOfPage\":{\"@id\":\"https:\\\/\\\/www.electroluxprofessional.com\\\/hu\\\/kellekek-es-fogyoeszkozok-ipari-konyhakhoz\\\/#primaryimage\"},\"image\":{\"@id\":\"https:\\\/\\\/www.electroluxprofessional.com\\\/hu\\\/kellekek-es-fogyoeszkozok-ipari-konyhakhoz\\\/#primaryimage\"},\"thumbnailUrl\":\"https:\\\/\\\/www.electroluxprofessional.com\\\/hu\\\/wp-content\\\/uploads\\\/2026\\\/07\\\/accessori_966x712-1.jpg\",\"datePublished\":\"2026-07-24T09:21:07+00:00\",\"dateModified\":\"2026-09-06T10:09:16+00:00\",\"description\":\"A kell\u00e9kek \u00e9s fogy\u00f3eszk\u00f6z\u00f6k elengedhetetlenek az ipari konyha teljes\u00edtm\u00e9ny\u00e9nek \u00e9s \u00e9lettartam\u00e1nak maximaliz\u00e1l\u00e1s\u00e1hoz.\",\"breadcrumb\":{\"@id\":\"https:\\\/\\\/www.electroluxprofessional.com\\\/hu\\\/kellekek-es-fogyoeszkozok-ipari-konyhakhoz\\\/#breadcrumb\"},\"inLanguage\":\"hu\",\"potentialAction\":[{\"@type\":\"ReadAction\",\"target\":[\"https:\\\/\\\/www.electroluxprofessional.com\\\/hu\\\/kellekek-es-fogyoeszkozok-ipari-konyhakhoz\\\/\"]}]},{\"@type\":\"ImageObject\",\"inLanguage\":\"hu\",\"@id\":\"https:\\\/\\\/www.electroluxprofessional.com\\\/hu\\\/kellekek-es-fogyoeszkozok-ipari-konyhakhoz\\\/#primaryimage\",\"url\":\"https:\\\/\\\/www.electroluxprofessional.com\\\/hu\\\/wp-content\\\/uploads\\\/2026\\\/07\\\/accessori_966x712-1.jpg\",\"contentUrl\":\"https:\\\/\\\/www.electroluxprofessional.com\\\/hu\\\/wp-content\\\/uploads\\\/2026\\\/07\\\/accessori_966x712-1.jpg\",\"width\":966,\"height\":712},{\"@type\":\"BreadcrumbList\",\"@id\":\"https:\\\/\\\/www.electroluxprofessional.com\\\/hu\\\/kellekek-es-fogyoeszkozok-ipari-konyhakhoz\\\/#breadcrumb\",\"itemListElement\":[{\"@type\":\"ListItem\",\"position\":1,\"name\":\"Home\",\"item\":\"https:\\\/\\\/www.electroluxprofessional.com\\\/hu\\\/\"},{\"@type\":\"ListItem\",\"position\":2,\"name\":\"Kell\u00e9kek \u00e9s fogy\u00f3eszk\u00f6z\u00f6k ipari konyh\u00e1khoz\"}]},{\"@type\":\"WebSite\",\"@id\":\"https:\\\/\\\/www.electroluxprofessional.com\\\/hu\\\/#website\",\"url\":\"https:\\\/\\\/www.electroluxprofessional.com\\\/hu\\\/\",\"name\":\"Electrolux Professional Magyarorsz\u00e1g\",\"description\":\"\",\"potentialAction\":[{\"@type\":\"SearchAction\",\"target\":{\"@type\":\"EntryPoint\",\"urlTemplate\":\"https:\\\/\\\/www.electroluxprofessional.com\\\/hu\\\/?src={search_term_string}\"},\"query-input\":{\"@type\":\"PropertyValueSpecification\",\"valueRequired\":true,\"valueName\":\"search_term_string\"}}],\"inLanguage\":\"hu\"}]}<\/script>\n<!-- \/ Yoast SEO plugin. -->","yoast_head_json":{"title":"Kell\u00e9kek \u00e9s fogy\u00f3eszk\u00f6z\u00f6k ipari konyh\u00e1khoz - Electrolux Professional Magyarorsz\u00e1g","description":"A kell\u00e9kek \u00e9s fogy\u00f3eszk\u00f6z\u00f6k elengedhetetlenek az ipari konyha teljes\u00edtm\u00e9ny\u00e9nek \u00e9s \u00e9lettartam\u00e1nak maximaliz\u00e1l\u00e1s\u00e1hoz.","robots":{"index":"index","follow":"follow","max-snippet":"max-snippet:-1","max-image-preview":"max-image-preview:large","max-video-preview":"max-video-preview:-1"},"canonical":"https:\/\/www.electroluxprofessional.com\/hu\/kellekek-es-fogyoeszkozok-ipari-konyhakhoz\/","og_locale":"hu_HU","og_type":"article","og_title":"Kell\u00e9kek \u00e9s fogy\u00f3eszk\u00f6z\u00f6k ipari konyh\u00e1khoz - Electrolux Professional Magyarorsz\u00e1g","og_description":"A kell\u00e9kek \u00e9s fogy\u00f3eszk\u00f6z\u00f6k elengedhetetlenek az ipari konyha teljes\u00edtm\u00e9ny\u00e9nek \u00e9s \u00e9lettartam\u00e1nak maximaliz\u00e1l\u00e1s\u00e1hoz.","og_url":"https:\/\/www.electroluxprofessional.com\/hu\/kellekek-es-fogyoeszkozok-ipari-konyhakhoz\/","og_site_name":"Electrolux Professional Magyarorsz\u00e1g","article_modified_time":"2026-09-06T10:09:16+00:00","og_image":[{"width":966,"height":712,"url":"https:\/\/www.electroluxprofessional.com\/hu\/wp-content\/uploads\/2026\/07\/accessori_966x712-1.jpg","type":"image\/jpeg"}],"twitter_card":"summary_large_image","twitter_misc":{"Becs\u00fclt olvas\u00e1si id\u0151":"9 perc"},"schema":{"@context":"https:\/\/schema.org","@graph":[{"@type":"WebPage","@id":"https:\/\/www.electroluxprofessional.com\/hu\/kellekek-es-fogyoeszkozok-ipari-konyhakhoz\/","url":"https:\/\/www.electroluxprofessional.com\/hu\/kellekek-es-fogyoeszkozok-ipari-konyhakhoz\/","name":"Kell\u00e9kek \u00e9s fogy\u00f3eszk\u00f6z\u00f6k ipari konyh\u00e1khoz - Electrolux Professional Magyarorsz\u00e1g","isPartOf":{"@id":"https:\/\/www.electroluxprofessional.com\/hu\/#website"},"primaryImageOfPage":{"@id":"https:\/\/www.electroluxprofessional.com\/hu\/kellekek-es-fogyoeszkozok-ipari-konyhakhoz\/#primaryimage"},"image":{"@id":"https:\/\/www.electroluxprofessional.com\/hu\/kellekek-es-fogyoeszkozok-ipari-konyhakhoz\/#primaryimage"},"thumbnailUrl":"https:\/\/www.electroluxprofessional.com\/hu\/wp-content\/uploads\/2026\/07\/accessori_966x712-1.jpg","datePublished":"2026-07-24T09:21:07+00:00","dateModified":"2026-09-06T10:09:16+00:00","description":"A kell\u00e9kek \u00e9s fogy\u00f3eszk\u00f6z\u00f6k elengedhetetlenek az ipari konyha teljes\u00edtm\u00e9ny\u00e9nek \u00e9s \u00e9lettartam\u00e1nak maximaliz\u00e1l\u00e1s\u00e1hoz.","breadcrumb":{"@id":"https:\/\/www.electroluxprofessional.com\/hu\/kellekek-es-fogyoeszkozok-ipari-konyhakhoz\/#breadcrumb"},"inLanguage":"hu","potentialAction":[{"@type":"ReadAction","target":["https:\/\/www.electroluxprofessional.com\/hu\/kellekek-es-fogyoeszkozok-ipari-konyhakhoz\/"]}]},{"@type":"ImageObject","inLanguage":"hu","@id":"https:\/\/www.electroluxprofessional.com\/hu\/kellekek-es-fogyoeszkozok-ipari-konyhakhoz\/#primaryimage","url":"https:\/\/www.electroluxprofessional.com\/hu\/wp-content\/uploads\/2026\/07\/accessori_966x712-1.jpg","contentUrl":"https:\/\/www.electroluxprofessional.com\/hu\/wp-content\/uploads\/2026\/07\/accessori_966x712-1.jpg","width":966,"height":712},{"@type":"BreadcrumbList","@id":"https:\/\/www.electroluxprofessional.com\/hu\/kellekek-es-fogyoeszkozok-ipari-konyhakhoz\/#breadcrumb","itemListElement":[{"@type":"ListItem","position":1,"name":"Home","item":"https:\/\/www.electroluxprofessional.com\/hu\/"},{"@type":"ListItem","position":2,"name":"Kell\u00e9kek \u00e9s fogy\u00f3eszk\u00f6z\u00f6k ipari konyh\u00e1khoz"}]},{"@type":"WebSite","@id":"https:\/\/www.electroluxprofessional.com\/hu\/#website","url":"https:\/\/www.electroluxprofessional.com\/hu\/","name":"Electrolux Professional Magyarorsz\u00e1g","description":"","potentialAction":[{"@type":"SearchAction","target":{"@type":"EntryPoint","urlTemplate":"https:\/\/www.electroluxprofessional.com\/hu\/?src={search_term_string}"},"query-input":{"@type":"PropertyValueSpecification","valueRequired":true,"valueName":"search_term_string"}}],"inLanguage":"hu"}]}},"_links":{"self":[{"href":"https:\/\/www.electroluxprofessional.com\/hu\/wp-json\/wp\/v2\/pages\/11381","targetHints":{"allow":["GET"]}}],"collection":[{"href":"https:\/\/www.electroluxprofessional.com\/hu\/wp-json\/wp\/v2\/pages"}],"about":[{"href":"https:\/\/www.electroluxprofessional.com\/hu\/wp-json\/wp\/v2\/types\/page"}],"author":[{"embeddable":true,"href":"https:\/\/www.electroluxprofessional.com\/hu\/wp-json\/wp\/v2\/users\/1"}],"replies":[{"embeddable":true,"href":"https:\/\/www.electroluxprofessional.com\/hu\/wp-json\/wp\/v2\/comments?post=11381"}],"version-history":[{"count":11,"href":"https:\/\/www.electroluxprofessional.com\/hu\/wp-json\/wp\/v2\/pages\/11381\/revisions"}],"predecessor-version":[{"id":11590,"href":"https:\/\/www.electroluxprofessional.com\/hu\/wp-json\/wp\/v2\/pages\/11381\/revisions\/11590"}],"wp:featuredmedia":[{"embeddable":true,"href":"https:\/\/www.electroluxprofessional.com\/hu\/wp-json\/wp\/v2\/media\/11387"}],"wp:attachment":[{"href":"https:\/\/www.electroluxprofessional.com\/hu\/wp-json\/wp\/v2\/media?parent=11381"}],"curies":[{"name":"wp","href":"https:\/\/api.w.org\/{rel}","templated":true}]}}