{"id":3000,"date":"2017-05-09T10:29:21","date_gmt":"2017-05-09T10:29:21","guid":{"rendered":"https:\/\/www.electroluxprofessional.com\/hr\/?page_id=3000"},"modified":"2025-11-06T13:15:42","modified_gmt":"2025-11-06T13:15:42","slug":"rashladivanje","status":"publish","type":"page","link":"https:\/\/www.electroluxprofessional.com\/hr\/dodaci-i-potrosni-materijal\/rashladivanje\/","title":{"rendered":"Dodaci i potro\u0161ni materijal Rashla\u0111ivanje"},"content":{"rendered":"<p>[vc_row full_width=&#8221;electroluxpro-full-width-no-padding&#8221;][vc_column][elx_hero_title label=&#8221;&#8221; background_image=&#8221;2599&#8243;][elx_heading font_container=&#8221;h1&#8243; text_color=&#8221;white&#8221;]Dodaci i potro\u0161ni materijal<br \/>\nRashla\u0111ivanje[\/elx_heading][\/elx_hero_title][\/vc_column][\/vc_row][vc_row][vc_column][vc_empty_space height=&#8221;50px&#8221;][elx_heading font_container=&#8221;h3&#8243; text_color=&#8221;inherit&#8221; text_align=&#8221;text-center&#8221;]Odgovorno rashla\u0111ivanje[\/elx_heading][vc_empty_space height=&#8221;50px&#8221;][\/vc_column][\/vc_row][vc_row full_width=&#8221;electroluxpro-container-no-padding&#8221; equal_height=&#8221;yes&#8221;][vc_column width=&#8221;1\/2&#8243;][elx_image_block background_image=&#8221;793&#8243; minimum_height=&#8221;450px&#8221;][\/vc_column][vc_column width=&#8221;1\/2&#8243;][elx_simple_block background_color=&#8221;inherit&#8221;][vc_column_text]<strong>Brtve, re\u0161etke i \u017ei\u010dane ko\u0161are<\/strong><\/p>\n<p>Kako bi se o\u010duvala hrana, dodaci za rashla\u0111ivanje najdragocjeniji su resurs u va\u0161oj kuhinji. Odabir odgovaraju\u0107eg dodatka jamstvo je ispravnog i u\u010dinkovitog rada.[\/vc_column_text][vc_single_image image=&#8221;805&#8243; img_size=&#8221;500&#215;285&#8243; css_animation=&#8221;right-to-left&#8221;][\/elx_simple_block][\/vc_column][\/vc_row][vc_row][vc_column][vc_empty_space][\/vc_column][\/vc_row][vc_row][vc_column width=&#8221;1\/3&#8243;][elx_download_block text=&#8221;Dodaci i potro\u0161ni materijal<br \/>\nRashla\u0111ivanje&#8221; link=&#8221;href=&#8220;http:\/\/files.professional.electrolux.com\/docs\/?n=BR-9JE00043&amp;b=5&amp;l=1&#8220;&#8221; background_color=&#8221;cat-cool&#8221; reveal_effect=&#8221;&#8221; reveal_duration=&#8221;&#8221; reveal_delay=&#8221;&#8221;][\/vc_column][vc_column width=&#8221;1\/3&#8243;][elx_download_block text=&#8221;Rashladni ormari\u0107i&#8221; link_target=&#8221;self&#8221; link=&#8221;https:\/\/www.electroluxprofessional.com\/hr\/rashladni-pultovi\/&#8221; background_color=&#8221;electrolux-blue&#8221; background_hover_color=&#8221;lighter-hover&#8221; background_image=&#8221;2020&#8243; reveal_effect=&#8221;&#8221; reveal_duration=&#8221;&#8221; reveal_delay=&#8221;&#8221;][\/vc_column][vc_column width=&#8221;1\/3&#8243;][elx_download_block text=&#8221;Rashladne vitrine&#8221; link_target=&#8221;self&#8221; link=&#8221;https:\/\/www.electroluxprofessional.com\/hr\/rashladne-vitrine\/&#8221; background_color=&#8221;electrolux-blue&#8221; background_hover_color=&#8221;lighter-hover&#8221; background_image=&#8221;1863&#8243; reveal_effect=&#8221;&#8221; reveal_duration=&#8221;&#8221; reveal_delay=&#8221;&#8221;][\/vc_column][\/vc_row][vc_row][vc_column][vc_empty_space][elx_heading font_container=&#8221;h3&#8243; text_color=&#8221;inherit&#8221;]Otkrijte kako personalizirati svoje ure\u0111aje za rashla\u0111ivanje[\/elx_heading][elx_o2000_contact_us r=&#8221;\u017delim saznati vi\u0161e o dodacima i potro\u0161nom materijalu za rashla\u0111ivanje. Molim da me kontaktirate.&#8221; s=&#8221;Request of information about accessories and consumables.&#8221; country=&#8221;Croatia&#8221; l=&#8221;hr&#8221; container=&#8221;elxcontactus1484306106&#8243;][\/vc_column][\/vc_row]<\/p>\n","protected":false},"excerpt":{"rendered":"<p>[vc_row full_width=&#8221;electroluxpro-full-width-no-padding&#8221;][vc_column][elx_hero_title label=&#8221;&#8221; background_image=&#8221;2599&#8243;][elx_heading font_container=&#8221;h1&#8243; text_color=&#8221;white&#8221;]Dodaci i potro\u0161ni materijal Rashla\u0111ivanje[\/elx_heading][\/elx_hero_title][\/vc_column][\/vc_row][vc_row][vc_column][vc_empty_space height=&#8221;50px&#8221;][elx_heading font_container=&#8221;h3&#8243; text_color=&#8221;inherit&#8221; text_align=&#8221;text-center&#8221;]Odgovorno rashla\u0111ivanje[\/elx_heading][vc_empty_space height=&#8221;50px&#8221;][\/vc_column][\/vc_row][vc_row full_width=&#8221;electroluxpro-container-no-padding&#8221; equal_height=&#8221;yes&#8221;][vc_column width=&#8221;1\/2&#8243;][elx_image_block background_image=&#8221;793&#8243; minimum_height=&#8221;450px&#8221;][\/vc_column][vc_column width=&#8221;1\/2&#8243;][elx_simple_block background_color=&#8221;inherit&#8221;][vc_column_text]Brtve, re\u0161etke i \u017ei\u010dane ko\u0161are Kako bi se o\u010duvala hrana, dodaci za rashla\u0111ivanje najdragocjeniji su resurs u va\u0161oj kuhinji. Odabir odgovaraju\u0107eg dodatka jamstvo je ispravnog i u\u010dinkovitog rada.[\/vc_column_text][vc_single_image image=&#8221;805&#8243; img_size=&#8221;500&#215;285&#8243; css_animation=&#8221;right-to-left&#8221;][\/elx_simple_block][\/vc_column][\/vc_row][vc_row][vc_column][vc_empty_space][\/vc_column][\/vc_row][vc_row][vc_column width=&#8221;1\/3&#8243;][elx_download_block text=&#8221;Dodaci [&hellip;]<\/p>\n","protected":false},"author":4,"featured_media":0,"parent":2967,"menu_order":0,"comment_status":"closed","ping_status":"closed","template":"","meta":{"footnotes":""},"class_list":["post-3000","page","type-page","status-publish","hentry"],"acf":[],"yoast_head":"<!-- This site is optimized with the Yoast SEO plugin v23.3 - https:\/\/yoast.com\/wordpress\/plugins\/seo\/ -->\n<title>Dodaci i potro\u0161ni materijal Rashla\u0111ivanje - Electrolux Professional Hrvatska<\/title>\n<meta name=\"robots\" content=\"index, follow, max-snippet:-1, max-image-preview:large, max-video-preview:-1\" \/>\n<link rel=\"canonical\" href=\"https:\/\/www.electroluxprofessional.com\/hr\/dodaci-i-potrosni-materijal\/rashladivanje\/\" \/>\n<meta property=\"og:locale\" content=\"hr_HR\" \/>\n<meta property=\"og:type\" content=\"article\" \/>\n<meta property=\"og:title\" content=\"Dodaci i potro\u0161ni materijal Rashla\u0111ivanje - Electrolux Professional Hrvatska\" \/>\n<meta property=\"og:description\" content=\"[vc_row full_width=&#8221;electroluxpro-full-width-no-padding&#8221;][vc_column][elx_hero_title label=&#8221;&#8221; background_image=&#8221;2599&#8243;][elx_heading font_container=&#8221;h1&#8243; text_color=&#8221;white&#8221;]Dodaci i potro\u0161ni materijal Rashla\u0111ivanje[\/elx_heading][\/elx_hero_title][\/vc_column][\/vc_row][vc_row][vc_column][vc_empty_space height=&#8221;50px&#8221;][elx_heading font_container=&#8221;h3&#8243; text_color=&#8221;inherit&#8221; text_align=&#8221;text-center&#8221;]Odgovorno rashla\u0111ivanje[\/elx_heading][vc_empty_space height=&#8221;50px&#8221;][\/vc_column][\/vc_row][vc_row full_width=&#8221;electroluxpro-container-no-padding&#8221; equal_height=&#8221;yes&#8221;][vc_column width=&#8221;1\/2&#8243;][elx_image_block background_image=&#8221;793&#8243; minimum_height=&#8221;450px&#8221;][\/vc_column][vc_column width=&#8221;1\/2&#8243;][elx_simple_block background_color=&#8221;inherit&#8221;][vc_column_text]Brtve, re\u0161etke i \u017ei\u010dane ko\u0161are Kako bi se o\u010duvala hrana, dodaci za rashla\u0111ivanje najdragocjeniji su resurs u va\u0161oj kuhinji. Odabir odgovaraju\u0107eg dodatka jamstvo je ispravnog i u\u010dinkovitog rada.[\/vc_column_text][vc_single_image image=&#8221;805&#8243; img_size=&#8221;500&#215;285&#8243; css_animation=&#8221;right-to-left&#8221;][\/elx_simple_block][\/vc_column][\/vc_row][vc_row][vc_column][vc_empty_space][\/vc_column][\/vc_row][vc_row][vc_column width=&#8221;1\/3&#8243;][elx_download_block text=&#8221;Dodaci [&hellip;]\" \/>\n<meta property=\"og:url\" content=\"https:\/\/www.electroluxprofessional.com\/hr\/dodaci-i-potrosni-materijal\/rashladivanje\/\" \/>\n<meta property=\"og:site_name\" content=\"Electrolux Professional Hrvatska\" \/>\n<meta property=\"article:modified_time\" content=\"2025-11-06T13:15:42+00:00\" \/>\n<meta name=\"twitter:card\" content=\"summary_large_image\" \/>\n<meta name=\"twitter:label1\" content=\"Procijenjeno vrijeme \u010ditanja\" \/>\n\t<meta name=\"twitter:data1\" content=\"1 minuta\" \/>\n<script type=\"application\/ld+json\" class=\"yoast-schema-graph\">{\"@context\":\"https:\/\/schema.org\",\"@graph\":[{\"@type\":\"WebPage\",\"@id\":\"https:\/\/www.electroluxprofessional.com\/hr\/dodaci-i-potrosni-materijal\/rashladivanje\/\",\"url\":\"https:\/\/www.electroluxprofessional.com\/hr\/dodaci-i-potrosni-materijal\/rashladivanje\/\",\"name\":\"Dodaci i potro\u0161ni materijal Rashla\u0111ivanje - Electrolux Professional Hrvatska\",\"isPartOf\":{\"@id\":\"https:\/\/www.electroluxprofessional.com\/hr\/#website\"},\"datePublished\":\"2017-05-09T10:29:21+00:00\",\"dateModified\":\"2025-11-06T13:15:42+00:00\",\"breadcrumb\":{\"@id\":\"https:\/\/www.electroluxprofessional.com\/hr\/dodaci-i-potrosni-materijal\/rashladivanje\/#breadcrumb\"},\"inLanguage\":\"hr\",\"potentialAction\":[{\"@type\":\"ReadAction\",\"target\":[\"https:\/\/www.electroluxprofessional.com\/hr\/dodaci-i-potrosni-materijal\/rashladivanje\/\"]}]},{\"@type\":\"BreadcrumbList\",\"@id\":\"https:\/\/www.electroluxprofessional.com\/hr\/dodaci-i-potrosni-materijal\/rashladivanje\/#breadcrumb\",\"itemListElement\":[{\"@type\":\"ListItem\",\"position\":1,\"name\":\"Po\u010detna stranica\",\"item\":\"https:\/\/www.electroluxprofessional.com\/hr\/\"},{\"@type\":\"ListItem\",\"position\":2,\"name\":\"Dodaci i potro\u0161ni materijal\",\"item\":\"https:\/\/www.electroluxprofessional.com\/hr\/dodaci-i-potrosni-materijal\/\"},{\"@type\":\"ListItem\",\"position\":3,\"name\":\"Dodaci i potro\u0161ni materijal Rashla\u0111ivanje\"}]},{\"@type\":\"WebSite\",\"@id\":\"https:\/\/www.electroluxprofessional.com\/hr\/#website\",\"url\":\"https:\/\/www.electroluxprofessional.com\/hr\/\",\"name\":\"Electrolux Professional Hrvatska\",\"description\":\"\",\"potentialAction\":[{\"@type\":\"SearchAction\",\"target\":{\"@type\":\"EntryPoint\",\"urlTemplate\":\"https:\/\/www.electroluxprofessional.com\/hr\/?src={search_term_string}\"},\"query-input\":\"required name=search_term_string\"}],\"inLanguage\":\"hr\"}]}<\/script>\n<!-- \/ Yoast SEO plugin. -->","yoast_head_json":{"title":"Dodaci i potro\u0161ni materijal Rashla\u0111ivanje - Electrolux Professional Hrvatska","robots":{"index":"index","follow":"follow","max-snippet":"max-snippet:-1","max-image-preview":"max-image-preview:large","max-video-preview":"max-video-preview:-1"},"canonical":"https:\/\/www.electroluxprofessional.com\/hr\/dodaci-i-potrosni-materijal\/rashladivanje\/","og_locale":"hr_HR","og_type":"article","og_title":"Dodaci i potro\u0161ni materijal Rashla\u0111ivanje - Electrolux Professional Hrvatska","og_description":"[vc_row full_width=&#8221;electroluxpro-full-width-no-padding&#8221;][vc_column][elx_hero_title label=&#8221;&#8221; background_image=&#8221;2599&#8243;][elx_heading font_container=&#8221;h1&#8243; text_color=&#8221;white&#8221;]Dodaci i potro\u0161ni materijal Rashla\u0111ivanje[\/elx_heading][\/elx_hero_title][\/vc_column][\/vc_row][vc_row][vc_column][vc_empty_space height=&#8221;50px&#8221;][elx_heading font_container=&#8221;h3&#8243; text_color=&#8221;inherit&#8221; text_align=&#8221;text-center&#8221;]Odgovorno rashla\u0111ivanje[\/elx_heading][vc_empty_space height=&#8221;50px&#8221;][\/vc_column][\/vc_row][vc_row full_width=&#8221;electroluxpro-container-no-padding&#8221; equal_height=&#8221;yes&#8221;][vc_column width=&#8221;1\/2&#8243;][elx_image_block background_image=&#8221;793&#8243; minimum_height=&#8221;450px&#8221;][\/vc_column][vc_column width=&#8221;1\/2&#8243;][elx_simple_block background_color=&#8221;inherit&#8221;][vc_column_text]Brtve, re\u0161etke i \u017ei\u010dane ko\u0161are Kako bi se o\u010duvala hrana, dodaci za rashla\u0111ivanje najdragocjeniji su resurs u va\u0161oj kuhinji. Odabir odgovaraju\u0107eg dodatka jamstvo je ispravnog i u\u010dinkovitog rada.[\/vc_column_text][vc_single_image image=&#8221;805&#8243; img_size=&#8221;500&#215;285&#8243; css_animation=&#8221;right-to-left&#8221;][\/elx_simple_block][\/vc_column][\/vc_row][vc_row][vc_column][vc_empty_space][\/vc_column][\/vc_row][vc_row][vc_column width=&#8221;1\/3&#8243;][elx_download_block text=&#8221;Dodaci [&hellip;]","og_url":"https:\/\/www.electroluxprofessional.com\/hr\/dodaci-i-potrosni-materijal\/rashladivanje\/","og_site_name":"Electrolux Professional Hrvatska","article_modified_time":"2025-11-06T13:15:42+00:00","twitter_card":"summary_large_image","twitter_misc":{"Procijenjeno vrijeme \u010ditanja":"1 minuta"},"schema":{"@context":"https:\/\/schema.org","@graph":[{"@type":"WebPage","@id":"https:\/\/www.electroluxprofessional.com\/hr\/dodaci-i-potrosni-materijal\/rashladivanje\/","url":"https:\/\/www.electroluxprofessional.com\/hr\/dodaci-i-potrosni-materijal\/rashladivanje\/","name":"Dodaci i potro\u0161ni materijal Rashla\u0111ivanje - Electrolux Professional Hrvatska","isPartOf":{"@id":"https:\/\/www.electroluxprofessional.com\/hr\/#website"},"datePublished":"2017-05-09T10:29:21+00:00","dateModified":"2025-11-06T13:15:42+00:00","breadcrumb":{"@id":"https:\/\/www.electroluxprofessional.com\/hr\/dodaci-i-potrosni-materijal\/rashladivanje\/#breadcrumb"},"inLanguage":"hr","potentialAction":[{"@type":"ReadAction","target":["https:\/\/www.electroluxprofessional.com\/hr\/dodaci-i-potrosni-materijal\/rashladivanje\/"]}]},{"@type":"BreadcrumbList","@id":"https:\/\/www.electroluxprofessional.com\/hr\/dodaci-i-potrosni-materijal\/rashladivanje\/#breadcrumb","itemListElement":[{"@type":"ListItem","position":1,"name":"Po\u010detna stranica","item":"https:\/\/www.electroluxprofessional.com\/hr\/"},{"@type":"ListItem","position":2,"name":"Dodaci i potro\u0161ni materijal","item":"https:\/\/www.electroluxprofessional.com\/hr\/dodaci-i-potrosni-materijal\/"},{"@type":"ListItem","position":3,"name":"Dodaci i potro\u0161ni materijal Rashla\u0111ivanje"}]},{"@type":"WebSite","@id":"https:\/\/www.electroluxprofessional.com\/hr\/#website","url":"https:\/\/www.electroluxprofessional.com\/hr\/","name":"Electrolux Professional Hrvatska","description":"","potentialAction":[{"@type":"SearchAction","target":{"@type":"EntryPoint","urlTemplate":"https:\/\/www.electroluxprofessional.com\/hr\/?src={search_term_string}"},"query-input":"required name=search_term_string"}],"inLanguage":"hr"}]}},"_links":{"self":[{"href":"https:\/\/www.electroluxprofessional.com\/hr\/wp-json\/wp\/v2\/pages\/3000"}],"collection":[{"href":"https:\/\/www.electroluxprofessional.com\/hr\/wp-json\/wp\/v2\/pages"}],"about":[{"href":"https:\/\/www.electroluxprofessional.com\/hr\/wp-json\/wp\/v2\/types\/page"}],"author":[{"embeddable":true,"href":"https:\/\/www.electroluxprofessional.com\/hr\/wp-json\/wp\/v2\/users\/4"}],"replies":[{"embeddable":true,"href":"https:\/\/www.electroluxprofessional.com\/hr\/wp-json\/wp\/v2\/comments?post=3000"}],"version-history":[{"count":8,"href":"https:\/\/www.electroluxprofessional.com\/hr\/wp-json\/wp\/v2\/pages\/3000\/revisions"}],"predecessor-version":[{"id":118980,"href":"https:\/\/www.electroluxprofessional.com\/hr\/wp-json\/wp\/v2\/pages\/3000\/revisions\/118980"}],"up":[{"embeddable":true,"href":"https:\/\/www.electroluxprofessional.com\/hr\/wp-json\/wp\/v2\/pages\/2967"}],"wp:attachment":[{"href":"https:\/\/www.electroluxprofessional.com\/hr\/wp-json\/wp\/v2\/media?parent=3000"}],"curies":[{"name":"wp","href":"https:\/\/api.w.org\/{rel}","templated":true}]}}