{"id":2954,"date":"2017-05-09T09:40:40","date_gmt":"2017-05-09T09:40:40","guid":{"rendered":"https:\/\/www.electroluxprofessional.com\/hr\/?page_id=2954"},"modified":"2020-11-09T07:26:37","modified_gmt":"2020-11-09T07:26:37","slug":"centri-izvrsnosti","status":"publish","type":"page","link":"https:\/\/www.electroluxprofessional.com\/hr\/centri-izvrsnosti\/","title":{"rendered":"Centri izvrsnosti"},"content":{"rendered":"<p>[vc_row full_width=&#8221;electroluxpro-full-width-no-padding&#8221;][vc_column][elx_hero_title label=&#8221;&#8221; background_image=&#8221;598&#8243;][elx_heading font_container=&#8221;h1&#8243; text_color=&#8221;white&#8221;]Centri izvrsnosti[\/elx_heading][\/elx_hero_title][\/vc_column][\/vc_row][vc_row][vc_column][elx_heading text_color=&#8221;inherit&#8221;]U Moskvi se otvara novi izlo\u017ebeni prostor u kojemu se kombiniraju profesionalni i ku\u0107anski ure\u0111aji[\/elx_heading][\/vc_column][\/vc_row][vc_row][vc_column][vc_column_text]23.lipnja Electroluxov ured u Moskvi otvorio je novi izlo\u017ebeni prostor u kojemu je prikazan koncept jedinstvenog Electroluxa.<\/p>\n<p>Ovaj jedinstveni prostor kombinira profesionalne i ku\u0107anske ure\u0111aje \u2013 dva glavna stupa Electroluxovog poslovanja.[\/vc_column_text][\/vc_column][\/vc_row][vc_row][vc_column width=&#8221;1\/3&#8243;][vc_column_text]Dvije funkcionalne kuhinje (profesionalna i ku\u0107na), profesionalna zona za pranje rublja, predavaonica i detaljna izlo\u017eba ku\u0107anskih ure\u0111aja za brigu o tkaninama, pripremu hrane i \u010di\u0161\u0107enju ku\u0107e ure\u0111ene su na podru\u010dju od 421 metra kvadratnog pored Electroluxovog ureda kako bi se stvorila dobra pri\u010da za na\u0161e klijente i potro\u0161a\u010de.[\/vc_column_text][\/vc_column][vc_column width=&#8221;2\/3&#8243;][vc_row_inner css=&#8221;.vc_custom_1482327757942{margin-right: 0px !important;margin-left: 0px !important;border-right-width: 0px !important;border-left-width: 0px !important;padding-right: 0px !important;padding-left: 0px !important;}&#8221;][vc_column_inner width=&#8221;1\/2&#8243; css=&#8221;.vc_custom_1482327773047{margin-left: 0px !important;border-left-width: 0px !important;padding-left: 0px !important;}&#8221;][elx_image_block background_image=&#8221;1928&#8243; minimum_height=&#8221;266px&#8221;][\/vc_column_inner][vc_column_inner width=&#8221;1\/2&#8243; css=&#8221;.vc_custom_1482327779077{margin-right: 0px !important;border-right-width: 0px !important;padding-right: 0px !important;}&#8221;][elx_image_block background_image=&#8221;1929&#8243; minimum_height=&#8221;266px&#8221;][\/vc_column_inner][\/vc_row_inner][\/vc_column][\/vc_row][vc_row][vc_column][vc_column_text]Na ceremoniji otvorenja Harri Paivaniemi, glavni direktor Electroluxa u Rusiji, naglasio je presudnu va\u017enost suradnje izme\u0111u dva glavna Electroluxova podru\u010dja poslovanja, profesionalnih i ku\u0107anskih ure\u0111aja kao strate\u0161ki va\u017ene za tvrtku.[\/vc_column_text][\/vc_column][\/vc_row][vc_row][vc_column width=&#8221;1\/3&#8243;][vc_column_text]Jedinstveni Electroluxov izlo\u017ebeni prostor najbolji je na\u010din inspiriranja na\u0161ih partnera i klijenata s profesionalnim iskustvom, inovacijama i izvornom stru\u010dno\u0161\u0107u dizajniranja kroz sve Electroluxove kategorije koje u svakom aspektu dodiruju \u017eivote na\u0161ih kupaca.[\/vc_column_text][\/vc_column][vc_column width=&#8221;2\/3&#8243;][elx_image_block background_image=&#8221;1930&#8243; minimum_height=&#8221;297px&#8221;][\/vc_column][\/vc_row][vc_row][vc_column][vc_empty_space][elx_heading text_color=&#8221;inherit&#8221;]Neprofitni doga\u0111aj u Centru izvrsnosti (CoE) u Singapuru[\/elx_heading][vc_empty_space height=&#8221;15px&#8221;][\/vc_column][\/vc_row][vc_row][vc_column width=&#8221;1\/2&#8243;][vc_column_text]Centar izvrsnosti u Singapuru imao je \u010dast odr\u017eavanja na\u0161eg prvog neprofitnog doga\u0111aja s DOT Singapur.<\/p>\n<p>K\u0107eri sutra\u0161njice (DOT) organizacija je sa sjedi\u0161tem u Singapuru, koja omogu\u0107uje i osna\u017euje \u017eene slabijeg imovinskog stanja tako da im gradi samopouzdanje, razvija vje\u0161tine i poti\u010de zapo\u0161ljavanje.<\/p>\n<p>To je bila izvrsna prezentacija i zna\u010dajna prilika da se odu\u017eimo dru\u0161tvu.<\/p>\n<p>Direktori Royal ugostiteljstva i Kate ugostiteljstva u me\u0111uvremenu su posjetili COE za pokaznu prezentaciju kuhanja i hla\u0111enja te grupnog kuhanja na tavi za pirjanje pod pritiskom.[\/vc_column_text][\/vc_column][vc_column width=&#8221;1\/2&#8243;][elx_image_block background_image=&#8221;1931&#8243; minimum_height=&#8221;400px&#8221;][\/vc_column][\/vc_row][vc_row][vc_column][vc_column_text]Ure\u0111aji koje je osigurao Electrolux mogli bi im pomo\u0107i u pove\u0107anju produktivnosti i minimalizirati utro\u0161eno vrijeme i stres.<\/p>\n<p>Inovacija i tehnologija za bolje sutra ono su \u0161to Electrolux \u010dine impresivnim.[\/vc_column_text][\/vc_column][\/vc_row][vc_row][vc_column][elx_heading font_container=&#8221;h3&#8243; font_size=&#8221;h2&#8243; text_color=&#8221;inherit&#8221;]20 Centara izvrsnosti diljem svijeta s vi\u0161e od<br \/>\n15 000 posjetitelja godi\u0161nje[\/elx_heading][vc_column_text]Vi\u0161e od 60 kuhara iz jedinstvene Electroluxove kulinarske akademije aktivne diljem svijeta i brojni stru\u010dnjaci za pranje rublja osiguravaju obuku i savjete na\u0161im klijentima, kombiniraju\u0107i globalno iskustvo i najnaprednije znanje u kuhinji i pranju rublja.[\/vc_column_text][vc_single_image image=&#8221;1932&#8243; img_size=&#8221;full&#8221;][\/vc_column][\/vc_row][vc_row][vc_column][elx_heading text_color=&#8221;inherit&#8221;]Centar izvrsnosti u Italiji[\/elx_heading][\/vc_column][\/vc_row][vc_row][vc_column width=&#8221;2\/3&#8243;][vc_column_text]Centar izvrsnosti u na\u0161em sjedi\u0161tu moderan je i funkcionalan izlo\u017ebeni prostor koji stru\u010dnjacima u poslu pripreme hrane i hotelijerstva nudi jedinstveno edukativno iskustvo.[\/vc_column_text][\/vc_column][vc_column width=&#8221;1\/3&#8243;][vc_single_image image=&#8221;1933&#8243; img_size=&#8221;full&#8221;][\/vc_column][\/vc_row][vc_row][vc_column][vc_column_text]<\/p>\n<ul>\n<li>3 500 m2 posve\u0107eno seminarima, treningu, radionicama i doga\u0111ajima<\/li>\n<li><a href=\"https:\/\/www.electroluxprofessional.com\/hr\/kutak-za-sefove\/electrolux-professional-chef-academy\/\">Electrolux Professionalova kulinarska akademija<\/a><\/li>\n<li>4 kuhinje za obuku<\/li>\n<li>restoran tvrtke opremljen u stilu \u201evizualnog laboratorija\u201c<\/li>\n<li>raspored seminara nadahnut te\u010dajevima za obuku najboljih kulinarskih \u0161kola<\/li>\n<li>vi\u0161e od 6 000 gostiju godi\u0161nje<\/li>\n<\/ul>\n<p>[\/vc_column_text][\/vc_column][\/vc_row][vc_row disable_element=&#8221;yes&#8221;][vc_column][elx_heading font_container=&#8221;h3&#8243; text_color=&#8221;inherit&#8221;]Take a virtual tour of the Italian Center of Excellence[\/elx_heading][vc_column_text]<span style=\"color: #ff6600;\">Img virtual tour<\/span>[\/vc_column_text][\/vc_column][\/vc_row][vc_row][vc_column][vc_empty_space][elx_heading font_container=&#8221;h3&#8243; text_color=&#8221;inherit&#8221;]Mo\u017eda vam se tako\u0111er svidi:[\/elx_heading][\/vc_column][\/vc_row][vc_row][vc_column width=&#8221;1\/3&#8243;][elx_maylike_box id_box=&#8221;1917&#8243;][\/vc_column][vc_column width=&#8221;1\/3&#8243;][elx_maylike_box id_box=&#8221;1918&#8243;][\/vc_column][vc_column width=&#8221;1\/3&#8243;][elx_maylike_box id_box=&#8221;1916&#8243;][\/vc_column][\/vc_row]<\/p>\n","protected":false},"excerpt":{"rendered":"<p>[vc_row full_width=&#8221;electroluxpro-full-width-no-padding&#8221;][vc_column][elx_hero_title label=&#8221;&#8221; background_image=&#8221;598&#8243;][elx_heading font_container=&#8221;h1&#8243; text_color=&#8221;white&#8221;]Centri izvrsnosti[\/elx_heading][\/elx_hero_title][\/vc_column][\/vc_row][vc_row][vc_column][elx_heading text_color=&#8221;inherit&#8221;]U Moskvi se otvara novi izlo\u017ebeni prostor u kojemu se kombiniraju profesionalni i ku\u0107anski ure\u0111aji[\/elx_heading][\/vc_column][\/vc_row][vc_row][vc_column][vc_column_text]23.lipnja Electroluxov ured u Moskvi otvorio je novi izlo\u017ebeni prostor u kojemu je prikazan koncept jedinstvenog Electroluxa. Ovaj jedinstveni prostor kombinira profesionalne i ku\u0107anske ure\u0111aje \u2013 dva glavna stupa Electroluxovog poslovanja.[\/vc_column_text][\/vc_column][\/vc_row][vc_row][vc_column width=&#8221;1\/3&#8243;][vc_column_text]Dvije funkcionalne kuhinje [&hellip;]<\/p>\n","protected":false},"author":4,"featured_media":0,"parent":0,"menu_order":0,"comment_status":"closed","ping_status":"closed","template":"","meta":{"footnotes":""},"class_list":["post-2954","page","type-page","status-publish","hentry"],"acf":[],"yoast_head":"<!-- This site is optimized with the Yoast SEO plugin v23.3 - https:\/\/yoast.com\/wordpress\/plugins\/seo\/ -->\n<title>Centri izvrsnosti - Electrolux Professional Hrvatska<\/title>\n<meta name=\"robots\" content=\"index, follow, max-snippet:-1, max-image-preview:large, max-video-preview:-1\" \/>\n<link rel=\"canonical\" href=\"https:\/\/www.electroluxprofessional.com\/hr\/centri-izvrsnosti\/\" \/>\n<meta property=\"og:locale\" content=\"hr_HR\" \/>\n<meta property=\"og:type\" content=\"article\" \/>\n<meta property=\"og:title\" content=\"Centri izvrsnosti - Electrolux Professional Hrvatska\" \/>\n<meta property=\"og:description\" content=\"[vc_row full_width=&#8221;electroluxpro-full-width-no-padding&#8221;][vc_column][elx_hero_title label=&#8221;&#8221; background_image=&#8221;598&#8243;][elx_heading font_container=&#8221;h1&#8243; text_color=&#8221;white&#8221;]Centri izvrsnosti[\/elx_heading][\/elx_hero_title][\/vc_column][\/vc_row][vc_row][vc_column][elx_heading text_color=&#8221;inherit&#8221;]U Moskvi se otvara novi izlo\u017ebeni prostor u kojemu se kombiniraju profesionalni i ku\u0107anski ure\u0111aji[\/elx_heading][\/vc_column][\/vc_row][vc_row][vc_column][vc_column_text]23.lipnja Electroluxov ured u Moskvi otvorio je novi izlo\u017ebeni prostor u kojemu je prikazan koncept jedinstvenog Electroluxa. Ovaj jedinstveni prostor kombinira profesionalne i ku\u0107anske ure\u0111aje \u2013 dva glavna stupa Electroluxovog poslovanja.[\/vc_column_text][\/vc_column][\/vc_row][vc_row][vc_column width=&#8221;1\/3&#8243;][vc_column_text]Dvije funkcionalne kuhinje [&hellip;]\" \/>\n<meta property=\"og:url\" content=\"https:\/\/www.electroluxprofessional.com\/hr\/centri-izvrsnosti\/\" \/>\n<meta property=\"og:site_name\" content=\"Electrolux Professional Hrvatska\" \/>\n<meta property=\"article:modified_time\" content=\"2020-11-09T07:26:37+00:00\" \/>\n<meta name=\"twitter:card\" content=\"summary_large_image\" \/>\n<meta name=\"twitter:label1\" content=\"Procijenjeno vrijeme \u010ditanja\" \/>\n\t<meta name=\"twitter:data1\" content=\"5 minuta\" \/>\n<script type=\"application\/ld+json\" class=\"yoast-schema-graph\">{\"@context\":\"https:\/\/schema.org\",\"@graph\":[{\"@type\":\"WebPage\",\"@id\":\"https:\/\/www.electroluxprofessional.com\/hr\/centri-izvrsnosti\/\",\"url\":\"https:\/\/www.electroluxprofessional.com\/hr\/centri-izvrsnosti\/\",\"name\":\"Centri izvrsnosti - Electrolux Professional Hrvatska\",\"isPartOf\":{\"@id\":\"https:\/\/www.electroluxprofessional.com\/hr\/#website\"},\"datePublished\":\"2017-05-09T09:40:40+00:00\",\"dateModified\":\"2020-11-09T07:26:37+00:00\",\"breadcrumb\":{\"@id\":\"https:\/\/www.electroluxprofessional.com\/hr\/centri-izvrsnosti\/#breadcrumb\"},\"inLanguage\":\"hr\",\"potentialAction\":[{\"@type\":\"ReadAction\",\"target\":[\"https:\/\/www.electroluxprofessional.com\/hr\/centri-izvrsnosti\/\"]}]},{\"@type\":\"BreadcrumbList\",\"@id\":\"https:\/\/www.electroluxprofessional.com\/hr\/centri-izvrsnosti\/#breadcrumb\",\"itemListElement\":[{\"@type\":\"ListItem\",\"position\":1,\"name\":\"Po\u010detna stranica\",\"item\":\"https:\/\/www.electroluxprofessional.com\/hr\/\"},{\"@type\":\"ListItem\",\"position\":2,\"name\":\"Centri izvrsnosti\"}]},{\"@type\":\"WebSite\",\"@id\":\"https:\/\/www.electroluxprofessional.com\/hr\/#website\",\"url\":\"https:\/\/www.electroluxprofessional.com\/hr\/\",\"name\":\"Electrolux Professional Hrvatska\",\"description\":\"\",\"potentialAction\":[{\"@type\":\"SearchAction\",\"target\":{\"@type\":\"EntryPoint\",\"urlTemplate\":\"https:\/\/www.electroluxprofessional.com\/hr\/?src={search_term_string}\"},\"query-input\":\"required name=search_term_string\"}],\"inLanguage\":\"hr\"}]}<\/script>\n<!-- \/ Yoast SEO plugin. -->","yoast_head_json":{"title":"Centri izvrsnosti - Electrolux Professional Hrvatska","robots":{"index":"index","follow":"follow","max-snippet":"max-snippet:-1","max-image-preview":"max-image-preview:large","max-video-preview":"max-video-preview:-1"},"canonical":"https:\/\/www.electroluxprofessional.com\/hr\/centri-izvrsnosti\/","og_locale":"hr_HR","og_type":"article","og_title":"Centri izvrsnosti - Electrolux Professional Hrvatska","og_description":"[vc_row full_width=&#8221;electroluxpro-full-width-no-padding&#8221;][vc_column][elx_hero_title label=&#8221;&#8221; background_image=&#8221;598&#8243;][elx_heading font_container=&#8221;h1&#8243; text_color=&#8221;white&#8221;]Centri izvrsnosti[\/elx_heading][\/elx_hero_title][\/vc_column][\/vc_row][vc_row][vc_column][elx_heading text_color=&#8221;inherit&#8221;]U Moskvi se otvara novi izlo\u017ebeni prostor u kojemu se kombiniraju profesionalni i ku\u0107anski ure\u0111aji[\/elx_heading][\/vc_column][\/vc_row][vc_row][vc_column][vc_column_text]23.lipnja Electroluxov ured u Moskvi otvorio je novi izlo\u017ebeni prostor u kojemu je prikazan koncept jedinstvenog Electroluxa. Ovaj jedinstveni prostor kombinira profesionalne i ku\u0107anske ure\u0111aje \u2013 dva glavna stupa Electroluxovog poslovanja.[\/vc_column_text][\/vc_column][\/vc_row][vc_row][vc_column width=&#8221;1\/3&#8243;][vc_column_text]Dvije funkcionalne kuhinje [&hellip;]","og_url":"https:\/\/www.electroluxprofessional.com\/hr\/centri-izvrsnosti\/","og_site_name":"Electrolux Professional Hrvatska","article_modified_time":"2020-11-09T07:26:37+00:00","twitter_card":"summary_large_image","twitter_misc":{"Procijenjeno vrijeme \u010ditanja":"5 minuta"},"schema":{"@context":"https:\/\/schema.org","@graph":[{"@type":"WebPage","@id":"https:\/\/www.electroluxprofessional.com\/hr\/centri-izvrsnosti\/","url":"https:\/\/www.electroluxprofessional.com\/hr\/centri-izvrsnosti\/","name":"Centri izvrsnosti - Electrolux Professional Hrvatska","isPartOf":{"@id":"https:\/\/www.electroluxprofessional.com\/hr\/#website"},"datePublished":"2017-05-09T09:40:40+00:00","dateModified":"2020-11-09T07:26:37+00:00","breadcrumb":{"@id":"https:\/\/www.electroluxprofessional.com\/hr\/centri-izvrsnosti\/#breadcrumb"},"inLanguage":"hr","potentialAction":[{"@type":"ReadAction","target":["https:\/\/www.electroluxprofessional.com\/hr\/centri-izvrsnosti\/"]}]},{"@type":"BreadcrumbList","@id":"https:\/\/www.electroluxprofessional.com\/hr\/centri-izvrsnosti\/#breadcrumb","itemListElement":[{"@type":"ListItem","position":1,"name":"Po\u010detna stranica","item":"https:\/\/www.electroluxprofessional.com\/hr\/"},{"@type":"ListItem","position":2,"name":"Centri izvrsnosti"}]},{"@type":"WebSite","@id":"https:\/\/www.electroluxprofessional.com\/hr\/#website","url":"https:\/\/www.electroluxprofessional.com\/hr\/","name":"Electrolux Professional Hrvatska","description":"","potentialAction":[{"@type":"SearchAction","target":{"@type":"EntryPoint","urlTemplate":"https:\/\/www.electroluxprofessional.com\/hr\/?src={search_term_string}"},"query-input":"required name=search_term_string"}],"inLanguage":"hr"}]}},"_links":{"self":[{"href":"https:\/\/www.electroluxprofessional.com\/hr\/wp-json\/wp\/v2\/pages\/2954"}],"collection":[{"href":"https:\/\/www.electroluxprofessional.com\/hr\/wp-json\/wp\/v2\/pages"}],"about":[{"href":"https:\/\/www.electroluxprofessional.com\/hr\/wp-json\/wp\/v2\/types\/page"}],"author":[{"embeddable":true,"href":"https:\/\/www.electroluxprofessional.com\/hr\/wp-json\/wp\/v2\/users\/4"}],"replies":[{"embeddable":true,"href":"https:\/\/www.electroluxprofessional.com\/hr\/wp-json\/wp\/v2\/comments?post=2954"}],"version-history":[{"count":5,"href":"https:\/\/www.electroluxprofessional.com\/hr\/wp-json\/wp\/v2\/pages\/2954\/revisions"}],"predecessor-version":[{"id":6850,"href":"https:\/\/www.electroluxprofessional.com\/hr\/wp-json\/wp\/v2\/pages\/2954\/revisions\/6850"}],"wp:attachment":[{"href":"https:\/\/www.electroluxprofessional.com\/hr\/wp-json\/wp\/v2\/media?parent=2954"}],"curies":[{"name":"wp","href":"https:\/\/api.w.org\/{rel}","templated":true}]}}