{"id":2260,"date":"2017-05-03T09:05:30","date_gmt":"2017-05-03T09:05:30","guid":{"rendered":"https:\/\/www.electroluxprofessional.com\/hr\/?page_id=2260"},"modified":"2020-04-19T09:28:58","modified_gmt":"2020-04-19T09:28:58","slug":"kotlovi-zakretne-pecenjare-i-multifunkcionalne-pecnice","status":"publish","type":"page","link":"https:\/\/www.electroluxprofessional.com\/hr\/kotlovi-zakretne-pecenjare-i-multifunkcionalne-pecnice\/","title":{"rendered":"Kotlovi, zakretne pe\u010denjare i multifunkcionalne pe\u0107nice"},"content":{"rendered":"<p>[vc_row full_width=&#8221;electroluxpro-full-width-no-padding&#8221;][vc_column][elx_hero_slider text_position=&#8221;hero_slider_text_align_right&#8221; label_text_color=&#8221;inherit&#8221; images=&#8221;1735&#8243;][elx_heading font_container=&#8221;h1&#8243; font_size=&#8221;h2&#8243; text_color=&#8221;orange&#8221;]Kotlovi, zakretne pe\u010denjare i multifunkcionalne pe\u0107nice[\/elx_heading][elx_heading font_size=&#8221;h4&#8243; text_color=&#8221;inherit&#8221;]Br\u017ee hla\u0111enje, ve\u0107a produktivnost i u\u0161teda.<br \/>\nTri vrhunska aspekta za va\u0161u kantinu[\/elx_heading][\/elx_hero_slider][\/vc_column][\/vc_row][vc_row][vc_column][vc_empty_space height=&#8221;132px&#8221;][\/vc_column][\/vc_row][vc_row][vc_column width=&#8221;1\/2&#8243;][vc_single_image image=&#8221;1731&#8243; img_size=&#8221;full&#8221; style=&#8221;vc_box_circle_2&#8243;][\/vc_column][vc_column width=&#8221;1\/2&#8243;][elx_heading font_size=&#8221;h3&#8243; text_color=&#8221;inherit&#8221;]Jednostavniji tijek rada i ve\u0107a produktivnost u manjem prostoru[\/elx_heading][vc_column_text]Jednostavniji tijek rada strate\u0161ki je va\u017ean za kantine koje na dan pripremaju tisu\u0107e obroka.<br \/>\nHigijena i sigurnost moraju biti sastavni dio opreme koju upotrebljavate.<br \/>\nRazumijemo izazove s kojima se suo\u010davate, tako da vam suradnja s nama pru\u017ea najnovija kuhinjska rje\u0161enja<\/p>\n<ul>\n<li>Br\u017ee hla\u0111enje<\/li>\n<li>Ve\u0107a produktivnost<\/li>\n<li>U\u0161teda<\/li>\n<\/ul>\n<p>Tri vrhunska aspekta za va\u0161e poslovanje.[\/vc_column_text][\/vc_column][\/vc_row][vc_row][vc_column][vc_empty_space][\/vc_column][\/vc_row][vc_row][vc_column width=&#8221;1\/3&#8243;][vc_single_image image=&#8221;1732&#8243; img_size=&#8221;large&#8221; alignment=&#8221;center&#8221;][elx_heading font_size=&#8221;h4&#8243; text_color=&#8221;inherit&#8221; text_align=&#8221;text-center&#8221;]Hla\u0111enje u rekordnom vremenu[\/elx_heading][vc_column_text]Ohladite 300 litara u samo 70 minuta od 100 \u00b0C do 5 \u00b0C s pomo\u0107u hla\u0111enja ledenom vodom.[\/vc_column_text][\/vc_column][vc_column width=&#8221;1\/3&#8243;][vc_single_image image=&#8221;1733&#8243; img_size=&#8221;large&#8221; alignment=&#8221;center&#8221;][elx_heading font_size=&#8221;h4&#8243; text_color=&#8221;inherit&#8221; text_align=&#8221;text-center&#8221;]Pove\u0107ajte svoju produktivnost<br \/>\n[\/elx_heading][vc_column_text]u manjem prostoru zahvaljuju\u0107i kompaktnoj veli\u010dini ure\u0111aja.[\/vc_column_text][\/vc_column][vc_column width=&#8221;1\/3&#8243;][vc_single_image image=&#8221;1734&#8243; img_size=&#8221;large&#8221; alignment=&#8221;center&#8221;][elx_heading font_size=&#8221;h4&#8243; text_color=&#8221;inherit&#8221; text_align=&#8221;text-center&#8221;]U\u0161tedite 50 % vi\u0161e vremena<br \/>\n[\/elx_heading][vc_column_text]mije\u0161anjem u sna\u017enoj Promix mije\u0161alici. Brzo i nje\u017eno mije\u0161anje guste hrane kao \u0161to je pire krumpir.[\/vc_column_text][\/vc_column][\/vc_row][vc_row][vc_column width=&#8221;2\/3&#8243;][elx_image_block background_image=&#8221;1730&#8243; minimum_height=&#8221;260px&#8221;][\/vc_column][vc_column width=&#8221;1\/3&#8243;][elx_download_block text=&#8221;Pametni kotlovi<br \/>\n&#8221; link=&#8221;files.professional.electrolux.com\/docs\/?n=CLF-9JER08&amp;b=5&amp;l=1&#8243; background_color=&#8221;electrolux-blue&#8221; reveal_effect=&#8221;&#8221; reveal_duration=&#8221;&#8221; reveal_delay=&#8221;&#8221;][\/vc_column][\/vc_row][vc_row][vc_column][vc_empty_space height=&#8221;50px&#8221;][elx_heading font_container=&#8221;h3&#8243; font_size=&#8221;h3&#8243; text_color=&#8221;inherit&#8221; text_align=&#8221;text-center&#8221;]Prona\u0111ite idealan paket za va\u0161e poslovanje<br \/>\n[\/elx_heading][\/vc_column][\/vc_row][vc_row][vc_column width=&#8221;1\/3&#8243;][elx_maylike_box id_box=&#8221;337&#8243;][\/vc_column][vc_column width=&#8221;1\/3&#8243;][elx_maylike_box id_box=&#8221;738&#8243;][\/vc_column][vc_column width=&#8221;1\/3&#8243;][elx_maylike_box id_box=&#8221;374&#8243;][\/vc_column][\/vc_row][vc_row][vc_column][vc_empty_space height=&#8221;50px&#8221;][elx_heading font_container=&#8221;h3&#8243; font_size=&#8221;h3&#8243; text_color=&#8221;inherit&#8221;]Trebate pomo\u0107?<br \/>\nObratite se na\u0161im stru\u010dnjacima!<br \/>\n[\/elx_heading][\/vc_column][\/vc_row][vc_row][vc_column][elx_o2000_contact_us r=&#8221;\u017delim saznati vi\u0161e o Electroluxovim pametnim kotlovima i ostalim industrijskim ure\u0111ajima za kuhanje. Molim da me kontaktirate.&#8221; s=&#8221;Request of information about Smart Boiling Pans and other industrial cooking appliances.&#8221; country=&#8221;Croatia&#8221; l=&#8221;hr&#8221; container=&#8221;elxcontactus1478533364&#8243;][vc_empty_space height=&#8221;50px&#8221;][\/vc_column][\/vc_row]<\/p>\n","protected":false},"excerpt":{"rendered":"<p>[vc_row full_width=&#8221;electroluxpro-full-width-no-padding&#8221;][vc_column][elx_hero_slider text_position=&#8221;hero_slider_text_align_right&#8221; label_text_color=&#8221;inherit&#8221; images=&#8221;1735&#8243;][elx_heading font_container=&#8221;h1&#8243; font_size=&#8221;h2&#8243; text_color=&#8221;orange&#8221;]Kotlovi, zakretne pe\u010denjare i multifunkcionalne pe\u0107nice[\/elx_heading][elx_heading font_size=&#8221;h4&#8243; text_color=&#8221;inherit&#8221;]Br\u017ee hla\u0111enje, ve\u0107a produktivnost i u\u0161teda. Tri vrhunska aspekta za va\u0161u kantinu[\/elx_heading][\/elx_hero_slider][\/vc_column][\/vc_row][vc_row][vc_column][vc_empty_space height=&#8221;132px&#8221;][\/vc_column][\/vc_row][vc_row][vc_column width=&#8221;1\/2&#8243;][vc_single_image image=&#8221;1731&#8243; img_size=&#8221;full&#8221; style=&#8221;vc_box_circle_2&#8243;][\/vc_column][vc_column width=&#8221;1\/2&#8243;][elx_heading font_size=&#8221;h3&#8243; text_color=&#8221;inherit&#8221;]Jednostavniji tijek rada i ve\u0107a produktivnost u manjem prostoru[\/elx_heading][vc_column_text]Jednostavniji tijek rada strate\u0161ki je va\u017ean za kantine koje na dan pripremaju tisu\u0107e obroka. [&hellip;]<\/p>\n","protected":false},"author":4,"featured_media":0,"parent":0,"menu_order":0,"comment_status":"closed","ping_status":"closed","template":"","meta":{"footnotes":""},"class_list":["post-2260","page","type-page","status-publish","hentry"],"acf":[],"yoast_head":"<!-- This site is optimized with the Yoast SEO plugin v23.3 - https:\/\/yoast.com\/wordpress\/plugins\/seo\/ -->\n<title>Kotlovi, zakretne pe\u010denjare i multifunkcionalne pe\u0107nice - Electrolux Professional Hrvatska<\/title>\n<meta name=\"robots\" content=\"index, follow, max-snippet:-1, max-image-preview:large, max-video-preview:-1\" \/>\n<link rel=\"canonical\" href=\"https:\/\/www.electroluxprofessional.com\/hr\/kotlovi-zakretne-pecenjare-i-multifunkcionalne-pecnice\/\" \/>\n<meta property=\"og:locale\" content=\"hr_HR\" \/>\n<meta property=\"og:type\" content=\"article\" \/>\n<meta property=\"og:title\" content=\"Kotlovi, zakretne pe\u010denjare i multifunkcionalne pe\u0107nice - Electrolux Professional Hrvatska\" \/>\n<meta property=\"og:description\" content=\"[vc_row full_width=&#8221;electroluxpro-full-width-no-padding&#8221;][vc_column][elx_hero_slider text_position=&#8221;hero_slider_text_align_right&#8221; label_text_color=&#8221;inherit&#8221; images=&#8221;1735&#8243;][elx_heading font_container=&#8221;h1&#8243; font_size=&#8221;h2&#8243; text_color=&#8221;orange&#8221;]Kotlovi, zakretne pe\u010denjare i multifunkcionalne pe\u0107nice[\/elx_heading][elx_heading font_size=&#8221;h4&#8243; text_color=&#8221;inherit&#8221;]Br\u017ee hla\u0111enje, ve\u0107a produktivnost i u\u0161teda. Tri vrhunska aspekta za va\u0161u kantinu[\/elx_heading][\/elx_hero_slider][\/vc_column][\/vc_row][vc_row][vc_column][vc_empty_space height=&#8221;132px&#8221;][\/vc_column][\/vc_row][vc_row][vc_column width=&#8221;1\/2&#8243;][vc_single_image image=&#8221;1731&#8243; img_size=&#8221;full&#8221; style=&#8221;vc_box_circle_2&#8243;][\/vc_column][vc_column width=&#8221;1\/2&#8243;][elx_heading font_size=&#8221;h3&#8243; text_color=&#8221;inherit&#8221;]Jednostavniji tijek rada i ve\u0107a produktivnost u manjem prostoru[\/elx_heading][vc_column_text]Jednostavniji tijek rada strate\u0161ki je va\u017ean za kantine koje na dan pripremaju tisu\u0107e obroka. [&hellip;]\" \/>\n<meta property=\"og:url\" content=\"https:\/\/www.electroluxprofessional.com\/hr\/kotlovi-zakretne-pecenjare-i-multifunkcionalne-pecnice\/\" \/>\n<meta property=\"og:site_name\" content=\"Electrolux Professional Hrvatska\" \/>\n<meta property=\"article:modified_time\" content=\"2020-04-19T09:28:58+00:00\" \/>\n<meta name=\"twitter:card\" content=\"summary_large_image\" \/>\n<meta name=\"twitter:label1\" content=\"Procijenjeno vrijeme \u010ditanja\" \/>\n\t<meta name=\"twitter:data1\" content=\"3 minute\" \/>\n<script type=\"application\/ld+json\" class=\"yoast-schema-graph\">{\"@context\":\"https:\/\/schema.org\",\"@graph\":[{\"@type\":\"WebPage\",\"@id\":\"https:\/\/www.electroluxprofessional.com\/hr\/kotlovi-zakretne-pecenjare-i-multifunkcionalne-pecnice\/\",\"url\":\"https:\/\/www.electroluxprofessional.com\/hr\/kotlovi-zakretne-pecenjare-i-multifunkcionalne-pecnice\/\",\"name\":\"Kotlovi, zakretne pe\u010denjare i multifunkcionalne pe\u0107nice - Electrolux Professional Hrvatska\",\"isPartOf\":{\"@id\":\"https:\/\/www.electroluxprofessional.com\/hr\/#website\"},\"datePublished\":\"2017-05-03T09:05:30+00:00\",\"dateModified\":\"2020-04-19T09:28:58+00:00\",\"breadcrumb\":{\"@id\":\"https:\/\/www.electroluxprofessional.com\/hr\/kotlovi-zakretne-pecenjare-i-multifunkcionalne-pecnice\/#breadcrumb\"},\"inLanguage\":\"hr\",\"potentialAction\":[{\"@type\":\"ReadAction\",\"target\":[\"https:\/\/www.electroluxprofessional.com\/hr\/kotlovi-zakretne-pecenjare-i-multifunkcionalne-pecnice\/\"]}]},{\"@type\":\"BreadcrumbList\",\"@id\":\"https:\/\/www.electroluxprofessional.com\/hr\/kotlovi-zakretne-pecenjare-i-multifunkcionalne-pecnice\/#breadcrumb\",\"itemListElement\":[{\"@type\":\"ListItem\",\"position\":1,\"name\":\"Po\u010detna stranica\",\"item\":\"https:\/\/www.electroluxprofessional.com\/hr\/\"},{\"@type\":\"ListItem\",\"position\":2,\"name\":\"Kotlovi, zakretne pe\u010denjare i multifunkcionalne pe\u0107nice\"}]},{\"@type\":\"WebSite\",\"@id\":\"https:\/\/www.electroluxprofessional.com\/hr\/#website\",\"url\":\"https:\/\/www.electroluxprofessional.com\/hr\/\",\"name\":\"Electrolux Professional Hrvatska\",\"description\":\"\",\"potentialAction\":[{\"@type\":\"SearchAction\",\"target\":{\"@type\":\"EntryPoint\",\"urlTemplate\":\"https:\/\/www.electroluxprofessional.com\/hr\/?src={search_term_string}\"},\"query-input\":\"required name=search_term_string\"}],\"inLanguage\":\"hr\"}]}<\/script>\n<!-- \/ Yoast SEO plugin. -->","yoast_head_json":{"title":"Kotlovi, zakretne pe\u010denjare i multifunkcionalne pe\u0107nice - Electrolux Professional Hrvatska","robots":{"index":"index","follow":"follow","max-snippet":"max-snippet:-1","max-image-preview":"max-image-preview:large","max-video-preview":"max-video-preview:-1"},"canonical":"https:\/\/www.electroluxprofessional.com\/hr\/kotlovi-zakretne-pecenjare-i-multifunkcionalne-pecnice\/","og_locale":"hr_HR","og_type":"article","og_title":"Kotlovi, zakretne pe\u010denjare i multifunkcionalne pe\u0107nice - Electrolux Professional Hrvatska","og_description":"[vc_row full_width=&#8221;electroluxpro-full-width-no-padding&#8221;][vc_column][elx_hero_slider text_position=&#8221;hero_slider_text_align_right&#8221; label_text_color=&#8221;inherit&#8221; images=&#8221;1735&#8243;][elx_heading font_container=&#8221;h1&#8243; font_size=&#8221;h2&#8243; text_color=&#8221;orange&#8221;]Kotlovi, zakretne pe\u010denjare i multifunkcionalne pe\u0107nice[\/elx_heading][elx_heading font_size=&#8221;h4&#8243; text_color=&#8221;inherit&#8221;]Br\u017ee hla\u0111enje, ve\u0107a produktivnost i u\u0161teda. Tri vrhunska aspekta za va\u0161u kantinu[\/elx_heading][\/elx_hero_slider][\/vc_column][\/vc_row][vc_row][vc_column][vc_empty_space height=&#8221;132px&#8221;][\/vc_column][\/vc_row][vc_row][vc_column width=&#8221;1\/2&#8243;][vc_single_image image=&#8221;1731&#8243; img_size=&#8221;full&#8221; style=&#8221;vc_box_circle_2&#8243;][\/vc_column][vc_column width=&#8221;1\/2&#8243;][elx_heading font_size=&#8221;h3&#8243; text_color=&#8221;inherit&#8221;]Jednostavniji tijek rada i ve\u0107a produktivnost u manjem prostoru[\/elx_heading][vc_column_text]Jednostavniji tijek rada strate\u0161ki je va\u017ean za kantine koje na dan pripremaju tisu\u0107e obroka. [&hellip;]","og_url":"https:\/\/www.electroluxprofessional.com\/hr\/kotlovi-zakretne-pecenjare-i-multifunkcionalne-pecnice\/","og_site_name":"Electrolux Professional Hrvatska","article_modified_time":"2020-04-19T09:28:58+00:00","twitter_card":"summary_large_image","twitter_misc":{"Procijenjeno vrijeme \u010ditanja":"3 minute"},"schema":{"@context":"https:\/\/schema.org","@graph":[{"@type":"WebPage","@id":"https:\/\/www.electroluxprofessional.com\/hr\/kotlovi-zakretne-pecenjare-i-multifunkcionalne-pecnice\/","url":"https:\/\/www.electroluxprofessional.com\/hr\/kotlovi-zakretne-pecenjare-i-multifunkcionalne-pecnice\/","name":"Kotlovi, zakretne pe\u010denjare i multifunkcionalne pe\u0107nice - Electrolux Professional Hrvatska","isPartOf":{"@id":"https:\/\/www.electroluxprofessional.com\/hr\/#website"},"datePublished":"2017-05-03T09:05:30+00:00","dateModified":"2020-04-19T09:28:58+00:00","breadcrumb":{"@id":"https:\/\/www.electroluxprofessional.com\/hr\/kotlovi-zakretne-pecenjare-i-multifunkcionalne-pecnice\/#breadcrumb"},"inLanguage":"hr","potentialAction":[{"@type":"ReadAction","target":["https:\/\/www.electroluxprofessional.com\/hr\/kotlovi-zakretne-pecenjare-i-multifunkcionalne-pecnice\/"]}]},{"@type":"BreadcrumbList","@id":"https:\/\/www.electroluxprofessional.com\/hr\/kotlovi-zakretne-pecenjare-i-multifunkcionalne-pecnice\/#breadcrumb","itemListElement":[{"@type":"ListItem","position":1,"name":"Po\u010detna stranica","item":"https:\/\/www.electroluxprofessional.com\/hr\/"},{"@type":"ListItem","position":2,"name":"Kotlovi, zakretne pe\u010denjare i multifunkcionalne pe\u0107nice"}]},{"@type":"WebSite","@id":"https:\/\/www.electroluxprofessional.com\/hr\/#website","url":"https:\/\/www.electroluxprofessional.com\/hr\/","name":"Electrolux Professional Hrvatska","description":"","potentialAction":[{"@type":"SearchAction","target":{"@type":"EntryPoint","urlTemplate":"https:\/\/www.electroluxprofessional.com\/hr\/?src={search_term_string}"},"query-input":"required name=search_term_string"}],"inLanguage":"hr"}]}},"_links":{"self":[{"href":"https:\/\/www.electroluxprofessional.com\/hr\/wp-json\/wp\/v2\/pages\/2260"}],"collection":[{"href":"https:\/\/www.electroluxprofessional.com\/hr\/wp-json\/wp\/v2\/pages"}],"about":[{"href":"https:\/\/www.electroluxprofessional.com\/hr\/wp-json\/wp\/v2\/types\/page"}],"author":[{"embeddable":true,"href":"https:\/\/www.electroluxprofessional.com\/hr\/wp-json\/wp\/v2\/users\/4"}],"replies":[{"embeddable":true,"href":"https:\/\/www.electroluxprofessional.com\/hr\/wp-json\/wp\/v2\/comments?post=2260"}],"version-history":[{"count":5,"href":"https:\/\/www.electroluxprofessional.com\/hr\/wp-json\/wp\/v2\/pages\/2260\/revisions"}],"predecessor-version":[{"id":5448,"href":"https:\/\/www.electroluxprofessional.com\/hr\/wp-json\/wp\/v2\/pages\/2260\/revisions\/5448"}],"wp:attachment":[{"href":"https:\/\/www.electroluxprofessional.com\/hr\/wp-json\/wp\/v2\/media?parent=2260"}],"curies":[{"name":"wp","href":"https:\/\/api.w.org\/{rel}","templated":true}]}}