{"id":117302,"date":"2024-04-09T09:16:24","date_gmt":"2024-04-09T09:16:24","guid":{"rendered":"https:\/\/www.electroluxprofessional.com\/hr\/?page_id=117302"},"modified":"2025-11-06T13:35:50","modified_gmt":"2025-11-06T13:35:50","slug":"oprema-za-zavrsnu-obradu","status":"publish","type":"page","link":"https:\/\/www.electroluxprofessional.com\/hr\/praonicka-oprema\/oprema-za-zavrsnu-obradu\/","title":{"rendered":"Oprema za zavr\u0161nu obradu"},"content":{"rendered":"<p>[vc_row full_width=&#8221;electroluxpro-full-width-no-padding&#8221;][vc_column][elx_image_block background_image=&#8221;733&#8243; minimum_height=&#8221;350px&#8221;][\/vc_column][\/vc_row][vc_row][vc_column][vc_empty_space][elx_heading font_container=&#8221;h1&#8243; font_size=&#8221;h3&#8243; text_color=&#8221;inherit&#8221;]Oprema za zavr\u0161nu obradu[\/elx_heading][elx_heading font_size=&#8221;h5&#8243; text_color=&#8221;inherit&#8221;]Oprema za zavr\u0161nu obradu koja va\u0161e poslovanje \u010dini vrhunskim[\/elx_heading][vc_empty_space][\/vc_column][\/vc_row][vc_row][vc_column width=&#8221;1\/2&#8243;][vc_single_image image=&#8221;891&#8243; img_size=&#8221;large&#8221;][\/vc_column][vc_column width=&#8221;1\/2&#8243;][vc_column_text]Opremu za zavr\u0161nu obradu tvrtke Electrolux Professional mo\u017eete odabrati iz <strong><b>potpunog asortimana visokoautomatiziranih pre\u0161a za gla\u010danje jednostavnih za upotrebu do stolova za gla\u010danje s elektri\u010dnim grijanjem<\/b><\/strong>\u00a0za mala ili velika poduze\u0107a, ovisno o va\u0161im potrebama.<\/p>\n<p>Osim \u0161to pove\u0107ava produktivnost va\u0161e praonice rublja, na\u0161a oprema za zavr\u0161nu obradu osigurava vrhunsku zavr\u0161nu obradu, za svaki odjevni predmet.<\/p>\n<p><strong><b>Njega ko\u0161ulja \u2013 savr\u0161eno rje\u0161enje za zavr\u0161nu obradu ko\u0161ulja<\/b><\/strong><br \/>\nNa\u0161e rje\u0161enje mo\u017ee uklju\u010divati sljede\u0107u opremu: stolovi za gla\u010danje, lutke za zavr\u0161nu obradu ko\u0161ulja, pre\u0161e za ovratnike i orukavnike.[\/vc_column_text][vc_column_text]<strong><b>Njega hla\u010da \u2013 nabori i crte<\/b><\/strong><br \/>\nElectrolux Professional sustavi za zavr\u0161nu obradu hla\u010da dizajnirani su za maksimalnu sigurnost operatera. Oprema je tako\u0111er jednostavna za upotrebu, \u0161to omogu\u0107uje obradu velikog broja odjevnih predmeta.<\/p>\n<p><strong><b>Njega kaputa i jakni<\/b><\/strong><br \/>\nVi\u0161enamjenski ure\u0111aj za zavr\u0161nu obradu tvrtke Electrolux Professional toliko je u\u010dinkovit da jedan operater mo\u017ee obraditi do 40 jakni u jednom satu. Jednostavni mikroprocesor pohranjuje do devet programa i upravlja svim funkcijama.[\/vc_column_text][\/vc_column][\/vc_row][vc_row][vc_column width=&#8221;1\/3&#8243;][vc_empty_space][vc_single_image image=&#8221;1757&#8243; img_size=&#8221;full&#8221;][\/vc_column][vc_column width=&#8221;1\/3&#8243;][vc_single_image image=&#8221;1758&#8243; img_size=&#8221;full&#8221;][\/vc_column][vc_column width=&#8221;1\/3&#8243;][vc_empty_space][vc_single_image image=&#8221;1759&#8243; img_size=&#8221;full&#8221;][\/vc_column][\/vc_row][vc_row][vc_column][vc_empty_space height=&#8221;50px&#8221;][elx_heading font_size=&#8221;h3&#8243; text_color=&#8221;inherit&#8221; text_align=&#8221;text-left&#8221;]Otkrijte \u0161to na\u0161a oprema za zavr\u0161nu obradu mo\u017ee u\u010diniti za va\u0161e poslovanje[\/elx_heading][elx_o2000_contact_us s=&#8221;Zahtjev za informacije o opremi za zavr\u0161nu obradu&#8221; country=&#8221;Croatia&#8221; b=&#8221;laundry&#8221; container=&#8221;elxcontactus1478705376&#8243; r=&#8221;\u017delim saznati vi\u0161e o opremi za zavr\u0161nu obradu. Molim vas da mi se javite.&#8221;][vc_empty_space height=&#8221;50px&#8221;][\/vc_column][\/vc_row][vc_row css=&#8221;.vc_custom_1555676687407{background-color: #eeeeee !important;}&#8221;][vc_column][elx_heading font_size=&#8221;h3&#8243; text_color=&#8221;inherit&#8221; text_align=&#8221;text-left&#8221;]Prona\u0111ite svoje cjelovito rje\u0161enje.[\/elx_heading][\/vc_column][\/vc_row][vc_row css=&#8221;.vc_custom_1555676707046{background-color: #eeeeee !important;}&#8221;][vc_column width=&#8221;1\/3&#8243;][elx_maylike_box id_box=&#8221;2839&#8243;][\/vc_column][vc_column width=&#8221;1\/3&#8243;][elx_maylike_box id_box=&#8221;2802&#8243;][\/vc_column][vc_column width=&#8221;1\/3&#8243;][elx_maylike_box id_box=&#8221;2811&#8243;][\/vc_column][\/vc_row][vc_row][vc_column][vc_empty_space height=&#8221;50px&#8221;][\/vc_column][\/vc_row]<\/p>\n","protected":false},"excerpt":{"rendered":"<p>[vc_row full_width=&#8221;electroluxpro-full-width-no-padding&#8221;][vc_column][elx_image_block background_image=&#8221;733&#8243; minimum_height=&#8221;350px&#8221;][\/vc_column][\/vc_row][vc_row][vc_column][vc_empty_space][elx_heading font_container=&#8221;h1&#8243; font_size=&#8221;h3&#8243; text_color=&#8221;inherit&#8221;]Oprema za zavr\u0161nu obradu[\/elx_heading][elx_heading font_size=&#8221;h5&#8243; text_color=&#8221;inherit&#8221;]Oprema za zavr\u0161nu obradu koja va\u0161e poslovanje \u010dini vrhunskim[\/elx_heading][vc_empty_space][\/vc_column][\/vc_row][vc_row][vc_column width=&#8221;1\/2&#8243;][vc_single_image image=&#8221;891&#8243; img_size=&#8221;large&#8221;][\/vc_column][vc_column width=&#8221;1\/2&#8243;][vc_column_text]Opremu za zavr\u0161nu obradu tvrtke Electrolux Professional mo\u017eete odabrati iz potpunog asortimana visokoautomatiziranih pre\u0161a za gla\u010danje jednostavnih za upotrebu do stolova za gla\u010danje s elektri\u010dnim grijanjem\u00a0za mala ili velika poduze\u0107a, ovisno o [&hellip;]<\/p>\n","protected":false},"author":149,"featured_media":733,"parent":2858,"menu_order":0,"comment_status":"closed","ping_status":"closed","template":"","meta":{"footnotes":""},"class_list":["post-117302","page","type-page","status-publish","has-post-thumbnail","hentry"],"acf":[],"yoast_head":"<!-- This site is optimized with the Yoast SEO plugin v23.3 - https:\/\/yoast.com\/wordpress\/plugins\/seo\/ -->\n<title>Oprema za zavr\u0161nu obradu - Electrolux Professional Hrvatska<\/title>\n<meta name=\"description\" content=\"Oprema za zavr\u0161nu obradu koja va\u0161e poslovanje \u010dini vrhunskim. Vrhunska zavr\u0161na obrada za svaki odjevni predmet: ko\u0161ulje, hla\u010de, kaputi i jakne.\" \/>\n<meta name=\"robots\" content=\"index, follow, max-snippet:-1, max-image-preview:large, max-video-preview:-1\" \/>\n<link rel=\"canonical\" href=\"https:\/\/www.electroluxprofessional.com\/hr\/praonicka-oprema\/oprema-za-zavrsnu-obradu\/\" \/>\n<meta property=\"og:locale\" content=\"hr_HR\" \/>\n<meta property=\"og:type\" content=\"article\" \/>\n<meta property=\"og:title\" content=\"Oprema za zavr\u0161nu obradu - Electrolux Professional Hrvatska\" \/>\n<meta property=\"og:description\" content=\"Oprema za zavr\u0161nu obradu koja va\u0161e poslovanje \u010dini vrhunskim. Vrhunska zavr\u0161na obrada za svaki odjevni predmet: ko\u0161ulje, hla\u010de, kaputi i jakne.\" \/>\n<meta property=\"og:url\" content=\"https:\/\/www.electroluxprofessional.com\/hr\/praonicka-oprema\/oprema-za-zavrsnu-obradu\/\" \/>\n<meta property=\"og:site_name\" content=\"Electrolux Professional Hrvatska\" \/>\n<meta property=\"article:modified_time\" content=\"2025-11-06T13:35:50+00:00\" \/>\n<meta property=\"og:image\" content=\"https:\/\/www.electroluxprofessional.com\/hr\/wp-content\/uploads\/2016\/11\/finishing-quadro.jpg\" \/>\n\t<meta property=\"og:image:width\" content=\"616\" \/>\n\t<meta property=\"og:image:height\" content=\"616\" \/>\n\t<meta property=\"og:image:type\" content=\"image\/jpeg\" \/>\n<meta name=\"twitter:card\" content=\"summary_large_image\" \/>\n<meta name=\"twitter:label1\" content=\"Procijenjeno vrijeme \u010ditanja\" \/>\n\t<meta name=\"twitter:data1\" content=\"2 minute\" \/>\n<script type=\"application\/ld+json\" class=\"yoast-schema-graph\">{\"@context\":\"https:\/\/schema.org\",\"@graph\":[{\"@type\":\"WebPage\",\"@id\":\"https:\/\/www.electroluxprofessional.com\/hr\/praonicka-oprema\/oprema-za-zavrsnu-obradu\/\",\"url\":\"https:\/\/www.electroluxprofessional.com\/hr\/praonicka-oprema\/oprema-za-zavrsnu-obradu\/\",\"name\":\"Oprema za zavr\u0161nu obradu - Electrolux Professional Hrvatska\",\"isPartOf\":{\"@id\":\"https:\/\/www.electroluxprofessional.com\/hr\/#website\"},\"primaryImageOfPage\":{\"@id\":\"https:\/\/www.electroluxprofessional.com\/hr\/praonicka-oprema\/oprema-za-zavrsnu-obradu\/#primaryimage\"},\"image\":{\"@id\":\"https:\/\/www.electroluxprofessional.com\/hr\/praonicka-oprema\/oprema-za-zavrsnu-obradu\/#primaryimage\"},\"thumbnailUrl\":\"https:\/\/www.electroluxprofessional.com\/hr\/wp-content\/uploads\/2016\/11\/finishing-quadro.jpg\",\"datePublished\":\"2024-04-09T09:16:24+00:00\",\"dateModified\":\"2025-11-06T13:35:50+00:00\",\"description\":\"Oprema za zavr\u0161nu obradu koja va\u0161e poslovanje \u010dini vrhunskim. Vrhunska zavr\u0161na obrada za svaki odjevni predmet: ko\u0161ulje, hla\u010de, kaputi i jakne.\",\"breadcrumb\":{\"@id\":\"https:\/\/www.electroluxprofessional.com\/hr\/praonicka-oprema\/oprema-za-zavrsnu-obradu\/#breadcrumb\"},\"inLanguage\":\"hr\",\"potentialAction\":[{\"@type\":\"ReadAction\",\"target\":[\"https:\/\/www.electroluxprofessional.com\/hr\/praonicka-oprema\/oprema-za-zavrsnu-obradu\/\"]}]},{\"@type\":\"ImageObject\",\"inLanguage\":\"hr\",\"@id\":\"https:\/\/www.electroluxprofessional.com\/hr\/praonicka-oprema\/oprema-za-zavrsnu-obradu\/#primaryimage\",\"url\":\"https:\/\/www.electroluxprofessional.com\/hr\/wp-content\/uploads\/2016\/11\/finishing-quadro.jpg\",\"contentUrl\":\"https:\/\/www.electroluxprofessional.com\/hr\/wp-content\/uploads\/2016\/11\/finishing-quadro.jpg\",\"width\":616,\"height\":616,\"caption\":\"finishing\"},{\"@type\":\"BreadcrumbList\",\"@id\":\"https:\/\/www.electroluxprofessional.com\/hr\/praonicka-oprema\/oprema-za-zavrsnu-obradu\/#breadcrumb\",\"itemListElement\":[{\"@type\":\"ListItem\",\"position\":1,\"name\":\"Po\u010detna stranica\",\"item\":\"https:\/\/www.electroluxprofessional.com\/hr\/\"},{\"@type\":\"ListItem\",\"position\":2,\"name\":\"Praoni\u010dka oprema\",\"item\":\"https:\/\/www.electroluxprofessional.com\/hr\/praonicka-oprema\/\"},{\"@type\":\"ListItem\",\"position\":3,\"name\":\"Oprema za zavr\u0161nu obradu\"}]},{\"@type\":\"WebSite\",\"@id\":\"https:\/\/www.electroluxprofessional.com\/hr\/#website\",\"url\":\"https:\/\/www.electroluxprofessional.com\/hr\/\",\"name\":\"Electrolux Professional Hrvatska\",\"description\":\"\",\"potentialAction\":[{\"@type\":\"SearchAction\",\"target\":{\"@type\":\"EntryPoint\",\"urlTemplate\":\"https:\/\/www.electroluxprofessional.com\/hr\/?src={search_term_string}\"},\"query-input\":\"required name=search_term_string\"}],\"inLanguage\":\"hr\"}]}<\/script>\n<!-- \/ Yoast SEO plugin. -->","yoast_head_json":{"title":"Oprema za zavr\u0161nu obradu - Electrolux Professional Hrvatska","description":"Oprema za zavr\u0161nu obradu koja va\u0161e poslovanje \u010dini vrhunskim. Vrhunska zavr\u0161na obrada za svaki odjevni predmet: ko\u0161ulje, hla\u010de, kaputi i jakne.","robots":{"index":"index","follow":"follow","max-snippet":"max-snippet:-1","max-image-preview":"max-image-preview:large","max-video-preview":"max-video-preview:-1"},"canonical":"https:\/\/www.electroluxprofessional.com\/hr\/praonicka-oprema\/oprema-za-zavrsnu-obradu\/","og_locale":"hr_HR","og_type":"article","og_title":"Oprema za zavr\u0161nu obradu - Electrolux Professional Hrvatska","og_description":"Oprema za zavr\u0161nu obradu koja va\u0161e poslovanje \u010dini vrhunskim. Vrhunska zavr\u0161na obrada za svaki odjevni predmet: ko\u0161ulje, hla\u010de, kaputi i jakne.","og_url":"https:\/\/www.electroluxprofessional.com\/hr\/praonicka-oprema\/oprema-za-zavrsnu-obradu\/","og_site_name":"Electrolux Professional Hrvatska","article_modified_time":"2025-11-06T13:35:50+00:00","og_image":[{"width":616,"height":616,"url":"https:\/\/www.electroluxprofessional.com\/hr\/wp-content\/uploads\/2016\/11\/finishing-quadro.jpg","type":"image\/jpeg"}],"twitter_card":"summary_large_image","twitter_misc":{"Procijenjeno vrijeme \u010ditanja":"2 minute"},"schema":{"@context":"https:\/\/schema.org","@graph":[{"@type":"WebPage","@id":"https:\/\/www.electroluxprofessional.com\/hr\/praonicka-oprema\/oprema-za-zavrsnu-obradu\/","url":"https:\/\/www.electroluxprofessional.com\/hr\/praonicka-oprema\/oprema-za-zavrsnu-obradu\/","name":"Oprema za zavr\u0161nu obradu - Electrolux Professional Hrvatska","isPartOf":{"@id":"https:\/\/www.electroluxprofessional.com\/hr\/#website"},"primaryImageOfPage":{"@id":"https:\/\/www.electroluxprofessional.com\/hr\/praonicka-oprema\/oprema-za-zavrsnu-obradu\/#primaryimage"},"image":{"@id":"https:\/\/www.electroluxprofessional.com\/hr\/praonicka-oprema\/oprema-za-zavrsnu-obradu\/#primaryimage"},"thumbnailUrl":"https:\/\/www.electroluxprofessional.com\/hr\/wp-content\/uploads\/2016\/11\/finishing-quadro.jpg","datePublished":"2024-04-09T09:16:24+00:00","dateModified":"2025-11-06T13:35:50+00:00","description":"Oprema za zavr\u0161nu obradu koja va\u0161e poslovanje \u010dini vrhunskim. Vrhunska zavr\u0161na obrada za svaki odjevni predmet: ko\u0161ulje, hla\u010de, kaputi i jakne.","breadcrumb":{"@id":"https:\/\/www.electroluxprofessional.com\/hr\/praonicka-oprema\/oprema-za-zavrsnu-obradu\/#breadcrumb"},"inLanguage":"hr","potentialAction":[{"@type":"ReadAction","target":["https:\/\/www.electroluxprofessional.com\/hr\/praonicka-oprema\/oprema-za-zavrsnu-obradu\/"]}]},{"@type":"ImageObject","inLanguage":"hr","@id":"https:\/\/www.electroluxprofessional.com\/hr\/praonicka-oprema\/oprema-za-zavrsnu-obradu\/#primaryimage","url":"https:\/\/www.electroluxprofessional.com\/hr\/wp-content\/uploads\/2016\/11\/finishing-quadro.jpg","contentUrl":"https:\/\/www.electroluxprofessional.com\/hr\/wp-content\/uploads\/2016\/11\/finishing-quadro.jpg","width":616,"height":616,"caption":"finishing"},{"@type":"BreadcrumbList","@id":"https:\/\/www.electroluxprofessional.com\/hr\/praonicka-oprema\/oprema-za-zavrsnu-obradu\/#breadcrumb","itemListElement":[{"@type":"ListItem","position":1,"name":"Po\u010detna stranica","item":"https:\/\/www.electroluxprofessional.com\/hr\/"},{"@type":"ListItem","position":2,"name":"Praoni\u010dka oprema","item":"https:\/\/www.electroluxprofessional.com\/hr\/praonicka-oprema\/"},{"@type":"ListItem","position":3,"name":"Oprema za zavr\u0161nu obradu"}]},{"@type":"WebSite","@id":"https:\/\/www.electroluxprofessional.com\/hr\/#website","url":"https:\/\/www.electroluxprofessional.com\/hr\/","name":"Electrolux Professional Hrvatska","description":"","potentialAction":[{"@type":"SearchAction","target":{"@type":"EntryPoint","urlTemplate":"https:\/\/www.electroluxprofessional.com\/hr\/?src={search_term_string}"},"query-input":"required name=search_term_string"}],"inLanguage":"hr"}]}},"_links":{"self":[{"href":"https:\/\/www.electroluxprofessional.com\/hr\/wp-json\/wp\/v2\/pages\/117302"}],"collection":[{"href":"https:\/\/www.electroluxprofessional.com\/hr\/wp-json\/wp\/v2\/pages"}],"about":[{"href":"https:\/\/www.electroluxprofessional.com\/hr\/wp-json\/wp\/v2\/types\/page"}],"author":[{"embeddable":true,"href":"https:\/\/www.electroluxprofessional.com\/hr\/wp-json\/wp\/v2\/users\/149"}],"replies":[{"embeddable":true,"href":"https:\/\/www.electroluxprofessional.com\/hr\/wp-json\/wp\/v2\/comments?post=117302"}],"version-history":[{"count":4,"href":"https:\/\/www.electroluxprofessional.com\/hr\/wp-json\/wp\/v2\/pages\/117302\/revisions"}],"predecessor-version":[{"id":119019,"href":"https:\/\/www.electroluxprofessional.com\/hr\/wp-json\/wp\/v2\/pages\/117302\/revisions\/119019"}],"up":[{"embeddable":true,"href":"https:\/\/www.electroluxprofessional.com\/hr\/wp-json\/wp\/v2\/pages\/2858"}],"wp:featuredmedia":[{"embeddable":true,"href":"https:\/\/www.electroluxprofessional.com\/hr\/wp-json\/wp\/v2\/media\/733"}],"wp:attachment":[{"href":"https:\/\/www.electroluxprofessional.com\/hr\/wp-json\/wp\/v2\/media?parent=117302"}],"curies":[{"name":"wp","href":"https:\/\/api.w.org\/{rel}","templated":true}]}}