{"id":115792,"date":"2022-05-02T08:24:48","date_gmt":"2022-05-02T08:24:48","guid":{"rendered":"https:\/\/www.electroluxprofessional.com\/hr\/?page_id=115792"},"modified":"2026-03-05T07:48:34","modified_gmt":"2026-03-05T07:48:34","slug":"odrziva-rjesenja-za-dugorocnu-vrijednost","status":"publish","type":"page","link":"https:\/\/www.electroluxprofessional.com\/hr\/odrziva-rjesenja-za-dugorocnu-vrijednost\/","title":{"rendered":"Odr\u017eivost"},"content":{"rendered":"<p>[vc_row full_width=&#8221;electroluxpro-full-width-no-padding&#8221;][vc_column][elx_step_banner background_image=&#8221;115760&#8243; media_position=&#8221;media_left&#8221; background_colors=&#8221;background-sustainability&#8221; title_box=&#8221;Odr\u017eiva rje\u0161enja donose dugoro\u010dnu vrijednost za na\u0161e kupce diljem svijeta&#8221;][vc_empty_space height=&#8221;50px&#8221;][\/vc_column][\/vc_row][vc_row][vc_column width=&#8221;1\/3&#8243;][vc_empty_space][vc_column_text]<\/p>\n<h3>Dobar odabir<br \/>\nza planet<\/h3>\n<p>[\/vc_column_text][vc_empty_space height=&#8221;16px&#8221;][vc_column_text]Electrolux Professional na raspolaganju vam je kako bismo vam pomogli prona\u0107i najbolji put do odr\u017eive budu\u0107nosti. Postoje brojne prilike za pozitivan doprinos odabirom energetski u\u010dinkovitije i \u0161tedljivije opreme \u2013 ovo nisu dobre vijesti samo za planet, ve\u0107 i za va\u0161 poslovni uspjeh. Vrijeme je za dono\u0161enje ispravnih odluka.[\/vc_column_text][\/vc_column][vc_column width=&#8221;2\/3&#8243;][vc_empty_space][vc_single_image image=&#8221;115767&#8243; img_size=&#8221;full&#8221; alignment=&#8221;center&#8221;][vc_empty_space][\/vc_column][\/vc_row][vc_row][vc_column width=&#8221;2\/3&#8243;][vc_empty_space][vc_single_image image=&#8221;115768&#8243; img_size=&#8221;full&#8221; alignment=&#8221;center&#8221;][vc_empty_space][\/vc_column][vc_column width=&#8221;1\/3&#8243;][vc_empty_space][vc_column_text]<\/p>\n<h3>Odr\u017eivi<br \/>\npristup<\/h3>\n<p>[\/vc_column_text][vc_empty_space height=&#8221;16px&#8221;][vc_column_text]Na\u0161a je misija posao svojih klijenata \u010diniti jednostavnijim, isplativijim \u2013 i istinski odr\u017eivim, svakoga dana. Odr\u017eivost je klju\u010dna sastavnica na\u0161e strategije, poslovne kulture i poslovanja op\u0107enito.<br \/>\nCiljevi odr\u017eivog razvoja (COR) slu\u017ee nam poput kompasa. Svakog se dana trudimo unaprijediti odr\u017eivost u lancu vrijednosti na\u0161ih kupaca.[\/vc_column_text][\/vc_column][\/vc_row][vc_row full_width=&#8221;electroluxpro-full-width-no-padding&#8221;][vc_column width=&#8221;1\/3&#8243;][vc_empty_space height=&#8221;20px&#8221;][\/vc_column][vc_column width=&#8221;1\/3&#8243;][elx_download_block text=&#8221;Preuzmite bro\u0161uru o odr\u017eivosti&#8221; document_type=&#8221;brochures&#8221; file_picker=&#8221;41684&#8243; background_color=&#8221;sustainability&#8221;][\/vc_column][vc_column width=&#8221;1\/3&#8243;][vc_empty_space height=&#8221;20px&#8221;][\/vc_column][\/vc_row][vc_row full_width=&#8221;electroluxpro-full-width-no-padding&#8221;][vc_column][vc_empty_space height=&#8221;50px&#8221;][elx_step_banner background_image=&#8221;115761&#8243; media_position=&#8221;media_left&#8221; title_box=&#8221;Svoju predanost odr\u017eivoj budu\u0107nosti unaprje\u0111ujemo ekolo\u0161kom transparentno\u0161\u0107u.&#8221; src=&#8221;&#8220;https:\/\/www.electroluxprofessional.com\/hr\/wp-content\/uploads\/2022\/04\/Immagine-26.jpg&#8220;&#8221;][vc_empty_space height=&#8221;50px&#8221;][\/vc_column][\/vc_row][vc_row][vc_column width=&#8221;1\/4&#8243;][vc_single_image image=&#8221;115769&#8243; img_size=&#8221;medium&#8221; alignment=&#8221;center&#8221;][vc_empty_space height=&#8221;16px&#8221;][vc_single_image image=&#8221;115770&#8243; img_size=&#8221;medium&#8221; alignment=&#8221;center&#8221;][\/vc_column][vc_column width=&#8221;3\/4&#8243;][vc_column_text]<\/p>\n<h3>Klimatski neutralni do 2030.<\/h3>\n<p>Predani smo za\u0161titi okoli\u0161a, a sljede\u0107im generacijama u naslje\u0111e \u017eelimo ostaviti zdrav planet. Ne zadovoljavamo se jednostavnim smanjenjem svojega utjecaja na okoli\u0161 \u2013 ne, \u017eelimo i\u0107i i korak dalje:<\/p>\n<p>Podr\u017eavamo UN-ovu Agendu 2030. i s njom povezane \u201eCiljeve odr\u017eivog razvoja\u201c (COR)\u00a0<span class=\"s1\"><strong>te smo se obvezali postati klimatski neutralnima do 2030.<\/strong><\/span>[\/vc_column_text][vc_empty_space][\/vc_column][\/vc_row][vc_row][vc_column][vc_empty_space][vc_column_text]<\/p>\n<h3>COR koje aktivno podupiremo.<\/h3>\n<p>[\/vc_column_text][vc_empty_space][vc_tta_tabs active_section=&#8221;1&#8243;][vc_tta_section title=&#8221;COR 13 i 7&#8243; tab_id=&#8221;1645169342411-01acbca7-9b70&#8243;][vc_column_text]<\/p>\n<h4>Mjere borbe protiv klimatskih promjena te za cjenovno pristupa\u010dnu i \u010distu energiju<\/h4>\n<p>Electrolux Professional prepoznaje va\u017enost poduzimanja mjera potrebnih za ubla\u017eavanje klimatskih promjena te podr\u017eava ciljeve Pari\u0161kog sporazuma.\u00a0Vjerujemo da svoj doprinos mo\u017eemo dati na svim razinama na\u0161ega lanca vrijednosti, razvijanjem energetski u\u010dinkovitih proizvoda te pove\u0107avanjem energetske u\u010dinkovitosti svojega poslovanja.\u00a0Tako\u0111er \u017eelimo aktivno podr\u017eati i prelazak na obnovljive i nefosilne izvore energije.[\/vc_column_text][vc_empty_space][vc_row_inner][vc_column_inner width=&#8221;1\/4&#8243; css=&#8221;.vc_custom_1645170903054{margin-top: 10px !important;}&#8221;][vc_single_image image=&#8221;115771&#8243; img_size=&#8221;medium&#8221;][vc_empty_space][vc_single_image image=&#8221;115772&#8243; img_size=&#8221;medium&#8221;][\/vc_column_inner][vc_column_inner width=&#8221;3\/4&#8243;][vc_column_text]<strong>Na\u0161e najva\u017enije mjere:<\/strong><\/p>\n<ul>\n<li>Razvoj energetski u\u010dinkovitih proizvoda niske potro\u0161nje<\/li>\n<li>Utvr\u0111ivanje alternativa HFC plinovima (fluorougljicima)<\/li>\n<li>U\u010dinkovita upotreba materijala i resursa<\/li>\n<li>Smanjenje potro\u0161nje elektri\u010dne energije u na\u0161im tvornicama (interni sustav elektri\u010dne potpore upravljanju)<\/li>\n<li>ISO 50001 certifikacija u na\u0161im tvornicama<\/li>\n<li>Aktivna podr\u0161ka prelasku na obnovljivu energiju<\/li>\n<li>Izbjegavanje ulaganja u primjenu fosilnih goriva<\/li>\n<\/ul>\n<p>[\/vc_column_text][\/vc_column_inner][\/vc_row_inner][\/vc_tta_section][vc_tta_section title=&#8221;COR 6&#8243; tab_id=&#8221;1645170950298-2a5403f9-7165&#8243;][vc_column_text]<\/p>\n<h4>\u010cista voda i\u00a0<strong>objekti za sanitizaciju<\/strong><\/h4>\n<p>Vi\u0161e od 40 posto svjetske populacije pogo\u0111eno je nesta\u0161icama vode, a prognoze ukazuju na nastavak rasta ovog trenda.\u00a0Budu\u0107i da velik broj na\u0161ih proizvoda upotrebljava vodu, Electrolux Professional svoj doprinos mo\u017ee dati razvijanjem i ponudom proizvoda koji \u0161tede vodu.\u00a0\u017delimo doprinijeti o\u010duvanju lokalnih vodnih resursa u blizini na\u0161ih industrijskih lokacija \u2013 procjenom rizika povezanih s vodom i smanjivanje potro\u0161nje vode.[\/vc_column_text][vc_empty_space][vc_row_inner][vc_column_inner width=&#8221;1\/4&#8243; css=&#8221;.vc_custom_1645170903054{margin-top: 10px !important;}&#8221;][vc_single_image image=&#8221;115773&#8243; img_size=&#8221;medium&#8221;][\/vc_column_inner][vc_column_inner width=&#8221;3\/4&#8243;][vc_column_text]<strong>Na\u0161e najva\u017enije mjere:<\/strong><\/p>\n<ul>\n<li>razvoj vodno u\u010dinkovitih proizvoda niske potro\u0161nje<\/li>\n<li>procjene rizika povezanih s vodom u na\u0161emu vlastitom poslovanju<\/li>\n<li>smanjivanje upotrebe vode u na\u0161emu vlastitom poslovanju<br \/>\n(s osobitim naglaskom na zemljama pogo\u0111enim nesta\u0161icama vode)<\/li>\n<li>upravljanje ispu\u0161tanjem voda radi kontrole kvalitete i namjene.<\/li>\n<\/ul>\n<p>[\/vc_column_text][\/vc_column_inner][\/vc_row_inner][\/vc_tta_section][vc_tta_section title=&#8221;COR 8&#8243; tab_id=&#8221;1645171726970-493a5c38-fa5d&#8221;][vc_column_text]<\/p>\n<h4>Dostojanstven rad i gospodarski rast<\/h4>\n<p>Budu\u0107i da su na\u0161i zaposlenici najva\u017eniji \u010dimbenik dugoro\u010dnog uspjeha, kontinuirano smo predani razvoju radnog okru\u017eja koje omogu\u0107uje odr\u017eiv rad i u kojemu svi zaposlenici mogu dati najbolje od sebe.\u00a0Na\u0161a predanost zdravlju i sigurnosti vi\u0161e je od puke uskla\u0111enosti s propisima i zakonima.[\/vc_column_text][vc_empty_space][vc_row_inner][vc_column_inner width=&#8221;1\/4&#8243; css=&#8221;.vc_custom_1645170903054{margin-top: 10px !important;}&#8221;][vc_single_image image=&#8221;115774&#8243; img_size=&#8221;medium&#8221;][\/vc_column_inner][vc_column_inner width=&#8221;3\/4&#8243;][vc_column_text]<strong>Na\u0161e najva\u017enije mjere:<\/strong><\/p>\n<ul>\n<li>program sigurnosti i za\u0161tite na radu<\/li>\n<li>pri razvoju proizvoda, posebnu pozornost posve\u0107ujemo sigurnosti i ergonomiji proizvoda za korisnika (uklju\u010duju\u0107i i certifikacije dobivene od neovisnih tijela)<\/li>\n<li>nulta tolerancija prema ropstvu, trgovanju ljudima i radu djece<\/li>\n<li>po\u0161tovanje radni\u010dkih prava (konvencije MOR)<\/li>\n<li>edukacije vezane za Kodeks pona\u0161anja<\/li>\n<li>procjene dobavlja\u010da i postupci nabave.<\/li>\n<\/ul>\n<p>[\/vc_column_text][\/vc_column_inner][\/vc_row_inner][\/vc_tta_section][vc_tta_section title=&#8221;COR 12&#8243; tab_id=&#8221;1645172857785-a45ec508-7475&#8243;][vc_column_text]<\/p>\n<h4>Odr\u017eiva potro\u0161nja i proizvodnja<\/h4>\n<p>Kako bismo smanjili ekolo\u0161ki otisak na\u0161ih proizvoda i poslovanja, glavni smo naglasak stavili na razvoj odr\u017eivih proizvoda za na\u0161e kupce.\u00a0Na na\u0161im proizvodnim lokacijama glavni naglasak stavljamo na upravljanje i smanjivanje na\u0161eg utjecaja na okoli\u0161 u podru\u010djima kemikalija, emisija i otpada te na u\u010dinkovitu upotrebu resursa.[\/vc_column_text][vc_empty_space][vc_row_inner][vc_column_inner width=&#8221;1\/4&#8243; css=&#8221;.vc_custom_1645170903054{margin-top: 10px !important;}&#8221;][vc_single_image image=&#8221;115775&#8243; img_size=&#8221;medium&#8221;][\/vc_column_inner][vc_column_inner width=&#8221;3\/4&#8243;][vc_column_text]<strong>Na\u0161e najva\u017enije mjere:<\/strong><\/p>\n<ul>\n<li>sustav upravljanja okoli\u0161em u na\u0161em poslovanju (sustav za\u0161tite okoli\u0161a), uklju\u010duju\u0107i i certifikacije neovisnih tijela prema normi ISO 14001 (regulatorna uskla\u0111enost, gospodarenje kemijskim tvarima, gospodarenje otpadnim vodama, upravljanje emisijama i gospodarenje otpadom)<\/li>\n<li>ekolo\u0161ka u\u010dinkovitost u na\u0161em poslovanju (voda, energija, otpad itd.)<\/li>\n<li>u\u010dinkovita upotreba materijala<\/li>\n<li>izvje\u0161\u0107e o odr\u017eivosti<\/li>\n<li>odr\u017eive inovacije i pove\u0107anje u\u010dinkovitosti proizvoda<\/li>\n<li>br\u017ee uklju\u010divanje zaposlenika<\/li>\n<li>po\u0161tovanje radni\u010dkih i ljudskih prava.<\/li>\n<\/ul>\n<p>[\/vc_column_text][\/vc_column_inner][\/vc_row_inner][\/vc_tta_section][vc_tta_section title=&#8221;COR 5&#8243; tab_id=&#8221;1645173401571-a72a5ecb-49a9&#8243;][vc_column_text]<\/p>\n<h4>Ravnopravnost spolova<\/h4>\n<p>Electrolux Professional cijeni raznolikost i inkluziju te osu\u0111uje diskriminaciju i uznemiravanje.\u00a0Te\u017eimo pove\u0107anju udjela \u017eena na rukovode\u0107im pozicijama na svim razinama tvrtke.[\/vc_column_text][vc_empty_space][vc_row_inner][vc_column_inner width=&#8221;1\/4&#8243; css=&#8221;.vc_custom_1645170903054{margin-top: 10px !important;}&#8221;][vc_single_image image=&#8221;115776&#8243; img_size=&#8221;medium&#8221;][\/vc_column_inner][vc_column_inner width=&#8221;3\/4&#8243;][vc_column_text]<strong>Na\u0161e najva\u017enije mjere:<\/strong><\/p>\n<ul>\n<li>protudiskriminacijske mjere<\/li>\n<li>aktivno promicanje raznolikosti i inkluzije<\/li>\n<\/ul>\n<p>[\/vc_column_text][\/vc_column_inner][\/vc_row_inner][\/vc_tta_section][vc_tta_section title=&#8221;Ostalo&#8221; tab_id=&#8221;1645180532270-901e455c-17e8&#8243;][vc_column_text]<\/p>\n<h4>COR 3 \u2013 Zdravlje i dobrobit<\/h4>\n<p>Nudimo rje\u0161enja za odr\u017eavanje higijene i dezinfekciju koja poma\u017eu u sprje\u010davanju \u0161irenja infekcija i bolesti.\u00a0Tako\u0111er radimo na promicanju zdravlja i sigurnosti na\u0161ih zaposlenika na \u010demu s njima aktivno sura\u0111ujemo.<\/p>\n<h4>COR 17 \u2013 Partnerstva radi postizanja ciljeva<\/h4>\n<p>Tvrtka Electrolux Professional potpisnik je Svjetskoga sporazuma UN-a te je uklju\u010dena u razli\u010dita partnerstva za podr\u0161ku odr\u017eivom razvoju.\u00a0Godine 2020. glavni izvr\u0161ni direktor tvrtke Electrolux Professional potpisao je\u00a0<a href=\"https:\/\/ungc-communications-assets.s3.amazonaws.com\/docs\/publications\/UN75_UnitingBusinessStatement.pdf\">Izjavu poslovnih lidera o obnovljenoj svjetskoj suradnji.<\/a><\/p>\n<h4>COR 16 \u2013 Mir, pravda i sna\u017ene institucije<\/h4>\n<p>Tvrtka Electrolux Professional potpisnik je Svjetskoga sporazuma UN-a te je predana provo\u0111enju njegovih 10 na\u010dela koja se odnose na ljudska prava, rad, borbu protiv korupcije i za\u0161titu okoli\u0161a.<\/p>\n<h4>COR 11 \u2013 Odr\u017eivi gradovi i zajednice<\/h4>\n<p>Tvrtka Electrolux Professional uklju\u010dena je u suradnju u izgradnji odr\u017eivih zajednica.\u00a0Uvjereni smo da na\u0161a u\u010dinkovita i izdr\u017eljiva rje\u0161enja u okviru ekonomije dijeljenja mogu doprinijeti stvaranju odr\u017eivijih gradova i zajednica.[\/vc_column_text][vc_empty_space][\/vc_tta_section][\/vc_tta_tabs][\/vc_column][\/vc_row][vc_row full_width=&#8221;electroluxpro-full-width-no-padding&#8221; el_id=&#8221;SavingsAnchor&#8221;][vc_column][vc_empty_space height=&#8221;50px&#8221;][elx_step_banner background_image=&#8221;115762&#8243; media_position=&#8221;media_left&#8221; background_colors=&#8221;background-laundry&#8221; title_box=&#8221;Odr\u017eiva<br \/>\nrje\u0161enja za praoni\u010dku opremu&#8221; src=&#8221;&#8220;https:\/\/www.electroluxprofessional.com\/hr\/wp-content\/uploads\/2022\/04\/Immagine-26.jpg&#8220;&#8221; text_box=&#8221;Besprijekorno \u010dista posteljina zahtijeva potro\u0161nju vode, energije i deterd\u017eenata. Tvrtka Electrolux Professional koristi tehnologiju i inovacije kako bi stvorila resursno u\u010dinkovite proizvode s malim utjecajem na okoli\u0161 i osigurala da njezini kupci uvijek budu korak ispred u smislu odr\u017eivoga poslovanja.&#8221;][vc_empty_space height=&#8221;50px&#8221;][\/vc_column][\/vc_row][vc_row css=&#8221;.vc_custom_1649930159153{background-color: #d3e1eb !important;}&#8221;][vc_column][vc_empty_space height=&#8221;50px&#8221;][vc_column_text]<\/p>\n<h2 style=\"text-align: center;\">\u010ciste inovacije<\/h2>\n<p>[\/vc_column_text][vc_empty_space height=&#8221;20px&#8221;][vc_column_text]<\/p>\n<p style=\"text-align: center;\">Electrolux Professional <strong>Linija 6000<\/strong> predstavlja vrhunac <strong>20 godina inovacija <\/strong> nude\u0107i jednostavna praoni\u010dka rje\u0161enja za kupce i osiguravaju\u0107i odr\u017eivost.<\/p>\n<p>[\/vc_column_text][vc_empty_space height=&#8221;20px&#8221;][vc_row_inner][vc_column_inner width=&#8221;1\/3&#8243;][vc_empty_space height=&#8221;20px&#8221;][vc_single_image image=&#8221;115777&#8243; img_size=&#8221;large&#8221;][vc_empty_space height=&#8221;20px&#8221;][vc_column_text]<\/p>\n<h4 style=\"text-align: center;\">40 % manja potro\u0161nja vode<br \/>\nna\u0161ih perilica rublja<\/h4>\n<p>[\/vc_column_text][vc_empty_space][elx_button button_text=&#8221;Saznajte vi\u0161e&#8221; button_display_block=&#8221;display_block_on&#8221; button_alignment=&#8221;align_center&#8221; button_link=&#8221;url:https%3A%2F%2Fwww.electroluxprofessional.com%2Fhr%2Fpraonicka-oprema%2Fprofesionalne-perilice-rublja%2F|title:Profesionalne%20perilice%20rublja|target:_blank&#8221;][\/vc_column_inner][vc_column_inner width=&#8221;1\/3&#8243;][vc_empty_space height=&#8221;20px&#8221;][vc_single_image image=&#8221;115778&#8243; img_size=&#8221;large&#8221;][vc_empty_space height=&#8221;20px&#8221;][vc_column_text]<\/p>\n<h4 style=\"text-align: center;\">40 % manja potro\u0161nja elektri\u010dne energije<br \/>\nna\u0161ih ormari\u0107a za su\u0161enje rublja<\/h4>\n<p>[\/vc_column_text][vc_empty_space height=&#8221;20px&#8221;][elx_button button_text=&#8221;Saznajte vi\u0161e&#8221; button_display_block=&#8221;display_block_on&#8221; button_alignment=&#8221;align_center&#8221; button_link=&#8221;url:https%3A%2F%2Fwww.electroluxprofessional.com%2Fhr%2Fpraonicka-oprema%2Formarici-za-susenje%2F|title:Ormari%C4%87i%20za%20su%C5%A1enje|target:_blank&#8221;][\/vc_column_inner][vc_column_inner width=&#8221;1\/3&#8243;][vc_empty_space height=&#8221;20px&#8221;][vc_single_image image=&#8221;115779&#8243; img_size=&#8221;large&#8221;][vc_empty_space height=&#8221;20px&#8221;][vc_column_text]<\/p>\n<h4 style=\"text-align: center;\">60 % manja potro\u0161nja elektri\u010dne energije<br \/>\nna\u0161ih su\u0161ilica rublja<\/h4>\n<p>[\/vc_column_text][vc_empty_space height=&#8221;20px&#8221;][elx_button button_text=&#8221;Saznajte vi\u0161e&#8221; button_display_block=&#8221;display_block_on&#8221; button_alignment=&#8221;align_center&#8221; button_link=&#8221;url:https%3A%2F%2Fwww.electroluxprofessional.com%2Fhr%2Fsusilice-rublja%2Fsusilice-rublja-linija-6000%2F|title:Su%C5%A1ilice%20rublja%20Linija%206000|target:_blank&#8221;][\/vc_column_inner][\/vc_row_inner][vc_empty_space height=&#8221;50px&#8221;][vc_row_inner][vc_column_inner width=&#8221;1\/4&#8243;][vc_empty_space height=&#8221;20px&#8221;][\/vc_column_inner][vc_column_inner width=&#8221;2\/4&#8243;][vc_empty_space height=&#8221;20px&#8221;][elx_image align=&#8221;text-center&#8221; image_media_library=&#8221;115808&#8243; image_media_library_mobile=&#8221;115808&#8243;][vc_empty_space height=&#8221;20px&#8221;][vc_column_text]<\/p>\n<h4 style=\"text-align: center;\">20 % ve\u0107a u\u0161teda plina<br \/>\nna\u0161ih valjaka za gla\u010danje<\/h4>\n<p>[\/vc_column_text][vc_empty_space height=&#8221;20px&#8221;][elx_button button_text=&#8221;Saznajte vi\u0161e&#8221; button_display_block=&#8221;display_block_on&#8221; button_alignment=&#8221;align_center&#8221; button_link=&#8221;url:https%3A%2F%2Fwww.electroluxprofessional.com%2Fhr%2Fglacala%2F|title:Valjci%20za%20gla%C4%8Danje|target:_blank&#8221;][\/vc_column_inner][vc_column_inner width=&#8221;1\/4&#8243;][vc_empty_space height=&#8221;20px&#8221;][\/vc_column_inner][\/vc_row_inner][vc_empty_space height=&#8221;50px&#8221;][vc_row_inner][vc_column_inner width=&#8221;1\/2&#8243; css=&#8221;.vc_custom_1649938714735{padding-right: 0px !important;padding-left: 0px !important;}&#8221;][elx_image_block background_image=&#8221;115763&#8243; minimum_height=&#8221;500px&#8221;][\/vc_column_inner][vc_column_inner width=&#8221;1\/2&#8243; css=&#8221;.vc_custom_1649938636673{margin-right: 0px !important;padding-right: 0px !important;padding-left: 0px !important;}&#8221;][vc_single_image image=&#8221;115780&#8243; img_size=&#8221;medium&#8221; alignment=&#8221;center&#8221; css=&#8221;.vc_custom_1649938657444{padding-top: 50px !important;}&#8221;][vc_empty_space][vc_column_text css=&#8221;.vc_custom_1651745294693{padding-right: 50px !important;padding-left: 50px !important;}&#8221;]<span style=\"font-size: 25px;\">Certificirana stru\u010dnost koja \u0107e vam svakodnevno pru\u017eiti nenadma\u0161nu u\u010dinkovitost i rezultate.<\/span>[\/vc_column_text][vc_empty_space][elx_button button_text=&#8221;Upoznajte na\u0161 asortiman ekolo\u0161kih deterd\u017eenata za pranje rublja.&#8221; button_display_block=&#8221;display_block_on&#8221; button_alignment=&#8221;align_center&#8221; button_link=&#8221;url:https%3A%2F%2Fwww.electroluxprofessional.com%2Fhr%2Fdodaci-i-potrosni-materijal%2Fline-6000-eco-ponuda-deterdzenata%2F|title:Deterd%C5%BEenti&#8221;][vc_empty_space][\/vc_column_inner][\/vc_row_inner][vc_empty_space height=&#8221;50px&#8221;][\/vc_column][\/vc_row][vc_row][vc_column][vc_empty_space height=&#8221;64px&#8221;][\/vc_column][\/vc_row][vc_row full_width=&#8221;electroluxpro-full-width-no-padding&#8221;][vc_column][elx_step_banner background_image=&#8221;115764&#8243; media_position=&#8221;media_left&#8221; background_colors=&#8221;background-food&#8221; title_box=&#8221;Odr\u017eiva rje\u0161enja za kuhinjsku opremu.&#8221; text_box=&#8221;Budu\u0107nost na\u0161ega planeta ovisi o na\u0161oj sposobnosti stvaranja pametnih rje\u0161enja koja resurse upotrebljavaju u\u010dinkovito. Rje\u0161enja tvrtke Electrolux Professional pobrinut \u0107e se da se mo\u017eete u potpunosti usredoto\u010diti na svoje poslovanje, znaju\u0107i da sve \u0161to radite, radite na najodr\u017eiviji mogu\u0107i na\u010din.&#8221;][vc_empty_space height=&#8221;64px&#8221;][\/vc_column][\/vc_row][vc_row][vc_column][vc_column_text]<\/p>\n<h2 style=\"text-align: center;\"><strong>Pametna priprema hrane<\/strong><\/h2>\n<p>[\/vc_column_text][vc_empty_space][\/vc_column][\/vc_row][vc_row][vc_column width=&#8221;2\/3&#8243;][vc_empty_space][vc_single_image image=&#8221;115781&#8243; img_size=&#8221;full&#8221;][vc_empty_space][\/vc_column][vc_column width=&#8221;1\/3&#8243;][vc_empty_space height=&#8221;160px&#8221;][vc_column_text]<\/p>\n<h4 style=\"text-align: center;\">U\u0161tedite do 10 % na tro\u0161kovima energije uz<br \/>\nPlan-n-Save<\/h4>\n<p>[\/vc_column_text][vc_empty_space height=&#8221;30px&#8221;][vc_column_text]<\/p>\n<p style=\"text-align: center;\">Izaberite popis jela, a kombinirana pe\u0107nica SkyLine primijenit \u0107e novu logiku utemeljenu na umjetnoj inteligenciji da bi optimizirala redoslijed pripreme.<\/p>\n<p>[\/vc_column_text][vc_empty_space height=&#8221;40px&#8221;][elx_button button_text=&#8221;Saznajte vi\u0161e&#8221; button_display_block=&#8221;display_block_on&#8221; button_alignment=&#8221;align_center&#8221; button_link=&#8221;url:https%3A%2F%2Fwww.electroluxprofessional.com%2Fhr%2Fkuhinjska-oprema%2Fcook-and-chill%2F|title:Rje%C5%A1enje%20za%20kuhanje%20i%20hla%C4%91enje%20ure%C4%91aja%20SkyLine|target:_blank&#8221;][\/vc_column][\/vc_row][vc_row disable_element=&#8221;yes&#8221; matched_labels=&#8221;&#8221; css=&#8221;.vc_custom_1753883645368{padding-top: 100px !important;padding-bottom: 80px !important;background-color: #f7eff1 !important;}&#8221;][vc_column][vc_row_inner css=&#8221;.vc_custom_1649948936154{margin-top: -180px !important;}&#8221;][vc_column_inner width=&#8221;1\/3&#8243;][vc_empty_space height=&#8221;20px&#8221;][vc_column_text]<\/p>\n<h4 style=\"text-align: center;\">Elektri\u010dni ro\u0161tilji HP<\/h4>\n<p>[\/vc_column_text][vc_empty_space height=&#8221;20px&#8221;][vc_single_image image=&#8221;115782&#8243; img_size=&#8221;full&#8221;][vc_column_text css=&#8221;.vc_custom_1651747326738{padding-top: 20px !important;padding-bottom: 44px !important;background-color: #d18391 !important;}&#8221;]<\/p>\n<h4><img loading=\"lazy\" decoding=\"async\" class=\"wp-image-41568 size-full alignleft\" style=\"margin-top: -30px;\" src=\"https:\/\/www.electroluxprofessional.com\/hr\/wp-content\/uploads\/2022\/05\/Immagine-9-2.jpg\" alt=\"\" width=\"137\" height=\"142\" \/><span style=\"color: #ffffff;\">30 % manja<\/span><br \/>\n<span style=\"color: #ffffff;\">potro\u0161nja<\/span><br \/>\n<span style=\"color: #ffffff;\">elektri\u010dne energije<\/span><\/h4>\n<p>[\/vc_column_text][\/vc_column_inner][vc_column_inner width=&#8221;1\/3&#8243;][vc_empty_space height=&#8221;14px&#8221;][vc_column_text]<\/p>\n<h4 style=\"text-align: center;\">Tehnologija \u201ecvjetaju\u0107ega plamena\u201c Flower Flame<\/h4>\n<p>[\/vc_column_text][vc_empty_space height=&#8221;27px&#8221;][vc_single_image image=&#8221;115783&#8243; img_size=&#8221;full&#8221;][vc_column_text css=&#8221;.vc_custom_1651751249004{padding-top: 20px !important;padding-bottom: 44px !important;background-color: #d18391 !important;}&#8221;]<\/p>\n<h4><img loading=\"lazy\" decoding=\"async\" class=\"wp-image-41568 size-full alignleft\" style=\"margin-top: -30px;\" src=\"https:\/\/www.electroluxprofessional.com\/hr\/wp-content\/uploads\/2022\/05\/Immagine-9_gas.jpg\" alt=\"\" width=\"137\" height=\"142\" \/><span style=\"color: #ffffff;\">50 % manja<\/span><br \/>\n<span style=\"color: #ffffff;\">potro\u0161nja<\/span><br \/>\n<span style=\"color: #ffffff;\">plina<\/span><\/h4>\n<p>[\/vc_column_text][\/vc_column_inner][vc_column_inner width=&#8221;1\/3&#8243;][vc_empty_space height=&#8221;20px&#8221;][vc_column_text]<\/p>\n<h4 style=\"text-align: center;\">Indukcijske plo\u010de<\/h4>\n<p>[\/vc_column_text][vc_empty_space height=&#8221;20px&#8221;][vc_single_image image=&#8221;115784&#8243; img_size=&#8221;full&#8221;][vc_column_text css=&#8221;.vc_custom_1651747341832{padding-top: 20px !important;padding-bottom: 44px !important;background-color: #d18391 !important;}&#8221;]<\/p>\n<h4><img loading=\"lazy\" decoding=\"async\" class=\"wp-image-41568 size-full alignleft\" style=\"margin-top: -30px;\" src=\"https:\/\/www.electroluxprofessional.com\/hr\/wp-content\/uploads\/2022\/05\/Immagine-9-2.jpg\" alt=\"\" width=\"137\" height=\"142\" \/><span style=\"color: #ffffff;\">60 % manja<\/span><br \/>\n<span style=\"color: #ffffff;\">potro\u0161nja<\/span><br \/>\n<span style=\"color: #ffffff;\">elektri\u010dne energije<\/span><\/h4>\n<p>[\/vc_column_text][\/vc_column_inner][\/vc_row_inner][\/vc_column][\/vc_row][vc_row full_width=&#8221;electroluxpro-full-width&#8221;][vc_column][vc_empty_space height=&#8221;64px&#8221;][\/vc_column][\/vc_row][vc_row][vc_column width=&#8221;1\/3&#8243;][vc_empty_space height=&#8221;100px&#8221;][vc_column_text]<\/p>\n<h4 style=\"text-align: center;\">therma<em>line<\/em> potisna nagibna tava donosi vam multifunkcionalnost i u\u0161tede<\/h4>\n<p>[\/vc_column_text][vc_empty_space height=&#8221;20px&#8221;][elx_button button_text=&#8221;Saznajte vi\u0161e&#8221; button_display_block=&#8221;display_block_on&#8221; button_alignment=&#8221;align_center&#8221; button_link=&#8221;url:https%3A%2F%2Fwww.electroluxprofessional.com%2Fhr%2Fkotlovi-zakretne-pecenjare-i-multifunkcionalne-pecnice%2F|title:Kotlovi%2C%20zakretne%20pe%C4%8Denjare%20i%20multifunkcionalne%20pe%C4%87nice|target:_blank&#8221;][\/vc_column][vc_column width=&#8221;1\/3&#8243;][vc_empty_space height=&#8221;20px&#8221;][vc_single_image image=&#8221;115785&#8243; img_size=&#8221;full&#8221; alignment=&#8221;center&#8221;][vc_empty_space height=&#8221;20px&#8221;][\/vc_column][vc_column width=&#8221;1\/3&#8243;][vc_empty_space height=&#8221;100px&#8221;][vc_column_text]<\/p>\n<h4><img loading=\"lazy\" decoding=\"async\" class=\" wp-image-41580 alignleft\" src=\"https:\/\/www.electroluxprofessional.com\/hr\/wp-content\/uploads\/2022\/05\/lamp-150x150-1.png\" alt=\"\" width=\"57\" height=\"56\" \/>80 % ve\u0107a<br \/>\nU\u0161teda elektri\u010dne energije<\/h4>\n<p>[\/vc_column_text][vc_column_text]<\/p>\n<h4><img loading=\"lazy\" decoding=\"async\" class=\"wp-image-41581 alignleft\" src=\"https:\/\/www.electroluxprofessional.com\/hr\/wp-content\/uploads\/2022\/05\/clock-150x150-1.png\" alt=\"\" width=\"57\" height=\"58\" \/>60 % kra\u0107e<br \/>\nVrijeme pripreme<\/h4>\n<p>[\/vc_column_text][vc_empty_space height=&#8221;20px&#8221;][\/vc_column][\/vc_row][vc_row][vc_column width=&#8221;1\/3&#8243;][vc_empty_space height=&#8221;100px&#8221;][vc_column_text]<\/p>\n<h4 style=\"text-align: center;\">Na\u0161a ponuda tra\u010dnih perilica posu\u0111a<br \/>\nodlikuje se najni\u017eim tro\u0161kovima<br \/>\nrada u industriji<\/h4>\n<p>[\/vc_column_text][vc_empty_space height=&#8221;20px&#8221;][elx_button button_text=&#8221;Saznajte vi\u0161e&#8221; button_display_block=&#8221;display_block_on&#8221; button_alignment=&#8221;align_center&#8221; button_link=&#8221;url:https%3A%2F%2Fwww.electroluxprofessional.com%2Fhr%2Fkuhinjska-oprema%2Frack-type-dishwashers-full-range%2F|title:Tra%C4%8Dne%20perilice%20posu%C4%91a%20green%26clean|target:_blank&#8221;][\/vc_column][vc_column width=&#8221;1\/3&#8243;][vc_empty_space height=&#8221;20px&#8221;][vc_single_image image=&#8221;115786&#8243; img_size=&#8221;full&#8221; alignment=&#8221;center&#8221;][vc_empty_space height=&#8221;20px&#8221;][\/vc_column][vc_column width=&#8221;1\/3&#8243;][vc_empty_space height=&#8221;100px&#8221;][vc_column_text]<\/p>\n<h4><img loading=\"lazy\" decoding=\"async\" class=\" wp-image-41580 alignleft\" src=\"https:\/\/www.electroluxprofessional.com\/hr\/wp-content\/uploads\/2022\/05\/lamp-150x150-1.png\" alt=\"\" width=\"57\" height=\"56\" \/>34 % ve\u0107a<br \/>\nU\u0161teda elektri\u010dne energije<\/h4>\n<p>[\/vc_column_text][vc_column_text]<\/p>\n<h4><img loading=\"lazy\" decoding=\"async\" class=\" wp-image-41587 alignleft\" src=\"https:\/\/www.electroluxprofessional.com\/hr\/wp-content\/uploads\/2022\/05\/Rettangolo-17-300x300-1.png\" alt=\"\" width=\"59\" height=\"61\" \/>63 % ve\u0107a<br \/>\nU\u0161teda vode<\/h4>\n<p>[\/vc_column_text][vc_empty_space height=&#8221;20px&#8221;][\/vc_column][\/vc_row][vc_row][vc_column][vc_empty_space height=&#8221;50px&#8221;][\/vc_column][\/vc_row][vc_row][vc_column width=&#8221;2\/5&#8243;][vc_empty_space height=&#8221;20px&#8221;][vc_single_image image=&#8221;115787&#8243; img_size=&#8221;full&#8221; alignment=&#8221;center&#8221;][vc_empty_space height=&#8221;20px&#8221;][\/vc_column][vc_column width=&#8221;2\/5&#8243;][vc_empty_space height=&#8221;20px&#8221;][vc_column_text]<\/p>\n<h4 style=\"text-align: left;\">Odgovorno hla\u0111enje<\/h4>\n<p><strong>Manje \u0161tetnih plinova<\/strong><br \/>\nNajnovija generacija profesionalnih hladnjaka <strong>upotrebljava prirodne plinove <\/strong> poput ciklopentana (u izolaciji) ugljikovodika (HC), poput <strong>R290 s niskim GWP-om<\/strong>. Ugljikovodici (HC) <strong>smanjuju utjecaj na okoli\u0161 <\/strong> i doprinose <strong>duljem vijeku trajanja kompresora<\/strong>.[\/vc_column_text][vc_empty_space height=&#8221;20px&#8221;][elx_button button_text=&#8221;Saznajte vi\u0161e&#8221; button_link=&#8221;url:https%3A%2F%2Fwww.electroluxprofessional.com%2Fhr%2Fkuhinjska-oprema%2Frashladni-pultovi%2F|title:Rashladni%20pultovi|target:_blank&#8221;][vc_empty_space height=&#8221;20px&#8221;][\/vc_column][vc_column width=&#8221;1\/5&#8243;][vc_empty_space height=&#8221;100px&#8221;][vc_single_image image=&#8221;115788&#8243; img_size=&#8221;full&#8221; alignment=&#8221;center&#8221;][vc_empty_space height=&#8221;20px&#8221;][\/vc_column][\/vc_row][vc_row full_width=&#8221;electroluxpro-full-width-no-padding&#8221;][vc_column][vc_empty_space height=&#8221;64px&#8221;][elx_step_banner background_image=&#8221;115765&#8243; media_position=&#8221;media_left&#8221; background_colors=&#8221;background-sustainability&#8221; title_box=&#8221;\u0160to smo dosad postigli?&#8221; text_box=&#8221;Od 2015. godine naovamo uspjeli smo ostvariti znatan napredak u svim podru\u010djima odr\u017eivosti. No, imamo samo ovaj jedan planet, pa uvijek \u017eelimo biti jo\u0161 bolji.&#8221;][vc_empty_space height=&#8221;64px&#8221;][\/vc_column][\/vc_row][vc_row][vc_column][elx_image align=&#8221;text-center&#8221; image_media_library=&#8221;41668&#8243; image_media_library_mobile=&#8221;41669&#8243;][\/vc_column][\/vc_row][vc_row][vc_column][vc_empty_space height=&#8221;100px&#8221;][\/vc_column][\/vc_row][vc_row full_width=&#8221;electroluxpro-full-width-no-padding&#8221; disable_element=&#8221;yes&#8221;][vc_column][elx_step_banner background_image=&#8221;115766&#8243; media_position=&#8221;media_left&#8221; background_colors=&#8221;background-sustainability&#8221; text_box=&#8221;Electrolux Professional products are ergonomically designed for the people who use them, making for a better working environment.&#8221; title_box=&#8221;Working in a professional kitchen or laundry involves repetitive acts such as reaching and bending&#8221;][vc_empty_space height=&#8221;64px&#8221;][\/vc_column][\/vc_row][vc_row][vc_column width=&#8221;1\/3&#8243;][vc_empty_space height=&#8221;16px&#8221;][vc_single_image image=&#8221;115790&#8243; img_size=&#8221;full&#8221;][vc_column_text el_class=&#8221;engagement&#8221;]<\/p>\n<h4>Min Shed<\/h4>\n<p>Zajedno s drugim tvrtkama, sveu\u010dili\u0161tima i istra\u017eiva\u010dkim institutima, tvrtka Electrolux Professional podr\u017eava projekt MinShed.<\/p>\n<p>Cilj je tog projekta smanjenje emisija iz mikroplastike.[\/vc_column_text][vc_empty_space height=&#8221;16px&#8221;][elx_button button_text=&#8221;Saznajte vi\u0161e&#8221; button_link=&#8221;url:https%3A%2F%2Fwww.electroluxprofessional.com%2Fa-project-to-reduce-emissions-of-microplastics%2F|target:_blank&#8221;][\/vc_column][vc_column width=&#8221;1\/3&#8243;][vc_empty_space height=&#8221;16px&#8221;][vc_single_image image=&#8221;115791&#8243; img_size=&#8221;full&#8221;][vc_column_text el_class=&#8221;engagement&#8221;]<\/p>\n<h4>HSB Living Lab<\/h4>\n<p>Cilj laboratorija HSB Living Lab pronala\u017eenje je inteligentnih i odr\u017eivih rje\u0161enja za \u017eivot u budu\u0107nosti.\u00a0U projektu su sudjelovali: grad Gothenburg, tvrtka Electrolux Professional, Tehni\u010dko sveu\u010dili\u0161te Chalmers i druge poslovne tvrtke.[\/vc_column_text][vc_empty_space height=&#8221;16px&#8221;][elx_button button_text=&#8221;Saznajte vi\u0161e&#8221; button_link=&#8221;url:https%3A%2F%2Fwww.electroluxprofessional.com%2Fhsb-living-lab%2F|target:_blank&#8221;][\/vc_column][\/vc_row][vc_row][vc_column][vc_empty_space height=&#8221;100px&#8221;][\/vc_column][\/vc_row]<\/p>\n","protected":false},"excerpt":{"rendered":"<p>[vc_row full_width=&#8221;electroluxpro-full-width-no-padding&#8221;][vc_column][elx_step_banner background_image=&#8221;115760&#8243; media_position=&#8221;media_left&#8221; background_colors=&#8221;background-sustainability&#8221; title_box=&#8221;Odr\u017eiva rje\u0161enja donose dugoro\u010dnu vrijednost za na\u0161e kupce diljem svijeta&#8221;][vc_empty_space height=&#8221;50px&#8221;][\/vc_column][\/vc_row][vc_row][vc_column width=&#8221;1\/3&#8243;][vc_empty_space][vc_column_text] Dobar odabir za planet [\/vc_column_text][vc_empty_space height=&#8221;16px&#8221;][vc_column_text]Electrolux Professional na raspolaganju vam je kako bismo vam pomogli prona\u0107i najbolji put do odr\u017eive budu\u0107nosti. Postoje brojne prilike za pozitivan doprinos odabirom energetski u\u010dinkovitije i \u0161tedljivije opreme \u2013 ovo nisu dobre vijesti [&hellip;]<\/p>\n","protected":false},"author":8,"featured_media":115760,"parent":0,"menu_order":0,"comment_status":"closed","ping_status":"closed","template":"","meta":{"footnotes":""},"class_list":["post-115792","page","type-page","status-publish","has-post-thumbnail","hentry"],"acf":[],"yoast_head":"<!-- This site is optimized with the Yoast SEO plugin v23.3 - https:\/\/yoast.com\/wordpress\/plugins\/seo\/ -->\n<title>Odr\u017eivost - Electrolux Professional Hrvatska<\/title>\n<meta name=\"description\" content=\"Postoje brojne prilike za pozitivan doprinos odabirom energetski u\u010dinkovitije i \u0161tedljivije opreme \u2013 \u0161to je dobra vijest za na\u0161 planet, ali i za va\u0161e poslovanje.\" \/>\n<meta name=\"robots\" content=\"index, follow, max-snippet:-1, max-image-preview:large, max-video-preview:-1\" \/>\n<link rel=\"canonical\" href=\"https:\/\/www.electroluxprofessional.com\/hr\/odrziva-rjesenja-za-dugorocnu-vrijednost\/\" \/>\n<meta property=\"og:locale\" content=\"hr_HR\" \/>\n<meta property=\"og:type\" content=\"article\" \/>\n<meta property=\"og:title\" content=\"Odr\u017eivost - Electrolux Professional Hrvatska\" \/>\n<meta property=\"og:description\" content=\"Postoje brojne prilike za pozitivan doprinos odabirom energetski u\u010dinkovitije i \u0161tedljivije opreme \u2013 \u0161to je dobra vijest za na\u0161 planet, ali i za va\u0161e poslovanje.\" \/>\n<meta property=\"og:url\" content=\"https:\/\/www.electroluxprofessional.com\/hr\/odrziva-rjesenja-za-dugorocnu-vrijednost\/\" \/>\n<meta property=\"og:site_name\" content=\"Electrolux Professional Hrvatska\" \/>\n<meta property=\"article:modified_time\" content=\"2026-03-05T07:48:34+00:00\" \/>\n<meta property=\"og:image\" content=\"https:\/\/www.electroluxprofessional.com\/hr\/wp-content\/uploads\/2022\/05\/sustainability_banner_1_1.jpg\" \/>\n\t<meta property=\"og:image:width\" content=\"2000\" \/>\n\t<meta property=\"og:image:height\" content=\"900\" \/>\n\t<meta property=\"og:image:type\" content=\"image\/jpeg\" \/>\n<meta name=\"twitter:card\" content=\"summary_large_image\" \/>\n<meta name=\"twitter:label1\" content=\"Procijenjeno vrijeme \u010ditanja\" \/>\n\t<meta name=\"twitter:data1\" content=\"11 minuta\" \/>\n<script type=\"application\/ld+json\" class=\"yoast-schema-graph\">{\"@context\":\"https:\/\/schema.org\",\"@graph\":[{\"@type\":\"WebPage\",\"@id\":\"https:\/\/www.electroluxprofessional.com\/hr\/odrziva-rjesenja-za-dugorocnu-vrijednost\/\",\"url\":\"https:\/\/www.electroluxprofessional.com\/hr\/odrziva-rjesenja-za-dugorocnu-vrijednost\/\",\"name\":\"Odr\u017eivost - Electrolux Professional Hrvatska\",\"isPartOf\":{\"@id\":\"https:\/\/www.electroluxprofessional.com\/hr\/#website\"},\"primaryImageOfPage\":{\"@id\":\"https:\/\/www.electroluxprofessional.com\/hr\/odrziva-rjesenja-za-dugorocnu-vrijednost\/#primaryimage\"},\"image\":{\"@id\":\"https:\/\/www.electroluxprofessional.com\/hr\/odrziva-rjesenja-za-dugorocnu-vrijednost\/#primaryimage\"},\"thumbnailUrl\":\"https:\/\/www.electroluxprofessional.com\/hr\/wp-content\/uploads\/2022\/05\/sustainability_banner_1_1.jpg\",\"datePublished\":\"2022-05-02T08:24:48+00:00\",\"dateModified\":\"2026-03-05T07:48:34+00:00\",\"description\":\"Postoje brojne prilike za pozitivan doprinos odabirom energetski u\u010dinkovitije i \u0161tedljivije opreme \u2013 \u0161to je dobra vijest za na\u0161 planet, ali i za va\u0161e poslovanje.\",\"breadcrumb\":{\"@id\":\"https:\/\/www.electroluxprofessional.com\/hr\/odrziva-rjesenja-za-dugorocnu-vrijednost\/#breadcrumb\"},\"inLanguage\":\"hr\",\"potentialAction\":[{\"@type\":\"ReadAction\",\"target\":[\"https:\/\/www.electroluxprofessional.com\/hr\/odrziva-rjesenja-za-dugorocnu-vrijednost\/\"]}]},{\"@type\":\"ImageObject\",\"inLanguage\":\"hr\",\"@id\":\"https:\/\/www.electroluxprofessional.com\/hr\/odrziva-rjesenja-za-dugorocnu-vrijednost\/#primaryimage\",\"url\":\"https:\/\/www.electroluxprofessional.com\/hr\/wp-content\/uploads\/2022\/05\/sustainability_banner_1_1.jpg\",\"contentUrl\":\"https:\/\/www.electroluxprofessional.com\/hr\/wp-content\/uploads\/2022\/05\/sustainability_banner_1_1.jpg\",\"width\":2000,\"height\":900,\"caption\":\"sustainability_banner_1_1\"},{\"@type\":\"BreadcrumbList\",\"@id\":\"https:\/\/www.electroluxprofessional.com\/hr\/odrziva-rjesenja-za-dugorocnu-vrijednost\/#breadcrumb\",\"itemListElement\":[{\"@type\":\"ListItem\",\"position\":1,\"name\":\"Po\u010detna stranica\",\"item\":\"https:\/\/www.electroluxprofessional.com\/hr\/\"},{\"@type\":\"ListItem\",\"position\":2,\"name\":\"Odr\u017eivost\"}]},{\"@type\":\"WebSite\",\"@id\":\"https:\/\/www.electroluxprofessional.com\/hr\/#website\",\"url\":\"https:\/\/www.electroluxprofessional.com\/hr\/\",\"name\":\"Electrolux Professional Hrvatska\",\"description\":\"\",\"potentialAction\":[{\"@type\":\"SearchAction\",\"target\":{\"@type\":\"EntryPoint\",\"urlTemplate\":\"https:\/\/www.electroluxprofessional.com\/hr\/?src={search_term_string}\"},\"query-input\":\"required name=search_term_string\"}],\"inLanguage\":\"hr\"}]}<\/script>\n<!-- \/ Yoast SEO plugin. -->","yoast_head_json":{"title":"Odr\u017eivost - Electrolux Professional Hrvatska","description":"Postoje brojne prilike za pozitivan doprinos odabirom energetski u\u010dinkovitije i \u0161tedljivije opreme \u2013 \u0161to je dobra vijest za na\u0161 planet, ali i za va\u0161e poslovanje.","robots":{"index":"index","follow":"follow","max-snippet":"max-snippet:-1","max-image-preview":"max-image-preview:large","max-video-preview":"max-video-preview:-1"},"canonical":"https:\/\/www.electroluxprofessional.com\/hr\/odrziva-rjesenja-za-dugorocnu-vrijednost\/","og_locale":"hr_HR","og_type":"article","og_title":"Odr\u017eivost - Electrolux Professional Hrvatska","og_description":"Postoje brojne prilike za pozitivan doprinos odabirom energetski u\u010dinkovitije i \u0161tedljivije opreme \u2013 \u0161to je dobra vijest za na\u0161 planet, ali i za va\u0161e poslovanje.","og_url":"https:\/\/www.electroluxprofessional.com\/hr\/odrziva-rjesenja-za-dugorocnu-vrijednost\/","og_site_name":"Electrolux Professional Hrvatska","article_modified_time":"2026-03-05T07:48:34+00:00","og_image":[{"width":2000,"height":900,"url":"https:\/\/www.electroluxprofessional.com\/hr\/wp-content\/uploads\/2022\/05\/sustainability_banner_1_1.jpg","type":"image\/jpeg"}],"twitter_card":"summary_large_image","twitter_misc":{"Procijenjeno vrijeme \u010ditanja":"11 minuta"},"schema":{"@context":"https:\/\/schema.org","@graph":[{"@type":"WebPage","@id":"https:\/\/www.electroluxprofessional.com\/hr\/odrziva-rjesenja-za-dugorocnu-vrijednost\/","url":"https:\/\/www.electroluxprofessional.com\/hr\/odrziva-rjesenja-za-dugorocnu-vrijednost\/","name":"Odr\u017eivost - Electrolux Professional Hrvatska","isPartOf":{"@id":"https:\/\/www.electroluxprofessional.com\/hr\/#website"},"primaryImageOfPage":{"@id":"https:\/\/www.electroluxprofessional.com\/hr\/odrziva-rjesenja-za-dugorocnu-vrijednost\/#primaryimage"},"image":{"@id":"https:\/\/www.electroluxprofessional.com\/hr\/odrziva-rjesenja-za-dugorocnu-vrijednost\/#primaryimage"},"thumbnailUrl":"https:\/\/www.electroluxprofessional.com\/hr\/wp-content\/uploads\/2022\/05\/sustainability_banner_1_1.jpg","datePublished":"2022-05-02T08:24:48+00:00","dateModified":"2026-03-05T07:48:34+00:00","description":"Postoje brojne prilike za pozitivan doprinos odabirom energetski u\u010dinkovitije i \u0161tedljivije opreme \u2013 \u0161to je dobra vijest za na\u0161 planet, ali i za va\u0161e poslovanje.","breadcrumb":{"@id":"https:\/\/www.electroluxprofessional.com\/hr\/odrziva-rjesenja-za-dugorocnu-vrijednost\/#breadcrumb"},"inLanguage":"hr","potentialAction":[{"@type":"ReadAction","target":["https:\/\/www.electroluxprofessional.com\/hr\/odrziva-rjesenja-za-dugorocnu-vrijednost\/"]}]},{"@type":"ImageObject","inLanguage":"hr","@id":"https:\/\/www.electroluxprofessional.com\/hr\/odrziva-rjesenja-za-dugorocnu-vrijednost\/#primaryimage","url":"https:\/\/www.electroluxprofessional.com\/hr\/wp-content\/uploads\/2022\/05\/sustainability_banner_1_1.jpg","contentUrl":"https:\/\/www.electroluxprofessional.com\/hr\/wp-content\/uploads\/2022\/05\/sustainability_banner_1_1.jpg","width":2000,"height":900,"caption":"sustainability_banner_1_1"},{"@type":"BreadcrumbList","@id":"https:\/\/www.electroluxprofessional.com\/hr\/odrziva-rjesenja-za-dugorocnu-vrijednost\/#breadcrumb","itemListElement":[{"@type":"ListItem","position":1,"name":"Po\u010detna stranica","item":"https:\/\/www.electroluxprofessional.com\/hr\/"},{"@type":"ListItem","position":2,"name":"Odr\u017eivost"}]},{"@type":"WebSite","@id":"https:\/\/www.electroluxprofessional.com\/hr\/#website","url":"https:\/\/www.electroluxprofessional.com\/hr\/","name":"Electrolux Professional Hrvatska","description":"","potentialAction":[{"@type":"SearchAction","target":{"@type":"EntryPoint","urlTemplate":"https:\/\/www.electroluxprofessional.com\/hr\/?src={search_term_string}"},"query-input":"required name=search_term_string"}],"inLanguage":"hr"}]}},"_links":{"self":[{"href":"https:\/\/www.electroluxprofessional.com\/hr\/wp-json\/wp\/v2\/pages\/115792"}],"collection":[{"href":"https:\/\/www.electroluxprofessional.com\/hr\/wp-json\/wp\/v2\/pages"}],"about":[{"href":"https:\/\/www.electroluxprofessional.com\/hr\/wp-json\/wp\/v2\/types\/page"}],"author":[{"embeddable":true,"href":"https:\/\/www.electroluxprofessional.com\/hr\/wp-json\/wp\/v2\/users\/8"}],"replies":[{"embeddable":true,"href":"https:\/\/www.electroluxprofessional.com\/hr\/wp-json\/wp\/v2\/comments?post=115792"}],"version-history":[{"count":15,"href":"https:\/\/www.electroluxprofessional.com\/hr\/wp-json\/wp\/v2\/pages\/115792\/revisions"}],"predecessor-version":[{"id":119906,"href":"https:\/\/www.electroluxprofessional.com\/hr\/wp-json\/wp\/v2\/pages\/115792\/revisions\/119906"}],"wp:featuredmedia":[{"embeddable":true,"href":"https:\/\/www.electroluxprofessional.com\/hr\/wp-json\/wp\/v2\/media\/115760"}],"wp:attachment":[{"href":"https:\/\/www.electroluxprofessional.com\/hr\/wp-json\/wp\/v2\/media?parent=115792"}],"curies":[{"name":"wp","href":"https:\/\/api.w.org\/{rel}","templated":true}]}}