{"id":115146,"date":"2021-10-19T09:32:54","date_gmt":"2021-10-19T07:32:54","guid":{"rendered":"https:\/\/www.electroluxprofessional.com\/?page_id=36796"},"modified":"2025-11-06T13:37:50","modified_gmt":"2025-11-06T13:37:50","slug":"line-6000-eco-ponuda-deterdzenata","status":"publish","type":"page","link":"https:\/\/www.electroluxprofessional.com\/hr\/dodaci-i-potrosni-materijal\/line-6000-eco-ponuda-deterdzenata\/","title":{"rendered":"Deterd\u017eenti"},"content":{"rendered":"<p>[vc_row full_width=&#8221;electroluxpro-full-width-no-padding&#8221;][vc_column][elx_image_block background_image=&#8221;115116&#8243; minimum_height=&#8221;350px&#8221;][vc_empty_space][\/vc_column][\/vc_row][vc_row][vc_column][vc_column_text]<\/p>\n<h1 style=\"text-align: center;\">Linija ekolo\u0161kih deterd\u017eenata za pranje rublja Line 6000:<br \/>\nprirodan izbor za pranje sve posteljine i tekstila<\/h1>\n<p>[\/vc_column_text][vc_empty_space][\/vc_column][\/vc_row][vc_row disable_element=&#8221;yes&#8221;][vc_column width=&#8221;1\/2&#8243;][vc_column_text]<\/p>\n<p style=\"text-align: center; font-size: 40px;\">Expand the sustainability of your business<br \/>\nby choosing the right workmates<\/p>\n<p>[\/vc_column_text][\/vc_column][vc_column width=&#8221;1\/2&#8243;][elx_download_block background_color=&#8221;electrolux-blue&#8221;][\/vc_column][\/vc_row][vc_row][vc_column][vc_empty_space][\/vc_column][\/vc_row][vc_row equal_height=&#8221;yes&#8221; content_placement=&#8221;middle&#8221;][vc_column width=&#8221;1\/2&#8243; css=&#8221;.vc_custom_1634290239036{padding-right: 0px !important;padding-left: 0px !important;}&#8221;][elx_image_block background_image=&#8221;115115&#8243; minimum_height=&#8221;500px&#8221;][\/vc_column][vc_column width=&#8221;1\/2&#8243; css=&#8221;.vc_custom_1634290612414{padding-left: 0px !important;background-color: #e8eff5 !important;}&#8221;][vc_column_text css=&#8221;.vc_custom_1637141559530{padding-top: 160px !important;padding-right: 50px !important;padding-bottom: 160px !important;padding-left: 50px !important;}&#8221;]<span style=\"font-size: 30px;\">Certificirana stru\u010dnost koja \u0107e vam svakodnevno pru\u017eiti nenadma\u0161nu u\u010dinkovitost i rezultate<\/span>[\/vc_column_text][\/vc_column][\/vc_row][vc_row][vc_column][vc_empty_space][elx_download_block text=&#8221;Preuzmite cijelu ponudu deterd\u017eenata&#8221; document_type=&#8221;brochures&#8221; background_color=&#8221;electrolux-blue&#8221; br_document_number=&#8221;A0123&#8243;][vc_column_text]<\/p>\n<h2 style=\"text-align: center;\">Pro\u0161irite odr\u017eivost svojeg poslovanja<br \/>\nodabirom pravog partnera<\/h2>\n<p>[\/vc_column_text][vc_empty_space][\/vc_column][\/vc_row][vc_row css=&#8221;.vc_custom_1634290625159{background-color: #e8eff5 !important;}&#8221;][vc_column][vc_empty_space height=&#8221;60px&#8221;][vc_row_inner][vc_column_inner width=&#8221;1\/4&#8243;][vc_empty_space][\/vc_column_inner][vc_column_inner width=&#8221;1\/2&#8243;][vc_single_image image=&#8221;115117&#8243; img_size=&#8221;medium&#8221; alignment=&#8221;center&#8221;][\/vc_column_inner][vc_column_inner width=&#8221;1\/4&#8243;][vc_empty_space][\/vc_column_inner][\/vc_row_inner][vc_empty_space][vc_column_text]<\/p>\n<h3 style=\"text-align: center;\">Udovoljavanje zahtjevu eko-oznake EU ECOLABEL<\/h3>\n<p style=\"text-align: center;\">zna\u010di po\u0161tovanje vrlo strogih specifikacija sirovina, visokih kriterija u\u010dinkovitosti i rigoroznog pristupa za\u0161titi okoli\u0161a.<\/p>\n<p>[\/vc_column_text][vc_empty_space][vc_row_inner][vc_column_inner width=&#8221;1\/4&#8243;][vc_empty_space][\/vc_column_inner][vc_column_inner width=&#8221;1\/4&#8243;][vc_single_image image=&#8221;115118&#8243; img_size=&#8221;medium&#8221; alignment=&#8221;center&#8221;][\/vc_column_inner][vc_column_inner width=&#8221;1\/4&#8243;][vc_single_image image=&#8221;115119&#8243; img_size=&#8221;medium&#8221; alignment=&#8221;center&#8221;][\/vc_column_inner][vc_column_inner width=&#8221;1\/4&#8243;][vc_empty_space][\/vc_column_inner][\/vc_row_inner][vc_empty_space][vc_column_text]<\/p>\n<h3 style=\"text-align: center;\">Deterd\u017eenti imaju ekolo\u0161ku oznaku, dermatolo\u0161ki su ispitani i hipoalergenski.<\/h3>\n<p style=\"text-align: center;\">Linija ekolo\u0161kih deterd\u017eenata za pranje rublja Line 6000 osmi\u0161ljena je kako bi omogu\u0107ila visoku razinu kvalitete, sigurnosti i u\u010dinkovitosti, \u010dime se smanjuje utjecaj na okoli\u0161.<\/p>\n<p>[\/vc_column_text][vc_empty_space][vc_row_inner][vc_column_inner width=&#8221;1\/3&#8243;][vc_single_image image=&#8221;115120&#8243; img_size=&#8221;medium&#8221; alignment=&#8221;center&#8221;][vc_column_text]<\/p>\n<h4 style=\"text-align: center;\">L02 &#8211; Ekolo\u0161ki<br \/>\ndeterd\u017eent za pranje<\/h4>\n<p>[\/vc_column_text][\/vc_column_inner][vc_column_inner width=&#8221;1\/3&#8243;][vc_single_image image=&#8221;115121&#8243; img_size=&#8221;medium&#8221; alignment=&#8221;center&#8221;][vc_column_text]<\/p>\n<h4 style=\"text-align: center;\">L01 &#8211; Ekolo\u0161ki<br \/>\npra\u0161ak za pranje<\/h4>\n<p>[\/vc_column_text][\/vc_column_inner][vc_column_inner width=&#8221;1\/3&#8243;][vc_single_image image=&#8221;115122&#8243; img_size=&#8221;medium&#8221; alignment=&#8221;center&#8221;][vc_column_text]<\/p>\n<h4 style=\"text-align: center;\">L01 &#8211; Ekolo\u0161ki<br \/>\npra\u0161ak za pranje<\/h4>\n<p>[\/vc_column_text][\/vc_column_inner][\/vc_row_inner][vc_empty_space][vc_row_inner][vc_column_inner width=&#8221;1\/3&#8243;][vc_single_image image=&#8221;115123&#8243; img_size=&#8221;medium&#8221; alignment=&#8221;center&#8221;][vc_column_text]<\/p>\n<h4 style=\"text-align: center;\">L05 &#8211; Eko<br \/>\nomek\u0161iva\u010d za rublje<\/h4>\n<p>[\/vc_column_text][\/vc_column_inner][vc_column_inner width=&#8221;1\/3&#8243;][vc_single_image image=&#8221;115126&#8243; img_size=&#8221;medium&#8221; alignment=&#8221;center&#8221;][vc_column_text]<\/p>\n<h4 style=\"text-align: center;\">L04 &#8211; Eko<br \/>\nizbjeljiva\u010d za rublje<\/h4>\n<p>[\/vc_column_text][\/vc_column_inner][vc_column_inner width=&#8221;1\/3&#8243;][vc_single_image image=&#8221;115128&#8243; img_size=&#8221;medium&#8221; alignment=&#8221;center&#8221;][vc_column_text]<\/p>\n<h4 style=\"text-align: center;\">L04 &#8211; Eko<br \/>\nizbjeljiva\u010d za rublje<\/h4>\n<p>[\/vc_column_text][\/vc_column_inner][\/vc_row_inner][vc_empty_space height=&#8221;100px&#8221;][\/vc_column][\/vc_row][vc_row][vc_column][vc_empty_space height=&#8221;100px&#8221;][\/vc_column][\/vc_row][vc_row css=&#8221;.vc_custom_1634293530612{background-color: #f9f9f9 !important;}&#8221;][vc_column][vc_empty_space height=&#8221;60px&#8221;][vc_row_inner][vc_column_inner width=&#8221;1\/4&#8243;][vc_empty_space][\/vc_column_inner][vc_column_inner width=&#8221;1\/2&#8243;][vc_single_image image=&#8221;115132&#8243; img_size=&#8221;medium&#8221; alignment=&#8221;center&#8221;][\/vc_column_inner][vc_column_inner width=&#8221;1\/4&#8243;][vc_empty_space][\/vc_column_inner][\/vc_row_inner][vc_empty_space][vc_column_text]<\/p>\n<h3 style=\"text-align: center;\">Nordic Swan Ecolabel je ISO 14024 tip 1 sustav<br \/>\nekolo\u0161kog ozna\u010davanja i nadzorno tijelo tre\u0107e strane.<\/h3>\n<p style=\"text-align: center;\">Proizvodi koji nose ekolo\u0161ku oznaku Nordic Swan ispunjavaju iznimno visoke ekolo\u0161ke, a \u010desto i klimatske zahtjeve.<\/p>\n<p>[\/vc_column_text][vc_empty_space height=&#8221;50px&#8221;][vc_row_inner][vc_column_inner width=&#8221;1\/5&#8243;][vc_empty_space][\/vc_column_inner][vc_column_inner width=&#8221;1\/5&#8243;][vc_single_image image=&#8221;115133&#8243; img_size=&#8221;full&#8221; alignment=&#8221;center&#8221;][\/vc_column_inner][vc_column_inner width=&#8221;1\/5&#8243;][vc_single_image image=&#8221;115118&#8243; img_size=&#8221;full&#8221; alignment=&#8221;center&#8221;][\/vc_column_inner][vc_column_inner width=&#8221;1\/5&#8243;][vc_single_image image=&#8221;115119&#8243; img_size=&#8221;full&#8221; alignment=&#8221;center&#8221;][\/vc_column_inner][vc_column_inner width=&#8221;1\/5&#8243;][vc_empty_space][\/vc_column_inner][\/vc_row_inner][vc_empty_space height=&#8221;50px&#8221;][vc_column_text]<\/p>\n<h3 style=\"text-align: center;\">Deterd\u017eenti imaju ekolo\u0161ku oznaku, dermatolo\u0161ki su ispitani i hipoalergenski.<\/h3>\n<p style=\"text-align: center;\">Linija ekolo\u0161kih deterd\u017eenata za pranje rublja Line 6000 osmi\u0161ljena je kako bi omogu\u0107ila visoku razinu kvalitete, sigurnosti i u\u010dinkovitosti, \u010dime se smanjuje utjecaj na okoli\u0161.<\/p>\n<p>[\/vc_column_text][vc_empty_space height=&#8221;50px&#8221;][vc_row_inner][vc_column_inner width=&#8221;1\/4&#8243;][vc_empty_space][\/vc_column_inner][vc_column_inner width=&#8221;1\/4&#8243;][vc_single_image image=&#8221;115737&#8243; img_size=&#8221;full&#8221; alignment=&#8221;center&#8221;][vc_column_text]<\/p>\n<h4 style=\"text-align: center;\">L06 &#8211; Swan<br \/>\ndeterd\u017eent za pranje<\/h4>\n<p>[\/vc_column_text][\/vc_column_inner][vc_column_inner width=&#8221;1\/4&#8243;][vc_single_image image=&#8221;115134&#8243; img_size=&#8221;full&#8221; alignment=&#8221;center&#8221;][vc_column_text]<\/p>\n<h4 style=\"text-align: center;\">L07 \u2013 Swan<br \/>\ndeterd\u017eent za nje\u017eno pranje<\/h4>\n<p>[\/vc_column_text][\/vc_column_inner][vc_column_inner width=&#8221;1\/4&#8243;][vc_empty_space][\/vc_column_inner][\/vc_row_inner][vc_empty_space][vc_row_inner][vc_column_inner width=&#8221;1\/4&#8243;][vc_empty_space][\/vc_column_inner][vc_column_inner width=&#8221;1\/4&#8243;][vc_single_image image=&#8221;115137&#8243; img_size=&#8221;full&#8221; alignment=&#8221;center&#8221;][vc_column_text]<\/p>\n<h4 style=\"text-align: center;\">L08 &#8211; Swan<br \/>\nizbjeljiva\u010d za rublje<\/h4>\n<p>[\/vc_column_text][\/vc_column_inner][vc_column_inner width=&#8221;1\/4&#8243;][vc_single_image image=&#8221;115138&#8243; img_size=&#8221;full&#8221; alignment=&#8221;center&#8221;][vc_column_text]<\/p>\n<h4 style=\"text-align: center;\">L09 &#8211; Swan<br \/>\nomek\u0161iva\u010d za rublje<\/h4>\n<p>[\/vc_column_text][\/vc_column_inner][vc_column_inner width=&#8221;1\/4&#8243;][vc_empty_space][\/vc_column_inner][\/vc_row_inner][vc_empty_space height=&#8221;100px&#8221;][\/vc_column][\/vc_row][vc_row][vc_column][vc_column_text]<\/p>\n<h2 style=\"text-align: center;\">Za cjelovito poslovanje praonice<\/h2>\n<p>[\/vc_column_text][vc_empty_space height=&#8221;50px&#8221;][vc_row_inner][vc_column_inner width=&#8221;1\/2&#8243;][vc_single_image image=&#8221;115141&#8243; img_size=&#8221;large&#8221; alignment=&#8221;center&#8221;][vc_column_text]<\/p>\n<h5 style=\"text-align: center;\">Sredstva za uklanjanje mrlja prije pranja<\/h5>\n<p>[\/vc_column_text][\/vc_column_inner][vc_column_inner width=&#8221;1\/2&#8243;][vc_single_image image=&#8221;115142&#8243; img_size=&#8221;large&#8221; alignment=&#8221;center&#8221;][vc_column_text]<\/p>\n<h5 style=\"text-align: center;\">Sredstva za uklanjanje mrlja prije pranja<\/h5>\n<p>[\/vc_column_text][\/vc_column_inner][\/vc_row_inner][vc_empty_space height=&#8221;50px&#8221;][\/vc_column][\/vc_row][vc_row css=&#8221;.vc_custom_1634628370087{background-color: #f9f9f9 !important;}&#8221;][vc_column][vc_empty_space height=&#8221;50px&#8221;][vc_column_text]<\/p>\n<h2 style=\"text-align: center;\">Zeleni i ponosni<\/h2>\n<p style=\"text-align: center;\">Prenesite svoj izbor svojim klijentima i<br \/>\nsteknite prednost i dodatno povjerenje.<\/p>\n<p>[\/vc_column_text][vc_empty_space height=&#8221;50px&#8221;][vc_single_image image=&#8221;115144&#8243; img_size=&#8221;full&#8221; alignment=&#8221;center&#8221;][vc_empty_space height=&#8221;50px&#8221;][\/vc_column][\/vc_row][vc_row][vc_column][elx_heading text_color=&#8221;inherit&#8221; text_align=&#8221;text-left&#8221;]Kontaktirajte nas za vi\u0161e informacija o na\u0161im deterd\u017eentima.[\/elx_heading][elx_o2000_contact_us s=&#8221;Zahtjev za informacije o&#8230;&#8221; country=&#8221;Croatia&#8221; b=&#8221;laundry&#8221; r=&#8221;\u017delim saznati vi\u0161e o&#8230;&#8221;][\/vc_column][\/vc_row]<\/p>\n","protected":false},"excerpt":{"rendered":"<p>[vc_row full_width=&#8221;electroluxpro-full-width-no-padding&#8221;][vc_column][elx_image_block background_image=&#8221;115116&#8243; minimum_height=&#8221;350px&#8221;][vc_empty_space][\/vc_column][\/vc_row][vc_row][vc_column][vc_column_text] Linija ekolo\u0161kih deterd\u017eenata za pranje rublja Line 6000: prirodan izbor za pranje sve posteljine i tekstila [\/vc_column_text][vc_empty_space][\/vc_column][\/vc_row][vc_row disable_element=&#8221;yes&#8221;][vc_column width=&#8221;1\/2&#8243;][vc_column_text] Expand the sustainability of your business by choosing the right workmates [\/vc_column_text][\/vc_column][vc_column width=&#8221;1\/2&#8243;][elx_download_block background_color=&#8221;electrolux-blue&#8221;][\/vc_column][\/vc_row][vc_row][vc_column][vc_empty_space][\/vc_column][\/vc_row][vc_row equal_height=&#8221;yes&#8221; content_placement=&#8221;middle&#8221;][vc_column width=&#8221;1\/2&#8243; css=&#8221;.vc_custom_1634290239036{padding-right: 0px !important;padding-left: 0px !important;}&#8221;][elx_image_block background_image=&#8221;115115&#8243; minimum_height=&#8221;500px&#8221;][\/vc_column][vc_column width=&#8221;1\/2&#8243; css=&#8221;.vc_custom_1634290612414{padding-left: 0px !important;background-color: #e8eff5 !important;}&#8221;][vc_column_text css=&#8221;.vc_custom_1637141559530{padding-top: 160px [&hellip;]<\/p>\n","protected":false},"author":8,"featured_media":115115,"parent":2967,"menu_order":0,"comment_status":"closed","ping_status":"closed","template":"","meta":{"footnotes":""},"class_list":["post-115146","page","type-page","status-publish","has-post-thumbnail","hentry"],"acf":[],"yoast_head":"<!-- This site is optimized with the Yoast SEO plugin v23.3 - https:\/\/yoast.com\/wordpress\/plugins\/seo\/ -->\n<title>Deterd\u017eenti - Electrolux Professional Hrvatska<\/title>\n<meta name=\"description\" content=\"Certificirana stru\u010dnost koja \u0107e vam svakodnevno pru\u017eiti nenadma\u0161nu u\u010dinkovitost i rezultate. Pro\u0161irite odr\u017eivost svojeg poslovanja odabirom pravog partnera. Ekolo\u0161ke oznake EU Ecolabel i Nordic Swan Ecolabel.\" \/>\n<meta name=\"robots\" content=\"index, follow, max-snippet:-1, max-image-preview:large, max-video-preview:-1\" \/>\n<link rel=\"canonical\" href=\"https:\/\/www.electroluxprofessional.com\/hr\/dodaci-i-potrosni-materijal\/line-6000-eco-ponuda-deterdzenata\/\" \/>\n<meta property=\"og:locale\" content=\"hr_HR\" \/>\n<meta property=\"og:type\" content=\"article\" \/>\n<meta property=\"og:title\" content=\"Deterd\u017eenti - Electrolux Professional Hrvatska\" \/>\n<meta property=\"og:description\" content=\"Certificirana stru\u010dnost koja \u0107e vam svakodnevno pru\u017eiti nenadma\u0161nu u\u010dinkovitost i rezultate. Pro\u0161irite odr\u017eivost svojeg poslovanja odabirom pravog partnera. Ekolo\u0161ke oznake EU Ecolabel i Nordic Swan Ecolabel.\" \/>\n<meta property=\"og:url\" content=\"https:\/\/www.electroluxprofessional.com\/hr\/dodaci-i-potrosni-materijal\/line-6000-eco-ponuda-deterdzenata\/\" \/>\n<meta property=\"og:site_name\" content=\"Electrolux Professional Hrvatska\" \/>\n<meta property=\"article:modified_time\" content=\"2025-11-06T13:37:50+00:00\" \/>\n<meta property=\"og:image\" content=\"https:\/\/www.electroluxprofessional.com\/hr\/wp-content\/uploads\/2021\/10\/Calla.jpg\" \/>\n\t<meta property=\"og:image:width\" content=\"500\" \/>\n\t<meta property=\"og:image:height\" content=\"500\" \/>\n\t<meta property=\"og:image:type\" content=\"image\/jpeg\" \/>\n<meta name=\"twitter:card\" content=\"summary_large_image\" \/>\n<meta name=\"twitter:label1\" content=\"Procijenjeno vrijeme \u010ditanja\" \/>\n\t<meta name=\"twitter:data1\" content=\"3 minute\" \/>\n<script type=\"application\/ld+json\" class=\"yoast-schema-graph\">{\"@context\":\"https:\/\/schema.org\",\"@graph\":[{\"@type\":\"WebPage\",\"@id\":\"https:\/\/www.electroluxprofessional.com\/hr\/dodaci-i-potrosni-materijal\/line-6000-eco-ponuda-deterdzenata\/\",\"url\":\"https:\/\/www.electroluxprofessional.com\/hr\/dodaci-i-potrosni-materijal\/line-6000-eco-ponuda-deterdzenata\/\",\"name\":\"Deterd\u017eenti - Electrolux Professional Hrvatska\",\"isPartOf\":{\"@id\":\"https:\/\/www.electroluxprofessional.com\/hr\/#website\"},\"primaryImageOfPage\":{\"@id\":\"https:\/\/www.electroluxprofessional.com\/hr\/dodaci-i-potrosni-materijal\/line-6000-eco-ponuda-deterdzenata\/#primaryimage\"},\"image\":{\"@id\":\"https:\/\/www.electroluxprofessional.com\/hr\/dodaci-i-potrosni-materijal\/line-6000-eco-ponuda-deterdzenata\/#primaryimage\"},\"thumbnailUrl\":\"https:\/\/www.electroluxprofessional.com\/hr\/wp-content\/uploads\/2021\/10\/Calla.jpg\",\"datePublished\":\"2021-10-19T07:32:54+00:00\",\"dateModified\":\"2025-11-06T13:37:50+00:00\",\"description\":\"Certificirana stru\u010dnost koja \u0107e vam svakodnevno pru\u017eiti nenadma\u0161nu u\u010dinkovitost i rezultate. Pro\u0161irite odr\u017eivost svojeg poslovanja odabirom pravog partnera. Ekolo\u0161ke oznake EU Ecolabel i Nordic Swan Ecolabel.\",\"breadcrumb\":{\"@id\":\"https:\/\/www.electroluxprofessional.com\/hr\/dodaci-i-potrosni-materijal\/line-6000-eco-ponuda-deterdzenata\/#breadcrumb\"},\"inLanguage\":\"hr\",\"potentialAction\":[{\"@type\":\"ReadAction\",\"target\":[\"https:\/\/www.electroluxprofessional.com\/hr\/dodaci-i-potrosni-materijal\/line-6000-eco-ponuda-deterdzenata\/\"]}]},{\"@type\":\"ImageObject\",\"inLanguage\":\"hr\",\"@id\":\"https:\/\/www.electroluxprofessional.com\/hr\/dodaci-i-potrosni-materijal\/line-6000-eco-ponuda-deterdzenata\/#primaryimage\",\"url\":\"https:\/\/www.electroluxprofessional.com\/hr\/wp-content\/uploads\/2021\/10\/Calla.jpg\",\"contentUrl\":\"https:\/\/www.electroluxprofessional.com\/hr\/wp-content\/uploads\/2021\/10\/Calla.jpg\",\"width\":500,\"height\":500,\"caption\":\"Calla\"},{\"@type\":\"BreadcrumbList\",\"@id\":\"https:\/\/www.electroluxprofessional.com\/hr\/dodaci-i-potrosni-materijal\/line-6000-eco-ponuda-deterdzenata\/#breadcrumb\",\"itemListElement\":[{\"@type\":\"ListItem\",\"position\":1,\"name\":\"Po\u010detna stranica\",\"item\":\"https:\/\/www.electroluxprofessional.com\/hr\/\"},{\"@type\":\"ListItem\",\"position\":2,\"name\":\"Dodaci i potro\u0161ni materijal\",\"item\":\"https:\/\/www.electroluxprofessional.com\/hr\/dodaci-i-potrosni-materijal\/\"},{\"@type\":\"ListItem\",\"position\":3,\"name\":\"Deterd\u017eenti\"}]},{\"@type\":\"WebSite\",\"@id\":\"https:\/\/www.electroluxprofessional.com\/hr\/#website\",\"url\":\"https:\/\/www.electroluxprofessional.com\/hr\/\",\"name\":\"Electrolux Professional Hrvatska\",\"description\":\"\",\"potentialAction\":[{\"@type\":\"SearchAction\",\"target\":{\"@type\":\"EntryPoint\",\"urlTemplate\":\"https:\/\/www.electroluxprofessional.com\/hr\/?src={search_term_string}\"},\"query-input\":\"required name=search_term_string\"}],\"inLanguage\":\"hr\"}]}<\/script>\n<!-- \/ Yoast SEO plugin. -->","yoast_head_json":{"title":"Deterd\u017eenti - Electrolux Professional Hrvatska","description":"Certificirana stru\u010dnost koja \u0107e vam svakodnevno pru\u017eiti nenadma\u0161nu u\u010dinkovitost i rezultate. Pro\u0161irite odr\u017eivost svojeg poslovanja odabirom pravog partnera. Ekolo\u0161ke oznake EU Ecolabel i Nordic Swan Ecolabel.","robots":{"index":"index","follow":"follow","max-snippet":"max-snippet:-1","max-image-preview":"max-image-preview:large","max-video-preview":"max-video-preview:-1"},"canonical":"https:\/\/www.electroluxprofessional.com\/hr\/dodaci-i-potrosni-materijal\/line-6000-eco-ponuda-deterdzenata\/","og_locale":"hr_HR","og_type":"article","og_title":"Deterd\u017eenti - Electrolux Professional Hrvatska","og_description":"Certificirana stru\u010dnost koja \u0107e vam svakodnevno pru\u017eiti nenadma\u0161nu u\u010dinkovitost i rezultate. Pro\u0161irite odr\u017eivost svojeg poslovanja odabirom pravog partnera. Ekolo\u0161ke oznake EU Ecolabel i Nordic Swan Ecolabel.","og_url":"https:\/\/www.electroluxprofessional.com\/hr\/dodaci-i-potrosni-materijal\/line-6000-eco-ponuda-deterdzenata\/","og_site_name":"Electrolux Professional Hrvatska","article_modified_time":"2025-11-06T13:37:50+00:00","og_image":[{"width":500,"height":500,"url":"https:\/\/www.electroluxprofessional.com\/hr\/wp-content\/uploads\/2021\/10\/Calla.jpg","type":"image\/jpeg"}],"twitter_card":"summary_large_image","twitter_misc":{"Procijenjeno vrijeme \u010ditanja":"3 minute"},"schema":{"@context":"https:\/\/schema.org","@graph":[{"@type":"WebPage","@id":"https:\/\/www.electroluxprofessional.com\/hr\/dodaci-i-potrosni-materijal\/line-6000-eco-ponuda-deterdzenata\/","url":"https:\/\/www.electroluxprofessional.com\/hr\/dodaci-i-potrosni-materijal\/line-6000-eco-ponuda-deterdzenata\/","name":"Deterd\u017eenti - Electrolux Professional Hrvatska","isPartOf":{"@id":"https:\/\/www.electroluxprofessional.com\/hr\/#website"},"primaryImageOfPage":{"@id":"https:\/\/www.electroluxprofessional.com\/hr\/dodaci-i-potrosni-materijal\/line-6000-eco-ponuda-deterdzenata\/#primaryimage"},"image":{"@id":"https:\/\/www.electroluxprofessional.com\/hr\/dodaci-i-potrosni-materijal\/line-6000-eco-ponuda-deterdzenata\/#primaryimage"},"thumbnailUrl":"https:\/\/www.electroluxprofessional.com\/hr\/wp-content\/uploads\/2021\/10\/Calla.jpg","datePublished":"2021-10-19T07:32:54+00:00","dateModified":"2025-11-06T13:37:50+00:00","description":"Certificirana stru\u010dnost koja \u0107e vam svakodnevno pru\u017eiti nenadma\u0161nu u\u010dinkovitost i rezultate. Pro\u0161irite odr\u017eivost svojeg poslovanja odabirom pravog partnera. Ekolo\u0161ke oznake EU Ecolabel i Nordic Swan Ecolabel.","breadcrumb":{"@id":"https:\/\/www.electroluxprofessional.com\/hr\/dodaci-i-potrosni-materijal\/line-6000-eco-ponuda-deterdzenata\/#breadcrumb"},"inLanguage":"hr","potentialAction":[{"@type":"ReadAction","target":["https:\/\/www.electroluxprofessional.com\/hr\/dodaci-i-potrosni-materijal\/line-6000-eco-ponuda-deterdzenata\/"]}]},{"@type":"ImageObject","inLanguage":"hr","@id":"https:\/\/www.electroluxprofessional.com\/hr\/dodaci-i-potrosni-materijal\/line-6000-eco-ponuda-deterdzenata\/#primaryimage","url":"https:\/\/www.electroluxprofessional.com\/hr\/wp-content\/uploads\/2021\/10\/Calla.jpg","contentUrl":"https:\/\/www.electroluxprofessional.com\/hr\/wp-content\/uploads\/2021\/10\/Calla.jpg","width":500,"height":500,"caption":"Calla"},{"@type":"BreadcrumbList","@id":"https:\/\/www.electroluxprofessional.com\/hr\/dodaci-i-potrosni-materijal\/line-6000-eco-ponuda-deterdzenata\/#breadcrumb","itemListElement":[{"@type":"ListItem","position":1,"name":"Po\u010detna stranica","item":"https:\/\/www.electroluxprofessional.com\/hr\/"},{"@type":"ListItem","position":2,"name":"Dodaci i potro\u0161ni materijal","item":"https:\/\/www.electroluxprofessional.com\/hr\/dodaci-i-potrosni-materijal\/"},{"@type":"ListItem","position":3,"name":"Deterd\u017eenti"}]},{"@type":"WebSite","@id":"https:\/\/www.electroluxprofessional.com\/hr\/#website","url":"https:\/\/www.electroluxprofessional.com\/hr\/","name":"Electrolux Professional Hrvatska","description":"","potentialAction":[{"@type":"SearchAction","target":{"@type":"EntryPoint","urlTemplate":"https:\/\/www.electroluxprofessional.com\/hr\/?src={search_term_string}"},"query-input":"required name=search_term_string"}],"inLanguage":"hr"}]}},"_links":{"self":[{"href":"https:\/\/www.electroluxprofessional.com\/hr\/wp-json\/wp\/v2\/pages\/115146"}],"collection":[{"href":"https:\/\/www.electroluxprofessional.com\/hr\/wp-json\/wp\/v2\/pages"}],"about":[{"href":"https:\/\/www.electroluxprofessional.com\/hr\/wp-json\/wp\/v2\/types\/page"}],"author":[{"embeddable":true,"href":"https:\/\/www.electroluxprofessional.com\/hr\/wp-json\/wp\/v2\/users\/8"}],"replies":[{"embeddable":true,"href":"https:\/\/www.electroluxprofessional.com\/hr\/wp-json\/wp\/v2\/comments?post=115146"}],"version-history":[{"count":6,"href":"https:\/\/www.electroluxprofessional.com\/hr\/wp-json\/wp\/v2\/pages\/115146\/revisions"}],"predecessor-version":[{"id":119023,"href":"https:\/\/www.electroluxprofessional.com\/hr\/wp-json\/wp\/v2\/pages\/115146\/revisions\/119023"}],"up":[{"embeddable":true,"href":"https:\/\/www.electroluxprofessional.com\/hr\/wp-json\/wp\/v2\/pages\/2967"}],"wp:featuredmedia":[{"embeddable":true,"href":"https:\/\/www.electroluxprofessional.com\/hr\/wp-json\/wp\/v2\/media\/115115"}],"wp:attachment":[{"href":"https:\/\/www.electroluxprofessional.com\/hr\/wp-json\/wp\/v2\/media?parent=115146"}],"curies":[{"name":"wp","href":"https:\/\/api.w.org\/{rel}","templated":true}]}}