{"id":9406,"date":"2019-05-30T16:58:59","date_gmt":"2019-05-30T14:58:59","guid":{"rendered":"https:\/\/www.electroluxprofessional.com\/?page_id=23483"},"modified":"2022-05-18T10:44:50","modified_gmt":"2022-05-18T10:44:50","slug":"opportunites-de-carriere","status":"publish","type":"page","link":"https:\/\/www.electroluxprofessional.com\/fr\/opportunites-de-carriere\/","title":{"rendered":"Opportunit\u00e9s de carri\u00e8re"},"content":{"rendered":"<p>[vc_row full_width=&#8221;electroluxpro-full-width-no-padding&#8221;][vc_column][vc_single_image image=&#8221;9398&#8243; img_size=&#8221;2000*350&#8243;][\/vc_column][\/vc_row][vc_row][vc_column][vc_empty_space][\/vc_column][\/vc_row][vc_row disable_element=&#8221;yes&#8221;][vc_column width=&#8221;5\/6&#8243;][elx_video_block background_image=&#8221;9394&#8243; minimum_height=&#8221;400px&#8221;][\/vc_column][vc_column width=&#8221;1\/6&#8243;][\/vc_column][\/vc_row][vc_row][vc_column width=&#8221;1\/2&#8243;][elx_heading font_container=&#8221;h1&#8243; text_color=&#8221;inherit&#8221;]Rejoignez notre \u00e9quipe[\/elx_heading][vc_empty_space][vc_column_text]Electrolux Professional invite les membres d&#8217;\u00e9quipe passionn\u00e9s et soucieux de l&#8217;entreprise \u00e0 rejoindre notre famille. Consultez notre site carri\u00e8re pour en savoir plus sur les diff\u00e9rentes opportunit\u00e9s de carri\u00e8re.<\/p>\n<p>[\/vc_column_text][elx_button button_text=&#8221;D\u00e9couvrir les offres&#8221; button_style=&#8221;icon&#8221; button_link=&#8221;url:https%3A%2F%2Felectroluxprofessional.bamboohr.com%2Fjobs%2F|title:Career%20Opportunities|target:%20_blank|&#8221;][elx_button button_text=&#8221;Suivez-nous sur LinkedIn&#8221; button_style=&#8221;icon&#8221; button_link=&#8221;url:https%3A%2F%2Fwww.linkedin.com%2Fshowcase%2Felectrolux-professional-france||target:%20_blank|&#8221;][vc_empty_space][vc_column_text]Contact : <a href=\"mailto:michael.dowd@electrolux.com\">Michael Dowd, Talent Acquisition Partner France, Benelux, UK<\/a>[\/vc_column_text][\/vc_column][vc_column width=&#8221;1\/2&#8243; css=&#8221;.vc_custom_1569943536093{border: 1px solid #88b8cc !important;}&#8221;][vc_empty_space][vc_raw_html]JTNDZGl2JTIwaWQlM0QlMjJCYW1ib29IUiUyMiUzRSUzQ3NjcmlwdCUyMHNyYyUzRCUyMmh0dHBzJTNBJTJGJTJGZWxlY3Ryb2x1eHByb2Zlc3Npb25hbC5iYW1ib29oci5jb20lMkZqcyUyRmpvYnMyLnBocCUyMiUyMHR5cGUlM0QlMjJ0ZXh0JTJGamF2YXNjcmlwdCUyMiUzRSUzQyUyRnNjcmlwdCUzRSUzQ2RpdiUyMGlkJTNEJTIyQmFtYm9vSFItRm9vdGVyJTIyJTNFJTNDYSUyMGhyZWYlM0QlMjJodHRwcyUzQSUyRiUyRmVsZWN0cm9sdXhwcm9mZXNzaW9uYWwuYmFtYm9vaHIuY29tJTJGam9icyUyRiUyMiUyMHRhcmdldCUzRCUyMl9ibGFuayUyMiUyMHJlbCUzRCUyMm5vb3BlbmVyJTIwZXh0ZXJuYWwlMjBub2ZvbGxvdyUyMG5vcmVmZXJyZXIlMjIlM0VEaXNjb3ZlciUyMG1vcmUlMjAlM0UlM0MlMkZhJTNFJTNDJTJGZGl2JTNFJTNDJTJGZGl2JTNF[\/vc_raw_html][\/vc_column][\/vc_row][vc_row][vc_column][elx_heading text_color=&#8221;inherit&#8221;]Nos collaborateurs[\/elx_heading][\/vc_column][\/vc_row][vc_row][vc_column width=&#8221;2\/3&#8243;][elx_video_block background_image=&#8221;9396&#8243; video_link=&#8221;https:\/\/www.youtube.com\/watch?v=SztTQyFCEGQ&#8221; minimum_height=&#8221;400px&#8221;][\/vc_column][vc_column width=&#8221;1\/3&#8243;][vc_column_text]Apprenez-en davantage sur le travail chez Electrolux Professional gr\u00e2ce au partage et aux t\u00e9moignages de nos employ\u00e9s.[\/vc_column_text][elx_button button_text=&#8221;En savoir plus&#8221; button_style=&#8221;icon&#8221; button_link=&#8221;url:https%3A%2F%2Fwww.electroluxprofessional.com%2Fblog%2Fcategory%2Fpeople-of-professional%2F|title:People%20of%20Professional||&#8221;][\/vc_column][\/vc_row][vc_row][vc_column][vc_empty_space][\/vc_column][\/vc_row][vc_row][vc_column width=&#8221;1\/2&#8243;][elx_heading text_color=&#8221;inherit&#8221;]Stages, Alternances et d\u00e9buts de carri\u00e8re[\/elx_heading][vc_empty_space][vc_single_image image=&#8221;9401&#8243; img_size=&#8221;700&#215;350&#8243;][vc_empty_space][vc_column_text]Gr\u00e2ce \u00e0 une exp\u00e9rience de travail r\u00e9elle, des opportunit\u00e9s de d\u00e9velopper des comp\u00e9tences professionnelles et de d\u00e9couvrir\u00a0des int\u00e9r\u00eats professionnels sont offertes aux \u00e9tudiants et jeunes dipl\u00f4m\u00e9s de nos diff\u00e9rents sites. Des options sont disponibles pour l\u2019ing\u00e9nierie, la gestion de projet, les finances, le marketing et les ventes.[\/vc_column_text][elx_button button_text=&#8221;T\u00e9moignages&#8221; button_style=&#8221;icon&#8221; button_link=&#8221;url:https%3A%2F%2Fwww.electroluxprofessional.com%2Fblog%2Fcategory%2Finternship%2F|title:Stories%20of%20our%20interns||&#8221;][vc_empty_space][vc_column_text]Contactez-nous pour en d\u00e9couvrir plus sur :<\/p>\n<ul>\n<li><a href=\"mailto:internship.italy@electrolux.com\" rel=\"noopener\">Internship in Italy<\/a><\/li>\n<li><a href=\"mailto:alvin.zhu@electrolux.com\" rel=\"noopener\">Internship in China<\/a><\/li>\n<li><a href=\"https:\/\/www.yousty.ch\/de-CH\/lehrstellen\/firmen\/850744-electrolux-professional-ag\" target=\"_blank\" rel=\"noopener\">Apprenticeship in Switzerland<\/a><\/li>\n<\/ul>\n<p>[\/vc_column_text][\/vc_column][vc_column width=&#8221;1\/2&#8243;][elx_heading text_color=&#8221;inherit&#8221;]Le p\u00f4le de recherche d&#8217;Electrolux Professional[\/elx_heading][vc_empty_space][vc_single_image image=&#8221;9404&#8243; img_size=&#8221;700&#215;350&#8243;][vc_empty_space][vc_column_text]\u00c0 travers nos universit\u00e9s partenaires, nous offrons chaque ann\u00e9e un certain nombre de bourses dans diff\u00e9rents domaines. Si vous aimez effectuer des recherches dans un environnement international et souhaitez participer au d\u00e9veloppement d&#8217;appareils intelligents, meilleurs et plus \u00e9cologiques pour l&#8217;avenir, suivez les liens et d\u00e9couvrez-en plus.[\/vc_column_text][elx_button button_text=&#8221;En savoir plus &#8221; button_style=&#8221;icon&#8221; button_link=&#8221;url:https%3A%2F%2Fwww.electroluxprofessional.com%2Fthe-research-hub%2F|||&#8221;][vc_empty_space][\/vc_column][\/vc_row][vc_row][vc_column][vc_empty_space][\/vc_column][\/vc_row]<\/p>\n","protected":false},"excerpt":{"rendered":"<p>[vc_row full_width=&#8221;electroluxpro-full-width-no-padding&#8221;][vc_column][vc_single_image image=&#8221;9398&#8243; img_size=&#8221;2000*350&#8243;][\/vc_column][\/vc_row][vc_row][vc_column][vc_empty_space][\/vc_column][\/vc_row][vc_row disable_element=&#8221;yes&#8221;][vc_column width=&#8221;5\/6&#8243;][elx_video_block background_image=&#8221;9394&#8243; minimum_height=&#8221;400px&#8221;][\/vc_column][vc_column width=&#8221;1\/6&#8243;][\/vc_column][\/vc_row][vc_row][vc_column width=&#8221;1\/2&#8243;][elx_heading font_container=&#8221;h1&#8243; text_color=&#8221;inherit&#8221;]Rejoignez notre \u00e9quipe[\/elx_heading][vc_empty_space][vc_column_text]Electrolux Professional invite les membres d&#8217;\u00e9quipe passionn\u00e9s et soucieux de l&#8217;entreprise \u00e0 rejoindre notre famille. Consultez notre site carri\u00e8re pour en savoir plus sur les diff\u00e9rentes opportunit\u00e9s de carri\u00e8re. [\/vc_column_text][elx_button button_text=&#8221;D\u00e9couvrir les offres&#8221; button_style=&#8221;icon&#8221; button_link=&#8221;url:https%3A%2F%2Felectroluxprofessional.bamboohr.com%2Fjobs%2F|title:Career%20Opportunities|target:%20_blank|&#8221;][elx_button button_text=&#8221;Suivez-nous sur LinkedIn&#8221; button_style=&#8221;icon&#8221; button_link=&#8221;url:https%3A%2F%2Fwww.linkedin.com%2Fshowcase%2Felectrolux-professional-france||target:%20_blank|&#8221;][vc_empty_space][vc_column_text]Contact : Michael [&hellip;]<\/p>\n","protected":false},"author":74,"featured_media":0,"parent":0,"menu_order":0,"comment_status":"closed","ping_status":"closed","template":"","meta":{"footnotes":""},"class_list":["post-9406","page","type-page","status-publish","hentry"],"acf":[],"yoast_head":"<!-- This site is optimized with the Yoast SEO plugin v23.3 - https:\/\/yoast.com\/wordpress\/plugins\/seo\/ -->\n<title>Nous rejoindre - Opportunit\u00e9s de carri\u00e8re chez Electrolux Professional<\/title>\n<meta name=\"description\" content=\"Electrolux Professional invite les membres d&#039;\u00e9quipe passionn\u00e9s et soucieux de l&#039;entreprise \u00e0 rejoindre notre famille. Consultez notre site carri\u00e8re pour en savoir plus sur les diff\u00e9rentes opportunit\u00e9s de carri\u00e8re.\" \/>\n<meta name=\"robots\" content=\"index, follow, max-snippet:-1, max-image-preview:large, max-video-preview:-1\" \/>\n<link rel=\"canonical\" href=\"https:\/\/www.electroluxprofessional.com\/fr\/opportunites-de-carriere\/\" \/>\n<meta property=\"og:locale\" content=\"fr_FR\" \/>\n<meta property=\"og:type\" content=\"article\" \/>\n<meta property=\"og:title\" content=\"Nous rejoindre - Opportunit\u00e9s de carri\u00e8re chez Electrolux Professional\" \/>\n<meta property=\"og:description\" content=\"Electrolux Professional invite les membres d&#039;\u00e9quipe passionn\u00e9s et soucieux de l&#039;entreprise \u00e0 rejoindre notre famille. Consultez notre site carri\u00e8re pour en savoir plus sur les diff\u00e9rentes opportunit\u00e9s de carri\u00e8re.\" \/>\n<meta property=\"og:url\" content=\"https:\/\/www.electroluxprofessional.com\/fr\/opportunites-de-carriere\/\" \/>\n<meta property=\"og:site_name\" content=\"Electrolux Professional France\" \/>\n<meta property=\"article:modified_time\" content=\"2022-05-18T10:44:50+00:00\" \/>\n<meta name=\"twitter:card\" content=\"summary_large_image\" \/>\n<meta name=\"twitter:label1\" content=\"Dur\u00e9e de lecture estim\u00e9e\" \/>\n\t<meta name=\"twitter:data1\" content=\"3 minutes\" \/>\n<script type=\"application\/ld+json\" class=\"yoast-schema-graph\">{\"@context\":\"https:\/\/schema.org\",\"@graph\":[{\"@type\":\"WebPage\",\"@id\":\"https:\/\/www.electroluxprofessional.com\/fr\/opportunites-de-carriere\/\",\"url\":\"https:\/\/www.electroluxprofessional.com\/fr\/opportunites-de-carriere\/\",\"name\":\"Nous rejoindre - Opportunit\u00e9s de carri\u00e8re chez Electrolux Professional\",\"isPartOf\":{\"@id\":\"https:\/\/www.electroluxprofessional.com\/fr\/#website\"},\"datePublished\":\"2019-05-30T14:58:59+00:00\",\"dateModified\":\"2022-05-18T10:44:50+00:00\",\"description\":\"Electrolux Professional invite les membres d'\u00e9quipe passionn\u00e9s et soucieux de l'entreprise \u00e0 rejoindre notre famille. Consultez notre site carri\u00e8re pour en savoir plus sur les diff\u00e9rentes opportunit\u00e9s de carri\u00e8re.\",\"breadcrumb\":{\"@id\":\"https:\/\/www.electroluxprofessional.com\/fr\/opportunites-de-carriere\/#breadcrumb\"},\"inLanguage\":\"fr-FR\",\"potentialAction\":[{\"@type\":\"ReadAction\",\"target\":[\"https:\/\/www.electroluxprofessional.com\/fr\/opportunites-de-carriere\/\"]}]},{\"@type\":\"BreadcrumbList\",\"@id\":\"https:\/\/www.electroluxprofessional.com\/fr\/opportunites-de-carriere\/#breadcrumb\",\"itemListElement\":[{\"@type\":\"ListItem\",\"position\":1,\"name\":\"Home\",\"item\":\"https:\/\/www.electroluxprofessional.com\/fr\/\"},{\"@type\":\"ListItem\",\"position\":2,\"name\":\"Opportunit\u00e9s de carri\u00e8re\"}]},{\"@type\":\"WebSite\",\"@id\":\"https:\/\/www.electroluxprofessional.com\/fr\/#website\",\"url\":\"https:\/\/www.electroluxprofessional.com\/fr\/\",\"name\":\"Electrolux Professional France\",\"description\":\"\",\"potentialAction\":[{\"@type\":\"SearchAction\",\"target\":{\"@type\":\"EntryPoint\",\"urlTemplate\":\"https:\/\/www.electroluxprofessional.com\/fr\/?src={search_term_string}\"},\"query-input\":\"required name=search_term_string\"}],\"inLanguage\":\"fr-FR\"}]}<\/script>\n<!-- \/ Yoast SEO plugin. -->","yoast_head_json":{"title":"Nous rejoindre - Opportunit\u00e9s de carri\u00e8re chez Electrolux Professional","description":"Electrolux Professional invite les membres d'\u00e9quipe passionn\u00e9s et soucieux de l'entreprise \u00e0 rejoindre notre famille. Consultez notre site carri\u00e8re pour en savoir plus sur les diff\u00e9rentes opportunit\u00e9s de carri\u00e8re.","robots":{"index":"index","follow":"follow","max-snippet":"max-snippet:-1","max-image-preview":"max-image-preview:large","max-video-preview":"max-video-preview:-1"},"canonical":"https:\/\/www.electroluxprofessional.com\/fr\/opportunites-de-carriere\/","og_locale":"fr_FR","og_type":"article","og_title":"Nous rejoindre - Opportunit\u00e9s de carri\u00e8re chez Electrolux Professional","og_description":"Electrolux Professional invite les membres d'\u00e9quipe passionn\u00e9s et soucieux de l'entreprise \u00e0 rejoindre notre famille. Consultez notre site carri\u00e8re pour en savoir plus sur les diff\u00e9rentes opportunit\u00e9s de carri\u00e8re.","og_url":"https:\/\/www.electroluxprofessional.com\/fr\/opportunites-de-carriere\/","og_site_name":"Electrolux Professional France","article_modified_time":"2022-05-18T10:44:50+00:00","twitter_card":"summary_large_image","twitter_misc":{"Dur\u00e9e de lecture estim\u00e9e":"3 minutes"},"schema":{"@context":"https:\/\/schema.org","@graph":[{"@type":"WebPage","@id":"https:\/\/www.electroluxprofessional.com\/fr\/opportunites-de-carriere\/","url":"https:\/\/www.electroluxprofessional.com\/fr\/opportunites-de-carriere\/","name":"Nous rejoindre - Opportunit\u00e9s de carri\u00e8re chez Electrolux Professional","isPartOf":{"@id":"https:\/\/www.electroluxprofessional.com\/fr\/#website"},"datePublished":"2019-05-30T14:58:59+00:00","dateModified":"2022-05-18T10:44:50+00:00","description":"Electrolux Professional invite les membres d'\u00e9quipe passionn\u00e9s et soucieux de l'entreprise \u00e0 rejoindre notre famille. Consultez notre site carri\u00e8re pour en savoir plus sur les diff\u00e9rentes opportunit\u00e9s de carri\u00e8re.","breadcrumb":{"@id":"https:\/\/www.electroluxprofessional.com\/fr\/opportunites-de-carriere\/#breadcrumb"},"inLanguage":"fr-FR","potentialAction":[{"@type":"ReadAction","target":["https:\/\/www.electroluxprofessional.com\/fr\/opportunites-de-carriere\/"]}]},{"@type":"BreadcrumbList","@id":"https:\/\/www.electroluxprofessional.com\/fr\/opportunites-de-carriere\/#breadcrumb","itemListElement":[{"@type":"ListItem","position":1,"name":"Home","item":"https:\/\/www.electroluxprofessional.com\/fr\/"},{"@type":"ListItem","position":2,"name":"Opportunit\u00e9s de carri\u00e8re"}]},{"@type":"WebSite","@id":"https:\/\/www.electroluxprofessional.com\/fr\/#website","url":"https:\/\/www.electroluxprofessional.com\/fr\/","name":"Electrolux Professional France","description":"","potentialAction":[{"@type":"SearchAction","target":{"@type":"EntryPoint","urlTemplate":"https:\/\/www.electroluxprofessional.com\/fr\/?src={search_term_string}"},"query-input":"required name=search_term_string"}],"inLanguage":"fr-FR"}]}},"_links":{"self":[{"href":"https:\/\/www.electroluxprofessional.com\/fr\/wp-json\/wp\/v2\/pages\/9406"}],"collection":[{"href":"https:\/\/www.electroluxprofessional.com\/fr\/wp-json\/wp\/v2\/pages"}],"about":[{"href":"https:\/\/www.electroluxprofessional.com\/fr\/wp-json\/wp\/v2\/types\/page"}],"author":[{"embeddable":true,"href":"https:\/\/www.electroluxprofessional.com\/fr\/wp-json\/wp\/v2\/users\/74"}],"replies":[{"embeddable":true,"href":"https:\/\/www.electroluxprofessional.com\/fr\/wp-json\/wp\/v2\/comments?post=9406"}],"version-history":[{"count":9,"href":"https:\/\/www.electroluxprofessional.com\/fr\/wp-json\/wp\/v2\/pages\/9406\/revisions"}],"predecessor-version":[{"id":19004,"href":"https:\/\/www.electroluxprofessional.com\/fr\/wp-json\/wp\/v2\/pages\/9406\/revisions\/19004"}],"wp:attachment":[{"href":"https:\/\/www.electroluxprofessional.com\/fr\/wp-json\/wp\/v2\/media?parent=9406"}],"curies":[{"name":"wp","href":"https:\/\/api.w.org\/{rel}","templated":true}]}}