{"id":34635,"date":"2026-09-01T09:17:30","date_gmt":"2026-09-01T09:17:30","guid":{"rendered":"https:\/\/www.electroluxprofessional.com\/fr\/?page_id=34635"},"modified":"2026-09-01T14:47:17","modified_gmt":"2026-09-01T14:47:17","slug":"accessoires-et-consommables-pour-cuisine-professionnelle","status":"publish","type":"page","link":"https:\/\/www.electroluxprofessional.com\/fr\/accessoires-consommables\/accessoires-et-consommables-pour-cuisine-professionnelle\/","title":{"rendered":"Accessoires et consommables pour cuisine professionnelle"},"content":{"rendered":"<div class=\"wpb-content-wrapper\"><p>[vc_row full_width=\u00a0\u00bbelectroluxpro-full-width-no-padding\u00a0\u00bb][vc_column][elx_image_block background_image=\u00a0\u00bb34611&Prime; minimum_height=\u00a0\u00bb400px\u00a0\u00bb][\/vc_column][\/vc_row][vc_row][vc_column][vc_empty_space height=\u00a0\u00bb30px\u00a0\u00bb][elx_heading font_container=\u00a0\u00bbh1&Prime; font_size=\u00a0\u00bbh1&Prime; text_color=\u00a0\u00bbinherit\u00a0\u00bb]Accessoires et consommables pour \u00e9quipements de cuisine professionnelle[\/elx_heading][vc_empty_space height=\u00a0\u00bb10px\u00a0\u00bb][elx_heading font_size=\u00a0\u00bbh5&Prime; text_color=\u00a0\u00bbinherit\u00a0\u00bb]Con\u00e7us pour maximiser les performances de vos \u00e9quipements professionnels[\/elx_heading][vc_empty_space height=\u00a0\u00bb10px\u00a0\u00bb][vc_column_text css=\u00a0\u00bb\u00a0\u00bb]Les <strong>accessoires et consommables professionnels<\/strong> jouent un r\u00f4le essentiel dans l&rsquo;optimisation des performances et de la long\u00e9vit\u00e9 de vos \u00e9quipements de cuisine Electrolux Professional. D\u00e9velopp\u00e9s pour une compatibilit\u00e9 optimale, ils assurent <strong>une qualit\u00e9 de r\u00e9sultat constante<\/strong>, <strong>facilitent le travail au quotidien<\/strong> et accompagnent les cuisines professionnelles \u00e0 forte cadence vers une efficacit\u00e9 maximale.<\/p>\n<p>[\/vc_column_text][vc_empty_space height=\u00a0\u00bb60px\u00a0\u00bb][\/vc_column][\/vc_row][vc_row full_width=\u00a0\u00bbelectroluxpro-full-width-no-padding\u00a0\u00bb][vc_column offset=\u00a0\u00bbvc_hidden-lg\u00a0\u00bb][vc_single_image image=\u00a0\u00bb34612&Prime; img_size=\u00a0\u00bbfull\u00a0\u00bb css=\u00a0\u00bb\u00a0\u00bb][\/vc_column][\/vc_row][vc_row][vc_column][elx_heading text_color=\u00a0\u00bbinherit\u00a0\u00bb]Des d\u00e9tergents professionnels pour une propret\u00e9 irr\u00e9prochable et une approche durable[\/elx_heading][\/vc_column][\/vc_row][vc_row][vc_column width=\u00a0\u00bb1\/4&Prime;][vc_single_image image=\u00a0\u00bb34613&Prime; img_size=\u00a0\u00bb200&#215;200&Prime; alignment=\u00a0\u00bbcenter\u00a0\u00bb css=\u00a0\u00bb\u00a0\u00bb][vc_column_text css=\u00a0\u00bb\u00a0\u00bb]<\/p>\n<p style=\"text-align: center;\"><strong>D\u00e9graissant professionnel<\/strong><br \/>\nCuisson modulaire<\/p>\n<p>[\/vc_column_text][\/vc_column][vc_column width=\u00a0\u00bb1\/4&Prime;][vc_single_image image=\u00a0\u00bb34614&Prime; img_size=\u00a0\u00bb200&#215;200&Prime; alignment=\u00a0\u00bbcenter\u00a0\u00bb css=\u00a0\u00bb\u00a0\u00bb][vc_column_text css=\u00a0\u00bb\u00a0\u00bb]<\/p>\n<p style=\"text-align: center;\"><strong>D\u00e9graissant haute temp\u00e9rature<\/strong><br \/>\nCuisson acc\u00e9l\u00e9r\u00e9e<\/p>\n<p>[\/vc_column_text][\/vc_column][vc_column width=\u00a0\u00bb1\/4&Prime;][vc_single_image image=\u00a0\u00bb34615&Prime; img_size=\u00a0\u00bb200&#215;200&Prime; alignment=\u00a0\u00bbcenter\u00a0\u00bb css=\u00a0\u00bb\u00a0\u00bb][vc_column_text css=\u00a0\u00bb\u00a0\u00bb]<\/p>\n<p style=\"text-align: center;\"><strong>Lavage et rin\u00e7age<\/strong><br \/>\nCook&amp;Chill<\/p>\n<p>[\/vc_column_text][\/vc_column][vc_column width=\u00a0\u00bb1\/4&Prime;][vc_single_image image=\u00a0\u00bb34616&Prime; img_size=\u00a0\u00bb200&#215;200&Prime; alignment=\u00a0\u00bbcenter\u00a0\u00bb css=\u00a0\u00bb\u00a0\u00bb][vc_column_text css=\u00a0\u00bb\u00a0\u00bb]<\/p>\n<p style=\"text-align: center;\"><strong>D\u00e9tergents liquides<\/strong><br \/>\nLavage de la vaisselle<\/p>\n<p>[\/vc_column_text][\/vc_column][\/vc_row][vc_row][vc_column width=\u00a0\u00bb1\/3&Prime;][vc_row_inner][vc_column_inner][vc_empty_space height=\u00a0\u00bb28px\u00a0\u00bb][\/vc_column_inner][\/vc_row_inner][vc_row_inner][vc_column_inner offset=\u00a0\u00bbvc_hidden-md vc_hidden-sm vc_hidden-xs\u00a0\u00bb][vc_single_image image=\u00a0\u00bb34612&Prime; img_size=\u00a0\u00bbfull\u00a0\u00bb css=\u00a0\u00bb\u00a0\u00bb][\/vc_column_inner][\/vc_row_inner][\/vc_column][vc_column offset=\u00a0\u00bbvc_col-lg-8&Prime;][vc_empty_space height=\u00a0\u00bb30px\u00a0\u00bb][vc_column_text css=\u00a0\u00bb\u00a0\u00bb]<\/p>\n<div>Nos <strong>d\u00e9tergents professionnels<\/strong> offrent une puissance de nettoyage optimale tout en contribuant \u00e0 la protection et \u00e0 la long\u00e9vit\u00e9 de vos \u00e9quipements de lavage. Leur formule \u00e9coresponsable, compos\u00e9e de plus de <strong>95% de tensioactifs biod\u00e9gradables<\/strong> et conforme \u00e0 la r\u00e9glementation REACH, garantit un <strong>nettoyage performant<\/strong>, des <strong>r\u00e9sultats homog\u00e8nes<\/strong> et une <strong>r\u00e9duction de l&rsquo;impact environnemental<\/strong>. Une solution id\u00e9ale pour les professionnels de la restauration \u00e0 la recherche d&rsquo;<strong>efficacit\u00e9<\/strong>, de<strong> s\u00e9curit\u00e9<\/strong> et de <strong>durabilit\u00e9<\/strong>.<\/div>\n<p>[\/vc_column_text][vc_empty_space height=\u00a0\u00bb50px\u00a0\u00bb][vc_row_inner][vc_column_inner][elx_button button_text=\u00a0\u00bbT\u00e9l\u00e9charger le catalogue des d\u00e9tergents\u00a0\u00bb button_display_block=\u00a0\u00bbdisplay_block_on\u00a0\u00bb button_link=\u00a0\u00bburl:https%3A%2F%2Fwww.electroluxprofessional.com%2Ffr%2Fwp-content%2Fuploads%2F2026%2F09%2FFR-EPR-catalogue-pieces-detachees-2025-2026-BD.pdf|title:T%C3%A9l%C3%A9charger%20le%20catalogue%20des%20d%C3%A9tergents|target:_blank\u00a0\u00bb css=\u00a0\u00bb.vc_custom_1788273665152{margin-bottom: 20px !important;}\u00a0\u00bb][elx_button button_text=\u00a0\u00bbO\u00f9 acheter ?\u00a0\u00bb button_display_block=\u00a0\u00bbdisplay_block_on\u00a0\u00bb button_link=\u00a0\u00bburl:%23contact|title:O%C3%B9%20acheter%20%3F\u00a0\u00bb css=\u00a0\u00bb.vc_custom_1788258373248{margin-bottom: 20px !important;}\u00a0\u00bb][\/vc_column_inner][\/vc_row_inner][\/vc_column][\/vc_row][vc_row][vc_column][vc_empty_space height=\u00a0\u00bb60px\u00a0\u00bb][\/vc_column][\/vc_row][vc_row full_width=\u00a0\u00bbelectroluxpro-full-width\u00a0\u00bb][vc_column offset=\u00a0\u00bbvc_hidden-lg\u00a0\u00bb][vc_single_image image=\u00a0\u00bb34617&Prime; img_size=\u00a0\u00bbfull\u00a0\u00bb css=\u00a0\u00bb\u00a0\u00bb][\/vc_column][\/vc_row][vc_row][vc_column][elx_heading text_color=\u00a0\u00bbinherit\u00a0\u00bb]Des accessoires con\u00e7us pour une performance maximale et une flexibilit\u00e9 optimale[\/elx_heading][\/vc_column][\/vc_row][vc_row][vc_column offset=\u00a0\u00bbvc_hidden-md vc_hidden-sm vc_hidden-xs\u00a0\u00bb][vc_tta_tabs active_section=\u00a0\u00bb1&Prime; tab_layout=\u00a0\u00bbtab-wrap\u00a0\u00bb][vc_tta_section title=\u00a0\u00bbCuisson modulaire\u00a0\u00bb tab_id=\u00a0\u00bb1781275894335-93d8f8de-c7bc\u00a0\u00bb][vc_empty_space][vc_row_inner][vc_column_inner width=\u00a0\u00bb1\/5&Prime;][vc_single_image image=\u00a0\u00bb34618&Prime; img_size=\u00a0\u00bb200&#215;200&Prime; css=\u00a0\u00bb\u00a0\u00bb][vc_column_text css=\u00a0\u00bb\u00a0\u00bb]<\/p>\n<div><strong>Paniers pour cuiseurs \u00e0 p\u00e2tes<\/strong><\/div>\n<p>[\/vc_column_text][\/vc_column_inner][vc_column_inner width=\u00a0\u00bb1\/5&Prime;][vc_single_image image=\u00a0\u00bb34619&Prime; img_size=\u00a0\u00bb200&#215;200&Prime; css=\u00a0\u00bb\u00a0\u00bb][vc_column_text css=\u00a0\u00bb\u00a0\u00bb]<\/p>\n<div><strong>Testeur d&rsquo;huile de cuisson<\/strong><\/div>\n<p>[\/vc_column_text][\/vc_column_inner][vc_column_inner width=\u00a0\u00bb1\/5&Prime;][vc_single_image image=\u00a0\u00bb34620&Prime; img_size=\u00a0\u00bb200&#215;200&Prime; css=\u00a0\u00bb\u00a0\u00bb][vc_column_text css=\u00a0\u00bb\u00a0\u00bb]<\/p>\n<div><strong>Wok pour induction<\/strong><\/div>\n<p>[\/vc_column_text][\/vc_column_inner][vc_column_inner width=\u00a0\u00bb1\/5&Prime;][vc_single_image image=\u00a0\u00bb34621&Prime; img_size=\u00a0\u00bb200&#215;200&Prime; css=\u00a0\u00bb\u00a0\u00bb][vc_column_text css=\u00a0\u00bb\u00a0\u00bb]<\/p>\n<div><strong>Filtres papier pour syst\u00e8me de filtration<\/strong><\/div>\n<p>[\/vc_column_text][\/vc_column_inner][vc_column_inner width=\u00a0\u00bb1\/5&Prime;][vc_single_image image=\u00a0\u00bb34622&Prime; img_size=\u00a0\u00bb200&#215;200&Prime;][vc_column_text css=\u00a0\u00bb\u00a0\u00bb]<\/p>\n<div><strong>Panier de friteuse<\/strong><\/div>\n<p>[\/vc_column_text][\/vc_column_inner][\/vc_row_inner][\/vc_tta_section][vc_tta_section title=\u00a0\u00bbCuisson acc\u00e9l\u00e9r\u00e9e\u00a0\u00bb tab_id=\u00a0\u00bb1781275895029-526674e7-c1b8&Prime;][vc_empty_space][vc_row_inner][vc_column_inner width=\u00a0\u00bb1\/5&Prime;][vc_single_image image=\u00a0\u00bb34623&Prime; img_size=\u00a0\u00bb200&#215;200&Prime; css=\u00a0\u00bb\u00a0\u00bb][vc_column_text css=\u00a0\u00bb\u00a0\u00bb]<\/p>\n<div><strong>Plaque antiadh\u00e9sive<\/strong><\/div>\n<p>[\/vc_column_text][\/vc_column_inner][vc_column_inner width=\u00a0\u00bb1\/5&Prime;][vc_single_image image=\u00a0\u00bb34624&Prime; img_size=\u00a0\u00bb200&#215;200&Prime; css=\u00a0\u00bb\u00a0\u00bb][vc_column_text css=\u00a0\u00bb\u00a0\u00bb]<\/p>\n<div><strong>Brosse \u00e0 poils en laiton<\/strong><\/div>\n<p>[\/vc_column_text][\/vc_column_inner][vc_column_inner width=\u00a0\u00bb1\/5&Prime;][vc_single_image image=\u00a0\u00bb34625&Prime; img_size=\u00a0\u00bb200&#215;200&Prime; css=\u00a0\u00bb\u00a0\u00bb][vc_column_text css=\u00a0\u00bb\u00a0\u00bb]<\/p>\n<div><strong>Papier cuisson<\/strong><\/div>\n<p>[\/vc_column_text][\/vc_column_inner][vc_column_inner width=\u00a0\u00bb1\/5&Prime;][vc_single_image image=\u00a0\u00bb34626&Prime; img_size=\u00a0\u00bb200&#215;200&Prime; css=\u00a0\u00bb\u00a0\u00bb][vc_column_text css=\u00a0\u00bb\u00a0\u00bb]<\/p>\n<div><strong>Spatule plate en silicone<\/strong><\/div>\n<p>[\/vc_column_text][\/vc_column_inner][vc_column_inner width=\u00a0\u00bb1\/5&Prime;][vc_single_image image=\u00a0\u00bb34627&Prime; img_size=\u00a0\u00bb200&#215;200&Prime; css=\u00a0\u00bb\u00a0\u00bb][vc_column_text css=\u00a0\u00bb\u00a0\u00bb]<\/p>\n<div><strong>Brosse<\/strong><\/div>\n<p>[\/vc_column_text][\/vc_column_inner][\/vc_row_inner][\/vc_tta_section][vc_tta_section title=\u00a0\u00bbFours\u00a0\u00bb tab_id=\u00a0\u00bb1781275895751-dcb3d17a-056e\u00a0\u00bb][vc_empty_space][vc_row_inner][vc_column_inner width=\u00a0\u00bb1\/5&Prime;][vc_single_image image=\u00a0\u00bb32551&Prime; img_size=\u00a0\u00bb200&#215;200&Prime; css=\u00a0\u00bb\u00a0\u00bb][vc_column_text css=\u00a0\u00bb\u00a0\u00bb]<\/p>\n<div><strong>Fumoir Volcano<\/strong><\/div>\n<p><strong>\u00a0<\/strong>[\/vc_column_text][\/vc_column_inner][vc_column_inner width=\u00a0\u00bb1\/5&Prime;][vc_single_image image=\u00a0\u00bb32552&Prime; img_size=\u00a0\u00bb200&#215;200&Prime; css=\u00a0\u00bb\u00a0\u00bb][vc_column_text css=\u00a0\u00bb\u00a0\u00bb]<\/p>\n<div><strong>Machine sous vide<\/strong><\/div>\n<p>[\/vc_column_text][\/vc_column_inner][vc_column_inner width=\u00a0\u00bb1\/5&Prime;][vc_single_image image=\u00a0\u00bb32553&Prime; img_size=\u00a0\u00bb200&#215;200&Prime; css=\u00a0\u00bb\u00a0\u00bb][vc_column_text css=\u00a0\u00bb\u00a0\u00bb]<strong>Sonde<br \/>\nsous vide<br \/>\n<\/strong>[\/vc_column_text][\/vc_column_inner][vc_column_inner width=\u00a0\u00bb1\/5&Prime;][vc_single_image image=\u00a0\u00bb32554&Prime; img_size=\u00a0\u00bb200&#215;200&Prime; css=\u00a0\u00bb\u00a0\u00bb][vc_column_text css=\u00a0\u00bb\u00a0\u00bb]<\/p>\n<div><strong>Grilles et plaques<\/strong><\/div>\n<p>[\/vc_column_text][\/vc_column_inner][vc_column_inner width=\u00a0\u00bb1\/5&Prime;][vc_single_image image=\u00a0\u00bb32555&Prime; img_size=\u00a0\u00bb200&#215;200&Prime; css=\u00a0\u00bb\u00a0\u00bb][vc_column_text css=\u00a0\u00bb\u00a0\u00bb]<\/p>\n<div><strong>Syst\u00e8me de cuisson<br \/>\npour volailles<\/strong><\/div>\n<p>[\/vc_column_text][\/vc_column_inner][\/vc_row_inner][\/vc_tta_section][vc_tta_section title=\u00a0\u00bbLaverie vaisselle\u00a0\u00bb tab_id=\u00a0\u00bb1781275896552-618eec74-3eaf\u00a0\u00bb][vc_empty_space height=\u00a0\u00bb22px\u00a0\u00bb][vc_single_image image=\u00a0\u00bb34628&Prime; img_size=\u00a0\u00bb200&#215;200&Prime; css=\u00a0\u00bb\u00a0\u00bb][vc_column_text css=\u00a0\u00bb\u00a0\u00bb]<\/p>\n<div><strong>Paniers \u00e0 usage<br \/>\nuniversel<\/strong><\/div>\n<p>[\/vc_column_text][\/vc_tta_section][vc_tta_section title=\u00a0\u00bbR\u00e9frig\u00e9ration\u00a0\u00bb tab_id=\u00a0\u00bb1781275896732-69863a31-cb80&Prime;][vc_empty_space][vc_row_inner][vc_column_inner width=\u00a0\u00bb1\/5&Prime;][vc_single_image image=\u00a0\u00bb34629&Prime; img_size=\u00a0\u00bb200&#215;200&Prime; alignment=\u00a0\u00bbcenter\u00a0\u00bb css=\u00a0\u00bb\u00a0\u00bb][vc_column_text css=\u00a0\u00bb\u00a0\u00bb]<\/p>\n<div><strong>Kit de grilles<\/strong><\/div>\n<p>[\/vc_column_text][\/vc_column_inner][vc_column_inner width=\u00a0\u00bb1\/5&Prime;][vc_single_image image=\u00a0\u00bb34630&Prime; img_size=\u00a0\u00bb200&#215;200&Prime; alignment=\u00a0\u00bbcenter\u00a0\u00bb css=\u00a0\u00bb\u00a0\u00bb][vc_column_text css=\u00a0\u00bb\u00a0\u00bb]<\/p>\n<div><strong>Panier en fil m<br \/>\n\u00e9tallique<\/strong><\/div>\n<p>[\/vc_column_text][\/vc_column_inner][vc_column_inner width=\u00a0\u00bb1\/5&Prime;][vc_single_image image=\u00a0\u00bb34631&Prime; img_size=\u00a0\u00bb200&#215;200&Prime; alignment=\u00a0\u00bbcenter\u00a0\u00bb css=\u00a0\u00bb\u00a0\u00bb][vc_column_text css=\u00a0\u00bb\u00a0\u00bb]<\/p>\n<div><strong>Bac en plastique<\/strong><\/div>\n<p>[\/vc_column_text][\/vc_column_inner][vc_column_inner width=\u00a0\u00bb1\/5&Prime;][vc_single_image image=\u00a0\u00bb34632&Prime; img_size=\u00a0\u00bb200&#215;200&Prime; alignment=\u00a0\u00bbcenter\u00a0\u00bb css=\u00a0\u00bb\u00a0\u00bb][vc_column_text css=\u00a0\u00bb\u00a0\u00bb]<\/p>\n<div><strong>Roulettes<\/strong><\/div>\n<p>[\/vc_column_text][\/vc_column_inner][vc_column_inner width=\u00a0\u00bb1\/5&Prime;][vc_single_image image=\u00a0\u00bb34633&Prime; img_size=\u00a0\u00bb200&#215;200&Prime; alignment=\u00a0\u00bbcenter\u00a0\u00bb css=\u00a0\u00bb\u00a0\u00bb][vc_column_text css=\u00a0\u00bb\u00a0\u00bb]<b>Rail pour chariot<\/b>[\/vc_column_text][\/vc_column_inner][\/vc_row_inner][\/vc_tta_section][\/vc_tta_tabs][\/vc_column][\/vc_row][vc_row][vc_column offset=\u00a0\u00bbvc_hidden-lg\u00a0\u00bb][elx_certification_carousel cards_bg_color=\u00a0\u00bbbg-download-white\u00a0\u00bb card_list=\u00a0\u00bb%5B%7B%22image%22%3A%2234618%22%2C%22title%22%3A%22Pasta%20cooker%20baskets%20%3Cbr%3E%22%2C%22heading_type%22%3A%22h5%22%2C%22text%22%3A%22Modular%20Cooking%5Cn%22%2C%22cta_btn_style%22%3A%22secondary%22%7D%2C%7B%22image%22%3A%2234619%22%2C%22title%22%3A%22Tester%20of%20cooking%20oil%22%2C%22heading_type%22%3A%22h5%22%2C%22text%22%3A%22Modular%20Cooking%5Cn%22%2C%22cta_btn_style%22%3A%22secondary%22%7D%2C%7B%22image%22%3A%2234620%22%2C%22title%22%3A%22Induction%20%3Cbr%3Ewok%20pan%22%2C%22heading_type%22%3A%22h5%22%2C%22text%22%3A%22Modular%20Cooking%5Cn%22%2C%22cta_btn_style%22%3A%22secondary%22%7D%2C%7B%22image%22%3A%2234621%22%2C%22title%22%3A%22Paper%20filters%20for%20filtration%20system%22%2C%22heading_type%22%3A%22h5%22%2C%22text%22%3A%22Modular%20Cooking%5Cn%22%2C%22cta_btn_style%22%3A%22secondary%22%7D%2C%7B%22image%22%3A%2234622%22%2C%22title%22%3A%22Fryer%20%3Cbr%3Ebasket%22%2C%22heading_type%22%3A%22h5%22%2C%22text%22%3A%22Modular%20Cooking%5Cn%22%2C%22cta_btn_style%22%3A%22secondary%22%7D%2C%7B%22image%22%3A%2234623%22%2C%22title%22%3A%22Non%20stick%20%3Cbr%3Etray%22%2C%22heading_type%22%3A%22h5%22%2C%22text%22%3A%22High%20Speed%20Cooking%22%2C%22cta_btn_style%22%3A%22secondary%22%7D%2C%7B%22image%22%3A%2234624%22%2C%22title%22%3A%22Brass%20bristel%20%3Cbr%3Ebrush%22%2C%22heading_type%22%3A%22h5%22%2C%22text%22%3A%22High%20Speed%20Cooking%22%2C%22cta_btn_style%22%3A%22secondary%22%7D%2C%7B%22image%22%3A%2234625%22%2C%22title%22%3A%22Baking%20%3Cbr%3Epaper%22%2C%22heading_type%22%3A%22h5%22%2C%22text%22%3A%22High%20Speed%20Cooking%22%2C%22cta_btn_style%22%3A%22secondary%22%7D%2C%7B%22image%22%3A%2234626%22%2C%22title%22%3A%22Silicon%20plate%20spatula%22%2C%22heading_type%22%3A%22h5%22%2C%22text%22%3A%22High%20Speed%20Cooking%22%2C%22cta_btn_style%22%3A%22secondary%22%7D%2C%7B%22image%22%3A%2234627%22%2C%22title%22%3A%22Brush%22%2C%22heading_type%22%3A%22h5%22%2C%22text%22%3A%22High%20Speed%20Cooking%22%2C%22cta_btn_style%22%3A%22secondary%22%7D%2C%7B%22image%22%3A%2232551%22%2C%22title%22%3A%22Volcano%20%3Cbr%3Esmoker%22%2C%22heading_type%22%3A%22h5%22%2C%22text%22%3A%22Cook%26Chill%22%2C%22cta_btn_style%22%3A%22secondary%22%7D%2C%7B%22image%22%3A%2232552%22%2C%22title%22%3A%22Vacuum%20%3Cbr%3Epacker%22%2C%22heading_type%22%3A%22h5%22%2C%22text%22%3A%22Cook%26Chill%22%2C%22cta_btn_style%22%3A%22secondary%22%7D%2C%7B%22image%22%3A%2232553%22%2C%22title%22%3A%22Sous%20vide%20%3Cbr%3Eprobe%22%2C%22heading_type%22%3A%22h5%22%2C%22text%22%3A%22Cook%26Chill%22%2C%22cta_btn_style%22%3A%22secondary%22%7D%2C%7B%22image%22%3A%2232554%22%2C%22title%22%3A%22Grids%20and%20%3Cbr%3Etrays%22%2C%22heading_type%22%3A%22h5%22%2C%22text%22%3A%22Cook%26Chill%22%2C%22cta_btn_style%22%3A%22secondary%22%7D%2C%7B%22image%22%3A%2232555%22%2C%22title%22%3A%22Chicken%20%3Cbr%3Esystem%22%2C%22heading_type%22%3A%22h5%22%2C%22text%22%3A%22Cook%26Chill%22%2C%22cta_btn_style%22%3A%22secondary%22%7D%2C%7B%22image%22%3A%2234628%22%2C%22title%22%3A%22Baskets%20for%20universal%20use%22%2C%22heading_type%22%3A%22h5%22%2C%22text%22%3A%22Dishwashing%22%2C%22cta_btn_style%22%3A%22secondary%22%7D%2C%7B%22image%22%3A%2234629%22%2C%22title%22%3A%22Grid%20%3Cbr%3Ekit%22%2C%22heading_type%22%3A%22h5%22%2C%22text%22%3A%22Refrigeration%22%2C%22cta_btn_style%22%3A%22secondary%22%7D%2C%7B%22image%22%3A%2234630%22%2C%22title%22%3A%22Wire%20%3Cbr%3Ebasket%22%2C%22heading_type%22%3A%22h5%22%2C%22text%22%3A%22Refrigeration%22%2C%22cta_btn_style%22%3A%22secondary%22%7D%2C%7B%22image%22%3A%2234631%22%2C%22title%22%3A%22Plastic%20%3Cbr%3Econtainer%22%2C%22heading_type%22%3A%22h5%22%2C%22text%22%3A%22Refrigeration%22%2C%22cta_btn_style%22%3A%22secondary%22%7D%2C%7B%22image%22%3A%2234632%22%2C%22title%22%3A%22Wheels%22%2C%22heading_type%22%3A%22h5%22%2C%22text%22%3A%22Refrigeration%22%2C%22cta_btn_style%22%3A%22secondary%22%7D%2C%7B%22image%22%3A%2234634%22%2C%22title%22%3A%22Trolley%20tray%20%3Cbr%3Etrack%22%2C%22heading_type%22%3A%22h5%22%2C%22text%22%3A%22Refrigeration%22%2C%22cta_btn_style%22%3A%22secondary%22%7D%5D\u00a0\u00bb][\/vc_column][\/vc_row][vc_row rtl_reverse=\u00a0\u00bbyes\u00a0\u00bb][vc_column offset=\u00a0\u00bbvc_col-lg-8&Prime;][vc_empty_space height=\u00a0\u00bb30px\u00a0\u00bb][vc_column_text css=\u00a0\u00bb\u00a0\u00bb]Les <strong>accessoires professionnels pour \u00e9quipements de cuisine<\/strong> sont indispensables pour <strong>optimiser la productivit\u00e9, la flexibilit\u00e9 et les performances<\/strong> de votre activit\u00e9. Des plaques de cuisson aux grilles, supports et solutions sp\u00e9cialis\u00e9es, ils permettent d&rsquo;\u00e9tendre les fonctionnalit\u00e9s de vos \u00e9quipements tout en assurant une compatibilit\u00e9 parfaite avec les solutions Electrolux Professional.<\/p>\n<div>\n<p>D\u00e9velopp\u00e9s pour r\u00e9pondre aux exigences des cuisines professionnelles \u00e0 forte activit\u00e9, ils contribuent \u00e0 <strong>am\u00e9liorer l&rsquo;organisation<\/strong>, \u00e0 <strong>fluidifier les op\u00e9rations<\/strong> quotidiennes et \u00e0 <strong>garantir des r\u00e9sultats de cuisson homog\u00e8nes et de haute qualit\u00e9<\/strong>.<\/p>\n<\/div>\n<p>[\/vc_column_text][vc_empty_space height=\u00a0\u00bb50px\u00a0\u00bb][vc_row_inner][vc_column_inner][elx_button button_text=\u00a0\u00bbT\u00e9l\u00e9chargez le catalogue des accessoires\u00a0\u00bb button_display_block=\u00a0\u00bbdisplay_block_on\u00a0\u00bb button_link=\u00a0\u00bburl:https%3A%2F%2Fwww.electroluxprofessional.com%2Ffr%2Fwp-content%2Fuploads%2F2026%2F09%2FFR-EPR-catalogue-pieces-detachees-2025-2026-BD.pdf|title:T%C3%A9l%C3%A9chargez%20le%20catalogue%20des%20accessoires|target:_blank\u00a0\u00bb css=\u00a0\u00bb.vc_custom_1788273682237{margin-bottom: 20px !important;}\u00a0\u00bb][elx_button button_text=\u00a0\u00bbO\u00f9 acheter ?\u00a0\u00bb button_display_block=\u00a0\u00bbdisplay_block_on\u00a0\u00bb button_link=\u00a0\u00bburl:%23contact|title:Where%20to%20buy\u00a0\u00bb css=\u00a0\u00bb.vc_custom_1788258379367{margin-bottom: 20px !important;}\u00a0\u00bb][\/vc_column_inner][\/vc_row_inner][\/vc_column][vc_column width=\u00a0\u00bb1\/3&Prime;][vc_row_inner][vc_column_inner][vc_empty_space height=\u00a0\u00bb28px\u00a0\u00bb][\/vc_column_inner][\/vc_row_inner][vc_row_inner][vc_column_inner offset=\u00a0\u00bbvc_hidden-md vc_hidden-sm vc_hidden-xs\u00a0\u00bb][vc_single_image image=\u00a0\u00bb34617&Prime; img_size=\u00a0\u00bbfull\u00a0\u00bb css=\u00a0\u00bb\u00a0\u00bb][\/vc_column_inner][\/vc_row_inner][\/vc_column][\/vc_row][vc_row][vc_column][vc_empty_space height=\u00a0\u00bb60&Prime;][\/vc_column][\/vc_row][vc_row][vc_column][elx_multiple_columns_features number_columns=\u00a0\u00bb2&Prime; bg_row=\u00a0\u00bbbg-download-white\u00a0\u00bb title_position=\u00a0\u00bbtop\u00a0\u00bb values=\u00a0\u00bb%5B%7B%22icon_electroluxpro%22%3A%22elx-icon%20icon-circle-easy-blue%22%2C%22title%22%3A%22Facile%20%C3%A0%20utiliser%22%2C%22text%22%3A%22Con%C3%A7us%20pour%20%C3%AAtre%20simples%20d&rsquo;utilisation%2C%20les%20accessoires%20Electrolux%20Professional%20permettent%20aux%20op%C3%A9rateurs%20d&rsquo;%C3%AAtre%20rapidement%20op%C3%A9rationnels%2C%20de%20r%C3%A9duire%20le%20temps%20de%20formation%20et%20d&rsquo;am%C3%A9liorer%20la%20productivit%C3%A9%20d%C3%A8s%20le%20premier%20jour.%22%7D%2C%7B%22icon_electroluxpro%22%3A%22elx-icon%20icon-circle-dishwasher-safe%22%2C%22title%22%3A%22R%C3%A9sistance%20au%20lavage%20en%20lave-vaisselle%22%2C%22text%22%3A%22Nos%20d%C3%A9tergents%20professionnels%20assurent%20une%20propret%C3%A9%20irr%C3%A9prochable%20tout%20en%20aidant%20%C3%A0%20pr%C3%A9server%20durablement%20les%20performances%20de%20vos%20lave-vaisselle%20professionnels.%22%7D%2C%7B%22icon_electroluxpro%22%3A%22elx-icon%20icon-phosphate-free%22%2C%22title%22%3A%22Solutions%20sans%20phosphates%22%2C%22text%22%3A%22Choisissez%20des%20d%C3%A9tergents%20professionnels%20%C3%A9coresponsables%20con%C3%A7us%20pour%20minimiser%20l&rsquo;impact%20environnemental%20et%20prot%C3%A9ger%20les%20ressources%20en%20eau%2C%20tout%20en%20garantissant%20une%20efficacit%C3%A9%20de%20nettoyage%20optimale%20et%20des%20r%C3%A9sultats%20constants.%22%7D%2C%7B%22icon_electroluxpro%22%3A%22elx-icon%20icon-circle-star-perfomance-blue%22%2C%22title%22%3A%22Polyvalence%20maximale%22%2C%22text%22%3A%22Une%20large%20gamme%20d%E2%80%99accessoires%20professionnels%20durables%2C%20compatibles%20avec%20de%20multiples%20%C3%A9quipements%20de%20cuisine%20professionnelle%2C%20pour%20une%20flexibilit%C3%A9%20maximale%20et%20une%20fiabilit%C3%A9%20durable.%22%7D%5D\u00a0\u00bb][\/vc_column][\/vc_row][vc_row el_id=\u00a0\u00bbcontact\u00a0\u00bb][vc_column][vc_empty_space][elx_heading text_color=\u00a0\u00bbinherit\u00a0\u00bb text_align=\u00a0\u00bbtext-center\u00a0\u00bb]O\u00f9 acheter nos accessoires et consommables ?[\/elx_heading][vc_column_text css=\u00a0\u00bb\u00a0\u00bb]<\/p>\n<p style=\"text-align: center;\">S\u00e9lectionnez votre pays et votre zone g\u00e9ographique pour trouver le distributeur agr\u00e9\u00e9 le plus proche.<\/p>\n<p>[\/vc_column_text][vc_empty_space][elx_o2000_locator cf=\u00a0\u00bbFrance\u00a0\u00bb l=\u00a0\u00bbfr\u00a0\u00bb agencydef=\u00a0\u00bbservice\u00a0\u00bb sector=\u00a0\u00bbfood\u00a0\u00bb request=\u00a0\u00bbJe souhaite acheter des d\u00e9tergents et des accessoires pour ma cuisine professionnelle.\u00a0\u00bb][vc_empty_space][\/vc_column][\/vc_row]<\/p>\n<\/div>","protected":false},"excerpt":{"rendered":"<p>[vc_row full_width=\u00a0\u00bbelectroluxpro-full-width-no-padding\u00a0\u00bb][vc_column][elx_image_block background_image=\u00a0\u00bb34611&Prime; minimum_height=\u00a0\u00bb400px\u00a0\u00bb][\/vc_column][\/vc_row][vc_row][vc_column][vc_empty_space height=\u00a0\u00bb30px\u00a0\u00bb][elx_heading font_container=\u00a0\u00bbh1&Prime; font_size=\u00a0\u00bbh1&Prime; text_color=\u00a0\u00bbinherit\u00a0\u00bb]Accessoires et consommables pour \u00e9quipements de cuisine professionnelle[\/elx_heading][vc_empty_space height=\u00a0\u00bb10px\u00a0\u00bb][elx_heading font_size=\u00a0\u00bbh5&Prime; text_color=\u00a0\u00bbinherit\u00a0\u00bb]Con\u00e7us pour maximiser les performances de vos \u00e9quipements professionnels[\/elx_heading][vc_empty_space height=\u00a0\u00bb10px\u00a0\u00bb][vc_column_text css=\u00a0\u00bb\u00a0\u00bb]Les accessoires et consommables professionnels jouent un r\u00f4le essentiel dans l&rsquo;optimisation des performances et de la long\u00e9vit\u00e9 de vos \u00e9quipements de cuisine Electrolux Professional. D\u00e9velopp\u00e9s pour une compatibilit\u00e9 [&hellip;]<\/p>\n","protected":false},"author":616,"featured_media":34610,"parent":6298,"menu_order":0,"comment_status":"closed","ping_status":"closed","template":"","meta":{"_acf_changed":false,"footnotes":"","_members_access_role":[],"_members_access_error":""},"class_list":["post-34635","page","type-page","status-publish","has-post-thumbnail","hentry"],"acf":[],"yoast_head":"<!-- This site is optimized with the Yoast SEO plugin v28.0 - https:\/\/yoast.com\/product\/yoast-seo-wordpress\/ -->\n<title>Accessoires et consommables pour cuisine professionnelle | Electrolux Professional France<\/title>\n<meta name=\"description\" content=\"Accessoires, consommables et d\u00e9tergents pros pour optimiser les performances, la fiabilit\u00e9 et la long\u00e9vit\u00e9 de vos \u00e9quipements de cuisine pro.\" \/>\n<meta name=\"robots\" content=\"index, follow, max-snippet:-1, max-image-preview:large, max-video-preview:-1\" \/>\n<link rel=\"canonical\" href=\"https:\/\/www.electroluxprofessional.com\/fr\/accessoires-consommables\/accessoires-et-consommables-pour-cuisine-professionnelle\/\" \/>\n<meta property=\"og:locale\" content=\"fr_FR\" \/>\n<meta property=\"og:type\" content=\"article\" \/>\n<meta property=\"og:title\" content=\"Accessoires et consommables pour cuisine professionnelle | Electrolux Professional France\" \/>\n<meta property=\"og:description\" content=\"Accessoires, consommables et d\u00e9tergents pros pour optimiser les performances, la fiabilit\u00e9 et la long\u00e9vit\u00e9 de vos \u00e9quipements de cuisine pro.\" \/>\n<meta property=\"og:url\" content=\"https:\/\/www.electroluxprofessional.com\/fr\/accessoires-consommables\/accessoires-et-consommables-pour-cuisine-professionnelle\/\" \/>\n<meta property=\"og:site_name\" content=\"Electrolux Professional France\" \/>\n<meta property=\"article:modified_time\" content=\"2026-09-01T14:47:17+00:00\" \/>\n<meta property=\"og:image\" content=\"https:\/\/www.electroluxprofessional.com\/fr\/wp-content\/uploads\/2026\/09\/accessori_966x712-1.jpg\" \/>\n\t<meta property=\"og:image:width\" content=\"966\" \/>\n\t<meta property=\"og:image:height\" content=\"712\" \/>\n\t<meta property=\"og:image:type\" content=\"image\/jpeg\" \/>\n<meta name=\"twitter:card\" content=\"summary_large_image\" \/>\n<meta name=\"twitter:label1\" content=\"Dur\u00e9e de lecture estim\u00e9e\" \/>\n\t<meta name=\"twitter:data1\" content=\"10 minutes\" \/>\n<script type=\"application\/ld+json\" class=\"yoast-schema-graph\">{\"@context\":\"https:\\\/\\\/schema.org\",\"@graph\":[{\"@type\":\"WebPage\",\"@id\":\"https:\\\/\\\/www.electroluxprofessional.com\\\/fr\\\/accessoires-consommables\\\/accessoires-et-consommables-pour-cuisine-professionnelle\\\/\",\"url\":\"https:\\\/\\\/www.electroluxprofessional.com\\\/fr\\\/accessoires-consommables\\\/accessoires-et-consommables-pour-cuisine-professionnelle\\\/\",\"name\":\"Accessoires et consommables pour cuisine professionnelle | Electrolux Professional France\",\"isPartOf\":{\"@id\":\"https:\\\/\\\/www.electroluxprofessional.com\\\/fr\\\/#website\"},\"primaryImageOfPage\":{\"@id\":\"https:\\\/\\\/www.electroluxprofessional.com\\\/fr\\\/accessoires-consommables\\\/accessoires-et-consommables-pour-cuisine-professionnelle\\\/#primaryimage\"},\"image\":{\"@id\":\"https:\\\/\\\/www.electroluxprofessional.com\\\/fr\\\/accessoires-consommables\\\/accessoires-et-consommables-pour-cuisine-professionnelle\\\/#primaryimage\"},\"thumbnailUrl\":\"https:\\\/\\\/www.electroluxprofessional.com\\\/fr\\\/wp-content\\\/uploads\\\/2026\\\/09\\\/accessori_966x712-1.jpg\",\"datePublished\":\"2026-09-01T09:17:30+00:00\",\"dateModified\":\"2026-09-01T14:47:17+00:00\",\"description\":\"Accessoires, consommables et d\u00e9tergents pros pour optimiser les performances, la fiabilit\u00e9 et la long\u00e9vit\u00e9 de vos \u00e9quipements de cuisine pro.\",\"breadcrumb\":{\"@id\":\"https:\\\/\\\/www.electroluxprofessional.com\\\/fr\\\/accessoires-consommables\\\/accessoires-et-consommables-pour-cuisine-professionnelle\\\/#breadcrumb\"},\"inLanguage\":\"fr-FR\",\"potentialAction\":[{\"@type\":\"ReadAction\",\"target\":[\"https:\\\/\\\/www.electroluxprofessional.com\\\/fr\\\/accessoires-consommables\\\/accessoires-et-consommables-pour-cuisine-professionnelle\\\/\"]}]},{\"@type\":\"ImageObject\",\"inLanguage\":\"fr-FR\",\"@id\":\"https:\\\/\\\/www.electroluxprofessional.com\\\/fr\\\/accessoires-consommables\\\/accessoires-et-consommables-pour-cuisine-professionnelle\\\/#primaryimage\",\"url\":\"https:\\\/\\\/www.electroluxprofessional.com\\\/fr\\\/wp-content\\\/uploads\\\/2026\\\/09\\\/accessori_966x712-1.jpg\",\"contentUrl\":\"https:\\\/\\\/www.electroluxprofessional.com\\\/fr\\\/wp-content\\\/uploads\\\/2026\\\/09\\\/accessori_966x712-1.jpg\",\"width\":966,\"height\":712},{\"@type\":\"BreadcrumbList\",\"@id\":\"https:\\\/\\\/www.electroluxprofessional.com\\\/fr\\\/accessoires-consommables\\\/accessoires-et-consommables-pour-cuisine-professionnelle\\\/#breadcrumb\",\"itemListElement\":[{\"@type\":\"ListItem\",\"position\":1,\"name\":\"Home\",\"item\":\"https:\\\/\\\/www.electroluxprofessional.com\\\/fr\\\/\"},{\"@type\":\"ListItem\",\"position\":2,\"name\":\"Accessoires &#038; Consommables\",\"item\":\"https:\\\/\\\/www.electroluxprofessional.com\\\/fr\\\/accessoires-consommables\\\/\"},{\"@type\":\"ListItem\",\"position\":3,\"name\":\"Accessoires et consommables pour cuisine professionnelle\"}]},{\"@type\":\"WebSite\",\"@id\":\"https:\\\/\\\/www.electroluxprofessional.com\\\/fr\\\/#website\",\"url\":\"https:\\\/\\\/www.electroluxprofessional.com\\\/fr\\\/\",\"name\":\"Electrolux Professional France\",\"description\":\"\",\"potentialAction\":[{\"@type\":\"SearchAction\",\"target\":{\"@type\":\"EntryPoint\",\"urlTemplate\":\"https:\\\/\\\/www.electroluxprofessional.com\\\/fr\\\/?src={search_term_string}\"},\"query-input\":{\"@type\":\"PropertyValueSpecification\",\"valueRequired\":true,\"valueName\":\"search_term_string\"}}],\"inLanguage\":\"fr-FR\"}]}<\/script>\n<!-- \/ Yoast SEO plugin. -->","yoast_head_json":{"title":"Accessoires et consommables pour cuisine professionnelle | Electrolux Professional France","description":"Accessoires, consommables et d\u00e9tergents pros pour optimiser les performances, la fiabilit\u00e9 et la long\u00e9vit\u00e9 de vos \u00e9quipements de cuisine pro.","robots":{"index":"index","follow":"follow","max-snippet":"max-snippet:-1","max-image-preview":"max-image-preview:large","max-video-preview":"max-video-preview:-1"},"canonical":"https:\/\/www.electroluxprofessional.com\/fr\/accessoires-consommables\/accessoires-et-consommables-pour-cuisine-professionnelle\/","og_locale":"fr_FR","og_type":"article","og_title":"Accessoires et consommables pour cuisine professionnelle | Electrolux Professional France","og_description":"Accessoires, consommables et d\u00e9tergents pros pour optimiser les performances, la fiabilit\u00e9 et la long\u00e9vit\u00e9 de vos \u00e9quipements de cuisine pro.","og_url":"https:\/\/www.electroluxprofessional.com\/fr\/accessoires-consommables\/accessoires-et-consommables-pour-cuisine-professionnelle\/","og_site_name":"Electrolux Professional France","article_modified_time":"2026-09-01T14:47:17+00:00","og_image":[{"width":966,"height":712,"url":"https:\/\/www.electroluxprofessional.com\/fr\/wp-content\/uploads\/2026\/09\/accessori_966x712-1.jpg","type":"image\/jpeg"}],"twitter_card":"summary_large_image","twitter_misc":{"Dur\u00e9e de lecture estim\u00e9e":"10 minutes"},"schema":{"@context":"https:\/\/schema.org","@graph":[{"@type":"WebPage","@id":"https:\/\/www.electroluxprofessional.com\/fr\/accessoires-consommables\/accessoires-et-consommables-pour-cuisine-professionnelle\/","url":"https:\/\/www.electroluxprofessional.com\/fr\/accessoires-consommables\/accessoires-et-consommables-pour-cuisine-professionnelle\/","name":"Accessoires et consommables pour cuisine professionnelle | Electrolux Professional France","isPartOf":{"@id":"https:\/\/www.electroluxprofessional.com\/fr\/#website"},"primaryImageOfPage":{"@id":"https:\/\/www.electroluxprofessional.com\/fr\/accessoires-consommables\/accessoires-et-consommables-pour-cuisine-professionnelle\/#primaryimage"},"image":{"@id":"https:\/\/www.electroluxprofessional.com\/fr\/accessoires-consommables\/accessoires-et-consommables-pour-cuisine-professionnelle\/#primaryimage"},"thumbnailUrl":"https:\/\/www.electroluxprofessional.com\/fr\/wp-content\/uploads\/2026\/09\/accessori_966x712-1.jpg","datePublished":"2026-09-01T09:17:30+00:00","dateModified":"2026-09-01T14:47:17+00:00","description":"Accessoires, consommables et d\u00e9tergents pros pour optimiser les performances, la fiabilit\u00e9 et la long\u00e9vit\u00e9 de vos \u00e9quipements de cuisine pro.","breadcrumb":{"@id":"https:\/\/www.electroluxprofessional.com\/fr\/accessoires-consommables\/accessoires-et-consommables-pour-cuisine-professionnelle\/#breadcrumb"},"inLanguage":"fr-FR","potentialAction":[{"@type":"ReadAction","target":["https:\/\/www.electroluxprofessional.com\/fr\/accessoires-consommables\/accessoires-et-consommables-pour-cuisine-professionnelle\/"]}]},{"@type":"ImageObject","inLanguage":"fr-FR","@id":"https:\/\/www.electroluxprofessional.com\/fr\/accessoires-consommables\/accessoires-et-consommables-pour-cuisine-professionnelle\/#primaryimage","url":"https:\/\/www.electroluxprofessional.com\/fr\/wp-content\/uploads\/2026\/09\/accessori_966x712-1.jpg","contentUrl":"https:\/\/www.electroluxprofessional.com\/fr\/wp-content\/uploads\/2026\/09\/accessori_966x712-1.jpg","width":966,"height":712},{"@type":"BreadcrumbList","@id":"https:\/\/www.electroluxprofessional.com\/fr\/accessoires-consommables\/accessoires-et-consommables-pour-cuisine-professionnelle\/#breadcrumb","itemListElement":[{"@type":"ListItem","position":1,"name":"Home","item":"https:\/\/www.electroluxprofessional.com\/fr\/"},{"@type":"ListItem","position":2,"name":"Accessoires &#038; Consommables","item":"https:\/\/www.electroluxprofessional.com\/fr\/accessoires-consommables\/"},{"@type":"ListItem","position":3,"name":"Accessoires et consommables pour cuisine professionnelle"}]},{"@type":"WebSite","@id":"https:\/\/www.electroluxprofessional.com\/fr\/#website","url":"https:\/\/www.electroluxprofessional.com\/fr\/","name":"Electrolux Professional France","description":"","potentialAction":[{"@type":"SearchAction","target":{"@type":"EntryPoint","urlTemplate":"https:\/\/www.electroluxprofessional.com\/fr\/?src={search_term_string}"},"query-input":{"@type":"PropertyValueSpecification","valueRequired":true,"valueName":"search_term_string"}}],"inLanguage":"fr-FR"}]}},"_links":{"self":[{"href":"https:\/\/www.electroluxprofessional.com\/fr\/wp-json\/wp\/v2\/pages\/34635","targetHints":{"allow":["GET"]}}],"collection":[{"href":"https:\/\/www.electroluxprofessional.com\/fr\/wp-json\/wp\/v2\/pages"}],"about":[{"href":"https:\/\/www.electroluxprofessional.com\/fr\/wp-json\/wp\/v2\/types\/page"}],"author":[{"embeddable":true,"href":"https:\/\/www.electroluxprofessional.com\/fr\/wp-json\/wp\/v2\/users\/616"}],"replies":[{"embeddable":true,"href":"https:\/\/www.electroluxprofessional.com\/fr\/wp-json\/wp\/v2\/comments?post=34635"}],"version-history":[{"count":11,"href":"https:\/\/www.electroluxprofessional.com\/fr\/wp-json\/wp\/v2\/pages\/34635\/revisions"}],"predecessor-version":[{"id":34662,"href":"https:\/\/www.electroluxprofessional.com\/fr\/wp-json\/wp\/v2\/pages\/34635\/revisions\/34662"}],"up":[{"embeddable":true,"href":"https:\/\/www.electroluxprofessional.com\/fr\/wp-json\/wp\/v2\/pages\/6298"}],"wp:featuredmedia":[{"embeddable":true,"href":"https:\/\/www.electroluxprofessional.com\/fr\/wp-json\/wp\/v2\/media\/34610"}],"wp:attachment":[{"href":"https:\/\/www.electroluxprofessional.com\/fr\/wp-json\/wp\/v2\/media?parent=34635"}],"curies":[{"name":"wp","href":"https:\/\/api.w.org\/{rel}","templated":true}]}}