{"id":34564,"date":"2026-08-31T14:20:46","date_gmt":"2026-08-31T14:20:46","guid":{"rendered":"https:\/\/www.electroluxprofessional.com\/fr\/?page_id=34564"},"modified":"2026-09-01T08:19:53","modified_gmt":"2026-09-01T08:19:53","slug":"lave-vaisselle-neoblue-touch","status":"publish","type":"page","link":"https:\/\/www.electroluxprofessional.com\/fr\/equipement-cuisine\/lavage-de-vaisselle\/lave-vaisselle-neoblue-touch\/","title":{"rendered":"Lave vaisselle frontal NeoBlue Touch"},"content":{"rendered":"<div class=\"wpb-content-wrapper\"><p>[vc_row full_width=\u00a0\u00bbelectroluxpro-full-width-no-padding\u00a0\u00bb el_id=\u00a0\u00bbbanner\u00a0\u00bb][vc_column][elx_hero_video text_position=\u00a0\u00bbhero_video_text_align_left\u00a0\u00bb background_video_mp4=\u00a0\u00bbhttps:\/\/www.electroluxprofessional.com\/fr\/wp-content\/uploads\/2024\/07\/EPR_Video_NeoBlue-Touch-UC_WEB-2000&#215;580-v2.mp4&Prime;][\/elx_hero_video][\/vc_column][\/vc_row][vc_row][vc_column][vc_empty_space][elx_text_image tag_title=\u00a0\u00bbh1&Prime; style_image=\u00a0\u00bbimage_square\u00a0\u00bb bg_row=\u00a0\u00bbbg-download-white\u00a0\u00bb title=\u00a0\u00bbLave-vaisselle professionnel frontal NeoBlue Touch :<br \/>\ndes r\u00e9sultats impeccables et des \u00e9conomies en un seul geste\u00a0\u00bb lists=\u00a0\u00bb%5B%7B%7D%5D\u00a0\u00bb values=\u00a0\u00bb%5B%7B%22tag_icon_title%22%3A%22h4%22%7D%5D\u00a0\u00bb single_image=\u00a0\u00bb34561&Prime;]<strong>La nouvelle g\u00e9n\u00e9ration de lave-vaisselle professionnels <\/strong>frontaux est disponible<strong>. <\/strong>NeoBlue Touch allie <strong>simplicit\u00e9 d&rsquo;utilisation, fiabilit\u00e9 et faibles co\u00fbts d&rsquo;exploitation <\/strong>gr\u00e2ce \u00e0 une<strong> consommation optimis\u00e9e <\/strong>d&rsquo;eau, d&rsquo;\u00e9nergie et de produits lessiviels.<\/p>\n<div>\n<p>Profitez de performances de lavage exceptionnelles et d&rsquo;un <strong>espace de chargement g\u00e9n\u00e9reux<\/strong> permettant d&rsquo;accueillir facilement des verres \u00e0 bi\u00e8re hauts et des assiettes \u00e0 pizza jusqu&rsquo;\u00e0 360 mm de diam\u00e8tre.<\/p>\n<p>Gr\u00e2ce \u00e0 son<strong> bouton de commande unique <\/strong>et \u00e0 son indicateur lumineux intuitif, contr\u00f4lez instantan\u00e9ment l&rsquo;\u00e9tat de la machine. <strong>Avec l&rsquo;application Electrolux Professional,<\/strong> g\u00e9rez votre lave-vaisselle directement depuis votre smartphone.<\/p>\n<\/div>\n<p>[\/elx_text_image][elx_o2000_contact_us s=\u00a0\u00bbDemande de contact via le site web\u00a0\u00bb country=\u00a0\u00bbFrance\u00a0\u00bb b=\u00a0\u00bbfood\u00a0\u00bb button_mode=\u00a0\u00bbtrue\u00a0\u00bb button_style=\u00a0\u00bbsecondary-bordered\u00a0\u00bb postion_button=\u00a0\u00bbtext-left\u00a0\u00bb postion_button_mobile=\u00a0\u00bbtext-left-mobile\u00a0\u00bb text_btn_contact=\u00a0\u00bbNous contacter\u00a0\u00bb][\/vc_column][\/vc_row][vc_row][vc_column][vc_empty_space height=\u00a0\u00bb50px\u00a0\u00bb][elx_video_block background_image=\u00a0\u00bb25435&Prime; is_full_height=\u00a0\u00bbfull-height\u00a0\u00bb minimum_height=\u00a0\u00bb475px\u00a0\u00bb video_link=\u00a0\u00bbhttps:\/\/www.youtube.com\/embed\/kZVIRVU_MFs?si=OfFXvqWYk2Sxv3-z\u00a0\u00bb][vc_empty_space height=\u00a0\u00bb50px\u00a0\u00bb][\/vc_column][\/vc_row][vc_row custom_color_row=\u00a0\u00bbbg-row-light-blue\u00a0\u00bb][vc_column][elx_features_download title=\u00a0\u00bbDurabilit\u00e9, performance et simplicit\u00e9 d&rsquo;utilisation\u00a0\u00bb tag_title=\u00a0\u00bbh2&Prime; class_title=\u00a0\u00bbh1&Prime; button_style=\u00a0\u00bbsecondary-bordered\u00a0\u00bb title_download=\u00a0\u00bbT\u00e9l\u00e9charger\u00a0\u00bb title_discover=\u00a0\u00bbD\u00e9couvrir aussi\u00a0\u00bb bg_discover_color=\u00a0\u00bbbg-download-white\u00a0\u00bb link_discover_color=\u00a0\u00bbdownload-text-blue\u00a0\u00bb title_position=\u00a0\u00bbtop\u00a0\u00bb bg_row=\u00a0\u00bbbg-row-light-blue\u00a0\u00bb values=\u00a0\u00bb%5B%7B%22select_type%22%3A%22pride%22%2C%22label_pride_document%22%3A%22Brochure%20lave-vaisselle%20frontal%20NeoBlue%20Touch%20%22%2C%22document_type%22%3A%22brochures%22%2C%22br_document_number%22%3A%22BR-9JE00236%22%7D%5D\u00a0\u00bb discover=\u00a0\u00bb%5B%7B%22link_discover%22%3A%22url%3A%2523Accessories%7Ctitle%3AAccessoires%2520et%2520d%25C3%25A9tergents%22%7D%5D\u00a0\u00bb features=\u00a0\u00bb%5B%7B%22icon_electroluxpro%22%3A%22elx-icon%20icon-circle-green-blue%22%2C%22title_icon%22%3A%22%C3%89conomies%20intelligentes%20et%20ergonomie%22%2C%22tag_icon_title%22%3A%22h4%22%2C%22text_icon%22%3A%22R%C3%A9duisez%20vos%20co%C3%BBts%20jusqu&rsquo;%C3%A0%2040%25*%20en%20mati%C3%A8re%20de%20consommation%20d&rsquo;%C3%A9nergie%2C%20d&rsquo;eau%20et%20de%20d%C3%A9tergents.%20Assurez-vous%20une%20utilisation%20et%20un%20nettoyage%20en%20toute%20s%C3%A9r%C3%A9nit%C3%A9.%5Cn%5Cn%3Cp%20class%3D%5C%22note-style%5C%22%3E*Mesur%C3%A9%20selon%20la%20norme%20EN%2063136%2C%20en%20comparant%20le%20mod%C3%A8le%20NeoBlue%20Touch%20avec%20le%20cycle%20MyEco%20%C3%A0%20la%20gamme%20pr%C3%A9c%C3%A9dente%20de%20lave-vaisselle%20frontal%20Electrolux%20Professional%20(consommation%20d&rsquo;eau%20de%203l%2Fcycle).%3C%2Fp%3E%22%7D%2C%7B%22icon_electroluxpro%22%3A%22elx-icon%20icon-circle-star-perfomance-blue%22%2C%22title_icon%22%3A%22Des%20r%C3%A9sultats%20de%20lavage%20exceptionnels%22%2C%22tag_icon_title%22%3A%22h4%22%2C%22text_icon%22%3A%22Obtenez%20des%20r%C3%A9sultats%20impeccables%20%C3%A0%20chaque%20fois%20gr%C3%A2ce%20%C3%A0%20une%20couverture%20de%20lavage%20%C3%A0%20360%C2%B0%20assur%C3%A9e%20par%20le%20nouveau%20bras%20de%20lavage%20int%C3%A9gr%C3%A9*.%20Profitez%20d&rsquo;une%20brillance%20%C3%A9clatante%20en%20utilisant%20les%20d%C3%A9tergents%20et%20accessoires%20adapt%C3%A9s%2C%20et%20gagnez%20en%20productivit%C3%A9%20gr%C3%A2ce%20%C3%A0%20une%20capacit%C3%A9%20de%20chargement%20accrue.%5Cn%5Cn%3Cp%20class%3D%5C%22note-style%5C%22%3E*Brevet%20en%20instance%20(EP24177693.9)%3C%2Fp%3E%22%7D%2C%7B%22icon_electroluxpro%22%3A%22elx-icon%20icon-circle-connected-blue%22%2C%22title_icon%22%3A%22La%20simplicit%C3%A9%20d&rsquo;utilisation%20en%20une%20seule%20touche%22%2C%22tag_icon_title%22%3A%22h4%22%2C%22text_icon%22%3A%22Simplifiez%20votre%20quotidien%20en%20toute%20fluidit%C3%A9%20gr%C3%A2ce%20%C3%A0%20la%20touche%20tactile%20intuitive%2C%20au%20code%20couleur%20et%20%C3%A0%20l&rsquo;application%20OnE%20Connected.%20Une%20simple%20pression%20pour%20une%20connexion%20instantan%C3%A9e.%22%7D%5D\u00a0\u00bb][\/elx_features_download][vc_empty_space height=\u00a0\u00bb20px\u00a0\u00bb][\/vc_column][\/vc_row][vc_row disable_element=\u00a0\u00bbyes\u00a0\u00bb css=\u00a0\u00bb.vc_custom_1787840495396{background-color: #c4d69a !important;}\u00a0\u00bb][vc_column width=\u00a0\u00bb2\/3&Prime;][vc_empty_space][vc_row_inner full_width=\u00a0\u00bbelectroluxpro-full-width-no-padding\u00a0\u00bb][vc_column_inner width=\u00a0\u00bb1\/6&Prime;][elx_icons icon_size=\u00a0\u00bbelx-icon-medium\u00a0\u00bb alignment=\u00a0\u00bbleft\u00a0\u00bb icon_electroluxpro=\u00a0\u00bbelx-icon icon-40-energy-savings-white\u00a0\u00bb][\/vc_column_inner][vc_column_inner width=\u00a0\u00bb5\/6&Prime;][vc_column_text]<\/p>\n<h4 style=\"color: #14133b;\">Extra energy savings with default MyEco cycle up to 40%<\/h4>\n<p style=\"color: #14133b;\">The MyEco cycle grants further savings in:<br \/>\n&#8211; <b>energy<\/b> consumption, using only\u00a0<b><span lang=\"EN-US\">260Wh\/rack**, <\/span><\/b><span lang=\"EN-US\">saving more than 3 thousand kWh\/year, equivalent to more than 145 thousand charged smartphones*\u00a0<\/span><br \/>\n&#8211; <b>water<\/b> consumption 2,1 l\/cycle**<\/p>\n<p>[\/vc_column_text][vc_empty_space][vc_column_text el_class=\u00a0\u00bbnote-style\u00a0\u00bb]*Calculated by EPA (US Environmental Protection Agency)<br \/>\n**Calculation by energy consumption during product usage (36 cycles\/day*300 days\/year), considering a mix of energy sources as by calibrated EU database upd. values [kgCO2eq \/KWh] &#8211; Source: IEA 2020 released in 2023 &#8211; The EIA Emissions Factors are speci\ufb01ed for Electricity &amp; Heat CO2 and include CH4 and N2O factors, according to IEA for 2021 also. Comparison made between NeoBlue Touch with MyEco cycle and the previous Electrolux Professional Undercounter dishwashers range with 3l water consumption\/cycle.[\/vc_column_text][vc_empty_space][elx_button button_text=\u00a0\u00bbVisit UL website\u00a0\u00bb button_style=\u00a0\u00bbsecondary-bordered\u00a0\u00bb button_link=\u00a0\u00bburl:https%3A%2F%2Fverify.ul.com%2Fverifications%2F1409|target:_blank\u00a0\u00bb][\/vc_column_inner][\/vc_row_inner][vc_empty_space][\/vc_column][vc_column width=\u00a0\u00bb1\/3&Prime;][vc_empty_space height=\u00a0\u00bb50px\u00a0\u00bb][vc_single_image image=\u00a0\u00bb25624&Prime; img_size=\u00a0\u00bb211&#215;303&Prime; alignment=\u00a0\u00bbcenter\u00a0\u00bb][\/vc_column][\/vc_row][vc_row css=\u00a0\u00bb.vc_custom_1787840499476{background-color: #c4d69a !important;}\u00a0\u00bb][vc_column][vc_empty_space][vc_row_inner full_width=\u00a0\u00bbelectroluxpro-full-width-no-padding\u00a0\u00bb][vc_column_inner width=\u00a0\u00bb1\/12&Prime;][elx_icons icon_size=\u00a0\u00bbelx-icon-medium\u00a0\u00bb alignment=\u00a0\u00bbleft\u00a0\u00bb icon_electroluxpro=\u00a0\u00bbelx-icon icon-40-energy-savings-white\u00a0\u00bb][\/vc_column_inner][vc_column_inner width=\u00a0\u00bb11\/12&Prime;][vc_column_text css=\u00a0\u00bb\u00a0\u00bb]<\/p>\n<h2>Jusqu&rsquo;\u00e0 40% d&rsquo;\u00e9conomies d&rsquo;\u00e9nergie<\/h2>\n<div>\n<h4>R\u00e9duisez vos consommations d&rsquo;eau et d&rsquo;\u00e9nergie<\/h4>\n<p>R\u00e9alisez jusqu&rsquo;\u00e0 40% d&rsquo;\u00e9conomies d&rsquo;\u00e9nergie\u00b9 gr\u00e2ce au cycle MyEco configur\u00e9 par d\u00e9faut.<\/p>\n<p>Le cycle MyEco permet \u00e9galement de r\u00e9duire :<\/p>\n<ul>\n<li>la consommation d&rsquo;\u00e9nergie, avec seulement 260 Wh par panier\u00b2, soit plus de 3 000 kWh \u00e9conomis\u00e9s par an\u00b3, l&rsquo;\u00e9quivalent de plus de 145 000 recharges de smartphone\u2074 ;<\/li>\n<li>la consommation d&rsquo;eau, avec seulement 2,1 litres par cycle\u00b2.<\/li>\n<\/ul>\n<\/div>\n<p>[\/vc_column_text][vc_empty_space][vc_column_text css=\u00a0\u00bb\u00a0\u00bb el_class=\u00a0\u00bbnote-style\u00a0\u00bb]<\/p>\n<p class=\"note-style\"><strong>\u00b9<\/strong> Jusqu&rsquo;\u00e0 40% d&rsquo;\u00e9conomies d&rsquo;\u00e9nergie mesur\u00e9es selon la norme EN 63136, par rapport \u00e0 la pr\u00e9c\u00e9dente gamme de lave-vaisselle frontaux Electrolux Professional consommant 3 L d&rsquo;eau par cycle.<br \/>\n<strong>\u00b2<\/strong> Donn\u00e9es mesur\u00e9es conform\u00e9ment \u00e0 la norme EN 63136.<br \/>\n<strong>\u00b3<\/strong> Estimation bas\u00e9e sur une utilisation de 36 cycles par jour, 300 jours par an.<br \/>\n<strong>\u2074<\/strong> \u00c9quivalence calcul\u00e9e \u00e0 partir des donn\u00e9es 2024 de l&rsquo;US Environmental Protection Agency (EPA).\u00a0 <a href=\"https:\/\/www.epa.gov\/\">https:\/\/www.epa.gov\/<\/a>)<\/p>\n<p>[\/vc_column_text][\/vc_column_inner][\/vc_row_inner][vc_empty_space][\/vc_column][\/vc_row][vc_row disable_element=\u00a0\u00bbyes\u00a0\u00bb css=\u00a0\u00bb.vc_custom_1737713583270{background-color: #aedcb0 !important;}\u00a0\u00bb][vc_column width=\u00a0\u00bb2\/3&Prime;][vc_empty_space][vc_row_inner full_width=\u00a0\u00bbelectroluxpro-full-width-no-padding\u00a0\u00bb][vc_column_inner width=\u00a0\u00bb1\/6&Prime;][elx_icons icon_size=\u00a0\u00bbelx-icon-medium\u00a0\u00bb alignment=\u00a0\u00bbleft\u00a0\u00bb icon_electroluxpro=\u00a0\u00bbelx-icon icon-40-energy-savings-white\u00a0\u00bb][\/vc_column_inner][vc_column_inner width=\u00a0\u00bb5\/6&Prime;][vc_column_text]<\/p>\n<h4 style=\"color: #14133b;\">Extra energy savings with default MyEco cycle up to 40%<\/h4>\n<p style=\"color: #14133b;\">The MyEco cycle grants further savings in:<br \/>\n&#8211; <b>energy<\/b> consumption, using only\u00a0<b><span lang=\"EN-US\">260Wh\/rack**, <\/span><\/b><span lang=\"EN-US\">saving more than 3 thousand kWh\/year, equivalent to more than 145 thousand charged smartphones*\u00a0<\/span><br \/>\n&#8211; <b>water<\/b> consumption 2,1 l\/cycle**<\/p>\n<p style=\"font-size: 13px; line-height: 15px; color: #14133b;\">*Calculated by EPA (US Environmental Protection Agency)<br \/>\n<span lang=\"EN-US\">**Calculation by energy consumption during product usage, EFCEM pro<\/span>\ufb01<span lang=\"EN-US\">le (36 cycles\/day*300 days\/year), considering a mix of energy sources as by calibrated EU database upd. values [kgCO2eq \/KWh] &#8211; Source: IEA 2020 released in 2023 &#8211; The EIA Emissions Factors are speci<\/span>\ufb01<span lang=\"EN-US\">ed for Electricity &amp; Heat CO2 and include CH4 and N2O factors, according to IEA for 2021 also. Comparison made between NeoBlue Touch with MyEco cycle and the previous Electrolux Professional Undercounter range with 3l water consumption\/cycle.<\/span><\/p>\n<p>[\/vc_column_text][\/vc_column_inner][\/vc_row_inner][vc_empty_space][\/vc_column][vc_column width=\u00a0\u00bb1\/3&Prime;][vc_empty_space height=\u00a0\u00bb50px\u00a0\u00bb][vc_single_image image=\u00a0\u00bb25624&Prime; img_size=\u00a0\u00bb211&#215;303&Prime; alignment=\u00a0\u00bbcenter\u00a0\u00bb][vc_empty_space height=\u00a0\u00bb10px\u00a0\u00bb][vc_column_text]<\/p>\n<p style=\"text-align: center; font-size: 16px;\"><a href=\"https:\/\/verify.ul.com\/verifications\/1409\" target=\"_blank\" rel=\"noopener\">V777927<\/a><\/p>\n<p>[\/vc_column_text][\/vc_column][\/vc_row][vc_row][vc_column][vc_empty_space height=\u00a0\u00bb50px\u00a0\u00bb][\/vc_column][\/vc_row][vc_row][vc_column width=\u00a0\u00bb1\/4&Prime;][vc_single_image image=\u00a0\u00bb24420&Prime; img_size=\u00a0\u00bb150&Prime; alignment=\u00a0\u00bbcenter\u00a0\u00bb][vc_empty_space height=\u00a0\u00bb20px\u00a0\u00bb][vc_column_text css=\u00a0\u00bb\u00a0\u00bb]<\/p>\n<h5>Conception ergonomique 4 \u00e9toiles<\/h5>\n<p>\u2022 Utilisation simple gr\u00e2ce \u00e0 une interface intuitive<br \/>\n\u2022 Conception ergonomique limitant les efforts de l&rsquo;utilisateur<br \/>\n\u2022 Ouverture assist\u00e9e pour un chargement facile et confortable<br \/>\n\u2022 Composants \u00e0 code couleur pour un nettoyage rapide et sans erreur<\/p>\n<p>&nbsp;<\/p>\n<p>&nbsp;<\/p>\n<p>&nbsp;<\/p>\n<p>&nbsp;<\/p>\n<p>[\/vc_column_text][\/vc_column][vc_column width=\u00a0\u00bb1\/4&Prime;][vc_single_image image=\u00a0\u00bb25439&Prime; img_size=\u00a0\u00bb150px\u00a0\u00bb alignment=\u00a0\u00bbcenter\u00a0\u00bb][vc_empty_space height=\u00a0\u00bb20px\u00a0\u00bb][vc_column_text css=\u00a0\u00bb\u00a0\u00bb]<\/p>\n<h5>Emballage recyclable<\/h5>\n<p>\u2022 100% recyclable pour favoriser une \u00e9conomie circulaire compl\u00e8te<br \/>\n\u2022 Emballage compos\u00e9 de 70% de carton recycl\u00e9 et de papier certifi\u00e9 FSC\u00ae*<br \/>\n\u2022 Encres \u00e0 base d&rsquo;eau<\/p>\n<p style=\"font-size: 15px; line-height: 17px;\">*FSC\u00ae (Forest Stewardship Council) est l&rsquo;organisation de r\u00e9f\u00e9rence en mati\u00e8re de gestion durable des for\u00eats.<\/p>\n<p>[\/vc_column_text][\/vc_column][vc_column width=\u00a0\u00bb1\/4&Prime;][vc_single_image image=\u00a0\u00bb25440&Prime; img_size=\u00a0\u00bb150px\u00a0\u00bb alignment=\u00a0\u00bbcenter\u00a0\u00bb][vc_empty_space height=\u00a0\u00bb20px\u00a0\u00bb][vc_column_text css=\u00a0\u00bb\u00a0\u00bb]<\/p>\n<h5>R\u00e9duction des \u00e9missions de CO\u2082<\/h5>\n<p>R\u00e9duire les \u00e9missions de CO\u2082 est un objectif cl\u00e9 pour limiter l&rsquo;impact sur le climat. Gr\u00e2ce au cycle <strong>MyEco<\/strong>, les \u00e9missions de CO\u2082 peuvent \u00eatre r\u00e9duites de plus de <strong>7 tonnes par an<\/strong>**, soit l&rsquo;\u00e9quivalent de la recharge de <strong>469 000 smartphones<\/strong>***.<\/p>\n<p style=\"font-size: 15px; line-height: 17px;\">**Voir note ci-dessus.<br \/>\n***Calcul bas\u00e9 sur les donn\u00e9es de l&rsquo;<strong>EPA (Agence am\u00e9ricaine de protection de l&rsquo;environnement)<\/strong>.<\/p>\n<div>\n<p>&nbsp;<\/p>\n<\/div>\n<p>[\/vc_column_text][\/vc_column][vc_column width=\u00a0\u00bb1\/4&Prime;][vc_single_image image=\u00a0\u00bb25625&Prime; img_size=\u00a0\u00bb125&#215;150&Prime; alignment=\u00a0\u00bbcenter\u00a0\u00bb][vc_empty_space height=\u00a0\u00bb20px\u00a0\u00bb][vc_column_text css=\u00a0\u00bb\u00a0\u00bb]<\/p>\n<h5>Dur\u00e9e de vie prolong\u00e9e du produit<\/h5>\n<p>\u2022 Maintenance simplifi\u00e9e par les techniciens de service.<br \/>\n\u2022 Assistance au diagnostic et proc\u00e9dures de d\u00e9pannage d\u00e9di\u00e9es, accessibles facilement via l&rsquo;application.<br \/>\n\u2022 Disponibilit\u00e9 des pi\u00e8ces d\u00e9tach\u00e9es garantie pendant au moins 10 ans.<br \/>\n\u2022 Documentation technique et supports de formation facilement accessibles.<\/p>\n<p>[\/vc_column_text][\/vc_column][\/vc_row][vc_row disable_element=\u00a0\u00bbyes\u00a0\u00bb][vc_column][elx_certification_carousel cards_bg_color=\u00a0\u00bbbg-row-green\u00a0\u00bb card_list=\u00a0\u00bb%5B%7B%22image%22%3A%2224420%22%2C%22title%22%3A%224-star%20ergonomic%20design%22%2C%22heading_type%22%3A%22h5%22%2C%22text%22%3A%22%E2%80%A2%20Simple%20operation%20through%20the%20user-friendly%20interface%5Cn%E2%80%A2%20Ergonomic%20design%20ensures%20minimal%20stress%20on%20the%20user%5Cn%E2%80%A2%20Soft%20opening%20for%20easy%20loading%5Cn%E2%80%A2%20Color-coded%20components%20for%20trouble-free%20cleaning%22%2C%22cta_link%22%3A%22url%3Ahttps%253A%252F%252Fergocert.net%252Fen%252Fcomponent%252Fcontent%252Farticle%252Felectrolux-lavastoviglie.html%253Fcatid%253D2%7Ctitle%3ADiscover%2520more%7Ctarget%3A_blank%22%2C%22cta_btn_style%22%3A%22secondary-bordered%22%7D%2C%7B%22image%22%3A%2234559%22%2C%22title%22%3A%22Product%20lifecycle%20extension%22%2C%22heading_type%22%3A%22h5%22%2C%22text%22%3A%22%E2%80%A2%20Easy%20maintenance%20from%20Service%20technician%5Cn%E2%80%A2%20Dedicated%20diagnostic%20support%20and%20troubleshooting%20procedure%20easy%20to%20retrieve%20via%20app%5Cn%E2%80%A2%20Availability%20of%20spare%20parts%20for%20at%20least%2010%20years%5Cn%E2%80%A2%20Easy%20service%20manual%20and%20training%22%2C%22cta_link%22%3A%22url%3Ahttps%253A%252F%252Fverify.ul.com%252Fverifications%252F1461%7Ctitle%3ADiscover%2520more%7Ctarget%3A_blank%22%2C%22cta_btn_style%22%3A%22secondary-bordered%22%7D%2C%7B%22image%22%3A%2228079%22%2C%22title%22%3A%22Recyclable%20Packaging%22%2C%22heading_type%22%3A%22h5%22%2C%22text%22%3A%22%E2%80%A2%20100%25%20recyclable%20to%20ensure%20full%20circularity%5Cn%E2%80%A2%20External%20packaging%20made%20from%20a%20mix%20of%2070%25%20recycled%20cardboard%2C%20and%20paper%20from%20%20FSC*%5Cn%E2%80%A2%20Water-based%20ink%22%2C%22note%22%3A%22*Forest%20Stewardship%20Council%20which%20is%20the%20world%E2%80%99s%20leading%20organization%20for%20sustainable%20forestry.%22%2C%22cta_btn_style%22%3A%22secondary-bordered%22%7D%2C%7B%22image%22%3A%2228078%22%2C%22title%22%3A%22CO%3Csub%3E2%3C%2Fsub%3E%20equivalent%22%2C%22heading_type%22%3A%22h5%22%2C%22text%22%3A%22Reducing%20CO%3Csub%3E2%3C%2Fsub%3E%20is%20one%20of%20the%20sustainable%20goals%20to%20decrease%20the%20climate%20impact.%20With%20MyEco%20Cycle%20CO%3Csub%3E2%3C%2Fsub%3E%20emissions%20are%20reduced%20by%20more%20than%207%20thousand%20Kg%2Fyear**%2C%20equivalent%20to%20469%20thousand%20charged%20smartphones.***%22%2C%22note%22%3A%22**see%20note%20above%5Cn***Calculated%20by%20EPA%20(US%20Environmental%20Protection%20Agency)%22%2C%22cta_btn_style%22%3A%22secondary%22%7D%5D\u00a0\u00bb][\/vc_column][\/vc_row][vc_row disable_element=\u00a0\u00bbyes\u00a0\u00bb][vc_column][elx_certification_carousel cards_bg_color=\u00a0\u00bbbg-row-green\u00a0\u00bb card_list=\u00a0\u00bb%5B%7B%22image%22%3A%2224420%22%2C%22title%22%3A%224-star%20ergonomic%20design%22%2C%22heading_type%22%3A%22h5%22%2C%22text%22%3A%22%E2%80%A2%20Simple%20operation%20through%20the%20user-friendly%20interface%5Cn%E2%80%A2%20Ergonomic%20design%20ensures%20minimal%20stress%20on%20the%20user%5Cn%E2%80%A2%20Soft%20opening%20for%20easy%20loading%5Cn%E2%80%A2%20Color-coded%20components%20for%20trouble-free%20cleaning%22%2C%22cta_link%22%3A%22url%3Ahttps%253A%252F%252Fergocert.net%252Fen%252Fcomponent%252Fcontent%252Farticle%252Felectrolux-lavastoviglie.html%253Fcatid%253D2%7Ctitle%3ADiscover%2520more%7Ctarget%3A_blank%22%2C%22cta_btn_style%22%3A%22secondary-bordered%22%7D%2C%7B%22image%22%3A%2234559%22%2C%22title%22%3A%22Product%20lifecycle%20extension%22%2C%22heading_type%22%3A%22h5%22%2C%22text%22%3A%22%E2%80%A2%20Easy%20maintenance%20from%20Service%20technician%5Cn%E2%80%A2%20Dedicated%20diagnostic%20support%20and%20troubleshooting%20procedure%5Cn%E2%80%A2%20Availability%20of%20spare%20parts%20for%20at%20least%2010%20years%5Cn%E2%80%A2%20Easy%20service%20manual%20and%20training%22%2C%22cta_link%22%3A%22url%3Ahttps%253A%252F%252Fverify.ul.com%252Fverifications%252F1461%7Ctitle%3ADiscover%2520more%7Ctarget%3A_blank%22%2C%22cta_btn_style%22%3A%22secondary-bordered%22%7D%2C%7B%22image%22%3A%2234560%22%2C%22title%22%3A%22Recyclable%20Packaging%22%2C%22heading_type%22%3A%22h5%22%2C%22text%22%3A%22%E2%80%A2%20100%25%20recyclable%20to%20ensure%20full%20circularity%5Cn%E2%80%A2%20External%20packaging%20made%20from%20a%20mix%20of%2070%25%20recycled%20cardboard%2C%20and%20paper%20from%20%20FSC*%5Cn%E2%80%A2%20Water-based%20ink%22%2C%22note%22%3A%22*Forest%20Stewardship%20Council%20which%20is%20the%20world%E2%80%99s%20leading%20organization%20for%20sustainable%20forestry.%22%2C%22cta_btn_style%22%3A%22secondary-bordered%22%7D%2C%7B%22image%22%3A%2228078%22%2C%22title%22%3A%22CO%3Csub%3E2%3C%2Fsub%3E%20equivalent%22%2C%22heading_type%22%3A%22h5%22%2C%22text%22%3A%22Reducing%20CO%3Csub%3E2%3C%2Fsub%3E%20is%20one%20of%20the%20sustainable%20goals%20to%20decrease%20the%20climate%20impact.%20With%20MyEco%20Cycle%20CO%3Csub%3E2%3C%2Fsub%3E%20emissions%20are%20reduced%20by%20more%20than%207%20thousand%20Kg%2Fyear**%2C%20equivalent%20to%20469%20thousand%20charged%20smartphones.***%22%2C%22note%22%3A%22**see%20note%20above%5Cn***Calculated%20by%20EPA%20(US%20Environmental%20Protection%20Agency)%22%2C%22cta_btn_style%22%3A%22secondary%22%7D%5D\u00a0\u00bb][\/vc_column][\/vc_row][vc_row disable_element=\u00a0\u00bbyes\u00a0\u00bb][vc_column][vc_empty_space height=\u00a0\u00bb50px\u00a0\u00bb][elx_video_text link_video=\u00a0\u00bbhttps:\/\/www.youtube.com\/watch?v=7PIulo3Ocrc&amp;list=PLn-GI5LWCZdTNR6PmW6vKcjI2nWWlqci7&amp;index=2&Prime; image_position=\u00a0\u00bbimage_right\u00a0\u00bb title=\u00a0\u00bbNew standards in sustainability and efficiency\u00a0\u00bb class_title=\u00a0\u00bbh4&Prime; bg_row=\u00a0\u00bbbg-download-blue\u00a0\u00bb color_text_row=\u00a0\u00bbtext-white\u00a0\u00bb image_preview=\u00a0\u00bb34562&Prime;]First in the industry to undertake the Repairability Rating Program accreditation process, leading the way towards a sustainable future.[\/elx_video_text][vc_empty_space height=\u00a0\u00bb50px\u00a0\u00bb][\/vc_column][\/vc_row][vc_row][vc_column][vc_empty_space height=\u00a0\u00bb20px\u00a0\u00bb][elx_text_image number_images=\u00a0\u00bb2&Prime; image_display=\u00a0\u00bbstatic\u00a0\u00bb style_image=\u00a0\u00bbimage_horizontal\u00a0\u00bb title_position=\u00a0\u00bbtop\u00a0\u00bb bg_row=\u00a0\u00bbbg-download-white\u00a0\u00bb title=\u00a0\u00bbUne qualit\u00e9 de lavage sup\u00e9rieure\u00a0\u00bb lists=\u00a0\u00bb%5B%7B%22icon_electroluxpro%22%3A%22elx-icon%20icon-circle-checkmark-blue%22%2C%22title_list%22%3A%22Espace%20de%20chargement%20optimis%C3%A9%22%2C%22text_list%22%3A%22Profitez%20d&rsquo;une%20hauteur%20de%20chargement%20in%C3%A9gal%C3%A9e%20sur%20le%20march%C3%A9%2C%20d&rsquo;environ%20400%20mm%20%3A%20elle%20permet%20d&rsquo;accueillir%20ais%C3%A9ment%20tout%20type%20de%20vaisselle%2C%20des%20grands%20verres%20et%20mugs%20aux%20assiettes%20%C3%A0%20pizza%20(jusqu&rsquo;%C3%A0%20360%20mm%20de%20diam%C3%A8tre)%20et%20aux%20plateaux.%20Le%20lave-vaisselle%20frontal%20NeoBlue%20Touch%20est%20con%C3%A7u%20pour%20r%C3%A9pondre%20%C3%A0%20tous%20vos%20besoins%2C%20avec%20une%20cadence%20allant%20jusqu&rsquo;%C3%A0%2065*%20paniers%2Fheure%20(1170%20pi%C3%A8ces%20de%20vaisselle%2Fheure)%2C%20garantissant%20une%20%3Cstrong%3Eproductivit%C3%A9%20accrue%20de%2060%25**%3C%2Fstrong%3E%20afin%20de%20r%C3%A9duire%20les%20co%C3%BBts%20de%20main-d&rsquo;%C5%93uvre.%20%3Cp%20style%3D%5C%22font-size%3A%2015px%3B%5C%22%3E*%20avec%20le%20cycle%20%C2%AB%20Fast%20%C2%BB%2C%20option%20disponible%20dans%20l&rsquo;application%20%C3%A0%20partir%20de%20janvier%202025%20%3Cbr%3E**%20Comparaison%20effectu%C3%A9e%20entre%20le%20mod%C3%A8le%20NeoBlue%20Touch%20(cycle%20%C2%AB%20MyEco%20%C2%BB)%20et%20la%20pr%C3%A9c%C3%A9dente%20gamme%20de%20lave-vaisselle%20sous%20plan%20Electrolux%20Professional%20(consommation%20de%203%20l%20d&rsquo;eau%20par%20cycle).%3C%2Fp%3E%22%7D%2C%7B%22icon_electroluxpro%22%3A%22elx-icon%20icon-circle-checkmark-blue%22%2C%22title_list%22%3A%22Lavage%20et%20rin%C3%A7age%22%2C%22text_list%22%3A%22Des%20r%C3%A9sultats%20de%20lavage%20et%20de%20rin%C3%A7age%20impeccables%20gr%C3%A2ce%20%C3%A0%20la%20conception%20des%20bras%20de%20lavage%20et%20de%20rin%C3%A7age%20haute%20performance.%22%7D%2C%7B%22icon_electroluxpro%22%3A%22elx-icon%20icon-circle-checkmark-blue%22%2C%22title_list%22%3A%22Fiable%20et%20durable%22%2C%22text_list%22%3A%22La%20cuve%20et%20la%20chambre%20de%20lavage%20sont%20enti%C3%A8rement%20en%20acier%20inoxydable.%20La%20cuve%20emboutie%20avec%20glissi%C3%A8res%20de%20panier%20int%C3%A9gr%C3%A9es%20garantit%20une%20%C3%A9tanch%C3%A9it%C3%A9%20durable%2C%20facilite%20le%20chargement%20des%20paniers%20et%20am%C3%A9liore%20le%20nettoyage%20de%20l&rsquo;int%C3%A9rieur%20de%20la%20machine.%22%7D%5D\u00a0\u00bb values=\u00a0\u00bb%5B%7B%22tag_icon_title%22%3A%22h4%22%7D%5D\u00a0\u00bb double_image_1=\u00a0\u00bb25444&Prime;][\/elx_text_image][\/vc_column][\/vc_row][vc_row el_id=\u00a0\u00bbApp\u00a0\u00bb][vc_column][vc_empty_space][elx_video_text link_video=\u00a0\u00bbhttps:\/\/www.youtube.com\/watch?v=OxznjARQZt8&Prime; title=\u00a0\u00bbTransformez votre quotidien avec l&rsquo;application OnE Connected\u00a0\u00bb bg_row=\u00a0\u00bbbg-download-blue\u00a0\u00bb color_text_row=\u00a0\u00bbtext-white\u00a0\u00bb image_preview=\u00a0\u00bb34563&Prime;]Vous souhaitez suivre les consommations de votre lave-vaisselle et acc\u00e9der \u00e0 des donn\u00e9es cl\u00e9s pour optimiser votre activit\u00e9 ?<\/p>\n<div>\n<p><strong>Regardez la vid\u00e9o<\/strong><\/p>\n<\/div>\n<p><strong>\u00a0<\/strong>[\/elx_video_text][vc_empty_space height=\u00a0\u00bb50px\u00a0\u00bb][vc_column_text css=\u00a0\u00bb\u00a0\u00bb]<\/p>\n<h3 style=\"text-align: center;\">T\u00e9l\u00e9charger l&rsquo;App<\/h3>\n<p>[\/vc_column_text][vc_empty_space height=\u00a0\u00bb20px\u00a0\u00bb][\/vc_column][\/vc_row][vc_row][vc_column width=\u00a0\u00bb1\/3&Prime;][vc_empty_space height=\u00a0\u00bb10px\u00a0\u00bb][\/vc_column][vc_column width=\u00a0\u00bb1\/6&Prime;][vc_column_text css=\u00a0\u00bb\u00a0\u00bb]<a href=\"https:\/\/apps.apple.com\/it\/app\/electrolux-pro-fridge-control\/id6474175158\" target=\"_blank\" rel=\"noopener\"><img loading=\"lazy\" decoding=\"async\" class=\"aligncenter wp-image-10700\" src=\"https:\/\/www.electroluxprofessional.com\/fr\/wp-content\/uploads\/2026\/08\/App-Store-apple.jpg\" alt=\"download e-chef App in Google Play\" width=\"192\" height=\"69\" \/><\/a><\/p>\n<p>[\/vc_column_text][\/vc_column][vc_column width=\u00a0\u00bb1\/6&Prime;][vc_column_text css=\u00a0\u00bb\u00a0\u00bb]<a href=\"https:\/\/play.google.com\/store\/apps\/details?id=com.electroluxprofessional.appone\" target=\"_blank\" rel=\"noopener\"><img loading=\"lazy\" decoding=\"async\" class=\"aligncenter wp-image-10701\" src=\"https:\/\/www.electroluxprofessional.com\/fr\/wp-content\/uploads\/2026\/08\/App-Store-google.jpg\" alt=\"download e-chef App in Google Play\" width=\"192\" height=\"69\" \/><\/a>[\/vc_column_text][\/vc_column][vc_column width=\u00a0\u00bb1\/3&Prime;][\/vc_column][\/vc_row][vc_row disable_element=\u00a0\u00bbyes\u00a0\u00bb][vc_column][vc_empty_space height=\u00a0\u00bb50px\u00a0\u00bb][elx_multiple_columns number_columns=\u00a0\u00bb4&Prime; bg_row=\u00a0\u00bbbg-download-white\u00a0\u00bb title=\u00a0\u00bbHow the App will simplify your daily work experience\u00a0\u00bb values=\u00a0\u00bb%5B%7B%22image_section%22%3A%2225445%22%2C%22title_section%22%3A%22Connect%22%2C%22text_section%22%3A%22One%20single%20click%20and%20the%20App%20will%20begin%20mirroring%20the%20Undercounter%20activity%20using%20Bluetooth%20technology.%22%2C%22button_style%22%3A%22secondary%22%7D%2C%7B%22image_section%22%3A%2225445%22%2C%22title_section%22%3A%22Control%22%2C%22text_section%22%3A%22Access%20real-time%20data%20monitoring%2C%20adjust%20your%20parameters%2C%20receive%20alerts%20and%20organize%20a%20service%20all%20from%20the%20palm%20of%20your%20hand.%22%2C%22button_style%22%3A%22secondary%22%7D%2C%7B%22image_section%22%3A%2225445%22%2C%22title_section%22%3A%22Customize%22%2C%22text_section%22%3A%22Select%20from%20a%20variety%20of%20specialized%20programs%2C%20or%20create%20custom%20ones%20suited%20to%20the%20unique%20demands%20of%20your%20business.%22%2C%22button_style%22%3A%22secondary%22%7D%5D\u00a0\u00bb][\/elx_multiple_columns][\/vc_column][\/vc_row][vc_row][vc_column][vc_empty_space height=\u00a0\u00bb50px\u00a0\u00bb][\/vc_column][\/vc_row][vc_row][vc_column][vc_column_text css=\u00a0\u00bb\u00a0\u00bb]<\/p>\n<h2 class=\"mb-3 text-image-title\">Performance, innovation et contr\u00f4le<\/h2>\n<p>[\/vc_column_text][vc_empty_space height=\u00a0\u00bb30px\u00a0\u00bb][\/vc_column][\/vc_row][vc_row][vc_column width=\u00a0\u00bb2\/3&Prime;][vc_column_text css=\u00a0\u00bb.vc_custom_1788189436503{padding-top: 20px !important;}\u00a0\u00bb]<\/p>\n<ul>\n<li><strong>Des r\u00e9sultats impeccables<br \/>\n<\/strong>Obtenez une couverture de lavage \u00e0 360\u00b0 pour un nettoyage homog\u00e8ne de toute la vaisselle, quel que soit son positionnement dans le panier. Le bras de lavage int\u00e9gr\u00e9 offre jusqu&rsquo;\u00e0 3 fois plus de couverture pour des r\u00e9sultats irr\u00e9prochables.<\/li>\n<li><strong>Des performances durables<br \/>\n<\/strong>Le syst\u00e8me de filtration renforc\u00e9 limite l&rsquo;encrassement et maintient une eau propre cycle apr\u00e8s cycle. Les filtres innovants \u00e0 code couleur simplifient \u00e9galement les op\u00e9rations d&rsquo;entretien.<\/li>\n<li><strong>Un contr\u00f4le complet<br \/>\n<\/strong>Profitez d&rsquo;une gestion \u00e9lectronique avanc\u00e9e de l&rsquo;ensemble du syst\u00e8me hydraulique. Vous b\u00e9n\u00e9ficiez ainsi de performances \u00e9lev\u00e9es tout en r\u00e9duisant la consommation d&rsquo;\u00e9nergie.<strong><br \/>\n<\/strong><\/li>\n<\/ul>\n<p>[\/vc_column_text][\/vc_column][vc_column width=\u00a0\u00bb1\/3&Prime;][elx_video_block background_image=\u00a0\u00bb25436&Prime; is_full_height=\u00a0\u00bbfull-height\u00a0\u00bb minimum_height=\u00a0\u00bb360px\u00a0\u00bb video_link=\u00a0\u00bbhttps:\/\/www.youtube.com\/embed\/LNYvYb3-9DI?si=1X-KTWbTvf2nOC-y\u00a0\u00bb][\/vc_column][\/vc_row][vc_row][vc_column][vc_empty_space height=\u00a0\u00bb50px\u00a0\u00bb][vc_column_text css=\u00a0\u00bb\u00a0\u00bb]<\/p>\n<h2>Con\u00e7u pour la performance<\/h2>\n<p>[\/vc_column_text][vc_empty_space height=\u00a0\u00bb30px\u00a0\u00bb][\/vc_column][\/vc_row][vc_row][vc_column width=\u00a0\u00bb1\/3&Prime;][elx_video_block background_image=\u00a0\u00bb25437&Prime; is_full_height=\u00a0\u00bbfull-height\u00a0\u00bb minimum_height=\u00a0\u00bb360px\u00a0\u00bb video_link=\u00a0\u00bbhttps:\/\/youtube.com\/embed\/TYZCj2q-qQ8?si=eGp1acSUIXBz4jZ7&Prime;][\/vc_column][vc_column width=\u00a0\u00bb2\/3&Prime;][vc_column_text css=\u00a0\u00bb.vc_custom_1788189535592{padding-top: 20px !important;}\u00a0\u00bb]<\/p>\n<ul>\n<li><strong>Nouvelle g\u00e9n\u00e9ration de filtres<br \/>\n<\/strong>La nouvelle conception des filtres de cuve et de pompe, dot\u00e9s d&rsquo;une large surface de captation, garantit une filtration optimale des r\u00e9sidus et contribue \u00e0 des performances de lavage sup\u00e9rieures.<\/li>\n<li><strong>Accessibilit\u00e9 et rep\u00e8res visuels<br \/>\n<\/strong>La grande chambre de lavage et les points de contact color\u00e9s sur les composants amovibles simplifient les op\u00e9rations quotidiennes et facilitent l&rsquo;utilisation de l&rsquo;appareil.<\/li>\n<\/ul>\n<p>[\/vc_column_text][\/vc_column][\/vc_row][vc_row el_id=\u00a0\u00bbAccessories\u00a0\u00bb][vc_column][vc_empty_space height=\u00a0\u00bb60px\u00a0\u00bb]<div class=\"elx-accordion \">    <div class=\"elx-accordion-heading\">        <a class=\"elx-accordion-link elx-accordion-open\">            <h4 class=\" elx-accordion-title\">                Accessoires et d\u00e9tergents                <img decoding=\"async\" src=\"https:\/\/www.electroluxprofessional.com\/fr\/wp-content\/themes\/electroluxpro\/assets\/epr-icon-minus-blue.svg\" class=\"elx-minus\" \/>                <img decoding=\"async\" src=\"https:\/\/www.electroluxprofessional.com\/fr\/wp-content\/themes\/electroluxpro\/assets\/epr-icon-plus-blue.svg\" class=\"elx-plus elx-hidden\" \/>            <\/h4>        <\/a>    <\/div>    <div class=\"elx-accordion-body elx-accordion-open\"><p>[vc_row_inner][vc_column_inner width=\u00a0\u00bb1\/2&Prime;][elx_heading font_size=\u00a0\u00bbh5&Prime; text_color=\u00a0\u00bbinherit\u00a0\u00bb]Des paniers adapt\u00e9s \u00e0 tous les usages[\/elx_heading][vc_column_text css=\u00a0\u00bb\u00a0\u00bb]<\/p>\n<div>Choisissez parmi une large gamme de paniers con\u00e7us pour diff\u00e9rents types de vaisselle : assiettes plates ou creuses, assiettes \u00e0 pizza, tasses et tasses \u00e0 caf\u00e9, bacs \u00e0 couverts, ainsi que paniers \u00e0 c\u00f4t\u00e9s ouverts adapt\u00e9s aux plateaux et bien plus encore.<\/div>\n<p>[\/vc_column_text][vc_empty_space][elx_shop_now button_text=\u00a0\u00bbDECOUVRIR\u00a0\u00bb button_display_block=\u00a0\u00bbdisplay_block_on\u00a0\u00bb button_alignment=\u00a0\u00bbalign_center\u00a0\u00bb button_link=\u00a0\u00bburl:https%3A%2F%2Fwww.electroluxprofessional.com%2Ffr%2Fequipement-cuisine%2Flavage-de-vaisselle%2Fequipements-lavage%2F|title:Accessoires%20et%20consommables%20%E2%80%93%20Equipements%20de%20lavage\u00a0\u00bb][vc_empty_space][\/vc_column_inner][vc_column_inner width=\u00a0\u00bb1\/2&Prime;][vc_single_image image=\u00a0\u00bb25442&Prime; img_size=\u00a0\u00bb530*285&Prime; css_animation=\u00a0\u00bbnone\u00a0\u00bb][\/vc_column_inner][\/vc_row_inner][vc_row_inner][vc_column_inner width=\u00a0\u00bb1\/2&Prime;][vc_single_image image=\u00a0\u00bb20974&Prime; img_size=\u00a0\u00bb530*285&Prime; alignment=\u00a0\u00bbcenter\u00a0\u00bb css_animation=\u00a0\u00bbnone\u00a0\u00bb][\/vc_column_inner][vc_column_inner width=\u00a0\u00bb1\/2&Prime;][elx_heading font_size=\u00a0\u00bbh5&Prime; text_color=\u00a0\u00bbinherit\u00a0\u00bb]D\u00e9tergents liquides[\/elx_heading][vc_column_text css=\u00a0\u00bb\u00a0\u00bb]<\/p>\n<div>Les produits d\u00e9tergents \u00e9liminent les traces et les taches pour des verres \u00e9clatants de propret\u00e9. Ils garantissent une vaisselle parfaitement propre et s\u00e8che tout en pr\u00e9venant la formation de d\u00e9p\u00f4ts calcaires gr\u00e2ce \u00e0 leur formule sp\u00e9cifique.<\/div>\n<p>[\/vc_column_text][vc_empty_space][elx_shop_now button_text=\u00a0\u00bbDECOUVRIR\u00a0\u00bb button_display_block=\u00a0\u00bbdisplay_block_on\u00a0\u00bb button_alignment=\u00a0\u00bbalign_center\u00a0\u00bb button_link=\u00a0\u00bburl:https%3A%2F%2Fwww.electroluxprofessional.com%2Ffr%2Fequipement-cuisine%2Flavage-de-vaisselle%2Fequipements-lavage%2F|title:Accessoires%20et%20consommables%20%E2%80%93%20Equipements%20de%20lavage\u00a0\u00bb][\/vc_column_inner][\/vc_row_inner]<\/p>\n    <\/div><\/div>[vc_empty_space][\/vc_column][\/vc_row][vc_row el_id=\u00a0\u00bbproducts\u00a0\u00bb][vc_column][vc_empty_space height=\u00a0\u00bb50px\u00a0\u00bb][elx_heading text_color=\u00a0\u00bbinherit\u00a0\u00bb text_align=\u00a0\u00bbtext-center\u00a0\u00bb]Contactez-nous pour en savoir plus sur les lave-vaisselle frontaux NeoBlue Touch[\/elx_heading][vc_empty_space][elx_o2000_contact_us country=\u00a0\u00bbFrance\u00a0\u00bb b=\u00a0\u00bbfood\u00a0\u00bb r=\u00a0\u00bbJe souhaite en savoir plus sur les lave-vaisselle professionnels sous comptoir NeoBlue Touch. Merci de me contacter.\u00a0\u00bb][vc_empty_space height=\u00a0\u00bb50px\u00a0\u00bb]<div class=\"com21-product-filter-container 168\">\n                    <!-- PROD FILTER -->\n                    \n                    <div class=\"container\">\n                        <h4 class=\"text-center\">\n                            Filtre (Produits)\n                        <\/h4>\n                    <\/div>\n                    <div class=\"specification-filter\">\n                        <div class=\"toggle-filter-container\">\n                            <div class=\"container text-center\">\n                                <a href=\"#filter\" class=\"toggle-filter small-toggle\" data-target=\".category-filter\"  data-class-toggle=\"category-filter-show\" aria-pressed=\"true\" role=\"button\" id=\"open-product-features\">Filtre<\/a>\n                            <\/div>\n                        <\/div>\n                        <div class=\"category-filter category-filter-show\">\n                            <div class=\"container\">\n                    <div class=\"row\">\n                        <div class=\"col-md-4 text-left\">\n                            <fieldset>       \n                                <h5 class=\"h6\">Product line<\/h5>\n                                <div class=\"category-check\">\n                                    <input type=\"checkbox\" name=\"a\" id=\"a-lave-verres\" data-code=\"A\" data-value=\"Lave-verres\" >\n                                    <label for=\"a-lave-verres\">Lave-verres<\/label>\n                                <\/div>\n                            \n                                <div class=\"category-check\">\n                                    <input type=\"checkbox\" name=\"b\" id=\"b-lave-vaisselle-frontaux\" data-code=\"B\" data-value=\"Lave vaisselle frontaux\" >\n                                    <label for=\"b-lave-vaisselle-frontaux\">Lave vaisselle frontaux<\/label>\n                                <\/div>\n                            \n                            <\/fieldset>\n                        <\/div><!-- end col -->\n                        \n                        <div class=\"col-md-4 text-left subcategories-first\">\n                            <fieldset>       \n                                <h5 class=\"h6\">Sous-cat\u00e9gorie<\/h5>\n                                <div class=\"subcategory-check\">\n                                    <input type=\"checkbox\" name=\"frontale-neoblue-touch-l-casier-500x500mm\" id=\"frontale-neoblue-touch-l-casier-500x500mm\" data-description=\"Frontale NeoBlue Touch L (Casier 500x500mm)\" >\n                                    <label for=\"frontale-neoblue-touch-l-casier-500x500mm\">Frontale NeoBlue Touch L (Casier 500x500mm)<\/label>\n                                <\/div>\n                            \n                                <div class=\"subcategory-check\">\n                                    <input type=\"checkbox\" name=\"lave-verres-neoblue-touch-s-casier-400x400mm\" id=\"lave-verres-neoblue-touch-s-casier-400x400mm\" data-description=\"Lave-verres NeoBlue Touch S (casier 400x400mm)\" >\n                                    <label for=\"lave-verres-neoblue-touch-s-casier-400x400mm\">Lave-verres NeoBlue Touch S (casier 400x400mm)<\/label>\n                                <\/div>\n                            \n                            <\/fieldset>\n                        <\/div><!-- end col -->\n                        <\/div>\n        \n                                <div class=\"row\">\n                                    <div class=\"col-md-6 text-left\">\n                                        <span class=\"number-of-products\"><span id=\"number-of-products\">8<\/span> Produits<\/span> <a href=\"#\" class=\"btn btn-secondary-bordered\" id=\"filter-reset-btn\">R\u00e9initialiser<\/a>\n                                    <\/div>\n                                    <div class=\"col-md-6 text-right\">\n                                        <a href=\"#\" class=\"close-toggle no-pd-toggle\" data-parent=\"open-product-features\"  aria-pressed=\"true\" role=\"button\">Fermer<\/a>\n                                    <\/div>\n                                <\/div>\n                                \n                            <\/div><!-- end container -->\n                        <\/div><!-- end category-filter -->\n                    <\/div><!-- end specification-filter -->\n        \n                    <!-- END PROD FILTER -->\n                    \n                    <!-- PROD LIST -->\n                    <div class=\"product-list container\">\n                        <!--Hidden parameters-->\n                        <input type=\"hidden\" name=\"navigation_level_1\" id=\"navigation_level_1\" value=\"I\">\n                        <input type=\"hidden\" name=\"navigation_level_2\" id=\"navigation_level_2\" value=\"\">\n                        <input type=\"hidden\" name=\"navigation_level_3\" id=\"navigation_level_3\" value=\"\">\n                        <input type=\"hidden\" name=\"navigation_level_4\" id=\"navigation_level_4\" value=\"\">\n                        <input type=\"hidden\" name=\"filter_id\" id=\"filter_id\" value=\"168\">\n                        <input type=\"hidden\" name=\"navigation_language\" id=\"navigation_language\" value=\"5002\">\n                        <input type=\"hidden\" name=\"navigation_language_code\" id=\"navigation_language\" value=\"5002\">\n                        <input type=\"hidden\" name=\"page_id\" id=\"page_id\" value=\"34564\">\n                        <!--END Hidden parameters--><ul class=\"row\" ><li data-product-paged=\"\" class=\"anchor_tags_prod col-sm-6 col-md-3 wow fadeIn single-product-list 400301\"><div class=\"product-list-item\"><div class=\"product-content\"><a href=\"https:\/\/www.electroluxprofessional.com\/fr\/equipement-cuisine\/lavage-de-vaisselle\/lave-vaisselle-neoblue-touch\/laverie-laveuses-frontales-laveuse-frontale-neoblue-touch-l-simple-paroi-surchauffeur-pression-doseur-rin\u00e7age-65-c-h-1-phaseprise-schuko-400301\/\" target=\"_blank\" ><figure><img decoding=\"async\" src=\"https:\/\/tools.electroluxprofessional.com\/Mirror\/Doc\/PH_255x255%2FPH_400301_1_1_400301.jpg\" alt=\"Laverie laveuses frontalesLaveuse frontale Neoblue Touch (L) simple paroi surchauffeur pression -Doseur rin\u00e7age, 65 c\/h, 1 phase,prise Schuko\"\/><\/figure><div class=\"product-internal\"><div class=\"product-liv\">Frontale NeoBlue Touch L (Casier 500x500mm)<\/div><h3 class=\"product-title\">Laverie laveuses frontales<br>Laveuse frontale Neoblue Touch (L) simple paroi surchauffeur pression -Doseur rin\u00e7age, 65 c\/h, 1 phase,prise Schuko<\/h3><div class=\"product-icons\"><div class=\"product-green\"><\/div><div class=\"product-cod\"><div class=\"hidden type_code\">0<\/div>COD <span class=\"product-code\" >400301<\/span><\/div><div class=\"product-fast\"><\/div>\n<\/div><div class=\"product-description-fast-green\"><\/div>\n<\/div><div class=\"product-actions\"><a href=\"https:\/\/www.electroluxprofessional.com\/fr\/equipement-cuisine\/lavage-de-vaisselle\/lave-vaisselle-neoblue-touch\/laverie-laveuses-frontales-laveuse-frontale-neoblue-touch-l-simple-paroi-surchauffeur-pression-doseur-rin\u00e7age-65-c-h-1-phaseprise-schuko-400301\/\" class=\"btn btn-primary-blue\">Voir plus<\/a><span class=\"compare-product\"><span class=\"compare-checkbox\"><span class=\"compare-checkbox-shape\"><input type=\"checkbox\" class=\"product-comparer\" id=\"prod_400301\"\/><label class=\"btn\" for=\"prod_400301\"><span class=\"label-bg\"><\/span>Comparer<\/label><\/span><\/span><\/span><\/div><\/a><\/div><\/div><\/li><li data-product-paged=\"\" class=\"anchor_tags_prod col-sm-6 col-md-3 wow fadeIn single-product-list 400303\"><div class=\"product-list-item\"><div class=\"product-content\"><a href=\"https:\/\/www.electroluxprofessional.com\/fr\/equipement-cuisine\/lavage-de-vaisselle\/lave-vaisselle-neoblue-touch\/laverie-laveuses-frontales-laveuse-frontale-neoblue-touch-l-simple-paroi-surchauffeur-pression-doseurs-rin\u00e7age-d\u00e9tergent-pompe-vidange-filtre-cuve-65-c-h-1-phaseprise-schuko-400303\/\" target=\"_blank\" ><figure><img decoding=\"async\" src=\"https:\/\/tools.electroluxprofessional.com\/Mirror\/Doc\/PH_255x255%2FPH_400301_1_1_400301.jpg\" alt=\"Laverie laveuses frontalesLaveuse frontale Neoblue Touch (L) simple paroi surchauffeur pression -Doseurs rin\u00e7age & d\u00e9tergent, pompe vidange filtre cuve, 65 c\/h, 1 phase,prise Schuko\"\/><\/figure><div class=\"product-internal\"><div class=\"product-liv\">Frontale NeoBlue Touch L (Casier 500x500mm)<\/div><h3 class=\"product-title\">Laverie laveuses frontales<br>Laveuse frontale Neoblue Touch (L) simple paroi surchauffeur pression -Doseurs rin\u00e7age & d\u00e9tergent, pompe vidange filtre cuve, 65 c\/h, 1 phase,prise Schuko<\/h3><div class=\"product-icons\"><div class=\"product-green\"><\/div><div class=\"product-cod\"><div class=\"hidden type_code\">0<\/div>COD <span class=\"product-code\" >400303<\/span><\/div><div class=\"product-fast\"><i class=\"icon-fast-range\"><\/i><\/div>\n<\/div><div class=\"product-description-fast-green\"><p>Produits en stock<\/p><\/div>\n<\/div><div class=\"product-actions\"><a href=\"https:\/\/www.electroluxprofessional.com\/fr\/equipement-cuisine\/lavage-de-vaisselle\/lave-vaisselle-neoblue-touch\/laverie-laveuses-frontales-laveuse-frontale-neoblue-touch-l-simple-paroi-surchauffeur-pression-doseurs-rin\u00e7age-d\u00e9tergent-pompe-vidange-filtre-cuve-65-c-h-1-phaseprise-schuko-400303\/\" class=\"btn btn-primary-blue\">Voir plus<\/a><span class=\"compare-product\"><span class=\"compare-checkbox\"><span class=\"compare-checkbox-shape\"><input type=\"checkbox\" class=\"product-comparer\" id=\"prod_400303\"\/><label class=\"btn\" for=\"prod_400303\"><span class=\"label-bg\"><\/span>Comparer<\/label><\/span><\/span><\/span><\/div><\/a><\/div><\/div><\/li><li data-product-paged=\"\" class=\"anchor_tags_prod col-sm-6 col-md-3 wow fadeIn single-product-list 400310\"><div class=\"product-list-item\"><div class=\"product-content\"><a href=\"https:\/\/www.electroluxprofessional.com\/fr\/equipement-cuisine\/lavage-de-vaisselle\/lave-vaisselle-neoblue-touch\/laverie-laveuses-frontales-laveuse-frontale-neoblue-touch-l-simple-paroi-surchauffeur-pression-doseur-rin\u00e7age-65-c-h-3-ph-400310\/\" target=\"_blank\" ><figure><img decoding=\"async\" src=\"https:\/\/tools.electroluxprofessional.com\/Mirror\/Doc\/PH_255x255%2FPH_400301_1_1_400301.jpg\" alt=\"Laverie laveuses frontalesLaveuse frontale Neoblue Touch (L) simple paroi surchauffeur pression - doseur rin\u00e7age, 65 c\/h 3 Ph\"\/><\/figure><div class=\"product-internal\"><div class=\"product-liv\">Frontale NeoBlue Touch L (Casier 500x500mm)<\/div><h3 class=\"product-title\">Laverie laveuses frontales<br>Laveuse frontale Neoblue Touch (L) simple paroi surchauffeur pression - doseur rin\u00e7age, 65 c\/h 3 Ph<\/h3><div class=\"product-icons\"><div class=\"product-green\"><\/div><div class=\"product-cod\"><div class=\"hidden type_code\">0<\/div>COD <span class=\"product-code\" >400310<\/span><\/div><div class=\"product-fast\"><\/div>\n<\/div><div class=\"product-description-fast-green\"><\/div>\n<\/div><div class=\"product-actions\"><a href=\"https:\/\/www.electroluxprofessional.com\/fr\/equipement-cuisine\/lavage-de-vaisselle\/lave-vaisselle-neoblue-touch\/laverie-laveuses-frontales-laveuse-frontale-neoblue-touch-l-simple-paroi-surchauffeur-pression-doseur-rin\u00e7age-65-c-h-3-ph-400310\/\" class=\"btn btn-primary-blue\">Voir plus<\/a><span class=\"compare-product\"><span class=\"compare-checkbox\"><span class=\"compare-checkbox-shape\"><input type=\"checkbox\" class=\"product-comparer\" id=\"prod_400310\"\/><label class=\"btn\" for=\"prod_400310\"><span class=\"label-bg\"><\/span>Comparer<\/label><\/span><\/span><\/span><\/div><\/a><\/div><\/div><\/li><li data-product-paged=\"\" class=\"anchor_tags_prod col-sm-6 col-md-3 wow fadeIn single-product-list 400313\"><div class=\"product-list-item\"><div class=\"product-content\"><a href=\"https:\/\/www.electroluxprofessional.com\/fr\/equipement-cuisine\/lavage-de-vaisselle\/lave-vaisselle-neoblue-touch\/laverie-laveuses-frontales-laveuse-frontale-neoblue-touch-l-simple-paroi-surchauffeur-\u00e0-pression-doseurs-de-rin\u00e7age-et-de-d\u00e9tergents-pompe-de-vidange-fitre-de-cuve-65-c-h-3-ph-400313\/\" target=\"_blank\" ><figure><img decoding=\"async\" src=\"https:\/\/tools.electroluxprofessional.com\/Mirror\/Doc\/PH_255x255%2FPH_400301_1_1_400301.jpg\" alt=\"Laverie laveuses frontalesLaveuse frontale  Neoblue Touch (L) simple paroi surchauffeur \u00e0 pression, doseurs de rin\u00e7age et de d\u00e9tergents, pompe de vidange, fitre de cuve, 65 c\/h, 3 Ph\"\/><\/figure><div class=\"product-internal\"><div class=\"product-liv\">Frontale NeoBlue Touch L (Casier 500x500mm)<\/div><h3 class=\"product-title\">Laverie laveuses frontales<br>Laveuse frontale  Neoblue Touch (L) simple paroi surchauffeur \u00e0 pression, doseurs de rin\u00e7age et de d\u00e9tergents, pompe de vidange, fitre de cuve, 65 c\/h, 3 Ph<\/h3><div class=\"product-icons\"><div class=\"product-green\"><\/div><div class=\"product-cod\"><div class=\"hidden type_code\">0<\/div>COD <span class=\"product-code\" >400313<\/span><\/div><div class=\"product-fast\"><i class=\"icon-fast-range\"><\/i><\/div>\n<\/div><div class=\"product-description-fast-green\"><p>Produits en stock<\/p><\/div>\n<\/div><div class=\"product-actions\"><a href=\"https:\/\/www.electroluxprofessional.com\/fr\/equipement-cuisine\/lavage-de-vaisselle\/lave-vaisselle-neoblue-touch\/laverie-laveuses-frontales-laveuse-frontale-neoblue-touch-l-simple-paroi-surchauffeur-\u00e0-pression-doseurs-de-rin\u00e7age-et-de-d\u00e9tergents-pompe-de-vidange-fitre-de-cuve-65-c-h-3-ph-400313\/\" class=\"btn btn-primary-blue\">Voir plus<\/a><span class=\"compare-product\"><span class=\"compare-checkbox\"><span class=\"compare-checkbox-shape\"><input type=\"checkbox\" class=\"product-comparer\" id=\"prod_400313\"\/><label class=\"btn\" for=\"prod_400313\"><span class=\"label-bg\"><\/span>Comparer<\/label><\/span><\/span><\/span><\/div><\/a><\/div><\/div><\/li><li data-product-paged=\"\" class=\"anchor_tags_prod col-sm-6 col-md-3 wow fadeIn single-product-list 400343\"><div class=\"product-list-item\"><div class=\"product-content\"><a href=\"https:\/\/www.electroluxprofessional.com\/fr\/equipement-cuisine\/lavage-de-vaisselle\/lave-vaisselle-neoblue-touch\/laverie-laveuses-frontales-neoblue-touch-laveuse-frontalel-surchauffeur-pression-aisi304-doseur-de-rincage-max-65c-h-1ph-400343\/\" target=\"_blank\" ><figure><img decoding=\"async\" src=\"https:\/\/tools.electroluxprofessional.com\/Mirror\/Doc\/PH_255x255%2FPH_400301_1_1_400301.jpg\" alt=\"Laverie laveuses frontalesNeoBlue Touch LAVEUSE FRONTALE(L) SURCHAUFFEUR PRESSION AISI304, DOSEUR DE RINCAGE, max 65C\/h, 1ph\"\/><\/figure><div class=\"product-internal\"><div class=\"product-liv\">Frontale NeoBlue Touch L (Casier 500x500mm)<\/div><h3 class=\"product-title\">Laverie laveuses frontales<br>NeoBlue Touch LAVEUSE FRONTALE(L) SURCHAUFFEUR PRESSION AISI304, DOSEUR DE RINCAGE, max 65C\/h, 1ph<\/h3><div class=\"product-icons\"><div class=\"product-green\"><\/div><div class=\"product-cod\"><div class=\"hidden type_code\">0<\/div>COD <span class=\"product-code\" >400343<\/span><\/div><div class=\"product-fast\"><\/div>\n<\/div><div class=\"product-description-fast-green\"><\/div>\n<\/div><div class=\"product-actions\"><a href=\"https:\/\/www.electroluxprofessional.com\/fr\/equipement-cuisine\/lavage-de-vaisselle\/lave-vaisselle-neoblue-touch\/laverie-laveuses-frontales-neoblue-touch-laveuse-frontalel-surchauffeur-pression-aisi304-doseur-de-rincage-max-65c-h-1ph-400343\/\" class=\"btn btn-primary-blue\">Voir plus<\/a><span class=\"compare-product\"><span class=\"compare-checkbox\"><span class=\"compare-checkbox-shape\"><input type=\"checkbox\" class=\"product-comparer\" id=\"prod_400343\"\/><label class=\"btn\" for=\"prod_400343\"><span class=\"label-bg\"><\/span>Comparer<\/label><\/span><\/span><\/span><\/div><\/a><\/div><\/div><\/li><li data-product-paged=\"\" class=\"anchor_tags_prod col-sm-6 col-md-3 wow fadeIn single-product-list 402124\"><div class=\"product-list-item\"><div class=\"product-content\"><a href=\"https:\/\/www.electroluxprofessional.com\/fr\/equipement-cuisine\/lavage-de-vaisselle\/lave-vaisselle-neoblue-touch\/laverie-neoblue-petit-lave-verres-simple-paroi-s-pompe-\u00e0-liquide-de-rin\u00e7age-et-pompe-\u00e0-d\u00e9tergent-filtre-de-cuve-40r-h-60hz-prise-schuko-402124\/\" target=\"_blank\" ><figure><img decoding=\"async\" src=\"https:\/\/tools.electroluxprofessional.com\/Mirror\/Doc\/PH_255x255%2FPH_402187_1_1_402187.jpg\" alt=\"LaverieNeoBlue Petit lave-verres simple paroi S, pompe \u00e0 liquide de rin\u00e7age et pompe \u00e0 d\u00e9tergent, filtre de cuve, 40r\/h, 60Hz, prise Schuko\"\/><\/figure><div class=\"product-internal\"><div class=\"product-liv\">Lave-verres NeoBlue Touch S (casier 400x400mm)<\/div><h3 class=\"product-title\">Laverie<br>NeoBlue Petit lave-verres simple paroi S, pompe \u00e0 liquide de rin\u00e7age et pompe \u00e0 d\u00e9tergent, filtre de cuve, 40r\/h, 60Hz, prise Schuko<\/h3><div class=\"product-icons\"><div class=\"product-green\"><\/div><div class=\"product-cod\"><div class=\"hidden type_code\">0<\/div>COD <span class=\"product-code\" >402124<\/span><\/div><div class=\"product-fast\"><\/div>\n<\/div><div class=\"product-description-fast-green\"><\/div>\n<\/div><div class=\"product-actions\"><a href=\"https:\/\/www.electroluxprofessional.com\/fr\/equipement-cuisine\/lavage-de-vaisselle\/lave-vaisselle-neoblue-touch\/laverie-neoblue-petit-lave-verres-simple-paroi-s-pompe-\u00e0-liquide-de-rin\u00e7age-et-pompe-\u00e0-d\u00e9tergent-filtre-de-cuve-40r-h-60hz-prise-schuko-402124\/\" class=\"btn btn-primary-blue\">Voir plus<\/a><span class=\"compare-product\"><span class=\"compare-checkbox\"><span class=\"compare-checkbox-shape\"><input type=\"checkbox\" class=\"product-comparer\" id=\"prod_402124\"\/><label class=\"btn\" for=\"prod_402124\"><span class=\"label-bg\"><\/span>Comparer<\/label><\/span><\/span><\/span><\/div><\/a><\/div><\/div><\/li><li data-product-paged=\"\" class=\"anchor_tags_prod col-sm-6 col-md-3 wow fadeIn single-product-list 402187\"><div class=\"product-list-item\"><div class=\"product-content\"><a href=\"https:\/\/www.electroluxprofessional.com\/fr\/equipement-cuisine\/lavage-de-vaisselle\/lave-vaisselle-neoblue-touch\/laverie-lave-verres-neoblue-s-simple-paroi-doseur-de-rin\u00e7age-40c-h-402187\/\" target=\"_blank\" ><figure><img decoding=\"async\" src=\"https:\/\/tools.electroluxprofessional.com\/Mirror\/Doc\/PH_255x255%2FPH_402187_1_1_402187.jpg\" alt=\"LaverieLave-verres NeoBlue S simple paroi, ,doseur de rin\u00e7age, 40c\/h\"\/><\/figure><div class=\"product-internal\"><div class=\"product-liv\">Lave-verres NeoBlue Touch S (casier 400x400mm)<\/div><h3 class=\"product-title\">Laverie<br>Lave-verres NeoBlue S simple paroi, ,doseur de rin\u00e7age, 40c\/h<\/h3><div class=\"product-icons\"><div class=\"product-green\"><\/div><div class=\"product-cod\"><div class=\"hidden type_code\">0<\/div>COD <span class=\"product-code\" >402187<\/span><\/div><div class=\"product-fast\"><\/div>\n<\/div><div class=\"product-description-fast-green\"><\/div>\n<\/div><div class=\"product-actions\"><a href=\"https:\/\/www.electroluxprofessional.com\/fr\/equipement-cuisine\/lavage-de-vaisselle\/lave-vaisselle-neoblue-touch\/laverie-lave-verres-neoblue-s-simple-paroi-doseur-de-rin\u00e7age-40c-h-402187\/\" class=\"btn btn-primary-blue\">Voir plus<\/a><span class=\"compare-product\"><span class=\"compare-checkbox\"><span class=\"compare-checkbox-shape\"><input type=\"checkbox\" class=\"product-comparer\" id=\"prod_402187\"\/><label class=\"btn\" for=\"prod_402187\"><span class=\"label-bg\"><\/span>Comparer<\/label><\/span><\/span><\/span><\/div><\/a><\/div><\/div><\/li><li data-product-paged=\"\" class=\"anchor_tags_prod col-sm-6 col-md-3 wow fadeIn single-product-list 402188\"><div class=\"product-list-item\"><div class=\"product-content\"><a href=\"https:\/\/www.electroluxprofessional.com\/fr\/equipement-cuisine\/lavage-de-vaisselle\/lave-vaisselle-neoblue-touch\/laverie-lave-verres-neoblue-s-simple-paroidoseurs-de-rin\u00e7age-et-de-d\u00e9tergent-filtre-de-cuve-40c-h-402188\/\" target=\"_blank\" ><figure><img decoding=\"async\" src=\"https:\/\/tools.electroluxprofessional.com\/Mirror\/Doc\/PH_255x255%2FPH_402187_1_1_402187.jpg\" alt=\"Laverielave-verres NeoBlue S simple paroi,Doseurs de rin\u00e7age et de d\u00e9tergent filtre de cuve  40c\/h\"\/><\/figure><div class=\"product-internal\"><div class=\"product-liv\">Lave-verres NeoBlue Touch S (casier 400x400mm)<\/div><h3 class=\"product-title\">Laverie<br>lave-verres NeoBlue S simple paroi,Doseurs de rin\u00e7age et de d\u00e9tergent filtre de cuve  40c\/h<\/h3><div class=\"product-icons\"><div class=\"product-green\"><\/div><div class=\"product-cod\"><div class=\"hidden type_code\">0<\/div>COD <span class=\"product-code\" >402188<\/span><\/div><div class=\"product-fast\"><\/div>\n<\/div><div class=\"product-description-fast-green\"><\/div>\n<\/div><div class=\"product-actions\"><a href=\"https:\/\/www.electroluxprofessional.com\/fr\/equipement-cuisine\/lavage-de-vaisselle\/lave-vaisselle-neoblue-touch\/laverie-lave-verres-neoblue-s-simple-paroidoseurs-de-rin\u00e7age-et-de-d\u00e9tergent-filtre-de-cuve-40c-h-402188\/\" class=\"btn btn-primary-blue\">Voir plus<\/a><span class=\"compare-product\"><span class=\"compare-checkbox\"><span class=\"compare-checkbox-shape\"><input type=\"checkbox\" class=\"product-comparer\" id=\"prod_402188\"\/><label class=\"btn\" for=\"prod_402188\"><span class=\"label-bg\"><\/span>Comparer<\/label><\/span><\/span><\/span><\/div><\/a><\/div><\/div><\/li>\n                        <\/ul>\n                        <div class=\"text-center more-products\">\n                        <\/div>\n                    <\/div>\n                    <!-- END PRODUCT LIST -->\n                    <\/div>\n                    <!-- END PRODUCT LIST -->[vc_empty_space height=\u00a0\u00bb50px\u00a0\u00bb][\/vc_column][\/vc_row][vc_row][vc_column][elx_multiple_columns number_columns=\u00a0\u00bb4&Prime; tag_title_clm=\u00a0\u00bbh3&Prime; class_title_clm=\u00a0\u00bbh5&Prime; bg_row=\u00a0\u00bbbg-download-white\u00a0\u00bb title=\u00a0\u00bbTrouvez votre solution compl\u00e8te\u00a0\u00bb values=\u00a0\u00bb%5B%7B%22image_section%22%3A%2225446%22%2C%22title_section%22%3A%22Boulangeries%22%2C%22text_section%22%3A%22Pour%20les%20%C3%A9tablissements%20qui%20servent%20des%20repas%20tout%20au%20long%20de%20la%20journ%C3%A9e.%22%2C%22link_section%22%3A%22url%3Ahttps%253A%252F%252Fwww.electroluxprofessional.com%252Ffr%252Fconcepts-snacking-poulet-burgers%252Fequipements-cuisine-pro-restauration-snacking%252F%7Ctitle%3ATrouvez%2520la%2520solution%2520adapt%25C3%25A9e%2520%25C3%25A0%2520vos%2520besoins%7Ctarget%3A_blank%22%2C%22button_style%22%3A%22secondary-bordered%22%7D%2C%7B%22image_section%22%3A%2225447%22%2C%22title_section%22%3A%22Bars%20et%20caf%C3%A9s%22%2C%22text_section%22%3A%22Gagnez%20en%20efficacit%C3%A9%20et%20en%20rapidit%C3%A9%20pendant%20les%20p%C3%A9riodes%20de%20forte%20affluence.%22%2C%22link_section%22%3A%22url%3Ahttps%253A%252F%252Fwww.electroluxprofessional.com%252Ffr%252Fsolutions%252Fbars-et-cafes%252F%7Ctitle%3AAcc%25C3%25A9l%25C3%25A9rez%2520le%2520rythme%2520de%2520votre%2520cuisine%7Ctarget%3A_blank%22%2C%22button_style%22%3A%22secondary-bordered%22%7D%2C%7B%22image_section%22%3A%2225448%22%2C%22title_section%22%3A%22Restauration%20traditionnelle%22%2C%22text_section%22%3A%22Pour%20faire%20face%20aux%20pics%20d&rsquo;activit%C3%A9%20et%20servir%20davantage%20de%20clients.%22%2C%22link_section%22%3A%22url%3Ahttps%253A%252F%252Fwww.electroluxprofessional.com%252Ffr%252Fsolutions%252Fhotellerie-restauration-commerciale%252Fcuisine%7Ctitle%3AD%25C3%25A9couvrir%2520la%2520gamme%7Ctarget%3A_blank%22%2C%22button_style%22%3A%22secondary-bordered%22%7D%5D\u00a0\u00bb][\/elx_multiple_columns][vc_empty_space height=\u00a0\u00bb60px\u00a0\u00bb][\/vc_column][\/vc_row]<\/p>\n<\/div>","protected":false},"excerpt":{"rendered":"<p>[vc_row full_width=\u00a0\u00bbelectroluxpro-full-width-no-padding\u00a0\u00bb el_id=\u00a0\u00bbbanner\u00a0\u00bb][vc_column][elx_hero_video text_position=\u00a0\u00bbhero_video_text_align_left\u00a0\u00bb background_video_mp4=\u00a0\u00bbhttps:\/\/www.electroluxprofessional.com\/fr\/wp-content\/uploads\/2024\/07\/EPR_Video_NeoBlue-Touch-UC_WEB-2000&#215;580-v2.mp4&Prime;][\/elx_hero_video][\/vc_column][\/vc_row][vc_row][vc_column][vc_empty_space][elx_text_image tag_title=\u00a0\u00bbh1&Prime; style_image=\u00a0\u00bbimage_square\u00a0\u00bb bg_row=\u00a0\u00bbbg-download-white\u00a0\u00bb title=\u00a0\u00bbLave-vaisselle professionnel frontal NeoBlue Touch : des r\u00e9sultats impeccables et des \u00e9conomies en un seul geste\u00a0\u00bb lists=\u00a0\u00bb%5B%7B%7D%5D\u00a0\u00bb values=\u00a0\u00bb%5B%7B%22tag_icon_title%22%3A%22h4%22%7D%5D\u00a0\u00bb single_image=\u00a0\u00bb34561&Prime;]La nouvelle g\u00e9n\u00e9ration de lave-vaisselle professionnels frontaux est disponible. NeoBlue Touch allie simplicit\u00e9 d&rsquo;utilisation, fiabilit\u00e9 et faibles co\u00fbts d&rsquo;exploitation gr\u00e2ce \u00e0 une consommation optimis\u00e9e d&rsquo;eau, d&rsquo;\u00e9nergie et de produits [&hellip;]<\/p>\n","protected":false},"author":616,"featured_media":34558,"parent":32500,"menu_order":0,"comment_status":"closed","ping_status":"closed","template":"","meta":{"_acf_changed":false,"footnotes":"","_members_access_role":[],"_members_access_error":""},"class_list":["post-34564","page","type-page","status-publish","has-post-thumbnail","hentry"],"acf":[],"yoast_head":"<!-- This site is optimized with the Yoast SEO plugin v28.0 - https:\/\/yoast.com\/product\/yoast-seo-wordpress\/ -->\n<title>Lave-vaisselle professionnel frontral NeoBlue Touch<\/title>\n<meta name=\"description\" content=\"D\u00e9couvrez le lave-vaisselle professionnel NeoBlue Touch : performances de lavage, \u00e9conomies d&#039;eau et d&#039;\u00e9nergie et simplicit\u00e9 d&#039;utilisation\" \/>\n<meta name=\"robots\" content=\"index, follow, max-snippet:-1, max-image-preview:large, max-video-preview:-1\" \/>\n<link rel=\"canonical\" href=\"https:\/\/www.electroluxprofessional.com\/fr\/equipement-cuisine\/lavage-de-vaisselle\/lave-vaisselle-neoblue-touch\/\" \/>\n<meta property=\"og:locale\" content=\"fr_FR\" \/>\n<meta property=\"og:type\" content=\"article\" \/>\n<meta property=\"og:title\" content=\"Lave-vaisselle professionnel frontral NeoBlue Touch\" \/>\n<meta property=\"og:description\" content=\"D\u00e9couvrez le lave-vaisselle professionnel NeoBlue Touch : performances de lavage, \u00e9conomies d&#039;eau et d&#039;\u00e9nergie et simplicit\u00e9 d&#039;utilisation\" \/>\n<meta property=\"og:url\" content=\"https:\/\/www.electroluxprofessional.com\/fr\/equipement-cuisine\/lavage-de-vaisselle\/lave-vaisselle-neoblue-touch\/\" \/>\n<meta property=\"og:site_name\" content=\"Electrolux Professional France\" \/>\n<meta property=\"article:modified_time\" content=\"2026-09-01T08:19:53+00:00\" \/>\n<meta property=\"og:image\" content=\"https:\/\/www.electroluxprofessional.com\/fr\/wp-content\/uploads\/2026\/08\/NB_L_Still_SX_LATO_MODIFICATO_600x600-1.webp\" \/>\n\t<meta property=\"og:image:width\" content=\"600\" \/>\n\t<meta property=\"og:image:height\" content=\"600\" \/>\n\t<meta property=\"og:image:type\" content=\"image\/webp\" \/>\n<meta name=\"twitter:card\" content=\"summary_large_image\" \/>\n<meta name=\"twitter:label1\" content=\"Dur\u00e9e de lecture estim\u00e9e\" \/>\n\t<meta name=\"twitter:data1\" content=\"11 minutes\" \/>\n<script type=\"application\/ld+json\" class=\"yoast-schema-graph\">{\"@context\":\"https:\\\/\\\/schema.org\",\"@graph\":[{\"@type\":\"WebPage\",\"@id\":\"https:\\\/\\\/www.electroluxprofessional.com\\\/fr\\\/equipement-cuisine\\\/lavage-de-vaisselle\\\/lave-vaisselle-neoblue-touch\\\/\",\"url\":\"https:\\\/\\\/www.electroluxprofessional.com\\\/fr\\\/equipement-cuisine\\\/lavage-de-vaisselle\\\/lave-vaisselle-neoblue-touch\\\/\",\"name\":\"Lave-vaisselle professionnel frontral NeoBlue Touch\",\"isPartOf\":{\"@id\":\"https:\\\/\\\/www.electroluxprofessional.com\\\/fr\\\/#website\"},\"primaryImageOfPage\":{\"@id\":\"https:\\\/\\\/www.electroluxprofessional.com\\\/fr\\\/equipement-cuisine\\\/lavage-de-vaisselle\\\/lave-vaisselle-neoblue-touch\\\/#primaryimage\"},\"image\":{\"@id\":\"https:\\\/\\\/www.electroluxprofessional.com\\\/fr\\\/equipement-cuisine\\\/lavage-de-vaisselle\\\/lave-vaisselle-neoblue-touch\\\/#primaryimage\"},\"thumbnailUrl\":\"https:\\\/\\\/www.electroluxprofessional.com\\\/fr\\\/wp-content\\\/uploads\\\/2026\\\/08\\\/NB_L_Still_SX_LATO_MODIFICATO_600x600-1.webp\",\"datePublished\":\"2026-08-31T14:20:46+00:00\",\"dateModified\":\"2026-09-01T08:19:53+00:00\",\"description\":\"D\u00e9couvrez le lave-vaisselle professionnel NeoBlue Touch : performances de lavage, \u00e9conomies d'eau et d'\u00e9nergie et simplicit\u00e9 d'utilisation\",\"breadcrumb\":{\"@id\":\"https:\\\/\\\/www.electroluxprofessional.com\\\/fr\\\/equipement-cuisine\\\/lavage-de-vaisselle\\\/lave-vaisselle-neoblue-touch\\\/#breadcrumb\"},\"inLanguage\":\"fr-FR\",\"potentialAction\":[{\"@type\":\"ReadAction\",\"target\":[\"https:\\\/\\\/www.electroluxprofessional.com\\\/fr\\\/equipement-cuisine\\\/lavage-de-vaisselle\\\/lave-vaisselle-neoblue-touch\\\/\"]}]},{\"@type\":\"ImageObject\",\"inLanguage\":\"fr-FR\",\"@id\":\"https:\\\/\\\/www.electroluxprofessional.com\\\/fr\\\/equipement-cuisine\\\/lavage-de-vaisselle\\\/lave-vaisselle-neoblue-touch\\\/#primaryimage\",\"url\":\"https:\\\/\\\/www.electroluxprofessional.com\\\/fr\\\/wp-content\\\/uploads\\\/2026\\\/08\\\/NB_L_Still_SX_LATO_MODIFICATO_600x600-1.webp\",\"contentUrl\":\"https:\\\/\\\/www.electroluxprofessional.com\\\/fr\\\/wp-content\\\/uploads\\\/2026\\\/08\\\/NB_L_Still_SX_LATO_MODIFICATO_600x600-1.webp\",\"width\":600,\"height\":600},{\"@type\":\"BreadcrumbList\",\"@id\":\"https:\\\/\\\/www.electroluxprofessional.com\\\/fr\\\/equipement-cuisine\\\/lavage-de-vaisselle\\\/lave-vaisselle-neoblue-touch\\\/#breadcrumb\",\"itemListElement\":[{\"@type\":\"ListItem\",\"position\":1,\"name\":\"Home\",\"item\":\"https:\\\/\\\/www.electroluxprofessional.com\\\/fr\\\/\"},{\"@type\":\"ListItem\",\"position\":2,\"name\":\"Cuisine Professionnelle\",\"item\":\"https:\\\/\\\/www.electroluxprofessional.com\\\/fr\\\/equipement-cuisine\\\/\"},{\"@type\":\"ListItem\",\"position\":3,\"name\":\"Lavage professionnel de vaisselle\",\"item\":\"https:\\\/\\\/www.electroluxprofessional.com\\\/fr\\\/equipement-cuisine\\\/lavage-de-vaisselle\\\/\"},{\"@type\":\"ListItem\",\"position\":4,\"name\":\"Lave vaisselle frontal NeoBlue Touch\"}]},{\"@type\":\"WebSite\",\"@id\":\"https:\\\/\\\/www.electroluxprofessional.com\\\/fr\\\/#website\",\"url\":\"https:\\\/\\\/www.electroluxprofessional.com\\\/fr\\\/\",\"name\":\"Electrolux Professional France\",\"description\":\"\",\"potentialAction\":[{\"@type\":\"SearchAction\",\"target\":{\"@type\":\"EntryPoint\",\"urlTemplate\":\"https:\\\/\\\/www.electroluxprofessional.com\\\/fr\\\/?src={search_term_string}\"},\"query-input\":{\"@type\":\"PropertyValueSpecification\",\"valueRequired\":true,\"valueName\":\"search_term_string\"}}],\"inLanguage\":\"fr-FR\"}]}<\/script>\n<!-- \/ Yoast SEO plugin. -->","yoast_head_json":{"title":"Lave-vaisselle professionnel frontral NeoBlue Touch","description":"D\u00e9couvrez le lave-vaisselle professionnel NeoBlue Touch : performances de lavage, \u00e9conomies d'eau et d'\u00e9nergie et simplicit\u00e9 d'utilisation","robots":{"index":"index","follow":"follow","max-snippet":"max-snippet:-1","max-image-preview":"max-image-preview:large","max-video-preview":"max-video-preview:-1"},"canonical":"https:\/\/www.electroluxprofessional.com\/fr\/equipement-cuisine\/lavage-de-vaisselle\/lave-vaisselle-neoblue-touch\/","og_locale":"fr_FR","og_type":"article","og_title":"Lave-vaisselle professionnel frontral NeoBlue Touch","og_description":"D\u00e9couvrez le lave-vaisselle professionnel NeoBlue Touch : performances de lavage, \u00e9conomies d'eau et d'\u00e9nergie et simplicit\u00e9 d'utilisation","og_url":"https:\/\/www.electroluxprofessional.com\/fr\/equipement-cuisine\/lavage-de-vaisselle\/lave-vaisselle-neoblue-touch\/","og_site_name":"Electrolux Professional France","article_modified_time":"2026-09-01T08:19:53+00:00","og_image":[{"width":600,"height":600,"url":"https:\/\/www.electroluxprofessional.com\/fr\/wp-content\/uploads\/2026\/08\/NB_L_Still_SX_LATO_MODIFICATO_600x600-1.webp","type":"image\/webp"}],"twitter_card":"summary_large_image","twitter_misc":{"Dur\u00e9e de lecture estim\u00e9e":"11 minutes"},"schema":{"@context":"https:\/\/schema.org","@graph":[{"@type":"WebPage","@id":"https:\/\/www.electroluxprofessional.com\/fr\/equipement-cuisine\/lavage-de-vaisselle\/lave-vaisselle-neoblue-touch\/","url":"https:\/\/www.electroluxprofessional.com\/fr\/equipement-cuisine\/lavage-de-vaisselle\/lave-vaisselle-neoblue-touch\/","name":"Lave-vaisselle professionnel frontral NeoBlue Touch","isPartOf":{"@id":"https:\/\/www.electroluxprofessional.com\/fr\/#website"},"primaryImageOfPage":{"@id":"https:\/\/www.electroluxprofessional.com\/fr\/equipement-cuisine\/lavage-de-vaisselle\/lave-vaisselle-neoblue-touch\/#primaryimage"},"image":{"@id":"https:\/\/www.electroluxprofessional.com\/fr\/equipement-cuisine\/lavage-de-vaisselle\/lave-vaisselle-neoblue-touch\/#primaryimage"},"thumbnailUrl":"https:\/\/www.electroluxprofessional.com\/fr\/wp-content\/uploads\/2026\/08\/NB_L_Still_SX_LATO_MODIFICATO_600x600-1.webp","datePublished":"2026-08-31T14:20:46+00:00","dateModified":"2026-09-01T08:19:53+00:00","description":"D\u00e9couvrez le lave-vaisselle professionnel NeoBlue Touch : performances de lavage, \u00e9conomies d'eau et d'\u00e9nergie et simplicit\u00e9 d'utilisation","breadcrumb":{"@id":"https:\/\/www.electroluxprofessional.com\/fr\/equipement-cuisine\/lavage-de-vaisselle\/lave-vaisselle-neoblue-touch\/#breadcrumb"},"inLanguage":"fr-FR","potentialAction":[{"@type":"ReadAction","target":["https:\/\/www.electroluxprofessional.com\/fr\/equipement-cuisine\/lavage-de-vaisselle\/lave-vaisselle-neoblue-touch\/"]}]},{"@type":"ImageObject","inLanguage":"fr-FR","@id":"https:\/\/www.electroluxprofessional.com\/fr\/equipement-cuisine\/lavage-de-vaisselle\/lave-vaisselle-neoblue-touch\/#primaryimage","url":"https:\/\/www.electroluxprofessional.com\/fr\/wp-content\/uploads\/2026\/08\/NB_L_Still_SX_LATO_MODIFICATO_600x600-1.webp","contentUrl":"https:\/\/www.electroluxprofessional.com\/fr\/wp-content\/uploads\/2026\/08\/NB_L_Still_SX_LATO_MODIFICATO_600x600-1.webp","width":600,"height":600},{"@type":"BreadcrumbList","@id":"https:\/\/www.electroluxprofessional.com\/fr\/equipement-cuisine\/lavage-de-vaisselle\/lave-vaisselle-neoblue-touch\/#breadcrumb","itemListElement":[{"@type":"ListItem","position":1,"name":"Home","item":"https:\/\/www.electroluxprofessional.com\/fr\/"},{"@type":"ListItem","position":2,"name":"Cuisine Professionnelle","item":"https:\/\/www.electroluxprofessional.com\/fr\/equipement-cuisine\/"},{"@type":"ListItem","position":3,"name":"Lavage professionnel de vaisselle","item":"https:\/\/www.electroluxprofessional.com\/fr\/equipement-cuisine\/lavage-de-vaisselle\/"},{"@type":"ListItem","position":4,"name":"Lave vaisselle frontal NeoBlue Touch"}]},{"@type":"WebSite","@id":"https:\/\/www.electroluxprofessional.com\/fr\/#website","url":"https:\/\/www.electroluxprofessional.com\/fr\/","name":"Electrolux Professional France","description":"","potentialAction":[{"@type":"SearchAction","target":{"@type":"EntryPoint","urlTemplate":"https:\/\/www.electroluxprofessional.com\/fr\/?src={search_term_string}"},"query-input":{"@type":"PropertyValueSpecification","valueRequired":true,"valueName":"search_term_string"}}],"inLanguage":"fr-FR"}]}},"_links":{"self":[{"href":"https:\/\/www.electroluxprofessional.com\/fr\/wp-json\/wp\/v2\/pages\/34564","targetHints":{"allow":["GET"]}}],"collection":[{"href":"https:\/\/www.electroluxprofessional.com\/fr\/wp-json\/wp\/v2\/pages"}],"about":[{"href":"https:\/\/www.electroluxprofessional.com\/fr\/wp-json\/wp\/v2\/types\/page"}],"author":[{"embeddable":true,"href":"https:\/\/www.electroluxprofessional.com\/fr\/wp-json\/wp\/v2\/users\/616"}],"replies":[{"embeddable":true,"href":"https:\/\/www.electroluxprofessional.com\/fr\/wp-json\/wp\/v2\/comments?post=34564"}],"version-history":[{"count":17,"href":"https:\/\/www.electroluxprofessional.com\/fr\/wp-json\/wp\/v2\/pages\/34564\/revisions"}],"predecessor-version":[{"id":34593,"href":"https:\/\/www.electroluxprofessional.com\/fr\/wp-json\/wp\/v2\/pages\/34564\/revisions\/34593"}],"up":[{"embeddable":true,"href":"https:\/\/www.electroluxprofessional.com\/fr\/wp-json\/wp\/v2\/pages\/32500"}],"wp:attachment":[{"href":"https:\/\/www.electroluxprofessional.com\/fr\/wp-json\/wp\/v2\/media?parent=34564"}],"curies":[{"name":"wp","href":"https:\/\/api.w.org\/{rel}","templated":true}]}}