{"id":30031,"date":"2026-02-10T12:46:59","date_gmt":"2026-02-10T12:46:59","guid":{"rendered":"https:\/\/www.electroluxprofessional.com\/fr\/?page_id=30031"},"modified":"2026-04-24T15:00:01","modified_gmt":"2026-04-24T15:00:01","slug":"reseau-andromede","status":"publish","type":"page","link":"https:\/\/www.electroluxprofessional.com\/fr\/reseau-andromede\/","title":{"rendered":"R\u00e9seau de partenaires-installateurs Androm\u00e8de"},"content":{"rendered":"<p>[vc_row full_width=&#8221;electroluxpro-full-width-no-padding&#8221;][vc_column][elx_image_block background_image=&#8221;9988&#8243; minimum_height=&#8221;300px&#8221;][vc_empty_space][\/vc_column][\/vc_row][vc_row][vc_column][vc_single_image image=&#8221;25149&#8243; img_size=&#8221;large&#8221; alignment=&#8221;center&#8221;][\/vc_column][\/vc_row][vc_row][vc_column width=&#8221;1\/4&#8243;][elx_heading font_container=&#8221;h4&#8243; text_color=&#8221;inherit&#8221; text_align=&#8221;text-center&#8221;]Lavage[\/elx_heading][vc_empty_space][vc_empty_space][vc_single_image image=&#8221;11397&#8243; img_size=&#8221;205*140&#8243; alignment=&#8221;center&#8221; onclick=&#8221;custom_link&#8221; link=&#8221;https:\/\/www.electroluxprofessional.com\/fr\/equipement-blanchisserie\/lave-linge-professionnels\/&#8221;][vc_empty_space][\/vc_column][vc_column width=&#8221;1\/4&#8243;][elx_heading font_container=&#8221;h4&#8243; text_color=&#8221;inherit&#8221; text_align=&#8221;text-center&#8221;]S\u00e9chage[\/elx_heading][vc_empty_space][vc_single_image image=&#8221;15155&#8243; img_size=&#8221;200*180&#8243; alignment=&#8221;center&#8221; onclick=&#8221;custom_link&#8221; link=&#8221;https:\/\/www.electroluxprofessional.com\/fr\/equipement-blanchisserie\/seche-linge-professionnels\/&#8221;][vc_empty_space][\/vc_column][vc_column width=&#8221;1\/4&#8243;][elx_heading font_container=&#8221;h4&#8243; text_color=&#8221;inherit&#8221; text_align=&#8221;text-center&#8221;]Repassage &amp; finition[\/elx_heading][vc_empty_space][vc_empty_space][vc_single_image image=&#8221;23704&#8243; img_size=&#8221;200*120&#8243; alignment=&#8221;center&#8221; onclick=&#8221;custom_link&#8221; link=&#8221;https:\/\/www.electroluxprofessional.com\/fr\/equipement-blanchisserie\/repasseuses-professionnelles\/&#8221;][vc_empty_space][vc_empty_space][\/vc_column][vc_column width=&#8221;1\/4&#8243;][elx_heading font_container=&#8221;h4&#8243; text_color=&#8221;inherit&#8221; text_align=&#8221;text-center&#8221;]Entretien &amp; SAV[\/elx_heading][vc_empty_space][vc_single_image image=&#8221;6271&#8243; img_size=&#8221;200*180&#8243; alignment=&#8221;center&#8221;][vc_empty_space][\/vc_column][\/vc_row][vc_row full_width=&#8221;electroluxpro-full-width-no-padding&#8221;][vc_column][vc_empty_space][\/vc_column][\/vc_row][vc_row][vc_column][elx_heading text_color=&#8221;inherit&#8221;]Un r\u00e9seau de professionnels de la blanchisserie depuis plus de 50 ans\u200b[\/elx_heading][vc_empty_space height=&#8221;15px&#8221;][\/vc_column][\/vc_row][vc_row gap=&#8221;20&#8243; equal_height=&#8221;yes&#8221;][vc_column width=&#8221;1\/5&#8243; css=&#8221;.vc_custom_1740474619578{margin-right: 10px !important;margin-left: 10px !important;background-color: #d0d8e2 !important;}&#8221;][vc_column_text css=&#8221;.vc_custom_1740474453303{padding-top: 20px !important;padding-bottom: 20px !important;}&#8221;]<\/p>\n<p style=\"text-align: center;\" data-ccp-props=\"{&quot;335551550&quot;:2,&quot;335551620&quot;:2,&quot;335559683&quot;:0,&quot;335559685&quot;:0,&quot;335559731&quot;:0,&quot;335559737&quot;:0,&quot;335562764&quot;:2,&quot;335562765&quot;:1,&quot;335562766&quot;:4,&quot;335562767&quot;:0,&quot;335562768&quot;:4,&quot;335562769&quot;:0}\"><b><span data-usefontface=\"true\" data-contrast=\"none\">50 <\/span><\/b><b><span data-usefontface=\"true\" data-contrast=\"none\">technico-<\/span><\/b><b><span data-usefontface=\"true\" data-contrast=\"none\">commerciaux<\/span><\/b>\u200b<\/p>\n<p style=\"text-align: center;\" data-ccp-props=\"{&quot;335551550&quot;:2,&quot;335551620&quot;:2,&quot;335559683&quot;:0,&quot;335559685&quot;:0,&quot;335559731&quot;:0,&quot;335559737&quot;:0,&quot;335562764&quot;:2,&quot;335562765&quot;:1,&quot;335562766&quot;:4,&quot;335562767&quot;:0,&quot;335562768&quot;:4,&quot;335562769&quot;:0}\"><span data-usefontface=\"true\" data-contrast=\"none\">pour les pr\u00e9-visites <\/span><span data-usefontface=\"true\" data-contrast=\"none\">techniques<\/span>\u200b<\/p>\n<p>[\/vc_column_text][vc_empty_space][\/vc_column][vc_column width=&#8221;1\/5&#8243; css=&#8221;.vc_custom_1740474348912{margin-right: 10px !important;margin-left: 10px !important;padding-top: 20px !important;background-color: #d0d8e2 !important;}&#8221;][vc_column_text css=&#8221;.vc_custom_1764940482211{padding-top: 20px !important;padding-bottom: 20px !important;}&#8221;]<\/p>\n<p style=\"text-align: center;\" data-ccp-props=\"{&quot;335551550&quot;:2,&quot;335551620&quot;:2,&quot;335559683&quot;:0,&quot;335559685&quot;:0,&quot;335559731&quot;:0,&quot;335559737&quot;:0,&quot;335562764&quot;:2,&quot;335562765&quot;:1,&quot;335562766&quot;:4,&quot;335562767&quot;:0,&quot;335562768&quot;:4,&quot;335562769&quot;:0}\"><b><span data-usefontface=\"true\" data-contrast=\"none\">110 <\/span><\/b><b><span data-usefontface=\"true\" data-contrast=\"none\">techniciens <\/span><\/b><b><span data-usefontface=\"true\" data-contrast=\"none\">SAV <\/span><\/b>\u200b<\/p>\n<p style=\"text-align: center;\" data-ccp-props=\"{&quot;335551550&quot;:2,&quot;335551620&quot;:2,&quot;335559683&quot;:0,&quot;335559685&quot;:0,&quot;335559731&quot;:0,&quot;335559737&quot;:0,&quot;335562764&quot;:2,&quot;335562765&quot;:1,&quot;335562766&quot;:4,&quot;335562767&quot;:0,&quot;335562768&quot;:4,&quot;335562769&quot;:0}\"><span data-usefontface=\"true\" data-contrast=\"none\">Repartis dans toutes le<\/span><span data-usefontface=\"true\" data-contrast=\"none\">s agences<\/span>\u200b<\/p>\n<p>[\/vc_column_text][vc_empty_space][\/vc_column][vc_column width=&#8221;1\/5&#8243; css=&#8221;.vc_custom_1740474343380{margin-right: 10px !important;margin-left: 10px !important;padding-top: 20px !important;background-color: #d0d8e2 !important;}&#8221;][vc_column_text css=&#8221;.vc_custom_1764940495328{padding-top: 20px !important;padding-bottom: 20px !important;}&#8221;]<\/p>\n<p style=\"text-align: center;\" data-ccp-props=\"{&quot;335551550&quot;:2,&quot;335551620&quot;:2,&quot;335559683&quot;:0,&quot;335559685&quot;:0,&quot;335559731&quot;:0,&quot;335559737&quot;:0,&quot;335562764&quot;:2,&quot;335562765&quot;:1,&quot;335562766&quot;:4,&quot;335562767&quot;:0,&quot;335562768&quot;:4,&quot;335562769&quot;:0}\"><b><span data-usefontface=\"true\" data-contrast=\"none\">Outils <\/span><\/b><b><span data-usefontface=\"true\" data-contrast=\"none\">performants<\/span><\/b>\u200b<\/p>\n<p style=\"text-align: center;\" data-ccp-props=\"{&quot;335551550&quot;:2,&quot;335551620&quot;:2,&quot;335559683&quot;:0,&quot;335559685&quot;:0,&quot;335559731&quot;:0,&quot;335559737&quot;:0,&quot;335562764&quot;:2,&quot;335562765&quot;:1,&quot;335562766&quot;:4,&quot;335562767&quot;:0,&quot;335562768&quot;:4,&quot;335562769&quot;:0}\"><span data-usefontface=\"true\" data-contrast=\"none\">et des logiciels <\/span><span data-usefontface=\"true\" data-contrast=\"none\">d\u00e9velopp\u00e9s pour les<\/span><span data-usefontface=\"true\" data-contrast=\"none\">\u00a0techniciens<\/span>\u200b<\/p>\n<p>[\/vc_column_text][vc_empty_space][\/vc_column][vc_column width=&#8221;1\/5&#8243; css=&#8221;.vc_custom_1740473860769{margin-right: 10px !important;margin-left: 10px !important;padding-top: 20px !important;background-color: #d0d8e2 !important;}&#8221;][vc_column_text css=&#8221;.vc_custom_1740474613080{padding-top: 20px !important;padding-bottom: 20px !important;}&#8221;]<\/p>\n<p style=\"text-align: center;\" data-ccp-props=\"{&quot;335551550&quot;:2,&quot;335551620&quot;:2,&quot;335559683&quot;:0,&quot;335559685&quot;:0,&quot;335559731&quot;:0,&quot;335559737&quot;:0,&quot;335562764&quot;:2,&quot;335562765&quot;:1,&quot;335562766&quot;:4,&quot;335562767&quot;:0,&quot;335562768&quot;:4,&quot;335562769&quot;:0}\"><b><span data-usefontface=\"true\" data-contrast=\"none\">Ma\u00eetrise<\/span><\/b>\u200b<\/p>\n<p style=\"text-align: center;\" data-ccp-props=\"{&quot;335551550&quot;:2,&quot;335551620&quot;:2,&quot;335559683&quot;:0,&quot;335559685&quot;:0,&quot;335559731&quot;:0,&quot;335559737&quot;:0,&quot;335562764&quot;:2,&quot;335562765&quot;:1,&quot;335562766&quot;:4,&quot;335562767&quot;:0,&quot;335562768&quot;:4,&quot;335562769&quot;:0}\"><span data-usefontface=\"true\" data-contrast=\"none\">Totale du process <\/span><span data-usefontface=\"true\" data-contrast=\"none\">(mat\u00e9riel, <\/span><span data-usefontface=\"true\" data-contrast=\"none\">conseils sur les travaux, <\/span><span data-usefontface=\"true\" data-contrast=\"none\">fluides, \u00e9nergies, etc.)<\/span>\u200b<\/p>\n<p>[\/vc_column_text][vc_empty_space][\/vc_column][vc_column width=&#8221;1\/5&#8243; css=&#8221;.vc_custom_1740474623959{margin-right: 10px !important;margin-left: 10px !important;padding-top: 20px !important;background-color: #d0d8e2 !important;}&#8221;][vc_column_text css=&#8221;.vc_custom_1764940511192{padding-top: 20px !important;padding-bottom: 20px !important;}&#8221;]<\/p>\n<p style=\"text-align: center;\" data-ccp-props=\"{&quot;335551550&quot;:2,&quot;335551620&quot;:2,&quot;335559683&quot;:0,&quot;335559685&quot;:0,&quot;335559731&quot;:0,&quot;335559737&quot;:0,&quot;335562764&quot;:2,&quot;335562765&quot;:1,&quot;335562766&quot;:4,&quot;335562767&quot;:0,&quot;335562768&quot;:4,&quot;335562769&quot;:0}\"><b><span data-usefontface=\"true\" data-contrast=\"none\">SAV<\/span><\/b>\u200b<\/p>\n<p style=\"text-align: center;\" data-ccp-props=\"{&quot;335551550&quot;:2,&quot;335551620&quot;:2,&quot;335559683&quot;:0,&quot;335559685&quot;:0,&quot;335559731&quot;:0,&quot;335559737&quot;:0,&quot;335562764&quot;:2,&quot;335562765&quot;:1,&quot;335562766&quot;:4,&quot;335562767&quot;:0,&quot;335562768&quot;:4,&quot;335562769&quot;:0}\"><span data-usefontface=\"true\" data-contrast=\"none\">Formation continue des<\/span><span data-usefontface=\"true\" data-contrast=\"none\"> \u00e9quipes<\/span><span data-usefontface=\"true\" data-contrast=\"none\">\u00a0&amp; pi\u00e8ces <\/span><span data-usefontface=\"true\" data-contrast=\"none\">d\u00e9tach\u00e9es d\u2019origine<\/span>\u200b<\/p>\n<p>[\/vc_column_text][vc_empty_space][\/vc_column][\/vc_row][vc_row][vc_column][vc_empty_space][elx_heading font_container=&#8221;h3&#8243; text_color=&#8221;inherit&#8221;]Une pr\u00e9sence nationale, une r\u00e9activit\u00e9 locale[\/elx_heading][vc_empty_space][vc_column_text]<strong>Avec plus de 50 ans d\u2019exp\u00e9rience dans la conception et l\u2019installation de blanchisseries,<\/strong> le r\u00e9seau Androm\u00e8de est le partenaire privil\u00e9gi\u00e9 d\u2019Electrolux Professional. Sa couverture nationale permet d\u2019intervenir rapidement durant toutes les \u00e9tapes du cycle de vie des \u00e9quipements, depuis le conseil et le dimensionnement en passant par la formation des \u00e9quipes et la maintenance du mat\u00e9riel. Ses \u00e9quipes accompagnent les projets d\u2019internalisation du traitement du linge, la cr\u00e9ation ou la modernisation de blanchisseries int\u00e9gr\u00e9es, ainsi que la maintenance, l\u2019entretien, le financement et la location de mat\u00e9riel.[\/vc_column_text][vc_empty_space][\/vc_column][\/vc_row][vc_row disable_element=&#8221;yes&#8221;][vc_column][vc_empty_space][vc_single_image image=&#8221;26884&#8243; img_size=&#8221;full&#8221; alignment=&#8221;center&#8221;][vc_empty_space][\/vc_column][\/vc_row][vc_row][vc_column width=&#8221;1\/2&#8243;][elx_heading font_container=&#8221;h3&#8243; text_color=&#8221;inherit&#8221;]Un expert privil\u00e9gi\u00e9 et exclusif dans le secteur de la sant\u00e9[\/elx_heading][vc_empty_space][vc_column_text]<\/p>\n<p data-start=\"472\" data-end=\"908\"><a href=\"https:\/\/www.andromede-france.com\/\">ANDROMEDE<\/a> est notre partenaire exclusif pour concevoir des <strong>blanchisseries conformes aux normes applicables aux \u00e9tablissements de sant\u00e9<\/strong> et m\u00e9dico-sociaux, afin de garantir des conditions de travail s\u00fbres et adapt\u00e9es.<\/p>\n<p data-start=\"472\" data-end=\"908\">La <strong>ma\u00eetrise des laveuses barri\u00e8re et s\u00e9cheuses-repasseuses<\/strong> assure une qualit\u00e9 de traitement optimale et une gestion rigoureuse des risques sanitaires <strong>selon la m\u00e9thode RABC.<\/strong><\/p>\n<p data-start=\"910\" data-end=\"1175\" data-is-last-node=\"\" data-is-only-node=\"\">Gr\u00e2ce \u00e0 cette expertise, votre blanchisserie respecte <strong>la marche en avant du linge<\/strong> et \u00e9vite toute contamination entre linge propre et linge sale. <strong>L\u2019installation d\u2019un syst\u00e8me barri\u00e8re<\/strong> renforce ainsi la s\u00e9curit\u00e9 et la qualit\u00e9 du traitement pour vos usagers et clients.<\/p>\n<p>[\/vc_column_text][\/vc_column][vc_column width=&#8221;1\/2&#8243;][vc_single_image image=&#8221;26885&#8243; img_size=&#8221;large&#8221; alignment=&#8221;center&#8221;][\/vc_column][\/vc_row][vc_row][vc_column][elx_heading font_container=&#8221;h3&#8243; text_color=&#8221;inherit&#8221; text_align=&#8221;text-left&#8221;]Androm\u00e8de, reconnue et prim\u00e9e pour sa performance RSE[\/elx_heading][vc_empty_space][\/vc_column][\/vc_row][vc_row][vc_column width=&#8221;2\/6&#8243;][vc_single_image image=&#8221;26923&#8243; img_size=&#8221;large&#8221; alignment=&#8221;center&#8221;][\/vc_column][vc_column width=&#8221;4\/6&#8243; css=&#8221;.vc_custom_1743003982610{padding-right: 20px !important;padding-left: 20px !important;background-color: #cfd6cd !important;}&#8221;][vc_empty_space height=&#8221;30px&#8221;][elx_heading font_container=&#8221;h4&#8243; text_color=&#8221;inherit&#8221; text_align=&#8221;text-center&#8221;]Label Ecovadis Platinium[\/elx_heading][vc_empty_space height=&#8221;25px&#8221;][vc_row_inner][vc_column_inner css=&#8221;.vc_custom_1740557077106{padding-top: 5px !important;}&#8221;][vc_column_text]<\/p>\n<p style=\"text-align: center;\">Androm\u00e8de a obtenu ce label Platinum attribu\u00e9 par l\u2019organisme leader dans la notation de la performance sociale et environnementale.<\/p>\n<p>[\/vc_column_text][\/vc_column_inner][\/vc_row_inner][vc_empty_space height=&#8221;25px&#8221;][vc_empty_space height=&#8221;30px&#8221;][vc_empty_space height=&#8221;20px&#8221;][\/vc_column][\/vc_row][vc_row][vc_column][vc_empty_space][\/vc_column][\/vc_row][vc_row disable_element=&#8221;yes&#8221;][vc_column][vc_empty_space][elx_heading font_container=&#8221;h3&#8243; text_color=&#8221;inherit&#8221;]La cr\u00e9ation de valeur autour de la satisfaction client[\/elx_heading][vc_empty_space][\/vc_column][\/vc_row][vc_row disable_element=&#8221;yes&#8221; css=&#8221;.vc_custom_1760629384523{border-radius: 2px !important;}&#8221;][vc_column width=&#8221;1\/3&#8243; css=&#8221;.vc_custom_1742552502916{margin-right: 20px !important;}&#8221;][vc_single_image image=&#8221;16472&#8243; img_size=&#8221;220*50&#8243; alignment=&#8221;center&#8221; css=&#8221;.vc_custom_1740569558715{margin-top: 25px !important;}&#8221;][elx_heading font_container=&#8221;h3&#8243; text_color=&#8221;inherit&#8221; text_align=&#8221;text-center&#8221;]FABRICANT[\/elx_heading][vc_column_text]<\/p>\n<ul style=\"font-weight: 400;\">\n<li data-charcodes=\"8226\" data-font=\"Arial,Sans-Serif\" data-buautonum=\"8\" data-margin=\"270\" data-aria-posinset=\"1\" data-aria-level=\"1\"><span data-usefontface=\"false\" data-contrast=\"none\">Marque reconnue<\/span>\u200b<\/li>\n<li data-charcodes=\"8226\" data-font=\"Arial,Sans-Serif\" data-buautonum=\"8\" data-margin=\"270\" data-aria-posinset=\"2\" data-aria-level=\"1\"><span data-usefontface=\"false\" data-contrast=\"none\">Force d\u2019un groupe international <\/span>\u200b<\/li>\n<li data-charcodes=\"8226\" data-font=\"Arial,Sans-Serif\" data-buautonum=\"8\" data-margin=\"270\" data-aria-posinset=\"3\" data-aria-level=\"1\"><span data-usefontface=\"false\" data-contrast=\"none\">70 ans de savoir-faire <\/span>\u200b<\/li>\n<li data-charcodes=\"8226\" data-font=\"Arial,Sans-Serif\" data-buautonum=\"8\" data-margin=\"270\" data-aria-posinset=\"4\" data-aria-level=\"1\"><span data-usefontface=\"false\" data-contrast=\"none\">Innovation <\/span>\u200b<\/li>\n<li data-charcodes=\"8226\" data-font=\"Arial,Sans-Serif\" data-buautonum=\"8\" data-margin=\"270\" data-aria-posinset=\"5\" data-aria-level=\"1\"><span data-usefontface=\"false\" data-contrast=\"none\">Agilit\u00e9 <\/span>\u200b<\/li>\n<li data-charcodes=\"8226\" data-font=\"Arial,Sans-Serif\" data-buautonum=\"8\" data-margin=\"270\" data-aria-posinset=\"6\" data-aria-level=\"1\"><span data-usefontface=\"false\" data-contrast=\"none\">Fabrication fran\u00e7aise <\/span>\u200b<\/li>\n<li data-charcodes=\"8226\" data-font=\"Arial,Sans-Serif\" data-buautonum=\"8\" data-margin=\"270\" data-aria-posinset=\"7\" data-aria-level=\"1\"><span data-usefontface=\"false\" data-contrast=\"none\">Initiateur de la m\u00e9thode RABC<\/span>\u200b<\/li>\n<li data-charcodes=\"8226\" data-font=\"Arial,Sans-Serif\" data-buautonum=\"8\" data-margin=\"270\" data-aria-posinset=\"8\" data-aria-level=\"1\"><span data-usefontface=\"false\" data-contrast=\"none\">Seul fabricant certifi\u00e9 par <\/span><span data-usefontface=\"false\" data-contrast=\"none\">Ergocert<\/span> \u200b<\/li>\n<\/ul>\n<p>[\/vc_column_text][\/vc_column][vc_column width=&#8221;1\/3&#8243; css=&#8221;.vc_custom_1742550900652{background-color: #0c2a4f !important;}&#8221;][elx_heading font_container=&#8221;h3&#8243; text_color=&#8221;white&#8221; text_align=&#8221;text-center&#8221;]Cercle vertueux de<br \/>\ncr\u00e9ation de valeur \u200b[\/elx_heading][elx_heading font_container=&#8221;h3&#8243; text_color=&#8221;white&#8221; text_align=&#8221;text-center&#8221;]CLIENTS[\/elx_heading][vc_column_text]<\/p>\n<p style=\"color: #ffffff; text-align: center;\">Conseils selon les besoins et contraintes<\/p>\n<p style=\"color: #ffffff; text-align: center;\">Maitrise du risque sanitaire (contamination crois\u00e9e)<\/p>\n<p style=\"color: #ffffff; text-align: center;\">Maitrise des co\u00fbts (\u00e9nergie et lessiviel)<\/p>\n<p style=\"color: #ffffff; text-align: center;\">R\u00e9duction des TMS \u200b<\/p>\n<p style=\"color: #ffffff; text-align: center;\">Facilit\u00e9 d\u2019utilisation \u200b<\/p>\n<p style=\"color: #ffffff; text-align: center;\">Tra\u00e7abilit\u00e9<\/p>\n<p>[\/vc_column_text][vc_empty_space][\/vc_column][vc_column width=&#8221;1\/3&#8243;][vc_single_image image=&#8221;26924&#8243; img_size=&#8221;250*80&#8243; alignment=&#8221;center&#8221;][elx_heading font_container=&#8221;h3&#8243; text_color=&#8221;inherit&#8221; text_align=&#8221;text-center&#8221;]SERVICE[\/elx_heading][vc_column_text]<\/p>\n<ul style=\"font-weight: 400;\">\n<li data-charcodes=\"8226\" data-font=\"Arial,Sans-Serif\" data-buautonum=\"8\" data-margin=\"270\" data-aria-posinset=\"1\" data-aria-level=\"1\"><span data-usefontface=\"false\" data-contrast=\"none\">Proximit\u00e9 avec une pr\u00e9sence locale forte <\/span>\u200b<\/li>\n<li data-charcodes=\"8226\" data-font=\"Arial,Sans-Serif\" data-buautonum=\"8\" data-margin=\"270\" data-aria-posinset=\"2\" data-aria-level=\"1\"><span data-usefontface=\"false\" data-contrast=\"none\">Couverture nationale<\/span>\u200b<\/li>\n<li data-charcodes=\"8226\" data-font=\"Arial,Sans-Serif\" data-buautonum=\"8\" data-margin=\"270\" data-aria-posinset=\"3\" data-aria-level=\"1\"><span data-usefontface=\"false\" data-contrast=\"none\">30 ans de savoir-faire dans l\u2019univers <\/span><span data-usefontface=\"false\" data-contrast=\"none\">sant\u00e9 et de l\u2019internalisation du linge <\/span>\u200b<\/li>\n<li data-charcodes=\"8226\" data-font=\"Arial,Sans-Serif\" data-buautonum=\"8\" data-margin=\"270\" data-aria-posinset=\"4\" data-aria-level=\"1\"><span data-usefontface=\"false\" data-contrast=\"none\">Distributeur exclusif <\/span>\u200b<\/li>\n<li data-charcodes=\"8226\" data-font=\"Arial,Sans-Serif\" data-buautonum=\"8\" data-margin=\"270\" data-aria-posinset=\"5\" data-aria-level=\"1\"><span data-usefontface=\"false\" data-contrast=\"none\">De la conception au service <\/span><span data-usefontface=\"false\" data-contrast=\"none\">apr\u00e8s vente<\/span> \u200b<\/li>\n<\/ul>\n<p>[\/vc_column_text][vc_empty_space][\/vc_column][\/vc_row][vc_row disable_element=&#8221;yes&#8221;][vc_column][vc_empty_space][elx_heading font_container=&#8221;h3&#8243; text_color=&#8221;inherit&#8221;]Des prestations exceptionnelles en 4 \u00e9tapes[\/elx_heading][vc_empty_space][\/vc_column][\/vc_row][vc_row disable_element=&#8221;yes&#8221;][vc_column width=&#8221;1\/2&#8243; content_position=&#8221;center&#8221; css=&#8221;.vc_custom_1740575971816{margin-right: 20px !important;margin-left: 10px !important;padding-left: 20px !important;background-color: #dce3ed !important;}&#8221;][elx_heading font_container=&#8221;h3&#8243; text_color=&#8221;inherit&#8221;]1. Etudes[\/elx_heading][vc_column_text]\u2022 \u00c9valuation des besoins<br \/>\n\u2022 Dimensionnement des locaux<br \/>\n\u2022 Pr\u00e9conisation des \u00e9quipements et accessoires<br \/>\n\u2022 Calcul du prix de revient et \u00e9tude financi\u00e8re<br \/>\n\u2022 R\u00e9alisation des cahiers des charges techniques<br \/>\n\u2022 Visualisation et plan 3D<br \/>\n\u2022 Proposition commerciale[\/vc_column_text][vc_empty_space][\/vc_column][vc_column width=&#8221;1\/2&#8243; css=&#8221;.vc_custom_1740576112958{margin-left: 20px !important;padding-bottom: 55px !important;padding-left: 20px !important;background-color: #dce3ed !important;}&#8221;][elx_heading font_container=&#8221;h3&#8243; text_color=&#8221;inherit&#8221;]2. R\u00e9alisation[\/elx_heading][vc_column_text]\u2022 Validation des offres<br \/>\n\u2022 R\u00e9alisation des plans d\u2019ex\u00e9cution et validation<br \/>\n\u2022 Assistance tous corps d\u2019\u00e9tat<br \/>\n\u2022 Installation, raccordement et essai[\/vc_column_text][vc_empty_space][vc_empty_space height=&#8221;34px&#8221;][\/vc_column][\/vc_row][vc_row disable_element=&#8221;yes&#8221;][vc_column width=&#8221;1\/2&#8243; css=&#8221;.vc_custom_1740576040595{margin-right: 20px !important;margin-left: 10px !important;padding-left: 20px !important;background-color: #dce3ed !important;}&#8221;][elx_heading font_container=&#8221;h3&#8243; text_color=&#8221;inherit&#8221;]3. Services[\/elx_heading][vc_column_text]\u2022 Mise en service<br \/>\n\u2022 Formation op\u00e9rateur<br \/>\n\u2022 Formation technique<br \/>\n\u2022 Mise en place de proc\u00e9dure RABC<br \/>\n\u2022 Maintenance pr\u00e9ventive et curative<br \/>\n\u2022 Optimisation des r\u00e9glages[\/vc_column_text][vc_empty_space][\/vc_column][vc_column width=&#8221;1\/2&#8243; css=&#8221;.vc_custom_1740576101252{margin-left: 20px !important;padding-bottom: 30px !important;padding-left: 20px !important;background-color: #dce3ed !important;}&#8221;][elx_heading font_container=&#8221;h3&#8243; text_color=&#8221;inherit&#8221;]4. Les avantages[\/elx_heading][vc_column_text]\u2022 Financement<br \/>\n\u2022 Location<br \/>\n\u2022 Extension de garantie<br \/>\n\u2022 Contrat full service<br \/>\n\u2022 Chimie Process et produit[\/vc_column_text][vc_empty_space][\/vc_column][\/vc_row][vc_row disable_element=&#8221;yes&#8221;][vc_column][vc_empty_space][elx_heading text_color=&#8221;inherit&#8221;]Solutions de maintenance pour prolonger la dur\u00e9e de vie de vos \u00e9quipements[\/elx_heading][vc_empty_space][vc_column_text]Le service apr\u00e8s-vente est g\u00e9n\u00e9ralement consid\u00e9r\u00e9 comme un compl\u00e9ment, une valeur ajout\u00e9e lors de l\u2019achat d\u2019un \u00e9quipement de blanchisserie professionnelle. En pratique, il peut participer \u00e0 la r\u00e9duction du co\u00fbt global de vos \u00e9quipements.[\/vc_column_text][\/vc_column][\/vc_row][vc_row disable_element=&#8221;yes&#8221;][vc_column width=&#8221;1\/3&#8243;][elx_heading font_container=&#8221;h3&#8243; text_color=&#8221;inherit&#8221; text_align=&#8221;text-center&#8221;]1<br \/>\nMaintenez[\/elx_heading][vc_column_text]<\/p>\n<p style=\"text-align: center;\">Maintenez votre mat\u00e9riel \u00e0 son niveau de performance maximale (consommation, dur\u00e9e de cycle, efficacit\u00e9, niveau sonore\u2026)<\/p>\n<p>[\/vc_column_text][\/vc_column][vc_column width=&#8221;1\/3&#8243;][elx_heading font_container=&#8221;h3&#8243; text_color=&#8221;inherit&#8221; text_align=&#8221;text-center&#8221;]2<br \/>\nMinimisez[\/elx_heading][vc_column_text]<\/p>\n<p style=\"text-align: center;\">Minimisez les arr\u00eats de production en anticipant les pannes<\/p>\n<p>[\/vc_column_text][\/vc_column][vc_column width=&#8221;1\/3&#8243;][elx_heading font_container=&#8221;h3&#8243; text_color=&#8221;inherit&#8221; text_align=&#8221;text-center&#8221;]3<br \/>\nR\u00e9duisez[\/elx_heading][vc_column_text]<\/p>\n<p style=\"text-align: center;\">R\u00e9duisez vos co\u00fbts d\u2019exploitation (moins d\u2019arr\u00eat de production, moins de d\u00e9penses de d\u00e9pannage)<\/p>\n<p>[\/vc_column_text][\/vc_column][\/vc_row][vc_row disable_element=&#8221;yes&#8221;][vc_column width=&#8221;1\/3&#8243;][elx_heading font_container=&#8221;h3&#8243; text_color=&#8221;inherit&#8221; text_align=&#8221;text-center&#8221;]4<br \/>\nS\u00e9curisez[\/elx_heading][vc_column_text]<\/p>\n<p style=\"text-align: center;\">S\u00e9curisez l\u2019utilisation (tous les organes de s\u00e9curit\u00e9 sont contr\u00f4l\u00e9s \u00e0 chaque visite d\u2019entretien)<\/p>\n<p>[\/vc_column_text][\/vc_column][vc_column width=&#8221;1\/3&#8243;][elx_heading font_container=&#8221;h3&#8243; text_color=&#8221;inherit&#8221; text_align=&#8221;text-center&#8221;]5<br \/>\nAugmentez[\/elx_heading][vc_column_text]<\/p>\n<p style=\"text-align: center;\">Augmentez la dur\u00e9e de vie du mat\u00e9riel.<\/p>\n<p>[\/vc_column_text][\/vc_column][vc_column width=&#8221;1\/3&#8243;][elx_heading font_container=&#8221;h3&#8243; text_color=&#8221;inherit&#8221; text_align=&#8221;text-center&#8221;]6<br \/>\nJustifiez[\/elx_heading][vc_column_text]<\/p>\n<p style=\"text-align: center;\">Justifiez le contr\u00f4le annuel par un professionnel du m\u00e9tier (remise d\u2019un rapport d\u00e9taill\u00e9)<\/p>\n<p>[\/vc_column_text][\/vc_column][\/vc_row][vc_row][vc_column][elx_button button_text=&#8221;Trouver un partenaire-installateur&#8221; button_display_block=&#8221;display_block_on&#8221; button_alignment=&#8221;align_center&#8221; button_alignment_mobile=&#8221;text-center-mobile&#8221; button_link=&#8221;url:https%3A%2F%2Fwww.electroluxprofessional.com%2Ffr%2Frevendeurs-stc%2F&#8221;][vc_empty_space][\/vc_column][\/vc_row][vc_row css=&#8221;.vc_custom_1764150742273{background-color: #00143a !important;}&#8221; el_id=&#8221;contact&#8221;][vc_column][vc_empty_space][elx_heading font_container=&#8221;h3&#8243; text_color=&#8221;white&#8221; text_align=&#8221;text-center&#8221;]Vous souhaitez plus d&#8217;informations ?<br \/>\nContactez-nous via notre formulaire :[\/elx_heading][elx_o2000_contact_us s=&#8221;Demande d&#8217;informations Androm\u00e8de&#8221; request_type=&#8221;Customer support&#8221; country=&#8221;France&#8221; b=&#8221;laundry&#8221; text_color=&#8221;#FFFFFF&#8221; thanks=&#8221;Merci pour votre demande, un expert vous contactera sous peu.&#8221;][vc_empty_space][\/vc_column][\/vc_row]<\/p>\n","protected":false},"excerpt":{"rendered":"<p>[vc_row full_width=&#8221;electroluxpro-full-width-no-padding&#8221;][vc_column][elx_image_block background_image=&#8221;9988&#8243; minimum_height=&#8221;300px&#8221;][vc_empty_space][\/vc_column][\/vc_row][vc_row][vc_column][vc_single_image image=&#8221;25149&#8243; img_size=&#8221;large&#8221; alignment=&#8221;center&#8221;][\/vc_column][\/vc_row][vc_row][vc_column width=&#8221;1\/4&#8243;][elx_heading font_container=&#8221;h4&#8243; text_color=&#8221;inherit&#8221; text_align=&#8221;text-center&#8221;]Lavage[\/elx_heading][vc_empty_space][vc_empty_space][vc_single_image image=&#8221;11397&#8243; img_size=&#8221;205*140&#8243; alignment=&#8221;center&#8221; onclick=&#8221;custom_link&#8221; link=&#8221;https:\/\/www.electroluxprofessional.com\/fr\/equipement-blanchisserie\/lave-linge-professionnels\/&#8221;][vc_empty_space][\/vc_column][vc_column width=&#8221;1\/4&#8243;][elx_heading font_container=&#8221;h4&#8243; text_color=&#8221;inherit&#8221; text_align=&#8221;text-center&#8221;]S\u00e9chage[\/elx_heading][vc_empty_space][vc_single_image image=&#8221;15155&#8243; img_size=&#8221;200*180&#8243; alignment=&#8221;center&#8221; onclick=&#8221;custom_link&#8221; link=&#8221;https:\/\/www.electroluxprofessional.com\/fr\/equipement-blanchisserie\/seche-linge-professionnels\/&#8221;][vc_empty_space][\/vc_column][vc_column width=&#8221;1\/4&#8243;][elx_heading font_container=&#8221;h4&#8243; text_color=&#8221;inherit&#8221; text_align=&#8221;text-center&#8221;]Repassage &amp; finition[\/elx_heading][vc_empty_space][vc_empty_space][vc_single_image image=&#8221;23704&#8243; img_size=&#8221;200*120&#8243; alignment=&#8221;center&#8221; onclick=&#8221;custom_link&#8221; link=&#8221;https:\/\/www.electroluxprofessional.com\/fr\/equipement-blanchisserie\/repasseuses-professionnelles\/&#8221;][vc_empty_space][vc_empty_space][\/vc_column][vc_column width=&#8221;1\/4&#8243;][elx_heading font_container=&#8221;h4&#8243; text_color=&#8221;inherit&#8221; text_align=&#8221;text-center&#8221;]Entretien &amp; SAV[\/elx_heading][vc_empty_space][vc_single_image image=&#8221;6271&#8243; img_size=&#8221;200*180&#8243; alignment=&#8221;center&#8221;][vc_empty_space][\/vc_column][\/vc_row][vc_row full_width=&#8221;electroluxpro-full-width-no-padding&#8221;][vc_column][vc_empty_space][\/vc_column][\/vc_row][vc_row][vc_column][elx_heading text_color=&#8221;inherit&#8221;]Un r\u00e9seau de professionnels de la blanchisserie depuis plus [&hellip;]<\/p>\n","protected":false},"author":93,"featured_media":0,"parent":0,"menu_order":0,"comment_status":"closed","ping_status":"closed","template":"","meta":{"footnotes":""},"class_list":["post-30031","page","type-page","status-publish","hentry"],"acf":[],"yoast_head":"<!-- This site is optimized with the Yoast SEO plugin v23.3 - https:\/\/yoast.com\/wordpress\/plugins\/seo\/ -->\n<title>R\u00e9seau de partenaires-installateurs Androm\u00e8de | Electrolux Professional France<\/title>\n<meta name=\"robots\" content=\"index, follow, max-snippet:-1, max-image-preview:large, max-video-preview:-1\" \/>\n<link rel=\"canonical\" href=\"https:\/\/www.electroluxprofessional.com\/fr\/reseau-andromede\/\" \/>\n<meta property=\"og:locale\" content=\"fr_FR\" \/>\n<meta property=\"og:type\" content=\"article\" \/>\n<meta property=\"og:title\" content=\"R\u00e9seau de partenaires-installateurs Androm\u00e8de | Electrolux Professional France\" \/>\n<meta property=\"og:description\" content=\"[vc_row full_width=&#8221;electroluxpro-full-width-no-padding&#8221;][vc_column][elx_image_block background_image=&#8221;9988&#8243; minimum_height=&#8221;300px&#8221;][vc_empty_space][\/vc_column][\/vc_row][vc_row][vc_column][vc_single_image image=&#8221;25149&#8243; img_size=&#8221;large&#8221; alignment=&#8221;center&#8221;][\/vc_column][\/vc_row][vc_row][vc_column width=&#8221;1\/4&#8243;][elx_heading font_container=&#8221;h4&#8243; text_color=&#8221;inherit&#8221; text_align=&#8221;text-center&#8221;]Lavage[\/elx_heading][vc_empty_space][vc_empty_space][vc_single_image image=&#8221;11397&#8243; img_size=&#8221;205*140&#8243; alignment=&#8221;center&#8221; onclick=&#8221;custom_link&#8221; link=&#8221;https:\/\/www.electroluxprofessional.com\/fr\/equipement-blanchisserie\/lave-linge-professionnels\/&#8221;][vc_empty_space][\/vc_column][vc_column width=&#8221;1\/4&#8243;][elx_heading font_container=&#8221;h4&#8243; text_color=&#8221;inherit&#8221; text_align=&#8221;text-center&#8221;]S\u00e9chage[\/elx_heading][vc_empty_space][vc_single_image image=&#8221;15155&#8243; img_size=&#8221;200*180&#8243; alignment=&#8221;center&#8221; onclick=&#8221;custom_link&#8221; link=&#8221;https:\/\/www.electroluxprofessional.com\/fr\/equipement-blanchisserie\/seche-linge-professionnels\/&#8221;][vc_empty_space][\/vc_column][vc_column width=&#8221;1\/4&#8243;][elx_heading font_container=&#8221;h4&#8243; text_color=&#8221;inherit&#8221; text_align=&#8221;text-center&#8221;]Repassage &amp; finition[\/elx_heading][vc_empty_space][vc_empty_space][vc_single_image image=&#8221;23704&#8243; img_size=&#8221;200*120&#8243; alignment=&#8221;center&#8221; onclick=&#8221;custom_link&#8221; link=&#8221;https:\/\/www.electroluxprofessional.com\/fr\/equipement-blanchisserie\/repasseuses-professionnelles\/&#8221;][vc_empty_space][vc_empty_space][\/vc_column][vc_column width=&#8221;1\/4&#8243;][elx_heading font_container=&#8221;h4&#8243; text_color=&#8221;inherit&#8221; text_align=&#8221;text-center&#8221;]Entretien &amp; SAV[\/elx_heading][vc_empty_space][vc_single_image image=&#8221;6271&#8243; img_size=&#8221;200*180&#8243; alignment=&#8221;center&#8221;][vc_empty_space][\/vc_column][\/vc_row][vc_row full_width=&#8221;electroluxpro-full-width-no-padding&#8221;][vc_column][vc_empty_space][\/vc_column][\/vc_row][vc_row][vc_column][elx_heading text_color=&#8221;inherit&#8221;]Un r\u00e9seau de professionnels de la blanchisserie depuis plus [&hellip;]\" \/>\n<meta property=\"og:url\" content=\"https:\/\/www.electroluxprofessional.com\/fr\/reseau-andromede\/\" \/>\n<meta property=\"og:site_name\" content=\"Electrolux Professional France\" \/>\n<meta property=\"article:modified_time\" content=\"2026-04-24T15:00:01+00:00\" \/>\n<meta name=\"twitter:card\" content=\"summary_large_image\" \/>\n<meta name=\"twitter:label1\" content=\"Dur\u00e9e de lecture estim\u00e9e\" \/>\n\t<meta name=\"twitter:data1\" content=\"7 minutes\" \/>\n<script type=\"application\/ld+json\" class=\"yoast-schema-graph\">{\"@context\":\"https:\/\/schema.org\",\"@graph\":[{\"@type\":\"WebPage\",\"@id\":\"https:\/\/www.electroluxprofessional.com\/fr\/reseau-andromede\/\",\"url\":\"https:\/\/www.electroluxprofessional.com\/fr\/reseau-andromede\/\",\"name\":\"R\u00e9seau de partenaires-installateurs Androm\u00e8de | Electrolux Professional France\",\"isPartOf\":{\"@id\":\"https:\/\/www.electroluxprofessional.com\/fr\/#website\"},\"datePublished\":\"2026-02-10T12:46:59+00:00\",\"dateModified\":\"2026-04-24T15:00:01+00:00\",\"breadcrumb\":{\"@id\":\"https:\/\/www.electroluxprofessional.com\/fr\/reseau-andromede\/#breadcrumb\"},\"inLanguage\":\"fr-FR\",\"potentialAction\":[{\"@type\":\"ReadAction\",\"target\":[\"https:\/\/www.electroluxprofessional.com\/fr\/reseau-andromede\/\"]}]},{\"@type\":\"BreadcrumbList\",\"@id\":\"https:\/\/www.electroluxprofessional.com\/fr\/reseau-andromede\/#breadcrumb\",\"itemListElement\":[{\"@type\":\"ListItem\",\"position\":1,\"name\":\"Home\",\"item\":\"https:\/\/www.electroluxprofessional.com\/fr\/\"},{\"@type\":\"ListItem\",\"position\":2,\"name\":\"R\u00e9seau de partenaires-installateurs Androm\u00e8de\"}]},{\"@type\":\"WebSite\",\"@id\":\"https:\/\/www.electroluxprofessional.com\/fr\/#website\",\"url\":\"https:\/\/www.electroluxprofessional.com\/fr\/\",\"name\":\"Electrolux Professional France\",\"description\":\"\",\"potentialAction\":[{\"@type\":\"SearchAction\",\"target\":{\"@type\":\"EntryPoint\",\"urlTemplate\":\"https:\/\/www.electroluxprofessional.com\/fr\/?src={search_term_string}\"},\"query-input\":\"required name=search_term_string\"}],\"inLanguage\":\"fr-FR\"}]}<\/script>\n<!-- \/ Yoast SEO plugin. -->","yoast_head_json":{"title":"R\u00e9seau de partenaires-installateurs Androm\u00e8de | Electrolux Professional France","robots":{"index":"index","follow":"follow","max-snippet":"max-snippet:-1","max-image-preview":"max-image-preview:large","max-video-preview":"max-video-preview:-1"},"canonical":"https:\/\/www.electroluxprofessional.com\/fr\/reseau-andromede\/","og_locale":"fr_FR","og_type":"article","og_title":"R\u00e9seau de partenaires-installateurs Androm\u00e8de | Electrolux Professional France","og_description":"[vc_row full_width=&#8221;electroluxpro-full-width-no-padding&#8221;][vc_column][elx_image_block background_image=&#8221;9988&#8243; minimum_height=&#8221;300px&#8221;][vc_empty_space][\/vc_column][\/vc_row][vc_row][vc_column][vc_single_image image=&#8221;25149&#8243; img_size=&#8221;large&#8221; alignment=&#8221;center&#8221;][\/vc_column][\/vc_row][vc_row][vc_column width=&#8221;1\/4&#8243;][elx_heading font_container=&#8221;h4&#8243; text_color=&#8221;inherit&#8221; text_align=&#8221;text-center&#8221;]Lavage[\/elx_heading][vc_empty_space][vc_empty_space][vc_single_image image=&#8221;11397&#8243; img_size=&#8221;205*140&#8243; alignment=&#8221;center&#8221; onclick=&#8221;custom_link&#8221; link=&#8221;https:\/\/www.electroluxprofessional.com\/fr\/equipement-blanchisserie\/lave-linge-professionnels\/&#8221;][vc_empty_space][\/vc_column][vc_column width=&#8221;1\/4&#8243;][elx_heading font_container=&#8221;h4&#8243; text_color=&#8221;inherit&#8221; text_align=&#8221;text-center&#8221;]S\u00e9chage[\/elx_heading][vc_empty_space][vc_single_image image=&#8221;15155&#8243; img_size=&#8221;200*180&#8243; alignment=&#8221;center&#8221; onclick=&#8221;custom_link&#8221; link=&#8221;https:\/\/www.electroluxprofessional.com\/fr\/equipement-blanchisserie\/seche-linge-professionnels\/&#8221;][vc_empty_space][\/vc_column][vc_column width=&#8221;1\/4&#8243;][elx_heading font_container=&#8221;h4&#8243; text_color=&#8221;inherit&#8221; text_align=&#8221;text-center&#8221;]Repassage &amp; finition[\/elx_heading][vc_empty_space][vc_empty_space][vc_single_image image=&#8221;23704&#8243; img_size=&#8221;200*120&#8243; alignment=&#8221;center&#8221; onclick=&#8221;custom_link&#8221; link=&#8221;https:\/\/www.electroluxprofessional.com\/fr\/equipement-blanchisserie\/repasseuses-professionnelles\/&#8221;][vc_empty_space][vc_empty_space][\/vc_column][vc_column width=&#8221;1\/4&#8243;][elx_heading font_container=&#8221;h4&#8243; text_color=&#8221;inherit&#8221; text_align=&#8221;text-center&#8221;]Entretien &amp; SAV[\/elx_heading][vc_empty_space][vc_single_image image=&#8221;6271&#8243; img_size=&#8221;200*180&#8243; alignment=&#8221;center&#8221;][vc_empty_space][\/vc_column][\/vc_row][vc_row full_width=&#8221;electroluxpro-full-width-no-padding&#8221;][vc_column][vc_empty_space][\/vc_column][\/vc_row][vc_row][vc_column][elx_heading text_color=&#8221;inherit&#8221;]Un r\u00e9seau de professionnels de la blanchisserie depuis plus [&hellip;]","og_url":"https:\/\/www.electroluxprofessional.com\/fr\/reseau-andromede\/","og_site_name":"Electrolux Professional France","article_modified_time":"2026-04-24T15:00:01+00:00","twitter_card":"summary_large_image","twitter_misc":{"Dur\u00e9e de lecture estim\u00e9e":"7 minutes"},"schema":{"@context":"https:\/\/schema.org","@graph":[{"@type":"WebPage","@id":"https:\/\/www.electroluxprofessional.com\/fr\/reseau-andromede\/","url":"https:\/\/www.electroluxprofessional.com\/fr\/reseau-andromede\/","name":"R\u00e9seau de partenaires-installateurs Androm\u00e8de | Electrolux Professional France","isPartOf":{"@id":"https:\/\/www.electroluxprofessional.com\/fr\/#website"},"datePublished":"2026-02-10T12:46:59+00:00","dateModified":"2026-04-24T15:00:01+00:00","breadcrumb":{"@id":"https:\/\/www.electroluxprofessional.com\/fr\/reseau-andromede\/#breadcrumb"},"inLanguage":"fr-FR","potentialAction":[{"@type":"ReadAction","target":["https:\/\/www.electroluxprofessional.com\/fr\/reseau-andromede\/"]}]},{"@type":"BreadcrumbList","@id":"https:\/\/www.electroluxprofessional.com\/fr\/reseau-andromede\/#breadcrumb","itemListElement":[{"@type":"ListItem","position":1,"name":"Home","item":"https:\/\/www.electroluxprofessional.com\/fr\/"},{"@type":"ListItem","position":2,"name":"R\u00e9seau de partenaires-installateurs Androm\u00e8de"}]},{"@type":"WebSite","@id":"https:\/\/www.electroluxprofessional.com\/fr\/#website","url":"https:\/\/www.electroluxprofessional.com\/fr\/","name":"Electrolux Professional France","description":"","potentialAction":[{"@type":"SearchAction","target":{"@type":"EntryPoint","urlTemplate":"https:\/\/www.electroluxprofessional.com\/fr\/?src={search_term_string}"},"query-input":"required name=search_term_string"}],"inLanguage":"fr-FR"}]}},"_links":{"self":[{"href":"https:\/\/www.electroluxprofessional.com\/fr\/wp-json\/wp\/v2\/pages\/30031"}],"collection":[{"href":"https:\/\/www.electroluxprofessional.com\/fr\/wp-json\/wp\/v2\/pages"}],"about":[{"href":"https:\/\/www.electroluxprofessional.com\/fr\/wp-json\/wp\/v2\/types\/page"}],"author":[{"embeddable":true,"href":"https:\/\/www.electroluxprofessional.com\/fr\/wp-json\/wp\/v2\/users\/93"}],"replies":[{"embeddable":true,"href":"https:\/\/www.electroluxprofessional.com\/fr\/wp-json\/wp\/v2\/comments?post=30031"}],"version-history":[{"count":11,"href":"https:\/\/www.electroluxprofessional.com\/fr\/wp-json\/wp\/v2\/pages\/30031\/revisions"}],"predecessor-version":[{"id":32243,"href":"https:\/\/www.electroluxprofessional.com\/fr\/wp-json\/wp\/v2\/pages\/30031\/revisions\/32243"}],"wp:attachment":[{"href":"https:\/\/www.electroluxprofessional.com\/fr\/wp-json\/wp\/v2\/media?parent=30031"}],"curies":[{"name":"wp","href":"https:\/\/api.w.org\/{rel}","templated":true}]}}