{"id":2945,"date":"2017-02-28T13:44:45","date_gmt":"2017-02-28T13:44:45","guid":{"rendered":"https:\/\/www.electroluxprofessional.com\/fr\/?page_id=2945"},"modified":"2026-03-23T15:31:51","modified_gmt":"2026-03-23T15:31:51","slug":"eplucher-laver-essorer","status":"publish","type":"page","link":"https:\/\/www.electroluxprofessional.com\/fr\/equipement-cuisine\/preparation-dynamique\/eplucher-laver-essorer\/","title":{"rendered":"\u00c9plucher, laver et essorer"},"content":{"rendered":"<p>[vc_row full_width=&#8221;electroluxpro-full-width-no-padding&#8221;][vc_column][elx_image_block background_image=&#8221;11172&#8243; minimum_height=&#8221;350px&#8221;][vc_empty_space][\/vc_column][\/vc_row][vc_row][vc_column width=&#8221;1\/3&#8243;][vc_empty_space][elx_video_block background_image=&#8221;11177&#8243; video_link=&#8221;https:\/\/www.youtube.com\/watch?v=od6ljHaJmLA&#8221; minimum_height=&#8221;400px&#8221;][\/vc_column][vc_column width=&#8221;2\/3&#8243;][elx_heading font_container=&#8221;h1&#8243; font_size=&#8221;h3&#8243; text_color=&#8221;inherit&#8221; text_align=&#8221;text-left&#8221;]\u00c9plucheuses et Laveuses-Essoreuses Polyvalentes pour L\u00e9gumes[\/elx_heading][vc_empty_space][vc_column_text]Les \u00e9plucheuses Electrolux Professional r\u00e9solvent le probl\u00e8me de l&#8217;\u00e9limination des pelures de pommes de terre mais aussi des l\u00e9gumes durs et mous, du nettoyage des coquillages, du brossage des l\u00e9gumes <strong>sans les \u00e9plucher et les s\u00e9cher<\/strong>.<\/p>\n<p>La plaque abrasive est fournie en standard pour un r\u00e9sultat de haute qualit\u00e9.<\/p>\n<p>Nos \u00e9plucheuses disposent de<strong> diff\u00e9rentes capacit\u00e9s d&#8217;\u00e9pluchage<\/strong> pour r\u00e9pondre aux exigences des restaurants de petite et moyenne taille et garantir un rendement maximal <strong>de 80 kg \/ h \u00e0 400 kg \/ h<\/strong> de l\u00e9gumes pel\u00e9s.<\/p>\n<p>L&#8217;\u00e9cran tactile \u00e9tanche est facile \u00e0 utiliser avec son bouton de r\u00e9initialisation et sa minuterie programmable.<\/p>\n<div><\/div>\n<p>[\/vc_column_text][\/vc_column][\/vc_row][vc_row][vc_column][vc_empty_space][\/vc_column][\/vc_row][vc_row][vc_column width=&#8221;2\/3&#8243;][elx_heading font_size=&#8221;h3&#8243; text_color=&#8221;electrolux-blue&#8221; text_align=&#8221;text-left&#8221;]Laveuses et essoreuses \u00e0 l\u00e9gumes [\/elx_heading][vc_column_text]Electrolux Professional propose une large gamme fiable de <strong>laveuses\u2013essoreuses \u00e0 l\u00e9gumes et de machines combin\u00e9es<\/strong> offrant des solutions 2 en 1 pour toutes les tailles de cuisine. Ce sont des composants essentiels pour les cuisines de petite, moyenne et grande taille.<\/p>\n<p>Choisissez ce qui convient le mieux \u00e0 votre environnement de cuisine professionnelle en lavant et en s\u00e9chant votre laitue, vos \u00e9pinards, vos poireaux, votre persil, votre chou, votre brocoli et vos artichauts en un temps record, tout en pr\u00e9servant la saveur et la texture les plus d\u00e9licates jusqu&#8217;au moment du service.<\/p>\n<p>Toutes nos unit\u00e9s sont con\u00e7ues pour un traitement efficace et s\u00fbr de <strong>tout type de l\u00e9gumes<\/strong>, <strong>une hygi\u00e8ne garantie et sont faciles \u00e0 nettoyer.<\/strong><\/p>\n<div><\/div>\n<p>[\/vc_column_text][\/vc_column][vc_column width=&#8221;1\/3&#8243;][vc_single_image image=&#8221;26689&#8243; img_size=&#8221;full&#8221;][\/vc_column][\/vc_row][vc_row disable_element=&#8221;yes&#8221;][vc_column width=&#8221;1\/2&#8243;][elx_download_block text=&#8221;Product catalogue<br \/>\nfood preparation&#8221; link=&#8221;http:\/\/files.professional.electrolux.com\/docs\/?n=BR-9JE00129&amp;b=5&amp;l=1&#8243; background_color=&#8221;cat-create&#8221; reveal_effect=&#8221;fadeIn&#8221; reveal_duration=&#8221;&#8221; reveal_delay=&#8221;&#8221;][\/vc_column][vc_column width=&#8221;1\/2&#8243;][elx_button button_text=&#8221;Discover our offers for cutting, mixing and slicing&#8221; button_style=&#8221;icon&#8221; button_link=&#8221;url:https%3A%2F%2Fwww.electroluxprofessional.com%2Ffr%2Fcommercial-kitchen-equipment%2Fcut-mix-slice%2F|title:Food%20preparation%3A%20cut%2C%20mix%20and%20slice||&#8221;][vc_empty_space][elx_button button_text=&#8221;Discover our kneaders and sheeters&#8221; button_style=&#8221;icon&#8221; button_link=&#8221;url:https%3A%2F%2Fwww.electroluxprofessional.com%2Ffr%2Fcommercial-kitchen-equipment%2Fknead-whip-sheet%2F|title:Food%20preparation%3A%20knead%2C%20whip%20and%20sheet||&#8221;][\/vc_column][\/vc_row][vc_row][vc_column][vc_empty_space height=&#8221;50px&#8221;][elx_heading font_size=&#8221;h3&#8243; text_color=&#8221;inherit&#8221; text_align=&#8221;text-left&#8221;]Vous souhaitez en savoir plus ? Contactez-nous ! [\/elx_heading][elx_o2000_contact_us s=&#8221;Demande d&#8217;informations : laveuses et essoreuses&#8221; country=&#8221;France&#8221; container=&#8221;elxcontactus1480070717&#8243; r=&#8221;Bonjour, je souhaite avoir davantage d&#8217;informations sur les laveuses et essoreuses \u00e0 l\u00e9gumes. Merci !&#8221; e=&#8221;professionnel@electrolux.com&#8221; l=&#8221;fr&#8221;][vc_empty_space height=&#8221;50px&#8221;][\/vc_column][\/vc_row]<\/p>\n","protected":false},"excerpt":{"rendered":"<p>[vc_row full_width=&#8221;electroluxpro-full-width-no-padding&#8221;][vc_column][elx_image_block background_image=&#8221;11172&#8243; minimum_height=&#8221;350px&#8221;][vc_empty_space][\/vc_column][\/vc_row][vc_row][vc_column width=&#8221;1\/3&#8243;][vc_empty_space][elx_video_block background_image=&#8221;11177&#8243; video_link=&#8221;https:\/\/www.youtube.com\/watch?v=od6ljHaJmLA&#8221; minimum_height=&#8221;400px&#8221;][\/vc_column][vc_column width=&#8221;2\/3&#8243;][elx_heading font_container=&#8221;h1&#8243; font_size=&#8221;h3&#8243; text_color=&#8221;inherit&#8221; text_align=&#8221;text-left&#8221;]\u00c9plucheuses et Laveuses-Essoreuses Polyvalentes pour L\u00e9gumes[\/elx_heading][vc_empty_space][vc_column_text]Les \u00e9plucheuses Electrolux Professional r\u00e9solvent le probl\u00e8me de l&#8217;\u00e9limination des pelures de pommes de terre mais aussi des l\u00e9gumes durs et mous, du nettoyage des coquillages, du brossage des l\u00e9gumes sans les \u00e9plucher et les s\u00e9cher. La plaque [&hellip;]<\/p>\n","protected":false},"author":4,"featured_media":0,"parent":2932,"menu_order":0,"comment_status":"closed","ping_status":"closed","template":"","meta":{"footnotes":""},"class_list":["post-2945","page","type-page","status-publish","hentry"],"acf":[],"yoast_head":"<!-- This site is optimized with the Yoast SEO plugin v23.3 - https:\/\/yoast.com\/wordpress\/plugins\/seo\/ -->\n<title>\u00c9plucher, Laver et Essorer | Electrolux Professional<\/title>\n<meta name=\"description\" content=\"D\u00e9couvrez nos solutions d&#039;\u00e9pluchage et lavage de l\u00e9gumes : capacit\u00e9s de 80 \u00e0 400 kg\/h, hygi\u00e8ne garantie et facilit\u00e9 de nettoyage pour cuisines professionnelles.\" \/>\n<meta name=\"robots\" content=\"index, follow, max-snippet:-1, max-image-preview:large, max-video-preview:-1\" \/>\n<link rel=\"canonical\" href=\"https:\/\/www.electroluxprofessional.com\/fr\/equipement-cuisine\/preparation-dynamique\/eplucher-laver-essorer\/\" \/>\n<meta property=\"og:locale\" content=\"fr_FR\" \/>\n<meta property=\"og:type\" content=\"article\" \/>\n<meta property=\"og:title\" content=\"\u00c9plucher, Laver et Essorer | Electrolux Professional\" \/>\n<meta property=\"og:description\" content=\"D\u00e9couvrez nos solutions d&#039;\u00e9pluchage et lavage de l\u00e9gumes : capacit\u00e9s de 80 \u00e0 400 kg\/h, hygi\u00e8ne garantie et facilit\u00e9 de nettoyage pour cuisines professionnelles.\" \/>\n<meta property=\"og:url\" content=\"https:\/\/www.electroluxprofessional.com\/fr\/equipement-cuisine\/preparation-dynamique\/eplucher-laver-essorer\/\" \/>\n<meta property=\"og:site_name\" content=\"Electrolux Professional France\" \/>\n<meta property=\"article:modified_time\" content=\"2026-03-23T15:31:51+00:00\" \/>\n<meta name=\"twitter:card\" content=\"summary_large_image\" \/>\n<meta name=\"twitter:label1\" content=\"Dur\u00e9e de lecture estim\u00e9e\" \/>\n\t<meta name=\"twitter:data1\" content=\"3 minutes\" \/>\n<script type=\"application\/ld+json\" class=\"yoast-schema-graph\">{\"@context\":\"https:\/\/schema.org\",\"@graph\":[{\"@type\":\"WebPage\",\"@id\":\"https:\/\/www.electroluxprofessional.com\/fr\/equipement-cuisine\/preparation-dynamique\/eplucher-laver-essorer\/\",\"url\":\"https:\/\/www.electroluxprofessional.com\/fr\/equipement-cuisine\/preparation-dynamique\/eplucher-laver-essorer\/\",\"name\":\"\u00c9plucher, Laver et Essorer | Electrolux Professional\",\"isPartOf\":{\"@id\":\"https:\/\/www.electroluxprofessional.com\/fr\/#website\"},\"datePublished\":\"2017-02-28T13:44:45+00:00\",\"dateModified\":\"2026-03-23T15:31:51+00:00\",\"description\":\"D\u00e9couvrez nos solutions d'\u00e9pluchage et lavage de l\u00e9gumes : capacit\u00e9s de 80 \u00e0 400 kg\/h, hygi\u00e8ne garantie et facilit\u00e9 de nettoyage pour cuisines professionnelles.\",\"breadcrumb\":{\"@id\":\"https:\/\/www.electroluxprofessional.com\/fr\/equipement-cuisine\/preparation-dynamique\/eplucher-laver-essorer\/#breadcrumb\"},\"inLanguage\":\"fr-FR\",\"potentialAction\":[{\"@type\":\"ReadAction\",\"target\":[\"https:\/\/www.electroluxprofessional.com\/fr\/equipement-cuisine\/preparation-dynamique\/eplucher-laver-essorer\/\"]}]},{\"@type\":\"BreadcrumbList\",\"@id\":\"https:\/\/www.electroluxprofessional.com\/fr\/equipement-cuisine\/preparation-dynamique\/eplucher-laver-essorer\/#breadcrumb\",\"itemListElement\":[{\"@type\":\"ListItem\",\"position\":1,\"name\":\"Home\",\"item\":\"https:\/\/www.electroluxprofessional.com\/fr\/\"},{\"@type\":\"ListItem\",\"position\":2,\"name\":\"Mat\u00e9riel de cuisine professionnel\",\"item\":\"https:\/\/www.electroluxprofessional.com\/fr\/equipement-cuisine\/\"},{\"@type\":\"ListItem\",\"position\":3,\"name\":\"Pr\u00e9paration dynamique\",\"item\":\"https:\/\/www.electroluxprofessional.com\/fr\/equipement-cuisine\/preparation-dynamique\/\"},{\"@type\":\"ListItem\",\"position\":4,\"name\":\"\u00c9plucher, laver et essorer\"}]},{\"@type\":\"WebSite\",\"@id\":\"https:\/\/www.electroluxprofessional.com\/fr\/#website\",\"url\":\"https:\/\/www.electroluxprofessional.com\/fr\/\",\"name\":\"Electrolux Professional France\",\"description\":\"\",\"potentialAction\":[{\"@type\":\"SearchAction\",\"target\":{\"@type\":\"EntryPoint\",\"urlTemplate\":\"https:\/\/www.electroluxprofessional.com\/fr\/?src={search_term_string}\"},\"query-input\":\"required name=search_term_string\"}],\"inLanguage\":\"fr-FR\"}]}<\/script>\n<!-- \/ Yoast SEO plugin. -->","yoast_head_json":{"title":"\u00c9plucher, Laver et Essorer | Electrolux Professional","description":"D\u00e9couvrez nos solutions d'\u00e9pluchage et lavage de l\u00e9gumes : capacit\u00e9s de 80 \u00e0 400 kg\/h, hygi\u00e8ne garantie et facilit\u00e9 de nettoyage pour cuisines professionnelles.","robots":{"index":"index","follow":"follow","max-snippet":"max-snippet:-1","max-image-preview":"max-image-preview:large","max-video-preview":"max-video-preview:-1"},"canonical":"https:\/\/www.electroluxprofessional.com\/fr\/equipement-cuisine\/preparation-dynamique\/eplucher-laver-essorer\/","og_locale":"fr_FR","og_type":"article","og_title":"\u00c9plucher, Laver et Essorer | Electrolux Professional","og_description":"D\u00e9couvrez nos solutions d'\u00e9pluchage et lavage de l\u00e9gumes : capacit\u00e9s de 80 \u00e0 400 kg\/h, hygi\u00e8ne garantie et facilit\u00e9 de nettoyage pour cuisines professionnelles.","og_url":"https:\/\/www.electroluxprofessional.com\/fr\/equipement-cuisine\/preparation-dynamique\/eplucher-laver-essorer\/","og_site_name":"Electrolux Professional France","article_modified_time":"2026-03-23T15:31:51+00:00","twitter_card":"summary_large_image","twitter_misc":{"Dur\u00e9e de lecture estim\u00e9e":"3 minutes"},"schema":{"@context":"https:\/\/schema.org","@graph":[{"@type":"WebPage","@id":"https:\/\/www.electroluxprofessional.com\/fr\/equipement-cuisine\/preparation-dynamique\/eplucher-laver-essorer\/","url":"https:\/\/www.electroluxprofessional.com\/fr\/equipement-cuisine\/preparation-dynamique\/eplucher-laver-essorer\/","name":"\u00c9plucher, Laver et Essorer | Electrolux Professional","isPartOf":{"@id":"https:\/\/www.electroluxprofessional.com\/fr\/#website"},"datePublished":"2017-02-28T13:44:45+00:00","dateModified":"2026-03-23T15:31:51+00:00","description":"D\u00e9couvrez nos solutions d'\u00e9pluchage et lavage de l\u00e9gumes : capacit\u00e9s de 80 \u00e0 400 kg\/h, hygi\u00e8ne garantie et facilit\u00e9 de nettoyage pour cuisines professionnelles.","breadcrumb":{"@id":"https:\/\/www.electroluxprofessional.com\/fr\/equipement-cuisine\/preparation-dynamique\/eplucher-laver-essorer\/#breadcrumb"},"inLanguage":"fr-FR","potentialAction":[{"@type":"ReadAction","target":["https:\/\/www.electroluxprofessional.com\/fr\/equipement-cuisine\/preparation-dynamique\/eplucher-laver-essorer\/"]}]},{"@type":"BreadcrumbList","@id":"https:\/\/www.electroluxprofessional.com\/fr\/equipement-cuisine\/preparation-dynamique\/eplucher-laver-essorer\/#breadcrumb","itemListElement":[{"@type":"ListItem","position":1,"name":"Home","item":"https:\/\/www.electroluxprofessional.com\/fr\/"},{"@type":"ListItem","position":2,"name":"Mat\u00e9riel de cuisine professionnel","item":"https:\/\/www.electroluxprofessional.com\/fr\/equipement-cuisine\/"},{"@type":"ListItem","position":3,"name":"Pr\u00e9paration dynamique","item":"https:\/\/www.electroluxprofessional.com\/fr\/equipement-cuisine\/preparation-dynamique\/"},{"@type":"ListItem","position":4,"name":"\u00c9plucher, laver et essorer"}]},{"@type":"WebSite","@id":"https:\/\/www.electroluxprofessional.com\/fr\/#website","url":"https:\/\/www.electroluxprofessional.com\/fr\/","name":"Electrolux Professional France","description":"","potentialAction":[{"@type":"SearchAction","target":{"@type":"EntryPoint","urlTemplate":"https:\/\/www.electroluxprofessional.com\/fr\/?src={search_term_string}"},"query-input":"required name=search_term_string"}],"inLanguage":"fr-FR"}]}},"_links":{"self":[{"href":"https:\/\/www.electroluxprofessional.com\/fr\/wp-json\/wp\/v2\/pages\/2945"}],"collection":[{"href":"https:\/\/www.electroluxprofessional.com\/fr\/wp-json\/wp\/v2\/pages"}],"about":[{"href":"https:\/\/www.electroluxprofessional.com\/fr\/wp-json\/wp\/v2\/types\/page"}],"author":[{"embeddable":true,"href":"https:\/\/www.electroluxprofessional.com\/fr\/wp-json\/wp\/v2\/users\/4"}],"replies":[{"embeddable":true,"href":"https:\/\/www.electroluxprofessional.com\/fr\/wp-json\/wp\/v2\/comments?post=2945"}],"version-history":[{"count":12,"href":"https:\/\/www.electroluxprofessional.com\/fr\/wp-json\/wp\/v2\/pages\/2945\/revisions"}],"predecessor-version":[{"id":31408,"href":"https:\/\/www.electroluxprofessional.com\/fr\/wp-json\/wp\/v2\/pages\/2945\/revisions\/31408"}],"up":[{"embeddable":true,"href":"https:\/\/www.electroluxprofessional.com\/fr\/wp-json\/wp\/v2\/pages\/2932"}],"wp:attachment":[{"href":"https:\/\/www.electroluxprofessional.com\/fr\/wp-json\/wp\/v2\/media?parent=2945"}],"curies":[{"name":"wp","href":"https:\/\/api.w.org\/{rel}","templated":true}]}}