{"id":27060,"date":"2025-03-14T16:25:22","date_gmt":"2025-03-14T16:25:22","guid":{"rendered":"https:\/\/www.electroluxprofessional.com\/fr\/?page_id=27060"},"modified":"2026-03-17T15:30:37","modified_gmt":"2026-03-17T15:30:37","slug":"hotel-chains","status":"publish","type":"page","link":"https:\/\/www.electroluxprofessional.com\/fr\/solutions\/hotel-chains\/","title":{"rendered":"Cha\u00eenes h\u00f4tels"},"content":{"rendered":"<p>[vc_row full_width=&#8221;electroluxpro-full-width-no-padding&#8221; css=&#8221;.vc_custom_1663595774390{margin-top: -50px !important;}&#8221;][vc_column][elx_full_banner title=&#8221;Cha\u00eenes h\u00f4teli\u00e8res&#8221; background_image_media_library=&#8221;27058&#8243; background_image_media_library_mobile=&#8221;27059&#8243;][\/vc_column][\/vc_row][vc_row parallax=&#8221;content-moving&#8221;][vc_column css=&#8221;.vc_custom_1472030236138{padding-top: 20px !important;}&#8221;][elx_heading font_container=&#8221;h1&#8243; text_color=&#8221;inherit&#8221; text_align=&#8221;text-left&#8221;]Construisons ensemble votre cha\u00eene h\u00f4teli\u00e8re[\/elx_heading][vc_column_text]<\/p>\n<p id=\"tw-target-text\" class=\"tw-data-text tw-text-large tw-ta\" dir=\"ltr\" data-placeholder=\"Traduction\" data-ved=\"2ahUKEwi1nYaCmYmMAxUkTKQEHe29DWkQ3ewLegQICBAV\" aria-label=\"Texte traduit\u00a0: Electrolux Professional est l\u00e0 pour s'assurer que chaque environnement de cuisine ou de buanderie au sein de votre marque puisse offrir les m\u00eames niveaux d'innovation, de durabilit\u00e9, de s\u00e9curit\u00e9 et de simplicit\u00e9.\"><span class=\"Y2IQFc\" lang=\"fr\" tabindex=\"-1\">Gr\u00e2ce \u00e0 notre exp\u00e9rience mondiale, \u00e0 notre engagement pour l\u2019excellence et \u00e0 votre ambition, nous pouvons vous accompagner \u00e0 construire votre <strong>cha\u00eene h\u00f4teli\u00e8re.<\/strong><\/span><\/p>\n<p class=\"tw-data-text tw-text-large tw-ta\" dir=\"ltr\" data-placeholder=\"Traduction\" data-ved=\"2ahUKEwi1nYaCmYmMAxUkTKQEHe29DWkQ3ewLegQICBAV\" aria-label=\"Texte traduit\u00a0: Electrolux Professional est l\u00e0 pour s'assurer que chaque environnement de cuisine ou de buanderie au sein de votre marque puisse offrir les m\u00eames niveaux d'innovation, de durabilit\u00e9, de s\u00e9curit\u00e9 et de simplicit\u00e9.\"><span class=\"Y2IQFc\" lang=\"fr\" tabindex=\"-1\">Electrolux Professional s&#8217;assure que chaque environnement de <strong>cuisine<\/strong> et de <strong>blanchisserie<\/strong> au sein de votre cha\u00eene puisse offrir les m\u00eames niveaux d&#8217;<strong>innovation<\/strong>, de<strong> durabilit\u00e9<\/strong>, de<strong> s\u00e9curit\u00e9<\/strong> et de <strong>simplicit\u00e9<\/strong>.<\/span><\/p>\n<p>[\/vc_column_text][vc_empty_space][\/vc_column][\/vc_row][vc_row][vc_column width=&#8221;2\/3&#8243;][elx_simple_link_block link=&#8221;&#8221; text_align=&#8221;text-left&#8221; text_color=&#8221;inherit&#8221; background_color=&#8221;inherit&#8221; background_hover_color=&#8221;darker-hover&#8221; extra_class=&#8221;&#8221; reveal_effect=&#8221;&#8221; reveal_duration=&#8221;&#8221; reveal_delay=&#8221;&#8221;][elx_heading font_container=&#8221;h3&#8243; font_size=&#8221;h5&#8243; text_color=&#8221;inherit&#8221;]Mandarin Oriental[\/elx_heading][vc_column_text]Milan, Italie<\/p>\n<p id=\"tw-target-text\" class=\"tw-data-text tw-text-large tw-ta\" dir=\"ltr\" data-placeholder=\"Traduction\" data-ved=\"2ahUKEwi1nYaCmYmMAxUkTKQEHe29DWkQ3ewLegQICBAV\" aria-label=\"Texte traduit\u00a0: Une solution compl\u00e8te de cuisine et de buanderie.\"><span class=\"Y2IQFc\" lang=\"fr\" tabindex=\"-1\">Une solution compl\u00e8te de <strong>cuisine<\/strong> et de <strong>blanchisserie<\/strong>.<\/span><\/p>\n<p id=\"tw-target-text\" class=\"tw-data-text tw-text-large tw-ta\" dir=\"ltr\" data-placeholder=\"Traduction\" data-ved=\"2ahUKEwi1nYaCmYmMAxUkTKQEHe29DWkQ3ewLegQICBAV\" aria-label=\"Texte traduit\u00a0: Le Mandarin Oriental, h\u00f4tel exclusif du centre de Milan, n'accepte que des \u00e9quipements innovants de tr\u00e8s haute qualit\u00e9. C'est pourquoi il a choisi les solutions Electrolux Professional pour \u00e9quiper ses quatre cuisines et sa buanderie.\"><span class=\"Y2IQFc\" lang=\"fr\" tabindex=\"-1\">Le Mandarin Oriental, est un h\u00f4tel prestigieux au centre de Milan qui n&#8217;accepte que des \u00e9quipements innovants de tr\u00e8s haute qualit\u00e9. C&#8217;est pourquoi il a choisi les solutions Electrolux Professional pour \u00e9quiper ses <strong>quatre cuisines<\/strong> et sa <strong>blanchisserie<\/strong>.<\/span><\/p>\n<p>[\/vc_column_text][\/elx_simple_link_block][\/vc_column][vc_column width=&#8221;1\/3&#8243;][elx_simple_link_block link=&#8221;&#8221; text_align=&#8221;text-left&#8221; text_color=&#8221;inherit&#8221; background_color=&#8221;inherit&#8221; background_hover_color=&#8221;darker-hover&#8221; extra_class=&#8221;&#8221; reveal_effect=&#8221;&#8221; reveal_duration=&#8221;&#8221; reveal_delay=&#8221;&#8221;][vc_single_image image=&#8221;1888&#8243; img_size=&#8221;full&#8221; alignment=&#8221;right&#8221; style=&#8221;vc_box_circle_2&#8243;][\/elx_simple_link_block][\/vc_column][\/vc_row][vc_row][vc_column width=&#8221;1\/3&#8243;][elx_simple_link_block link=&#8221;&#8221; text_align=&#8221;text-left&#8221; text_color=&#8221;inherit&#8221; background_color=&#8221;inherit&#8221; background_hover_color=&#8221;darker-hover&#8221; extra_class=&#8221;&#8221; reveal_effect=&#8221;&#8221; reveal_duration=&#8221;&#8221; reveal_delay=&#8221;&#8221;][vc_single_image image=&#8221;1386&#8243; img_size=&#8221;full&#8221; style=&#8221;vc_box_circle_2&#8243;][\/elx_simple_link_block][\/vc_column][vc_column width=&#8221;2\/3&#8243;][elx_simple_link_block link=&#8221;&#8221; text_align=&#8221;text-left&#8221; text_color=&#8221;inherit&#8221; background_color=&#8221;inherit&#8221; background_hover_color=&#8221;darker-hover&#8221; extra_class=&#8221;&#8221; reveal_effect=&#8221;&#8221; reveal_duration=&#8221;&#8221; reveal_delay=&#8221;&#8221;][elx_heading font_container=&#8221;h3&#8243; font_size=&#8221;h5&#8243; text_color=&#8221;inherit&#8221;]Center Parcs Woburn Forest[\/elx_heading][vc_column_text]Woburn, Angleterre<\/p>\n<p id=\"tw-target-text\" class=\"tw-data-text tw-text-large tw-ta\" dir=\"ltr\" data-placeholder=\"Traduction\" data-ved=\"2ahUKEwi1nYaCmYmMAxUkTKQEHe29DWkQ3ewLegQICBAV\" aria-label=\"Texte traduit\u00a0: Le respect de l'environnement est \u00e9galement au c\u0153ur de notre philosophie. Il est donc essentiel que nous privil\u00e9giions des processus \u00e9cologiques au spa et dans notre service d'entretien. Gr\u00e2ce aux programmes sur mesure et \u00e0 la qualit\u00e9 de lavage propos\u00e9s par les \u00e9quipements de blanchisserie Electrolux Professional, nous pouvons \u00eatre respectueux de l'environnement et \u00e9conomiques sans compromettre le luxe et le confort de nos clients.\"><em><span class=\"Y2IQFc\" lang=\"fr\" tabindex=\"-1\">&#8220;Le respect de l&#8217;environnement est au c\u0153ur de notre philosophie. Il est donc essentiel que nous privil\u00e9gions des processus \u00e9cologiques au spa et dans notre service d&#8217;entretien. Gr\u00e2ce aux programmes sur mesure et \u00e0 la qualit\u00e9 de lavage propos\u00e9s par les \u00e9quipements de blanchisserie Electrolux Professional, nous pouvons \u00eatre respectueux de l&#8217;environnement et \u00e9conomiques sans compromettre le luxe et le confort de nos clients&#8221;.<\/span><\/em><\/p>\n<p><strong>Helen Bennett<\/strong>, <span class=\"Y2IQFc\" lang=\"fr\" tabindex=\"-1\">Responsable des achats chez Center Parcs<\/span>[\/vc_column_text][\/elx_simple_link_block][\/vc_column][\/vc_row][vc_row][vc_column][vc_empty_space][\/vc_column][\/vc_row][vc_row][vc_column width=&#8221;1\/3&#8243;][elx_simple_link_block link=&#8221;&#8221; text_align=&#8221;text-left&#8221; text_color=&#8221;inherit&#8221; background_color=&#8221;inherit&#8221; background_hover_color=&#8221;darker-hover&#8221; extra_class=&#8221;&#8221; reveal_effect=&#8221;&#8221; reveal_duration=&#8221;&#8221; reveal_delay=&#8221;&#8221;][vc_single_image image=&#8221;27055&#8243; img_size=&#8221;full&#8221;][elx_heading font_container=&#8221;h3&#8243; font_size=&#8221;h5&#8243; text_color=&#8221;inherit&#8221;]Sofitel So[\/elx_heading][vc_column_text]Singapour<\/p>\n<p id=\"tw-target-text\" class=\"tw-data-text tw-text-large tw-ta\" dir=\"ltr\" data-placeholder=\"Traduction\" data-ved=\"2ahUKEwi1nYaCmYmMAxUkTKQEHe29DWkQ3ewLegQICBAV\" aria-label=\"Texte traduit\u00a0: \u00ab Ma cuisine est le lieu de ma vie professionnelle. C'est l\u00e0 que je cr\u00e9e, que j'improvise et que je joue, et Molteni est la meilleure cuisini\u00e8re qui soit. Cet instrument pr\u00e9cieux et professionnel garantit des r\u00e9sultats toujours d\u00e9licieux. C'est notre meilleur collaborateur et notre meilleur ami au restaurant. \u00bb\"><span class=\"Y2IQFc\" lang=\"fr\" tabindex=\"-1\">\u00ab <em>Ma cuisine est le lieu de ma vie professionnelle. C&#8217;est l\u00e0 que je cr\u00e9e, que j&#8217;improvise et que je joue, et <strong>Molteni<\/strong> est le meilleur fourneau qui soit. Ce bijou pr\u00e9cieux et professionnel garantit des r\u00e9sultats toujours d\u00e9licieux. C&#8217;est notre meilleur collaborateur et notre meilleur ami au restaurant.<\/em> \u00bb<\/span><\/p>\n<p><strong>Anne-Cecile Degenne<\/strong>, Cheffe ex\u00e9cutif[\/vc_column_text][\/elx_simple_link_block][\/vc_column][vc_column width=&#8221;1\/3&#8243;][elx_simple_link_block link=&#8221;&#8221; text_align=&#8221;text-left&#8221; text_color=&#8221;inherit&#8221; background_color=&#8221;inherit&#8221; background_hover_color=&#8221;darker-hover&#8221; extra_class=&#8221;&#8221; reveal_effect=&#8221;&#8221; reveal_duration=&#8221;&#8221; reveal_delay=&#8221;&#8221;][vc_single_image image=&#8221;27056&#8243; img_size=&#8221;full&#8221;][elx_heading font_container=&#8221;h3&#8243; font_size=&#8221;h5&#8243; text_color=&#8221;inherit&#8221;] H\u00f4tel Hilton Bomonti[\/elx_heading][vc_column_text]Istanbul, Turquie<\/p>\n<p id=\"tw-target-text\" class=\"tw-data-text tw-text-large tw-ta\" dir=\"ltr\" data-placeholder=\"Traduction\" data-ved=\"2ahUKEwi1nYaCmYmMAxUkTKQEHe29DWkQ3ewLegQICBAV\" aria-label=\"Texte traduit\u00a0: Le r\u00f4le d'un chef est de cr\u00e9er une symphonie de saveurs pour le convive dans chaque plat de sa carte. Il est le chef d'orchestre\u00a0; sa cuisine est son orchestre et chaque section est compos\u00e9e de ses instruments de cuisine essentiels, tous jouant un r\u00f4le essentiel dans le chef-d'\u0153uvre final. Pour les chefs du nouvel h\u00f4tel Hilton Bomonti Istanbul, le plus grand h\u00f4tel cinq \u00e9toiles et centre de congr\u00e8s de Turquie, les symphonies gastronomiques s'inspirent d'Electrolux Professional.\"><span class=\"Y2IQFc\" lang=\"fr\" tabindex=\"-1\">Le r\u00f4le d&#8217;un chef est de cr\u00e9er une symphonie de saveurs pour les convives dans chaque plat de sa carte. Il est le chef d&#8217;orchestre ; sa cuisine est son orchestre dont chaque partie est compos\u00e9e de fonctions de cuisine essentielles, toutes jouant un r\u00f4le essentiel dans le chef-d&#8217;\u0153uvre final. Pour les chefs de l&#8217;h\u00f4tel Hilton Bomonti Istanbul, le plus grand h\u00f4tel cinq \u00e9toiles et centre de congr\u00e8s de Turquie, les symphonies gastronomiques son inspir\u00e9es par Electrolux Professional.<\/span><\/p>\n<p>[\/vc_column_text][\/elx_simple_link_block][\/vc_column][vc_column width=&#8221;1\/3&#8243;][elx_simple_link_block link=&#8221;&#8221; text_align=&#8221;text-left&#8221; text_color=&#8221;inherit&#8221; background_color=&#8221;inherit&#8221; background_hover_color=&#8221;darker-hover&#8221; extra_class=&#8221;&#8221; reveal_effect=&#8221;&#8221; reveal_duration=&#8221;&#8221; reveal_delay=&#8221;&#8221;][vc_single_image image=&#8221;27057&#8243; img_size=&#8221;full&#8221;][elx_heading font_container=&#8221;h3&#8243; font_size=&#8221;h5&#8243; text_color=&#8221;inherit&#8221;]Waldorf Astoria[\/elx_heading][vc_column_text]Berlin, Allemagne<\/p>\n<p id=\"tw-target-text\" class=\"tw-data-text tw-text-large tw-ta\" dir=\"ltr\" data-placeholder=\"Traduction\" data-ved=\"2ahUKEwi1nYaCmYmMAxUkTKQEHe29DWkQ3ewLegQICBAV\" aria-label=\"Texte traduit\u00a0: Les appareils de blanchisserie Electrolux Professional sont enti\u00e8rement automatiques et faciles \u00e0 utiliser. Cela simplifie consid\u00e9rablement la formation des nouveaux employ\u00e9s, par exemple.\"><span class=\"Y2IQFc\" lang=\"fr\" tabindex=\"-1\">&#8220;<em>Les \u00e9quipements de blanchisserie Electrolux Professional sont enti\u00e8rement automatiques et faciles \u00e0 utiliser. Cela simplifie consid\u00e9rablement la formation des nouveaux employ\u00e9s, par exemple<\/em>&#8220;.<\/span><\/p>\n<p><strong>Mrs. Cinar<\/strong>,\u00a0<span class=\"Y2IQFc\" lang=\"fr\" tabindex=\"-1\">Responsable du service de blanchisserie<\/span>[\/vc_column_text][\/elx_simple_link_block][\/vc_column][\/vc_row][vc_row][vc_column][elx_heading font_size=&#8221;h3&#8243; text_color=&#8221;inherit&#8221;]Contactez notre \u00e9quipe d&#8217;experts[\/elx_heading][elx_o2000_contact_us s=&#8221;Demande de contact depuis le site internet&#8221; country=&#8221;France&#8221; b=&#8221;food&#8221; container=&#8221;elxcontactus1472110569&#8243; r=&#8221;J&#8217;aimerais en savoir plus sur vos solutions pour les cha\u00eenes h\u00f4teli\u00e8res. Veuillez me contacter.&#8221;][vc_empty_space][\/vc_column][\/vc_row][vc_row full_width=&#8221;electroluxpro-full-width-no-padding&#8221; el_id=&#8221;consultant&#8221;][vc_column][elx_image_block background_image=&#8221;1905&#8243; minimum_height=&#8221;300px&#8221;][\/vc_column][\/vc_row][vc_row][vc_column][elx_heading font_size=&#8221;h3&#8243; text_color=&#8221;inherit&#8221; text_align=&#8221;text-left&#8221;]\u00cates-vous consultant ?[\/elx_heading][vc_empty_space][\/vc_column][\/vc_row][vc_row][vc_column width=&#8221;1\/2&#8243; css=&#8221;.vc_custom_1481126474871{padding-right: 32px !important;}&#8221;][elx_heading font_container=&#8221;h3&#8243; font_size=&#8221;h5&#8243; text_color=&#8221;inherit&#8221;]Des nouvelles opportunit\u00e9s pour votre cha\u00eene h\u00f4teli\u00e8re[\/elx_heading][vc_empty_space height=&#8221;20px&#8221;][vc_column_text]<\/p>\n<p id=\"tw-target-text\" class=\"tw-data-text tw-text-large tw-ta\" dir=\"ltr\" data-placeholder=\"Traduction\" data-ved=\"2ahUKEwi1nYaCmYmMAxUkTKQEHe29DWkQ3ewLegQICBAV\" aria-label=\"Texte traduit\u00a0: Electrolux Professional est devenu une r\u00e9f\u00e9rence dans le monde des syst\u00e8mes int\u00e9gr\u00e9s pour cuisines professionnelles et solutions de blanchisserie. Nos 70 ans d'exp\u00e9rience nous ont permis, avant tout, de percevoir les besoins du march\u00e9 et d'y r\u00e9pondre avec notre expertise.\"><span class=\"Y2IQFc\" lang=\"fr\" tabindex=\"-1\">Electrolux Professional est une r\u00e9f\u00e9rence dans le monde de la <strong>cuisine professionnelle<\/strong> et de la <strong>blanchisserie<\/strong>. Nos 100 ans d&#8217;exp\u00e9rience nous ont permis, avant tout, de percevoir les besoins du march\u00e9 et d&#8217;y r\u00e9pondre au plus juste avec nos expertises.<\/span><\/p>\n<p id=\"tw-target-text\" class=\"tw-data-text tw-text-large tw-ta\" dir=\"ltr\" data-placeholder=\"Traduction\" data-ved=\"2ahUKEwi1nYaCmYmMAxUkTKQEHe29DWkQ3ewLegQICBAV\" aria-label=\"Texte traduit\u00a0: Ceux qui nous connaissent savent qu\u2019ils peuvent compter sur un partenaire ouvert et professionnel, offrant des solutions innovantes et un service apr\u00e8s-vente exceptionnel.\"><span class=\"Y2IQFc\" lang=\"fr\" tabindex=\"-1\">Les entreprises qui travaillent avec Electrolux Professional savent qu\u2019elles peuvent compter sur un partenaire \u00e0 leur \u00e9coute et professionnel, offrant des solutions innovantes et un <strong>service apr\u00e8s-vente <\/strong>remarquable.<\/span><\/p>\n<p id=\"tw-target-text\" class=\"tw-data-text tw-text-large tw-ta\" dir=\"ltr\" data-placeholder=\"Traduction\" data-ved=\"2ahUKEwi1nYaCmYmMAxUkTKQEHe29DWkQ3ewLegQICBAV\" aria-label=\"Texte traduit\u00a0: Nous avons cr\u00e9\u00e9 un espace web d\u00e9di\u00e9 \u00e0 votre travail\u00a0: Electrolux Professional Solutions. Vous y trouverez chaque produit accompagn\u00e9 de sa documentation, facile \u00e0 utiliser et \u00e0 t\u00e9l\u00e9charger.\"><span class=\"Y2IQFc\" lang=\"fr\" tabindex=\"-1\">Nous avons cr\u00e9\u00e9 un espace web d\u00e9di\u00e9 \u00e0 votre travail\u00a0: Electrolux Professional Solutions. Vous y trouverez chaque produit accompagn\u00e9 de sa documentation, facile \u00e0 utiliser et \u00e0 t\u00e9l\u00e9charger.<\/span><\/p>\n<p id=\"tw-target-text\" class=\"tw-data-text tw-text-large tw-ta\" dir=\"ltr\" data-placeholder=\"Traduction\" data-ved=\"2ahUKEwi1nYaCmYmMAxUkTKQEHe29DWkQ3ewLegQICBAV\" aria-label=\"Texte traduit\u00a0: Demandez votre compte Electrolux Professional Solutions\"><strong><span class=\"Y2IQFc\" lang=\"fr\" tabindex=\"-1\">Demandez votre compte Electrolux Professional Solutions!<\/span><\/strong><\/p>\n<p>[\/vc_column_text][\/vc_column][vc_column width=&#8221;1\/2&#8243;][elx_o2000_contact_us s=&#8221;Request of account on Electrolux Professional Solutions for consultants&#8221; container=&#8221;elxcontactus1476697611&#8243; r=&#8221;I am a consultant and I would like to get an account in your Electrolux Professional Solutions web space. Please get in touch with me.&#8221; e=&#8221;karen-cristina.breda@electrolux.com&#8221;][\/vc_column][\/vc_row]<\/p>\n","protected":false},"excerpt":{"rendered":"<p>[vc_row full_width=&#8221;electroluxpro-full-width-no-padding&#8221; css=&#8221;.vc_custom_1663595774390{margin-top: -50px !important;}&#8221;][vc_column][elx_full_banner title=&#8221;Cha\u00eenes h\u00f4teli\u00e8res&#8221; background_image_media_library=&#8221;27058&#8243; background_image_media_library_mobile=&#8221;27059&#8243;][\/vc_column][\/vc_row][vc_row parallax=&#8221;content-moving&#8221;][vc_column css=&#8221;.vc_custom_1472030236138{padding-top: 20px !important;}&#8221;][elx_heading font_container=&#8221;h1&#8243; text_color=&#8221;inherit&#8221; text_align=&#8221;text-left&#8221;]Construisons ensemble votre cha\u00eene h\u00f4teli\u00e8re[\/elx_heading][vc_column_text] Gr\u00e2ce \u00e0 notre exp\u00e9rience mondiale, \u00e0 notre engagement pour l\u2019excellence et \u00e0 votre ambition, nous pouvons vous accompagner \u00e0 construire votre cha\u00eene h\u00f4teli\u00e8re. Electrolux Professional s&#8217;assure que chaque environnement de cuisine et de blanchisserie au [&hellip;]<\/p>\n","protected":false},"author":616,"featured_media":27051,"parent":2593,"menu_order":0,"comment_status":"closed","ping_status":"closed","template":"","meta":{"footnotes":""},"class_list":["post-27060","page","type-page","status-publish","has-post-thumbnail","hentry"],"acf":[],"yoast_head":"<!-- This site is optimized with the Yoast SEO plugin v23.3 - https:\/\/yoast.com\/wordpress\/plugins\/seo\/ -->\n<title>Solutions Cha\u00eenes H\u00f4teli\u00e8res | Electrolux Professional<\/title>\n<meta name=\"description\" content=\"D\u00e9couvrez nos solutions compl\u00e8tes pour cha\u00eenes h\u00f4teli\u00e8res: \u00e9quipements de cuisine innovants et syst\u00e8mes de blanchisserie professionnels.\" \/>\n<meta name=\"robots\" content=\"index, follow, max-snippet:-1, max-image-preview:large, max-video-preview:-1\" \/>\n<link rel=\"canonical\" href=\"https:\/\/www.electroluxprofessional.com\/fr\/solutions\/hotel-chains\/\" \/>\n<meta property=\"og:locale\" content=\"fr_FR\" \/>\n<meta property=\"og:type\" content=\"article\" \/>\n<meta property=\"og:title\" content=\"Solutions Cha\u00eenes H\u00f4teli\u00e8res | Electrolux Professional\" \/>\n<meta property=\"og:description\" content=\"D\u00e9couvrez nos solutions compl\u00e8tes pour cha\u00eenes h\u00f4teli\u00e8res: \u00e9quipements de cuisine innovants et syst\u00e8mes de blanchisserie professionnels.\" \/>\n<meta property=\"og:url\" content=\"https:\/\/www.electroluxprofessional.com\/fr\/solutions\/hotel-chains\/\" \/>\n<meta property=\"og:site_name\" content=\"Electrolux Professional France\" \/>\n<meta property=\"article:modified_time\" content=\"2026-03-17T15:30:37+00:00\" \/>\n<meta property=\"og:image\" content=\"https:\/\/www.electroluxprofessional.com\/fr\/wp-content\/uploads\/2025\/03\/hotel-chain-food.jpg\" \/>\n\t<meta property=\"og:image:width\" content=\"700\" \/>\n\t<meta property=\"og:image:height\" content=\"700\" \/>\n\t<meta property=\"og:image:type\" content=\"image\/jpeg\" \/>\n<meta name=\"twitter:card\" content=\"summary_large_image\" \/>\n<meta name=\"twitter:label1\" content=\"Dur\u00e9e de lecture estim\u00e9e\" \/>\n\t<meta name=\"twitter:data1\" content=\"5 minutes\" \/>\n<script type=\"application\/ld+json\" class=\"yoast-schema-graph\">{\"@context\":\"https:\/\/schema.org\",\"@graph\":[{\"@type\":\"WebPage\",\"@id\":\"https:\/\/www.electroluxprofessional.com\/fr\/solutions\/hotel-chains\/\",\"url\":\"https:\/\/www.electroluxprofessional.com\/fr\/solutions\/hotel-chains\/\",\"name\":\"Solutions Cha\u00eenes H\u00f4teli\u00e8res | Electrolux Professional\",\"isPartOf\":{\"@id\":\"https:\/\/www.electroluxprofessional.com\/fr\/#website\"},\"primaryImageOfPage\":{\"@id\":\"https:\/\/www.electroluxprofessional.com\/fr\/solutions\/hotel-chains\/#primaryimage\"},\"image\":{\"@id\":\"https:\/\/www.electroluxprofessional.com\/fr\/solutions\/hotel-chains\/#primaryimage\"},\"thumbnailUrl\":\"https:\/\/www.electroluxprofessional.com\/fr\/wp-content\/uploads\/2025\/03\/hotel-chain-food.jpg\",\"datePublished\":\"2025-03-14T16:25:22+00:00\",\"dateModified\":\"2026-03-17T15:30:37+00:00\",\"description\":\"D\u00e9couvrez nos solutions compl\u00e8tes pour cha\u00eenes h\u00f4teli\u00e8res: \u00e9quipements de cuisine innovants et syst\u00e8mes de blanchisserie professionnels.\",\"breadcrumb\":{\"@id\":\"https:\/\/www.electroluxprofessional.com\/fr\/solutions\/hotel-chains\/#breadcrumb\"},\"inLanguage\":\"fr-FR\",\"potentialAction\":[{\"@type\":\"ReadAction\",\"target\":[\"https:\/\/www.electroluxprofessional.com\/fr\/solutions\/hotel-chains\/\"]}]},{\"@type\":\"ImageObject\",\"inLanguage\":\"fr-FR\",\"@id\":\"https:\/\/www.electroluxprofessional.com\/fr\/solutions\/hotel-chains\/#primaryimage\",\"url\":\"https:\/\/www.electroluxprofessional.com\/fr\/wp-content\/uploads\/2025\/03\/hotel-chain-food.jpg\",\"contentUrl\":\"https:\/\/www.electroluxprofessional.com\/fr\/wp-content\/uploads\/2025\/03\/hotel-chain-food.jpg\",\"width\":700,\"height\":700},{\"@type\":\"BreadcrumbList\",\"@id\":\"https:\/\/www.electroluxprofessional.com\/fr\/solutions\/hotel-chains\/#breadcrumb\",\"itemListElement\":[{\"@type\":\"ListItem\",\"position\":1,\"name\":\"Home\",\"item\":\"https:\/\/www.electroluxprofessional.com\/fr\/\"},{\"@type\":\"ListItem\",\"position\":2,\"name\":\"Solutions\",\"item\":\"https:\/\/www.electroluxprofessional.com\/fr\/solutions\/\"},{\"@type\":\"ListItem\",\"position\":3,\"name\":\"Cha\u00eenes h\u00f4tels\"}]},{\"@type\":\"WebSite\",\"@id\":\"https:\/\/www.electroluxprofessional.com\/fr\/#website\",\"url\":\"https:\/\/www.electroluxprofessional.com\/fr\/\",\"name\":\"Electrolux Professional France\",\"description\":\"\",\"potentialAction\":[{\"@type\":\"SearchAction\",\"target\":{\"@type\":\"EntryPoint\",\"urlTemplate\":\"https:\/\/www.electroluxprofessional.com\/fr\/?src={search_term_string}\"},\"query-input\":\"required name=search_term_string\"}],\"inLanguage\":\"fr-FR\"}]}<\/script>\n<!-- \/ Yoast SEO plugin. -->","yoast_head_json":{"title":"Solutions Cha\u00eenes H\u00f4teli\u00e8res | Electrolux Professional","description":"D\u00e9couvrez nos solutions compl\u00e8tes pour cha\u00eenes h\u00f4teli\u00e8res: \u00e9quipements de cuisine innovants et syst\u00e8mes de blanchisserie professionnels.","robots":{"index":"index","follow":"follow","max-snippet":"max-snippet:-1","max-image-preview":"max-image-preview:large","max-video-preview":"max-video-preview:-1"},"canonical":"https:\/\/www.electroluxprofessional.com\/fr\/solutions\/hotel-chains\/","og_locale":"fr_FR","og_type":"article","og_title":"Solutions Cha\u00eenes H\u00f4teli\u00e8res | Electrolux Professional","og_description":"D\u00e9couvrez nos solutions compl\u00e8tes pour cha\u00eenes h\u00f4teli\u00e8res: \u00e9quipements de cuisine innovants et syst\u00e8mes de blanchisserie professionnels.","og_url":"https:\/\/www.electroluxprofessional.com\/fr\/solutions\/hotel-chains\/","og_site_name":"Electrolux Professional France","article_modified_time":"2026-03-17T15:30:37+00:00","og_image":[{"width":700,"height":700,"url":"https:\/\/www.electroluxprofessional.com\/fr\/wp-content\/uploads\/2025\/03\/hotel-chain-food.jpg","type":"image\/jpeg"}],"twitter_card":"summary_large_image","twitter_misc":{"Dur\u00e9e de lecture estim\u00e9e":"5 minutes"},"schema":{"@context":"https:\/\/schema.org","@graph":[{"@type":"WebPage","@id":"https:\/\/www.electroluxprofessional.com\/fr\/solutions\/hotel-chains\/","url":"https:\/\/www.electroluxprofessional.com\/fr\/solutions\/hotel-chains\/","name":"Solutions Cha\u00eenes H\u00f4teli\u00e8res | Electrolux Professional","isPartOf":{"@id":"https:\/\/www.electroluxprofessional.com\/fr\/#website"},"primaryImageOfPage":{"@id":"https:\/\/www.electroluxprofessional.com\/fr\/solutions\/hotel-chains\/#primaryimage"},"image":{"@id":"https:\/\/www.electroluxprofessional.com\/fr\/solutions\/hotel-chains\/#primaryimage"},"thumbnailUrl":"https:\/\/www.electroluxprofessional.com\/fr\/wp-content\/uploads\/2025\/03\/hotel-chain-food.jpg","datePublished":"2025-03-14T16:25:22+00:00","dateModified":"2026-03-17T15:30:37+00:00","description":"D\u00e9couvrez nos solutions compl\u00e8tes pour cha\u00eenes h\u00f4teli\u00e8res: \u00e9quipements de cuisine innovants et syst\u00e8mes de blanchisserie professionnels.","breadcrumb":{"@id":"https:\/\/www.electroluxprofessional.com\/fr\/solutions\/hotel-chains\/#breadcrumb"},"inLanguage":"fr-FR","potentialAction":[{"@type":"ReadAction","target":["https:\/\/www.electroluxprofessional.com\/fr\/solutions\/hotel-chains\/"]}]},{"@type":"ImageObject","inLanguage":"fr-FR","@id":"https:\/\/www.electroluxprofessional.com\/fr\/solutions\/hotel-chains\/#primaryimage","url":"https:\/\/www.electroluxprofessional.com\/fr\/wp-content\/uploads\/2025\/03\/hotel-chain-food.jpg","contentUrl":"https:\/\/www.electroluxprofessional.com\/fr\/wp-content\/uploads\/2025\/03\/hotel-chain-food.jpg","width":700,"height":700},{"@type":"BreadcrumbList","@id":"https:\/\/www.electroluxprofessional.com\/fr\/solutions\/hotel-chains\/#breadcrumb","itemListElement":[{"@type":"ListItem","position":1,"name":"Home","item":"https:\/\/www.electroluxprofessional.com\/fr\/"},{"@type":"ListItem","position":2,"name":"Solutions","item":"https:\/\/www.electroluxprofessional.com\/fr\/solutions\/"},{"@type":"ListItem","position":3,"name":"Cha\u00eenes h\u00f4tels"}]},{"@type":"WebSite","@id":"https:\/\/www.electroluxprofessional.com\/fr\/#website","url":"https:\/\/www.electroluxprofessional.com\/fr\/","name":"Electrolux Professional France","description":"","potentialAction":[{"@type":"SearchAction","target":{"@type":"EntryPoint","urlTemplate":"https:\/\/www.electroluxprofessional.com\/fr\/?src={search_term_string}"},"query-input":"required name=search_term_string"}],"inLanguage":"fr-FR"}]}},"_links":{"self":[{"href":"https:\/\/www.electroluxprofessional.com\/fr\/wp-json\/wp\/v2\/pages\/27060"}],"collection":[{"href":"https:\/\/www.electroluxprofessional.com\/fr\/wp-json\/wp\/v2\/pages"}],"about":[{"href":"https:\/\/www.electroluxprofessional.com\/fr\/wp-json\/wp\/v2\/types\/page"}],"author":[{"embeddable":true,"href":"https:\/\/www.electroluxprofessional.com\/fr\/wp-json\/wp\/v2\/users\/616"}],"replies":[{"embeddable":true,"href":"https:\/\/www.electroluxprofessional.com\/fr\/wp-json\/wp\/v2\/comments?post=27060"}],"version-history":[{"count":13,"href":"https:\/\/www.electroluxprofessional.com\/fr\/wp-json\/wp\/v2\/pages\/27060\/revisions"}],"predecessor-version":[{"id":31182,"href":"https:\/\/www.electroluxprofessional.com\/fr\/wp-json\/wp\/v2\/pages\/27060\/revisions\/31182"}],"up":[{"embeddable":true,"href":"https:\/\/www.electroluxprofessional.com\/fr\/wp-json\/wp\/v2\/pages\/2593"}],"wp:featuredmedia":[{"embeddable":true,"href":"https:\/\/www.electroluxprofessional.com\/fr\/wp-json\/wp\/v2\/media\/27051"}],"wp:attachment":[{"href":"https:\/\/www.electroluxprofessional.com\/fr\/wp-json\/wp\/v2\/media?parent=27060"}],"curies":[{"name":"wp","href":"https:\/\/api.w.org\/{rel}","templated":true}]}}