{"id":14664,"date":"2021-04-29T16:22:18","date_gmt":"2021-04-29T16:22:18","guid":{"rendered":"https:\/\/www.electroluxprofessional.com\/fr\/?page_id=14664"},"modified":"2026-03-17T15:29:40","modified_gmt":"2026-03-17T15:29:40","slug":"boulangerie-patisserie-snacking","status":"publish","type":"page","link":"https:\/\/www.electroluxprofessional.com\/fr\/solutions\/boulangerie-patisserie-snacking\/","title":{"rendered":"Boulangerie-P\u00e2tisserie-Snacking"},"content":{"rendered":"<p>[vc_row full_width=&#8221;stretch_row_content&#8221; css=&#8221;.vc_custom_1621838386138{margin-top: -30px !important;border-top-width: -30px !important;padding-top: -30px !important;}&#8221;][vc_column][elx_full_banner title=&#8221;Boulangerie &#8211; P\u00e2tisserie Snacking&#8221; set_as_h1=&#8221;true&#8221; link=&#8221;url:%23contact|title:Demandez%20conseil%20%C3%A0%20un%20expert&#8221; background_image_media_library=&#8221;15052&#8243; background_image_media_library_mobile=&#8221;15053&#8243;][\/vc_column][\/vc_row][vc_row][vc_column][elx_menu menu_name=&#8221;Menu page boul-p\u00e2t&#8221;][vc_empty_space height=&#8221;15px&#8221;][vc_column_text]<\/p>\n<p style=\"text-align: center;\"><strong>Vous \u00eates boulanger, p\u00e2tissier ou restaurateur et recherchez des \u00e9quipements professionnels de snacking performants ? <\/strong><\/p>\n<p style=\"text-align: center;\">D\u00e9couvrez notre large gamme de fours, batteurs et solutions de snacking con\u00e7ues pour optimiser votre production. Nos \u00e9quipements allient innovation, robustesse et conformit\u00e9 aux normes d\u2019hygi\u00e8ne pour vous garantir un rendement optimal. Profitez de mat\u00e9riel de qualit\u00e9 adapt\u00e9 aux exigences des artisans et des professionnels de la restauration rapide.<\/p>\n<p>[\/vc_column_text][\/vc_column][\/vc_row][vc_row full_width=&#8221;stretch_row_content&#8221; disable_element=&#8221;yes&#8221; css=&#8221;.vc_custom_1739206819884{margin-top: -30px !important;border-top-width: -30px !important;padding-top: -30px !important;}&#8221;][vc_column width=&#8221;1\/4&#8243;][vc_empty_space][\/vc_column][vc_column width=&#8221;1\/4&#8243;][vc_column_text]<\/p>\n<h1 style=\"text-align: left;\">Snack Show 2025<\/h1>\n<p style=\"text-align: left;\"><strong>D\u00e9couvrez nos solutions snacking<br \/>\nRencontrez nos experts<br \/>\nB\u00e9n\u00e9ficiez de conseils personnalis\u00e9s <\/strong><\/p>\n<p style=\"text-align: left;\"><em>Rendez-vous le 2-3 avril \u00e0 Paris Porte de Versailles<br \/>\nStand D013, Pavillon 7.2<\/em><\/p>\n<p>[\/vc_column_text][vc_empty_space][\/vc_column][vc_column width=&#8221;1\/4&#8243;][vc_single_image image=&#8221;26807&#8243; img_size=&#8221;full&#8221;][\/vc_column][vc_column width=&#8221;1\/4&#8243;][vc_empty_space][\/vc_column][\/vc_row][vc_row full_width=&#8221;stretch_row_content&#8221; disable_element=&#8221;yes&#8221; css=&#8221;.vc_custom_1739206826220{margin-top: -30px !important;border-top-width: -30px !important;padding-top: -30px !important;}&#8221; el_id=&#8221;entree&#8221;][vc_column width=&#8221;1\/3&#8243;][vc_empty_space][\/vc_column][vc_column width=&#8221;1\/3&#8243; el_id=&#8221;entree&#8221;][vc_empty_space height=&#8221;60px&#8221;][elx_button button_text=&#8221;Votre invitation gratuite&#8221; button_display_block=&#8221;display_block_on&#8221; button_link=&#8221;url:https%3A%2F%2Fwww.sandwichshows.com%2Fen-gb%2Fregister.html%3Fcode%3D1279079142784931-ENQ|title:Invitation%20snack%20show|target:_blank&#8221;][vc_empty_space][\/vc_column][vc_column width=&#8221;1\/3&#8243;][vc_empty_space][\/vc_column][\/vc_row][vc_row full_width=&#8221;electroluxpro-full-width&#8221; el_id=&#8221;speedelight&#8221;][vc_column][vc_empty_space][elx_hero_slider text_color=&#8221;electrolux-blue&#8221; label_text_color=&#8221;electrolux-blue&#8221; images=&#8221;26709&#8243;][elx_heading font_size=&#8221;h1&#8243; text_color=&#8221;electrolux-blue&#8221;]Cuisson acc\u00e9l\u00e9r\u00e9e :<br \/>\nUne r\u00e9volution en snacking[\/elx_heading][\/elx_hero_slider][vc_empty_space][\/vc_column][\/vc_row][vc_row][vc_column width=&#8221;1\/6&#8243;][vc_empty_space height=&#8221;60px&#8221;][\/vc_column][vc_column width=&#8221;2\/6&#8243;][vc_single_image image=&#8221;26803&#8243; img_size=&#8221;medium&#8221;][vc_empty_space][vc_column_text]<\/p>\n<h3>Gourmexpress<br \/>\nFour \u00e0 cuisson acc\u00e9l\u00e9r\u00e9e<\/h3>\n<p style=\"text-align: left;\"><strong>Votre alli\u00e9 pour les produits frais et surgel\u00e9s ! <\/strong><\/p>\n<p style=\"text-align: left;\">D\u00e9couvrez la puissance de GourmeXpress, un four professionnel cuisson acc\u00e9l\u00e9r\u00e9e qui r\u00e9duit le temps de cuisson tout en maintenant des r\u00e9sultats parfaits. Qu&#8217;il s&#8217;agisse de poisson, de viande, de l\u00e9gumes, de lasagnes et plus encore, GourmeXpress vous aide \u00e0 \u00e9largir votre menu en toute simplicit\u00e9.<\/p>\n<p>[\/vc_column_text][vc_empty_space][elx_button button_text=&#8221;D\u00e9couvrir&#8221; button_style=&#8221;default&#8221; button_link=&#8221;url:https%3A%2F%2Fwww.electroluxprofessional.com%2Ffr%2Fequipement-cuisine%2Ffour-cuisson-acceleree&#8221;][\/vc_column][vc_column width=&#8221;2\/6&#8243;][vc_single_image image=&#8221;14767&#8243; img_size=&#8221;medium&#8221; alignment=&#8221;center&#8221;][vc_empty_space][vc_column_text]<\/p>\n<h3>SpeeDelight<br \/>\nGrill \u00e0 paninis<\/h3>\n<p style=\"text-align: left;\"><strong>Servez des sandwichs, paninis et pizzas en moins d&#8217;une minute ! <\/strong><\/p>\n<p style=\"text-align: left;\">Ses programmes de cuisson\u00a0sont la solution id\u00e9ale pour les boulangeries \/ p\u00e2tisseries qui souhaitent diversifier leur offre mais aussi pour la cuisine street food ou le snacking. La combinaison des 3 technologies vous permettent d\u2019avoir des encas croustillants \u00e0 l\u2019ext\u00e9rieur et parfaitement chauds \u00e0 l\u2019int\u00e9rieur, en un temps record.<\/p>\n<p>[\/vc_column_text][vc_empty_space][elx_button button_text=&#8221;D\u00e9couvrir&#8221; button_style=&#8221;default&#8221; button_link=&#8221;url:https%3A%2F%2Fwww.electroluxprofessional.com%2Ffr%2Fequipement-cuisine%2Fgrill-panini-speedelight%2F&#8221;][vc_empty_space][\/vc_column][vc_column width=&#8221;1\/6&#8243;][\/vc_column][\/vc_row][vc_row][vc_column width=&#8221;1\/6&#8243;][vc_single_image image=&#8221;18646&#8243; img_size=&#8221;100&#215;100&#8243; alignment=&#8221;center&#8221;][vc_empty_space][\/vc_column][vc_column width=&#8221;1\/6&#8243;][vc_column_text]<\/p>\n<p style=\"text-align: center;\">Encas chauds, croustillants &amp; savoureux<\/p>\n<p>[\/vc_column_text][\/vc_column][vc_column width=&#8221;1\/6&#8243;][vc_single_image image=&#8221;18647&#8243; img_size=&#8221;100&#215;100&#8243; alignment=&#8221;center&#8221;][vc_empty_space][\/vc_column][vc_column width=&#8221;1\/6&#8243;][vc_column_text]<\/p>\n<p style=\"text-align: center;\">Large gamme de pr\u00e9parations en street food \/ snacking<\/p>\n<p>[\/vc_column_text][\/vc_column][vc_column width=&#8221;1\/6&#8243;][vc_single_image image=&#8221;14076&#8243; img_size=&#8221;100&#215;100&#8243; alignment=&#8221;center&#8221;][\/vc_column][vc_column width=&#8221;1\/6&#8243;][vc_empty_space height=&#8221;30px&#8221;][vc_column_text]<\/p>\n<p style=\"text-align: center;\">Vitesse record<\/p>\n<p>[\/vc_column_text][\/vc_column][\/vc_row][vc_row][vc_column][vc_empty_space][\/vc_column][\/vc_row][vc_row full_width=&#8221;electroluxpro-full-width&#8221; el_id=&#8221;skyline-fours&#8221;][vc_column][vc_empty_space][elx_hero_slider text_color=&#8221;electrolux-blue&#8221; label_text_color=&#8221;electrolux-blue&#8221; images=&#8221;14796&#8243;][elx_heading font_size=&#8221;h1&#8243; text_color=&#8221;electrolux-blue&#8221;]Une cuisson polyvalente et r\u00e9volutionnaire<br \/>\navec SkyLine[\/elx_heading][\/elx_hero_slider][vc_empty_space][\/vc_column][\/vc_row][vc_row][vc_column width=&#8221;1\/3&#8243;][vc_single_image image=&#8221;15297&#8243; img_size=&#8221;400&#215;350&#8243; alignment=&#8221;center&#8221;][vc_column_text]<\/p>\n<p style=\"text-align: center;\"><em>Four SkyLine Premium S<br \/>\n<\/em><em>Bakery<br \/>\n5 niveaux &#8211; 400&#215;600<\/em>[\/vc_column_text][\/vc_column][vc_column width=&#8221;2\/3&#8243;][elx_heading text_color=&#8221;inherit&#8221; text_align=&#8221;text-center&#8221;]Cr\u00e9\u00e9s pour une vraie simplicit\u00e9 et une multitude d&#8217;utilisations[\/elx_heading][vc_empty_space][vc_column_text]<\/p>\n<p style=\"text-align: center;\">Gr\u00e2ce \u00e0 sa conception compacte, SkyLine s&#8217;adapte facilement \u00e0 toutes les configurations de fournils. Sa multitude de programmes personnalisables vous permet de lever le pain, faire des muffins, des biscuits, des croissants ainsi que des g\u00e9noises et des bases de sabl\u00e9s. Alliant robustesse et simplicit\u00e9 d&#8217;utilisation, les fours SkyLine sont la solution parfaite pour diversifier votre offre en proposant \u00e0 vos clients toute une vari\u00e9t\u00e9 d&#8217;encas et de recettes et assurer des cuissons de r\u00e9assort d\u00e8s que n\u00e9cessaire !<\/p>\n<p>[\/vc_column_text][vc_empty_space height=&#8221;60px&#8221;][elx_button button_text=&#8221;D\u00e9couvrir les fours SkyLine&#8221; button_style=&#8221;default&#8221; button_display_block=&#8221;display_block_on&#8221; button_alignment=&#8221;align_center&#8221; button_link=&#8221;url:https%3A%2F%2Fwww.electroluxprofessional.com%2Ffr%2Fequipement-cuisine%2Ffours%2Ffours-mixtes-skyline%2F|target:_blank&#8221;][vc_empty_space height=&#8221;60px&#8221;][\/vc_column][\/vc_row][vc_row][vc_column width=&#8221;1\/6&#8243;][vc_single_image image=&#8221;15959&#8243; img_size=&#8221;100&#215;100&#8243; alignment=&#8221;center&#8221;][vc_empty_space][\/vc_column][vc_column width=&#8221;1\/6&#8243;][vc_empty_space height=&#8221;25px&#8221;][vc_column_text]<\/p>\n<p style=\"text-align: center;\">Design compact<\/p>\n<p>[\/vc_column_text][\/vc_column][vc_column width=&#8221;1\/6&#8243;][vc_single_image image=&#8221;15961&#8243; img_size=&#8221;100&#215;100&#8243; alignment=&#8221;center&#8221;][vc_empty_space][\/vc_column][vc_column width=&#8221;1\/6&#8243;][vc_empty_space height=&#8221;25px&#8221;][vc_column_text]<\/p>\n<p style=\"text-align: center;\">Programmes personnalisables<\/p>\n<p>[\/vc_column_text][\/vc_column][vc_column width=&#8221;1\/6&#8243;][vc_single_image image=&#8221;15960&#8243; img_size=&#8221;100&#215;100&#8243; alignment=&#8221;center&#8221;][\/vc_column][vc_column width=&#8221;1\/6&#8243;][vc_empty_space height=&#8221;25px&#8221;][vc_column_text]<\/p>\n<p style=\"text-align: center;\">Robustesse et simplicit\u00e9 d&#8217;utilisation<\/p>\n<p>[\/vc_column_text][\/vc_column][\/vc_row][vc_row el_id=&#8221;skyline-cellules&#8221;][vc_column width=&#8221;1\/3&#8243;][vc_single_image image=&#8221;15061&#8243; img_size=&#8221;medium&#8221; alignment=&#8221;center&#8221;][vc_column_text]<\/p>\n<p style=\"text-align: center;\"><em>SkyLine ChillS<\/em><br \/>\n<em>Cellule mixte 6GN1\/1 30\/30 kg<br \/>\n600&#215;400<\/em>[\/vc_column_text][\/vc_column][vc_column width=&#8221;2\/3&#8243;][elx_heading text_color=&#8221;inherit&#8221; text_align=&#8221;text-center&#8221;]Cellules de refroidissement et de cong\u00e9lation SkyLine pour une s\u00e9curit\u00e9 alimentaire garantie[\/elx_heading][vc_column_text]<\/p>\n<p style=\"text-align: center;\"><strong>Pr\u00e9parez de plus grandes quantit\u00e9s de p\u00e2tisseries et d&#8217;aliments \u00e0 l&#8217;avance<\/strong> <strong>en toute s\u00e9curit\u00e9<\/strong> et prolongez leur conservation gr\u00e2ce \u00e0 la cellule de refroidissement SkyLine, et ses diff\u00e9rentes fonctions automatiques.<\/p>\n<p style=\"text-align: center;\"><strong>Obtenez une cr\u00e9ation parfaite de vos desserts &#8211; yaourts, glaces, pr\u00e9parations \u00e0 base de chocolat &#8211; de plats pr\u00e9par\u00e9s et bien plus encore !<\/strong><\/p>\n<p>[\/vc_column_text][vc_empty_space][elx_button button_text=&#8221;D\u00e9couvrir les cellules de refroidissement&#8221; button_style=&#8221;default&#8221; button_display_block=&#8221;display_block_on&#8221; button_alignment=&#8221;align_center&#8221; button_link=&#8221;url:https%3A%2F%2Fwww.electroluxprofessional.com%2Ffr%2Fequipement-cuisine%2Frefrigeration%2Fcellules-refroidissement-congelation%2F|target:_blank&#8221;][\/vc_column][\/vc_row][vc_row content_placement=&#8221;middle&#8221; el_class=&#8221;cta&#8221;][vc_column][vc_empty_space height=&#8221;60px&#8221;][elx_button button_text=&#8221;\u2709\ufe0f Contacter un expert&#8221; button_link=&#8221;url:https%3A%2F%2Fwww.electroluxprofessional.com%2Ffr%2Fsolutions%2Fboulangerie-patisserie-snacking%2F%23contact&#8221;][vc_empty_space][\/vc_column][\/vc_row][vc_row full_width=&#8221;electroluxpro-full-width&#8221; disable_element=&#8221;yes&#8221;][vc_column][vc_empty_space][elx_hero_slider text_color=&#8221;electrolux-blue&#8221; label_text_color=&#8221;electrolux-blue&#8221; images=&#8221;25480&#8243;][elx_heading font_size=&#8221;h1&#8243; text_color=&#8221;electrolux-blue&#8221;]Lavage[\/elx_heading][\/elx_hero_slider][vc_empty_space][\/vc_column][\/vc_row][vc_row disable_element=&#8221;yes&#8221;][vc_column width=&#8221;1\/6&#8243;][vc_empty_space height=&#8221;60px&#8221;][\/vc_column][vc_column width=&#8221;2\/6&#8243;][vc_single_image image=&#8221;26792&#8243; img_size=&#8221;medium&#8221;][vc_empty_space][vc_column_text]<\/p>\n<h3>HeroDry<br \/>\nTunnel de s\u00e9chage pour vaisselle r\u00e9utilisable<\/h3>\n<p>S\u00e9chez rapidement et parfaitement votre vaisselle r\u00e9utilisable gr\u00e2ce au syst\u00e8me innovant de r\u00e9cup\u00e9ration du flux d&#8217;air chaud : verre, c\u00e9ramique, aluminium et m\u00eame plastique r\u00e9utilisable.[\/vc_column_text][vc_empty_space][elx_button button_text=&#8221;D\u00e9couvrir&#8221; button_style=&#8221;default&#8221; button_link=&#8221;url:https%3A%2F%2Fwww.electroluxprofessional.com%2Ffr%2Fequipement-cuisine%2Fherodry-sechage-vaisselle%2F&#8221;][\/vc_column][vc_column width=&#8221;2\/6&#8243;][vc_single_image image=&#8221;25443&#8243; img_size=&#8221;medium&#8221; alignment=&#8221;center&#8221;][vc_empty_space][vc_column_text]<\/p>\n<h3>NeoBlue Touch<br \/>\nLave-vaisselle nouvelle g\u00e9n\u00e9ration<\/h3>\n<p style=\"text-align: left;\">NeoBlue Touch\u00a0est con\u00e7u pour vous aider \u00e0 laver votre vaisselle de la mani\u00e8re la\u00a0plus simple et la plus fiable, avec de\u00a0faibles co\u00fbts de fonctionnement en \u00e9nergie, en eau et en produits d\u00e9tergents.<\/p>\n<p>Profitez de\u00a0performances exceptionnelles\u00a0et d\u2019un espace de\u00a0chargement maximis\u00e9\u00a0pour installer facilement des verres \u00e0 bi\u00e8re et de grandes assiettes \u00e0 pizza\u00a0jusqu\u2019\u00e0 360 mm.[\/vc_column_text][vc_empty_space][elx_button button_text=&#8221;D\u00e9couvrir&#8221; button_style=&#8221;default&#8221; button_link=&#8221;url:https%3A%2F%2Fwww.electroluxprofessional.com%2Ffr%2Fequipement-cuisine%2Fequipement-lavage%2Flave-vaisselle-neoblue-touch%2F&#8221;][vc_empty_space][\/vc_column][vc_column width=&#8221;1\/6&#8243;][\/vc_column][\/vc_row][vc_row full_width=&#8221;electroluxpro-full-width&#8221; el_id=&#8221;preparation-dynamique&#8221;][vc_column][vc_empty_space][elx_hero_slider text_color=&#8221;electrolux-blue&#8221; label_text_color=&#8221;electrolux-blue&#8221; images=&#8221;21629&#8243;][elx_heading font_size=&#8221;h1&#8243; text_color=&#8221;electrolux-blue&#8221;]Pr\u00e9paration dynamique[\/elx_heading][\/elx_hero_slider][vc_empty_space][\/vc_column][\/vc_row][vc_row][vc_column width=&#8221;1\/5&#8243;][vc_empty_space][vc_single_image image=&#8221;14076&#8243; img_size=&#8221;100&#215;100&#8243; alignment=&#8221;center&#8221;][elx_heading font_container=&#8221;h4&#8243; text_color=&#8221;inherit&#8221; text_align=&#8221;text-center&#8221;]Faciles,<br \/>\nconviviales<br \/>\net intelligentes[\/elx_heading][vc_empty_space][\/vc_column][vc_column width=&#8221;1\/5&#8243;][vc_empty_space][vc_single_image image=&#8221;14077&#8243; img_size=&#8221;100&#215;100&#8243; alignment=&#8221;center&#8221;][elx_heading font_container=&#8221;h4&#8243; text_color=&#8221;inherit&#8221; text_align=&#8221;text-center&#8221;]Plug&amp;Play<br \/>\npr\u00eates \u00e0 brancher<br \/>\net \u00e0 utiliser[\/elx_heading][vc_empty_space][\/vc_column][vc_column width=&#8221;1\/5&#8243;][vc_empty_space][vc_single_image image=&#8221;14078&#8243; img_size=&#8221;100&#215;100&#8243; alignment=&#8221;center&#8221;][elx_heading font_container=&#8221;h4&#8243; text_color=&#8221;inherit&#8221; text_align=&#8221;text-center&#8221;]Performantes<br \/>\ndans un design compact[\/elx_heading][vc_empty_space][\/vc_column][vc_column width=&#8221;1\/5&#8243;][vc_empty_space][vc_single_image image=&#8221;14079&#8243; img_size=&#8221;100&#215;100&#8243; alignment=&#8221;center&#8221;][elx_heading font_container=&#8221;h4&#8243; text_color=&#8221;inherit&#8221; text_align=&#8221;text-center&#8221;]Faciles \u00e0 nettoyer<br \/>\net \u00e0 entretenir<br \/>\nEco\u00e9nerg\u00e9tique[\/elx_heading][vc_empty_space][\/vc_column][vc_column width=&#8221;1\/5&#8243;][vc_empty_space][vc_single_image image=&#8221;18637&#8243; img_size=&#8221;100&#215;100&#8243; alignment=&#8221;center&#8221;][elx_heading font_container=&#8221;h4&#8243; text_color=&#8221;inherit&#8221; text_align=&#8221;text-center&#8221;]Fabrication<br \/>\ndans notre usine d\u2019Aubusson[\/elx_heading][vc_empty_space][\/vc_column][\/vc_row][vc_row el_id=&#8221;preparation-dynamique&#8221;][vc_column][vc_empty_space][elx_heading font_container=&#8221;h1&#8243; text_color=&#8221;orange&#8221; text_align=&#8221;text-center&#8221;]<strong>P\u00e9trins \u00e0 p\u00e2te<\/strong>[\/elx_heading][vc_column_text]<\/p>\n<p style=\"text-align: center;\"><strong>Les p\u00e9trins \u00e0 p\u00e2te sont le meilleur choix pour les boulangeries et les pizzerias. <\/strong>Choisissez parmi une gamme de p\u00e9trins \u00e0 axe oblique et \u00e0 spirale pour la pr\u00e9paration de vos baguettes, pains sp\u00e9ciaux, et p\u00e2tes \u00e0 pizza.<\/p>\n<p>[\/vc_column_text][vc_empty_space][vc_row_inner][vc_column_inner width=&#8221;1\/3&#8243;][elx_heading font_container=&#8221;h5&#8243; text_color=&#8221;inherit&#8221; text_align=&#8221;text-center&#8221;]P\u00e9trins PSR100<br \/>\nSpirale &#8211; 2 vitesses 90L[\/elx_heading][vc_single_image image=&#8221;15076&#8243; img_size=&#8221;medium&#8221; alignment=&#8221;center&#8221; onclick=&#8221;custom_link&#8221; link=&#8221;https:\/\/www.electroluxprofessional.com\/fr\/pd\/pr%C3%A9paration-dynamique\/cutters-m%C3%A9langeurs-%C3%A9mulsionneurs\/k55-cutter-et-%C3%A9mulsionneur-de-table-55-litres\/cutter-m%C3%A9langeur-k55-vitesse-variable-de-300-%C3%A0-3700-tr-mn-cuve-5.5-l-600510\/&#8221;][vc_empty_space height=&#8221;20px&#8221;][\/vc_column_inner][vc_column_inner width=&#8221;1\/3&#8243;][elx_heading font_container=&#8221;h5&#8243; text_color=&#8221;inherit&#8221; text_align=&#8221;text-center&#8221;]P\u00e9trin p\u00e2tissier et pizzeria<br \/>\nCuve 40L (coulage 9L)[\/elx_heading][vc_single_image image=&#8221;15077&#8243; img_size=&#8221;medium&#8221; alignment=&#8221;center&#8221;][vc_empty_space height=&#8221;20px&#8221;][\/vc_column_inner][vc_column_inner width=&#8221;1\/3&#8243;][elx_heading font_container=&#8221;h5&#8243; text_color=&#8221;inherit&#8221; text_align=&#8221;text-center&#8221;]P\u00e9trin spiral cuve 50L<br \/>\n2 Vitesses &#8211; minuterie[\/elx_heading][vc_single_image image=&#8221;15078&#8243; img_size=&#8221;medium&#8221; alignment=&#8221;center&#8221;][vc_empty_space height=&#8221;20px&#8221;][\/vc_column_inner][\/vc_row_inner][elx_button button_text=&#8221;D\u00e9couvrir la gamme de p\u00e9trins&#8221; button_style=&#8221;default&#8221; button_display_block=&#8221;display_block_on&#8221; button_alignment=&#8221;align_center&#8221; button_link=&#8221;url:https%3A%2F%2Fwww.electroluxprofessional.com%2Ffr%2Fequipement-cuisine%2Fpreparation-dynamique%2Fpetrins%2F|target:_blank&#8221;][vc_empty_space][\/vc_column][\/vc_row][vc_row][vc_column][elx_heading font_container=&#8221;h1&#8243; text_color=&#8221;orange&#8221; text_align=&#8221;text-center&#8221;]<strong>Batteurs m\u00e9langeurs<\/strong>[\/elx_heading][vc_column_text]<\/p>\n<p style=\"text-align: center;\"><strong>Performances maximales. Robustes, compacts et puissants.\u00a0<\/strong><br \/>\nLa large gamme de batteurs m\u00e9langeurs est disponible en plusieurs capacit\u00e9s de cuve et permet d&#8217;ajouter facilement les ingr\u00e9dients pendant le fonctionnement.[\/vc_column_text][vc_empty_space][\/vc_column][\/vc_row][vc_row][vc_column width=&#8221;1\/4&#8243;][vc_single_image image=&#8221;14699&#8243; img_size=&#8221;150&#215;300&#8243; alignment=&#8221;center&#8221; onclick=&#8221;custom_link&#8221; link=&#8221;https:\/\/www.electroluxprofessional.com\/fr\/pd\/pr%C3%A9paration-dynamique-:-boulangerie-p%C3%A2tisserie-pizzeria\/batteurs-m%C3%A9langeurs\/40-litres\/mbe40-batteur-40-litres-%C3%A0-variation-de-vitesse-%C3%A9lectronique\/batteurs-m%C3%A9langeurs-mbe40-batteur-40-l-variation-de-vitesse-%C3%A9lectronique-600276\/&#8221;][\/vc_column][vc_column width=&#8221;1\/4&#8243;][elx_heading font_container=&#8221;h5&#8243; text_color=&#8221;inherit&#8221; text_align=&#8221;text-center&#8221;]Batteur m\u00e9langeur<br \/>\nMBE40 Batteur 40 L, variation de vitesse \u00e9lectronique[\/elx_heading][vc_empty_space][\/vc_column][vc_column width=&#8221;1\/4&#8243;][vc_single_image image=&#8221;14682&#8243; img_size=&#8221;200&#215;300&#8243; alignment=&#8221;center&#8221; onclick=&#8221;custom_link&#8221; link=&#8221;https:\/\/www.electroluxprofessional.com\/fr\/pd\/pr%C3%A9paration-dynamique\/batteurs-m%C3%A9langeurs\/5-litres\/be5-batteur-5-litres-%C3%A0-variation-de-vitesse-%C3%A9lectronique\/batteurs-m%C3%A9langeurs-be5-batteur-professionnel-5-l-600192\/&#8221;][\/vc_column][vc_column width=&#8221;1\/4&#8243;][elx_heading font_container=&#8221;h5&#8243; text_color=&#8221;inherit&#8221; text_align=&#8221;text-center&#8221;]Batteur m\u00e9langeur 5L &#8211; Outils INOX<br \/>\nVariation \u00e9lectronique[\/elx_heading][vc_empty_space][\/vc_column][\/vc_row][vc_row][vc_column][vc_empty_space][elx_button button_text=&#8221;D\u00e9couvrir la gamme de batteurs-m\u00e9langeurs&#8221; button_style=&#8221;default&#8221; button_display_block=&#8221;display_block_on&#8221; button_alignment=&#8221;align_center&#8221; button_link=&#8221;url:https%3A%2F%2Fwww.electroluxprofessional.com%2Ffr%2Fequipement-cuisine%2Fpreparation-dynamique%2Fcutter-melangeur-et-emulsionneur%2F|target:_blank&#8221;][\/vc_column][\/vc_row][vc_row][vc_column][vc_empty_space][elx_heading font_container=&#8221;h1&#8243; text_color=&#8221;orange&#8221; text_align=&#8221;text-center&#8221;]<strong>TrinityPro : solution 3 en 1<br \/>\nCoupe-l\u00e9gumes, cutter-m\u00e9langeurs, combin\u00e9s cutter\/coupe-l\u00e9gumes<\/strong>[\/elx_heading][\/vc_column][\/vc_row][vc_row][vc_column][vc_empty_space height=&#8221;20px&#8221;][vc_column_text]<\/p>\n<p style=\"text-align: center;\"><strong>Ergonomique et performant, le nouveau TrinityPro permet de r\u00e9aliser des coupes pr\u00e9cises et mixer rapidement.<\/strong> Avec sa large gamme d&#8217;accessoires, vous serez surpris par toutes ses possibilit\u00e9s !<\/p>\n<p>[\/vc_column_text][vc_empty_space][\/vc_column][\/vc_row][vc_row][vc_column width=&#8221;2\/3&#8243;][vc_single_image image=&#8221;15965&#8243; img_size=&#8221;200&#215;300&#8243; alignment=&#8221;center&#8221; onclick=&#8221;custom_link&#8221; link=&#8221;https:\/\/www.youtube.com\/watch?v=-RUXa6SMJ58&amp;t=2s&#8221;][\/vc_column][vc_column width=&#8221;1\/3&#8243;][vc_row_inner][vc_column_inner width=&#8221;1\/2&#8243;][vc_single_image image=&#8221;15959&#8243; img_size=&#8221;100&#215;100&#8243; alignment=&#8221;center&#8221;][\/vc_column_inner][vc_column_inner width=&#8221;1\/2&#8243;][vc_empty_space height=&#8221;25px&#8221;][vc_column_text]<\/p>\n<p style=\"text-align: center;\">Compact et flexible<\/p>\n<p>[\/vc_column_text][\/vc_column_inner][\/vc_row_inner][vc_empty_space][vc_row_inner][vc_column_inner width=&#8221;1\/2&#8243;][vc_single_image image=&#8221;15961&#8243; img_size=&#8221;100&#215;100&#8243; alignment=&#8221;center&#8221;][\/vc_column_inner][vc_column_inner width=&#8221;1\/2&#8243;][vc_empty_space height=&#8221;25px&#8221;][vc_column_text]<\/p>\n<p style=\"text-align: center;\">Hautes performances<\/p>\n<p>[\/vc_column_text][\/vc_column_inner][\/vc_row_inner][vc_empty_space][vc_row_inner][vc_column_inner width=&#8221;1\/2&#8243;][vc_single_image image=&#8221;15960&#8243; img_size=&#8221;100&#215;100&#8243; alignment=&#8221;center&#8221;][\/vc_column_inner][vc_column_inner width=&#8221;1\/2&#8243;][vc_empty_space height=&#8221;25px&#8221;][vc_column_text]<\/p>\n<p style=\"text-align: center;\">S\u00e9curit\u00e9 d&#8217;utilisation<\/p>\n<p>[\/vc_column_text][\/vc_column_inner][\/vc_row_inner][\/vc_column][\/vc_row][vc_row][vc_column][vc_empty_space][elx_button button_text=&#8221;D\u00e9couvrir le TrinityPro&#8221; button_style=&#8221;default&#8221; button_display_block=&#8221;display_block_on&#8221; button_alignment=&#8221;align_center&#8221; button_link=&#8221;url:https%3A%2F%2Fwww.electroluxprofessional.com%2Ffr%2Fequipement-cuisine%2Fpreparation-dynamique%2Ftrinitypro%2F|target:_blank&#8221;][vc_empty_space][\/vc_column][\/vc_row][vc_row][vc_column][vc_empty_space][elx_button button_text=&#8221;Contacter un expert&#8221; button_display_block=&#8221;display_block_on&#8221; button_alignment=&#8221;align_center&#8221; button_alignment_mobile=&#8221;text-center-mobile&#8221; button_link=&#8221;url:%23contact&#8221;][vc_empty_space][\/vc_column][\/vc_row][vc_row disable_element=&#8221;yes&#8221; el_id=&#8221;functions&#8221;][vc_column width=&#8221;2\/3&#8243;][vc_empty_space][elx_heading font_container=&#8221;h1&#8243; text_color=&#8221;orange&#8221; text_align=&#8221;text-left&#8221;]<strong>Cutters m\u00e9langeurs<\/strong>[\/elx_heading][vc_column_text]<strong>Polyvalents, con\u00e7us pour durer.<\/strong><br \/>\nIndispensables pour la boulangerie \/ p\u00e2tissierie, vous pourrez \u00a0mixer, broyer et moudre toutes vos pr\u00e9parations sucr\u00e9es, et sa polyvalence vous accompagnera dans les pr\u00e9parations de votre offre sal\u00e9e. Il est l\u2019\u00e9quipement id\u00e9al pour valoriser votre savoir-faire tout en r\u00e9alisant des \u00e9conomies.[\/vc_column_text][vc_empty_space][vc_column_text]<\/p>\n<h4><a href=\"https:\/\/www.electroluxprofessional.com\/fr\/equipement-cuisine\/preparation-dynamique\/cutter-melangeur-et-emulsionneur\/\">&gt; En savoir plus<\/a><\/h4>\n<p>[\/vc_column_text][\/vc_column][vc_column width=&#8221;1\/3&#8243;][vc_empty_space][vc_empty_space][vc_single_image image=&#8221;15049&#8243; img_size=&#8221;medium&#8221; alignment=&#8221;center&#8221;][\/vc_column][\/vc_row][vc_row disable_element=&#8221;yes&#8221;][vc_column width=&#8221;1\/3&#8243;][vc_empty_space][vc_single_image image=&#8221;14773&#8243; img_size=&#8221;medium&#8221;][vc_single_image image=&#8221;14774&#8243; img_size=&#8221;medium&#8221;][\/vc_column][vc_column width=&#8221;2\/3&#8243;][elx_heading text_color=&#8221;inherit&#8221;]Des encas savoureux \u00e0 tous les coups[\/elx_heading][vc_column_text]L&#8217;excellence r\u00e9side dans chaque d\u00e9tail : \u00e9paisseur, croustillant, marquage par contact, go\u00fbt et saveur.[\/vc_column_text][elx_heading text_color=&#8221;inherit&#8221;]Pour une satisfaction clients \u00e0 100%[\/elx_heading][vc_column_text]SpeeDelight \u00e9labore une large gamme de pr\u00e9paration : sandwichs, croque-monsieur, tacos, pizzas, p\u00e2tisseries et bien plus encore.[\/vc_column_text][elx_heading text_color=&#8221;inherit&#8221;]Un fort rendement pour plus de b\u00e9n\u00e9fices[\/elx_heading][vc_column_text]SpeeDelight booste votre activit\u00e9 : une vitesse record en comparaison avec les performances d\u2019une presse \u00e0 sandwich traditionnelle.[\/vc_column_text][vc_empty_space][vc_column_text]<\/p>\n<h2><a href=\"https:\/\/www.electroluxprofessional.com\/fr\/equipement-cuisine\/speedelight\/\">&gt; En savoir plus sur SpeeDelight<\/a><\/h2>\n<p>[\/vc_column_text][vc_empty_space][\/vc_column][\/vc_row][vc_row][vc_column][vc_empty_space][\/vc_column][\/vc_row][vc_row][vc_column][vc_empty_space][\/vc_column][\/vc_row][vc_row disable_element=&#8221;yes&#8221;][vc_column][vc_empty_space][vc_row_inner][vc_column_inner width=&#8221;1\/3&#8243;][vc_column_text]<\/p>\n<p style=\"text-align: center;\"><strong>R\u00e9g\u00e9n\u00e9rez 60 petits pains brioch\u00e9s<br \/>\nen seulement<\/strong><strong><br \/>\n3 minutes chaque jour<\/strong>[\/vc_column_text][\/vc_column_inner][vc_column_inner width=&#8221;1\/3&#8243;][vc_column_text]<\/p>\n<p style=\"text-align: center;\"><strong>R\u00e9g\u00e9n\u00e9rez 70kg de pain<br \/>\nen seulement 10 minutes<br \/>\nchaque jour.<\/strong>[\/vc_column_text][\/vc_column_inner][vc_column_inner width=&#8221;1\/3&#8243;][vc_column_text]<\/p>\n<p style=\"text-align: center;\"><strong>Offrez un yaourt fait maison pour le petit-d\u00e9jeuner ou le d\u00e9jeuner.<br \/>\nG\u00e9n\u00e9rez 40 portions \/ plateau.<\/strong>[\/vc_column_text][\/vc_column_inner][\/vc_row_inner][vc_empty_space][\/vc_column][\/vc_row][vc_row el_id=&#8221;contact&#8221;][vc_column][vc_empty_space][elx_heading text_color=&#8221;inherit&#8221; text_align=&#8221;text-center&#8221;]Un projet ou besoin d&#8217;un conseil ? Contactez-nous via notre formulaire[\/elx_heading][vc_empty_space][elx_o2000_contact_us s=&#8221;Demande d&#8217;informations Boulangerie-P\u00e2tisserie-Snacking&#8221; campaign=&#8221;7015p000000PaO6AAK&#8221; country=&#8221;France&#8221; b=&#8221;food&#8221; r=&#8221;Je souhaiterais en savoir plus sur vos solutions Boulangerie-P\u00e2tisserie-Snacking&#8221; l=&#8221;fr&#8221;][\/vc_column][\/vc_row][vc_row][vc_column][elx_heading text_color=&#8221;inherit&#8221;]D\u00e9couvrez nos solutions en vid\u00e9o ![\/elx_heading][\/vc_column][\/vc_row][vc_row][vc_column width=&#8221;1\/2&#8243;][vc_empty_space][elx_video_block background_image=&#8221;14772&#8243; video_link=&#8221;https:\/\/www.youtube.com\/watch?v=2qQmmlx6iB0&#8243; minimum_height=&#8221;300px&#8221;][vc_empty_space][vc_column_text]D\u00e9couvrez le SpeeDelight[\/vc_column_text][\/vc_column][vc_column width=&#8221;1\/2&#8243;][vc_empty_space][elx_video_block background_image=&#8221;15261&#8243; video_link=&#8221;https:\/\/www.youtube.com\/watch?v=6FDkEJQ3AW4&#8243; minimum_height=&#8221;300px&#8221;][vc_empty_space][vc_column_text]D\u00e9couvrez la cuisson des baguettes dans le four SkyLine[\/vc_column_text][\/vc_column][\/vc_row]<\/p>\n","protected":false},"excerpt":{"rendered":"<p>[vc_row full_width=&#8221;stretch_row_content&#8221; css=&#8221;.vc_custom_1621838386138{margin-top: -30px !important;border-top-width: -30px !important;padding-top: -30px !important;}&#8221;][vc_column][elx_full_banner title=&#8221;Boulangerie &#8211; P\u00e2tisserie Snacking&#8221; set_as_h1=&#8221;true&#8221; link=&#8221;url:%23contact|title:Demandez%20conseil%20%C3%A0%20un%20expert&#8221; background_image_media_library=&#8221;15052&#8243; background_image_media_library_mobile=&#8221;15053&#8243;][\/vc_column][\/vc_row][vc_row][vc_column][elx_menu menu_name=&#8221;Menu page boul-p\u00e2t&#8221;][vc_empty_space height=&#8221;15px&#8221;][vc_column_text] Vous \u00eates boulanger, p\u00e2tissier ou restaurateur et recherchez des \u00e9quipements professionnels de snacking performants ? D\u00e9couvrez notre large gamme de fours, batteurs et solutions de snacking con\u00e7ues pour optimiser votre production. Nos \u00e9quipements allient [&hellip;]<\/p>\n","protected":false},"author":93,"featured_media":15295,"parent":2593,"menu_order":0,"comment_status":"closed","ping_status":"closed","template":"","meta":{"footnotes":""},"class_list":["post-14664","page","type-page","status-publish","has-post-thumbnail","hentry"],"acf":[],"yoast_head":"<!-- This site is optimized with the Yoast SEO plugin v23.3 - https:\/\/yoast.com\/wordpress\/plugins\/seo\/ -->\n<title>Cuisine Snacking Boulangerie Traiteur | Electrolux Professional<\/title>\n<meta name=\"description\" content=\"D\u00e9couvrez nos solutions compl\u00e8tes de snacking, boulangerie et traiteur. \u00c9quipements professionnels performants pour optimiser votre production culinaire.\" \/>\n<meta name=\"robots\" content=\"index, follow, max-snippet:-1, max-image-preview:large, max-video-preview:-1\" \/>\n<link rel=\"canonical\" href=\"https:\/\/www.electroluxprofessional.com\/fr\/solutions\/boulangerie-patisserie-snacking\/\" \/>\n<meta property=\"og:locale\" content=\"fr_FR\" \/>\n<meta property=\"og:type\" content=\"article\" \/>\n<meta property=\"og:title\" content=\"Boulangeries, p\u00e2tisseries, snacks : boostez votre activit\u00e9 !\" \/>\n<meta property=\"og:description\" content=\"Electrolux Professional propose une gamme compl\u00e8te de solutions professionnelles sp\u00e9cifiquement con\u00e7ues pour la boulangerie, la p\u00e2tisserie et le snacking.\" \/>\n<meta property=\"og:url\" content=\"https:\/\/www.electroluxprofessional.com\/fr\/solutions\/boulangerie-patisserie-snacking\/\" \/>\n<meta property=\"og:site_name\" content=\"Electrolux Professional France\" \/>\n<meta property=\"article:modified_time\" content=\"2026-03-17T15:29:40+00:00\" \/>\n<meta property=\"og:image\" content=\"https:\/\/www.electroluxprofessional.com\/fr\/wp-content\/uploads\/2021\/05\/boulangerie.jpg\" \/>\n\t<meta property=\"og:image:width\" content=\"1920\" \/>\n\t<meta property=\"og:image:height\" content=\"580\" \/>\n\t<meta property=\"og:image:type\" content=\"image\/jpeg\" \/>\n<meta name=\"twitter:card\" content=\"summary_large_image\" \/>\n<meta name=\"twitter:label1\" content=\"Dur\u00e9e de lecture estim\u00e9e\" \/>\n\t<meta name=\"twitter:data1\" content=\"7 minutes\" \/>\n<script type=\"application\/ld+json\" class=\"yoast-schema-graph\">{\"@context\":\"https:\/\/schema.org\",\"@graph\":[{\"@type\":\"WebPage\",\"@id\":\"https:\/\/www.electroluxprofessional.com\/fr\/solutions\/boulangerie-patisserie-snacking\/\",\"url\":\"https:\/\/www.electroluxprofessional.com\/fr\/solutions\/boulangerie-patisserie-snacking\/\",\"name\":\"Cuisine Snacking Boulangerie Traiteur | Electrolux Professional\",\"isPartOf\":{\"@id\":\"https:\/\/www.electroluxprofessional.com\/fr\/#website\"},\"primaryImageOfPage\":{\"@id\":\"https:\/\/www.electroluxprofessional.com\/fr\/solutions\/boulangerie-patisserie-snacking\/#primaryimage\"},\"image\":{\"@id\":\"https:\/\/www.electroluxprofessional.com\/fr\/solutions\/boulangerie-patisserie-snacking\/#primaryimage\"},\"thumbnailUrl\":\"https:\/\/www.electroluxprofessional.com\/fr\/wp-content\/uploads\/2021\/06\/boulangerie.jpg\",\"datePublished\":\"2021-04-29T16:22:18+00:00\",\"dateModified\":\"2026-03-17T15:29:40+00:00\",\"description\":\"D\u00e9couvrez nos solutions compl\u00e8tes de snacking, boulangerie et traiteur. \u00c9quipements professionnels performants pour optimiser votre production culinaire.\",\"breadcrumb\":{\"@id\":\"https:\/\/www.electroluxprofessional.com\/fr\/solutions\/boulangerie-patisserie-snacking\/#breadcrumb\"},\"inLanguage\":\"fr-FR\",\"potentialAction\":[{\"@type\":\"ReadAction\",\"target\":[\"https:\/\/www.electroluxprofessional.com\/fr\/solutions\/boulangerie-patisserie-snacking\/\"]}]},{\"@type\":\"ImageObject\",\"inLanguage\":\"fr-FR\",\"@id\":\"https:\/\/www.electroluxprofessional.com\/fr\/solutions\/boulangerie-patisserie-snacking\/#primaryimage\",\"url\":\"https:\/\/www.electroluxprofessional.com\/fr\/wp-content\/uploads\/2021\/06\/boulangerie.jpg\",\"contentUrl\":\"https:\/\/www.electroluxprofessional.com\/fr\/wp-content\/uploads\/2021\/06\/boulangerie.jpg\",\"width\":1920,\"height\":580,\"caption\":\"boulangerie\"},{\"@type\":\"BreadcrumbList\",\"@id\":\"https:\/\/www.electroluxprofessional.com\/fr\/solutions\/boulangerie-patisserie-snacking\/#breadcrumb\",\"itemListElement\":[{\"@type\":\"ListItem\",\"position\":1,\"name\":\"Home\",\"item\":\"https:\/\/www.electroluxprofessional.com\/fr\/\"},{\"@type\":\"ListItem\",\"position\":2,\"name\":\"Solutions\",\"item\":\"https:\/\/www.electroluxprofessional.com\/fr\/solutions\/\"},{\"@type\":\"ListItem\",\"position\":3,\"name\":\"Boulangerie-P\u00e2tisserie-Snacking\"}]},{\"@type\":\"WebSite\",\"@id\":\"https:\/\/www.electroluxprofessional.com\/fr\/#website\",\"url\":\"https:\/\/www.electroluxprofessional.com\/fr\/\",\"name\":\"Electrolux Professional France\",\"description\":\"\",\"potentialAction\":[{\"@type\":\"SearchAction\",\"target\":{\"@type\":\"EntryPoint\",\"urlTemplate\":\"https:\/\/www.electroluxprofessional.com\/fr\/?src={search_term_string}\"},\"query-input\":\"required name=search_term_string\"}],\"inLanguage\":\"fr-FR\"}]}<\/script>\n<!-- \/ Yoast SEO plugin. -->","yoast_head_json":{"title":"Cuisine Snacking Boulangerie Traiteur | Electrolux Professional","description":"D\u00e9couvrez nos solutions compl\u00e8tes de snacking, boulangerie et traiteur. \u00c9quipements professionnels performants pour optimiser votre production culinaire.","robots":{"index":"index","follow":"follow","max-snippet":"max-snippet:-1","max-image-preview":"max-image-preview:large","max-video-preview":"max-video-preview:-1"},"canonical":"https:\/\/www.electroluxprofessional.com\/fr\/solutions\/boulangerie-patisserie-snacking\/","og_locale":"fr_FR","og_type":"article","og_title":"Boulangeries, p\u00e2tisseries, snacks : boostez votre activit\u00e9 !","og_description":"Electrolux Professional propose une gamme compl\u00e8te de solutions professionnelles sp\u00e9cifiquement con\u00e7ues pour la boulangerie, la p\u00e2tisserie et le snacking.","og_url":"https:\/\/www.electroluxprofessional.com\/fr\/solutions\/boulangerie-patisserie-snacking\/","og_site_name":"Electrolux Professional France","article_modified_time":"2026-03-17T15:29:40+00:00","og_image":[{"width":1920,"height":580,"url":"https:\/\/www.electroluxprofessional.com\/fr\/wp-content\/uploads\/2021\/05\/boulangerie.jpg","type":"image\/jpeg"}],"twitter_card":"summary_large_image","twitter_misc":{"Dur\u00e9e de lecture estim\u00e9e":"7 minutes"},"schema":{"@context":"https:\/\/schema.org","@graph":[{"@type":"WebPage","@id":"https:\/\/www.electroluxprofessional.com\/fr\/solutions\/boulangerie-patisserie-snacking\/","url":"https:\/\/www.electroluxprofessional.com\/fr\/solutions\/boulangerie-patisserie-snacking\/","name":"Cuisine Snacking Boulangerie Traiteur | Electrolux Professional","isPartOf":{"@id":"https:\/\/www.electroluxprofessional.com\/fr\/#website"},"primaryImageOfPage":{"@id":"https:\/\/www.electroluxprofessional.com\/fr\/solutions\/boulangerie-patisserie-snacking\/#primaryimage"},"image":{"@id":"https:\/\/www.electroluxprofessional.com\/fr\/solutions\/boulangerie-patisserie-snacking\/#primaryimage"},"thumbnailUrl":"https:\/\/www.electroluxprofessional.com\/fr\/wp-content\/uploads\/2021\/06\/boulangerie.jpg","datePublished":"2021-04-29T16:22:18+00:00","dateModified":"2026-03-17T15:29:40+00:00","description":"D\u00e9couvrez nos solutions compl\u00e8tes de snacking, boulangerie et traiteur. \u00c9quipements professionnels performants pour optimiser votre production culinaire.","breadcrumb":{"@id":"https:\/\/www.electroluxprofessional.com\/fr\/solutions\/boulangerie-patisserie-snacking\/#breadcrumb"},"inLanguage":"fr-FR","potentialAction":[{"@type":"ReadAction","target":["https:\/\/www.electroluxprofessional.com\/fr\/solutions\/boulangerie-patisserie-snacking\/"]}]},{"@type":"ImageObject","inLanguage":"fr-FR","@id":"https:\/\/www.electroluxprofessional.com\/fr\/solutions\/boulangerie-patisserie-snacking\/#primaryimage","url":"https:\/\/www.electroluxprofessional.com\/fr\/wp-content\/uploads\/2021\/06\/boulangerie.jpg","contentUrl":"https:\/\/www.electroluxprofessional.com\/fr\/wp-content\/uploads\/2021\/06\/boulangerie.jpg","width":1920,"height":580,"caption":"boulangerie"},{"@type":"BreadcrumbList","@id":"https:\/\/www.electroluxprofessional.com\/fr\/solutions\/boulangerie-patisserie-snacking\/#breadcrumb","itemListElement":[{"@type":"ListItem","position":1,"name":"Home","item":"https:\/\/www.electroluxprofessional.com\/fr\/"},{"@type":"ListItem","position":2,"name":"Solutions","item":"https:\/\/www.electroluxprofessional.com\/fr\/solutions\/"},{"@type":"ListItem","position":3,"name":"Boulangerie-P\u00e2tisserie-Snacking"}]},{"@type":"WebSite","@id":"https:\/\/www.electroluxprofessional.com\/fr\/#website","url":"https:\/\/www.electroluxprofessional.com\/fr\/","name":"Electrolux Professional France","description":"","potentialAction":[{"@type":"SearchAction","target":{"@type":"EntryPoint","urlTemplate":"https:\/\/www.electroluxprofessional.com\/fr\/?src={search_term_string}"},"query-input":"required name=search_term_string"}],"inLanguage":"fr-FR"}]}},"_links":{"self":[{"href":"https:\/\/www.electroluxprofessional.com\/fr\/wp-json\/wp\/v2\/pages\/14664"}],"collection":[{"href":"https:\/\/www.electroluxprofessional.com\/fr\/wp-json\/wp\/v2\/pages"}],"about":[{"href":"https:\/\/www.electroluxprofessional.com\/fr\/wp-json\/wp\/v2\/types\/page"}],"author":[{"embeddable":true,"href":"https:\/\/www.electroluxprofessional.com\/fr\/wp-json\/wp\/v2\/users\/93"}],"replies":[{"embeddable":true,"href":"https:\/\/www.electroluxprofessional.com\/fr\/wp-json\/wp\/v2\/comments?post=14664"}],"version-history":[{"count":143,"href":"https:\/\/www.electroluxprofessional.com\/fr\/wp-json\/wp\/v2\/pages\/14664\/revisions"}],"predecessor-version":[{"id":31179,"href":"https:\/\/www.electroluxprofessional.com\/fr\/wp-json\/wp\/v2\/pages\/14664\/revisions\/31179"}],"up":[{"embeddable":true,"href":"https:\/\/www.electroluxprofessional.com\/fr\/wp-json\/wp\/v2\/pages\/2593"}],"wp:featuredmedia":[{"embeddable":true,"href":"https:\/\/www.electroluxprofessional.com\/fr\/wp-json\/wp\/v2\/media\/15295"}],"wp:attachment":[{"href":"https:\/\/www.electroluxprofessional.com\/fr\/wp-json\/wp\/v2\/media?parent=14664"}],"curies":[{"name":"wp","href":"https:\/\/api.w.org\/{rel}","templated":true}]}}