{"id":8928,"date":"2020-02-05T17:00:52","date_gmt":"2020-02-05T15:00:52","guid":{"rendered":"https:\/\/www.electroluxprofessional.com\/?page_id=29159"},"modified":"2020-12-07T18:13:56","modified_gmt":"2020-12-07T18:13:56","slug":"haccp","status":"publish","type":"page","link":"https:\/\/www.electroluxprofessional.com\/fr-be\/haccp\/","title":{"rendered":"HACCP"},"content":{"rendered":"<p>[vc_row full_width=&#8221;electroluxpro-full-width-no-padding&#8221;][vc_column][elx_hero_slider label_text_color=&#8221;inherit&#8221; images=&#8221;8927&#8243;][elx_heading font_container=&#8221;h1&#8243; text_color=&#8221;inherit&#8221;]HACCP[\/elx_heading][vc_column_text]Le syst\u00e8me d\u2019analyse des dangers et points critiques pour leur ma\u00eetrise \u2014 Hazard Analysis and Critical Control Point ou HACCP \u2014 est une m\u00e9thode permettant d\u2019\u00e9valuer les risques li\u00e9s \u00e0 un produit ou \u00e0 un processus et de les ma\u00eetriser en prenant les mesures n\u00e9cessaires.[\/vc_column_text][\/elx_hero_slider][\/vc_column][\/vc_row][vc_row][vc_column width=&#8221;1\/2&#8243;][vc_empty_space][elx_heading text_color=&#8221;inherit&#8221; text_align=&#8221;text-left&#8221;]Electrolux Professional respecte l\u2019HACCP depuis 1998.[\/elx_heading][vc_empty_space][vc_column_text]<\/p>\n<h3 style=\"text-align: left;\">De quoi s&#8217;agit-il?<\/h3>\n<p>[\/vc_column_text][vc_empty_space][vc_column_text]Lorsqu\u2019<strong>une maladie ou une infection survient<\/strong> dans un \u00e9tablissement qui pr\u00e9pare ou sert de la nourriture, les fonctions HACCP des <strong>appareils Electrolux Professional permettent d\u2019en identifier la source et\/ou de l\u2019\u00e9liminer<\/strong>.[\/vc_column_text][\/vc_column][vc_column width=&#8221;1\/2&#8243;][vc_empty_space][elx_image_block background_image=&#8221;654&#8243; vert_back_position=&#8221;top&#8221; minimum_height=&#8221;400px&#8221;][\/vc_column][\/vc_row][vc_row full_width=&#8221;electroluxpro-full-width-no-padding&#8221; equal_height=&#8221;yes&#8221;][vc_column width=&#8221;1\/2&#8243;][elx_image_block background_image=&#8221;7083&#8243; vert_back_position=&#8221;top&#8221; minimum_height=&#8221;598px&#8221;][\/vc_column][vc_column width=&#8221;1\/2&#8243;][elx_simple_block][elx_heading text_color=&#8221;inherit&#8221;]Cuisson \u2013 Electrolux Professional Touchline four mixte[\/elx_heading][vc_column_text css_animation=&#8221;right-to-left&#8221;]<strong>La fonction Food Safe Control garantit une s\u00e9curit\u00e9 alimentaire totale, en conformit\u00e9 avec les normes HACCP.<\/strong>\u00a0Il vous suffit de s\u00e9lectionner la cat\u00e9gorie d\u2019aliments\u00a0: la fonction Food Safe Control se charge du reste. Elle assure une surveillance tout au long du processus de pr\u00e9paration.\u00a0 Lorsque la sonde \u00e0 six capteurs Food Safe Control est activ\u00e9e, le Touchline \u00e9value si les aliments sont pr\u00e9par\u00e9s correctement et si le niveau de s\u00e9curit\u00e9 alimentaire est suffisant.[\/vc_column_text][elx_button button_text=&#8221;Cook&amp;Chill&#8221; button_style=&#8221;icon&#8221; button_link=&#8221;url:https%3A%2F%2Fwww.electroluxprofessional.com%2Ffr-be%2Fcuisine%2Fcook-and-chill%2F|title:Cook%20and%20Chill||&#8221;][\/elx_simple_block][\/vc_column][\/vc_row][vc_row][vc_column][vc_empty_space height=&#8221;50px&#8221;][vc_row_inner][vc_column_inner width=&#8221;1\/2&#8243;][vc_single_image image=&#8221;8925&#8243; img_size=&#8221;full&#8221;][vc_column_text]<\/p>\n<h2>Securit\u00e9 alimentaire<\/h2>\n<p>Aucun compromis entre qualit\u00e9 de cuisson et s\u00e9curit\u00e9 avec Food Safe Control. En ins\u00e9rant le Multiprobe \u00e0 6 capteurs , SkyLine Premium S garantit une cuisson parfaite de mani\u00e8re automatis\u00e9e et tout en respectant les normes HACCP.[\/vc_column_text][vc_empty_space][vc_single_image image=&#8221;8926&#8243; img_size=&#8221;full&#8221;][vc_column_text]<\/p>\n<h6>*Food Safe Control &#8211; patent US6818865B2 and related family.<\/h6>\n<p>[\/vc_column_text][\/vc_column_inner][vc_column_inner width=&#8221;1\/2&#8243;][vc_single_image image=&#8221;8925&#8243; img_size=&#8221;full&#8221;][vc_column_text]<\/p>\n<h2>Des aliments toujours plus s\u00fbrs<\/h2>\n<p>Conformit\u00e9 facile aux r\u00e9glementations HACCP et de s\u00e9curit\u00e9 alimentaire. Le refroidissement rapide signifie que les bact\u00e9ries n&#8217;ont pas la chance de prolif\u00e9rer car les aliments (m\u00eame en sortant directement du four avec SkyDuo) sont rapidement refroidis dans un environnement \u00e0 pr\u00e9cision contr\u00f4l\u00e9e.<\/p>\n<p>Il faut moins de 90 minutes pour abaisser la temp\u00e9rature centrale des aliments de 70 \u00b0 C \u00e0 3 \u00b0 C, ou 240 minutes pour atteindre -18 \u00b0 C pour la cong\u00e9lation. Ne cassez pas le processus Cook &amp; Chill. Passez directement du four \u00e0 SkyLine Chill S sans devoir laisser les aliments refroidir \u00e0 temp\u00e9rature ambiante.[\/vc_column_text][\/vc_column_inner][\/vc_row_inner][\/vc_column][\/vc_row][vc_row full_width=&#8221;electroluxpro-full-width-no-padding&#8221; equal_height=&#8221;yes&#8221;][vc_column width=&#8221;1\/2&#8243;][elx_image_block background_image=&#8221;8923&#8243; vert_back_position=&#8221;top&#8221; minimum_height=&#8221;500px&#8221;][\/vc_column][vc_column width=&#8221;1\/2&#8243;][elx_simple_block][elx_heading font_container=&#8221;h3&#8243; text_color=&#8221;inherit&#8221;]Conservation \u2013 R\u00e9frig\u00e9ration Electrolux Professional \u2013 ecostore Touch[\/elx_heading][vc_column_text css_animation=&#8221;right-to-left&#8221;]<strong>La zone de contr\u00f4le HACCP de l\u2019affichage Touch v\u00e9rifie et enregistre constamment la temp\u00e9rature et les \u00e9ventuels \u00e9carts.<\/strong><\/p>\n<p>Durant la r\u00e9frig\u00e9ration, un graphique affiche tous les maxima et les minima de temp\u00e9rature.\u00a0 Ces donn\u00e9es peuvent \u00e9galement \u00eatre t\u00e9l\u00e9charg\u00e9es via USB et sauvegard\u00e9es pour produire des rapports.[\/vc_column_text][elx_button button_text=&#8221;Armoires r\u00e9frig\u00e9r\u00e9es&#8221; button_style=&#8221;icon&#8221; button_link=&#8221;url:https%3A%2F%2Fwww.electroluxprofessional.com%2Ffr-be%2Fcuisine%2Farmoires-refrigerees-positives-negatives%2F|title:Armoires%20r%C3%A9frig%C3%A9r%C3%A9es||&#8221;][elx_button button_text=&#8221;Tables r\u00e9frig\u00e9r\u00e9es&#8221; button_style=&#8221;icon&#8221; button_link=&#8221;url:https%3A%2F%2Fwww.electroluxprofessional.com%2Ffr-be%2Fcuisine%2Ftables-refrigerees%2F|title:Tables%20r%C3%A9frig%C3%A9r%C3%A9es||&#8221;][\/elx_simple_block][\/vc_column][\/vc_row][vc_row][vc_column][vc_empty_space][\/vc_column][\/vc_row][vc_row][vc_column][elx_heading font_container=&#8221;h3&#8243; text_color=&#8221;inherit&#8221;]<\/p>\n<h2 class=\"customHeaderV2 bp3\" style=\"text-align: center;\">Dans le domaine de l\u2019hygi\u00e8ne dans les laveries, Electrolux Professional a atteint une \u00e9tape essentielle \u00e0 l\u2019\u00e9chelle mondiale. Electrolux Professional est le premier fabricant de solutions de blanchisserie \u00e0 \u00eatre certifi\u00e9 HACCP International<\/h2>\n<h2 class=\"customHeaderV2 bp3\" style=\"text-align: center;\"><\/h2>\n<p>[\/elx_heading][\/vc_column][\/vc_row][vc_row full_width=&#8221;electroluxpro-full-width-no-padding&#8221;][vc_column][vc_empty_space][\/vc_column][\/vc_row][vc_row][vc_column width=&#8221;1\/2&#8243;][vc_single_image image=&#8221;8089&#8243; img_size=&#8221;full&#8221; alignment=&#8221;center&#8221;][vc_empty_space][vc_column_text]<\/p>\n<h3>Regarder comment nous pouvons rendre<\/h3>\n<h3>votre entreprise s\u00fbr et rendable.<\/h3>\n<p>[\/vc_column_text][vc_empty_space][elx_video_block background_image=&#8221;8924&#8243; video_link=&#8221;https:\/\/www.youtube.com\/watch?v=-ATQgfZH67Q&#8221; minimum_height=&#8221;280px&#8221;][vc_empty_space][\/vc_column][vc_column width=&#8221;1\/2&#8243;][elx_heading font_container=&#8221;h3&#8243; text_color=&#8221;inherit&#8221;]Les programmes de lavage professionnels sont essentiels pour d\u00e9sinfecter tous les v\u00eatements et linge utilis\u00e9s dans les op\u00e9rations de fabrication des aliments.[\/elx_heading][vc_column_text]Comme la solution de buanderie Line 5000, les appareils Line 6000 d&#8217;Electrolux Professional respectent les proc\u00e9dures HACCP les plus strictes: les laveuses et les s\u00e9cheuses commerciales de la gamme (ainsi que les laveuses \u00e0 barri\u00e8re, les repasseuses et les solutions de montage) sont la premi\u00e8re &#8211; et actuellement, seule &#8211; lessive solutions certifi\u00e9es par HACCP International. Electrolux Professional devient le premier et actuellement le seul fabricant de blanchisserie certifi\u00e9 HACCP International. Outre les laveuses \u00e0 chargement frontal, les laveuses \u00e0 barri\u00e8re, les repasseuses et les solutions de montage ont \u00e9galement obtenu l&#8217;accr\u00e9ditation.[\/vc_column_text][vc_row_inner][vc_column_inner width=&#8221;1\/2&#8243;][vc_empty_space][vc_empty_space][vc_empty_space][vc_empty_space][vc_column_text]D\u2019abord octroy\u00e9 \u00e0 la Line\u00a05000 au Royaume-Uni, ce certificat est valable dans le monde entier depuis juin 2015.[\/vc_column_text][vc_empty_space][elx_button button_text=&#8221;Plus d&#8217;infos sur HACCP INTERNATIONAL&#8221; button_style=&#8221;icon&#8221; button_link=&#8221;url:https%3A%2F%2Fhaccp-international.com%2F|title:haccp%20international|target:%20_blank|&#8221;][\/vc_column_inner][vc_column_inner width=&#8221;1\/2&#8243;][vc_empty_space][vc_empty_space][vc_empty_space][vc_empty_space][vc_single_image image=&#8221;657&#8243; img_size=&#8221;250&#215;250&#8243; alignment=&#8221;center&#8221;][vc_empty_space][\/vc_column_inner][\/vc_row_inner][\/vc_column][\/vc_row][vc_row][vc_column][vc_column_text]<\/p>\n<h2>En savoir plus<\/h2>\n<p>[\/vc_column_text][elx_o2000_contact_us r=&#8221;J&#8217;aimerais avoir plus d&#8217;infos sur HACCP&#8221; s=&#8221;Demande d&#8217;infos HACCP&#8221; country=&#8221;Belgium&#8221; l=&#8221;fr-be&#8221;][vc_empty_space css=&#8221;.vc_custom_1464077755704{background-color: #eaeef2 !important;}&#8221;][\/vc_column][\/vc_row]<\/p>\n","protected":false},"excerpt":{"rendered":"<p>[vc_row full_width=&#8221;electroluxpro-full-width-no-padding&#8221;][vc_column][elx_hero_slider label_text_color=&#8221;inherit&#8221; images=&#8221;8927&#8243;][elx_heading font_container=&#8221;h1&#8243; text_color=&#8221;inherit&#8221;]HACCP[\/elx_heading][vc_column_text]Le syst\u00e8me d\u2019analyse des dangers et points critiques pour leur ma\u00eetrise \u2014 Hazard Analysis and Critical Control Point ou HACCP \u2014 est une m\u00e9thode permettant d\u2019\u00e9valuer les risques li\u00e9s \u00e0 un produit ou \u00e0 un processus et de les ma\u00eetriser en prenant les mesures n\u00e9cessaires.[\/vc_column_text][\/elx_hero_slider][\/vc_column][\/vc_row][vc_row][vc_column width=&#8221;1\/2&#8243;][vc_empty_space][elx_heading text_color=&#8221;inherit&#8221; text_align=&#8221;text-left&#8221;]Electrolux Professional respecte [&hellip;]<\/p>\n","protected":false},"author":38,"featured_media":657,"parent":0,"menu_order":0,"comment_status":"closed","ping_status":"closed","template":"","meta":{"footnotes":""},"class_list":["post-8928","page","type-page","status-publish","has-post-thumbnail","hentry"],"acf":[],"yoast_head":"<!-- This site is optimized with the Yoast SEO plugin v23.3 - https:\/\/yoast.com\/wordpress\/plugins\/seo\/ -->\n<title>HACCP proc\u00e9dure contre la contamination<\/title>\n<meta name=\"description\" content=\"La proc\u00e9dure HACCP - Analyse des risques et ma\u00eetrise des points critiques - est un moyen d&#039;\u00e9valuer les risques inh\u00e9rents attribuables \u00e0 un produit ou un processus.\" \/>\n<meta name=\"robots\" content=\"index, follow, max-snippet:-1, max-image-preview:large, max-video-preview:-1\" \/>\n<link rel=\"canonical\" href=\"https:\/\/www.electroluxprofessional.com\/fr-be\/haccp\/\" \/>\n<meta property=\"og:locale\" content=\"fr_FR\" \/>\n<meta property=\"og:type\" content=\"article\" \/>\n<meta property=\"og:title\" content=\"HACCP proc\u00e9dure contre la contamination\" \/>\n<meta property=\"og:description\" content=\"La proc\u00e9dure HACCP - Analyse des risques et ma\u00eetrise des points critiques - est un moyen d&#039;\u00e9valuer les risques inh\u00e9rents attribuables \u00e0 un produit ou un processus.\" \/>\n<meta property=\"og:url\" content=\"https:\/\/www.electroluxprofessional.com\/fr-be\/haccp\/\" \/>\n<meta property=\"og:site_name\" content=\"Electrolux Professional Belgique\" \/>\n<meta property=\"article:modified_time\" content=\"2020-12-07T18:13:56+00:00\" \/>\n<meta property=\"og:image\" content=\"https:\/\/www.electroluxprofessional.com\/fr-be\/wp-content\/uploads\/2016\/05\/haccp-logo.jpg\" \/>\n\t<meta property=\"og:image:width\" content=\"600\" \/>\n\t<meta property=\"og:image:height\" content=\"601\" \/>\n\t<meta property=\"og:image:type\" content=\"image\/jpeg\" \/>\n<meta name=\"twitter:card\" content=\"summary_large_image\" \/>\n<meta name=\"twitter:label1\" content=\"Dur\u00e9e de lecture est.\" \/>\n\t<meta name=\"twitter:data1\" content=\"6 minutes\" \/>\n<script type=\"application\/ld+json\" class=\"yoast-schema-graph\">{\"@context\":\"https:\/\/schema.org\",\"@graph\":[{\"@type\":\"WebPage\",\"@id\":\"https:\/\/www.electroluxprofessional.com\/fr-be\/haccp\/\",\"url\":\"https:\/\/www.electroluxprofessional.com\/fr-be\/haccp\/\",\"name\":\"HACCP proc\u00e9dure contre la contamination\",\"isPartOf\":{\"@id\":\"https:\/\/www.electroluxprofessional.com\/fr-be\/#website\"},\"primaryImageOfPage\":{\"@id\":\"https:\/\/www.electroluxprofessional.com\/fr-be\/haccp\/#primaryimage\"},\"image\":{\"@id\":\"https:\/\/www.electroluxprofessional.com\/fr-be\/haccp\/#primaryimage\"},\"thumbnailUrl\":\"https:\/\/www.electroluxprofessional.com\/fr-be\/wp-content\/uploads\/2016\/05\/haccp-logo.jpg\",\"datePublished\":\"2020-02-05T15:00:52+00:00\",\"dateModified\":\"2020-12-07T18:13:56+00:00\",\"description\":\"La proc\u00e9dure HACCP - Analyse des risques et ma\u00eetrise des points critiques - est un moyen d'\u00e9valuer les risques inh\u00e9rents attribuables \u00e0 un produit ou un processus.\",\"breadcrumb\":{\"@id\":\"https:\/\/www.electroluxprofessional.com\/fr-be\/haccp\/#breadcrumb\"},\"inLanguage\":\"fr-BE\",\"potentialAction\":[{\"@type\":\"ReadAction\",\"target\":[\"https:\/\/www.electroluxprofessional.com\/fr-be\/haccp\/\"]}]},{\"@type\":\"ImageObject\",\"inLanguage\":\"fr-BE\",\"@id\":\"https:\/\/www.electroluxprofessional.com\/fr-be\/haccp\/#primaryimage\",\"url\":\"https:\/\/www.electroluxprofessional.com\/fr-be\/wp-content\/uploads\/2016\/05\/haccp-logo.jpg\",\"contentUrl\":\"https:\/\/www.electroluxprofessional.com\/fr-be\/wp-content\/uploads\/2016\/05\/haccp-logo.jpg\",\"width\":600,\"height\":601,\"caption\":\"haccp international programm certification food safety\"},{\"@type\":\"BreadcrumbList\",\"@id\":\"https:\/\/www.electroluxprofessional.com\/fr-be\/haccp\/#breadcrumb\",\"itemListElement\":[{\"@type\":\"ListItem\",\"position\":1,\"name\":\"Home\",\"item\":\"https:\/\/www.electroluxprofessional.com\/fr-be\/\"},{\"@type\":\"ListItem\",\"position\":2,\"name\":\"HACCP\"}]},{\"@type\":\"WebSite\",\"@id\":\"https:\/\/www.electroluxprofessional.com\/fr-be\/#website\",\"url\":\"https:\/\/www.electroluxprofessional.com\/fr-be\/\",\"name\":\"Electrolux Professional Belgique\",\"description\":\"Electrolux Professional est le leader mondial en mati\u00e8re d&#039;\u00e9quipements de cuisines et de blanchisseries professionnelles.\",\"potentialAction\":[{\"@type\":\"SearchAction\",\"target\":{\"@type\":\"EntryPoint\",\"urlTemplate\":\"https:\/\/www.electroluxprofessional.com\/fr-be\/?src={search_term_string}\"},\"query-input\":\"required name=search_term_string\"}],\"inLanguage\":\"fr-BE\"}]}<\/script>\n<!-- \/ Yoast SEO plugin. -->","yoast_head_json":{"title":"HACCP proc\u00e9dure contre la contamination","description":"La proc\u00e9dure HACCP - Analyse des risques et ma\u00eetrise des points critiques - est un moyen d'\u00e9valuer les risques inh\u00e9rents attribuables \u00e0 un produit ou un processus.","robots":{"index":"index","follow":"follow","max-snippet":"max-snippet:-1","max-image-preview":"max-image-preview:large","max-video-preview":"max-video-preview:-1"},"canonical":"https:\/\/www.electroluxprofessional.com\/fr-be\/haccp\/","og_locale":"fr_FR","og_type":"article","og_title":"HACCP proc\u00e9dure contre la contamination","og_description":"La proc\u00e9dure HACCP - Analyse des risques et ma\u00eetrise des points critiques - est un moyen d'\u00e9valuer les risques inh\u00e9rents attribuables \u00e0 un produit ou un processus.","og_url":"https:\/\/www.electroluxprofessional.com\/fr-be\/haccp\/","og_site_name":"Electrolux Professional Belgique","article_modified_time":"2020-12-07T18:13:56+00:00","og_image":[{"width":600,"height":601,"url":"https:\/\/www.electroluxprofessional.com\/fr-be\/wp-content\/uploads\/2016\/05\/haccp-logo.jpg","type":"image\/jpeg"}],"twitter_card":"summary_large_image","twitter_misc":{"Dur\u00e9e de lecture est.":"6 minutes"},"schema":{"@context":"https:\/\/schema.org","@graph":[{"@type":"WebPage","@id":"https:\/\/www.electroluxprofessional.com\/fr-be\/haccp\/","url":"https:\/\/www.electroluxprofessional.com\/fr-be\/haccp\/","name":"HACCP proc\u00e9dure contre la contamination","isPartOf":{"@id":"https:\/\/www.electroluxprofessional.com\/fr-be\/#website"},"primaryImageOfPage":{"@id":"https:\/\/www.electroluxprofessional.com\/fr-be\/haccp\/#primaryimage"},"image":{"@id":"https:\/\/www.electroluxprofessional.com\/fr-be\/haccp\/#primaryimage"},"thumbnailUrl":"https:\/\/www.electroluxprofessional.com\/fr-be\/wp-content\/uploads\/2016\/05\/haccp-logo.jpg","datePublished":"2020-02-05T15:00:52+00:00","dateModified":"2020-12-07T18:13:56+00:00","description":"La proc\u00e9dure HACCP - Analyse des risques et ma\u00eetrise des points critiques - est un moyen d'\u00e9valuer les risques inh\u00e9rents attribuables \u00e0 un produit ou un processus.","breadcrumb":{"@id":"https:\/\/www.electroluxprofessional.com\/fr-be\/haccp\/#breadcrumb"},"inLanguage":"fr-BE","potentialAction":[{"@type":"ReadAction","target":["https:\/\/www.electroluxprofessional.com\/fr-be\/haccp\/"]}]},{"@type":"ImageObject","inLanguage":"fr-BE","@id":"https:\/\/www.electroluxprofessional.com\/fr-be\/haccp\/#primaryimage","url":"https:\/\/www.electroluxprofessional.com\/fr-be\/wp-content\/uploads\/2016\/05\/haccp-logo.jpg","contentUrl":"https:\/\/www.electroluxprofessional.com\/fr-be\/wp-content\/uploads\/2016\/05\/haccp-logo.jpg","width":600,"height":601,"caption":"haccp international programm certification food safety"},{"@type":"BreadcrumbList","@id":"https:\/\/www.electroluxprofessional.com\/fr-be\/haccp\/#breadcrumb","itemListElement":[{"@type":"ListItem","position":1,"name":"Home","item":"https:\/\/www.electroluxprofessional.com\/fr-be\/"},{"@type":"ListItem","position":2,"name":"HACCP"}]},{"@type":"WebSite","@id":"https:\/\/www.electroluxprofessional.com\/fr-be\/#website","url":"https:\/\/www.electroluxprofessional.com\/fr-be\/","name":"Electrolux Professional Belgique","description":"Electrolux Professional est le leader mondial en mati\u00e8re d&#039;\u00e9quipements de cuisines et de blanchisseries professionnelles.","potentialAction":[{"@type":"SearchAction","target":{"@type":"EntryPoint","urlTemplate":"https:\/\/www.electroluxprofessional.com\/fr-be\/?src={search_term_string}"},"query-input":"required name=search_term_string"}],"inLanguage":"fr-BE"}]}},"_links":{"self":[{"href":"https:\/\/www.electroluxprofessional.com\/fr-be\/wp-json\/wp\/v2\/pages\/8928"}],"collection":[{"href":"https:\/\/www.electroluxprofessional.com\/fr-be\/wp-json\/wp\/v2\/pages"}],"about":[{"href":"https:\/\/www.electroluxprofessional.com\/fr-be\/wp-json\/wp\/v2\/types\/page"}],"author":[{"embeddable":true,"href":"https:\/\/www.electroluxprofessional.com\/fr-be\/wp-json\/wp\/v2\/users\/38"}],"replies":[{"embeddable":true,"href":"https:\/\/www.electroluxprofessional.com\/fr-be\/wp-json\/wp\/v2\/comments?post=8928"}],"version-history":[{"count":3,"href":"https:\/\/www.electroluxprofessional.com\/fr-be\/wp-json\/wp\/v2\/pages\/8928\/revisions"}],"predecessor-version":[{"id":9612,"href":"https:\/\/www.electroluxprofessional.com\/fr-be\/wp-json\/wp\/v2\/pages\/8928\/revisions\/9612"}],"wp:featuredmedia":[{"embeddable":true,"href":"https:\/\/www.electroluxprofessional.com\/fr-be\/wp-json\/wp\/v2\/media\/657"}],"wp:attachment":[{"href":"https:\/\/www.electroluxprofessional.com\/fr-be\/wp-json\/wp\/v2\/media?parent=8928"}],"curies":[{"name":"wp","href":"https:\/\/api.w.org\/{rel}","templated":true}]}}