{"id":5545,"date":"2018-01-17T14:24:42","date_gmt":"2018-01-17T14:24:42","guid":{"rendered":"https:\/\/www.electroluxprofessional.com\/?page_id=14181"},"modified":"2025-11-05T16:17:01","modified_gmt":"2025-11-05T16:17:01","slug":"four-compact-multislim","status":"publish","type":"page","link":"https:\/\/www.electroluxprofessional.com\/fr-be\/cuisine-2\/four-compact-multislim\/","title":{"rendered":"Four compact MultiSlim"},"content":{"rendered":"<p>[vc_row full_width=&#8221;electroluxpro-full-width-no-padding&#8221;][vc_column][vc_single_image image=&#8221;10674&#8243; img_size=&#8221;full&#8221; alignment=&#8221;center&#8221;][\/vc_column][\/vc_row][vc_row][vc_column width=&#8221;2\/3&#8243;][elx_heading font_container=&#8221;h1&#8243; font_size=&#8221;h3&#8243; text_color=&#8221;inherit&#8221;]Four compact MultiSlim[\/elx_heading][vc_column_text]Vous avez peu d&#8217;espace dans votre cuisine ? Vous recherchez un four peu encombrant dot\u00e9 d&#8217;excellentes performances de cuisson ? Le nouveau\u00a0<strong>four compact Multislim<\/strong>\u00a0est fait pour votre restaurant ou votre bar ![\/vc_column_text][\/vc_column][vc_column width=&#8221;1\/3&#8243;][vc_empty_space height=&#8221;80px&#8221;][elx_button button_text=&#8221;D\u00e9couvrir la brochure&#8221; button_link=&#8221;url:https%3A%2F%2Fprofessional.electrolux.be%2Fwp-content%2Fuploads%2F2018%2F05%2FMultiSlim_brochure_35_FR_lq-1.pdf||target:%20_blank|&#8221;][\/vc_column][\/vc_row][vc_row][vc_column width=&#8221;1\/3&#8243;][vc_single_image image=&#8221;5541&#8243; img_size=&#8221;full&#8221;][elx_heading font_size=&#8221;h5&#8243; text_color=&#8221;inherit&#8221;]Economies vertes[\/elx_heading][vc_column_text]En utilisant jusqu&#8217;\u00e0 15% de moins d&#8217;eau que les fours \u00e0 injection standards,\u00a0<strong>le four compact MultiSlim<\/strong> respecte l&#8217;environnement et vous permet de faire des \u00e9conomies sur vos factures d\u2019\u00e9lectricit\u00e9.[\/vc_column_text][\/vc_column][vc_column width=&#8221;1\/3&#8243;][vc_single_image image=&#8221;5542&#8243; img_size=&#8221;full&#8221;][elx_heading font_size=&#8221;h5&#8243; text_color=&#8221;inherit&#8221;]Cuire dans moins d&#8217;espace[\/elx_heading][vc_column_text]Avec ses dimensions peu encombrantes,<strong> seulement 52 cm de large,<\/strong> <strong>le four compact MultiSlim<\/strong> est id\u00e9al pour les petites cuisines. Le sens d&#8217;ouverture de sa porte est \u00e9galement interchangeable : il s&#8217;adapte \u00e0 tous les environnements.[\/vc_column_text][\/vc_column][vc_column width=&#8221;1\/3&#8243;][vc_single_image image=&#8221;5543&#8243; img_size=&#8221;full&#8221;][elx_heading font_size=&#8221;h5&#8243; text_color=&#8221;inherit&#8221;]Dur\u00e9e de vie optimis\u00e9e[\/elx_heading][vc_column_text]<strong>Le four compact MultiSlim<\/strong> est con\u00e7u pour une utilisation intensive et sur le long terme. Pesant seulement 72kg, il est construit avec des mat\u00e9riaux robustes et de haute qualit\u00e9.[\/vc_column_text][\/vc_column][\/vc_row][vc_row css=&#8221;.vc_custom_1516626289472{background-color: #eeeeee !important;}&#8221;][vc_column width=&#8221;1\/2&#8243;][vc_single_image image=&#8221;10675&#8243; img_size=&#8221;full&#8221;][\/vc_column][vc_column width=&#8221;1\/2&#8243;][vc_empty_space height=&#8221;10px&#8221;][elx_heading font_size=&#8221;h5&#8243; text_color=&#8221;inherit&#8221;]Votre menu au bout de vos doigts<br \/>\navec le four compact MultiSlim[\/elx_heading][vc_column_text]Une navigation rapide et facile au travers des programmes et des fonctions et param\u00e8tres de cuisson accessibles gr\u00e2ce \u00e0 l&#8217;unique \u00e9cran de pr\u00e9cision.\u00a0<b>Appuyez\u00a0pour s\u00e9lectionner !<\/b><\/p>\n<p>Avec son <strong>interface programmable simple<\/strong>, le four compact MultiSlim vous permet de cr\u00e9er, sauvegarder et charger <strong>jusqu&#8217;\u00e0 99 recettes<\/strong>.[\/vc_column_text][\/vc_column][\/vc_row][vc_row][vc_column][vc_empty_space][elx_heading font_size=&#8221;h3&#8243; text_color=&#8221;inherit&#8221;]Vous souhaitez plus d&#8217;informations ?[\/elx_heading][elx_o2000_contact_us r=&#8221;Bonjour, je souhaite avoir plus de renseignements sur le nouveau four compact MultiSlim.&#8221; s=&#8221;Demande d&#8217;informations four compact MultiSlim&#8221; country=&#8221;Belgium&#8221; l=&#8221;fr&#8221; e=&#8221;professional@electrolux.be&#8221;][\/vc_column][\/vc_row][vc_row][vc_column]<div class=\"com21-product-filter-container 57\">[\/vc_column][\/vc_row]<\/p>\n","protected":false},"excerpt":{"rendered":"<p>[vc_row full_width=&#8221;electroluxpro-full-width-no-padding&#8221;][vc_column][vc_single_image image=&#8221;10674&#8243; img_size=&#8221;full&#8221; alignment=&#8221;center&#8221;][\/vc_column][\/vc_row][vc_row][vc_column width=&#8221;2\/3&#8243;][elx_heading font_container=&#8221;h1&#8243; font_size=&#8221;h3&#8243; text_color=&#8221;inherit&#8221;]Four compact MultiSlim[\/elx_heading][vc_column_text]Vous avez peu d&#8217;espace dans votre cuisine ? Vous recherchez un four peu encombrant dot\u00e9 d&#8217;excellentes performances de cuisson ? Le nouveau\u00a0four compact Multislim\u00a0est fait pour votre restaurant ou votre bar ![\/vc_column_text][\/vc_column][vc_column width=&#8221;1\/3&#8243;][vc_empty_space height=&#8221;80px&#8221;][elx_button button_text=&#8221;D\u00e9couvrir la brochure&#8221; button_link=&#8221;url:https%3A%2F%2Fprofessional.electrolux.be%2Fwp-content%2Fuploads%2F2018%2F05%2FMultiSlim_brochure_35_FR_lq-1.pdf||target:%20_blank|&#8221;][\/vc_column][\/vc_row][vc_row][vc_column width=&#8221;1\/3&#8243;][vc_single_image image=&#8221;5541&#8243; img_size=&#8221;full&#8221;][elx_heading font_size=&#8221;h5&#8243; text_color=&#8221;inherit&#8221;]Economies vertes[\/elx_heading][vc_column_text]En utilisant [&hellip;]<\/p>\n","protected":false},"author":3,"featured_media":0,"parent":9308,"menu_order":0,"comment_status":"closed","ping_status":"closed","template":"","meta":{"footnotes":""},"class_list":["post-5545","page","type-page","status-publish","hentry"],"acf":[],"yoast_head":"<!-- This site is optimized with the Yoast SEO plugin v23.3 - https:\/\/yoast.com\/wordpress\/plugins\/seo\/ -->\n<title>Four compact MultiSlim<\/title>\n<meta name=\"description\" content=\"Avec seulement 52 cm de largeur, le four compact Multislim s&#039;adapte parfaitement aux espaces r\u00e9duits. Offrez vos clients des repas chauds rapidement, sans encombrer votre comptoir.\" \/>\n<meta name=\"robots\" content=\"index, follow, max-snippet:-1, max-image-preview:large, max-video-preview:-1\" \/>\n<link rel=\"canonical\" href=\"https:\/\/www.electroluxprofessional.com\/fr-be\/cuisine-2\/four-compact-multislim\/\" \/>\n<meta property=\"og:locale\" content=\"fr_FR\" \/>\n<meta property=\"og:type\" content=\"article\" \/>\n<meta property=\"og:title\" content=\"Four compact MultiSlim\" \/>\n<meta property=\"og:description\" content=\"Avec seulement 52 cm de largeur, le four compact Multislim s&#039;adapte parfaitement aux espaces r\u00e9duits. Offrez vos clients des repas chauds rapidement, sans encombrer votre comptoir.\" \/>\n<meta property=\"og:url\" content=\"https:\/\/www.electroluxprofessional.com\/fr-be\/cuisine-2\/four-compact-multislim\/\" \/>\n<meta property=\"og:site_name\" content=\"Electrolux Professional Belgique\" \/>\n<meta property=\"article:modified_time\" content=\"2025-11-05T16:17:01+00:00\" \/>\n<meta name=\"twitter:card\" content=\"summary_large_image\" \/>\n<meta name=\"twitter:label1\" content=\"Dur\u00e9e de lecture est.\" \/>\n\t<meta name=\"twitter:data1\" content=\"2 minutes\" \/>\n<script type=\"application\/ld+json\" class=\"yoast-schema-graph\">{\"@context\":\"https:\/\/schema.org\",\"@graph\":[{\"@type\":\"WebPage\",\"@id\":\"https:\/\/www.electroluxprofessional.com\/fr-be\/cuisine-2\/four-compact-multislim\/\",\"url\":\"https:\/\/www.electroluxprofessional.com\/fr-be\/cuisine-2\/four-compact-multislim\/\",\"name\":\"Four compact MultiSlim\",\"isPartOf\":{\"@id\":\"https:\/\/www.electroluxprofessional.com\/fr-be\/#website\"},\"datePublished\":\"2018-01-17T14:24:42+00:00\",\"dateModified\":\"2025-11-05T16:17:01+00:00\",\"description\":\"Avec seulement 52 cm de largeur, le four compact Multislim s'adapte parfaitement aux espaces r\u00e9duits. Offrez vos clients des repas chauds rapidement, sans encombrer votre comptoir.\",\"breadcrumb\":{\"@id\":\"https:\/\/www.electroluxprofessional.com\/fr-be\/cuisine-2\/four-compact-multislim\/#breadcrumb\"},\"inLanguage\":\"fr-BE\",\"potentialAction\":[{\"@type\":\"ReadAction\",\"target\":[\"https:\/\/www.electroluxprofessional.com\/fr-be\/cuisine-2\/four-compact-multislim\/\"]}]},{\"@type\":\"BreadcrumbList\",\"@id\":\"https:\/\/www.electroluxprofessional.com\/fr-be\/cuisine-2\/four-compact-multislim\/#breadcrumb\",\"itemListElement\":[{\"@type\":\"ListItem\",\"position\":1,\"name\":\"Home\",\"item\":\"https:\/\/www.electroluxprofessional.com\/fr-be\/\"},{\"@type\":\"ListItem\",\"position\":2,\"name\":\"Cuisine\",\"item\":\"https:\/\/www.electroluxprofessional.com\/fr-be\/cuisine-2\/\"},{\"@type\":\"ListItem\",\"position\":3,\"name\":\"Four compact MultiSlim\"}]},{\"@type\":\"WebSite\",\"@id\":\"https:\/\/www.electroluxprofessional.com\/fr-be\/#website\",\"url\":\"https:\/\/www.electroluxprofessional.com\/fr-be\/\",\"name\":\"Electrolux Professional Belgique\",\"description\":\"Electrolux Professional est le leader mondial en mati\u00e8re d&#039;\u00e9quipements de cuisines et de blanchisseries professionnelles.\",\"potentialAction\":[{\"@type\":\"SearchAction\",\"target\":{\"@type\":\"EntryPoint\",\"urlTemplate\":\"https:\/\/www.electroluxprofessional.com\/fr-be\/?src={search_term_string}\"},\"query-input\":\"required name=search_term_string\"}],\"inLanguage\":\"fr-BE\"}]}<\/script>\n<!-- \/ Yoast SEO plugin. -->","yoast_head_json":{"title":"Four compact MultiSlim","description":"Avec seulement 52 cm de largeur, le four compact Multislim s'adapte parfaitement aux espaces r\u00e9duits. Offrez vos clients des repas chauds rapidement, sans encombrer votre comptoir.","robots":{"index":"index","follow":"follow","max-snippet":"max-snippet:-1","max-image-preview":"max-image-preview:large","max-video-preview":"max-video-preview:-1"},"canonical":"https:\/\/www.electroluxprofessional.com\/fr-be\/cuisine-2\/four-compact-multislim\/","og_locale":"fr_FR","og_type":"article","og_title":"Four compact MultiSlim","og_description":"Avec seulement 52 cm de largeur, le four compact Multislim s'adapte parfaitement aux espaces r\u00e9duits. Offrez vos clients des repas chauds rapidement, sans encombrer votre comptoir.","og_url":"https:\/\/www.electroluxprofessional.com\/fr-be\/cuisine-2\/four-compact-multislim\/","og_site_name":"Electrolux Professional Belgique","article_modified_time":"2025-11-05T16:17:01+00:00","twitter_card":"summary_large_image","twitter_misc":{"Dur\u00e9e de lecture est.":"2 minutes"},"schema":{"@context":"https:\/\/schema.org","@graph":[{"@type":"WebPage","@id":"https:\/\/www.electroluxprofessional.com\/fr-be\/cuisine-2\/four-compact-multislim\/","url":"https:\/\/www.electroluxprofessional.com\/fr-be\/cuisine-2\/four-compact-multislim\/","name":"Four compact MultiSlim","isPartOf":{"@id":"https:\/\/www.electroluxprofessional.com\/fr-be\/#website"},"datePublished":"2018-01-17T14:24:42+00:00","dateModified":"2025-11-05T16:17:01+00:00","description":"Avec seulement 52 cm de largeur, le four compact Multislim s'adapte parfaitement aux espaces r\u00e9duits. Offrez vos clients des repas chauds rapidement, sans encombrer votre comptoir.","breadcrumb":{"@id":"https:\/\/www.electroluxprofessional.com\/fr-be\/cuisine-2\/four-compact-multislim\/#breadcrumb"},"inLanguage":"fr-BE","potentialAction":[{"@type":"ReadAction","target":["https:\/\/www.electroluxprofessional.com\/fr-be\/cuisine-2\/four-compact-multislim\/"]}]},{"@type":"BreadcrumbList","@id":"https:\/\/www.electroluxprofessional.com\/fr-be\/cuisine-2\/four-compact-multislim\/#breadcrumb","itemListElement":[{"@type":"ListItem","position":1,"name":"Home","item":"https:\/\/www.electroluxprofessional.com\/fr-be\/"},{"@type":"ListItem","position":2,"name":"Cuisine","item":"https:\/\/www.electroluxprofessional.com\/fr-be\/cuisine-2\/"},{"@type":"ListItem","position":3,"name":"Four compact MultiSlim"}]},{"@type":"WebSite","@id":"https:\/\/www.electroluxprofessional.com\/fr-be\/#website","url":"https:\/\/www.electroluxprofessional.com\/fr-be\/","name":"Electrolux Professional Belgique","description":"Electrolux Professional est le leader mondial en mati\u00e8re d&#039;\u00e9quipements de cuisines et de blanchisseries professionnelles.","potentialAction":[{"@type":"SearchAction","target":{"@type":"EntryPoint","urlTemplate":"https:\/\/www.electroluxprofessional.com\/fr-be\/?src={search_term_string}"},"query-input":"required name=search_term_string"}],"inLanguage":"fr-BE"}]}},"_links":{"self":[{"href":"https:\/\/www.electroluxprofessional.com\/fr-be\/wp-json\/wp\/v2\/pages\/5545"}],"collection":[{"href":"https:\/\/www.electroluxprofessional.com\/fr-be\/wp-json\/wp\/v2\/pages"}],"about":[{"href":"https:\/\/www.electroluxprofessional.com\/fr-be\/wp-json\/wp\/v2\/types\/page"}],"author":[{"embeddable":true,"href":"https:\/\/www.electroluxprofessional.com\/fr-be\/wp-json\/wp\/v2\/users\/3"}],"replies":[{"embeddable":true,"href":"https:\/\/www.electroluxprofessional.com\/fr-be\/wp-json\/wp\/v2\/comments?post=5545"}],"version-history":[{"count":9,"href":"https:\/\/www.electroluxprofessional.com\/fr-be\/wp-json\/wp\/v2\/pages\/5545\/revisions"}],"predecessor-version":[{"id":14064,"href":"https:\/\/www.electroluxprofessional.com\/fr-be\/wp-json\/wp\/v2\/pages\/5545\/revisions\/14064"}],"up":[{"embeddable":true,"href":"https:\/\/www.electroluxprofessional.com\/fr-be\/wp-json\/wp\/v2\/pages\/9308"}],"wp:attachment":[{"href":"https:\/\/www.electroluxprofessional.com\/fr-be\/wp-json\/wp\/v2\/media?parent=5545"}],"curies":[{"name":"wp","href":"https:\/\/api.w.org\/{rel}","templated":true}]}}