{"id":12144,"date":"2023-03-20T14:37:50","date_gmt":"2023-03-20T14:37:50","guid":{"rendered":"https:\/\/www.electroluxprofessional.com\/fr-be\/?page_id=12144"},"modified":"2026-06-08T12:56:55","modified_gmt":"2026-06-08T12:56:55","slug":"cuisson-modulaire","status":"publish","type":"page","link":"https:\/\/www.electroluxprofessional.com\/fr-be\/accessoires-et-consommables\/cuisson-modulaire\/","title":{"rendered":"Accessoires &#038; consommables &#8211; Cuisson modulaire"},"content":{"rendered":"<div class=\"wpb-content-wrapper\"><p>[vc_row full_width=\u00a0\u00bbelectroluxpro-full-width-no-padding\u00a0\u00bb][vc_column css=\u00a0\u00bb.vc_custom_1618358802266{margin-top: -40px !important;border-top-width: -40px !important;padding-top: -40px !important;}\u00a0\u00bb][elx_full_banner title=\u00a0\u00bbAccessoires &amp; consommables cuisson modulaire\u00a0\u00bb set_as_h1=\u00a0\u00bbtrue\u00a0\u00bb background_image_media_library=\u00a0\u00bb12143&Prime; background_image_media_library_mobile=\u00a0\u00bb35233&Prime; link=\u00a0\u00bburl:%23contact|title:En%20savoir%20plus\u00a0\u00bb][vc_row_inner full_width=\u00a0\u00bbelectroluxpro-full-width\u00a0\u00bb gap=\u00a0\u00bb15&Prime; disable_element=\u00a0\u00bbyes\u00a0\u00bb][vc_column_inner width=\u00a0\u00bb1\/5&Prime;][elx_download_block text=\u00a0\u00bbAccessories for protection, sanitizing and cleaning catalogue\u00a0\u00bb document_type=\u00a0\u00bbcat\u00a0\u00bb file_picker=\u00a0\u00bb24892&Prime; background_color=\u00a0\u00bbelectrolux-blue\u00a0\u00bb background_hover_color=\u00a0\u00bblighter-hover\u00a0\u00bb ca_document_number=\u00a0\u00bbCAT10&Prime;][\/vc_column_inner][vc_column_inner width=\u00a0\u00bb1\/5&Prime;][elx_download_block text=\u00a0\u00bbReplacement Parts catalogue\u00a0\u00bb document_type=\u00a0\u00bbcat\u00a0\u00bb file_picker=\u00a0\u00bb24892&Prime; background_color=\u00a0\u00bbelectrolux-blue\u00a0\u00bb background_hover_color=\u00a0\u00bblighter-hover\u00a0\u00bb ca_document_number=\u00a0\u00bbCAT7&Prime;][\/vc_column_inner][vc_column_inner width=\u00a0\u00bb1\/5&Prime;][elx_download_block text=\u00a0\u00bbAccessories &amp; Consumables catalogue\u00a0\u00bb document_type=\u00a0\u00bbcat\u00a0\u00bb file_picker=\u00a0\u00bb24892&Prime; background_color=\u00a0\u00bbelectrolux-blue\u00a0\u00bb background_hover_color=\u00a0\u00bblighter-hover\u00a0\u00bb ca_document_number=\u00a0\u00bbCAT8&Prime;][\/vc_column_inner][vc_column_inner width=\u00a0\u00bb1\/5&Prime;][elx_download_block text=\u00a0\u00bbSpare Part Kits catalogue\u00a0\u00bb document_type=\u00a0\u00bbcat\u00a0\u00bb file_picker=\u00a0\u00bb24892&Prime; background_color=\u00a0\u00bbelectrolux-blue\u00a0\u00bb background_hover_color=\u00a0\u00bblighter-hover\u00a0\u00bb ca_document_number=\u00a0\u00bbCAT9&Prime;][\/vc_column_inner][vc_column_inner width=\u00a0\u00bb1\/5&Prime;][elx_download_block text=\u00a0\u00bbProfessional cleaning detergents Selection Guide\u00a0\u00bb file_picker=\u00a0\u00bb35121&Prime; background_color=\u00a0\u00bbelectrolux-blue\u00a0\u00bb][\/vc_column_inner][\/vc_row_inner][\/vc_column][\/vc_row][vc_row full_width=\u00a0\u00bbelectroluxpro-container-no-padding\u00a0\u00bb matched_labels=\u00a0\u00bb\u00a0\u00bb][vc_column][elx_menu menu_style=\u00a0\u00bbblue-underlined\u00a0\u00bb][vc_empty_space][vc_column_text]Paniers de cuiseurs \u00e0 p\u00e2tes, grilles, d\u00e9graissants professionnels et plus encore. Accessoires et consommables d&rsquo;origine pour votre cuisine modulaire.[\/vc_column_text][\/vc_column][\/vc_row][vc_row][vc_column width=\u00a0\u00bb1\/2&Prime;][vc_single_image image=\u00a0\u00bb12134&Prime; img_size=\u00a0\u00bbfull\u00a0\u00bb alignment=\u00a0\u00bbcenter\u00a0\u00bb css_animation=\u00a0\u00bbnone\u00a0\u00bb][vc_empty_space height=\u00a0\u00bb10px\u00a0\u00bb][elx_heading font_size=\u00a0\u00bbh5&Prime; text_color=\u00a0\u00bbinherit\u00a0\u00bb]Paniers pour cuiseur \u00e0 p\u00e2tes[\/elx_heading][vc_column_text]Enti\u00e8rement fabriqu\u00e9s en AISI 304 pour assurer une hygi\u00e8ne maximale, nos paniers sont con\u00e7us pour offrir une ergonomie maximale.[\/vc_column_text][vc_empty_space height=\u00a0\u00bb58px\u00a0\u00bb][\/vc_column][vc_column width=\u00a0\u00bb1\/2&Prime;][vc_single_image image=\u00a0\u00bb12135&Prime; img_size=\u00a0\u00bbfull\u00a0\u00bb css_animation=\u00a0\u00bbnone\u00a0\u00bb][vc_empty_space height=\u00a0\u00bb10px\u00a0\u00bb][elx_heading font_size=\u00a0\u00bbh5&Prime; text_color=\u00a0\u00bbinherit\u00a0\u00bb]D\u00e9graissant professionnel[\/elx_heading][vc_column_text]Notre d\u00e9graissant professionnel est la solution de nettoyage id\u00e9ale pour les surfaces de cuisson \u00e0 haute temp\u00e9rature. Il est recommand\u00e9 pour les fry tops, les braisi\u00e8res et les cuisini\u00e8res multifonctions.[\/vc_column_text][vc_empty_space height=\u00a0\u00bb20px\u00a0\u00bb][\/vc_column][\/vc_row][vc_row disable_element=\u00a0\u00bbyes\u00a0\u00bb][vc_column width=\u00a0\u00bb1\/2&Prime;][elx_shop_now button_text=\u00a0\u00bbACHETER\u00a0\u00bb button_display_block=\u00a0\u00bbdisplay_block_on\u00a0\u00bb button_alignment=\u00a0\u00bbalign_center\u00a0\u00bb button_link=\u00a0\u00bburl:https%3A%2F%2Fbuy.electroluxprofessional.com%2Felectrolux-professional%2Fcooking-equipment-parts%2Fpasta-cooker-parts%2Fparts|||\u00a0\u00bb][vc_empty_space height=\u00a0\u00bb58px\u00a0\u00bb][\/vc_column][vc_column width=\u00a0\u00bb1\/2&Prime;][elx_shop_now button_text=\u00a0\u00bbACHETER\u00a0\u00bb button_display_block=\u00a0\u00bbdisplay_block_on\u00a0\u00bb button_alignment=\u00a0\u00bbalign_center\u00a0\u00bb button_link=\u00a0\u00bburl:https%3A%2F%2Fbuy.electroluxprofessional.com%2Felectrolux-professional%2Felx0s1841|||\u00a0\u00bb][vc_empty_space height=\u00a0\u00bb58px\u00a0\u00bb][\/vc_column][vc_column][vc_empty_space height=\u00a0\u00bb58px\u00a0\u00bb][\/vc_column][\/vc_row][vc_row][vc_column][vc_empty_space height=\u00a0\u00bb58px\u00a0\u00bb][vc_row_inner][vc_column_inner width=\u00a0\u00bb1\/4&Prime;][vc_single_image image=\u00a0\u00bb12136&Prime; img_size=\u00a0\u00bblarge\u00a0\u00bb][vc_empty_space height=\u00a0\u00bb58px\u00a0\u00bb][\/vc_column_inner][vc_column_inner width=\u00a0\u00bb3\/4&Prime;][elx_heading font_size=\u00a0\u00bbh5&Prime; text_color=\u00a0\u00bbinherit\u00a0\u00bb]Testeur d&rsquo;huile de cuisson[\/elx_heading][vc_empty_space height=\u00a0\u00bb58px\u00a0\u00bb][vc_column_text]\u00c9vitez d&rsquo;utiliser l&rsquo;huile us\u00e9e pour la pr\u00e9paration des aliments gr\u00e2ce au syst\u00e8me \u00e9lectronique de contr\u00f4le de l&rsquo;huile, garantissant des op\u00e9rations durables, des \u00e9conomies de co\u00fbts et la pr\u00e9vention des risques pour la sant\u00e9.[\/vc_column_text][\/vc_column_inner][\/vc_row_inner][\/vc_column][\/vc_row][vc_row][vc_column][vc_empty_space][elx_features_download title=\u00a0\u00bb\u00a0\u00bb title_download=\u00a0\u00bbT\u00e9l\u00e9charger\u00a0\u00bb bg_row=\u00a0\u00bbbg-download-white\u00a0\u00bb values=\u00a0\u00bb%5B%7B%22select_type%22%3A%22link%22%2C%22link_download%22%3A%22url%3Ahttps%253A%252F%252Ftools.electroluxprofessional.com%252FMirror%252FDoc%252FCAT%252FCAT_CAT10_1_5_1_3_Protection_Sanitizing%252520and%252520Cleaning%252520Catalogue%2525202023_LR.pdf%7Ctitle%3ACatalogue%2520d&rsquo;accessoires%2520pour%2520la%2520protection%252C%2520la%2520d%25C3%25A9sinfection%2520et%2520le%2520nettoyage%7Ctarget%3A_blank%22%7D%2C%7B%22select_type%22%3A%22link%22%2C%22link_download%22%3A%22url%3Ahttps%253A%252F%252Ftools.electroluxprofessional.com%252FMirror%252FDoc%252FCAT%252FCAT_CAT19_1_5_1_3_EPR_GenuineParts_Acc_Cons_2025_LR.pdf%7Ctitle%3ACatalogue%2520de%2520pi%25C3%25A8ces%2520de%2520rechange%2520d&rsquo;origine%252C%2520d&rsquo;accessoires%2520et%2520de%2520consommables%7Ctarget%3A_blank%22%7D%2C%7B%22select_type%22%3A%22link%22%2C%22link_download%22%3A%22url%3Ahttps%253A%252F%252Ftools.electroluxprofessional.com%252FMirror%252FDoc%252FCAT%252FCAT_CAT9_1_5_1_4_Spare%252520Part%252520Kits%252520Catalogue%2525202025_LR.pdf%7Ctitle%3ACatalogue%2520de%2520kits%2520de%2520pi%25C3%25A8ces%2520de%2520rechange%7Ctarget%3A_blank%22%7D%2C%7B%22select_type%22%3A%22link%22%2C%22link_download%22%3A%22url%3Ahttps%253A%252F%252Fwww.electroluxprofessional.com%252Fwp-content%252Fuploads%252F2023%252F01%252FEPR_Detergent_selection_guide_ENG_with-edits-2023_LR.pdf%7Ctitle%3AGuide%2520de%2520s%25C3%25A9lection%2520des%2520d%25C3%25A9tergents%2520de%2520nettoyage%2520professionnels%7Ctarget%3A_blank%22%7D%5D\u00a0\u00bb discover=\u00a0\u00bb%5B%7B%7D%5D\u00a0\u00bb features=\u00a0\u00bb%5B%7B%22tag_icon_title%22%3A%22h4%22%7D%5D\u00a0\u00bb]<\/p>\n<h2>T\u00e9l\u00e9chargez nos catalogues complets d&rsquo;accessoires<\/h2>\n<p><span style=\"font-weight: 400;\">D\u00e9couvrez la gamme compl\u00e8te d&rsquo;accessoires Electrolux Professional con\u00e7us pour optimiser vos syst\u00e8mes de cuisson modulaire. Laissez-vous inspirer par nos solutions et choisissez les accessoires adapt\u00e9s pour am\u00e9liorer les performances de votre cuisine.<\/span>[\/elx_features_download][\/vc_column][\/vc_row][vc_row disable_element=\u00a0\u00bbyes\u00a0\u00bb][vc_column][elx_heading font_container=\u00a0\u00bbh4&Prime; font_size=\u00a0\u00bbh3&Prime; text_color=\u00a0\u00bbinherit\u00a0\u00bb text_align=\u00a0\u00bbtext-center\u00a0\u00bb]D\u00e9couvrez nos gammes de cuisson[\/elx_heading][\/vc_column][\/vc_row][vc_row disable_element=\u00a0\u00bbyes\u00a0\u00bb][vc_column width=\u00a0\u00bb1\/3&Prime;][elx_maylike_box id_box=\u00a0\u00bb12138&Prime;][\/vc_column][vc_column width=\u00a0\u00bb1\/3&Prime;][elx_maylike_box id_box=\u00a0\u00bb12140&Prime;][\/vc_column][vc_column width=\u00a0\u00bb1\/3&Prime;][elx_maylike_box id_box=\u00a0\u00bb12142&Prime; link_target=\u00a0\u00bbblank\u00a0\u00bb][\/vc_column][\/vc_row][vc_row el_id=\u00a0\u00bbcontact\u00a0\u00bb][vc_column][vc_empty_space][elx_heading font_container=\u00a0\u00bbh3&Prime; text_color=\u00a0\u00bbinherit\u00a0\u00bb text_align=\u00a0\u00bbtext-center\u00a0\u00bb]Contactez-nous pour en savoir plus sur les accessoires et consommables<br \/>\ncuisson modulaire :[\/elx_heading][elx_o2000_contact_us s=\u00a0\u00bbDemande d&rsquo;informations accessoires &amp; consommables cuisson modulaire\u00a0\u00bb request_type=\u00a0\u00bbParts and consumables\u00a0\u00bb country=\u00a0\u00bbBelgium\u00a0\u00bb b=\u00a0\u00bbfood\u00a0\u00bb container=\u00a0\u00bbelxcontactus1484304163&Prime; r=\u00a0\u00bbJe souhaiterais avoir plus d&rsquo;informations sur les accessoires &amp; consommables cuisson modulaire\u00a0\u00bb][vc_empty_space][\/vc_column][\/vc_row]<\/p>\n<\/div>","protected":false},"excerpt":{"rendered":"<p>[vc_row full_width=\u00a0\u00bbelectroluxpro-full-width-no-padding\u00a0\u00bb][vc_column css=\u00a0\u00bb.vc_custom_1618358802266{margin-top: -40px !important;border-top-width: -40px !important;padding-top: -40px !important;}\u00a0\u00bb][elx_full_banner title=\u00a0\u00bbAccessoires &amp; consommables cuisson modulaire\u00a0\u00bb set_as_h1=\u00a0\u00bbtrue\u00a0\u00bb background_image_media_library=\u00a0\u00bb12143&Prime; background_image_media_library_mobile=\u00a0\u00bb35233&Prime; link=\u00a0\u00bburl:%23contact|title:En%20savoir%20plus\u00a0\u00bb][vc_row_inner full_width=\u00a0\u00bbelectroluxpro-full-width\u00a0\u00bb gap=\u00a0\u00bb15&Prime; disable_element=\u00a0\u00bbyes\u00a0\u00bb][vc_column_inner width=\u00a0\u00bb1\/5&Prime;][elx_download_block text=\u00a0\u00bbAccessories for protection, sanitizing and cleaning catalogue\u00a0\u00bb document_type=\u00a0\u00bbcat\u00a0\u00bb file_picker=\u00a0\u00bb24892&Prime; background_color=\u00a0\u00bbelectrolux-blue\u00a0\u00bb background_hover_color=\u00a0\u00bblighter-hover\u00a0\u00bb ca_document_number=\u00a0\u00bbCAT10&Prime;][\/vc_column_inner][vc_column_inner width=\u00a0\u00bb1\/5&Prime;][elx_download_block text=\u00a0\u00bbReplacement Parts catalogue\u00a0\u00bb document_type=\u00a0\u00bbcat\u00a0\u00bb file_picker=\u00a0\u00bb24892&Prime; background_color=\u00a0\u00bbelectrolux-blue\u00a0\u00bb background_hover_color=\u00a0\u00bblighter-hover\u00a0\u00bb ca_document_number=\u00a0\u00bbCAT7&Prime;][\/vc_column_inner][vc_column_inner width=\u00a0\u00bb1\/5&Prime;][elx_download_block text=\u00a0\u00bbAccessories &amp; Consumables catalogue\u00a0\u00bb document_type=\u00a0\u00bbcat\u00a0\u00bb file_picker=\u00a0\u00bb24892&Prime; background_color=\u00a0\u00bbelectrolux-blue\u00a0\u00bb background_hover_color=\u00a0\u00bblighter-hover\u00a0\u00bb ca_document_number=\u00a0\u00bbCAT8&Prime;][\/vc_column_inner][vc_column_inner width=\u00a0\u00bb1\/5&Prime;][elx_download_block text=\u00a0\u00bbSpare [&hellip;]<\/p>\n","protected":false},"author":38,"featured_media":12132,"parent":6215,"menu_order":0,"comment_status":"closed","ping_status":"closed","template":"","meta":{"_acf_changed":false,"footnotes":"","_members_access_role":[],"_members_access_error":""},"class_list":["post-12144","page","type-page","status-publish","has-post-thumbnail","hentry"],"acf":[],"yoast_head":"<!-- This site is optimized with the Yoast SEO plugin v28.1 - https:\/\/yoast.com\/product\/yoast-seo-wordpress\/ -->\n<title>Accessoires &amp; consommables - Cuisson modulaire - Electrolux Professional<\/title>\n<meta name=\"description\" content=\"Paniers pour cuiseurs de p\u00e2tes, grils, d\u00e9graissants professionnels et plus encore. D\u00e9couvrez nos accessoires et consommables pour votre cuisson modulaire.\" \/>\n<meta name=\"robots\" content=\"index, follow, max-snippet:-1, max-image-preview:large, max-video-preview:-1\" \/>\n<link rel=\"canonical\" href=\"https:\/\/www.electroluxprofessional.com\/fr-be\/accessoires-et-consommables\/cuisson-modulaire\/\" \/>\n<meta property=\"og:locale\" content=\"fr_FR\" \/>\n<meta property=\"og:type\" content=\"article\" \/>\n<meta property=\"og:title\" content=\"Accessoires &amp; consommables - Cuisson modulaire - Electrolux Professional\" \/>\n<meta property=\"og:description\" content=\"Paniers pour cuiseurs de p\u00e2tes, grils, d\u00e9graissants professionnels et plus encore. D\u00e9couvrez nos accessoires et consommables pour votre cuisson modulaire.\" \/>\n<meta property=\"og:url\" content=\"https:\/\/www.electroluxprofessional.com\/fr-be\/accessoires-et-consommables\/cuisson-modulaire\/\" \/>\n<meta property=\"og:site_name\" content=\"Electrolux Professional Belgique\" \/>\n<meta property=\"article:modified_time\" content=\"2026-06-08T12:56:55+00:00\" \/>\n<meta property=\"og:image\" content=\"https:\/\/www.electroluxprofessional.com\/fr-be\/wp-content\/uploads\/2023\/03\/xp1.jpg\" \/>\n\t<meta property=\"og:image:width\" content=\"2000\" \/>\n\t<meta property=\"og:image:height\" content=\"1333\" \/>\n\t<meta property=\"og:image:type\" content=\"image\/jpeg\" \/>\n<meta name=\"twitter:card\" content=\"summary_large_image\" \/>\n<meta name=\"twitter:label1\" content=\"Dur\u00e9e de lecture est.\" \/>\n\t<meta name=\"twitter:data1\" content=\"3 minutes\" \/>\n<script type=\"application\/ld+json\" class=\"yoast-schema-graph\">{\"@context\":\"https:\\\/\\\/schema.org\",\"@graph\":[{\"@type\":\"WebPage\",\"@id\":\"https:\\\/\\\/www.electroluxprofessional.com\\\/fr-be\\\/accessoires-et-consommables\\\/cuisson-modulaire\\\/\",\"url\":\"https:\\\/\\\/www.electroluxprofessional.com\\\/fr-be\\\/accessoires-et-consommables\\\/cuisson-modulaire\\\/\",\"name\":\"Accessoires & consommables - Cuisson modulaire - Electrolux Professional\",\"isPartOf\":{\"@id\":\"https:\\\/\\\/www.electroluxprofessional.com\\\/fr-be\\\/#website\"},\"primaryImageOfPage\":{\"@id\":\"https:\\\/\\\/www.electroluxprofessional.com\\\/fr-be\\\/accessoires-et-consommables\\\/cuisson-modulaire\\\/#primaryimage\"},\"image\":{\"@id\":\"https:\\\/\\\/www.electroluxprofessional.com\\\/fr-be\\\/accessoires-et-consommables\\\/cuisson-modulaire\\\/#primaryimage\"},\"thumbnailUrl\":\"https:\\\/\\\/www.electroluxprofessional.com\\\/fr-be\\\/wp-content\\\/uploads\\\/2023\\\/03\\\/xp1.jpg\",\"datePublished\":\"2023-03-20T14:37:50+00:00\",\"dateModified\":\"2026-06-08T12:56:55+00:00\",\"description\":\"Paniers pour cuiseurs de p\u00e2tes, grils, d\u00e9graissants professionnels et plus encore. D\u00e9couvrez nos accessoires et consommables pour votre cuisson modulaire.\",\"breadcrumb\":{\"@id\":\"https:\\\/\\\/www.electroluxprofessional.com\\\/fr-be\\\/accessoires-et-consommables\\\/cuisson-modulaire\\\/#breadcrumb\"},\"inLanguage\":\"fr-BE\",\"potentialAction\":[{\"@type\":\"ReadAction\",\"target\":[\"https:\\\/\\\/www.electroluxprofessional.com\\\/fr-be\\\/accessoires-et-consommables\\\/cuisson-modulaire\\\/\"]}]},{\"@type\":\"ImageObject\",\"inLanguage\":\"fr-BE\",\"@id\":\"https:\\\/\\\/www.electroluxprofessional.com\\\/fr-be\\\/accessoires-et-consommables\\\/cuisson-modulaire\\\/#primaryimage\",\"url\":\"https:\\\/\\\/www.electroluxprofessional.com\\\/fr-be\\\/wp-content\\\/uploads\\\/2023\\\/03\\\/xp1.jpg\",\"contentUrl\":\"https:\\\/\\\/www.electroluxprofessional.com\\\/fr-be\\\/wp-content\\\/uploads\\\/2023\\\/03\\\/xp1.jpg\",\"width\":2000,\"height\":1333,\"caption\":\"900XP and 700XP\"},{\"@type\":\"BreadcrumbList\",\"@id\":\"https:\\\/\\\/www.electroluxprofessional.com\\\/fr-be\\\/accessoires-et-consommables\\\/cuisson-modulaire\\\/#breadcrumb\",\"itemListElement\":[{\"@type\":\"ListItem\",\"position\":1,\"name\":\"Home\",\"item\":\"https:\\\/\\\/www.electroluxprofessional.com\\\/fr-be\\\/\"},{\"@type\":\"ListItem\",\"position\":2,\"name\":\"Accessoires et consommables\",\"item\":\"https:\\\/\\\/www.electroluxprofessional.com\\\/fr-be\\\/accessoires-et-consommables\\\/\"},{\"@type\":\"ListItem\",\"position\":3,\"name\":\"Accessoires &#038; consommables &#8211; Cuisson modulaire\"}]},{\"@type\":\"WebSite\",\"@id\":\"https:\\\/\\\/www.electroluxprofessional.com\\\/fr-be\\\/#website\",\"url\":\"https:\\\/\\\/www.electroluxprofessional.com\\\/fr-be\\\/\",\"name\":\"Electrolux Professional Belgique\",\"description\":\"Electrolux Professional est le leader mondial en mati\u00e8re d&#039;\u00e9quipements de cuisines et de blanchisseries professionnelles.\",\"potentialAction\":[{\"@type\":\"SearchAction\",\"target\":{\"@type\":\"EntryPoint\",\"urlTemplate\":\"https:\\\/\\\/www.electroluxprofessional.com\\\/fr-be\\\/?src={search_term_string}\"},\"query-input\":{\"@type\":\"PropertyValueSpecification\",\"valueRequired\":true,\"valueName\":\"search_term_string\"}}],\"inLanguage\":\"fr-BE\"}]}<\/script>\n<!-- \/ Yoast SEO plugin. -->","yoast_head_json":{"title":"Accessoires & consommables - Cuisson modulaire - Electrolux Professional","description":"Paniers pour cuiseurs de p\u00e2tes, grils, d\u00e9graissants professionnels et plus encore. D\u00e9couvrez nos accessoires et consommables pour votre cuisson modulaire.","robots":{"index":"index","follow":"follow","max-snippet":"max-snippet:-1","max-image-preview":"max-image-preview:large","max-video-preview":"max-video-preview:-1"},"canonical":"https:\/\/www.electroluxprofessional.com\/fr-be\/accessoires-et-consommables\/cuisson-modulaire\/","og_locale":"fr_FR","og_type":"article","og_title":"Accessoires & consommables - Cuisson modulaire - Electrolux Professional","og_description":"Paniers pour cuiseurs de p\u00e2tes, grils, d\u00e9graissants professionnels et plus encore. D\u00e9couvrez nos accessoires et consommables pour votre cuisson modulaire.","og_url":"https:\/\/www.electroluxprofessional.com\/fr-be\/accessoires-et-consommables\/cuisson-modulaire\/","og_site_name":"Electrolux Professional Belgique","article_modified_time":"2026-06-08T12:56:55+00:00","og_image":[{"width":2000,"height":1333,"url":"https:\/\/www.electroluxprofessional.com\/fr-be\/wp-content\/uploads\/2023\/03\/xp1.jpg","type":"image\/jpeg"}],"twitter_card":"summary_large_image","twitter_misc":{"Dur\u00e9e de lecture est.":"3 minutes"},"schema":{"@context":"https:\/\/schema.org","@graph":[{"@type":"WebPage","@id":"https:\/\/www.electroluxprofessional.com\/fr-be\/accessoires-et-consommables\/cuisson-modulaire\/","url":"https:\/\/www.electroluxprofessional.com\/fr-be\/accessoires-et-consommables\/cuisson-modulaire\/","name":"Accessoires & consommables - Cuisson modulaire - Electrolux Professional","isPartOf":{"@id":"https:\/\/www.electroluxprofessional.com\/fr-be\/#website"},"primaryImageOfPage":{"@id":"https:\/\/www.electroluxprofessional.com\/fr-be\/accessoires-et-consommables\/cuisson-modulaire\/#primaryimage"},"image":{"@id":"https:\/\/www.electroluxprofessional.com\/fr-be\/accessoires-et-consommables\/cuisson-modulaire\/#primaryimage"},"thumbnailUrl":"https:\/\/www.electroluxprofessional.com\/fr-be\/wp-content\/uploads\/2023\/03\/xp1.jpg","datePublished":"2023-03-20T14:37:50+00:00","dateModified":"2026-06-08T12:56:55+00:00","description":"Paniers pour cuiseurs de p\u00e2tes, grils, d\u00e9graissants professionnels et plus encore. D\u00e9couvrez nos accessoires et consommables pour votre cuisson modulaire.","breadcrumb":{"@id":"https:\/\/www.electroluxprofessional.com\/fr-be\/accessoires-et-consommables\/cuisson-modulaire\/#breadcrumb"},"inLanguage":"fr-BE","potentialAction":[{"@type":"ReadAction","target":["https:\/\/www.electroluxprofessional.com\/fr-be\/accessoires-et-consommables\/cuisson-modulaire\/"]}]},{"@type":"ImageObject","inLanguage":"fr-BE","@id":"https:\/\/www.electroluxprofessional.com\/fr-be\/accessoires-et-consommables\/cuisson-modulaire\/#primaryimage","url":"https:\/\/www.electroluxprofessional.com\/fr-be\/wp-content\/uploads\/2023\/03\/xp1.jpg","contentUrl":"https:\/\/www.electroluxprofessional.com\/fr-be\/wp-content\/uploads\/2023\/03\/xp1.jpg","width":2000,"height":1333,"caption":"900XP and 700XP"},{"@type":"BreadcrumbList","@id":"https:\/\/www.electroluxprofessional.com\/fr-be\/accessoires-et-consommables\/cuisson-modulaire\/#breadcrumb","itemListElement":[{"@type":"ListItem","position":1,"name":"Home","item":"https:\/\/www.electroluxprofessional.com\/fr-be\/"},{"@type":"ListItem","position":2,"name":"Accessoires et consommables","item":"https:\/\/www.electroluxprofessional.com\/fr-be\/accessoires-et-consommables\/"},{"@type":"ListItem","position":3,"name":"Accessoires &#038; consommables &#8211; Cuisson modulaire"}]},{"@type":"WebSite","@id":"https:\/\/www.electroluxprofessional.com\/fr-be\/#website","url":"https:\/\/www.electroluxprofessional.com\/fr-be\/","name":"Electrolux Professional Belgique","description":"Electrolux Professional est le leader mondial en mati\u00e8re d&#039;\u00e9quipements de cuisines et de blanchisseries professionnelles.","potentialAction":[{"@type":"SearchAction","target":{"@type":"EntryPoint","urlTemplate":"https:\/\/www.electroluxprofessional.com\/fr-be\/?src={search_term_string}"},"query-input":{"@type":"PropertyValueSpecification","valueRequired":true,"valueName":"search_term_string"}}],"inLanguage":"fr-BE"}]}},"_links":{"self":[{"href":"https:\/\/www.electroluxprofessional.com\/fr-be\/wp-json\/wp\/v2\/pages\/12144","targetHints":{"allow":["GET"]}}],"collection":[{"href":"https:\/\/www.electroluxprofessional.com\/fr-be\/wp-json\/wp\/v2\/pages"}],"about":[{"href":"https:\/\/www.electroluxprofessional.com\/fr-be\/wp-json\/wp\/v2\/types\/page"}],"author":[{"embeddable":true,"href":"https:\/\/www.electroluxprofessional.com\/fr-be\/wp-json\/wp\/v2\/users\/38"}],"replies":[{"embeddable":true,"href":"https:\/\/www.electroluxprofessional.com\/fr-be\/wp-json\/wp\/v2\/comments?post=12144"}],"version-history":[{"count":10,"href":"https:\/\/www.electroluxprofessional.com\/fr-be\/wp-json\/wp\/v2\/pages\/12144\/revisions"}],"predecessor-version":[{"id":15112,"href":"https:\/\/www.electroluxprofessional.com\/fr-be\/wp-json\/wp\/v2\/pages\/12144\/revisions\/15112"}],"up":[{"embeddable":true,"href":"https:\/\/www.electroluxprofessional.com\/fr-be\/wp-json\/wp\/v2\/pages\/6215"}],"wp:featuredmedia":[{"embeddable":true,"href":"https:\/\/www.electroluxprofessional.com\/fr-be\/wp-json\/wp\/v2\/media\/12132"}],"wp:attachment":[{"href":"https:\/\/www.electroluxprofessional.com\/fr-be\/wp-json\/wp\/v2\/media?parent=12144"}],"curies":[{"name":"wp","href":"https:\/\/api.w.org\/{rel}","templated":true}]}}