{"id":21492,"date":"2025-02-05T07:55:00","date_gmt":"2025-02-05T07:55:00","guid":{"rendered":"https:\/\/www.electroluxprofessional.com\/es\/?page_id=21492"},"modified":"2026-03-28T11:01:12","modified_gmt":"2026-03-28T11:01:12","slug":"peluquerias-y-centros-estetica","status":"publish","type":"page","link":"https:\/\/www.electroluxprofessional.com\/es\/tu-negocio\/pequenos-negocios\/peluquerias-y-centros-estetica\/","title":{"rendered":"Peluquer\u00edas y Centros de Est\u00e9tica"},"content":{"rendered":"<p>[vc_row full_width=&#8221;electroluxpro-full-width-no-padding&#8221; css=&#8221;.vc_custom_1663592939648{margin-top: -50px !important;}&#8221;][vc_column][elx_full_banner title=&#8221;Peluquer\u00edas y Centros de Est\u00e9tica&#8221; background_image_media_library=&#8221;21490&#8243; background_image_media_library_mobile=&#8221;21491&#8243;][\/vc_column][\/vc_row][vc_row][vc_column][vc_empty_space][\/vc_column][\/vc_row][vc_row][vc_column width=&#8221;2\/3&#8243;][elx_heading font_container=&#8221;h1&#8243; text_color=&#8221;electrolux-blue&#8221;]Lavander\u00eda para Peluquer\u00edas y Centros de Est\u00e9tica[\/elx_heading][vc_column_text]Programas lentos y desag\u00fces obstruidos son problemas constantes cuando se utilizan equipos dom\u00e9sticos en las <strong>lavander\u00edas de las peluquer\u00edas<\/strong>.<br \/>\nmyPRO te permite centrarte en lo m\u00e1s importante de tu negocio.\u00a0Lavado de alta calidad de forma r\u00e1pida, sencilla y sin inconvenientes.[\/vc_column_text][elx_button button_text=&#8221;Ir a productos&#8221; button_style=&#8221;icon&#8221; button_link=&#8221;url:https%3A%2F%2Fwww.electroluxprofessional.com%2Fes%2Faccesorios-consumibles-lavanderia%2Fmypro-xl-lavanderia-pequenas-empresas%2F|title:myPRO%20washers%2C%20dryers%20and%20steam%20ironers%20for%20small%20businesses|target:_blank&#8221;][\/vc_column][vc_column width=&#8221;1\/3&#8243;][elx_heading text_color=&#8221;electrolux-blue&#8221;]Desc\u00e1rgate el folleto[\/elx_heading][elx_download_block text=&#8221;Soluci\u00f3n de lavander\u00eda myPRO<br \/>\nPeluquer\u00edas y Centros de Est\u00e9tica&#8221; document_type=&#8221;leaflets&#8221; file_picker=&#8221;21773&#8243; background_color=&#8221;laundry-solutions&#8221;][\/vc_column][\/vc_row][vc_row][vc_column][vc_single_image image=&#8221;10636&#8243; img_size=&#8221;full&#8221; alignment=&#8221;center&#8221;][\/vc_column][\/vc_row][vc_row content_placement=&#8221;top&#8221; el_class=&#8221;marginNegative&#8221;][vc_column width=&#8221;1\/3&#8243;][vc_empty_space][elx_heading font_container=&#8221;h5&#8243; font_size=&#8221;h5&#8243; text_color=&#8221;myPRO-light-blue&#8221;]Programas profesionales[\/elx_heading][vc_column_text]myPRO ofrece el <strong>mejor cuidado de la colada<\/strong> y proporciona ropa suave, fresca e higi\u00e9nicamente limpia justo a tiempo, con lavadoras duraderas, secadoras eficientes y calandras a vapor muy productivas.[\/vc_column_text][\/vc_column][vc_column width=&#8221;1\/3&#8243;][vc_empty_space][elx_heading font_container=&#8221;h5&#8243; font_size=&#8221;h5&#8243; text_color=&#8221;myPRO-light-blue&#8221;]Programas de desinfecci\u00f3n[\/elx_heading][vc_column_text]Mayor flexibilidad, con programas para todo tipo de necesidades, incluidos <strong>programas de desinfecci\u00f3n<\/strong> que te ayudan a cumplir los requisitos de higiene y limpieza.[\/vc_column_text][\/vc_column][vc_column width=&#8221;1\/3&#8243;][vc_empty_space][elx_heading font_container=&#8221;h5&#8243; font_size=&#8221;h5&#8243; text_color=&#8221;myPRO-light-blue&#8221;]Partes superior y frontal de acero inoxidable f\u00e1cil de limpiar[\/elx_heading][vc_column_text]Dise\u00f1o exterior elegante, s\u00f3lido y <strong>resistente a la corrosi\u00f3n<\/strong> que quedar\u00e1 genial con tu decoraci\u00f3n.<br \/>\nPartes superior y frontal de acero inoxidable f\u00e1cil de limpiar para obtener una soluci\u00f3n de m\u00e1xima calidad.[\/vc_column_text][\/vc_column][\/vc_row][vc_row content_placement=&#8221;top&#8221; el_class=&#8221;marginNegative&#8221;][vc_column width=&#8221;1\/3&#8243;][vc_single_image image=&#8221;21487&#8243; img_size=&#8221;large&#8221;][elx_heading text_color=&#8221;inherit&#8221;]Excepcional higiene<br \/>\ny fiabilidad[\/elx_heading][vc_column_text css=&#8221;.vc_custom_1569490540536{margin-bottom: 0px !important;}&#8221; el_class=&#8221;minHeightCirclesText&#8221;]<em>&#8220;No me preocupan las infecciones en la piel ni en las u\u00f1as&#8221;<\/em>[\/vc_column_text][vc_column_text css=&#8221;.vc_custom_1571298164547{margin-top: 15px !important;}&#8221;]<\/p>\n<ul>\n<li class=\"li1\"><span class=\"s1\"><b>Programas de desinfecci\u00f3n profesionales<\/b><\/span><span class=\"s2\"> para garantizar la higiene de tus toallas<\/span><\/li>\n<li><span class=\"s1\"><b>Expulsi\u00f3n eficaz<\/b><\/span> de pelos y part\u00edculas fuera del tambor por <em>grandes orificios de 4,5 mm<\/em><\/li>\n<li class=\"li2\"><span class=\"s1\"><b>Duraci\u00f3n 3 veces superior<\/b><\/span> a los equipos dom\u00e9sticos gracias a sus <em>componentes de categor\u00eda profesional<\/em><\/li>\n<\/ul>\n<p>[\/vc_column_text][\/vc_column][vc_column width=&#8221;1\/3&#8243;][vc_single_image image=&#8221;21488&#8243; img_size=&#8221;large&#8221;][elx_heading text_color=&#8221;inherit&#8221; css=&#8221;.vc_custom_1569490012945{margin-top: 0px !important;}&#8221;]Resultados de lavado<br \/>\nde calidad superior[\/elx_heading][vc_column_text css=&#8221;.vc_custom_1569490550080{margin-bottom: 0px !important;}&#8221; el_class=&#8221;minHeightCirclesText&#8221;]<em>&#8220;Mis clientes notar\u00e1n enseguida la diferencia. Toallas m\u00e1s limpias, m\u00e1s suaves y con un olor m\u00e1s fresco&#8221;<\/em>[\/vc_column_text][vc_column_text css=&#8221;.vc_custom_1573046732696{margin-top: 15px !important;}&#8221;]<\/p>\n<ul>\n<li class=\"li1\"><span class=\"s1\"><b>Mejores resultados de lavado<\/b><\/span> y <span class=\"s1\"><b>m\u00e1ximo cuidado de los tejidos<\/b><\/span> gracias al <em>tambor SpeedCare<\/em><\/li>\n<li><span class=\"s1\"><b>Ahorro de energ\u00eda y costes<br \/>\n<\/b><\/span><em>Lavadora de eficiencia energ\u00e9tica A+++<\/em><br \/>\n<em>Secadora con bomba de calor de eficiencia energ\u00e9tica A++<\/em><\/li>\n<li><span class=\"s1\"><b>Lavander\u00eda de alta eficiencia<\/b><\/span><span class=\"s2\"> en un <em>formato compacto <\/em>que optimiza el espacio<\/span><\/li>\n<\/ul>\n<p>[\/vc_column_text][\/vc_column][vc_column width=&#8221;1\/3&#8243;][vc_single_image image=&#8221;21489&#8243; img_size=&#8221;large&#8221;][elx_heading text_color=&#8221;inherit&#8221;]Alta velocidad para tus necesidades profesionales[\/elx_heading][vc_column_text css=&#8221;.vc_custom_1569490560500{margin-bottom: 0px !important;}&#8221; el_class=&#8221;minHeightCirclesText&#8221;]<em>&#8220;Tengo tranquilidad total y no me preocupan las aver\u00edas&#8221;<\/em>[\/vc_column_text][vc_column_text css=&#8221;.vc_custom_1571298189804{margin-top: 15px !important;}&#8221;]<\/p>\n<ul>\n<li class=\"li1\"><span class=\"s1\"><b>Hasta un 50\u2009% m\u00e1s r\u00e1pido<\/b><\/span> con <em>programas profesionales<\/em><\/li>\n<li class=\"li1\"><strong>Mejores resultados en menos tiempo<\/strong> con el planchado a vapor<\/li>\n<li class=\"li1\"><span class=\"s1\"><b>Ciclo de secado m\u00e1s corto<\/b><\/span> con <em>control autom\u00e1tico de la humedad<\/em><\/li>\n<\/ul>\n<p>[\/vc_column_text][\/vc_column][\/vc_row][vc_row css=&#8221;.vc_custom_1571302025360{padding-top: 32px !important;padding-bottom: 32px !important;}&#8221;][vc_column width=&#8221;1\/2&#8243;][elx_video_block background_image=&#8221;21486&#8243; is_full_height=&#8221;full-height&#8221; video_link=&#8221;https:\/\/www.youtube.com\/watch?v=tKL9zCjHyaY&#8221; minimum_height=&#8221;320px&#8221;][\/vc_column][vc_column width=&#8221;1\/2&#8243;][elx_heading font_container=&#8221;h5&#8243; font_size=&#8221;h5&#8243; text_color=&#8221;inherit&#8221;]MAXG Parrucchieri, Pordenone (Italia)[\/elx_heading][vc_column_text]\u201cMe llamo Massimo Catalano y soy peluquero. Mi hermana y yo iniciamos esta aventura en la peluquer\u00eda de nuestros padres y ya tenemos seis establecimientos.<br \/>\nHasta ahora siempre hab\u00edamos usado lavadoras y secadoras dom\u00e9sticas, pero nunca eran suficientes para nuestra gran carga de trabajo. Menos mal que descubrimos myPRO\u2026\u201d[\/vc_column_text][\/vc_column][\/vc_row][vc_row][vc_column][vc_empty_space][\/vc_column][\/vc_row][vc_row][vc_column][elx_o2000_contact_us s=&#8221;Solicitud de informaci\u00f3n sobre peluquer\u00edas y salones de belleza&#8221; b=&#8221;laundry&#8221; r=&#8221;Me gustar\u00eda obtener m\u00e1s informaci\u00f3n sobre las soluciones para peluquer\u00edas y salones de belleza&#8221; l=&#8221;en&#8221;][\/vc_column][\/vc_row][vc_row][vc_column][vc_empty_space][\/vc_column][\/vc_row][vc_row css=&#8221;.vc_custom_1534772259989{background-color: #eeeeee !important;}&#8221;][vc_column width=&#8221;2\/3&#8243;][elx_heading font_size=&#8221;h3&#8243; text_color=&#8221;inherit&#8221;]\u00bfBuscas soluciones m\u00e1s productivas?[\/elx_heading][elx_heading font_container=&#8221;h3&#8243; font_size=&#8221;h5&#8243; text_color=&#8221;inherit&#8221;]No te pierdas nuestras soluciones para lavander\u00eda comercial[\/elx_heading][vc_column_text]Electrolux Professional te ofrece una gama integral de productos para tus necesidades de lavander\u00eda profesional.[\/vc_column_text][elx_button button_text=&#8221;Descubre nuestras soluciones para lavander\u00eda comercial&#8221; button_style=&#8221;icon&#8221; button_link=&#8221;url:https%3A%2F%2Fwww.electroluxprofessional.com%2Fes%2Fequipamiento-lavanderia-comercial%2F|title:Commercial%20Laundry%20Solutions|target:_blank&#8221;][\/vc_column][vc_column width=&#8221;1\/3&#8243;][vc_empty_space][vc_single_image image=&#8221;1839&#8243; img_size=&#8221;700px&#8221;][\/vc_column][\/vc_row]<\/p>\n","protected":false},"excerpt":{"rendered":"<p>[vc_row full_width=&#8221;electroluxpro-full-width-no-padding&#8221; css=&#8221;.vc_custom_1663592939648{margin-top: -50px !important;}&#8221;][vc_column][elx_full_banner title=&#8221;Peluquer\u00edas y Centros de Est\u00e9tica&#8221; background_image_media_library=&#8221;21490&#8243; background_image_media_library_mobile=&#8221;21491&#8243;][\/vc_column][\/vc_row][vc_row][vc_column][vc_empty_space][\/vc_column][\/vc_row][vc_row][vc_column width=&#8221;2\/3&#8243;][elx_heading font_container=&#8221;h1&#8243; text_color=&#8221;electrolux-blue&#8221;]Lavander\u00eda para Peluquer\u00edas y Centros de Est\u00e9tica[\/elx_heading][vc_column_text]Programas lentos y desag\u00fces obstruidos son problemas constantes cuando se utilizan equipos dom\u00e9sticos en las lavander\u00edas de las peluquer\u00edas. myPRO te permite centrarte en lo m\u00e1s importante de tu negocio.\u00a0Lavado de alta calidad de forma [&hellip;]<\/p>\n","protected":false},"author":368,"featured_media":21485,"parent":23401,"menu_order":0,"comment_status":"closed","ping_status":"closed","template":"","meta":{"footnotes":""},"class_list":["post-21492","page","type-page","status-publish","has-post-thumbnail","hentry"],"acf":[],"yoast_head":"<!-- This site is optimized with the Yoast SEO plugin v23.4 - https:\/\/yoast.com\/wordpress\/plugins\/seo\/ -->\n<title>Soluciones Peluquer\u00edas y Centros Est\u00e9tica | Electrolux Professional<\/title>\n<meta name=\"description\" content=\"Lavander\u00edas profesionales para peluquer\u00edas y centros de est\u00e9tica. Equipos compactos y eficientes para un servicio de toallas impecable.\" \/>\n<meta name=\"robots\" content=\"index, follow, max-snippet:-1, max-image-preview:large, max-video-preview:-1\" \/>\n<link rel=\"canonical\" href=\"https:\/\/www.electroluxprofessional.com\/es\/tu-negocio\/pequenos-negocios\/peluquerias-y-centros-estetica\/\" \/>\n<meta property=\"og:locale\" content=\"es_ES\" \/>\n<meta property=\"og:type\" content=\"article\" \/>\n<meta property=\"og:title\" content=\"Soluciones Peluquer\u00edas y Centros Est\u00e9tica | Electrolux Professional\" \/>\n<meta property=\"og:description\" content=\"Lavander\u00edas profesionales para peluquer\u00edas y centros de est\u00e9tica. Equipos compactos y eficientes para un servicio de toallas impecable.\" \/>\n<meta property=\"og:url\" content=\"https:\/\/www.electroluxprofessional.com\/es\/tu-negocio\/pequenos-negocios\/peluquerias-y-centros-estetica\/\" \/>\n<meta property=\"og:site_name\" content=\"Electrolux Professional Espa\u00f1a\" \/>\n<meta property=\"article:modified_time\" content=\"2026-03-28T11:01:12+00:00\" \/>\n<meta property=\"og:image\" content=\"https:\/\/www.electroluxprofessional.com\/es\/wp-content\/uploads\/2025\/02\/myPRO-health-beauty-salon-1170x546-1.jpg\" \/>\n\t<meta property=\"og:image:width\" content=\"1170\" \/>\n\t<meta property=\"og:image:height\" content=\"546\" \/>\n\t<meta property=\"og:image:type\" content=\"image\/jpeg\" \/>\n<meta name=\"twitter:card\" content=\"summary_large_image\" \/>\n<meta name=\"twitter:label1\" content=\"Tiempo de lectura\" \/>\n\t<meta name=\"twitter:data1\" content=\"3 minutos\" \/>\n<script type=\"application\/ld+json\" class=\"yoast-schema-graph\">{\"@context\":\"https:\/\/schema.org\",\"@graph\":[{\"@type\":\"WebPage\",\"@id\":\"https:\/\/www.electroluxprofessional.com\/es\/tu-negocio\/pequenos-negocios\/peluquerias-y-centros-estetica\/\",\"url\":\"https:\/\/www.electroluxprofessional.com\/es\/tu-negocio\/pequenos-negocios\/peluquerias-y-centros-estetica\/\",\"name\":\"Soluciones Peluquer\u00edas y Centros Est\u00e9tica | Electrolux Professional\",\"isPartOf\":{\"@id\":\"https:\/\/www.electroluxprofessional.com\/es\/#website\"},\"primaryImageOfPage\":{\"@id\":\"https:\/\/www.electroluxprofessional.com\/es\/tu-negocio\/pequenos-negocios\/peluquerias-y-centros-estetica\/#primaryimage\"},\"image\":{\"@id\":\"https:\/\/www.electroluxprofessional.com\/es\/tu-negocio\/pequenos-negocios\/peluquerias-y-centros-estetica\/#primaryimage\"},\"thumbnailUrl\":\"https:\/\/www.electroluxprofessional.com\/es\/wp-content\/uploads\/2025\/02\/myPRO-health-beauty-salon-1170x546-1.jpg\",\"datePublished\":\"2025-02-05T07:55:00+00:00\",\"dateModified\":\"2026-03-28T11:01:12+00:00\",\"description\":\"Lavander\u00edas profesionales para peluquer\u00edas y centros de est\u00e9tica. Equipos compactos y eficientes para un servicio de toallas impecable.\",\"breadcrumb\":{\"@id\":\"https:\/\/www.electroluxprofessional.com\/es\/tu-negocio\/pequenos-negocios\/peluquerias-y-centros-estetica\/#breadcrumb\"},\"inLanguage\":\"es\",\"potentialAction\":[{\"@type\":\"ReadAction\",\"target\":[\"https:\/\/www.electroluxprofessional.com\/es\/tu-negocio\/pequenos-negocios\/peluquerias-y-centros-estetica\/\"]}]},{\"@type\":\"ImageObject\",\"inLanguage\":\"es\",\"@id\":\"https:\/\/www.electroluxprofessional.com\/es\/tu-negocio\/pequenos-negocios\/peluquerias-y-centros-estetica\/#primaryimage\",\"url\":\"https:\/\/www.electroluxprofessional.com\/es\/wp-content\/uploads\/2025\/02\/myPRO-health-beauty-salon-1170x546-1.jpg\",\"contentUrl\":\"https:\/\/www.electroluxprofessional.com\/es\/wp-content\/uploads\/2025\/02\/myPRO-health-beauty-salon-1170x546-1.jpg\",\"width\":1170,\"height\":546},{\"@type\":\"BreadcrumbList\",\"@id\":\"https:\/\/www.electroluxprofessional.com\/es\/tu-negocio\/pequenos-negocios\/peluquerias-y-centros-estetica\/#breadcrumb\",\"itemListElement\":[{\"@type\":\"ListItem\",\"position\":1,\"name\":\"Home\",\"item\":\"https:\/\/www.electroluxprofessional.com\/es\/\"},{\"@type\":\"ListItem\",\"position\":2,\"name\":\"Tu negocio\",\"item\":\"https:\/\/www.electroluxprofessional.com\/es\/tu-negocio\/\"},{\"@type\":\"ListItem\",\"position\":3,\"name\":\"Peque\u00f1os negocios\",\"item\":\"https:\/\/www.electroluxprofessional.com\/es\/tu-negocio\/pequenos-negocios\/\"},{\"@type\":\"ListItem\",\"position\":4,\"name\":\"Peluquer\u00edas y Centros de Est\u00e9tica\"}]},{\"@type\":\"WebSite\",\"@id\":\"https:\/\/www.electroluxprofessional.com\/es\/#website\",\"url\":\"https:\/\/www.electroluxprofessional.com\/es\/\",\"name\":\"Electrolux Professional Espa\u00f1a\",\"description\":\"Equipamiento cocinas profesionales y lavander\u00edas comerciales. Excelencia en el suministro de soluciones profesionales.\",\"potentialAction\":[{\"@type\":\"SearchAction\",\"target\":{\"@type\":\"EntryPoint\",\"urlTemplate\":\"https:\/\/www.electroluxprofessional.com\/es\/?src={search_term_string}\"},\"query-input\":{\"@type\":\"PropertyValueSpecification\",\"valueRequired\":true,\"valueName\":\"search_term_string\"}}],\"inLanguage\":\"es\"}]}<\/script>\n<!-- \/ Yoast SEO plugin. -->","yoast_head_json":{"title":"Soluciones Peluquer\u00edas y Centros Est\u00e9tica | Electrolux Professional","description":"Lavander\u00edas profesionales para peluquer\u00edas y centros de est\u00e9tica. Equipos compactos y eficientes para un servicio de toallas impecable.","robots":{"index":"index","follow":"follow","max-snippet":"max-snippet:-1","max-image-preview":"max-image-preview:large","max-video-preview":"max-video-preview:-1"},"canonical":"https:\/\/www.electroluxprofessional.com\/es\/tu-negocio\/pequenos-negocios\/peluquerias-y-centros-estetica\/","og_locale":"es_ES","og_type":"article","og_title":"Soluciones Peluquer\u00edas y Centros Est\u00e9tica | Electrolux Professional","og_description":"Lavander\u00edas profesionales para peluquer\u00edas y centros de est\u00e9tica. Equipos compactos y eficientes para un servicio de toallas impecable.","og_url":"https:\/\/www.electroluxprofessional.com\/es\/tu-negocio\/pequenos-negocios\/peluquerias-y-centros-estetica\/","og_site_name":"Electrolux Professional Espa\u00f1a","article_modified_time":"2026-03-28T11:01:12+00:00","og_image":[{"width":1170,"height":546,"url":"https:\/\/www.electroluxprofessional.com\/es\/wp-content\/uploads\/2025\/02\/myPRO-health-beauty-salon-1170x546-1.jpg","type":"image\/jpeg"}],"twitter_card":"summary_large_image","twitter_misc":{"Tiempo de lectura":"3 minutos"},"schema":{"@context":"https:\/\/schema.org","@graph":[{"@type":"WebPage","@id":"https:\/\/www.electroluxprofessional.com\/es\/tu-negocio\/pequenos-negocios\/peluquerias-y-centros-estetica\/","url":"https:\/\/www.electroluxprofessional.com\/es\/tu-negocio\/pequenos-negocios\/peluquerias-y-centros-estetica\/","name":"Soluciones Peluquer\u00edas y Centros Est\u00e9tica | Electrolux Professional","isPartOf":{"@id":"https:\/\/www.electroluxprofessional.com\/es\/#website"},"primaryImageOfPage":{"@id":"https:\/\/www.electroluxprofessional.com\/es\/tu-negocio\/pequenos-negocios\/peluquerias-y-centros-estetica\/#primaryimage"},"image":{"@id":"https:\/\/www.electroluxprofessional.com\/es\/tu-negocio\/pequenos-negocios\/peluquerias-y-centros-estetica\/#primaryimage"},"thumbnailUrl":"https:\/\/www.electroluxprofessional.com\/es\/wp-content\/uploads\/2025\/02\/myPRO-health-beauty-salon-1170x546-1.jpg","datePublished":"2025-02-05T07:55:00+00:00","dateModified":"2026-03-28T11:01:12+00:00","description":"Lavander\u00edas profesionales para peluquer\u00edas y centros de est\u00e9tica. Equipos compactos y eficientes para un servicio de toallas impecable.","breadcrumb":{"@id":"https:\/\/www.electroluxprofessional.com\/es\/tu-negocio\/pequenos-negocios\/peluquerias-y-centros-estetica\/#breadcrumb"},"inLanguage":"es","potentialAction":[{"@type":"ReadAction","target":["https:\/\/www.electroluxprofessional.com\/es\/tu-negocio\/pequenos-negocios\/peluquerias-y-centros-estetica\/"]}]},{"@type":"ImageObject","inLanguage":"es","@id":"https:\/\/www.electroluxprofessional.com\/es\/tu-negocio\/pequenos-negocios\/peluquerias-y-centros-estetica\/#primaryimage","url":"https:\/\/www.electroluxprofessional.com\/es\/wp-content\/uploads\/2025\/02\/myPRO-health-beauty-salon-1170x546-1.jpg","contentUrl":"https:\/\/www.electroluxprofessional.com\/es\/wp-content\/uploads\/2025\/02\/myPRO-health-beauty-salon-1170x546-1.jpg","width":1170,"height":546},{"@type":"BreadcrumbList","@id":"https:\/\/www.electroluxprofessional.com\/es\/tu-negocio\/pequenos-negocios\/peluquerias-y-centros-estetica\/#breadcrumb","itemListElement":[{"@type":"ListItem","position":1,"name":"Home","item":"https:\/\/www.electroluxprofessional.com\/es\/"},{"@type":"ListItem","position":2,"name":"Tu negocio","item":"https:\/\/www.electroluxprofessional.com\/es\/tu-negocio\/"},{"@type":"ListItem","position":3,"name":"Peque\u00f1os negocios","item":"https:\/\/www.electroluxprofessional.com\/es\/tu-negocio\/pequenos-negocios\/"},{"@type":"ListItem","position":4,"name":"Peluquer\u00edas y Centros de Est\u00e9tica"}]},{"@type":"WebSite","@id":"https:\/\/www.electroluxprofessional.com\/es\/#website","url":"https:\/\/www.electroluxprofessional.com\/es\/","name":"Electrolux Professional Espa\u00f1a","description":"Equipamiento cocinas profesionales y lavander\u00edas comerciales. Excelencia en el suministro de soluciones profesionales.","potentialAction":[{"@type":"SearchAction","target":{"@type":"EntryPoint","urlTemplate":"https:\/\/www.electroluxprofessional.com\/es\/?src={search_term_string}"},"query-input":{"@type":"PropertyValueSpecification","valueRequired":true,"valueName":"search_term_string"}}],"inLanguage":"es"}]}},"_links":{"self":[{"href":"https:\/\/www.electroluxprofessional.com\/es\/wp-json\/wp\/v2\/pages\/21492"}],"collection":[{"href":"https:\/\/www.electroluxprofessional.com\/es\/wp-json\/wp\/v2\/pages"}],"about":[{"href":"https:\/\/www.electroluxprofessional.com\/es\/wp-json\/wp\/v2\/types\/page"}],"author":[{"embeddable":true,"href":"https:\/\/www.electroluxprofessional.com\/es\/wp-json\/wp\/v2\/users\/368"}],"replies":[{"embeddable":true,"href":"https:\/\/www.electroluxprofessional.com\/es\/wp-json\/wp\/v2\/comments?post=21492"}],"version-history":[{"count":15,"href":"https:\/\/www.electroluxprofessional.com\/es\/wp-json\/wp\/v2\/pages\/21492\/revisions"}],"predecessor-version":[{"id":25961,"href":"https:\/\/www.electroluxprofessional.com\/es\/wp-json\/wp\/v2\/pages\/21492\/revisions\/25961"}],"up":[{"embeddable":true,"href":"https:\/\/www.electroluxprofessional.com\/es\/wp-json\/wp\/v2\/pages\/23401"}],"wp:featuredmedia":[{"embeddable":true,"href":"https:\/\/www.electroluxprofessional.com\/es\/wp-json\/wp\/v2\/media\/21485"}],"wp:attachment":[{"href":"https:\/\/www.electroluxprofessional.com\/es\/wp-json\/wp\/v2\/media?parent=21492"}],"curies":[{"name":"wp","href":"https:\/\/api.w.org\/{rel}","templated":true}]}}