{"id":15636,"date":"2021-11-30T17:18:19","date_gmt":"2021-11-30T17:18:19","guid":{"rendered":"https:\/\/www.electroluxprofessional.com\/es\/?page_id=15636"},"modified":"2026-03-12T12:31:59","modified_gmt":"2026-03-12T12:31:59","slug":"oferta-de-renting-condiciones-generales","status":"publish","type":"page","link":"https:\/\/www.electroluxprofessional.com\/es\/oferta-de-renting-condiciones-generales\/","title":{"rendered":"Condiciones generales &#8211; oferta de renting"},"content":{"rendered":"<p>[vc_row][vc_column][elx_heading font_container=&#8221;h1&#8243; text_color=&#8221;inherit&#8221;]Condiciones generales de venta espec\u00edficas de las ofertas de renting* [\/elx_heading][vc_empty_space][elx_heading text_color=&#8221;inherit&#8221;]Ofertas de renting a 36 meses Cocina y Lavander\u00eda[\/elx_heading][vc_empty_space][\/vc_column][\/vc_row][vc_row][vc_column][elx_heading text_color=&#8221;inherit&#8221;]* Ofertas de cocina y lavander\u00eda[\/elx_heading][vc_empty_space][vc_column_text]<\/p>\n<p style=\"font-weight: 400;\">&#8211; Oferta v\u00e1lida a partir del X de X de 2026.<\/p>\n<p style=\"font-weight: 400;\">&#8211; Sujeto a un contrato de arrendamiento con nuestro partner financiero y aceptaci\u00f3n de las Condiciones Generales de Venta.<\/p>\n<p style=\"font-weight: 400;\">&#8211; Tarifas sujetas a la aprobaci\u00f3n por parte de la entidad financiera.<\/p>\n<p style=\"font-weight: 400;\">&#8211; Una vez autorizada la operaci\u00f3n, no ser\u00e1n revisados los precios.<\/p>\n<p style=\"font-weight: 400;\">&#8211; Tienes\u00a0la posibilidad de adquirir la propiedad de los equipos a vencimiento mediante el pago de un Valor Residual.<\/p>\n<p style=\"font-weight: 400;\">&#8211; Las ofertas de renting de &#8220;Cocina&#8221; y &#8220;Lavander\u00eda&#8221; indicadas, corresponden a un per\u00edodo de 36 meses.<\/p>\n<p style=\"font-weight: 400;\">&#8211; El precio indicado en la oferta corresponde al precio mensual sin IVA ni seguro de da\u00f1os, durante los 36 meses.<\/p>\n<p style=\"font-weight: 400;\">&#8211; Equipo entregado, instalado y garantizado por 12 meses.<\/p>\n<p style=\"font-weight: 400;\">&#8211; Fotos no contractuales.<\/p>\n<p>[\/vc_column_text][vc_empty_space][vc_column_text]<\/p>\n<p style=\"font-weight: 400;\">Se excluye de la cobertura de la garant\u00eda:<\/p>\n<ul style=\"font-weight: 400;\">\n<li>Si el defecto se debe a un uso incorrecto, inadecuado o abusivo del equipo.<\/li>\n<li>Por reparaciones y \/ o modificaciones del equipo sin el consentimiento del instalador aprobado por el arrendatario o un tercero.<\/li>\n<li>Por el fallo en el suministro de energ\u00eda, fluidos y qu\u00edmicos para el buen funcionamiento del equipo.<\/li>\n<li>Por caso de fuerza mayor o un problema externo que pueda afectar a la m\u00e1quina.<\/li>\n<\/ul>\n<p>[\/vc_column_text][\/vc_column][\/vc_row][vc_row][vc_column][vc_empty_space height=&#8221;50px&#8221;][elx_o2000_contact_us s=&#8221;Formulario web: Renting&#8221; country=&#8221;Spain&#8221; r=&#8221;Estoy interesado en&#8230;&#8221; l=&#8221;es&#8221;][\/vc_column][\/vc_row]<\/p>\n","protected":false},"excerpt":{"rendered":"<p>[vc_row][vc_column][elx_heading font_container=&#8221;h1&#8243; text_color=&#8221;inherit&#8221;]Condiciones generales de venta espec\u00edficas de las ofertas de renting* [\/elx_heading][vc_empty_space][elx_heading text_color=&#8221;inherit&#8221;]Ofertas de renting a 36 meses Cocina y Lavander\u00eda[\/elx_heading][vc_empty_space][\/vc_column][\/vc_row][vc_row][vc_column][elx_heading text_color=&#8221;inherit&#8221;]* Ofertas de cocina y lavander\u00eda[\/elx_heading][vc_empty_space][vc_column_text] &#8211; Oferta v\u00e1lida a partir del X de X de 2026. &#8211; Sujeto a un contrato de arrendamiento con nuestro partner financiero y aceptaci\u00f3n de las Condiciones [&hellip;]<\/p>\n","protected":false},"author":197,"featured_media":0,"parent":0,"menu_order":0,"comment_status":"closed","ping_status":"closed","template":"","meta":{"footnotes":""},"class_list":["post-15636","page","type-page","status-publish","hentry"],"acf":[],"yoast_head":"<!-- This site is optimized with the Yoast SEO plugin v23.4 - https:\/\/yoast.com\/wordpress\/plugins\/seo\/ -->\n<title>Condiciones generales - oferta de renting - Electrolux Professional Espa\u00f1a<\/title>\n<meta name=\"description\" content=\"Oferta de renting de equipos de cocinas y lavander\u00eda de Electrolux professional, contacta con nosotros para tener m\u00e1s informaci\u00f3n.\" \/>\n<meta name=\"robots\" content=\"index, follow, max-snippet:-1, max-image-preview:large, max-video-preview:-1\" \/>\n<link rel=\"canonical\" href=\"https:\/\/www.electroluxprofessional.com\/es\/oferta-de-renting-condiciones-generales\/\" \/>\n<meta property=\"og:locale\" content=\"es_ES\" \/>\n<meta property=\"og:type\" content=\"article\" \/>\n<meta property=\"og:title\" content=\"Condiciones generales - oferta de renting - Electrolux Professional Espa\u00f1a\" \/>\n<meta property=\"og:description\" content=\"Oferta de renting de equipos de cocinas y lavander\u00eda de Electrolux professional, contacta con nosotros para tener m\u00e1s informaci\u00f3n.\" \/>\n<meta property=\"og:url\" content=\"https:\/\/www.electroluxprofessional.com\/es\/oferta-de-renting-condiciones-generales\/\" \/>\n<meta property=\"og:site_name\" content=\"Electrolux Professional Espa\u00f1a\" \/>\n<meta property=\"article:modified_time\" content=\"2026-03-12T12:31:59+00:00\" \/>\n<meta name=\"twitter:card\" content=\"summary_large_image\" \/>\n<meta name=\"twitter:label1\" content=\"Tiempo de lectura\" \/>\n\t<meta name=\"twitter:data1\" content=\"2 minutos\" \/>\n<script type=\"application\/ld+json\" class=\"yoast-schema-graph\">{\"@context\":\"https:\/\/schema.org\",\"@graph\":[{\"@type\":\"WebPage\",\"@id\":\"https:\/\/www.electroluxprofessional.com\/es\/oferta-de-renting-condiciones-generales\/\",\"url\":\"https:\/\/www.electroluxprofessional.com\/es\/oferta-de-renting-condiciones-generales\/\",\"name\":\"Condiciones generales - oferta de renting - Electrolux Professional Espa\u00f1a\",\"isPartOf\":{\"@id\":\"https:\/\/www.electroluxprofessional.com\/es\/#website\"},\"datePublished\":\"2021-11-30T17:18:19+00:00\",\"dateModified\":\"2026-03-12T12:31:59+00:00\",\"description\":\"Oferta de renting de equipos de cocinas y lavander\u00eda de Electrolux professional, contacta con nosotros para tener m\u00e1s informaci\u00f3n.\",\"breadcrumb\":{\"@id\":\"https:\/\/www.electroluxprofessional.com\/es\/oferta-de-renting-condiciones-generales\/#breadcrumb\"},\"inLanguage\":\"es\",\"potentialAction\":[{\"@type\":\"ReadAction\",\"target\":[\"https:\/\/www.electroluxprofessional.com\/es\/oferta-de-renting-condiciones-generales\/\"]}]},{\"@type\":\"BreadcrumbList\",\"@id\":\"https:\/\/www.electroluxprofessional.com\/es\/oferta-de-renting-condiciones-generales\/#breadcrumb\",\"itemListElement\":[{\"@type\":\"ListItem\",\"position\":1,\"name\":\"Home\",\"item\":\"https:\/\/www.electroluxprofessional.com\/es\/\"},{\"@type\":\"ListItem\",\"position\":2,\"name\":\"Condiciones generales &#8211; oferta de renting\"}]},{\"@type\":\"WebSite\",\"@id\":\"https:\/\/www.electroluxprofessional.com\/es\/#website\",\"url\":\"https:\/\/www.electroluxprofessional.com\/es\/\",\"name\":\"Electrolux Professional Espa\u00f1a\",\"description\":\"Equipamiento cocinas profesionales y lavander\u00edas comerciales. Excelencia en el suministro de soluciones profesionales.\",\"potentialAction\":[{\"@type\":\"SearchAction\",\"target\":{\"@type\":\"EntryPoint\",\"urlTemplate\":\"https:\/\/www.electroluxprofessional.com\/es\/?src={search_term_string}\"},\"query-input\":{\"@type\":\"PropertyValueSpecification\",\"valueRequired\":true,\"valueName\":\"search_term_string\"}}],\"inLanguage\":\"es\"}]}<\/script>\n<!-- \/ Yoast SEO plugin. -->","yoast_head_json":{"title":"Condiciones generales - oferta de renting - Electrolux Professional Espa\u00f1a","description":"Oferta de renting de equipos de cocinas y lavander\u00eda de Electrolux professional, contacta con nosotros para tener m\u00e1s informaci\u00f3n.","robots":{"index":"index","follow":"follow","max-snippet":"max-snippet:-1","max-image-preview":"max-image-preview:large","max-video-preview":"max-video-preview:-1"},"canonical":"https:\/\/www.electroluxprofessional.com\/es\/oferta-de-renting-condiciones-generales\/","og_locale":"es_ES","og_type":"article","og_title":"Condiciones generales - oferta de renting - Electrolux Professional Espa\u00f1a","og_description":"Oferta de renting de equipos de cocinas y lavander\u00eda de Electrolux professional, contacta con nosotros para tener m\u00e1s informaci\u00f3n.","og_url":"https:\/\/www.electroluxprofessional.com\/es\/oferta-de-renting-condiciones-generales\/","og_site_name":"Electrolux Professional Espa\u00f1a","article_modified_time":"2026-03-12T12:31:59+00:00","twitter_card":"summary_large_image","twitter_misc":{"Tiempo de lectura":"2 minutos"},"schema":{"@context":"https:\/\/schema.org","@graph":[{"@type":"WebPage","@id":"https:\/\/www.electroluxprofessional.com\/es\/oferta-de-renting-condiciones-generales\/","url":"https:\/\/www.electroluxprofessional.com\/es\/oferta-de-renting-condiciones-generales\/","name":"Condiciones generales - oferta de renting - Electrolux Professional Espa\u00f1a","isPartOf":{"@id":"https:\/\/www.electroluxprofessional.com\/es\/#website"},"datePublished":"2021-11-30T17:18:19+00:00","dateModified":"2026-03-12T12:31:59+00:00","description":"Oferta de renting de equipos de cocinas y lavander\u00eda de Electrolux professional, contacta con nosotros para tener m\u00e1s informaci\u00f3n.","breadcrumb":{"@id":"https:\/\/www.electroluxprofessional.com\/es\/oferta-de-renting-condiciones-generales\/#breadcrumb"},"inLanguage":"es","potentialAction":[{"@type":"ReadAction","target":["https:\/\/www.electroluxprofessional.com\/es\/oferta-de-renting-condiciones-generales\/"]}]},{"@type":"BreadcrumbList","@id":"https:\/\/www.electroluxprofessional.com\/es\/oferta-de-renting-condiciones-generales\/#breadcrumb","itemListElement":[{"@type":"ListItem","position":1,"name":"Home","item":"https:\/\/www.electroluxprofessional.com\/es\/"},{"@type":"ListItem","position":2,"name":"Condiciones generales &#8211; oferta de renting"}]},{"@type":"WebSite","@id":"https:\/\/www.electroluxprofessional.com\/es\/#website","url":"https:\/\/www.electroluxprofessional.com\/es\/","name":"Electrolux Professional Espa\u00f1a","description":"Equipamiento cocinas profesionales y lavander\u00edas comerciales. Excelencia en el suministro de soluciones profesionales.","potentialAction":[{"@type":"SearchAction","target":{"@type":"EntryPoint","urlTemplate":"https:\/\/www.electroluxprofessional.com\/es\/?src={search_term_string}"},"query-input":{"@type":"PropertyValueSpecification","valueRequired":true,"valueName":"search_term_string"}}],"inLanguage":"es"}]}},"_links":{"self":[{"href":"https:\/\/www.electroluxprofessional.com\/es\/wp-json\/wp\/v2\/pages\/15636"}],"collection":[{"href":"https:\/\/www.electroluxprofessional.com\/es\/wp-json\/wp\/v2\/pages"}],"about":[{"href":"https:\/\/www.electroluxprofessional.com\/es\/wp-json\/wp\/v2\/types\/page"}],"author":[{"embeddable":true,"href":"https:\/\/www.electroluxprofessional.com\/es\/wp-json\/wp\/v2\/users\/197"}],"replies":[{"embeddable":true,"href":"https:\/\/www.electroluxprofessional.com\/es\/wp-json\/wp\/v2\/comments?post=15636"}],"version-history":[{"count":25,"href":"https:\/\/www.electroluxprofessional.com\/es\/wp-json\/wp\/v2\/pages\/15636\/revisions"}],"predecessor-version":[{"id":25761,"href":"https:\/\/www.electroluxprofessional.com\/es\/wp-json\/wp\/v2\/pages\/15636\/revisions\/25761"}],"wp:attachment":[{"href":"https:\/\/www.electroluxprofessional.com\/es\/wp-json\/wp\/v2\/media?parent=15636"}],"curies":[{"name":"wp","href":"https:\/\/api.w.org\/{rel}","templated":true}]}}