{"id":13422,"date":"2021-03-25T15:30:49","date_gmt":"2021-03-25T15:30:49","guid":{"rendered":"https:\/\/www.electroluxprofessional.com\/es\/?page_id=13422"},"modified":"2026-03-29T16:25:25","modified_gmt":"2026-03-29T16:25:25","slug":"solucion-de-renting","status":"publish","type":"page","link":"https:\/\/www.electroluxprofessional.com\/es\/solucion-de-renting\/","title":{"rendered":"Soluci\u00f3n de renting"},"content":{"rendered":"<p>[vc_row full_width=&#8221;electroluxpro-full-width-no-padding&#8221; css=&#8221;.vc_custom_1616747857793{background-color: #16113d !important;}&#8221;][vc_column][elx_master_slider slide_order_1=&#8221;1&#8243; title_1=&#8221;&#8221; text_1=&#8221;&#8221; slide_order_2=&#8221;2&#8243; slide_order_3=&#8221;3&#8243; slide_order_4=&#8221;4&#8243; link_1=&#8221;url:%23contacto&#8221; background_image_media_library_1=&#8221;19402&#8243; background_image_media_library_mobile_1=&#8221;19404&#8243;][\/vc_column][\/vc_row][vc_row full_width=&#8221;electroluxpro-full-width-no-padding&#8221;][vc_column][vc_empty_space height=&#8221;64px&#8221;][elx_heading text_color=&#8221;inherit&#8221; text_align=&#8221;text-center&#8221;]Elige el tuyo:[\/elx_heading][elx_menu menu_name=&#8221;Financiacion&#8221;][vc_empty_space height=&#8221;64px&#8221;][\/vc_column][\/vc_row][vc_row full_width=&#8221;electroluxpro-full-width-no-padding&#8221; el_id=&#8221;cocina&#8221;][vc_column width=&#8221;1\/3&#8243; css=&#8221;.vc_custom_1710335155516{background-color: #16113d !important;}&#8221;][vc_empty_space][\/vc_column][vc_column width=&#8221;1\/3&#8243; css=&#8221;.vc_custom_1710342837936{background-color: #cea941 !important;}&#8221;][vc_empty_space][elx_heading font_container=&#8221;h1&#8243; font_size=&#8221;h2&#8243; text_color=&#8221;white&#8221; text_align=&#8221;text-center&#8221;]Oferta de COCINA[\/elx_heading][vc_empty_space][vc_empty_space][\/vc_column][vc_column width=&#8221;1\/3&#8243; css=&#8221;.vc_custom_1710335164506{background-color: #16113d !important;}&#8221;][vc_empty_space][\/vc_column][\/vc_row][vc_row full_width=&#8221;electroluxpro-full-width-no-padding&#8221;][vc_column][vc_row_inner][vc_column_inner width=&#8221;1\/3&#8243;][vc_single_image image=&#8221;19670&#8243; img_size=&#8221;large&#8221;][\/vc_column_inner][vc_column_inner width=&#8221;1\/3&#8243;][vc_single_image image=&#8221;19409&#8243; img_size=&#8221;large&#8221;][\/vc_column_inner][vc_column_inner width=&#8221;1\/3&#8243;][vc_single_image image=&#8221;19410&#8243; img_size=&#8221;large&#8221;][\/vc_column_inner][\/vc_row_inner][vc_empty_space height=&#8221;96px&#8221;][\/vc_column][\/vc_row][vc_row][vc_column css=&#8221;.vc_custom_1710343352245{margin-top: 32px !important;}&#8221;][vc_zigzag][vc_empty_space height=&#8221;96px&#8221;][\/vc_column][\/vc_row][vc_row full_width=&#8221;electroluxpro-full-width-no-padding&#8221; el_id=&#8221;lavanderia&#8221;][vc_column width=&#8221;1\/3&#8243; css=&#8221;.vc_custom_1710334583661{background-color: #16113d !important;}&#8221;][vc_empty_space][\/vc_column][vc_column width=&#8221;1\/3&#8243; css=&#8221;.vc_custom_1710342868321{background-color: #cea941 !important;}&#8221;][vc_empty_space][elx_heading text_color=&#8221;white&#8221; text_align=&#8221;text-center&#8221;]Oferta de<br \/>\nLAVANDER\u00cdA[\/elx_heading][vc_empty_space][\/vc_column][vc_column width=&#8221;1\/3&#8243; css=&#8221;.vc_custom_1710335227143{background-color: #16113d !important;}&#8221;][vc_empty_space][\/vc_column][\/vc_row][vc_row full_width=&#8221;electroluxpro-full-width-no-padding&#8221;][vc_column][vc_row_inner][vc_column_inner width=&#8221;1\/3&#8243;][vc_single_image image=&#8221;19427&#8243; img_size=&#8221;large&#8221;][\/vc_column_inner][vc_column_inner width=&#8221;1\/3&#8243;][vc_single_image image=&#8221;19428&#8243; img_size=&#8221;large&#8221;][\/vc_column_inner][vc_column_inner width=&#8221;1\/3&#8243;][vc_single_image image=&#8221;19429&#8243; img_size=&#8221;large&#8221;][\/vc_column_inner][\/vc_row_inner][vc_empty_space height=&#8221;96px&#8221;][\/vc_column][\/vc_row][vc_row][vc_column css=&#8221;.vc_custom_1710343352245{margin-top: 32px !important;}&#8221;][vc_zigzag][vc_empty_space height=&#8221;96px&#8221;][\/vc_column][\/vc_row][vc_row full_width=&#8221;electroluxpro-full-width-no-padding&#8221; el_id=&#8221;lavado&#8221;][vc_column width=&#8221;1\/3&#8243; css=&#8221;.vc_custom_1710334583661{background-color: #16113d !important;}&#8221;][vc_empty_space][\/vc_column][vc_column width=&#8221;1\/3&#8243; css=&#8221;.vc_custom_1710342917975{background-color: #cea941 !important;}&#8221;][vc_empty_space][elx_heading text_color=&#8221;white&#8221; text_align=&#8221;text-center&#8221;]Oferta de<br \/>\nLAVADO DE VAJILLA[\/elx_heading][vc_empty_space][\/vc_column][vc_column width=&#8221;1\/3&#8243; css=&#8221;.vc_custom_1710335227143{background-color: #16113d !important;}&#8221;][vc_empty_space][\/vc_column][\/vc_row][vc_row full_width=&#8221;electroluxpro-container-no-padding&#8221;][vc_column][vc_row_inner][vc_column_inner width=&#8221;1\/2&#8243;][vc_single_image image=&#8221;19431&#8243; img_size=&#8221;large&#8221;][\/vc_column_inner][vc_column_inner width=&#8221;1\/2&#8243;][vc_single_image image=&#8221;19432&#8243; img_size=&#8221;large&#8221;][\/vc_column_inner][\/vc_row_inner][vc_empty_space height=&#8221;96px&#8221;][\/vc_column][\/vc_row][vc_row][vc_column css=&#8221;.vc_custom_1710343352245{margin-top: 32px !important;}&#8221;][vc_zigzag][vc_empty_space height=&#8221;96px&#8221;][\/vc_column][\/vc_row][vc_row full_width=&#8221;electroluxpro-full-width-no-padding&#8221; el_id=&#8221;mypro&#8221;][vc_column width=&#8221;1\/3&#8243; css=&#8221;.vc_custom_1710334583661{background-color: #16113d !important;}&#8221;][vc_empty_space][\/vc_column][vc_column width=&#8221;1\/3&#8243; css=&#8221;.vc_custom_1710334591517{background-color: #cea941 !important;}&#8221;][vc_empty_space][elx_heading text_color=&#8221;white&#8221; text_align=&#8221;text-center&#8221;]Oferta de<br \/>\nMYPRO[\/elx_heading][vc_empty_space][\/vc_column][vc_column width=&#8221;1\/3&#8243; css=&#8221;.vc_custom_1710335227143{background-color: #16113d !important;}&#8221;][vc_empty_space][\/vc_column][\/vc_row][vc_row full_width=&#8221;electroluxpro-container-no-padding&#8221;][vc_column][vc_row_inner][vc_column_inner width=&#8221;1\/2&#8243;][vc_single_image image=&#8221;19436&#8243; img_size=&#8221;large&#8221;][\/vc_column_inner][vc_column_inner width=&#8221;1\/2&#8243;][vc_single_image image=&#8221;19438&#8243; img_size=&#8221;large&#8221;][\/vc_column_inner][\/vc_row_inner][\/vc_column][\/vc_row][vc_row][vc_column css=&#8221;.vc_custom_1710343352245{margin-top: 32px !important;}&#8221;][vc_zigzag][vc_empty_space height=&#8221;96px&#8221;][\/vc_column][\/vc_row][vc_row full_width=&#8221;electroluxpro-full-width-no-padding&#8221; el_id=&#8221;frio&#8221;][vc_column width=&#8221;1\/3&#8243; css=&#8221;.vc_custom_1710334583661{background-color: #16113d !important;}&#8221;][vc_empty_space][\/vc_column][vc_column width=&#8221;1\/3&#8243; css=&#8221;.vc_custom_1710334591517{background-color: #cea941 !important;}&#8221;][vc_empty_space][elx_heading text_color=&#8221;white&#8221; text_align=&#8221;text-center&#8221;]Oferta de<br \/>\nREFRIGERACI\u00d3N[\/elx_heading][vc_empty_space][\/vc_column][vc_column width=&#8221;1\/3&#8243; css=&#8221;.vc_custom_1710335227143{background-color: #16113d !important;}&#8221;][vc_empty_space][\/vc_column][\/vc_row][vc_row full_width=&#8221;electroluxpro-full-width-no-padding&#8221;][vc_column][vc_row_inner][vc_column_inner width=&#8221;1\/3&#8243;][vc_single_image image=&#8221;19440&#8243; img_size=&#8221;large&#8221;][\/vc_column_inner][vc_column_inner width=&#8221;1\/3&#8243;][vc_single_image image=&#8221;19441&#8243; img_size=&#8221;large&#8221;][\/vc_column_inner][vc_column_inner width=&#8221;1\/3&#8243;][vc_single_image image=&#8221;19442&#8243; img_size=&#8221;large&#8221;][\/vc_column_inner][\/vc_row_inner][\/vc_column][\/vc_row][vc_row][vc_column css=&#8221;.vc_custom_1710343352245{margin-top: 32px !important;}&#8221;][vc_zigzag][vc_empty_space height=&#8221;96px&#8221;][\/vc_column][\/vc_row][vc_row full_width=&#8221;electroluxpro-full-width&#8221; el_id=&#8221;contacto&#8221;][vc_column][elx_heading text_color=&#8221;inherit&#8221; text_align=&#8221;text-center&#8221;]\u00bfPor qu\u00e9 elegir la Oferta de Renting de Electrolux Professional?[\/elx_heading][vc_empty_space height=&#8221;50px&#8221;][vc_single_image image=&#8221;14067&#8243; img_size=&#8221;full&#8221; alignment=&#8221;center&#8221;][vc_empty_space height=&#8221;50px&#8221;][\/vc_column][\/vc_row][vc_row][vc_column width=&#8221;2\/3&#8243;][vc_column_text]<\/p>\n<ul class=\"ul1\">\n<li class=\"li1\">No se adelanta el desembolso de la inversi\u00f3n, <strong>las cuotas se pagan con los recursos que la compa\u00f1\u00eda va generando.<\/strong><\/li>\n<\/ul>\n<ul>\n<li>Posibilidad de empezar a pagar <strong>a partir de los cuatro meses desde la fecha de compra<\/strong>.<\/li>\n<\/ul>\n<ul class=\"ul1\">\n<li class=\"li1\"><strong>La liquidez mejora<\/strong> y la capacidad de cr\u00e9dito con las entidades financieras se mantiene para inversiones de car\u00e1cter estrat\u00e9gico.<\/li>\n<\/ul>\n<ul class=\"ul1\">\n<li class=\"li1\">Comodidad contable: no afecta a los balances de la compa\u00f1\u00eda, no hay que amortizar y <strong>solo se contabiliza el gasto mensual.<\/strong><\/li>\n<\/ul>\n<ul class=\"ul1\">\n<li class=\"li1\">Comodidad en la planificaci\u00f3n de los pagos: <strong>cuotas constantes<\/strong> a lo largo de todo el contrato.<\/li>\n<\/ul>\n<ul class=\"ul1\">\n<li class=\"li1\">Beneficios fiscales: las cuotas de renting son <strong>deducibles al 100%<\/strong> y dentro del per\u00edodo de renting.<\/li>\n<\/ul>\n<ul class=\"ul1\">\n<li class=\"li1\">Posibilidad de adquirir la propiedad de los equipos a vencimiento mediante el pago de un Valor Residual.<\/li>\n<\/ul>\n<ul class=\"ul1\">\n<li class=\"li1\">Adem\u00e1s del equipo, el renting incluye un paquete global y, por lo tanto, una soluci\u00f3n &#8220;llave en mano&#8221; que incluye <strong>entrega, instalaci\u00f3n y garant\u00eda.<\/strong><\/li>\n<\/ul>\n<ul class=\"ul1\">\n<li class=\"li1\">Oferta completa de <strong>una sola marca para un servicio global<\/strong> (cocina, lavander\u00eda y m\u00e1quinas de bebidas calientes y fr\u00edas), simplificando los interlocutores, y conectando las m\u00e1quinas con nuestra soluci\u00f3n \u201cOnE Connected\u201d.<\/li>\n<\/ul>\n<ul class=\"ul1\">\n<li class=\"li1\">Los equipamientos cumplen con los <strong>est\u00e1ndares HACCP<\/strong> y tienen una <strong>tecnolog\u00eda de \u00faltima generaci\u00f3n.<\/strong><\/li>\n<\/ul>\n<p>[\/vc_column_text][\/vc_column][vc_column width=&#8221;1\/3&#8243;][elx_carousel text_1=&#8221;&#8221; text_2=&#8221;&#8221; text_3=&#8221;&#8221; text_4=&#8221;&#8221; background_image_media_library_1=&#8221;13526&#8243; background_image_media_library_mobile_1=&#8221;13526&#8243; background_image_media_library_2=&#8221;13527&#8243; background_image_media_library_mobile_2=&#8221;13527&#8243; background_image_media_library_3=&#8221;13528&#8243; background_image_media_library_mobile_3=&#8221;13528&#8243; background_image_media_library_4=&#8221;13529&#8243; background_image_media_library_mobile_4=&#8221;13529&#8243; extra_class=&#8221;height600&#8243;][\/vc_column][\/vc_row][vc_row el_id=&#8221;contacto&#8221;][vc_column][vc_empty_space height=&#8221;50px&#8221;][elx_heading text_color=&#8221;inherit&#8221; text_align=&#8221;text-center&#8221;]\u00bfEST\u00c1S INTERESADO EN LAS OFERTAS?[\/elx_heading][vc_column_text]<\/p>\n<p style=\"text-align: center;\">Cont\u00e1ctanos por tel\u00e9fono en el\u00a0 <a href=\"tel:+34917475400\"><strong>+34 917 475 400<\/strong><\/a>\u00a0o a trav\u00e9s de nuestro <a href=\"https:\/\/www.electroluxprofessional.com\/es\/solucion-de-renting\/#form\">formulario de contacto<\/a>.<\/p>\n<p style=\"text-align: center;\">Nuestros asesores quedan a tu disposici\u00f3n para responder a tus preguntas.<\/p>\n<p>[\/vc_column_text][vc_empty_space height=&#8221;50px&#8221;][\/vc_column][\/vc_row][vc_row][vc_column][elx_heading text_color=&#8221;inherit&#8221; text_align=&#8221;text-center&#8221;]Condiciones generales[\/elx_heading][vc_column_text]<\/p>\n<p style=\"text-align: center;\">Encuentra todas las condiciones generales de venta * y espec\u00edficas de las ofertas promocionales de renting en nuestra p\u00e1gina dedicada.<\/p>\n<p>[\/vc_column_text][vc_empty_space height=&#8221;50px&#8221;][elx_button button_text=&#8221;VER LAS CONDICIONES GENERALES&#8221; button_display_block=&#8221;display_block_on&#8221; button_alignment=&#8221;align_center&#8221; button_link=&#8221;url:https%3A%2F%2Fwww.electroluxprofessional.com%2Fes%2Foferta-de-renting-condiciones-generales%2F&#8221;][vc_empty_space height=&#8221;50px&#8221;][\/vc_column][\/vc_row][vc_row el_id=&#8221;form&#8221;][vc_column][elx_o2000_contact_us s=&#8221;Formulario web: Renting&#8221; country=&#8221;Spain&#8221; r=&#8221;Estoy interesado en&#8230;&#8221; l=&#8221;es&#8221;][\/vc_column][\/vc_row]<\/p>\n","protected":false},"excerpt":{"rendered":"<p>[vc_row full_width=&#8221;electroluxpro-full-width-no-padding&#8221; css=&#8221;.vc_custom_1616747857793{background-color: #16113d !important;}&#8221;][vc_column][elx_master_slider slide_order_1=&#8221;1&#8243; title_1=&#8221;&#8221; text_1=&#8221;&#8221; slide_order_2=&#8221;2&#8243; slide_order_3=&#8221;3&#8243; slide_order_4=&#8221;4&#8243; link_1=&#8221;url:%23contacto&#8221; background_image_media_library_1=&#8221;19402&#8243; background_image_media_library_mobile_1=&#8221;19404&#8243;][\/vc_column][\/vc_row][vc_row full_width=&#8221;electroluxpro-full-width-no-padding&#8221;][vc_column][vc_empty_space height=&#8221;64px&#8221;][elx_heading text_color=&#8221;inherit&#8221; text_align=&#8221;text-center&#8221;]Elige el tuyo:[\/elx_heading][elx_menu menu_name=&#8221;Financiacion&#8221;][vc_empty_space height=&#8221;64px&#8221;][\/vc_column][\/vc_row][vc_row full_width=&#8221;electroluxpro-full-width-no-padding&#8221; el_id=&#8221;cocina&#8221;][vc_column width=&#8221;1\/3&#8243; css=&#8221;.vc_custom_1710335155516{background-color: #16113d !important;}&#8221;][vc_empty_space][\/vc_column][vc_column width=&#8221;1\/3&#8243; css=&#8221;.vc_custom_1710342837936{background-color: #cea941 !important;}&#8221;][vc_empty_space][elx_heading font_container=&#8221;h1&#8243; font_size=&#8221;h2&#8243; text_color=&#8221;white&#8221; text_align=&#8221;text-center&#8221;]Oferta de COCINA[\/elx_heading][vc_empty_space][vc_empty_space][\/vc_column][vc_column width=&#8221;1\/3&#8243; css=&#8221;.vc_custom_1710335164506{background-color: #16113d !important;}&#8221;][vc_empty_space][\/vc_column][\/vc_row][vc_row full_width=&#8221;electroluxpro-full-width-no-padding&#8221;][vc_column][vc_row_inner][vc_column_inner width=&#8221;1\/3&#8243;][vc_single_image image=&#8221;19670&#8243; img_size=&#8221;large&#8221;][\/vc_column_inner][vc_column_inner width=&#8221;1\/3&#8243;][vc_single_image image=&#8221;19409&#8243; img_size=&#8221;large&#8221;][\/vc_column_inner][vc_column_inner width=&#8221;1\/3&#8243;][vc_single_image image=&#8221;19410&#8243; img_size=&#8221;large&#8221;][\/vc_column_inner][\/vc_row_inner][vc_empty_space height=&#8221;96px&#8221;][\/vc_column][\/vc_row][vc_row][vc_column css=&#8221;.vc_custom_1710343352245{margin-top: 32px [&hellip;]<\/p>\n","protected":false},"author":197,"featured_media":0,"parent":0,"menu_order":0,"comment_status":"closed","ping_status":"closed","template":"","meta":{"footnotes":""},"class_list":["post-13422","page","type-page","status-publish","hentry"],"acf":[],"yoast_head":"<!-- This site is optimized with the Yoast SEO plugin v23.4 - https:\/\/yoast.com\/wordpress\/plugins\/seo\/ -->\n<title>Solucion de renting | Electrolux Professional<\/title>\n<meta name=\"description\" content=\"Electrolux Professional te ofrece las mejores soluciones de renting para tu negocio. Desde una sola m\u00e1quina hasta el proyecto entero.\" \/>\n<meta name=\"robots\" content=\"index, follow, max-snippet:-1, max-image-preview:large, max-video-preview:-1\" \/>\n<link rel=\"canonical\" href=\"https:\/\/www.electroluxprofessional.com\/es\/solucion-de-renting\/\" \/>\n<meta property=\"og:locale\" content=\"es_ES\" \/>\n<meta property=\"og:type\" content=\"article\" \/>\n<meta property=\"og:title\" content=\"Solucion de renting | Electrolux Professional\" \/>\n<meta property=\"og:description\" content=\"Electrolux Professional te ofrece las mejores soluciones de renting para tu negocio. Desde una sola m\u00e1quina hasta el proyecto entero.\" \/>\n<meta property=\"og:url\" content=\"https:\/\/www.electroluxprofessional.com\/es\/solucion-de-renting\/\" \/>\n<meta property=\"og:site_name\" content=\"Electrolux Professional Espa\u00f1a\" \/>\n<meta property=\"article:modified_time\" content=\"2026-03-29T16:25:25+00:00\" \/>\n<meta name=\"twitter:card\" content=\"summary_large_image\" \/>\n<meta name=\"twitter:label1\" content=\"Tiempo de lectura\" \/>\n\t<meta name=\"twitter:data1\" content=\"8 minutos\" \/>\n<script type=\"application\/ld+json\" class=\"yoast-schema-graph\">{\"@context\":\"https:\/\/schema.org\",\"@graph\":[{\"@type\":\"WebPage\",\"@id\":\"https:\/\/www.electroluxprofessional.com\/es\/solucion-de-renting\/\",\"url\":\"https:\/\/www.electroluxprofessional.com\/es\/solucion-de-renting\/\",\"name\":\"Solucion de renting | Electrolux Professional\",\"isPartOf\":{\"@id\":\"https:\/\/www.electroluxprofessional.com\/es\/#website\"},\"datePublished\":\"2021-03-25T15:30:49+00:00\",\"dateModified\":\"2026-03-29T16:25:25+00:00\",\"description\":\"Electrolux Professional te ofrece las mejores soluciones de renting para tu negocio. Desde una sola m\u00e1quina hasta el proyecto entero.\",\"breadcrumb\":{\"@id\":\"https:\/\/www.electroluxprofessional.com\/es\/solucion-de-renting\/#breadcrumb\"},\"inLanguage\":\"es\",\"potentialAction\":[{\"@type\":\"ReadAction\",\"target\":[\"https:\/\/www.electroluxprofessional.com\/es\/solucion-de-renting\/\"]}]},{\"@type\":\"BreadcrumbList\",\"@id\":\"https:\/\/www.electroluxprofessional.com\/es\/solucion-de-renting\/#breadcrumb\",\"itemListElement\":[{\"@type\":\"ListItem\",\"position\":1,\"name\":\"Home\",\"item\":\"https:\/\/www.electroluxprofessional.com\/es\/\"},{\"@type\":\"ListItem\",\"position\":2,\"name\":\"Soluci\u00f3n de renting\"}]},{\"@type\":\"WebSite\",\"@id\":\"https:\/\/www.electroluxprofessional.com\/es\/#website\",\"url\":\"https:\/\/www.electroluxprofessional.com\/es\/\",\"name\":\"Electrolux Professional Espa\u00f1a\",\"description\":\"Equipamiento cocinas profesionales y lavander\u00edas comerciales. Excelencia en el suministro de soluciones profesionales.\",\"potentialAction\":[{\"@type\":\"SearchAction\",\"target\":{\"@type\":\"EntryPoint\",\"urlTemplate\":\"https:\/\/www.electroluxprofessional.com\/es\/?src={search_term_string}\"},\"query-input\":{\"@type\":\"PropertyValueSpecification\",\"valueRequired\":true,\"valueName\":\"search_term_string\"}}],\"inLanguage\":\"es\"}]}<\/script>\n<!-- \/ Yoast SEO plugin. -->","yoast_head_json":{"title":"Solucion de renting | Electrolux Professional","description":"Electrolux Professional te ofrece las mejores soluciones de renting para tu negocio. Desde una sola m\u00e1quina hasta el proyecto entero.","robots":{"index":"index","follow":"follow","max-snippet":"max-snippet:-1","max-image-preview":"max-image-preview:large","max-video-preview":"max-video-preview:-1"},"canonical":"https:\/\/www.electroluxprofessional.com\/es\/solucion-de-renting\/","og_locale":"es_ES","og_type":"article","og_title":"Solucion de renting | Electrolux Professional","og_description":"Electrolux Professional te ofrece las mejores soluciones de renting para tu negocio. Desde una sola m\u00e1quina hasta el proyecto entero.","og_url":"https:\/\/www.electroluxprofessional.com\/es\/solucion-de-renting\/","og_site_name":"Electrolux Professional Espa\u00f1a","article_modified_time":"2026-03-29T16:25:25+00:00","twitter_card":"summary_large_image","twitter_misc":{"Tiempo de lectura":"8 minutos"},"schema":{"@context":"https:\/\/schema.org","@graph":[{"@type":"WebPage","@id":"https:\/\/www.electroluxprofessional.com\/es\/solucion-de-renting\/","url":"https:\/\/www.electroluxprofessional.com\/es\/solucion-de-renting\/","name":"Solucion de renting | Electrolux Professional","isPartOf":{"@id":"https:\/\/www.electroluxprofessional.com\/es\/#website"},"datePublished":"2021-03-25T15:30:49+00:00","dateModified":"2026-03-29T16:25:25+00:00","description":"Electrolux Professional te ofrece las mejores soluciones de renting para tu negocio. Desde una sola m\u00e1quina hasta el proyecto entero.","breadcrumb":{"@id":"https:\/\/www.electroluxprofessional.com\/es\/solucion-de-renting\/#breadcrumb"},"inLanguage":"es","potentialAction":[{"@type":"ReadAction","target":["https:\/\/www.electroluxprofessional.com\/es\/solucion-de-renting\/"]}]},{"@type":"BreadcrumbList","@id":"https:\/\/www.electroluxprofessional.com\/es\/solucion-de-renting\/#breadcrumb","itemListElement":[{"@type":"ListItem","position":1,"name":"Home","item":"https:\/\/www.electroluxprofessional.com\/es\/"},{"@type":"ListItem","position":2,"name":"Soluci\u00f3n de renting"}]},{"@type":"WebSite","@id":"https:\/\/www.electroluxprofessional.com\/es\/#website","url":"https:\/\/www.electroluxprofessional.com\/es\/","name":"Electrolux Professional Espa\u00f1a","description":"Equipamiento cocinas profesionales y lavander\u00edas comerciales. Excelencia en el suministro de soluciones profesionales.","potentialAction":[{"@type":"SearchAction","target":{"@type":"EntryPoint","urlTemplate":"https:\/\/www.electroluxprofessional.com\/es\/?src={search_term_string}"},"query-input":{"@type":"PropertyValueSpecification","valueRequired":true,"valueName":"search_term_string"}}],"inLanguage":"es"}]}},"_links":{"self":[{"href":"https:\/\/www.electroluxprofessional.com\/es\/wp-json\/wp\/v2\/pages\/13422"}],"collection":[{"href":"https:\/\/www.electroluxprofessional.com\/es\/wp-json\/wp\/v2\/pages"}],"about":[{"href":"https:\/\/www.electroluxprofessional.com\/es\/wp-json\/wp\/v2\/types\/page"}],"author":[{"embeddable":true,"href":"https:\/\/www.electroluxprofessional.com\/es\/wp-json\/wp\/v2\/users\/197"}],"replies":[{"embeddable":true,"href":"https:\/\/www.electroluxprofessional.com\/es\/wp-json\/wp\/v2\/comments?post=13422"}],"version-history":[{"count":226,"href":"https:\/\/www.electroluxprofessional.com\/es\/wp-json\/wp\/v2\/pages\/13422\/revisions"}],"predecessor-version":[{"id":26040,"href":"https:\/\/www.electroluxprofessional.com\/es\/wp-json\/wp\/v2\/pages\/13422\/revisions\/26040"}],"wp:attachment":[{"href":"https:\/\/www.electroluxprofessional.com\/es\/wp-json\/wp\/v2\/media?parent=13422"}],"curies":[{"name":"wp","href":"https:\/\/api.w.org\/{rel}","templated":true}]}}