{"id":12609,"date":"2020-10-13T10:05:41","date_gmt":"2020-10-13T10:05:41","guid":{"rendered":"https:\/\/www.electroluxprofessional.com\/?page_id=31358"},"modified":"2021-02-22T09:22:34","modified_gmt":"2021-02-22T09:22:34","slug":"soluciones-de-autoservicio-flexy-line","status":"publish","type":"page","link":"https:\/\/www.electroluxprofessional.com\/es\/soluciones-de-autoservicio-flexy-line\/","title":{"rendered":"Electrolux Professional Flexy Line"},"content":{"rendered":"<p>[vc_row full_width=&#8221;electroluxpro-full-width-no-padding&#8221;][vc_column][vc_single_image image=&#8221;12590&#8243; img_size=&#8221;full&#8221; alignment=&#8221;center&#8221;][\/vc_column][\/vc_row][vc_row][vc_column][vc_empty_space][elx_heading font_container=&#8221;h1&#8243; text_color=&#8221;electrolux-blue&#8221;]Un espacio para disfrutar[\/elx_heading][vc_empty_space][vc_column_text]Convierte tus necesidades en un dise\u00f1o personalizado, consigue la comodidad de tus clientes. Si administras un hotel, un colegio o una empresa, imagina servir a tus comensales una inolvidable experiencia gastron\u00f3mica en un entorno afable.[\/vc_column_text][vc_empty_space][\/vc_column][\/vc_row][vc_row][vc_column width=&#8221;1\/4&#8243;][vc_empty_space][vc_single_image image=&#8221;6374&#8243; img_size=&#8221;120&#215;120&#8243; alignment=&#8221;center&#8221;][elx_heading text_color=&#8221;inherit&#8221;]L\u00cdDER<br \/>\nen dise\u00f1o [\/elx_heading][vc_column_text]Para adaptarse a todos los estilos de entorno[\/vc_column_text][\/vc_column][vc_column width=&#8221;1\/4&#8243;][vc_empty_space][vc_single_image image=&#8221;10637&#8243; img_size=&#8221;120&#215;120&#8243; alignment=&#8221;center&#8221;][elx_heading text_color=&#8221;inherit&#8221;]L\u00cdDER<br \/>\nen exposici\u00f3n[\/elx_heading][vc_column_text]Ilumina tus alimentos,<br \/>\nabre tu apetito[\/vc_column_text][\/vc_column][vc_column width=&#8221;1\/4&#8243;][vc_empty_space][vc_single_image image=&#8221;10638&#8243; img_size=&#8221;120&#215;120&#8243; alignment=&#8221;center&#8221;][elx_heading text_color=&#8221;inherit&#8221;]L\u00cdDER<br \/>\nen sostenibilidad[\/elx_heading][vc_column_text]Ahorra en energ\u00eda y costes,<br \/>\npero nunca en la capacidad de elecci\u00f3n.[\/vc_column_text][\/vc_column][vc_column width=&#8221;1\/4&#8243;][vc_empty_space][vc_single_image image=&#8221;12458&#8243; img_size=&#8221;120&#215;120&#8243; alignment=&#8221;center&#8221;][elx_heading text_color=&#8221;inherit&#8221;]L\u00cdDER<br \/>\nen flexibilidad[\/elx_heading][vc_column_text]Soluciones de autoservicio impecables para tus necesidades profesionales[\/vc_column_text][\/vc_column][\/vc_row][vc_row][vc_column][vc_empty_space][elx_heading font_container=&#8221;h1&#8243; text_color=&#8221;electrolux-blue&#8221;]Flexy Compact &amp; Compact<sup> JR<\/sup><br \/>\nSoluci\u00f3n de autoservicio flexible y adaptable[\/elx_heading][vc_empty_space][vc_column_text]Compacta y multifunci\u00f3n, dise\u00f1ada con unas medidas perfectas: Electrolux Professional ha creado una l\u00ednea flexible con impecables opciones de autoservicio para tus necesidades profesionales.[\/vc_column_text][vc_empty_space][\/vc_column][\/vc_row][vc_row][vc_column width=&#8221;1\/2&#8243;][vc_single_image image=&#8221;12591&#8243; img_size=&#8221;full&#8221;][vc_row_inner css=&#8221;.vc_custom_1595347570998{background-color: #b0c2c8 !important;}&#8221;][vc_column_inner][elx_heading text_color=&#8221;white&#8221;]Limpieza sencilla[\/elx_heading][vc_empty_space][vc_column_text]Desp\u00eddete de las limpiezas complicadas. Al exponer ahora tus alimentos en una estructura de cristal elegante y minimalista, ya no quedan atrapados restos de alimentos ni polvo, por lo que la limpieza es m\u00e1s r\u00e1pida y sencilla, garantizando una higiene impecable.[\/vc_column_text][vc_empty_space][\/vc_column_inner][\/vc_row_inner][\/vc_column][vc_column width=&#8221;1\/2&#8243;][elx_download_block text=&#8221;Descargar cat\u00e1logo Flexy Compact &amp; Compact JR&#8221; document_type=&#8221;leaflets&#8221; background_color=&#8221;electrolux-blue&#8221; le_document_number=&#8221;CLF-9JE00264&#8243;][elx_heading font_size=&#8221;h1&#8243; text_color=&#8221;inherit&#8221;]L\u00edder en flexibilidad[\/elx_heading][elx_heading font_container=&#8221;h3&#8243; text_color=&#8221;inherit&#8221;]Estructura de los estantes superiores:<br \/>\n\u00bfcurvos, planos o en L?[\/elx_heading][vc_column_text]Los estantes superiores de acero inoxidable de Electrolux Professional ofrecen una visibilidad de una cantidad \u00f3ptima de alimentos para las necesidades de servicio tradicional y de &#8220;free flow&#8221; (libre circulaci\u00f3n). Elige la opci\u00f3n perfecta.[\/vc_column_text][vc_row_inner][vc_column_inner width=&#8221;1\/3&#8243;][vc_empty_space][vc_single_image image=&#8221;12592&#8243; img_size=&#8221;full&#8221; alignment=&#8221;center&#8221;][vc_column_text]Cristal curvo en forma de \u201cA\u201d en el estante superior para una visibilidad m\u00e1xima de los alimentos y como barrera higi\u00e9nica.[\/vc_column_text][vc_empty_space][\/vc_column_inner][vc_column_inner width=&#8221;1\/3&#8243;][vc_empty_space][vc_single_image image=&#8221;12593&#8243; img_size=&#8221;full&#8221; alignment=&#8221;center&#8221;][vc_column_text]Cristal plano en forma de \u201cA\u201d. Elegante estante superior para ofrecer mayor rapidez en el servicio[\/vc_column_text][vc_empty_space][\/vc_column_inner][vc_column_inner width=&#8221;1\/3&#8243;][vc_empty_space][vc_single_image image=&#8221;12594&#8243; img_size=&#8221;full&#8221; alignment=&#8221;center&#8221;][vc_column_text]Estante superior en forma de \u201cL\u201d para el servicio con operario.[\/vc_column_text][vc_empty_space][\/vc_column_inner][\/vc_row_inner][vc_empty_space][vc_column_text]Soluciones en forma de \u201cA\u201d para mostradores en isla, soluciones en forma de<br \/>\n\u201cL\u201d para el servicio del operario.[\/vc_column_text][\/vc_column][\/vc_row][vc_row][vc_column width=&#8221;1\/2&#8243;][vc_empty_space height=&#8221;20px&#8221;][elx_heading text_color=&#8221;inherit&#8221; text_align=&#8221;text-left&#8221;]Deslizador de bandejas: \u00bfcu\u00e1l<br \/>\nes tu mejor nivel?[\/elx_heading][vc_column_text]Elige la opci\u00f3n de deslizador de bandejas m\u00e1s adecuada para tus necesidades, en el nivel superior del mostrador o m\u00e1s baja, tubular o de acero inoxidable. Nuestra l\u00ednea Flexy Compact tiene lo que necesitas.[\/vc_column_text][vc_empty_space height=&#8221;20px&#8221;][vc_row_inner][vc_column_inner width=&#8221;1\/2&#8243;][vc_single_image image=&#8221;12595&#8243; img_size=&#8221;full&#8221; alignment=&#8221;center&#8221;][\/vc_column_inner][vc_column_inner width=&#8221;1\/2&#8243;][vc_single_image image=&#8221;12596&#8243; img_size=&#8221;full&#8221; alignment=&#8221;center&#8221;][\/vc_column_inner][\/vc_row_inner][\/vc_column][vc_column width=&#8221;1\/2&#8243;][vc_empty_space height=&#8221;20px&#8221;][elx_heading text_color=&#8221;inherit&#8221; text_align=&#8221;text-left&#8221;]\u00bfM\u00f3vil o<br \/>\nfija?[\/elx_heading][vc_column_text]M\u00e1s opciones y flexibilidad:<br \/>\nelige entre una soluci\u00f3n de autoservicio m\u00f3vil (con ruedas) o fija (con patas).[\/vc_column_text][vc_empty_space height=&#8221;20px&#8221;][vc_row_inner][vc_column_inner width=&#8221;1\/2&#8243;][vc_single_image image=&#8221;12597&#8243; img_size=&#8221;full&#8221; alignment=&#8221;center&#8221;][\/vc_column_inner][vc_column_inner width=&#8221;1\/2&#8243;][vc_single_image image=&#8221;12598&#8243; img_size=&#8221;full&#8221; alignment=&#8221;center&#8221;][\/vc_column_inner][\/vc_row_inner][\/vc_column][\/vc_row][vc_row][vc_column][vc_empty_space][elx_heading font_size=&#8221;h1&#8243; text_color=&#8221;inherit&#8221; text_align=&#8221;text-center&#8221;]Cantidad infinita de colores para elegir[\/elx_heading][vc_empty_space][\/vc_column][\/vc_row][vc_row][vc_column width=&#8221;1\/2&#8243;][vc_empty_space][vc_column_text]Electrolux Professional ha creado diversos dise\u00f1os de autoservicio personalizables para cubrir todas tus necesidades de catering, bien sea en hoteles, colegios o cafeter\u00edas universitarias, comedores de empresa o cualquier otro servicio de comidas. Flexy Compact tiene la soluci\u00f3n.<\/p>\n<p>Sabemos que es importante comer en un entorno c\u00f3modo y compartido que refleje los valores de tu empresa.<\/p>\n<p>Teniendo esto en cuenta, las superficies Compact se pueden adaptar con la elecci\u00f3n de las distintas caracter\u00edsticas, cientos de colores y diversos acabados con efecto de madera.[\/vc_column_text][vc_empty_space][\/vc_column][vc_column width=&#8221;1\/2&#8243;][vc_empty_space][vc_single_image image=&#8221;12599&#8243; img_size=&#8221;full&#8221; alignment=&#8221;center&#8221;][vc_empty_space][\/vc_column][\/vc_row][vc_row css=&#8221;.vc_custom_1595351638016{background-color: #fffce4 !important;}&#8221;][vc_column width=&#8221;1\/2&#8243;][vc_empty_space][elx_heading text_color=&#8221;inherit&#8221; text_align=&#8221;text-left&#8221;]10 funciones en 3 tama\u00f1os&#8230;<br \/>\nPosibilidades ilimitadas<br \/>\npara tu empresa[\/elx_heading][vc_column_text]Caliente, fr\u00edo e h\u00edbrido: cualesquiera sean las necesidades de tus clientes, nosotros tenemos la soluci\u00f3n.[\/vc_column_text][vc_empty_space][vc_empty_space][\/vc_column][vc_column width=&#8221;1\/2&#8243;][vc_empty_space][vc_empty_space][vc_single_image image=&#8221;12600&#8243; img_size=&#8221;full&#8221; alignment=&#8221;center&#8221;][vc_empty_space][\/vc_column][\/vc_row][vc_row][vc_column width=&#8221;1\/2&#8243;][vc_empty_space][vc_single_image image=&#8221;12601&#8243; img_size=&#8221;full&#8221;][\/vc_column][vc_column width=&#8221;1\/2&#8243;][vc_empty_space][elx_heading text_color=&#8221;inherit&#8221;]La belleza de<br \/>\nlos alimentos[\/elx_heading][vc_column_text]<strong>Comemos con los ojos<\/strong><\/p>\n<p>La iluminaci\u00f3n ejerce uno de los mayores impactos en la experiencia del cliente al comer fuera.<\/p>\n<p>Determinados estudios* han demostrado que un ambiente acogedor con la iluminaci\u00f3n adecuada es fundamental para una experiencia satisfactoria e influye en la decisi\u00f3n del cliente. Tus alimentos se ven m\u00e1s deliciosos y tentadores.<\/p>\n<p>La tecnolog\u00eda LED eleva esto a un nuevo nivel; no es solo que t\u00fa y tu negocio ahorr\u00e9is energ\u00eda, tambi\u00e9n la frescura y belleza de tus alimentos ser\u00e1n m\u00e1s atractivas, aportando al cliente una satisfacci\u00f3n a\u00fan mayor.[\/vc_column_text][\/vc_column][\/vc_row][vc_row][vc_column width=&#8221;1\/2&#8243;][vc_empty_space][elx_heading text_color=&#8221;inherit&#8221; text_align=&#8221;text-center&#8221;]Excelentes soluciones<br \/>\nde autoservicio[\/elx_heading][vc_single_image image=&#8221;12602&#8243; img_size=&#8221;full&#8221; alignment=&#8221;center&#8221;][vc_empty_space][vc_column_text]Para ofrecer una experiencia suprema en el desayuno, Electrolux Professional dispone de una gran variedad de opciones flexibles de autoservicio, cualquiera que sea el tipo de tu negocio de hotel o cafeter\u00eda.<\/p>\n<p>Combinaciones adaptables con cientos de colores y funciones drop-in a elecci\u00f3n para embellecer y personalizar tu comedor. La multifuncionalidad optimizada no solo te permite elegir entre mostradores m\u00f3viles o fijos; tambi\u00e9n te otorga la tranquilidad de contar con una higiene inmaculada.[\/vc_column_text][vc_empty_space][\/vc_column][vc_column width=&#8221;1\/2&#8243;][vc_empty_space][elx_heading text_color=&#8221;inherit&#8221; text_align=&#8221;text-center&#8221;]Elecci\u00f3n al<br \/>\ngusto de todos[\/elx_heading][vc_single_image image=&#8221;12603&#8243; img_size=&#8221;full&#8221; alignment=&#8221;center&#8221;][vc_empty_space][vc_column_text]Dise\u00f1o perfecto pensando en adultos y ni\u00f1os por igual. Electrolux Professional ofrece dos alturas para satisfacer las necesidades de tu negocio: Flexy Compact<sup>JR <\/sup>de 75 cm para escolares y Flexy Compact de 90 cm para adolescentes y profesores.<\/p>\n<p>Si a esto se a\u00f1ade la multitud de opciones, puedes crear soluciones de autoservicio frescas y coloridas, f\u00e1ciles de manejar y limpiar, para que los operarios y estudiantes disfruten de una experiencia gastron\u00f3mica c\u00f3moda y f\u00e1cil.[\/vc_column_text][vc_empty_space][\/vc_column][\/vc_row][vc_row][vc_column][vc_empty_space][elx_heading font_size=&#8221;h1&#8243; text_color=&#8221;inherit&#8221; text_align=&#8221;text-center&#8221;]Funciones drop-in de Flexy Line[\/elx_heading][vc_empty_space][elx_download_block text=&#8221;Dercargar Leaflet Flexy Drop-in&#8221; document_type=&#8221;leaflets&#8221; background_color=&#8221;electrolux-blue&#8221; le_document_number=&#8221;CLF-9JE00263&#8243;][\/vc_column][\/vc_row][vc_row][vc_column width=&#8221;1\/2&#8243; css=&#8221;.vc_custom_1595353196431{background-color: #ffe6e6 !important;}&#8221;][vc_empty_space][vc_row_inner css=&#8221;.vc_custom_1595353203611{background-color: #ffe6e6 !important;}&#8221;][vc_column_inner width=&#8221;1\/3&#8243;][vc_empty_space][\/vc_column_inner][vc_column_inner width=&#8221;1\/3&#8243;][elx_heading text_color=&#8221;inherit&#8221; text_align=&#8221;text-center&#8221;]Funciones en<br \/>\nCALIENTE[\/elx_heading][vc_empty_space][\/vc_column_inner][vc_column_inner width=&#8221;1\/3&#8243;][vc_single_image image=&#8221;12604&#8243; img_size=&#8221;full&#8221; alignment=&#8221;center&#8221;][\/vc_column_inner][\/vc_row_inner][vc_column_text]<\/p>\n<p style=\"text-align: center;\">82% menos de tiempo de calentamiento*. Ahorra en energ\u00eda y gastos, pero nunca en la capacidad de elecci\u00f3n. Ba\u00f1o Mar\u00eda ventilado de Electrolux Professional para todas tus opciones de alimentos calientes.<\/p>\n<p>[\/vc_column_text][elx_heading text_color=&#8221;inherit&#8221; text_align=&#8221;text-center&#8221;]Ba\u00f1o Mar\u00eda ventilado<br \/>\nsostenible y rentable,<br \/>\ntodo en uno[\/elx_heading][vc_single_image image=&#8221;12605&#8243; img_size=&#8221;full&#8221; alignment=&#8221;center&#8221;][vc_row_inner][vc_column_inner width=&#8221;1\/2&#8243;][vc_empty_space][vc_column_text]<strong>El agua ya no es necesaria<\/strong><br \/>\nBa\u00f1o Mar\u00eda como nunca se hab\u00eda visto. Con el Ba\u00f1o Mar\u00eda por aire ya no se necesita agua. De modo que se reducen los costes operativos y de instalaci\u00f3n,<br \/>\na la vez que se facilita el mantenimiento.[\/vc_column_text][vc_empty_space][\/vc_column_inner][vc_column_inner width=&#8221;1\/2&#8243;][vc_empty_space][vc_column_text]<strong>Calor instant\u00e1neo<\/strong><br \/>\nReduce el consumo de energ\u00eda y el tiempo de calentamiento. Ahora en solo 16 minutos ya est\u00e1s listo para empezar.[\/vc_column_text][vc_empty_space][\/vc_column_inner][\/vc_row_inner][vc_row_inner][vc_column_inner][vc_empty_space][elx_heading text_color=&#8221;inherit&#8221; text_align=&#8221;text-center&#8221;]Ahorra hasta<br \/>\n407 \u20ac\/a\u00f1o*[\/elx_heading][vc_column_text]<\/p>\n<p style=\"text-align: center;\"><strong>Hasta el 90% de ahorro en <\/strong>energ\u00eda durante el calentamiento<br \/>\n<strong>Hasta el 35% de ahorro en energ\u00eda <\/strong>durante el funcionamiento<\/p>\n<p>[\/vc_column_text][vc_column_text]<\/p>\n<p style=\"text-align: center;\"><span style=\"font-size: 12px;\">El ba\u00f1o Mar\u00eda ventilado de Electrolux Professional consume al d\u00eda menos energ\u00eda que el ba\u00f1o Mar\u00eda con agua de Electrolux Professional *C\u00e1lculo basado en gastos corrientes, seg\u00fan el procedimiento de prueba de Afnor.Datos disponibles en abril de 2020. (Coste medio de la energ\u00eda en EU de 0,21 \u20ac\/kWh).<br \/>\n<\/span><\/p>\n<p>[\/vc_column_text][\/vc_column_inner][\/vc_row_inner][vc_empty_space height=&#8221;35px&#8221;][\/vc_column][vc_column width=&#8221;1\/2&#8243; css=&#8221;.vc_custom_1595353372209{background-color: #dcecff !important;}&#8221;][vc_empty_space][vc_row_inner][vc_column_inner width=&#8221;1\/3&#8243;][vc_empty_space][\/vc_column_inner][vc_column_inner width=&#8221;1\/3&#8243;][elx_heading text_color=&#8221;inherit&#8221; text_align=&#8221;text-center&#8221;]Funciones<br \/>\nEN FR\u00cdO[\/elx_heading][vc_empty_space][\/vc_column_inner][vc_column_inner width=&#8221;1\/3&#8243;][vc_single_image image=&#8221;12606&#8243; img_size=&#8221;full&#8221; alignment=&#8221;center&#8221;][\/vc_column_inner][\/vc_row_inner][vc_column_text]<\/p>\n<p style=\"text-align: center;\">Mant\u00e9n tus alimentos frescos perfectamente refrigerados con una gran variedad de funciones en fr\u00edo: desde ensaladas y quesos hasta carnes fr\u00edas y frutas.<\/p>\n<p>[\/vc_column_text][elx_heading text_color=&#8221;inherit&#8221; text_align=&#8221;text-center&#8221;]Expositores de alimentos fr\u00edos, estantes<br \/>\ninclinados para una visibilidad \u00f3ptima[\/elx_heading][vc_single_image image=&#8221;12607&#8243; img_size=&#8221;full&#8221; alignment=&#8221;center&#8221;][vc_empty_space][elx_heading text_color=&#8221;inherit&#8221; text_align=&#8221;text-center&#8221;]Funciones de cuba fr\u00eda<br \/>\npara una distribuci\u00f3n de baja temperatura constante y uniforme[\/elx_heading][vc_empty_space][vc_single_image image=&#8221;12608&#8243; img_size=&#8221;full&#8221; alignment=&#8221;center&#8221;][vc_empty_space][\/vc_column][\/vc_row][vc_row][vc_column][vc_empty_space height=&#8221;50px&#8221;][elx_heading font_size=&#8221;h3&#8243; text_color=&#8221;inherit&#8221; text_align=&#8221;text-left&#8221;]Contacta con nosotros para descubrir lo que<br \/>\nFlexy Compact &amp; Compact<sup> JR<\/sup> puede hacer por tu negocio[\/elx_heading][elx_o2000_contact_us r=&#8221;Deseo m\u00e1s informaci\u00f3n sobre el equipamiento, por favor cont\u00e1ctenme.&#8221; s=&#8221;Request of information about servery equipment&#8221; country=&#8221;Spain&#8221; l=&#8221;es&#8221; container=&#8221;elxcontactus1479284563&#8243;][vc_empty_space height=&#8221;50px&#8221;][\/vc_column][\/vc_row][vc_row][vc_column][elx_heading font_size=&#8221;h3&#8243; text_color=&#8221;inherit&#8221; text_align=&#8221;text-center&#8221;]Equipos de Autoservicio[\/elx_heading]<div class=\"com21-product-filter-container 41\">[\/vc_column][\/vc_row][vc_row css=&#8221;.vc_custom_1518515999188{background-color: #eeeeee !important;}&#8221;][vc_column][elx_heading font_size=&#8221;h3&#8243; text_color=&#8221;inherit&#8221; text_align=&#8221;text-center&#8221;]Encuentra tu soluci\u00f3n completa[\/elx_heading][\/vc_column][\/vc_row][vc_row css=&#8221;.vc_custom_1518516004940{background-color: #eeeeee !important;}&#8221;][vc_column width=&#8221;1\/3&#8243;][elx_maylike_box id_box=&#8221;4519&#8243;][\/vc_column][vc_column width=&#8221;1\/3&#8243;][elx_maylike_box id_box=&#8221;3888&#8243;][\/vc_column][vc_column width=&#8221;1\/3&#8243;][elx_maylike_box id_box=&#8221;3881&#8243;][\/vc_column][\/vc_row]<\/p>\n","protected":false},"excerpt":{"rendered":"<p>[vc_row full_width=&#8221;electroluxpro-full-width-no-padding&#8221;][vc_column][vc_single_image image=&#8221;12590&#8243; img_size=&#8221;full&#8221; alignment=&#8221;center&#8221;][\/vc_column][\/vc_row][vc_row][vc_column][vc_empty_space][elx_heading font_container=&#8221;h1&#8243; text_color=&#8221;electrolux-blue&#8221;]Un espacio para disfrutar[\/elx_heading][vc_empty_space][vc_column_text]Convierte tus necesidades en un dise\u00f1o personalizado, consigue la comodidad de tus clientes. Si administras un hotel, un colegio o una empresa, imagina servir a tus comensales una inolvidable experiencia gastron\u00f3mica en un entorno afable.[\/vc_column_text][vc_empty_space][\/vc_column][\/vc_row][vc_row][vc_column width=&#8221;1\/4&#8243;][vc_empty_space][vc_single_image image=&#8221;6374&#8243; img_size=&#8221;120&#215;120&#8243; alignment=&#8221;center&#8221;][elx_heading text_color=&#8221;inherit&#8221;]L\u00cdDER en dise\u00f1o [\/elx_heading][vc_column_text]Para adaptarse a todos [&hellip;]<\/p>\n","protected":false},"author":21,"featured_media":12590,"parent":0,"menu_order":0,"comment_status":"closed","ping_status":"closed","template":"","meta":{"footnotes":""},"class_list":["post-12609","page","type-page","status-publish","has-post-thumbnail","hentry"],"acf":[],"yoast_head":"<!-- This site is optimized with the Yoast SEO plugin v23.4 - https:\/\/yoast.com\/wordpress\/plugins\/seo\/ -->\n<title>Electrolux Professional Flexy Line - Electrolux Professional Espa\u00f1a<\/title>\n<meta name=\"description\" content=\"Electrolux Professional te trae soluciones de autoservicio flexy line. Soluciones profesionales de Electrolux Espa\u00f1a para tu negocio \u00a1inf\u00f3rmate!\" \/>\n<meta name=\"robots\" content=\"index, follow, max-snippet:-1, max-image-preview:large, max-video-preview:-1\" \/>\n<link rel=\"canonical\" href=\"https:\/\/www.electroluxprofessional.com\/es\/soluciones-de-autoservicio-flexy-line\/\" \/>\n<meta property=\"og:locale\" content=\"es_ES\" \/>\n<meta property=\"og:type\" content=\"article\" \/>\n<meta property=\"og:title\" content=\"Electrolux Professional Flexy Line - Electrolux Professional Espa\u00f1a\" \/>\n<meta property=\"og:description\" content=\"Electrolux Professional te trae soluciones de autoservicio flexy line. Soluciones profesionales de Electrolux Espa\u00f1a para tu negocio \u00a1inf\u00f3rmate!\" \/>\n<meta property=\"og:url\" content=\"https:\/\/www.electroluxprofessional.com\/es\/soluciones-de-autoservicio-flexy-line\/\" \/>\n<meta property=\"og:site_name\" content=\"Electrolux Professional Espa\u00f1a\" \/>\n<meta property=\"article:modified_time\" content=\"2021-02-22T09:22:34+00:00\" \/>\n<meta property=\"og:image\" content=\"https:\/\/www.electroluxprofessional.com\/es\/wp-content\/uploads\/2020\/10\/banner_servery-line.jpg\" \/>\n\t<meta property=\"og:image:width\" content=\"2000\" \/>\n\t<meta property=\"og:image:height\" content=\"350\" \/>\n\t<meta property=\"og:image:type\" content=\"image\/jpeg\" \/>\n<meta name=\"twitter:card\" content=\"summary_large_image\" \/>\n<meta name=\"twitter:label1\" content=\"Tiempo de lectura\" \/>\n\t<meta name=\"twitter:data1\" content=\"12 minutos\" \/>\n<script type=\"application\/ld+json\" class=\"yoast-schema-graph\">{\"@context\":\"https:\/\/schema.org\",\"@graph\":[{\"@type\":\"WebPage\",\"@id\":\"https:\/\/www.electroluxprofessional.com\/es\/soluciones-de-autoservicio-flexy-line\/\",\"url\":\"https:\/\/www.electroluxprofessional.com\/es\/soluciones-de-autoservicio-flexy-line\/\",\"name\":\"Electrolux Professional Flexy Line - Electrolux Professional Espa\u00f1a\",\"isPartOf\":{\"@id\":\"https:\/\/www.electroluxprofessional.com\/es\/#website\"},\"primaryImageOfPage\":{\"@id\":\"https:\/\/www.electroluxprofessional.com\/es\/soluciones-de-autoservicio-flexy-line\/#primaryimage\"},\"image\":{\"@id\":\"https:\/\/www.electroluxprofessional.com\/es\/soluciones-de-autoservicio-flexy-line\/#primaryimage\"},\"thumbnailUrl\":\"https:\/\/www.electroluxprofessional.com\/es\/wp-content\/uploads\/2020\/10\/banner_servery-line.jpg\",\"datePublished\":\"2020-10-13T10:05:41+00:00\",\"dateModified\":\"2021-02-22T09:22:34+00:00\",\"description\":\"Electrolux Professional te trae soluciones de autoservicio flexy line. Soluciones profesionales de Electrolux Espa\u00f1a para tu negocio \u00a1inf\u00f3rmate!\",\"breadcrumb\":{\"@id\":\"https:\/\/www.electroluxprofessional.com\/es\/soluciones-de-autoservicio-flexy-line\/#breadcrumb\"},\"inLanguage\":\"es\",\"potentialAction\":[{\"@type\":\"ReadAction\",\"target\":[\"https:\/\/www.electroluxprofessional.com\/es\/soluciones-de-autoservicio-flexy-line\/\"]}]},{\"@type\":\"ImageObject\",\"inLanguage\":\"es\",\"@id\":\"https:\/\/www.electroluxprofessional.com\/es\/soluciones-de-autoservicio-flexy-line\/#primaryimage\",\"url\":\"https:\/\/www.electroluxprofessional.com\/es\/wp-content\/uploads\/2020\/10\/banner_servery-line.jpg\",\"contentUrl\":\"https:\/\/www.electroluxprofessional.com\/es\/wp-content\/uploads\/2020\/10\/banner_servery-line.jpg\",\"width\":2000,\"height\":350,\"caption\":\"banner_servery-line\"},{\"@type\":\"BreadcrumbList\",\"@id\":\"https:\/\/www.electroluxprofessional.com\/es\/soluciones-de-autoservicio-flexy-line\/#breadcrumb\",\"itemListElement\":[{\"@type\":\"ListItem\",\"position\":1,\"name\":\"Home\",\"item\":\"https:\/\/www.electroluxprofessional.com\/es\/\"},{\"@type\":\"ListItem\",\"position\":2,\"name\":\"Electrolux Professional Flexy Line\"}]},{\"@type\":\"WebSite\",\"@id\":\"https:\/\/www.electroluxprofessional.com\/es\/#website\",\"url\":\"https:\/\/www.electroluxprofessional.com\/es\/\",\"name\":\"Electrolux Professional Espa\u00f1a\",\"description\":\"Equipamiento cocinas profesionales y lavander\u00edas comerciales. Excelencia en el suministro de soluciones profesionales.\",\"potentialAction\":[{\"@type\":\"SearchAction\",\"target\":{\"@type\":\"EntryPoint\",\"urlTemplate\":\"https:\/\/www.electroluxprofessional.com\/es\/?src={search_term_string}\"},\"query-input\":{\"@type\":\"PropertyValueSpecification\",\"valueRequired\":true,\"valueName\":\"search_term_string\"}}],\"inLanguage\":\"es\"}]}<\/script>\n<!-- \/ Yoast SEO plugin. -->","yoast_head_json":{"title":"Electrolux Professional Flexy Line - Electrolux Professional Espa\u00f1a","description":"Electrolux Professional te trae soluciones de autoservicio flexy line. Soluciones profesionales de Electrolux Espa\u00f1a para tu negocio \u00a1inf\u00f3rmate!","robots":{"index":"index","follow":"follow","max-snippet":"max-snippet:-1","max-image-preview":"max-image-preview:large","max-video-preview":"max-video-preview:-1"},"canonical":"https:\/\/www.electroluxprofessional.com\/es\/soluciones-de-autoservicio-flexy-line\/","og_locale":"es_ES","og_type":"article","og_title":"Electrolux Professional Flexy Line - Electrolux Professional Espa\u00f1a","og_description":"Electrolux Professional te trae soluciones de autoservicio flexy line. Soluciones profesionales de Electrolux Espa\u00f1a para tu negocio \u00a1inf\u00f3rmate!","og_url":"https:\/\/www.electroluxprofessional.com\/es\/soluciones-de-autoservicio-flexy-line\/","og_site_name":"Electrolux Professional Espa\u00f1a","article_modified_time":"2021-02-22T09:22:34+00:00","og_image":[{"width":2000,"height":350,"url":"https:\/\/www.electroluxprofessional.com\/es\/wp-content\/uploads\/2020\/10\/banner_servery-line.jpg","type":"image\/jpeg"}],"twitter_card":"summary_large_image","twitter_misc":{"Tiempo de lectura":"12 minutos"},"schema":{"@context":"https:\/\/schema.org","@graph":[{"@type":"WebPage","@id":"https:\/\/www.electroluxprofessional.com\/es\/soluciones-de-autoservicio-flexy-line\/","url":"https:\/\/www.electroluxprofessional.com\/es\/soluciones-de-autoservicio-flexy-line\/","name":"Electrolux Professional Flexy Line - Electrolux Professional Espa\u00f1a","isPartOf":{"@id":"https:\/\/www.electroluxprofessional.com\/es\/#website"},"primaryImageOfPage":{"@id":"https:\/\/www.electroluxprofessional.com\/es\/soluciones-de-autoservicio-flexy-line\/#primaryimage"},"image":{"@id":"https:\/\/www.electroluxprofessional.com\/es\/soluciones-de-autoservicio-flexy-line\/#primaryimage"},"thumbnailUrl":"https:\/\/www.electroluxprofessional.com\/es\/wp-content\/uploads\/2020\/10\/banner_servery-line.jpg","datePublished":"2020-10-13T10:05:41+00:00","dateModified":"2021-02-22T09:22:34+00:00","description":"Electrolux Professional te trae soluciones de autoservicio flexy line. Soluciones profesionales de Electrolux Espa\u00f1a para tu negocio \u00a1inf\u00f3rmate!","breadcrumb":{"@id":"https:\/\/www.electroluxprofessional.com\/es\/soluciones-de-autoservicio-flexy-line\/#breadcrumb"},"inLanguage":"es","potentialAction":[{"@type":"ReadAction","target":["https:\/\/www.electroluxprofessional.com\/es\/soluciones-de-autoservicio-flexy-line\/"]}]},{"@type":"ImageObject","inLanguage":"es","@id":"https:\/\/www.electroluxprofessional.com\/es\/soluciones-de-autoservicio-flexy-line\/#primaryimage","url":"https:\/\/www.electroluxprofessional.com\/es\/wp-content\/uploads\/2020\/10\/banner_servery-line.jpg","contentUrl":"https:\/\/www.electroluxprofessional.com\/es\/wp-content\/uploads\/2020\/10\/banner_servery-line.jpg","width":2000,"height":350,"caption":"banner_servery-line"},{"@type":"BreadcrumbList","@id":"https:\/\/www.electroluxprofessional.com\/es\/soluciones-de-autoservicio-flexy-line\/#breadcrumb","itemListElement":[{"@type":"ListItem","position":1,"name":"Home","item":"https:\/\/www.electroluxprofessional.com\/es\/"},{"@type":"ListItem","position":2,"name":"Electrolux Professional Flexy Line"}]},{"@type":"WebSite","@id":"https:\/\/www.electroluxprofessional.com\/es\/#website","url":"https:\/\/www.electroluxprofessional.com\/es\/","name":"Electrolux Professional Espa\u00f1a","description":"Equipamiento cocinas profesionales y lavander\u00edas comerciales. Excelencia en el suministro de soluciones profesionales.","potentialAction":[{"@type":"SearchAction","target":{"@type":"EntryPoint","urlTemplate":"https:\/\/www.electroluxprofessional.com\/es\/?src={search_term_string}"},"query-input":{"@type":"PropertyValueSpecification","valueRequired":true,"valueName":"search_term_string"}}],"inLanguage":"es"}]}},"_links":{"self":[{"href":"https:\/\/www.electroluxprofessional.com\/es\/wp-json\/wp\/v2\/pages\/12609"}],"collection":[{"href":"https:\/\/www.electroluxprofessional.com\/es\/wp-json\/wp\/v2\/pages"}],"about":[{"href":"https:\/\/www.electroluxprofessional.com\/es\/wp-json\/wp\/v2\/types\/page"}],"author":[{"embeddable":true,"href":"https:\/\/www.electroluxprofessional.com\/es\/wp-json\/wp\/v2\/users\/21"}],"replies":[{"embeddable":true,"href":"https:\/\/www.electroluxprofessional.com\/es\/wp-json\/wp\/v2\/comments?post=12609"}],"version-history":[{"count":6,"href":"https:\/\/www.electroluxprofessional.com\/es\/wp-json\/wp\/v2\/pages\/12609\/revisions"}],"predecessor-version":[{"id":13031,"href":"https:\/\/www.electroluxprofessional.com\/es\/wp-json\/wp\/v2\/pages\/12609\/revisions\/13031"}],"wp:featuredmedia":[{"embeddable":true,"href":"https:\/\/www.electroluxprofessional.com\/es\/wp-json\/wp\/v2\/media\/12590"}],"wp:attachment":[{"href":"https:\/\/www.electroluxprofessional.com\/es\/wp-json\/wp\/v2\/media?parent=12609"}],"curies":[{"name":"wp","href":"https:\/\/api.w.org\/{rel}","templated":true}]}}