{"id":7884,"date":"2020-02-28T16:48:47","date_gmt":"2020-02-28T16:48:47","guid":{"rendered":"https:\/\/www.electroluxprofessional.com\/de\/?page_id=7884"},"modified":"2026-04-22T07:22:33","modified_gmt":"2026-04-22T06:22:33","slug":"electrolux-professional-startseite","status":"publish","type":"page","link":"https:\/\/www.electroluxprofessional.com\/de\/","title":{"rendered":"Homepage 20200227"},"content":{"rendered":"<p>[vc_row full_width=&#8221;electroluxpro-full-width-no-padding&#8221; css=&#8221;.vc_custom_1619774874496{margin-bottom: 0px !important;}&#8221; el_class=&#8221;therma<em>line<\/em> M2M&#8221;][vc_column css=&#8221;.vc_custom_1575015067714{margin-bottom: 0px !important;}&#8221;][elx_master_slider slide_order_1=&#8221;4&#8243; title_1=&#8221;&#8221; text_1=&#8221;&#8221; slide_order_2=&#8221;2&#8243; title_2=&#8221;&#8221; text_2=&#8221;&#8221; slide_order_3=&#8221;1&#8243; title_3=&#8221;Kreativit\u00e4t ohne Grenzen&#8221; text_3=&#8221;therma<em>line<\/em> 80, 85 &#038; 90<br \/>\nModulare Gro\u00dfk\u00fcchentechnik&#8221; slide_order_4=&#8221;3&#8243; title_4=&#8221;H\u00f6chstleistung<br \/>\nJeden Tag&#8221; text_4=&#8221;e-XP 700 &#038; 900<br \/>\nModulare Gro\u00dfk\u00fcchentechnik&#8221; link_1=&#8221;url:https%3A%2F%2Fwww.electroluxprofessional.com%2Fde%2Fbranchenloesungen%2Ffeuerwehr%2F|target:_blank&#8221; background_image_media_library_1=&#8221;27953&#8243; background_image_media_library_mobile_1=&#8221;27954&#8243; background_image_media_library_2=&#8221;27730&#8243; background_image_media_library_4=&#8221;26798&#8243; link_2=&#8221;url:https%3A%2F%2Fwww.electroluxprofessional.com%2Fde%2Floesungen-fuer-schul-und-bildungseinrichtungen%2F|target:_blank&#8221; background_image_media_library_mobile_2=&#8221;27730&#8243; background_image_media_library_mobile_4=&#8221;26799&#8243; link_3=&#8221;url:https%3A%2F%2Fwww.electroluxprofessional.com%2Fde%2Fgrosskuechentechnik%2Fthermaline-80-85-90%2F|title:MEHR%20ERFAHREN|target:_blank&#8221; background_image_media_library_3=&#8221;26793&#8243; background_image_media_library_mobile_3=&#8221;26794&#8243; link_4=&#8221;url:https%3A%2F%2Fwww.electroluxprofessional.com%2Fde%2Fgrosskuechentechnik%2Fe-xp-700-900%2F|title:MEHR%20ERFAHREN|target:_blank&#8221;][\/vc_column][\/vc_row][vc_row full_width=&#8221;electroluxpro-full-width-no-padding&#8221; disable_element=&#8221;yes&#8221; css=&#8221;.vc_custom_1619774861895{margin-bottom: 0px !important;}&#8221; el_class=&#8221;therma<em>line<\/em> M2M&#8221;][vc_column css=&#8221;.vc_custom_1575015067714{margin-bottom: 0px !important;}&#8221;][elx_master_slider title_1=&#8221;W\u00e4rmepumpentrockner Cashback-Aktion&#8221; text_1=&#8221;Sichern Sie sich<br \/>\nIhren Umweltbonus&#8221; text_colors_2=&#8221;text-blue&#8221; title_2=&#8221;Gl\u00e4ser- &amp; Untertischsp\u00fclmaschinen&#8221; text_2=&#8221;Zuverl\u00e4ssig, einfach,<br \/>\nsicher&#8221; title_3=&#8221;therma<em>line<\/em> &#8211; die Electrolux Professional Swiss-Design Premium Kochger\u00e4teserie&#8221; text_3=&#8221;Strukturieren Sie Ihre Arbeitsabl\u00e4ufe<br \/>\neffizient mit therma<em>line<\/em>&#8221; title_4=&#8221;Ihr All-in-OnE L\u00f6sungsanbieter&#8221; text_4=&#8221;Erfahren Sie mit unserer Imagebrosch\u00fcre, wie wir<br \/>\nSie mit unseren L\u00f6sungen unterst\u00fctzen k\u00f6nnen.&#8221; link_1=&#8221;url:https%3A%2F%2Fwww.electroluxprofessional.com%2Fde%2Fwaermepumpentrockner_cashback_aktion%2F|title:Mehr%20dazu|target:_blank&#8221; background_image_media_library_1=&#8221;12308&#8243; background_image_media_library_mobile_1=&#8221;12310&#8243; background_image_media_library_2=&#8221;11715&#8243; background_image_media_library_3=&#8221;10963&#8243; background_image_media_library_4=&#8221;11248&#8243; link_2=&#8221;url:https%3A%2F%2Fwww.electroluxprofessional.com%2Fde%2Fgrosskuechentechnik%2Fspueltechnik%2Fglaeser-und-untertischspuelmaschinen%2F|title:Mehr%20dazu|target:_blank&#8221; link_3=&#8221;url:https%3A%2F%2Fwww.electroluxprofessional.com%2Fde%2Fgrosskuechentechnik%2Fthermaline-kochbloecke%2F|title:Mehr%20dazu|target:_blank&#8221; link_4=&#8221;url:https%3A%2F%2Fwww.electroluxprofessional.com%2Fde%2Fueber-uns%2F|title:Mehr%20dazu|target:_blank&#8221; background_image_media_library_mobile_2=&#8221;12051&#8243; background_image_media_library_mobile_3=&#8221;10964&#8243; background_image_media_library_mobile_4=&#8221;11250&#8243;][\/vc_column][\/vc_row][vc_row full_width=&#8221;electroluxpro-full-width-no-padding&#8221; disable_element=&#8221;yes&#8221; css=&#8221;.vc_custom_1615382363546{margin-bottom: 0px !important;}&#8221; el_class=&#8221;therma<em>line<\/em> M2M&#8221;][vc_column css=&#8221;.vc_custom_1575015067714{margin-bottom: 0px !important;}&#8221;][elx_master_slider text_colors_1=&#8221;text-blue&#8221; title_1=&#8221;Gl\u00e4ser- und Untertischsp\u00fclmaschinen&#8221; text_1=&#8221;Zuverl\u00e4ssig, einfach, sicher&#8221; title_2=&#8221;Ihr All-in-OnE L\u00f6sungsanbieter&#8221; text_2=&#8221;Erfahren Sie mit unserer Imagebrosch\u00fcre, wie wir<br \/>\nSie mit unseren L\u00f6sungen unterst\u00fctzen k\u00f6nnen.&#8221; title_3=&#8221;therma<em>line<\/em> &#8211; die Electrolux Professional Swiss-Design Premium Kochger\u00e4teserie&#8221; text_3=&#8221;Strukturieren Sie Ihre Arbeitsabl\u00e4ufe effizient mit therma<em>line<\/em>&#8221; title_4=&#8221;Einsatzkr\u00e4fte sch\u00fctzen&#8221; text_4=&#8221;W\u00e4schereil\u00f6sungen f\u00fcr die<br \/>\nFeuerwehr&#8221; link_1=&#8221;url:https%3A%2F%2Fwww.electroluxprofessional.com%2Fde%2Fgrosskuechentechnik%2Fspueltechnik%2Fglaeser-und-untertischspuelmaschinen%2F|title:Mehr%20dazu|target:_blank&#8221; background_image_media_library_1=&#8221;12108&#8243; background_image_media_library_mobile_1=&#8221;12109&#8243; background_image_media_library_2=&#8221;11248&#8243; background_image_media_library_3=&#8221;10963&#8243; background_image_media_library_4=&#8221;10666&#8243; link_2=&#8221;url:https%3A%2F%2Fwww.electroluxprofessional.com%2Fde%2Fueber-uns%2F|title:Mehr%20dazu|target:_blank&#8221; link_3=&#8221;url:https%3A%2F%2Fwww.electroluxprofessional.com%2Fde%2Fgrosskuechentechnik%2Fthermaline-kochbloecke%2F|title:Mehr%20dazu|target:_blank&#8221; link_4=&#8221;url:https%3A%2F%2Fwww.electroluxprofessional.com%2Fde%2Fbranchenloesungen%2Ffeuerwehr%2F|title:Mehr%20dazu|target:_blank&#8221; background_image_media_library_mobile_2=&#8221;11250&#8243; background_image_media_library_mobile_3=&#8221;10964&#8243; background_image_media_library_mobile_4=&#8221;10667&#8243;][\/vc_column][\/vc_row][vc_row full_width=&#8221;electroluxpro-full-width-no-padding&#8221; disable_element=&#8221;yes&#8221; css=&#8221;.vc_custom_1600267382372{margin-bottom: 0px !important;}&#8221;][vc_column css=&#8221;.vc_custom_1575015067714{margin-bottom: 0px !important;}&#8221;][elx_master_slider title_1=&#8221;thermaline &#8211; die Electrolux Swiss-Design Premium Kochger\u00e4teserie&#8221; text_1=&#8221;Seit 1871. \u00dcber 130 Jahre Produktion,<br \/>\nPr\u00e4zision und Tradition.&#8221; title_2=&#8221;What if there was OnE&#8221; text_2=&#8221;Einer, der einen ausgezeichneten Schutz<br \/>\nf\u00fcr Sie und Ihre Kunden bietet?&#8221; title_3=&#8221;What if there was OnE&#8221; text_3=&#8221;Einer, der Sie mit Erfahrung und Fachwissen<br \/>\nim Umgang mit Hygienerisiken unterst\u00fctzt?&#8221; title_4=&#8221;hygiene&amp;clean Sp\u00fclmaschinen&#8221; text_4=&#8221;Desinfizieren mit<br \/>\nhygiene&amp;clean f\u00fcr<br \/>\ndie Sicherheit Ihrer Kunden&#8221; link_1=&#8221;url:https%3A%2F%2Fwww.electroluxprofessional.com%2Fde%2Fgrosskuechentechnik%2Fthermaline-kochbloecke%2F|title:Mehr%20dazu||&#8221; background_image_media_library_1=&#8221;8893&#8243; background_image_media_library_mobile_1=&#8221;8895&#8243; background_image_media_library_2=&#8221;8363&#8243; background_image_media_library_3=&#8221;8365&#8243; background_image_media_library_4=&#8221;9107&#8243; link_2=&#8221;url:https%3A%2F%2Fwww.electroluxprofessional.com%2Fde%2Fgrosskuechentechnik%2Fkombidaempfer-und-ofen%2F|title:Mehr%20dazu||&#8221; link_3=&#8221;url:https%3A%2F%2Fwww.electroluxprofessional.com%2Fde%2Fbranchenloesungen%2Fgebaeudereinigung%2F|title:Mehr%20dazu||&#8221; link_4=&#8221;url:https%3A%2F%2Fwww.electroluxprofessional.com%2Fde%2Fdesinfektion-mit-hygieneclean-spuelmaschinen%2F|title:hygiene%26clean%20Sp%C3%BClmaschinen||&#8221; background_image_media_library_mobile_2=&#8221;8364&#8243; background_image_media_library_mobile_3=&#8221;8366&#8243; background_image_media_library_mobile_4=&#8221;9108&#8243;][\/vc_column][\/vc_row][vc_row full_width=&#8221;electroluxpro-full-width-no-padding&#8221;][vc_column][elx_full_banner title=&#8221;Gute Entscheidungen f\u00fcr unseren Planeten&#8221; text=&#8221;Electrolux Professional is the OnE trusted partner making your<br \/>\nwork-life easier, more profitable \u2013 and truly sustainable every day.&#8221; background_source=&#8221;image-media-library&#8221; link=&#8221;url:https%3A%2F%2Fwww.electroluxprofessional.com%2Fde%2Fueber-uns%2Fnachhaltigkeit%2F|title:Erfahren%20Sie%20mehr%20%C3%BCber%20unsere%20nachhaltigen%20L%C3%B6sungen|target:_blank&#8221; background_image_media_library=&#8221;16863&#8243; background_image_media_library_mobile=&#8221;16864&#8243;][\/vc_column][\/vc_row][vc_row][vc_column][elx_double_banner title_1=&#8221;myPROzip Waschmaschinen und Trockner&#8221; text_1=&#8221;Professionelles Waschen von Ihren G\u00e4sten selbst bedient&#8221; title_2=&#8221;Reduzieren, wiederverwenden, recyclen&#8221; text_2=&#8221;Entdecken Sie HeroDry, der freistehende Trockner&#8221; background_source_1=&#8221;image-media-library&#8221; background_source_2=&#8221;image-media-library&#8221; link_1=&#8221;url:https%3A%2F%2Fwww.electroluxprofessional.com%2Fde%2Fwaeschereitechnik%2Fmyprozip-professionelles-waschen-von-ihren-gaesten-selbst-bedient%2F|title:Mehr%20erfahren&#8221; background_image_media_library_1=&#8221;20256&#8243; link_2=&#8221;url:https%3A%2F%2Fwww.electroluxprofessional.com%2Fde%2Fgrosskuechentechnik%2Fherodry-trockner-einweggeschirr%2F|title:Mehr%20erfahren|target:_blank&#8221; background_image_media_library_2=&#8221;20785&#8243; background_image_media_library_mobile_1=&#8221;20255&#8243; background_image_media_library_mobile_2=&#8221;20785&#8243; title_mobile_1=&#8221;myPROzip Waschmaschinen und Trockner&#8221; title_mobile_2=&#8221;Reduzieren, wiederverwenden, recyclen mit HeroDry&#8221;][elx_double_banner title_1=&#8221;Geschmack trifft auf Geschwindigkeit&#8221; text_1=&#8221;Entdecken Sie den leistungsstarken High Speed Ofen GourmeXpress&#8221; title_2=&#8221;Line 6000 \u2013 gewerbliche Waschmaschinen&#8221; text_2=&#8221;Ein umfangreiches Sortiment an gewerblichen Waschmaschinen, so durchdacht gestaltet, dass jeder Schritt einfach ist.&#8221; background_source_1=&#8221;image-media-library&#8221; background_source_2=&#8221;image-media-library&#8221; link_1=&#8221;url:https%3A%2F%2Fwww.electroluxprofessional.com%2Fde%2Fgrosskuechentechnik%2Fgourmexpress-high-speed-ofen%2F|title:Mehr%20erfahren|target:_blank&#8221; background_image_media_library_1=&#8221;21915&#8243; link_2=&#8221;url:https%3A%2F%2Fwww.electroluxprofessional.com%2Fde%2Fwaeschereitechnik%2Fgewerbliche-waschmaschinen%2F|title:Mehr%20dazu||&#8221; background_image_media_library_2=&#8221;20258&#8243; background_image_media_library_mobile_1=&#8221;21914&#8243; background_image_media_library_mobile_2=&#8221;20257&#8243; title_mobile_1=&#8221;Geschmack trifft auf Geschwindigkeit&#8221; title_mobile_2=&#8221;Line 6000 \u2013 gewerbliche Waschmaschinen&#8221;][\/vc_column][\/vc_row][vc_row][vc_column][\/vc_column][\/vc_row][vc_row full_width=&#8221;electroluxpro-full-width-no-padding&#8221;][vc_column][elx_full_banner title=&#8221;Electrolux Professional Centers of Excellence&#8221; text=&#8221;Swiss design since 1871: over 100 years of production,<br \/>\nprecision and tradition&#8221; background_source=&#8221;image-media-library&#8221; link=&#8221;url:https%3A%2F%2Fwww.electroluxprofessional.com%2Fde%2Fcenters-of-excellence-electrolux-professional%2F|title:Besuchen%20Sie%20unsere%20Showrooms||&#8221; background_image_media_library=&#8221;7905&#8243; background_image_media_library_mobile=&#8221;7906&#8243;][\/vc_column][\/vc_row][vc_row full_width=&#8221;electroluxpro-full-width-no-padding&#8221;][vc_column][elx_last_references title=&#8221;Unsere Kunden&#8221;][\/vc_column][\/vc_row][vc_row full_width=&#8221;electroluxpro-full-width-no-padding&#8221;][vc_column][elx_last_news][\/vc_column][\/vc_row][vc_row][vc_column][elx_single_banner title=&#8221;Karrierem\u00f6glichkeiten&#8221; text=&#8221;Electrolux Professional begr\u00fc\u00dft leidenschaftliche Menschen,<br \/>\nunternehmerisch denkende Teamplayer, um sich unserem Unternehmen anzuschlie\u00dfen. Auf unserer Karriereseite erfahren Sie mehr \u00fcber offene Stellen und M\u00f6glichkeiten f\u00fcr Sie.&#8221; text_mobile=&#8221;Electrolux Professional begr\u00fc\u00dft leidenschaftliche Menschen,<br \/>\nunternehmerisch denkende Teamplayer, um sich unserem Unternehmen anzuschlie\u00dfen. Auf unserer Karriereseite erfahren Sie mehr \u00fcber offene Stellen und M\u00f6glichkeiten f\u00fcr Sie.&#8221; background_source=&#8221;image-media-library&#8221; background_image_media_library=&#8221;7908&#8243; link=&#8221;url:https%3A%2F%2Fwww.electroluxprofessional.com%2Fcareer-opportunities%2F|title:Jetzt%20bewerben%20||&#8221; background_image_media_library_mobile=&#8221;7909&#8243; extra_class=&#8221;Karrierem\u00f6glichkeiten&#8221;][\/vc_column][\/vc_row][vc_row][vc_column][elx_active_banner title=&#8221;H\u00e4ndler- und Servicesuche&#8221; link=&#8221;url:https%3A%2F%2Fwww.electroluxprofessional.com%2Fde%2Fsales-und-service-locator%2F|title:Suche&#8221; background_image_media_library=&#8221;7910&#8243; background_image_media_library_mobile=&#8221;7911&#8243;][\/vc_column][\/vc_row][vc_row el_id=&#8221;newsletter&#8221;][vc_column][vc_empty_space height=&#8221;30px&#8221;][\/vc_column][\/vc_row]<\/p>\n","protected":false},"excerpt":{"rendered":"<p>[vc_row full_width=&#8221;electroluxpro-full-width-no-padding&#8221; css=&#8221;.vc_custom_1619774874496{margin-bottom: 0px !important;}&#8221; el_class=&#8221;thermaline M2M&#8221;][vc_column css=&#8221;.vc_custom_1575015067714{margin-bottom: 0px !important;}&#8221;][elx_master_slider slide_order_1=&#8221;4&#8243; title_1=&#8221;&#8221; text_1=&#8221;&#8221; slide_order_2=&#8221;2&#8243; title_2=&#8221;&#8221; text_2=&#8221;&#8221; slide_order_3=&#8221;1&#8243; title_3=&#8221;Kreativit\u00e4t ohne Grenzen&#8221; text_3=&#8221;thermaline 80, 85 &#038; 90 Modulare Gro\u00dfk\u00fcchentechnik&#8221; slide_order_4=&#8221;3&#8243; title_4=&#8221;H\u00f6chstleistung Jeden Tag&#8221; text_4=&#8221;e-XP 700 &#038; 900 Modulare Gro\u00dfk\u00fcchentechnik&#8221; link_1=&#8221;url:https%3A%2F%2Fwww.electroluxprofessional.com%2Fde%2Fbranchenloesungen%2Ffeuerwehr%2F|target:_blank&#8221; background_image_media_library_1=&#8221;27953&#8243; background_image_media_library_mobile_1=&#8221;27954&#8243; background_image_media_library_2=&#8221;27730&#8243; background_image_media_library_4=&#8221;26798&#8243; link_2=&#8221;url:https%3A%2F%2Fwww.electroluxprofessional.com%2Fde%2Floesungen-fuer-schul-und-bildungseinrichtungen%2F|target:_blank&#8221; background_image_media_library_mobile_2=&#8221;27730&#8243; background_image_media_library_mobile_4=&#8221;26799&#8243; link_3=&#8221;url:https%3A%2F%2Fwww.electroluxprofessional.com%2Fde%2Fgrosskuechentechnik%2Fthermaline-80-85-90%2F|title:MEHR%20ERFAHREN|target:_blank&#8221; background_image_media_library_3=&#8221;26793&#8243; background_image_media_library_mobile_3=&#8221;26794&#8243; link_4=&#8221;url:https%3A%2F%2Fwww.electroluxprofessional.com%2Fde%2Fgrosskuechentechnik%2Fe-xp-700-900%2F|title:MEHR%20ERFAHREN|target:_blank&#8221;][\/vc_column][\/vc_row][vc_row full_width=&#8221;electroluxpro-full-width-no-padding&#8221; disable_element=&#8221;yes&#8221; css=&#8221;.vc_custom_1619774861895{margin-bottom: 0px !important;}&#8221; el_class=&#8221;thermaline [&hellip;]<\/p>\n","protected":false},"author":1,"featured_media":10895,"parent":0,"menu_order":0,"comment_status":"closed","ping_status":"closed","template":"","meta":{"footnotes":""},"class_list":["post-7884","page","type-page","status-publish","has-post-thumbnail","hentry"],"acf":[],"yoast_head":"<!-- This site is optimized with the Yoast SEO plugin v23.3 - https:\/\/yoast.com\/wordpress\/plugins\/seo\/ -->\n<title>Electrolux Professional - Gro\u00dfk\u00fcchen- und W\u00e4schereitechnik<\/title>\n<meta name=\"description\" content=\"Electrolux Professional bietet hervorragende L\u00f6sungen f\u00fcr die Bereiche Gro\u00dfk\u00fcchentechnik und W\u00e4schereil\u00f6sungen.\" \/>\n<meta name=\"robots\" content=\"index, follow, max-snippet:-1, max-image-preview:large, max-video-preview:-1\" \/>\n<link rel=\"canonical\" href=\"https:\/\/www.electroluxprofessional.com\/de\/\" \/>\n<meta property=\"og:locale\" content=\"de_DE\" \/>\n<meta property=\"og:type\" content=\"article\" \/>\n<meta property=\"og:title\" content=\"Electrolux Professional - Gro\u00dfk\u00fcchen- und W\u00e4schereitechnik\" \/>\n<meta property=\"og:description\" content=\"Electrolux Professional bietet hervorragende L\u00f6sungen f\u00fcr die Bereiche Gro\u00dfk\u00fcchentechnik und W\u00e4schereil\u00f6sungen.\" \/>\n<meta property=\"og:url\" content=\"https:\/\/www.electroluxprofessional.com\/de\/\" \/>\n<meta property=\"og:site_name\" content=\"Electrolux Professional Deutschland\" \/>\n<meta property=\"article:modified_time\" content=\"2026-04-22T06:22:33+00:00\" \/>\n<meta property=\"og:image\" content=\"https:\/\/www.electroluxprofessional.com\/de\/wp-content\/uploads\/2020\/12\/Reference-News-H-logo-header-electrolux-professional.jpg\" \/>\n\t<meta property=\"og:image:width\" content=\"965\" \/>\n\t<meta property=\"og:image:height\" content=\"712\" \/>\n\t<meta property=\"og:image:type\" content=\"image\/jpeg\" \/>\n<meta name=\"twitter:card\" content=\"summary_large_image\" \/>\n<meta name=\"twitter:label1\" content=\"Gesch\u00e4tzte Lesezeit\" \/>\n\t<meta name=\"twitter:data1\" content=\"5 Minuten\" \/>\n<script type=\"application\/ld+json\" class=\"yoast-schema-graph\">{\"@context\":\"https:\/\/schema.org\",\"@graph\":[{\"@type\":\"WebPage\",\"@id\":\"https:\/\/www.electroluxprofessional.com\/de\/\",\"url\":\"https:\/\/www.electroluxprofessional.com\/de\/\",\"name\":\"Electrolux Professional - Gro\u00dfk\u00fcchen- und W\u00e4schereitechnik\",\"isPartOf\":{\"@id\":\"https:\/\/www.electroluxprofessional.com\/de\/#website\"},\"primaryImageOfPage\":{\"@id\":\"https:\/\/www.electroluxprofessional.com\/de\/#primaryimage\"},\"image\":{\"@id\":\"https:\/\/www.electroluxprofessional.com\/de\/#primaryimage\"},\"thumbnailUrl\":\"https:\/\/www.electroluxprofessional.com\/de\/wp-content\/uploads\/2020\/12\/Reference-News-H-logo-header-electrolux-professional.jpg\",\"datePublished\":\"2020-02-28T16:48:47+00:00\",\"dateModified\":\"2026-04-22T06:22:33+00:00\",\"description\":\"Electrolux Professional bietet hervorragende L\u00f6sungen f\u00fcr die Bereiche Gro\u00dfk\u00fcchentechnik und W\u00e4schereil\u00f6sungen.\",\"breadcrumb\":{\"@id\":\"https:\/\/www.electroluxprofessional.com\/de\/#breadcrumb\"},\"inLanguage\":\"de-DE\",\"potentialAction\":[{\"@type\":\"ReadAction\",\"target\":[\"https:\/\/www.electroluxprofessional.com\/de\/\"]}]},{\"@type\":\"ImageObject\",\"inLanguage\":\"de-DE\",\"@id\":\"https:\/\/www.electroluxprofessional.com\/de\/#primaryimage\",\"url\":\"https:\/\/www.electroluxprofessional.com\/de\/wp-content\/uploads\/2020\/12\/Reference-News-H-logo-header-electrolux-professional.jpg\",\"contentUrl\":\"https:\/\/www.electroluxprofessional.com\/de\/wp-content\/uploads\/2020\/12\/Reference-News-H-logo-header-electrolux-professional.jpg\",\"width\":965,\"height\":712,\"caption\":\"Reference & News H - logo-header electrolux professional\"},{\"@type\":\"BreadcrumbList\",\"@id\":\"https:\/\/www.electroluxprofessional.com\/de\/#breadcrumb\",\"itemListElement\":[{\"@type\":\"ListItem\",\"position\":1,\"name\":\"Startseite\",\"item\":\"https:\/\/www.electroluxprofessional.com\/de\/\"},{\"@type\":\"ListItem\",\"position\":2,\"name\":\"Homepage 20200227\"}]},{\"@type\":\"WebSite\",\"@id\":\"https:\/\/www.electroluxprofessional.com\/de\/#website\",\"url\":\"https:\/\/www.electroluxprofessional.com\/de\/\",\"name\":\"Electrolux Professional Deutschland\",\"description\":\"\",\"potentialAction\":[{\"@type\":\"SearchAction\",\"target\":{\"@type\":\"EntryPoint\",\"urlTemplate\":\"https:\/\/www.electroluxprofessional.com\/de\/?src={search_term_string}\"},\"query-input\":\"required name=search_term_string\"}],\"inLanguage\":\"de-DE\"}]}<\/script>\n<!-- \/ Yoast SEO plugin. -->","yoast_head_json":{"title":"Electrolux Professional - Gro\u00dfk\u00fcchen- und W\u00e4schereitechnik","description":"Electrolux Professional bietet hervorragende L\u00f6sungen f\u00fcr die Bereiche Gro\u00dfk\u00fcchentechnik und W\u00e4schereil\u00f6sungen.","robots":{"index":"index","follow":"follow","max-snippet":"max-snippet:-1","max-image-preview":"max-image-preview:large","max-video-preview":"max-video-preview:-1"},"canonical":"https:\/\/www.electroluxprofessional.com\/de\/","og_locale":"de_DE","og_type":"article","og_title":"Electrolux Professional - Gro\u00dfk\u00fcchen- und W\u00e4schereitechnik","og_description":"Electrolux Professional bietet hervorragende L\u00f6sungen f\u00fcr die Bereiche Gro\u00dfk\u00fcchentechnik und W\u00e4schereil\u00f6sungen.","og_url":"https:\/\/www.electroluxprofessional.com\/de\/","og_site_name":"Electrolux Professional Deutschland","article_modified_time":"2026-04-22T06:22:33+00:00","og_image":[{"width":965,"height":712,"url":"https:\/\/www.electroluxprofessional.com\/de\/wp-content\/uploads\/2020\/12\/Reference-News-H-logo-header-electrolux-professional.jpg","type":"image\/jpeg"}],"twitter_card":"summary_large_image","twitter_misc":{"Gesch\u00e4tzte Lesezeit":"5 Minuten"},"schema":{"@context":"https:\/\/schema.org","@graph":[{"@type":"WebPage","@id":"https:\/\/www.electroluxprofessional.com\/de\/","url":"https:\/\/www.electroluxprofessional.com\/de\/","name":"Electrolux Professional - Gro\u00dfk\u00fcchen- und W\u00e4schereitechnik","isPartOf":{"@id":"https:\/\/www.electroluxprofessional.com\/de\/#website"},"primaryImageOfPage":{"@id":"https:\/\/www.electroluxprofessional.com\/de\/#primaryimage"},"image":{"@id":"https:\/\/www.electroluxprofessional.com\/de\/#primaryimage"},"thumbnailUrl":"https:\/\/www.electroluxprofessional.com\/de\/wp-content\/uploads\/2020\/12\/Reference-News-H-logo-header-electrolux-professional.jpg","datePublished":"2020-02-28T16:48:47+00:00","dateModified":"2026-04-22T06:22:33+00:00","description":"Electrolux Professional bietet hervorragende L\u00f6sungen f\u00fcr die Bereiche Gro\u00dfk\u00fcchentechnik und W\u00e4schereil\u00f6sungen.","breadcrumb":{"@id":"https:\/\/www.electroluxprofessional.com\/de\/#breadcrumb"},"inLanguage":"de-DE","potentialAction":[{"@type":"ReadAction","target":["https:\/\/www.electroluxprofessional.com\/de\/"]}]},{"@type":"ImageObject","inLanguage":"de-DE","@id":"https:\/\/www.electroluxprofessional.com\/de\/#primaryimage","url":"https:\/\/www.electroluxprofessional.com\/de\/wp-content\/uploads\/2020\/12\/Reference-News-H-logo-header-electrolux-professional.jpg","contentUrl":"https:\/\/www.electroluxprofessional.com\/de\/wp-content\/uploads\/2020\/12\/Reference-News-H-logo-header-electrolux-professional.jpg","width":965,"height":712,"caption":"Reference & News H - logo-header electrolux professional"},{"@type":"BreadcrumbList","@id":"https:\/\/www.electroluxprofessional.com\/de\/#breadcrumb","itemListElement":[{"@type":"ListItem","position":1,"name":"Startseite","item":"https:\/\/www.electroluxprofessional.com\/de\/"},{"@type":"ListItem","position":2,"name":"Homepage 20200227"}]},{"@type":"WebSite","@id":"https:\/\/www.electroluxprofessional.com\/de\/#website","url":"https:\/\/www.electroluxprofessional.com\/de\/","name":"Electrolux Professional Deutschland","description":"","potentialAction":[{"@type":"SearchAction","target":{"@type":"EntryPoint","urlTemplate":"https:\/\/www.electroluxprofessional.com\/de\/?src={search_term_string}"},"query-input":"required name=search_term_string"}],"inLanguage":"de-DE"}]}},"_links":{"self":[{"href":"https:\/\/www.electroluxprofessional.com\/de\/wp-json\/wp\/v2\/pages\/7884"}],"collection":[{"href":"https:\/\/www.electroluxprofessional.com\/de\/wp-json\/wp\/v2\/pages"}],"about":[{"href":"https:\/\/www.electroluxprofessional.com\/de\/wp-json\/wp\/v2\/types\/page"}],"author":[{"embeddable":true,"href":"https:\/\/www.electroluxprofessional.com\/de\/wp-json\/wp\/v2\/users\/1"}],"replies":[{"embeddable":true,"href":"https:\/\/www.electroluxprofessional.com\/de\/wp-json\/wp\/v2\/comments?post=7884"}],"version-history":[{"count":188,"href":"https:\/\/www.electroluxprofessional.com\/de\/wp-json\/wp\/v2\/pages\/7884\/revisions"}],"predecessor-version":[{"id":27955,"href":"https:\/\/www.electroluxprofessional.com\/de\/wp-json\/wp\/v2\/pages\/7884\/revisions\/27955"}],"wp:featuredmedia":[{"embeddable":true,"href":"https:\/\/www.electroluxprofessional.com\/de\/wp-json\/wp\/v2\/media\/10895"}],"wp:attachment":[{"href":"https:\/\/www.electroluxprofessional.com\/de\/wp-json\/wp\/v2\/media?parent=7884"}],"curies":[{"name":"wp","href":"https:\/\/api.w.org\/{rel}","templated":true}]}}